{"id":93,"date":"2019-10-06T12:17:16","date_gmt":"2019-10-06T12:17:16","guid":{"rendered":"https:\/\/www.alliance-francaise.nl\/2020\/zwolle\/?page_id=93"},"modified":"2021-04-22T15:14:41","modified_gmt":"2021-04-22T15:14:41","slug":"europees-referentiekader","status":"publish","type":"page","link":"https:\/\/www.alliance-francaise.nl\/zwolle\/cursussen\/europees-referentiekader\/","title":{"rendered":"Uitleg over de niveaus, A1 t\/m C2"},"content":{"rendered":"\t\t<div data-elementor-type=\"wp-post\" data-elementor-id=\"93\" class=\"elementor elementor-93\" data-elementor-post-type=\"page\">\n\t\t\t\t\t\t<section class=\"elementor-section elementor-top-section elementor-element elementor-element-40119683 elementor-section-boxed elementor-section-height-default elementor-section-height-default\" data-id=\"40119683\" data-element_type=\"section\" data-e-type=\"section\" data-settings=\"{&quot;background_background&quot;:&quot;classic&quot;}\">\n\t\t\t\t\t\t<div class=\"elementor-container elementor-column-gap-default\">\n\t\t\t\t\t<div class=\"elementor-column elementor-col-100 elementor-top-column elementor-element elementor-element-139d0b0\" data-id=\"139d0b0\" data-element_type=\"column\" data-e-type=\"column\">\n\t\t\t<div class=\"elementor-widget-wrap\">\n\t\t\t\t\t\t\t<\/div>\n\t\t<\/div>\n\t\t\t\t\t<\/div>\n\t\t<\/section>\n\t\t\t\t<section class=\"elementor-section elementor-top-section elementor-element elementor-element-ef7d584 elementor-section-boxed elementor-section-height-default elementor-section-height-default\" data-id=\"ef7d584\" data-element_type=\"section\" data-e-type=\"section\">\n\t\t\t\t\t\t<div class=\"elementor-container elementor-column-gap-default\">\n\t\t\t\t\t<div class=\"elementor-column elementor-col-100 elementor-top-column elementor-element elementor-element-70c768c3\" data-id=\"70c768c3\" data-element_type=\"column\" data-e-type=\"column\" data-settings=\"{&quot;background_background&quot;:&quot;classic&quot;}\">\n\t\t\t<div class=\"elementor-widget-wrap elementor-element-populated\">\n\t\t\t\t\t<div class=\"elementor-background-overlay\"><\/div>\n\t\t\t\t\t\t<div class=\"elementor-element elementor-element-4991cfe7 elementor-widget elementor-widget-heading\" data-id=\"4991cfe7\" data-element_type=\"widget\" data-e-type=\"widget\" data-widget_type=\"heading.default\">\n\t\t\t\t<div class=\"elementor-widget-container\">\n\t\t\t\t\t<h1 class=\"elementor-heading-title elementor-size-default\">Europees referentiekader voor talen<\/h1>\t\t\t\t<\/div>\n\t\t\t\t<\/div>\n\t\t\t\t\t<\/div>\n\t\t<\/div>\n\t\t\t\t\t<\/div>\n\t\t<\/section>\n\t\t\t\t<section class=\"elementor-section elementor-top-section elementor-element elementor-element-12823412 elementor-section-boxed elementor-section-height-default elementor-section-height-default\" data-id=\"12823412\" data-element_type=\"section\" data-e-type=\"section\">\n\t\t\t\t\t\t<div class=\"elementor-container elementor-column-gap-default\">\n\t\t\t\t\t<div class=\"elementor-column elementor-col-100 elementor-top-column elementor-element elementor-element-7451aa4\" data-id=\"7451aa4\" data-element_type=\"column\" data-e-type=\"column\">\n\t\t\t<div class=\"elementor-widget-wrap elementor-element-populated\">\n\t\t\t\t\t\t<div class=\"elementor-element elementor-element-3e462a9e elementor-widget elementor-widget-heading\" data-id=\"3e462a9e\" data-element_type=\"widget\" data-e-type=\"widget\" data-widget_type=\"heading.default\">\n\t\t\t\t<div class=\"elementor-widget-container\">\n\t\t\t\t\t<h2 class=\"elementor-heading-title elementor-size-default\">Cadre Europ\u00e9en Commun de R\u00e9f\u00e9rence (CECR)<\/h2>\t\t\t\t<\/div>\n\t\t\t\t<\/div>\n\t\t\t\t\t<\/div>\n\t\t<\/div>\n\t\t\t\t\t<\/div>\n\t\t<\/section>\n\t\t\t\t<section class=\"elementor-section elementor-top-section elementor-element elementor-element-18e7117f elementor-section-boxed elementor-section-height-default elementor-section-height-default\" data-id=\"18e7117f\" data-element_type=\"section\" data-e-type=\"section\">\n\t\t\t\t\t\t<div class=\"elementor-container elementor-column-gap-default\">\n\t\t\t\t\t<div class=\"elementor-column elementor-col-33 elementor-top-column elementor-element elementor-element-14de040\" data-id=\"14de040\" data-element_type=\"column\" data-e-type=\"column\">\n\t\t\t<div class=\"elementor-widget-wrap elementor-element-populated\">\n\t\t\t\t\t\t<div class=\"elementor-element elementor-element-2f3e9144 elementor-widget elementor-widget-image\" data-id=\"2f3e9144\" data-element_type=\"widget\" data-e-type=\"widget\" data-widget_type=\"image.default\">\n\t\t\t\t<div class=\"elementor-widget-container\">\n\t\t\t\t\t\t\t\t\t\t\t\t\t\t\t<img fetchpriority=\"high\" decoding=\"async\" width=\"263\" height=\"206\" src=\"https:\/\/www.alliance-francaise.nl\/zwolle\/wp-content\/uploads\/sites\/4\/2019\/10\/council_europe_conseil_europe_263_206.jpg\" class=\"attachment-large size-large wp-image-85\" alt=\"\" \/>\t\t\t\t\t\t\t\t\t\t\t\t\t\t\t<\/div>\n\t\t\t\t<\/div>\n\t\t\t\t\t<\/div>\n\t\t<\/div>\n\t\t\t\t<div class=\"elementor-column elementor-col-66 elementor-top-column elementor-element elementor-element-d5a14cb\" data-id=\"d5a14cb\" data-element_type=\"column\" data-e-type=\"column\">\n\t\t\t<div class=\"elementor-widget-wrap elementor-element-populated\">\n\t\t\t\t\t\t<div class=\"elementor-element elementor-element-52d404ed elementor-widget elementor-widget-text-editor\" data-id=\"52d404ed\" data-element_type=\"widget\" data-e-type=\"widget\" data-widget_type=\"text-editor.default\">\n\t\t\t\t<div class=\"elementor-widget-container\">\n\t\t\t\t\t\t\t\t\t<p>De Alliance Fran\u00e7aise maakt gebruik van het\u00a0<b>Europese Referentiekader<\/b>\u00a0om het niveau van de cursussen aan te geven. Dit referentiekader is ontwikkeld onder leiding van de Raad van Europa met als doelstelling de beschrijving van de taalvaardigheidsniveaus voor de verschillende Europese talen te standaardiseren. Het referentiekader beschrijft verschillende taalvaardigheden op zes niveaus (A1, A2, B1, B2, C1 en C2). Deze beschrijvingen hebben een universele geldigheid: niveau A2 bij Frans veronderstelt dus dezelfde vaardigheden als niveau A2 bij Duits of Engels.<\/p>\t\t\t\t\t\t\t\t<\/div>\n\t\t\t\t<\/div>\n\t\t\t\t\t<\/div>\n\t\t<\/div>\n\t\t\t\t\t<\/div>\n\t\t<\/section>\n\t\t\t\t<section class=\"elementor-section elementor-top-section elementor-element elementor-element-4b45dca8 elementor-section-height-min-height elementor-section-content-top elementor-section-boxed elementor-section-height-default elementor-section-items-middle\" data-id=\"4b45dca8\" data-element_type=\"section\" data-e-type=\"section\" data-settings=\"{&quot;background_background&quot;:&quot;classic&quot;}\">\n\t\t\t\t\t\t<div class=\"elementor-container elementor-column-gap-extended\">\n\t\t\t\t\t<div class=\"elementor-column elementor-col-100 elementor-top-column elementor-element elementor-element-5a481626\" data-id=\"5a481626\" data-element_type=\"column\" data-e-type=\"column\">\n\t\t\t<div class=\"elementor-widget-wrap elementor-element-populated\">\n\t\t\t\t\t\t<div class=\"elementor-element elementor-element-4578b2f5 elementor-absolute elementor-widget-mobile__width-initial elementor-widget elementor-widget-text-editor\" data-id=\"4578b2f5\" data-element_type=\"widget\" data-e-type=\"widget\" data-settings=\"{&quot;_position&quot;:&quot;absolute&quot;}\" data-widget_type=\"text-editor.default\">\n\t\t\t\t<div class=\"elementor-widget-container\">\n\t\t\t\t\t\t\t\t\t<h5><b>Niveau-aanduiding conform het Europese referentiekader <br \/>voor Talen <br \/>Cadre Europ\u00e9en Commun de R\u00e9f\u00e9rence\u00a0<\/b><\/h5><h2><span style=\"font-size: 1rem\">\u00a0\u00a0\u00a0\u00a0\u00a0\u00a0 Er bestaan zes niveaus<\/span><\/h2><ul><li><i><b>A<\/b>\u00a0Basisgebruiker<\/i><ul><li><b>A1<\/b>\u00a0Doorbraak<\/li><li><b>A2<\/b>\u00a0Tussenstap<\/li><\/ul><\/li><li><i><b>B<\/b>\u00a0Onafhankelijke gebruiker<\/i><ul><li><b>B1<\/b>\u00a0Drempel<\/li><li><b>B2<\/b>\u00a0Uitzicht<\/li><\/ul><\/li><li><i><b>C<\/b>\u00a0Vaardige gebruiker<\/i><ul><li><b>C1<\/b>\u00a0Effectieve operationele vaardigheid<\/li><li><b>C2<\/b> Beheersing<p>Op alle niveaus wordt geoefend met de volgende vier vaardigheden:<br \/>Luistervaardigheid<br \/>Leesvaardigheid<br \/>Mondelinge uitdrukkingsvaardigheid (omdat de meeste cursisten vooral dit willen leren, besteden we hier relatief veel tijd aan)<br \/>Schriftelijke uitdrukkingsvaardigheid<\/p><\/li><\/ul><\/li><\/ul>\t\t\t\t\t\t\t\t<\/div>\n\t\t\t\t<\/div>\n\t\t\t\t\t<\/div>\n\t\t<\/div>\n\t\t\t\t\t<\/div>\n\t\t<\/section>\n\t\t\t\t<section class=\"elementor-section elementor-top-section elementor-element elementor-element-0962170 elementor-section-boxed elementor-section-height-default elementor-section-height-default\" data-id=\"0962170\" data-element_type=\"section\" data-e-type=\"section\">\n\t\t\t\t\t\t<div class=\"elementor-container elementor-column-gap-default\">\n\t\t\t\t\t<div class=\"elementor-column elementor-col-100 elementor-top-column elementor-element elementor-element-55615a7\" data-id=\"55615a7\" data-element_type=\"column\" data-e-type=\"column\">\n\t\t\t<div class=\"elementor-widget-wrap elementor-element-populated\">\n\t\t\t\t\t\t<div class=\"elementor-element elementor-element-95a7660 elementor-widget elementor-widget-heading\" data-id=\"95a7660\" data-element_type=\"widget\" data-e-type=\"widget\" data-widget_type=\"heading.default\">\n\t\t\t\t<div class=\"elementor-widget-container\">\n\t\t\t\t\t<h2 class=\"elementor-heading-title elementor-size-default\">Hoe bepaalt u welk niveau  bij u past?<\/h2>\t\t\t\t<\/div>\n\t\t\t\t<\/div>\n\t\t\t\t\t<\/div>\n\t\t<\/div>\n\t\t\t\t\t<\/div>\n\t\t<\/section>\n\t\t\t\t<section class=\"elementor-section elementor-top-section elementor-element elementor-element-dcd731f elementor-section-boxed elementor-section-height-default elementor-section-height-default\" data-id=\"dcd731f\" data-element_type=\"section\" data-e-type=\"section\">\n\t\t\t\t\t\t<div class=\"elementor-container elementor-column-gap-default\">\n\t\t\t\t\t<div class=\"elementor-column elementor-col-25 elementor-top-column elementor-element elementor-element-42344b8\" data-id=\"42344b8\" data-element_type=\"column\" data-e-type=\"column\">\n\t\t\t<div class=\"elementor-widget-wrap elementor-element-populated\">\n\t\t\t\t\t\t<div class=\"elementor-element elementor-element-12f5023 elementor-widget elementor-widget-text-editor\" data-id=\"12f5023\" data-element_type=\"widget\" data-e-type=\"widget\" data-widget_type=\"text-editor.default\">\n\t\t\t\t<div class=\"elementor-widget-container\">\n\t\t\t\t\t\t\t\t\t<p>Een eerste indicatie kan zijn hoe ver u op de middelbare school gekomen bent met Frans. Maar vaak is dat lang geleden. De instaptoets biedt dan uitkomst.<br \/>De instaptoets kunt u maken op de open avond in september. Komt dat niet uit, neem dan contact op, dan ontvangt u een link naar de online-toets.<\/p>\t\t\t\t\t\t\t\t<\/div>\n\t\t\t\t<\/div>\n\t\t\t\t\t<\/div>\n\t\t<\/div>\n\t\t\t\t<div class=\"elementor-column elementor-col-25 elementor-top-column elementor-element elementor-element-613c137\" data-id=\"613c137\" data-element_type=\"column\" data-e-type=\"column\" data-settings=\"{&quot;background_background&quot;:&quot;classic&quot;}\">\n\t\t\t<div class=\"elementor-widget-wrap elementor-element-populated\">\n\t\t\t\t\t\t<div class=\"elementor-element elementor-element-d5e955a elementor-widget elementor-widget-image\" data-id=\"d5e955a\" data-element_type=\"widget\" data-e-type=\"widget\" data-widget_type=\"image.default\">\n\t\t\t\t<div class=\"elementor-widget-container\">\n\t\t\t\t\t\t\t\t\t\t\t\t\t\t\t<img decoding=\"async\" width=\"522\" height=\"460\" src=\"https:\/\/www.alliance-francaise.nl\/zwolle\/wp-content\/uploads\/sites\/4\/2019\/12\/Knipsel-open-Avond.jpg\" class=\"attachment-large size-large wp-image-466\" alt=\"\" srcset=\"https:\/\/www.alliance-francaise.nl\/zwolle\/wp-content\/uploads\/sites\/4\/2019\/12\/Knipsel-open-Avond.jpg 522w, https:\/\/www.alliance-francaise.nl\/zwolle\/wp-content\/uploads\/sites\/4\/2019\/12\/Knipsel-open-Avond-300x264.jpg 300w\" sizes=\"(max-width: 522px) 100vw, 522px\" \/>\t\t\t\t\t\t\t\t\t\t\t\t\t\t\t<\/div>\n\t\t\t\t<\/div>\n\t\t\t\t\t<\/div>\n\t\t<\/div>\n\t\t\t\t<div class=\"elementor-column elementor-col-25 elementor-top-column elementor-element elementor-element-5e4a11c\" data-id=\"5e4a11c\" data-element_type=\"column\" data-e-type=\"column\">\n\t\t\t<div class=\"elementor-widget-wrap elementor-element-populated\">\n\t\t\t\t\t\t<div class=\"elementor-element elementor-element-9496286 elementor-widget elementor-widget-text-editor\" data-id=\"9496286\" data-element_type=\"widget\" data-e-type=\"widget\" data-widget_type=\"text-editor.default\">\n\t\t\t\t<div class=\"elementor-widget-container\">\n\t\t\t\t\t\t\t\t\t<p>Een bezoek aan de Open Avond is gratis en vrijblijvend. U maakt de toets. Wij kijken die meteen na. U bespreekt kort met \u00e9\u00e9n van de docenten want uw wensen zijn, als het kan in het Frans. Vervolgens hopen wij op uw inschrijving.<\/p>\t\t\t\t\t\t\t\t<\/div>\n\t\t\t\t<\/div>\n\t\t\t\t\t<\/div>\n\t\t<\/div>\n\t\t\t\t<div class=\"elementor-column elementor-col-25 elementor-top-column elementor-element elementor-element-448f973\" data-id=\"448f973\" data-element_type=\"column\" data-e-type=\"column\" data-settings=\"{&quot;background_background&quot;:&quot;classic&quot;}\">\n\t\t\t<div class=\"elementor-widget-wrap elementor-element-populated\">\n\t\t\t\t\t\t<div class=\"elementor-element elementor-element-9205875 elementor-widget elementor-widget-image\" data-id=\"9205875\" data-element_type=\"widget\" data-e-type=\"widget\" data-widget_type=\"image.default\">\n\t\t\t\t<div class=\"elementor-widget-container\">\n\t\t\t\t\t\t\t\t\t\t\t\t\t\t\t<img decoding=\"async\" width=\"800\" height=\"717\" src=\"https:\/\/www.alliance-francaise.nl\/zwolle\/wp-content\/uploads\/sites\/4\/2019\/12\/Inschrijven-OpenAvond2015-1024x918.jpg\" class=\"attachment-large size-large wp-image-465\" alt=\"\" srcset=\"https:\/\/www.alliance-francaise.nl\/zwolle\/wp-content\/uploads\/sites\/4\/2019\/12\/Inschrijven-OpenAvond2015-1024x918.jpg 1024w, https:\/\/www.alliance-francaise.nl\/zwolle\/wp-content\/uploads\/sites\/4\/2019\/12\/Inschrijven-OpenAvond2015-300x269.jpg 300w, https:\/\/www.alliance-francaise.nl\/zwolle\/wp-content\/uploads\/sites\/4\/2019\/12\/Inschrijven-OpenAvond2015-768x688.jpg 768w, https:\/\/www.alliance-francaise.nl\/zwolle\/wp-content\/uploads\/sites\/4\/2019\/12\/Inschrijven-OpenAvond2015-1536x1377.jpg 1536w, https:\/\/www.alliance-francaise.nl\/zwolle\/wp-content\/uploads\/sites\/4\/2019\/12\/Inschrijven-OpenAvond2015-2048x1836.jpg 2048w, https:\/\/www.alliance-francaise.nl\/zwolle\/wp-content\/uploads\/sites\/4\/2019\/12\/Inschrijven-OpenAvond2015-1320x1183.jpg 1320w, https:\/\/www.alliance-francaise.nl\/zwolle\/wp-content\/uploads\/sites\/4\/2019\/12\/Inschrijven-OpenAvond2015-600x538.jpg 600w\" sizes=\"(max-width: 800px) 100vw, 800px\" \/>\t\t\t\t\t\t\t\t\t\t\t\t\t\t\t<\/div>\n\t\t\t\t<\/div>\n\t\t\t\t\t<\/div>\n\t\t<\/div>\n\t\t\t\t\t<\/div>\n\t\t<\/section>\n\t\t\t\t<\/div>\n\t\t","protected":false},"excerpt":{"rendered":"<p>Europees referentiekader voor talen Cadre Europ\u00e9en Commun de R\u00e9f\u00e9rence (CECR) De Alliance Fran\u00e7aise maakt gebruik van het\u00a0Europese Referentiekader\u00a0om het niveau van de cursussen aan te geven. Dit referentiekader is ontwikkeld [&hellip;]<\/p>\n","protected":false},"author":6,"featured_media":0,"parent":109,"menu_order":0,"comment_status":"closed","ping_status":"closed","template":"elementor_header_footer","meta":{"_monsterinsights_skip_tracking":false,"_monsterinsights_sitenote_active":false,"_monsterinsights_sitenote_note":"","_monsterinsights_sitenote_category":0,"footnotes":""},"class_list":["post-93","page","type-page","status-publish","hentry"],"_links":{"self":[{"href":"https:\/\/www.alliance-francaise.nl\/zwolle\/wp-json\/wp\/v2\/pages\/93","targetHints":{"allow":["GET"]}}],"collection":[{"href":"https:\/\/www.alliance-francaise.nl\/zwolle\/wp-json\/wp\/v2\/pages"}],"about":[{"href":"https:\/\/www.alliance-francaise.nl\/zwolle\/wp-json\/wp\/v2\/types\/page"}],"author":[{"embeddable":true,"href":"https:\/\/www.alliance-francaise.nl\/zwolle\/wp-json\/wp\/v2\/users\/6"}],"replies":[{"embeddable":true,"href":"https:\/\/www.alliance-francaise.nl\/zwolle\/wp-json\/wp\/v2\/comments?post=93"}],"version-history":[{"count":0,"href":"https:\/\/www.alliance-francaise.nl\/zwolle\/wp-json\/wp\/v2\/pages\/93\/revisions"}],"up":[{"embeddable":true,"href":"https:\/\/www.alliance-francaise.nl\/zwolle\/wp-json\/wp\/v2\/pages\/109"}],"wp:attachment":[{"href":"https:\/\/www.alliance-francaise.nl\/zwolle\/wp-json\/wp\/v2\/media?parent=93"}],"curies":[{"name":"wp","href":"https:\/\/api.w.org\/{rel}","templated":true}]}}