{"id":109,"date":"2019-10-06T12:25:17","date_gmt":"2019-10-06T12:25:17","guid":{"rendered":"https:\/\/www.alliance-francaise.nl\/2020\/zwolle\/?page_id=109"},"modified":"2026-04-28T22:07:58","modified_gmt":"2026-04-28T20:07:58","slug":"cursussen","status":"publish","type":"page","link":"https:\/\/www.alliance-francaise.nl\/zwolle\/cursussen\/","title":{"rendered":"Cursussen"},"content":{"rendered":"\t\t<div data-elementor-type=\"wp-post\" data-elementor-id=\"109\" class=\"elementor elementor-109\" data-elementor-post-type=\"page\">\n\t\t\t\t\t\t<section class=\"elementor-section elementor-top-section elementor-element elementor-element-204f00e elementor-section-boxed elementor-section-height-default elementor-section-height-default\" data-id=\"204f00e\" data-element_type=\"section\" data-e-type=\"section\">\n\t\t\t\t\t\t<div class=\"elementor-container elementor-column-gap-default\">\n\t\t\t\t\t<div class=\"elementor-column elementor-col-100 elementor-top-column elementor-element elementor-element-9cc31ce\" data-id=\"9cc31ce\" data-element_type=\"column\" data-e-type=\"column\">\n\t\t\t<div class=\"elementor-widget-wrap elementor-element-populated\">\n\t\t\t\t\t\t<div class=\"elementor-element elementor-element-e5adfea elementor-widget elementor-widget-text-editor\" data-id=\"e5adfea\" data-element_type=\"widget\" data-e-type=\"widget\" data-widget_type=\"text-editor.default\">\n\t\t\t\t<div class=\"elementor-widget-container\">\n\t\t\t\t\t\t\t\t\t<p>Frans leren in seizoen 2026-2027.\u00a0<br \/>De cursussen starten in de week van 21 september 2026.<\/p>\t\t\t\t\t\t\t\t<\/div>\n\t\t\t\t<\/div>\n\t\t\t\t\t<\/div>\n\t\t<\/div>\n\t\t\t\t\t<\/div>\n\t\t<\/section>\n\t\t\t\t<section class=\"elementor-section elementor-top-section elementor-element elementor-element-5d03ac3a elementor-section-boxed elementor-section-height-default elementor-section-height-default\" data-id=\"5d03ac3a\" data-element_type=\"section\" data-e-type=\"section\" data-settings=\"{&quot;background_background&quot;:&quot;classic&quot;}\">\n\t\t\t\t\t\t<div class=\"elementor-container elementor-column-gap-default\">\n\t\t\t\t\t<div class=\"elementor-column elementor-col-100 elementor-top-column elementor-element elementor-element-108293a6\" data-id=\"108293a6\" data-element_type=\"column\" data-e-type=\"column\">\n\t\t\t<div class=\"elementor-widget-wrap\">\n\t\t\t\t\t\t\t<\/div>\n\t\t<\/div>\n\t\t\t\t\t<\/div>\n\t\t<\/section>\n\t\t\t\t<section class=\"elementor-section elementor-top-section elementor-element elementor-element-6eed45c3 elementor-section-boxed elementor-section-height-default elementor-section-height-default\" data-id=\"6eed45c3\" data-element_type=\"section\" data-e-type=\"section\">\n\t\t\t\t\t\t<div class=\"elementor-container elementor-column-gap-default\">\n\t\t\t\t\t<div class=\"elementor-column elementor-col-100 elementor-top-column elementor-element elementor-element-798d8d1a\" data-id=\"798d8d1a\" data-element_type=\"column\" data-e-type=\"column\" data-settings=\"{&quot;background_background&quot;:&quot;classic&quot;}\">\n\t\t\t<div class=\"elementor-widget-wrap elementor-element-populated\">\n\t\t\t\t\t<div class=\"elementor-background-overlay\"><\/div>\n\t\t\t\t\t\t<div class=\"elementor-element elementor-element-12800579 elementor-widget elementor-widget-heading\" data-id=\"12800579\" data-element_type=\"widget\" data-e-type=\"widget\" data-widget_type=\"heading.default\">\n\t\t\t\t<div class=\"elementor-widget-container\">\n\t\t\t\t\t<h2 class=\"elementor-heading-title elementor-size-default\">Frans leren 2026\/2027<\/h2>\t\t\t\t<\/div>\n\t\t\t\t<\/div>\n\t\t\t\t\t<\/div>\n\t\t<\/div>\n\t\t\t\t\t<\/div>\n\t\t<\/section>\n\t\t\t\t<section class=\"elementor-section elementor-top-section elementor-element elementor-element-92226dc elementor-section-boxed elementor-section-height-default elementor-section-height-default\" data-id=\"92226dc\" data-element_type=\"section\" data-e-type=\"section\" data-settings=\"{&quot;background_background&quot;:&quot;classic&quot;}\">\n\t\t\t\t\t\t<div class=\"elementor-container elementor-column-gap-default\">\n\t\t\t\t\t<div class=\"elementor-column elementor-col-33 elementor-top-column elementor-element elementor-element-0efbc9e\" data-id=\"0efbc9e\" data-element_type=\"column\" data-e-type=\"column\" data-settings=\"{&quot;background_background&quot;:&quot;classic&quot;}\">\n\t\t\t<div class=\"elementor-widget-wrap elementor-element-populated\">\n\t\t\t\t\t\t<div class=\"elementor-element elementor-element-4d6aeba elementor-widget elementor-widget-spacer\" data-id=\"4d6aeba\" data-element_type=\"widget\" data-e-type=\"widget\" data-widget_type=\"spacer.default\">\n\t\t\t\t<div class=\"elementor-widget-container\">\n\t\t\t\t\t\t\t<div class=\"elementor-spacer\">\n\t\t\t<div class=\"elementor-spacer-inner\"><\/div>\n\t\t<\/div>\n\t\t\t\t\t\t<\/div>\n\t\t\t\t<\/div>\n\t\t\t\t<div class=\"elementor-element elementor-element-cfaae7a elementor-widget elementor-widget-text-editor\" data-id=\"cfaae7a\" data-element_type=\"widget\" data-e-type=\"widget\" data-widget_type=\"text-editor.default\">\n\t\t\t\t<div class=\"elementor-widget-container\">\n\t\t\t\t\t\t\t\t\t<p>Als u Frans wilt leren voor uw werk, familiecontacten, uw tweede huis, voor vakantie of voor uw plezier, dan biedt de Alliance Fran\u00e7aise een ruim aanbod cursussen algemeen Frans, conversatiegroepen en Franse literatuur.\u00a0 We geven groepslessen op maandag- tot en met donderdagavond en &#8217;s woensdags overdag.<\/p><p>\u00a0<\/p>\t\t\t\t\t\t\t\t<\/div>\n\t\t\t\t<\/div>\n\t\t\t\t<div class=\"elementor-element elementor-element-bca955f elementor-widget elementor-widget-spacer\" data-id=\"bca955f\" data-element_type=\"widget\" data-e-type=\"widget\" data-widget_type=\"spacer.default\">\n\t\t\t\t<div class=\"elementor-widget-container\">\n\t\t\t\t\t\t\t<div class=\"elementor-spacer\">\n\t\t\t<div class=\"elementor-spacer-inner\"><\/div>\n\t\t<\/div>\n\t\t\t\t\t\t<\/div>\n\t\t\t\t<\/div>\n\t\t\t\t<div class=\"elementor-element elementor-element-438af81 elementor-absolute elementor-widget elementor-widget-heading\" data-id=\"438af81\" data-element_type=\"widget\" data-e-type=\"widget\" data-settings=\"{&quot;_position&quot;:&quot;absolute&quot;}\" data-widget_type=\"heading.default\">\n\t\t\t\t<div class=\"elementor-widget-container\">\n\t\t\t\t\t<h2 class=\"elementor-heading-title elementor-size-medium\">Roue \u00e0 verbes<br>\nvraag ernaar bij uw docent<\/h2>\t\t\t\t<\/div>\n\t\t\t\t<\/div>\n\t\t\t\t<div class=\"elementor-element elementor-element-6887257 elementor-widget__width-initial elementor-widget elementor-widget-image\" data-id=\"6887257\" data-element_type=\"widget\" data-e-type=\"widget\" data-widget_type=\"image.default\">\n\t\t\t\t<div class=\"elementor-widget-container\">\n\t\t\t\t\t\t\t\t\t\t\t\t\t\t\t<img fetchpriority=\"high\" decoding=\"async\" width=\"800\" height=\"534\" src=\"https:\/\/www.alliance-francaise.nl\/zwolle\/wp-content\/uploads\/sites\/4\/2019\/12\/roue-\u00e0-verbes-1024x683.jpg\" class=\"attachment-large size-large wp-image-401\" alt=\"\" srcset=\"https:\/\/www.alliance-francaise.nl\/zwolle\/wp-content\/uploads\/sites\/4\/2019\/12\/roue-\u00e0-verbes-1024x683.jpg 1024w, https:\/\/www.alliance-francaise.nl\/zwolle\/wp-content\/uploads\/sites\/4\/2019\/12\/roue-\u00e0-verbes-300x200.jpg 300w, https:\/\/www.alliance-francaise.nl\/zwolle\/wp-content\/uploads\/sites\/4\/2019\/12\/roue-\u00e0-verbes-768x512.jpg 768w, https:\/\/www.alliance-francaise.nl\/zwolle\/wp-content\/uploads\/sites\/4\/2019\/12\/roue-\u00e0-verbes-1536x1024.jpg 1536w, https:\/\/www.alliance-francaise.nl\/zwolle\/wp-content\/uploads\/sites\/4\/2019\/12\/roue-\u00e0-verbes-2048x1365.jpg 2048w, https:\/\/www.alliance-francaise.nl\/zwolle\/wp-content\/uploads\/sites\/4\/2019\/12\/roue-\u00e0-verbes-1320x880.jpg 1320w, https:\/\/www.alliance-francaise.nl\/zwolle\/wp-content\/uploads\/sites\/4\/2019\/12\/roue-\u00e0-verbes-600x400.jpg 600w\" sizes=\"(max-width: 800px) 100vw, 800px\" \/>\t\t\t\t\t\t\t\t\t\t\t\t\t\t\t<\/div>\n\t\t\t\t<\/div>\n\t\t\t\t\t<\/div>\n\t\t<\/div>\n\t\t\t\t<div class=\"elementor-column elementor-col-33 elementor-top-column elementor-element elementor-element-05ad8ad\" data-id=\"05ad8ad\" data-element_type=\"column\" data-e-type=\"column\" data-settings=\"{&quot;background_background&quot;:&quot;classic&quot;}\">\n\t\t\t<div class=\"elementor-widget-wrap elementor-element-populated\">\n\t\t\t\t\t\t<div class=\"elementor-element elementor-element-f4421e6 elementor-widget elementor-widget-spacer\" data-id=\"f4421e6\" data-element_type=\"widget\" data-e-type=\"widget\" data-widget_type=\"spacer.default\">\n\t\t\t\t<div class=\"elementor-widget-container\">\n\t\t\t\t\t\t\t<div class=\"elementor-spacer\">\n\t\t\t<div class=\"elementor-spacer-inner\"><\/div>\n\t\t<\/div>\n\t\t\t\t\t\t<\/div>\n\t\t\t\t<\/div>\n\t\t\t\t<div class=\"elementor-element elementor-element-dfacfa9 elementor-widget elementor-widget-text-editor\" data-id=\"dfacfa9\" data-element_type=\"widget\" data-e-type=\"widget\" data-widget_type=\"text-editor.default\">\n\t\t\t\t<div class=\"elementor-widget-container\">\n\t\t\t\t\t\t\t\t\t<p><strong>Beginners A1<\/strong><br \/>Voor mensen die nog nooit Frans hebben gehad duurt A1 twee jaar. <br \/>Voor degenen die al een klein beetje gehad hebben (zelfs\u00a0 lang geleden) kan het in \u00e9\u00e9n jaar. Dat noemen we\u00a0 pseudobeginners of\u00a0 A1rapide.<br \/>Deze groepen werken met de methode <br \/><em>Voyages Nieuw 1<br \/>ISBN 9789460307317 (\u20ac 39,50) en <br \/>ISBN 9789460307324 (\u20ac 25,90)<\/em><\/p>\t\t\t\t\t\t\t\t<\/div>\n\t\t\t\t<\/div>\n\t\t\t\t<div class=\"elementor-element elementor-element-56e2604 elementor-widget elementor-widget-heading\" data-id=\"56e2604\" data-element_type=\"widget\" data-e-type=\"widget\" data-widget_type=\"heading.default\">\n\t\t\t\t<div class=\"elementor-widget-container\">\n\t\t\t\t\t<h2 class=\"elementor-heading-title elementor-size-medium\"><a href=\"https:\/\/www.alliance-francaise.nl\/zwolle\/product\/a1-1-maandag\/\">A1.1 maandag Zwolle<\/a><\/h2>\t\t\t\t<\/div>\n\t\t\t\t<\/div>\n\t\t\t\t<div class=\"elementor-element elementor-element-84bbede elementor-widget elementor-widget-heading\" data-id=\"84bbede\" data-element_type=\"widget\" data-e-type=\"widget\" data-widget_type=\"heading.default\">\n\t\t\t\t<div class=\"elementor-widget-container\">\n\t\t\t\t\t<h2 class=\"elementor-heading-title elementor-size-medium\"><a href=\"https:\/\/www.alliance-francaise.nl\/zwolle\/product\/a1-2-maandag-zwolle\/\">A1.2 maandag Zwolle<\/a><\/h2>\t\t\t\t<\/div>\n\t\t\t\t<\/div>\n\t\t\t\t<div class=\"elementor-element elementor-element-12068c8 elementor-widget elementor-widget-heading\" data-id=\"12068c8\" data-element_type=\"widget\" data-e-type=\"widget\" data-widget_type=\"heading.default\">\n\t\t\t\t<div class=\"elementor-widget-container\">\n\t\t\t\t\t<h2 class=\"elementor-heading-title elementor-size-medium\"><a href=\"https:\/\/www.alliance-francaise.nl\/zwolle\/product\/a1rapide-woensdag-zwolle\/\">A1 Rapide woensdag Zwolle<\/a><\/h2>\t\t\t\t<\/div>\n\t\t\t\t<\/div>\n\t\t\t\t\t<\/div>\n\t\t<\/div>\n\t\t\t\t<div class=\"elementor-column elementor-col-33 elementor-top-column elementor-element elementor-element-0b617dd\" data-id=\"0b617dd\" data-element_type=\"column\" data-e-type=\"column\">\n\t\t\t<div class=\"elementor-widget-wrap elementor-element-populated\">\n\t\t\t\t\t\t<div class=\"elementor-element elementor-element-15dc89b elementor-widget elementor-widget-spacer\" data-id=\"15dc89b\" data-element_type=\"widget\" data-e-type=\"widget\" data-widget_type=\"spacer.default\">\n\t\t\t\t<div class=\"elementor-widget-container\">\n\t\t\t\t\t\t\t<div class=\"elementor-spacer\">\n\t\t\t<div class=\"elementor-spacer-inner\"><\/div>\n\t\t<\/div>\n\t\t\t\t\t\t<\/div>\n\t\t\t\t<\/div>\n\t\t\t\t<div class=\"elementor-element elementor-element-a1889e2 elementor-widget elementor-widget-text-editor\" data-id=\"a1889e2\" data-element_type=\"widget\" data-e-type=\"widget\" data-widget_type=\"text-editor.default\">\n\t\t\t\t<div class=\"elementor-widget-container\">\n\t\t\t\t\t\t\t\t\t<p><strong>Beginners A2<\/strong><br \/>Voor mensen die 3 of 4 jaar Frans hebben gehad op school. Ook dit niveau duurt normaal gesproken twee jaar. We werken met de methode <br \/><em>Voyages Nieuw 2<br \/>ISBN 9789462930230 (\u20ac 39,50) en <br \/>ISBN 9789462930247 (\u20ac 25,90)<\/em><\/p>\t\t\t\t\t\t\t\t<\/div>\n\t\t\t\t<\/div>\n\t\t\t\t<div class=\"elementor-element elementor-element-9e1c313 elementor-widget elementor-widget-heading\" data-id=\"9e1c313\" data-element_type=\"widget\" data-e-type=\"widget\" data-widget_type=\"heading.default\">\n\t\t\t\t<div class=\"elementor-widget-container\">\n\t\t\t\t\t<h2 class=\"elementor-heading-title elementor-size-medium\"><a href=\"https:\/\/www.alliance-francaise.nl\/zwolle\/product\/a-2-1-maandag-zwolle\/\">A2.1 maandag Zwolle<\/a><\/h2>\t\t\t\t<\/div>\n\t\t\t\t<\/div>\n\t\t\t\t<div class=\"elementor-element elementor-element-fd6854d elementor-widget elementor-widget-heading\" data-id=\"fd6854d\" data-element_type=\"widget\" data-e-type=\"widget\" data-widget_type=\"heading.default\">\n\t\t\t\t<div class=\"elementor-widget-container\">\n\t\t\t\t\t<h2 class=\"elementor-heading-title elementor-size-medium\"><a href=\"https:\/\/www.alliance-francaise.nl\/zwolle\/product\/a2-1-dinsdag\/\">A2.1 dinsdag Zwolle<\/a><\/h2>\t\t\t\t<\/div>\n\t\t\t\t<\/div>\n\t\t\t\t<div class=\"elementor-element elementor-element-42d62ef elementor-widget elementor-widget-heading\" data-id=\"42d62ef\" data-element_type=\"widget\" data-e-type=\"widget\" data-widget_type=\"heading.default\">\n\t\t\t\t<div class=\"elementor-widget-container\">\n\t\t\t\t\t<h2 class=\"elementor-heading-title elementor-size-medium\"><a href=\"https:\/\/www.alliance-francaise.nl\/zwolle\/product\/a2-1-woensdag-dronten\/\">A2.1 woensdagmorgen Dronten<\/a><\/h2>\t\t\t\t<\/div>\n\t\t\t\t<\/div>\n\t\t\t\t<div class=\"elementor-element elementor-element-992df2a elementor-widget elementor-widget-heading\" data-id=\"992df2a\" data-element_type=\"widget\" data-e-type=\"widget\" data-widget_type=\"heading.default\">\n\t\t\t\t<div class=\"elementor-widget-container\">\n\t\t\t\t\t<h2 class=\"elementor-heading-title elementor-size-medium\"><a href=\"https:\/\/www.alliance-francaise.nl\/zwolle\/product\/a2-2-dinsdag-zwolle\/\">A2.2 dinsdag Zwolle<\/a><\/h2>\t\t\t\t<\/div>\n\t\t\t\t<\/div>\n\t\t\t\t<div class=\"elementor-element elementor-element-849875f elementor-widget elementor-widget-heading\" data-id=\"849875f\" data-element_type=\"widget\" data-e-type=\"widget\" data-widget_type=\"heading.default\">\n\t\t\t\t<div class=\"elementor-widget-container\">\n\t\t\t\t\t<h2 class=\"elementor-heading-title elementor-size-medium\"><a href=\"https:\/\/www.alliance-francaise.nl\/zwolle\/product\/a2-2-donderdag-dronten\/\">A2.2 donderdag Dronten<\/a><\/h2>\t\t\t\t<\/div>\n\t\t\t\t<\/div>\n\t\t\t\t<div class=\"elementor-element elementor-element-1a7c47e elementor-widget elementor-widget-spacer\" data-id=\"1a7c47e\" data-element_type=\"widget\" data-e-type=\"widget\" data-widget_type=\"spacer.default\">\n\t\t\t\t<div class=\"elementor-widget-container\">\n\t\t\t\t\t\t\t<div class=\"elementor-spacer\">\n\t\t\t<div class=\"elementor-spacer-inner\"><\/div>\n\t\t<\/div>\n\t\t\t\t\t\t<\/div>\n\t\t\t\t<\/div>\n\t\t\t\t\t<\/div>\n\t\t<\/div>\n\t\t\t\t\t<\/div>\n\t\t<\/section>\n\t\t\t\t<section class=\"elementor-section elementor-top-section elementor-element elementor-element-f2d4c38 elementor-section-boxed elementor-section-height-default elementor-section-height-default\" data-id=\"f2d4c38\" data-element_type=\"section\" data-e-type=\"section\" data-settings=\"{&quot;background_background&quot;:&quot;classic&quot;}\">\n\t\t\t\t\t\t<div class=\"elementor-container elementor-column-gap-default\">\n\t\t\t\t\t<div class=\"elementor-column elementor-col-33 elementor-top-column elementor-element elementor-element-d03fe56\" data-id=\"d03fe56\" data-element_type=\"column\" data-e-type=\"column\" data-settings=\"{&quot;background_background&quot;:&quot;classic&quot;}\">\n\t\t\t<div class=\"elementor-widget-wrap elementor-element-populated\">\n\t\t\t\t\t\t<div class=\"elementor-element elementor-element-458ddce elementor-widget elementor-widget-spacer\" data-id=\"458ddce\" data-element_type=\"widget\" data-e-type=\"widget\" data-widget_type=\"spacer.default\">\n\t\t\t\t<div class=\"elementor-widget-container\">\n\t\t\t\t\t\t\t<div class=\"elementor-spacer\">\n\t\t\t<div class=\"elementor-spacer-inner\"><\/div>\n\t\t<\/div>\n\t\t\t\t\t\t<\/div>\n\t\t\t\t<\/div>\n\t\t\t\t<div class=\"elementor-element elementor-element-a963acd elementor-widget elementor-widget-text-editor\" data-id=\"a963acd\" data-element_type=\"widget\" data-e-type=\"widget\" data-widget_type=\"text-editor.default\">\n\t\t\t\t<div class=\"elementor-widget-container\">\n\t\t\t\t\t\t\t\t\t<p><strong>Gevorderd B1<\/strong> <br \/>Voor mensen met 5 of 6 jaar Frans op school. De stof wordt ingewikkelder en dus trekken we er drie of vier jaar voor uit met het laatste deel uit de serie:<br \/><em>Voyages Nieuw 3<br \/>ISBN 9789462930315 (\u20ac 55,90)<\/em><\/p>\t\t\t\t\t\t\t\t<\/div>\n\t\t\t\t<\/div>\n\t\t\t\t<div class=\"elementor-element elementor-element-30d9967 elementor-widget elementor-widget-heading\" data-id=\"30d9967\" data-element_type=\"widget\" data-e-type=\"widget\" data-widget_type=\"heading.default\">\n\t\t\t\t<div class=\"elementor-widget-container\">\n\t\t\t\t\t<h2 class=\"elementor-heading-title elementor-size-medium\"><a href=\"https:\/\/www.alliance-francaise.nl\/zwolle\/product\/b1-1-woensdag-zwolle-esther\/\">B1.1 woendag Zwolle Esther<\/a><\/h2>\t\t\t\t<\/div>\n\t\t\t\t<\/div>\n\t\t\t\t<div class=\"elementor-element elementor-element-12b8559 elementor-widget elementor-widget-heading\" data-id=\"12b8559\" data-element_type=\"widget\" data-e-type=\"widget\" data-widget_type=\"heading.default\">\n\t\t\t\t<div class=\"elementor-widget-container\">\n\t\t\t\t\t<h2 class=\"elementor-heading-title elementor-size-medium\"><a href=\"https:\/\/www.alliance-francaise.nl\/zwolle\/product\/b1-1-woensdag-zwolle-dominique\/\">B1.1 woensdag Zwolle Dominique<\/a><\/h2>\t\t\t\t<\/div>\n\t\t\t\t<\/div>\n\t\t\t\t<div class=\"elementor-element elementor-element-978a3f5 elementor-widget elementor-widget-heading\" data-id=\"978a3f5\" data-element_type=\"widget\" data-e-type=\"widget\" data-widget_type=\"heading.default\">\n\t\t\t\t<div class=\"elementor-widget-container\">\n\t\t\t\t\t<h2 class=\"elementor-heading-title elementor-size-medium\"><a href=\"https:\/\/www.alliance-francaise.nl\/zwolle\/product\/b1-1-maandag-zwolle\/\">B1.1 maandag Zwolle<\/a><\/h2>\t\t\t\t<\/div>\n\t\t\t\t<\/div>\n\t\t\t\t<div class=\"elementor-element elementor-element-6a10704 elementor-widget elementor-widget-heading\" data-id=\"6a10704\" data-element_type=\"widget\" data-e-type=\"widget\" data-widget_type=\"heading.default\">\n\t\t\t\t<div class=\"elementor-widget-container\">\n\t\t\t\t\t<h2 class=\"elementor-heading-title elementor-size-medium\"><a href=\"https:\/\/www.alliance-francaise.nl\/zwolle\/product\/b1-1-woensdagmorgen\/\">B1.1 woensdagmorgen Zwolle<\/a><\/h2>\t\t\t\t<\/div>\n\t\t\t\t<\/div>\n\t\t\t\t<div class=\"elementor-element elementor-element-4893afa elementor-widget elementor-widget-heading\" data-id=\"4893afa\" data-element_type=\"widget\" data-e-type=\"widget\" data-widget_type=\"heading.default\">\n\t\t\t\t<div class=\"elementor-widget-container\">\n\t\t\t\t\t<h2 class=\"elementor-heading-title elementor-size-medium\"><a href=\"https:\/\/www.alliance-francaise.nl\/zwolle\/product\/b1-2-dinsdag-zwolle\/\">B1.2 dinsdag Zwolle<\/a><\/h2>\t\t\t\t<\/div>\n\t\t\t\t<\/div>\n\t\t\t\t<div class=\"elementor-element elementor-element-6dc2ba1 elementor-widget elementor-widget-heading\" data-id=\"6dc2ba1\" data-element_type=\"widget\" data-e-type=\"widget\" data-widget_type=\"heading.default\">\n\t\t\t\t<div class=\"elementor-widget-container\">\n\t\t\t\t\t<h2 class=\"elementor-heading-title elementor-size-medium\"><a href=\"https:\/\/www.alliance-francaise.nl\/zwolle\/product\/b1-2-woensdagmorgen-dronten\/\">B1.2 woensdagmorgen in Dronten<\/a><\/h2>\t\t\t\t<\/div>\n\t\t\t\t<\/div>\n\t\t\t\t<div class=\"elementor-element elementor-element-63e91b9 elementor-widget elementor-widget-heading\" data-id=\"63e91b9\" data-element_type=\"widget\" data-e-type=\"widget\" data-widget_type=\"heading.default\">\n\t\t\t\t<div class=\"elementor-widget-container\">\n\t\t\t\t\t<h2 class=\"elementor-heading-title elementor-size-medium\"><a href=\"https:\/\/www.alliance-francaise.nl\/zwolle\/product\/b1-4-woensdag-zwolle\/\">B1.4 woensdag Zwolle<\/a><\/h2>\t\t\t\t<\/div>\n\t\t\t\t<\/div>\n\t\t\t\t<div class=\"elementor-element elementor-element-2a7fb18 elementor-widget elementor-widget-spacer\" data-id=\"2a7fb18\" data-element_type=\"widget\" data-e-type=\"widget\" data-widget_type=\"spacer.default\">\n\t\t\t\t<div class=\"elementor-widget-container\">\n\t\t\t\t\t\t\t<div class=\"elementor-spacer\">\n\t\t\t<div class=\"elementor-spacer-inner\"><\/div>\n\t\t<\/div>\n\t\t\t\t\t\t<\/div>\n\t\t\t\t<\/div>\n\t\t\t\t\t<\/div>\n\t\t<\/div>\n\t\t\t\t<div class=\"elementor-column elementor-col-33 elementor-top-column elementor-element elementor-element-bfbe643\" data-id=\"bfbe643\" data-element_type=\"column\" data-e-type=\"column\">\n\t\t\t<div class=\"elementor-widget-wrap elementor-element-populated\">\n\t\t\t\t\t\t<div class=\"elementor-element elementor-element-2e153b2 elementor-widget elementor-widget-spacer\" data-id=\"2e153b2\" data-element_type=\"widget\" data-e-type=\"widget\" data-widget_type=\"spacer.default\">\n\t\t\t\t<div class=\"elementor-widget-container\">\n\t\t\t\t\t\t\t<div class=\"elementor-spacer\">\n\t\t\t<div class=\"elementor-spacer-inner\"><\/div>\n\t\t<\/div>\n\t\t\t\t\t\t<\/div>\n\t\t\t\t<\/div>\n\t\t\t\t<div class=\"elementor-element elementor-element-2977114 elementor-widget elementor-widget-text-editor\" data-id=\"2977114\" data-element_type=\"widget\" data-e-type=\"widget\" data-widget_type=\"text-editor.default\">\n\t\t\t\t<div class=\"elementor-widget-container\">\n\t\t\t\t\t\t\t\t\t<p><strong>Gevorderd B2<\/strong><br \/>Er blijft steeds iets over om te leren maar ondertussen kunnen cursisten van dit niveau zich prima redden met hun Frans.<br \/><em>Entre Nous 4, tout en un<\/em><br \/><em>ISBN 9788419236623 (\u20ac 30,86)<\/em><\/p>\t\t\t\t\t\t\t\t<\/div>\n\t\t\t\t<\/div>\n\t\t\t\t<div class=\"elementor-element elementor-element-6d2a7c7 elementor-widget elementor-widget-heading\" data-id=\"6d2a7c7\" data-element_type=\"widget\" data-e-type=\"widget\" data-widget_type=\"heading.default\">\n\t\t\t\t<div class=\"elementor-widget-container\">\n\t\t\t\t\t<h2 class=\"elementor-heading-title elementor-size-medium\"><a href=\"https:\/\/www.alliance-francaise.nl\/zwolle\/product\/b2-3-dinsdag\/\">B2.3 dinsdag<\/a><\/h2>\t\t\t\t<\/div>\n\t\t\t\t<\/div>\n\t\t\t\t\t<\/div>\n\t\t<\/div>\n\t\t\t\t<div class=\"elementor-column elementor-col-33 elementor-top-column elementor-element elementor-element-b95fd53\" data-id=\"b95fd53\" data-element_type=\"column\" data-e-type=\"column\">\n\t\t\t<div class=\"elementor-widget-wrap elementor-element-populated\">\n\t\t\t\t\t\t<div class=\"elementor-element elementor-element-647a8b1 elementor-widget elementor-widget-spacer\" data-id=\"647a8b1\" data-element_type=\"widget\" data-e-type=\"widget\" data-widget_type=\"spacer.default\">\n\t\t\t\t<div class=\"elementor-widget-container\">\n\t\t\t\t\t\t\t<div class=\"elementor-spacer\">\n\t\t\t<div class=\"elementor-spacer-inner\"><\/div>\n\t\t<\/div>\n\t\t\t\t\t\t<\/div>\n\t\t\t\t<\/div>\n\t\t\t\t<div class=\"elementor-element elementor-element-0952101 elementor-widget elementor-widget-text-editor\" data-id=\"0952101\" data-element_type=\"widget\" data-e-type=\"widget\" data-widget_type=\"text-editor.default\">\n\t\t\t\t<div class=\"elementor-widget-container\">\n\t\t\t\t\t\t\t\t\t<p><strong>Vergevorderd C1 en C2<\/strong><br \/>Gelukkig zijn er ook nog kandidaten voor het hoogste niveau in Zwolle. <br \/><em><br \/><\/em>C2.1 en C2.9 werken met<em> Odyss\u00e9e C1\/C2<br \/><\/em>ISBN 9782090356168 en<br \/>ISBN 9782090356151<\/p>\t\t\t\t\t\t\t\t<\/div>\n\t\t\t\t<\/div>\n\t\t\t\t<div class=\"elementor-element elementor-element-9150ebf elementor-widget elementor-widget-heading\" data-id=\"9150ebf\" data-element_type=\"widget\" data-e-type=\"widget\" data-widget_type=\"heading.default\">\n\t\t\t\t<div class=\"elementor-widget-container\">\n\t\t\t\t\t<h2 class=\"elementor-heading-title elementor-size-medium\"><a href=\"https:\/\/www.alliance-francaise.nl\/zwolle\/product\/c2-1-maandag-zwolle\/\">C2.1 maandag<\/a><\/h2>\t\t\t\t<\/div>\n\t\t\t\t<\/div>\n\t\t\t\t<div class=\"elementor-element elementor-element-97cc13b elementor-widget elementor-widget-heading\" data-id=\"97cc13b\" data-element_type=\"widget\" data-e-type=\"widget\" data-widget_type=\"heading.default\">\n\t\t\t\t<div class=\"elementor-widget-container\">\n\t\t\t\t\t<h2 class=\"elementor-heading-title elementor-size-medium\"><a href=\"https:\/\/www.alliance-francaise.nl\/zwolle\/product\/c2-9-maandag-zwolle\/\">C2.9 maandag<\/a><\/h2>\t\t\t\t<\/div>\n\t\t\t\t<\/div>\n\t\t\t\t\t<\/div>\n\t\t<\/div>\n\t\t\t\t\t<\/div>\n\t\t<\/section>\n\t\t\t\t<section class=\"elementor-section elementor-top-section elementor-element elementor-element-1365af47 elementor-section-height-min-height elementor-section-boxed elementor-section-height-default elementor-section-items-middle\" data-id=\"1365af47\" data-element_type=\"section\" data-e-type=\"section\" data-settings=\"{&quot;background_background&quot;:&quot;classic&quot;}\">\n\t\t\t\t\t\t<div class=\"elementor-container elementor-column-gap-default\">\n\t\t\t\t\t<div class=\"elementor-column elementor-col-50 elementor-top-column elementor-element elementor-element-482fa7d0\" data-id=\"482fa7d0\" data-element_type=\"column\" data-e-type=\"column\">\n\t\t\t<div class=\"elementor-widget-wrap elementor-element-populated\">\n\t\t\t\t\t\t<div class=\"elementor-element elementor-element-43afd15 elementor-widget elementor-widget-spacer\" data-id=\"43afd15\" data-element_type=\"widget\" data-e-type=\"widget\" data-widget_type=\"spacer.default\">\n\t\t\t\t<div class=\"elementor-widget-container\">\n\t\t\t\t\t\t\t<div class=\"elementor-spacer\">\n\t\t\t<div class=\"elementor-spacer-inner\"><\/div>\n\t\t<\/div>\n\t\t\t\t\t\t<\/div>\n\t\t\t\t<\/div>\n\t\t\t\t<div class=\"elementor-element elementor-element-a68d068 elementor-widget elementor-widget-image\" data-id=\"a68d068\" data-element_type=\"widget\" data-e-type=\"widget\" data-widget_type=\"image.default\">\n\t\t\t\t<div class=\"elementor-widget-container\">\n\t\t\t\t\t\t\t\t\t\t\t\t\t\t\t<img decoding=\"async\" width=\"600\" height=\"300\" src=\"https:\/\/www.alliance-francaise.nl\/zwolle\/wp-content\/uploads\/sites\/4\/2019\/11\/Conversation.jpg\" class=\"attachment-large size-large wp-image-217\" alt=\"\" srcset=\"https:\/\/www.alliance-francaise.nl\/zwolle\/wp-content\/uploads\/sites\/4\/2019\/11\/Conversation.jpg 600w, https:\/\/www.alliance-francaise.nl\/zwolle\/wp-content\/uploads\/sites\/4\/2019\/11\/Conversation-300x150.jpg 300w\" sizes=\"(max-width: 600px) 100vw, 600px\" \/>\t\t\t\t\t\t\t\t\t\t\t\t\t\t\t<\/div>\n\t\t\t\t<\/div>\n\t\t\t\t<div class=\"elementor-element elementor-element-136e07d7 elementor-widget elementor-widget-text-editor\" data-id=\"136e07d7\" data-element_type=\"widget\" data-e-type=\"widget\" data-widget_type=\"text-editor.default\">\n\t\t\t\t<div class=\"elementor-widget-container\">\n\t\t\t\t\t\t\t\t\t<h2>Cercles des Amis en andere\u00a0 conversatiegroepen<\/h2>\t\t\t\t\t\t\t\t<\/div>\n\t\t\t\t<\/div>\n\t\t\t\t<div class=\"elementor-element elementor-element-42886e0 elementor-widget elementor-widget-text-editor\" data-id=\"42886e0\" data-element_type=\"widget\" data-e-type=\"widget\" data-widget_type=\"text-editor.default\">\n\t\t\t\t<div class=\"elementor-widget-container\">\n\t\t\t\t\t\t\t\t\t<p><strong>Un cours de conversation de niveau B1, B2, C1 ou C2<\/strong>. Des sujets vari\u00e9s traitant de l\u2019actualit\u00e9 et de la culture fran\u00e7aise sont abord\u00e9s sur diff\u00e9rents supports authentiques (textes, documents sonores, vid\u00e9o). L\u2019expression orale est notre priorit\u00e9, celle-ci peut prendre plusieurs formes comme la discussion en grand groupe, le jeu, l\u2019expression individuelle (par exemple sous la forme d\u2019un expos\u00e9), ou encore le travail en petits groupes.<\/p>\t\t\t\t\t\t\t\t<\/div>\n\t\t\t\t<\/div>\n\t\t\t\t<div class=\"elementor-element elementor-element-dd84115 elementor-widget elementor-widget-heading\" data-id=\"dd84115\" data-element_type=\"widget\" data-e-type=\"widget\" data-widget_type=\"heading.default\">\n\t\t\t\t<div class=\"elementor-widget-container\">\n\t\t\t\t\t<h2 class=\"elementor-heading-title elementor-size-medium\"><a href=\"https:\/\/www.alliance-francaise.nl\/zwolle\/product\/cercle-des-amis-i-woensdagmorgen\/\">Cercle des Amis I  -  woensdag - 9:30 uur<\/a><\/h2>\t\t\t\t<\/div>\n\t\t\t\t<\/div>\n\t\t\t\t<div class=\"elementor-element elementor-element-fe3ce9f elementor-widget elementor-widget-heading\" data-id=\"fe3ce9f\" data-element_type=\"widget\" data-e-type=\"widget\" data-widget_type=\"heading.default\">\n\t\t\t\t<div class=\"elementor-widget-container\">\n\t\t\t\t\t<h2 class=\"elementor-heading-title elementor-size-medium\"><a href=\"https:\/\/www.alliance-francaise.nl\/zwolle\/product\/cercle-des-amis-ii-woensdagmorgen\/\">Cercle des Amis  II woensdag - 11:00 uur <\/a><\/h2>\t\t\t\t<\/div>\n\t\t\t\t<\/div>\n\t\t\t\t<div class=\"elementor-element elementor-element-b296376 elementor-widget elementor-widget-heading\" data-id=\"b296376\" data-element_type=\"widget\" data-e-type=\"widget\" data-widget_type=\"heading.default\">\n\t\t\t\t<div class=\"elementor-widget-container\">\n\t\t\t\t\t<h2 class=\"elementor-heading-title elementor-size-medium\"><a href=\"https:\/\/www.alliance-francaise.nl\/zwolle\/product\/cercle-des-amis-iii-woensdagmiddag\/\">Cercle des Amis  III - woensdag - 13.00 uur <\/a><\/h2>\t\t\t\t<\/div>\n\t\t\t\t<\/div>\n\t\t\t\t<div class=\"elementor-element elementor-element-9c96c64 elementor-widget elementor-widget-heading\" data-id=\"9c96c64\" data-element_type=\"widget\" data-e-type=\"widget\" data-widget_type=\"heading.default\">\n\t\t\t\t<div class=\"elementor-widget-container\">\n\t\t\t\t\t<h2 class=\"elementor-heading-title elementor-size-medium\"><a href=\"https:\/\/www.alliance-francaise.nl\/zwolle\/product\/cercle-des-amis-iv\/\">Cercle des Amis  IV - woensdag - 12.15 uur <\/a><\/h2>\t\t\t\t<\/div>\n\t\t\t\t<\/div>\n\t\t\t\t<div class=\"elementor-element elementor-element-f3272fc elementor-widget elementor-widget-heading\" data-id=\"f3272fc\" data-element_type=\"widget\" data-e-type=\"widget\" data-widget_type=\"heading.default\">\n\t\t\t\t<div class=\"elementor-widget-container\">\n\t\t\t\t\t<h2 class=\"elementor-heading-title elementor-size-medium\"><a href=\"https:\/\/www.alliance-francaise.nl\/zwolle\/product\/cercle-des-amis-donderdagavond-dronten\/\">Cercle des Amis  Dronten - donderdag - 19.00 uur<\/a><\/h2>\t\t\t\t<\/div>\n\t\t\t\t<\/div>\n\t\t\t\t<div class=\"elementor-element elementor-element-15a8aa5 elementor-widget elementor-widget-heading\" data-id=\"15a8aa5\" data-element_type=\"widget\" data-e-type=\"widget\" data-widget_type=\"heading.default\">\n\t\t\t\t<div class=\"elementor-widget-container\">\n\t\t\t\t\t<h2 class=\"elementor-heading-title elementor-size-medium\"><a href=\"https:\/\/www.alliance-francaise.nl\/zwolle\/product\/cercle-des-amis-six-maandagavond\/\">Cercle des Amis  six - maandag - 19.30 uur<\/a><\/h2>\t\t\t\t<\/div>\n\t\t\t\t<\/div>\n\t\t\t\t<div class=\"elementor-element elementor-element-ffd7d05 elementor-widget elementor-widget-spacer\" data-id=\"ffd7d05\" data-element_type=\"widget\" data-e-type=\"widget\" data-widget_type=\"spacer.default\">\n\t\t\t\t<div class=\"elementor-widget-container\">\n\t\t\t\t\t\t\t<div class=\"elementor-spacer\">\n\t\t\t<div class=\"elementor-spacer-inner\"><\/div>\n\t\t<\/div>\n\t\t\t\t\t\t<\/div>\n\t\t\t\t<\/div>\n\t\t\t\t<div class=\"elementor-element elementor-element-bb3920f elementor-widget elementor-widget-spacer\" data-id=\"bb3920f\" data-element_type=\"widget\" data-e-type=\"widget\" data-widget_type=\"spacer.default\">\n\t\t\t\t<div class=\"elementor-widget-container\">\n\t\t\t\t\t\t\t<div class=\"elementor-spacer\">\n\t\t\t<div class=\"elementor-spacer-inner\"><\/div>\n\t\t<\/div>\n\t\t\t\t\t\t<\/div>\n\t\t\t\t<\/div>\n\t\t\t\t\t<\/div>\n\t\t<\/div>\n\t\t\t\t<div class=\"elementor-column elementor-col-50 elementor-top-column elementor-element elementor-element-7b8f1dec\" data-id=\"7b8f1dec\" data-element_type=\"column\" data-e-type=\"column\">\n\t\t\t<div class=\"elementor-widget-wrap elementor-element-populated\">\n\t\t\t\t\t\t<div class=\"elementor-element elementor-element-9c45d31 elementor-widget elementor-widget-spacer\" data-id=\"9c45d31\" data-element_type=\"widget\" data-e-type=\"widget\" data-widget_type=\"spacer.default\">\n\t\t\t\t<div class=\"elementor-widget-container\">\n\t\t\t\t\t\t\t<div class=\"elementor-spacer\">\n\t\t\t<div class=\"elementor-spacer-inner\"><\/div>\n\t\t<\/div>\n\t\t\t\t\t\t<\/div>\n\t\t\t\t<\/div>\n\t\t\t\t<div class=\"elementor-element elementor-element-72d75cba elementor-widget elementor-widget-image\" data-id=\"72d75cba\" data-element_type=\"widget\" data-e-type=\"widget\" data-widget_type=\"image.default\">\n\t\t\t\t<div class=\"elementor-widget-container\">\n\t\t\t\t\t\t\t\t\t\t\t\t\t\t\t<img decoding=\"async\" width=\"800\" height=\"273\" src=\"https:\/\/www.alliance-francaise.nl\/zwolle\/wp-content\/uploads\/sites\/4\/2019\/11\/librairie-galerie-vivienne-1024x350.jpg\" class=\"attachment-large size-large wp-image-218\" alt=\"\" srcset=\"https:\/\/www.alliance-francaise.nl\/zwolle\/wp-content\/uploads\/sites\/4\/2019\/11\/librairie-galerie-vivienne-1024x350.jpg 1024w, https:\/\/www.alliance-francaise.nl\/zwolle\/wp-content\/uploads\/sites\/4\/2019\/11\/librairie-galerie-vivienne-300x103.jpg 300w, https:\/\/www.alliance-francaise.nl\/zwolle\/wp-content\/uploads\/sites\/4\/2019\/11\/librairie-galerie-vivienne-768x262.jpg 768w, https:\/\/www.alliance-francaise.nl\/zwolle\/wp-content\/uploads\/sites\/4\/2019\/11\/librairie-galerie-vivienne-600x205.jpg 600w, https:\/\/www.alliance-francaise.nl\/zwolle\/wp-content\/uploads\/sites\/4\/2019\/11\/librairie-galerie-vivienne.jpg 1200w\" sizes=\"(max-width: 800px) 100vw, 800px\" \/>\t\t\t\t\t\t\t\t\t\t\t\t\t\t\t<\/div>\n\t\t\t\t<\/div>\n\t\t\t\t<div class=\"elementor-element elementor-element-aa1c6f0 elementor-widget elementor-widget-text-editor\" data-id=\"aa1c6f0\" data-element_type=\"widget\" data-e-type=\"widget\" data-widget_type=\"text-editor.default\">\n\t\t\t\t<div class=\"elementor-widget-container\">\n\t\t\t\t\t\t\t\t\t<h2>Cercle Litt\u00e9raire<\/h2>\t\t\t\t\t\t\t\t<\/div>\n\t\t\t\t<\/div>\n\t\t\t\t<div class=\"elementor-element elementor-element-6bbb186 elementor-widget elementor-widget-text-editor\" data-id=\"6bbb186\" data-element_type=\"widget\" data-e-type=\"widget\" data-widget_type=\"text-editor.default\">\n\t\t\t\t<div class=\"elementor-widget-container\">\n\t\t\t\t\t\t\t\t\t<p><span lang=\"FR\">Vous aimez la litt\u00e9rature fran\u00e7aise ?<br \/><\/span><span id=\"yMail_cursorElementTracker_1530525260181\" lang=\"FR\">Venez \u00e9changer six fois par an en fran\u00e7ais vos id\u00e9es sur un livre avec d\u2019autres passionn\u00e9s de lecture.<br \/>Six fois le vendredi matin.<br \/>Le prochain livre sera <em>Le parfum de l&#8217;exil <\/em>de Ondine Khayat.<strong><em><br \/><\/em><\/strong><\/span><\/p>\t\t\t\t\t\t\t\t<\/div>\n\t\t\t\t<\/div>\n\t\t\t\t<div class=\"elementor-element elementor-element-f37cd39 elementor-widget elementor-widget-heading\" data-id=\"f37cd39\" data-element_type=\"widget\" data-e-type=\"widget\" data-widget_type=\"heading.default\">\n\t\t\t\t<div class=\"elementor-widget-container\">\n\t\t\t\t\t<h2 class=\"elementor-heading-title elementor-size-medium\"><a href=\"https:\/\/www.alliance-francaise.nl\/zwolle\/product\/cercle-litteraire\/\">Cercle Litt\u00e9raire<\/a><\/h2>\t\t\t\t<\/div>\n\t\t\t\t<\/div>\n\t\t\t\t<div class=\"elementor-element elementor-element-b924373 elementor-widget elementor-widget-spacer\" data-id=\"b924373\" data-element_type=\"widget\" data-e-type=\"widget\" data-widget_type=\"spacer.default\">\n\t\t\t\t<div class=\"elementor-widget-container\">\n\t\t\t\t\t\t\t<div class=\"elementor-spacer\">\n\t\t\t<div class=\"elementor-spacer-inner\"><\/div>\n\t\t<\/div>\n\t\t\t\t\t\t<\/div>\n\t\t\t\t<\/div>\n\t\t\t\t\t<\/div>\n\t\t<\/div>\n\t\t\t\t\t<\/div>\n\t\t<\/section>\n\t\t\t\t<section class=\"elementor-section elementor-top-section elementor-element elementor-element-de3fde8 elementor-section-boxed elementor-section-height-default elementor-section-height-default\" data-id=\"de3fde8\" data-element_type=\"section\" data-e-type=\"section\">\n\t\t\t\t\t\t\t<div class=\"elementor-background-overlay\"><\/div>\n\t\t\t\t\t\t\t<div class=\"elementor-container elementor-column-gap-default\">\n\t\t\t\t\t<div class=\"elementor-column elementor-col-33 elementor-top-column elementor-element elementor-element-821652f\" data-id=\"821652f\" data-element_type=\"column\" data-e-type=\"column\">\n\t\t\t<div class=\"elementor-widget-wrap elementor-element-populated\">\n\t\t\t\t\t\t<div class=\"elementor-element elementor-element-ad56f24 elementor-widget elementor-widget-spacer\" data-id=\"ad56f24\" data-element_type=\"widget\" data-e-type=\"widget\" data-widget_type=\"spacer.default\">\n\t\t\t\t<div class=\"elementor-widget-container\">\n\t\t\t\t\t\t\t<div class=\"elementor-spacer\">\n\t\t\t<div class=\"elementor-spacer-inner\"><\/div>\n\t\t<\/div>\n\t\t\t\t\t\t<\/div>\n\t\t\t\t<\/div>\n\t\t\t\t<div class=\"elementor-element elementor-element-6f6b311 elementor-widget elementor-widget-text-editor\" data-id=\"6f6b311\" data-element_type=\"widget\" data-e-type=\"widget\" data-widget_type=\"text-editor.default\">\n\t\t\t\t<div class=\"elementor-widget-container\">\n\t\t\t\t\t\t\t\t\t<p><strong>Chanter<\/strong><br \/>Er bestaat een mogelijkheid om al zingend te oefenen met het Frans. Onze dirigent werkt met meerstemmige min of meer klassieke liederen.<br \/><strong>Chorale<\/strong> begint in in oktober 2026 en een tweede serie in februari 2027.<\/p>\t\t\t\t\t\t\t\t<\/div>\n\t\t\t\t<\/div>\n\t\t\t\t<div class=\"elementor-element elementor-element-5d926f2 elementor-widget elementor-widget-heading\" data-id=\"5d926f2\" data-element_type=\"widget\" data-e-type=\"widget\" data-widget_type=\"heading.default\">\n\t\t\t\t<div class=\"elementor-widget-container\">\n\t\t\t\t\t<h2 class=\"elementor-heading-title elementor-size-medium\"><a href=\"https:\/\/www.alliance-francaise.nl\/zwolle\/product\/chorale-francaise-noel-woensdagmorgen-okt2025\/\">Chorale No\u00ebl woensdagochtend<\/a><\/h2>\t\t\t\t<\/div>\n\t\t\t\t<\/div>\n\t\t\t\t<div class=\"elementor-element elementor-element-a1ab5b0 elementor-widget elementor-widget-heading\" data-id=\"a1ab5b0\" data-element_type=\"widget\" data-e-type=\"widget\" data-widget_type=\"heading.default\">\n\t\t\t\t<div class=\"elementor-widget-container\">\n\t\t\t\t\t<h2 class=\"elementor-heading-title elementor-size-medium\"><a href=\"https:\/\/www.alliance-francaise.nl\/zwolle\/product\/chorale-printemps-woensdagmorgen-februari-2027\/\">Chorale printemps woensdagochtend<\/a><\/h2>\t\t\t\t<\/div>\n\t\t\t\t<\/div>\n\t\t\t\t<div class=\"elementor-element elementor-element-bcbcc08 elementor-widget elementor-widget-spacer\" data-id=\"bcbcc08\" data-element_type=\"widget\" data-e-type=\"widget\" data-widget_type=\"spacer.default\">\n\t\t\t\t<div class=\"elementor-widget-container\">\n\t\t\t\t\t\t\t<div class=\"elementor-spacer\">\n\t\t\t<div class=\"elementor-spacer-inner\"><\/div>\n\t\t<\/div>\n\t\t\t\t\t\t<\/div>\n\t\t\t\t<\/div>\n\t\t\t\t\t<\/div>\n\t\t<\/div>\n\t\t\t\t<div class=\"elementor-column elementor-col-33 elementor-top-column elementor-element elementor-element-06af3e3\" data-id=\"06af3e3\" data-element_type=\"column\" data-e-type=\"column\">\n\t\t\t<div class=\"elementor-widget-wrap elementor-element-populated\">\n\t\t\t\t\t\t<div class=\"elementor-element elementor-element-02efa1c elementor-widget elementor-widget-spacer\" data-id=\"02efa1c\" data-element_type=\"widget\" data-e-type=\"widget\" data-widget_type=\"spacer.default\">\n\t\t\t\t<div class=\"elementor-widget-container\">\n\t\t\t\t\t\t\t<div class=\"elementor-spacer\">\n\t\t\t<div class=\"elementor-spacer-inner\"><\/div>\n\t\t<\/div>\n\t\t\t\t\t\t<\/div>\n\t\t\t\t<\/div>\n\t\t\t\t<div class=\"elementor-element elementor-element-5767bb9 elementor-widget elementor-widget-text-editor\" data-id=\"5767bb9\" data-element_type=\"widget\" data-e-type=\"widget\" data-widget_type=\"text-editor.default\">\n\t\t\t\t<div class=\"elementor-widget-container\">\n\t\t\t\t\t\t\t\t\t<p><strong>Ommen<\/strong><br \/>We zijn goede buren met de Alliance Fran\u00e7aise Ommen. Als u een cursus Frans in Ommen of Dalen overweegt, klik dan op deze <a href=\"https:\/\/www.alliance-francaise.nl\/ommen\/cursussen-frans\/\">link<\/a>.<\/p>\t\t\t\t\t\t\t\t<\/div>\n\t\t\t\t<\/div>\n\t\t\t\t<div class=\"elementor-element elementor-element-d0db63d elementor-widget elementor-widget-image\" data-id=\"d0db63d\" data-element_type=\"widget\" data-e-type=\"widget\" data-widget_type=\"image.default\">\n\t\t\t\t<div class=\"elementor-widget-container\">\n\t\t\t\t\t\t\t\t\t\t\t\t\t\t\t<img loading=\"lazy\" decoding=\"async\" width=\"401\" height=\"126\" src=\"https:\/\/www.alliance-francaise.nl\/zwolle\/wp-content\/uploads\/sites\/4\/2020\/08\/ommen.jpg\" class=\"attachment-large size-large wp-image-1017\" alt=\"\" srcset=\"https:\/\/www.alliance-francaise.nl\/zwolle\/wp-content\/uploads\/sites\/4\/2020\/08\/ommen.jpg 401w, https:\/\/www.alliance-francaise.nl\/zwolle\/wp-content\/uploads\/sites\/4\/2020\/08\/ommen-300x94.jpg 300w\" sizes=\"(max-width: 401px) 100vw, 401px\" \/>\t\t\t\t\t\t\t\t\t\t\t\t\t\t\t<\/div>\n\t\t\t\t<\/div>\n\t\t\t\t\t<\/div>\n\t\t<\/div>\n\t\t\t\t<div class=\"elementor-column elementor-col-33 elementor-top-column elementor-element elementor-element-0345c31\" data-id=\"0345c31\" data-element_type=\"column\" data-e-type=\"column\">\n\t\t\t<div class=\"elementor-widget-wrap elementor-element-populated\">\n\t\t\t\t\t\t<div class=\"elementor-element elementor-element-94e8d97 elementor-widget elementor-widget-spacer\" data-id=\"94e8d97\" data-element_type=\"widget\" data-e-type=\"widget\" data-widget_type=\"spacer.default\">\n\t\t\t\t<div class=\"elementor-widget-container\">\n\t\t\t\t\t\t\t<div class=\"elementor-spacer\">\n\t\t\t<div class=\"elementor-spacer-inner\"><\/div>\n\t\t<\/div>\n\t\t\t\t\t\t<\/div>\n\t\t\t\t<\/div>\n\t\t\t\t<div class=\"elementor-element elementor-element-f40d3f4 elementor-widget elementor-widget-text-editor\" data-id=\"f40d3f4\" data-element_type=\"widget\" data-e-type=\"widget\" data-widget_type=\"text-editor.default\">\n\t\t\t\t<div class=\"elementor-widget-container\">\n\t\t\t\t\t\t\t\t\t<p><strong>Cours \u00e0 Distance\/<br \/>Priv\u00e9les\/Maatwerk<br \/><\/strong><\/p>\t\t\t\t\t\t\t\t<\/div>\n\t\t\t\t<\/div>\n\t\t\t\t<div class=\"elementor-element elementor-element-6b44d0a elementor-widget elementor-widget-image\" data-id=\"6b44d0a\" data-element_type=\"widget\" data-e-type=\"widget\" data-widget_type=\"image.default\">\n\t\t\t\t<div class=\"elementor-widget-container\">\n\t\t\t\t\t\t\t\t\t\t\t\t\t\t\t<img loading=\"lazy\" decoding=\"async\" width=\"263\" height=\"192\" src=\"https:\/\/www.alliance-francaise.nl\/zwolle\/wp-content\/uploads\/sites\/4\/2019\/11\/opfrissen.jpg\" class=\"attachment-large size-large wp-image-188\" alt=\"\" \/>\t\t\t\t\t\t\t\t\t\t\t\t\t\t\t<\/div>\n\t\t\t\t<\/div>\n\t\t\t\t<div class=\"elementor-element elementor-element-fab903d elementor-widget elementor-widget-text-editor\" data-id=\"fab903d\" data-element_type=\"widget\" data-e-type=\"widget\" data-widget_type=\"text-editor.default\">\n\t\t\t\t<div class=\"elementor-widget-container\">\n\t\t\t\t\t\t\t\t\t<p>Er is veel mogelijk. Sinds de Corona-crisis hebben de docenten veel ervaring opgedaan met online-lesgeven. Ook is het mogelijk om een combinatie te verzinnen met online en gewoon priv\u00e9les <br \/>Mail of bel.<\/p>\t\t\t\t\t\t\t\t<\/div>\n\t\t\t\t<\/div>\n\t\t\t\t\t<\/div>\n\t\t<\/div>\n\t\t\t\t\t<\/div>\n\t\t<\/section>\n\t\t\t\t<section class=\"elementor-section elementor-top-section elementor-element elementor-element-10ce2d0 elementor-section-boxed elementor-section-height-default elementor-section-height-default\" data-id=\"10ce2d0\" data-element_type=\"section\" data-e-type=\"section\">\n\t\t\t\t\t\t<div class=\"elementor-container elementor-column-gap-default\">\n\t\t\t\t\t<div class=\"elementor-column elementor-col-33 elementor-top-column elementor-element elementor-element-c68a130\" data-id=\"c68a130\" data-element_type=\"column\" data-e-type=\"column\">\n\t\t\t<div class=\"elementor-widget-wrap elementor-element-populated\">\n\t\t\t\t\t\t<div class=\"elementor-element elementor-element-df44a72 elementor-widget elementor-widget-spacer\" data-id=\"df44a72\" data-element_type=\"widget\" data-e-type=\"widget\" data-widget_type=\"spacer.default\">\n\t\t\t\t<div class=\"elementor-widget-container\">\n\t\t\t\t\t\t\t<div class=\"elementor-spacer\">\n\t\t\t<div class=\"elementor-spacer-inner\"><\/div>\n\t\t<\/div>\n\t\t\t\t\t\t<\/div>\n\t\t\t\t<\/div>\n\t\t\t\t<div class=\"elementor-element elementor-element-d696e39 elementor-widget elementor-widget-text-editor\" data-id=\"d696e39\" data-element_type=\"widget\" data-e-type=\"widget\" data-widget_type=\"text-editor.default\">\n\t\t\t\t<div class=\"elementor-widget-container\">\n\t\t\t\t\t\t\t\t\t<p>Deltion Sprint Zwolle<\/p>\t\t\t\t\t\t\t\t<\/div>\n\t\t\t\t<\/div>\n\t\t\t\t<div class=\"elementor-element elementor-element-8852f8a elementor-widget elementor-widget-image\" data-id=\"8852f8a\" data-element_type=\"widget\" data-e-type=\"widget\" data-widget_type=\"image.default\">\n\t\t\t\t<div class=\"elementor-widget-container\">\n\t\t\t\t\t\t\t\t\t\t\t\t\t\t\t<img loading=\"lazy\" decoding=\"async\" width=\"600\" height=\"338\" src=\"https:\/\/www.alliance-francaise.nl\/zwolle\/wp-content\/uploads\/sites\/4\/2019\/11\/Deltionsprint2.jpg\" class=\"attachment-large size-large wp-image-220\" alt=\"\" srcset=\"https:\/\/www.alliance-francaise.nl\/zwolle\/wp-content\/uploads\/sites\/4\/2019\/11\/Deltionsprint2.jpg 600w, https:\/\/www.alliance-francaise.nl\/zwolle\/wp-content\/uploads\/sites\/4\/2019\/11\/Deltionsprint2-300x169.jpg 300w\" sizes=\"(max-width: 600px) 100vw, 600px\" \/>\t\t\t\t\t\t\t\t\t\t\t\t\t\t\t<\/div>\n\t\t\t\t<\/div>\n\t\t\t\t<div class=\"elementor-element elementor-element-d688773 elementor-widget elementor-widget-google_maps\" data-id=\"d688773\" data-element_type=\"widget\" data-e-type=\"widget\" data-widget_type=\"google_maps.default\">\n\t\t\t\t<div class=\"elementor-widget-container\">\n\t\t\t\t\t\t\t<div class=\"elementor-custom-embed\">\n\t\t\t<iframe loading=\"lazy\"\n\t\t\t\t\tsrc=\"https:\/\/maps.google.com\/maps?q=Bagijnesingel%206%2C%20Zwolle&#038;t=m&#038;z=10&#038;output=embed&#038;iwloc=near\"\n\t\t\t\t\ttitle=\"Bagijnesingel 6, Zwolle\"\n\t\t\t\t\taria-label=\"Bagijnesingel 6, Zwolle\"\n\t\t\t><\/iframe>\n\t\t<\/div>\n\t\t\t\t\t\t<\/div>\n\t\t\t\t<\/div>\n\t\t\t\t\t<\/div>\n\t\t<\/div>\n\t\t\t\t<div class=\"elementor-column elementor-col-33 elementor-top-column elementor-element elementor-element-15a8189\" data-id=\"15a8189\" data-element_type=\"column\" data-e-type=\"column\">\n\t\t\t<div class=\"elementor-widget-wrap elementor-element-populated\">\n\t\t\t\t\t\t<div class=\"elementor-element elementor-element-3503231 elementor-widget elementor-widget-spacer\" data-id=\"3503231\" data-element_type=\"widget\" data-e-type=\"widget\" data-widget_type=\"spacer.default\">\n\t\t\t\t<div class=\"elementor-widget-container\">\n\t\t\t\t\t\t\t<div class=\"elementor-spacer\">\n\t\t\t<div class=\"elementor-spacer-inner\"><\/div>\n\t\t<\/div>\n\t\t\t\t\t\t<\/div>\n\t\t\t\t<\/div>\n\t\t\t\t<div class=\"elementor-element elementor-element-220e325 elementor-widget elementor-widget-text-editor\" data-id=\"220e325\" data-element_type=\"widget\" data-e-type=\"widget\" data-widget_type=\"text-editor.default\">\n\t\t\t\t<div class=\"elementor-widget-container\">\n\t\t\t\t\t\t\t\t\t<p>Bagijnehof Zwolle<\/p>\t\t\t\t\t\t\t\t<\/div>\n\t\t\t\t<\/div>\n\t\t\t\t<div class=\"elementor-element elementor-element-2ba8908 elementor-widget elementor-widget-image\" data-id=\"2ba8908\" data-element_type=\"widget\" data-e-type=\"widget\" data-widget_type=\"image.default\">\n\t\t\t\t<div class=\"elementor-widget-container\">\n\t\t\t\t\t\t\t\t\t\t\t\t\t\t\t<img loading=\"lazy\" decoding=\"async\" width=\"270\" height=\"187\" src=\"https:\/\/www.alliance-francaise.nl\/zwolle\/wp-content\/uploads\/sites\/4\/2019\/11\/Oosterkerkzalen.jpg\" class=\"attachment-large size-large wp-image-222\" alt=\"\" \/>\t\t\t\t\t\t\t\t\t\t\t\t\t\t\t<\/div>\n\t\t\t\t<\/div>\n\t\t\t\t<div class=\"elementor-element elementor-element-0bb1d84 elementor-widget elementor-widget-google_maps\" data-id=\"0bb1d84\" data-element_type=\"widget\" data-e-type=\"widget\" data-widget_type=\"google_maps.default\">\n\t\t\t\t<div class=\"elementor-widget-container\">\n\t\t\t\t\t\t\t<div class=\"elementor-custom-embed\">\n\t\t\t<iframe loading=\"lazy\"\n\t\t\t\t\tsrc=\"https:\/\/maps.google.com\/maps?q=Koewegje%202%2C%20Zwolle&#038;t=m&#038;z=10&#038;output=embed&#038;iwloc=near\"\n\t\t\t\t\ttitle=\"Koewegje 2, Zwolle\"\n\t\t\t\t\taria-label=\"Koewegje 2, Zwolle\"\n\t\t\t><\/iframe>\n\t\t<\/div>\n\t\t\t\t\t\t<\/div>\n\t\t\t\t<\/div>\n\t\t\t\t\t<\/div>\n\t\t<\/div>\n\t\t\t\t<div class=\"elementor-column elementor-col-33 elementor-top-column elementor-element elementor-element-d178c3c\" data-id=\"d178c3c\" data-element_type=\"column\" data-e-type=\"column\">\n\t\t\t<div class=\"elementor-widget-wrap elementor-element-populated\">\n\t\t\t\t\t\t<div class=\"elementor-element elementor-element-b05eb29 elementor-widget elementor-widget-spacer\" data-id=\"b05eb29\" data-element_type=\"widget\" data-e-type=\"widget\" data-widget_type=\"spacer.default\">\n\t\t\t\t<div class=\"elementor-widget-container\">\n\t\t\t\t\t\t\t<div class=\"elementor-spacer\">\n\t\t\t<div class=\"elementor-spacer-inner\"><\/div>\n\t\t<\/div>\n\t\t\t\t\t\t<\/div>\n\t\t\t\t<\/div>\n\t\t\t\t<div class=\"elementor-element elementor-element-c327466 elementor-widget elementor-widget-text-editor\" data-id=\"c327466\" data-element_type=\"widget\" data-e-type=\"widget\" data-widget_type=\"text-editor.default\">\n\t\t\t\t<div class=\"elementor-widget-container\">\n\t\t\t\t\t\t\t\t\t<p>Open Hof Dronten<\/p>\t\t\t\t\t\t\t\t<\/div>\n\t\t\t\t<\/div>\n\t\t\t\t<div class=\"elementor-element elementor-element-0047a35 elementor-widget elementor-widget-image\" data-id=\"0047a35\" data-element_type=\"widget\" data-e-type=\"widget\" data-widget_type=\"image.default\">\n\t\t\t\t<div class=\"elementor-widget-container\">\n\t\t\t\t\t\t\t\t\t\t\t\t\t\t\t<img loading=\"lazy\" decoding=\"async\" width=\"800\" height=\"224\" src=\"https:\/\/www.alliance-francaise.nl\/zwolle\/wp-content\/uploads\/sites\/4\/2019\/11\/openhof-dronten-1024x287.jpg\" class=\"attachment-large size-large wp-image-223\" alt=\"\" srcset=\"https:\/\/www.alliance-francaise.nl\/zwolle\/wp-content\/uploads\/sites\/4\/2019\/11\/openhof-dronten-1024x287.jpg 1024w, https:\/\/www.alliance-francaise.nl\/zwolle\/wp-content\/uploads\/sites\/4\/2019\/11\/openhof-dronten-300x84.jpg 300w, https:\/\/www.alliance-francaise.nl\/zwolle\/wp-content\/uploads\/sites\/4\/2019\/11\/openhof-dronten-768x215.jpg 768w, https:\/\/www.alliance-francaise.nl\/zwolle\/wp-content\/uploads\/sites\/4\/2019\/11\/openhof-dronten-1536x431.jpg 1536w, https:\/\/www.alliance-francaise.nl\/zwolle\/wp-content\/uploads\/sites\/4\/2019\/11\/openhof-dronten-2048x574.jpg 2048w, https:\/\/www.alliance-francaise.nl\/zwolle\/wp-content\/uploads\/sites\/4\/2019\/11\/openhof-dronten-1320x370.jpg 1320w, https:\/\/www.alliance-francaise.nl\/zwolle\/wp-content\/uploads\/sites\/4\/2019\/11\/openhof-dronten-600x168.jpg 600w\" sizes=\"(max-width: 800px) 100vw, 800px\" \/>\t\t\t\t\t\t\t\t\t\t\t\t\t\t\t<\/div>\n\t\t\t\t<\/div>\n\t\t\t\t<div class=\"elementor-element elementor-element-419e4ed elementor-widget elementor-widget-google_maps\" data-id=\"419e4ed\" data-element_type=\"widget\" data-e-type=\"widget\" data-widget_type=\"google_maps.default\">\n\t\t\t\t<div class=\"elementor-widget-container\">\n\t\t\t\t\t\t\t<div class=\"elementor-custom-embed\">\n\t\t\t<iframe loading=\"lazy\"\n\t\t\t\t\tsrc=\"https:\/\/maps.google.com\/maps?q=De%20Zuid%202%2C%20Dronten&#038;t=m&#038;z=10&#038;output=embed&#038;iwloc=near\"\n\t\t\t\t\ttitle=\"De Zuid 2, Dronten\"\n\t\t\t\t\taria-label=\"De Zuid 2, Dronten\"\n\t\t\t><\/iframe>\n\t\t<\/div>\n\t\t\t\t\t\t<\/div>\n\t\t\t\t<\/div>\n\t\t\t\t\t<\/div>\n\t\t<\/div>\n\t\t\t\t\t<\/div>\n\t\t<\/section>\n\t\t\t\t<\/div>\n\t\t","protected":false},"excerpt":{"rendered":"<p>Frans leren in seizoen 2026-2027.\u00a0De cursussen starten in de week van 21 september 2026. Frans leren 2026\/2027 Als u Frans wilt leren voor uw werk, familiecontacten, uw tweede huis, voor [&hellip;]<\/p>\n","protected":false},"author":6,"featured_media":0,"parent":0,"menu_order":0,"comment_status":"closed","ping_status":"closed","template":"elementor_header_footer","meta":{"_monsterinsights_skip_tracking":false,"_monsterinsights_sitenote_active":false,"_monsterinsights_sitenote_note":"","_monsterinsights_sitenote_category":0,"footnotes":""},"class_list":["post-109","page","type-page","status-publish","hentry"],"_links":{"self":[{"href":"https:\/\/www.alliance-francaise.nl\/zwolle\/wp-json\/wp\/v2\/pages\/109","targetHints":{"allow":["GET"]}}],"collection":[{"href":"https:\/\/www.alliance-francaise.nl\/zwolle\/wp-json\/wp\/v2\/pages"}],"about":[{"href":"https:\/\/www.alliance-francaise.nl\/zwolle\/wp-json\/wp\/v2\/types\/page"}],"author":[{"embeddable":true,"href":"https:\/\/www.alliance-francaise.nl\/zwolle\/wp-json\/wp\/v2\/users\/6"}],"replies":[{"embeddable":true,"href":"https:\/\/www.alliance-francaise.nl\/zwolle\/wp-json\/wp\/v2\/comments?post=109"}],"version-history":[{"count":20,"href":"https:\/\/www.alliance-francaise.nl\/zwolle\/wp-json\/wp\/v2\/pages\/109\/revisions"}],"predecessor-version":[{"id":7232,"href":"https:\/\/www.alliance-francaise.nl\/zwolle\/wp-json\/wp\/v2\/pages\/109\/revisions\/7232"}],"wp:attachment":[{"href":"https:\/\/www.alliance-francaise.nl\/zwolle\/wp-json\/wp\/v2\/media?parent=109"}],"curies":[{"name":"wp","href":"https:\/\/api.w.org\/{rel}","templated":true}]}}