{"id":4094,"date":"2020-06-21T10:07:34","date_gmt":"2020-06-21T10:07:34","guid":{"rendered":"https:\/\/www.alliance-francaise.nl\/2020\/utrecht\/?page_id=4094"},"modified":"2026-04-02T13:28:58","modified_gmt":"2026-04-02T11:28:58","slug":"voorjaarsreis","status":"publish","type":"page","link":"https:\/\/www.alliance-francaise.nl\/utrecht\/nl\/voorjaarsreis\/","title":{"rendered":"Voorjaarsreis"},"content":{"rendered":"\t\t<div data-elementor-type=\"wp-page\" data-elementor-id=\"4094\" class=\"elementor elementor-4094\" data-elementor-post-type=\"page\">\n\t\t\t\t\t\t<section class=\"elementor-section elementor-top-section elementor-element elementor-element-3babc0ae elementor-section-boxed elementor-section-height-default elementor-section-height-default\" data-id=\"3babc0ae\" data-element_type=\"section\" data-e-type=\"section\" data-settings=\"{&quot;background_background&quot;:&quot;classic&quot;}\">\n\t\t\t\t\t\t<div class=\"elementor-container elementor-column-gap-default\">\n\t\t\t\t\t<div class=\"elementor-column elementor-col-100 elementor-top-column elementor-element elementor-element-8559e98\" data-id=\"8559e98\" data-element_type=\"column\" data-e-type=\"column\">\n\t\t\t<div class=\"elementor-widget-wrap\">\n\t\t\t\t\t\t\t<\/div>\n\t\t<\/div>\n\t\t\t\t\t<\/div>\n\t\t<\/section>\n\t\t\t\t<section class=\"elementor-section elementor-top-section elementor-element elementor-element-38b00102 elementor-section-boxed elementor-section-height-default elementor-section-height-default\" data-id=\"38b00102\" data-element_type=\"section\" data-e-type=\"section\" data-settings=\"{&quot;background_background&quot;:&quot;slideshow&quot;,&quot;background_slideshow_gallery&quot;:[{&quot;id&quot;:&quot;25041&quot;,&quot;url&quot;:&quot;https:\\\/\\\/www.alliance-francaise.nl\\\/utrecht\\\/wp-content\\\/uploads\\\/sites\\\/6\\\/2025\\\/10\\\/Compiegne.jpg&quot;}],&quot;background_slideshow_loop&quot;:&quot;yes&quot;,&quot;background_slideshow_slide_duration&quot;:5000,&quot;background_slideshow_slide_transition&quot;:&quot;fade&quot;,&quot;background_slideshow_transition_duration&quot;:500}\">\n\t\t\t\t\t\t<div class=\"elementor-container elementor-column-gap-default\">\n\t\t\t\t\t<div class=\"elementor-column elementor-col-100 elementor-top-column elementor-element elementor-element-60ee49ae\" data-id=\"60ee49ae\" data-element_type=\"column\" data-e-type=\"column\" data-settings=\"{&quot;background_background&quot;:&quot;classic&quot;}\">\n\t\t\t<div class=\"elementor-widget-wrap elementor-element-populated\">\n\t\t\t\t\t<div class=\"elementor-background-overlay\"><\/div>\n\t\t\t\t\t\t<div class=\"elementor-element elementor-element-2ff4a459 elementor-widget elementor-widget-heading\" data-id=\"2ff4a459\" data-element_type=\"widget\" data-e-type=\"widget\" data-widget_type=\"heading.default\">\n\t\t\t\t<div class=\"elementor-widget-container\">\n\t\t\t\t\t<h1 class=\"elementor-heading-title elementor-size-default\">Voorjaarsreis<\/h1>\t\t\t\t<\/div>\n\t\t\t\t<\/div>\n\t\t\t\t\t<\/div>\n\t\t<\/div>\n\t\t\t\t\t<\/div>\n\t\t<\/section>\n\t\t\t\t<section class=\"elementor-section elementor-top-section elementor-element elementor-element-1a362fb elementor-section-boxed elementor-section-height-default elementor-section-height-default\" data-id=\"1a362fb\" data-element_type=\"section\" data-e-type=\"section\">\n\t\t\t\t\t\t<div class=\"elementor-container elementor-column-gap-default\">\n\t\t\t\t\t<div class=\"elementor-column elementor-col-100 elementor-top-column elementor-element elementor-element-68271e1\" data-id=\"68271e1\" data-element_type=\"column\" data-e-type=\"column\">\n\t\t\t<div class=\"elementor-widget-wrap elementor-element-populated\">\n\t\t\t\t\t\t<div class=\"elementor-element elementor-element-f834bb0 elementor-widget elementor-widget-heading\" data-id=\"f834bb0\" data-element_type=\"widget\" data-e-type=\"widget\" data-widget_type=\"heading.default\">\n\t\t\t\t<div class=\"elementor-widget-container\">\n\t\t\t\t\t<h2 class=\"elementor-heading-title elementor-size-default\">Reis 2026<\/h2>\t\t\t\t<\/div>\n\t\t\t\t<\/div>\n\t\t\t\t<div class=\"elementor-element elementor-element-2f8281a elementor-widget elementor-widget-heading\" data-id=\"2f8281a\" data-element_type=\"widget\" data-e-type=\"widget\" data-widget_type=\"heading.default\">\n\t\t\t\t<div class=\"elementor-widget-container\">\n\t\t\t\t\t<h2 class=\"elementor-heading-title elementor-size-default\">Nog enkele plaatsen beschikbaar!<\/h2>\t\t\t\t<\/div>\n\t\t\t\t<\/div>\n\t\t\t\t<div class=\"elementor-element elementor-element-7eb9c2a elementor-widget elementor-widget-text-editor\" data-id=\"7eb9c2a\" data-element_type=\"widget\" data-e-type=\"widget\" data-widget_type=\"text-editor.default\">\n\t\t\t\t<div class=\"elementor-widget-container\">\n\t\t\t\t\t\t\t\t\t<p style=\"text-align: center\">Organisatie: Annelies Bodif\u00e9e en Anja Wester<\/p>\t\t\t\t\t\t\t\t<\/div>\n\t\t\t\t<\/div>\n\t\t\t\t<section class=\"elementor-section elementor-inner-section elementor-element elementor-element-0f87d5b elementor-section-boxed elementor-section-height-default elementor-section-height-default\" data-id=\"0f87d5b\" data-element_type=\"section\" data-e-type=\"section\">\n\t\t\t\t\t\t<div class=\"elementor-container elementor-column-gap-default\">\n\t\t\t\t\t<div class=\"elementor-column elementor-col-50 elementor-inner-column elementor-element elementor-element-2b8a07c\" data-id=\"2b8a07c\" data-element_type=\"column\" data-e-type=\"column\">\n\t\t\t<div class=\"elementor-widget-wrap elementor-element-populated\">\n\t\t\t\t\t\t<div class=\"elementor-element elementor-element-0d29534 elementor-widget elementor-widget-text-editor\" data-id=\"0d29534\" data-element_type=\"widget\" data-e-type=\"widget\" data-widget_type=\"text-editor.default\">\n\t\t\t\t<div class=\"elementor-widget-container\">\n\t\t\t\t\t\t\t\t\t<p><strong>Utrecht, november 2025<\/strong><\/p><p>Beste leden en cursisten plus belangstellenden,<br \/>In het voorjaar van 2026 organiseren wij weer een interessante<br \/>vijfdaagse reis naar Frankrijk. We hebben Compi\u00e8gne et sa R\u00e9gion<br \/>Royale als bestemming gekozen. Het korte programma vind je hierbij.<\/p><p>Annelies &amp; Anja<\/p>\t\t\t\t\t\t\t\t<\/div>\n\t\t\t\t<\/div>\n\t\t\t\t\t<\/div>\n\t\t<\/div>\n\t\t\t\t<div class=\"elementor-column elementor-col-50 elementor-inner-column elementor-element elementor-element-29811e1\" data-id=\"29811e1\" data-element_type=\"column\" data-e-type=\"column\">\n\t\t\t<div class=\"elementor-widget-wrap elementor-element-populated\">\n\t\t\t\t\t\t<div class=\"elementor-element elementor-element-97123a5 elementor-hidden-tablet elementor-hidden-mobile elementor-widget elementor-widget-spacer\" data-id=\"97123a5\" data-element_type=\"widget\" data-e-type=\"widget\" data-widget_type=\"spacer.default\">\n\t\t\t\t<div class=\"elementor-widget-container\">\n\t\t\t\t\t\t\t<div class=\"elementor-spacer\">\n\t\t\t<div class=\"elementor-spacer-inner\"><\/div>\n\t\t<\/div>\n\t\t\t\t\t\t<\/div>\n\t\t\t\t<\/div>\n\t\t\t\t<div class=\"elementor-element elementor-element-2603207 elementor-widget elementor-widget-image\" data-id=\"2603207\" data-element_type=\"widget\" data-e-type=\"widget\" data-widget_type=\"image.default\">\n\t\t\t\t<div class=\"elementor-widget-container\">\n\t\t\t\t\t\t\t\t\t\t\t\t\t\t\t<img fetchpriority=\"high\" decoding=\"async\" width=\"800\" height=\"600\" src=\"https:\/\/www.alliance-francaise.nl\/utrecht\/wp-content\/uploads\/sites\/6\/2025\/09\/IMG_7909-2-1024x768.jpg\" class=\"attachment-large size-large wp-image-24755\" alt=\"\" srcset=\"https:\/\/www.alliance-francaise.nl\/utrecht\/wp-content\/uploads\/sites\/6\/2025\/09\/IMG_7909-2-1024x768.jpg 1024w, https:\/\/www.alliance-francaise.nl\/utrecht\/wp-content\/uploads\/sites\/6\/2025\/09\/IMG_7909-2-300x225.jpg 300w, https:\/\/www.alliance-francaise.nl\/utrecht\/wp-content\/uploads\/sites\/6\/2025\/09\/IMG_7909-2-768x576.jpg 768w, https:\/\/www.alliance-francaise.nl\/utrecht\/wp-content\/uploads\/sites\/6\/2025\/09\/IMG_7909-2-1536x1152.jpg 1536w, https:\/\/www.alliance-francaise.nl\/utrecht\/wp-content\/uploads\/sites\/6\/2025\/09\/IMG_7909-2-2048x1536.jpg 2048w, https:\/\/www.alliance-francaise.nl\/utrecht\/wp-content\/uploads\/sites\/6\/2025\/09\/IMG_7909-2-600x450.jpg 600w, https:\/\/www.alliance-francaise.nl\/utrecht\/wp-content\/uploads\/sites\/6\/2025\/09\/IMG_7909-2-1320x990.jpg 1320w\" sizes=\"(max-width: 800px) 100vw, 800px\" \/>\t\t\t\t\t\t\t\t\t\t\t\t\t\t\t<\/div>\n\t\t\t\t<\/div>\n\t\t\t\t\t<\/div>\n\t\t<\/div>\n\t\t\t\t\t<\/div>\n\t\t<\/section>\n\t\t\t\t<section class=\"elementor-section elementor-inner-section elementor-element elementor-element-957d974 elementor-section-boxed elementor-section-height-default elementor-section-height-default\" data-id=\"957d974\" data-element_type=\"section\" data-e-type=\"section\">\n\t\t\t\t\t\t<div class=\"elementor-container elementor-column-gap-default\">\n\t\t\t\t\t<div class=\"elementor-column elementor-col-50 elementor-inner-column elementor-element elementor-element-a55bed9\" data-id=\"a55bed9\" data-element_type=\"column\" data-e-type=\"column\">\n\t\t\t<div class=\"elementor-widget-wrap elementor-element-populated\">\n\t\t\t\t\t\t<div class=\"elementor-element elementor-element-0bc7c27 elementor-widget elementor-widget-text-editor\" data-id=\"0bc7c27\" data-element_type=\"widget\" data-e-type=\"widget\" data-widget_type=\"text-editor.default\">\n\t\t\t\t<div class=\"elementor-widget-container\">\n\t\t\t\t\t\t\t\t\t<p><strong>Woensdag 20 mei<\/strong><\/p><p>Vertrek om 8.30 uur vanaf station Overvecht met onze eigen bus.<\/p><p>Koffie-\/thee- en toiletpauzes onderweg in overleg met de chauffeur.<\/p><p>We maken een tussenstop in Guise (d\u00e9partement Aisne) voor een bezoek aan La familist\u00e8re de Guise \u2013 Une utopie r\u00e9alis\u00e9e. Dit is een multifunctioneel centrum met onder andere een museum in een gerestaureerd industrieel erfgoed. Lunch op eigen gelegenheid. Of neem een lunchpakketje van thuis mee.<\/p><p>Rond 18.00 uur hopen we aan te komen in H\u00f4tel de Flandre in het centrum van\u00a0Compi\u00e8gne. We zullen daar 4 nachten verblijven.<\/p><p>Diner in een restaurant op loopafstand van het hotel.<\/p>\t\t\t\t\t\t\t\t<\/div>\n\t\t\t\t<\/div>\n\t\t\t\t\t<\/div>\n\t\t<\/div>\n\t\t\t\t<div class=\"elementor-column elementor-col-50 elementor-inner-column elementor-element elementor-element-e868c68\" data-id=\"e868c68\" data-element_type=\"column\" data-e-type=\"column\">\n\t\t\t<div class=\"elementor-widget-wrap elementor-element-populated\">\n\t\t\t\t\t\t<div class=\"elementor-element elementor-element-d68de11 elementor-hidden-tablet elementor-hidden-mobile elementor-widget elementor-widget-spacer\" data-id=\"d68de11\" data-element_type=\"widget\" data-e-type=\"widget\" data-widget_type=\"spacer.default\">\n\t\t\t\t<div class=\"elementor-widget-container\">\n\t\t\t\t\t\t\t<div class=\"elementor-spacer\">\n\t\t\t<div class=\"elementor-spacer-inner\"><\/div>\n\t\t<\/div>\n\t\t\t\t\t\t<\/div>\n\t\t\t\t<\/div>\n\t\t\t\t<div class=\"elementor-element elementor-element-2687e77 elementor-widget elementor-widget-image\" data-id=\"2687e77\" data-element_type=\"widget\" data-e-type=\"widget\" data-widget_type=\"image.default\">\n\t\t\t\t<div class=\"elementor-widget-container\">\n\t\t\t\t\t\t\t\t\t\t\t\t\t\t\t<img decoding=\"async\" width=\"800\" height=\"400\" src=\"https:\/\/www.alliance-francaise.nl\/utrecht\/wp-content\/uploads\/sites\/6\/2025\/10\/Familistere-de-Guise-1280x640-1-1024x512.jpg\" class=\"attachment-large size-large wp-image-25032\" alt=\"\" srcset=\"https:\/\/www.alliance-francaise.nl\/utrecht\/wp-content\/uploads\/sites\/6\/2025\/10\/Familistere-de-Guise-1280x640-1-1024x512.jpg 1024w, https:\/\/www.alliance-francaise.nl\/utrecht\/wp-content\/uploads\/sites\/6\/2025\/10\/Familistere-de-Guise-1280x640-1-300x150.jpg 300w, https:\/\/www.alliance-francaise.nl\/utrecht\/wp-content\/uploads\/sites\/6\/2025\/10\/Familistere-de-Guise-1280x640-1-768x384.jpg 768w, https:\/\/www.alliance-francaise.nl\/utrecht\/wp-content\/uploads\/sites\/6\/2025\/10\/Familistere-de-Guise-1280x640-1-600x300.jpg 600w, https:\/\/www.alliance-francaise.nl\/utrecht\/wp-content\/uploads\/sites\/6\/2025\/10\/Familistere-de-Guise-1280x640-1.jpg 1280w\" sizes=\"(max-width: 800px) 100vw, 800px\" \/>\t\t\t\t\t\t\t\t\t\t\t\t\t\t\t<\/div>\n\t\t\t\t<\/div>\n\t\t\t\t\t<\/div>\n\t\t<\/div>\n\t\t\t\t\t<\/div>\n\t\t<\/section>\n\t\t\t\t<section class=\"elementor-section elementor-inner-section elementor-element elementor-element-c23bf48 elementor-section-boxed elementor-section-height-default elementor-section-height-default\" data-id=\"c23bf48\" data-element_type=\"section\" data-e-type=\"section\">\n\t\t\t\t\t\t<div class=\"elementor-container elementor-column-gap-default\">\n\t\t\t\t\t<div class=\"elementor-column elementor-col-50 elementor-inner-column elementor-element elementor-element-ec0cd56\" data-id=\"ec0cd56\" data-element_type=\"column\" data-e-type=\"column\">\n\t\t\t<div class=\"elementor-widget-wrap elementor-element-populated\">\n\t\t\t\t\t\t<div class=\"elementor-element elementor-element-6eda0c8 elementor-widget elementor-widget-text-editor\" data-id=\"6eda0c8\" data-element_type=\"widget\" data-e-type=\"widget\" data-widget_type=\"text-editor.default\">\n\t\t\t\t<div class=\"elementor-widget-container\">\n\t\t\t\t\t\t\t\t\t<p><strong>Donderdag 21 mei<\/strong><\/p><p>Na het ontbijt vertrekken we per bus naar het Ch\u00e2teau de Chantilly. Tijdens de dag bezoeken we het kasteel en een paardenshow. Verder rijdt een treintje ons door het kasteelpark. Wie wil kan zelf nog een bezoek brengen aan de Grandes \u00c9curies. Lunch op eigen gelegenheid. In de loop van de middag terug naar het hotel.<\/p><p><br \/>Diner in een restaurant op loopafstand van het hotel.<\/p>\t\t\t\t\t\t\t\t<\/div>\n\t\t\t\t<\/div>\n\t\t\t\t\t<\/div>\n\t\t<\/div>\n\t\t\t\t<div class=\"elementor-column elementor-col-50 elementor-inner-column elementor-element elementor-element-7dc8d9f\" data-id=\"7dc8d9f\" data-element_type=\"column\" data-e-type=\"column\">\n\t\t\t<div class=\"elementor-widget-wrap elementor-element-populated\">\n\t\t\t\t\t\t<div class=\"elementor-element elementor-element-92a675f elementor-widget elementor-widget-image\" data-id=\"92a675f\" data-element_type=\"widget\" data-e-type=\"widget\" data-widget_type=\"image.default\">\n\t\t\t\t<div class=\"elementor-widget-container\">\n\t\t\t\t\t\t\t\t\t\t\t\t\t\t\t<img decoding=\"async\" width=\"800\" height=\"806\" src=\"https:\/\/www.alliance-francaise.nl\/utrecht\/wp-content\/uploads\/sites\/6\/2025\/10\/Chateau-de-chantilly-1016x1024.png\" class=\"attachment-large size-large wp-image-25033\" alt=\"\" srcset=\"https:\/\/www.alliance-francaise.nl\/utrecht\/wp-content\/uploads\/sites\/6\/2025\/10\/Chateau-de-chantilly-1016x1024.png 1016w, https:\/\/www.alliance-francaise.nl\/utrecht\/wp-content\/uploads\/sites\/6\/2025\/10\/Chateau-de-chantilly-298x300.png 298w, https:\/\/www.alliance-francaise.nl\/utrecht\/wp-content\/uploads\/sites\/6\/2025\/10\/Chateau-de-chantilly-150x150.png 150w, https:\/\/www.alliance-francaise.nl\/utrecht\/wp-content\/uploads\/sites\/6\/2025\/10\/Chateau-de-chantilly-768x774.png 768w, https:\/\/www.alliance-francaise.nl\/utrecht\/wp-content\/uploads\/sites\/6\/2025\/10\/Chateau-de-chantilly-600x605.png 600w, https:\/\/www.alliance-francaise.nl\/utrecht\/wp-content\/uploads\/sites\/6\/2025\/10\/Chateau-de-chantilly-100x100.png 100w, https:\/\/www.alliance-francaise.nl\/utrecht\/wp-content\/uploads\/sites\/6\/2025\/10\/Chateau-de-chantilly.png 1173w\" sizes=\"(max-width: 800px) 100vw, 800px\" \/>\t\t\t\t\t\t\t\t\t\t\t\t\t\t\t<\/div>\n\t\t\t\t<\/div>\n\t\t\t\t\t<\/div>\n\t\t<\/div>\n\t\t\t\t\t<\/div>\n\t\t<\/section>\n\t\t\t\t<section class=\"elementor-section elementor-inner-section elementor-element elementor-element-c3eb781 elementor-section-boxed elementor-section-height-default elementor-section-height-default\" data-id=\"c3eb781\" data-element_type=\"section\" data-e-type=\"section\">\n\t\t\t\t\t\t<div class=\"elementor-container elementor-column-gap-default\">\n\t\t\t\t\t<div class=\"elementor-column elementor-col-50 elementor-inner-column elementor-element elementor-element-1ab67ce\" data-id=\"1ab67ce\" data-element_type=\"column\" data-e-type=\"column\">\n\t\t\t<div class=\"elementor-widget-wrap elementor-element-populated\">\n\t\t\t\t\t\t<div class=\"elementor-element elementor-element-ccd8885 elementor-widget elementor-widget-text-editor\" data-id=\"ccd8885\" data-element_type=\"widget\" data-e-type=\"widget\" data-widget_type=\"text-editor.default\">\n\t\t\t\t<div class=\"elementor-widget-container\">\n\t\t\t\t\t\t\t\t\t<p class=\"MsoNormal\"><b><span lang=\"NL\">Vrijdag 22 mei<\/span><\/b><\/p><p class=\"MsoNormal\">Na het ontbijt vertrekken we met onze bus naar Senlis. Deze stad was enkele eeuwen lang de residentie van de koningen van Frankrijk. <br \/><br \/>Het is ook de stad waar begin vorige eeuw kunstenares S\u00e9raphine Louis woonde. Over haar is de film <em>S\u00e9raphine<\/em> gemaakt. We maken een stadswandeling met een gids in de voetstappen van S\u00e9raphine. Daarna is er nog gelegenheid om het Mus\u00e9e d\u2019Art et d\u2019Arch\u00e9ologie te bezoeken, waar enkele schilderijen van S\u00e9raphine te zien zijn. Na de lunch op eigen gelegenheid, gaan we door met de bus naar de Abbaye de Royaumont. Daar krijgen we een rondleiding met een gids en aansluitend een go\u00fbter. Ook is er nog gelegenheid om een wandeling door de tuinen te maken.<\/p><p>Aan het eind van de middag zijn we weer terug bij ons hotel.<\/p><p>Diner in een restaurant op loopafstand van het hotel.<\/p>\t\t\t\t\t\t\t\t<\/div>\n\t\t\t\t<\/div>\n\t\t\t\t\t<\/div>\n\t\t<\/div>\n\t\t\t\t<div class=\"elementor-column elementor-col-50 elementor-inner-column elementor-element elementor-element-abbdd2e\" data-id=\"abbdd2e\" data-element_type=\"column\" data-e-type=\"column\">\n\t\t\t<div class=\"elementor-widget-wrap elementor-element-populated\">\n\t\t\t\t\t\t<div class=\"elementor-element elementor-element-be1aa73 elementor-widget elementor-widget-image\" data-id=\"be1aa73\" data-element_type=\"widget\" data-e-type=\"widget\" data-widget_type=\"image.default\">\n\t\t\t\t<div class=\"elementor-widget-container\">\n\t\t\t\t\t\t\t\t\t\t\t\t\t\t\t<img loading=\"lazy\" decoding=\"async\" width=\"613\" height=\"899\" src=\"https:\/\/www.alliance-francaise.nl\/utrecht\/wp-content\/uploads\/sites\/6\/2025\/10\/Senlis_60_musee_dart_et_darcheologie_Seraphine_Louis_Larbre_de_Paradis_1928-30.jpg\" class=\"attachment-large size-large wp-image-25034\" alt=\"\" srcset=\"https:\/\/www.alliance-francaise.nl\/utrecht\/wp-content\/uploads\/sites\/6\/2025\/10\/Senlis_60_musee_dart_et_darcheologie_Seraphine_Louis_Larbre_de_Paradis_1928-30.jpg 613w, https:\/\/www.alliance-francaise.nl\/utrecht\/wp-content\/uploads\/sites\/6\/2025\/10\/Senlis_60_musee_dart_et_darcheologie_Seraphine_Louis_Larbre_de_Paradis_1928-30-205x300.jpg 205w, https:\/\/www.alliance-francaise.nl\/utrecht\/wp-content\/uploads\/sites\/6\/2025\/10\/Senlis_60_musee_dart_et_darcheologie_Seraphine_Louis_Larbre_de_Paradis_1928-30-600x880.jpg 600w\" sizes=\"(max-width: 613px) 100vw, 613px\" \/>\t\t\t\t\t\t\t\t\t\t\t\t\t\t\t<\/div>\n\t\t\t\t<\/div>\n\t\t\t\t\t<\/div>\n\t\t<\/div>\n\t\t\t\t\t<\/div>\n\t\t<\/section>\n\t\t\t\t<section class=\"elementor-section elementor-inner-section elementor-element elementor-element-78bdce2 elementor-section-boxed elementor-section-height-default elementor-section-height-default\" data-id=\"78bdce2\" data-element_type=\"section\" data-e-type=\"section\">\n\t\t\t\t\t\t<div class=\"elementor-container elementor-column-gap-default\">\n\t\t\t\t\t<div class=\"elementor-column elementor-col-50 elementor-inner-column elementor-element elementor-element-d7e6716\" data-id=\"d7e6716\" data-element_type=\"column\" data-e-type=\"column\">\n\t\t\t<div class=\"elementor-widget-wrap elementor-element-populated\">\n\t\t\t\t\t\t<div class=\"elementor-element elementor-element-cae5fbe elementor-widget elementor-widget-text-editor\" data-id=\"cae5fbe\" data-element_type=\"widget\" data-e-type=\"widget\" data-widget_type=\"text-editor.default\">\n\t\t\t\t<div class=\"elementor-widget-container\">\n\t\t\t\t\t\t\t\t\t<p><strong>Zaterdag 23 mei<\/strong><\/p><p>Na het ontbijt vertrekken we per bus naar het middeleeuwse Ch\u00e2teau de Pierrefonds, waar een gids ons zal rondleiden. Pierrefonds was na een grondige restauratie onder meer de residentie van keizer Napoleon III en keizerin Eug\u00e9nie.<br \/>Na een lunch op eigen gelegenheid gaan we in de middag terug naar ons hotel.<br \/>De rest van de middag is vrij te besteden in Compi\u00e8gne, bijvoorbeeld voor een bezoek aan het Ch\u00e2teau de Compi\u00e8gne.<br \/>Diner in een restaurant op loopafstand van het hotel.<\/p>\t\t\t\t\t\t\t\t<\/div>\n\t\t\t\t<\/div>\n\t\t\t\t\t<\/div>\n\t\t<\/div>\n\t\t\t\t<div class=\"elementor-column elementor-col-50 elementor-inner-column elementor-element elementor-element-9b15c46\" data-id=\"9b15c46\" data-element_type=\"column\" data-e-type=\"column\">\n\t\t\t<div class=\"elementor-widget-wrap elementor-element-populated\">\n\t\t\t\t\t\t<div class=\"elementor-element elementor-element-a9425ae elementor-widget elementor-widget-image\" data-id=\"a9425ae\" data-element_type=\"widget\" data-e-type=\"widget\" data-widget_type=\"image.default\">\n\t\t\t\t<div class=\"elementor-widget-container\">\n\t\t\t\t\t\t\t\t\t\t\t\t\t\t\t<img loading=\"lazy\" decoding=\"async\" width=\"800\" height=\"600\" src=\"https:\/\/www.alliance-francaise.nl\/utrecht\/wp-content\/uploads\/sites\/6\/2025\/10\/Chateau_de_Pierrefonds_vu_depuis_le_Parc-1024x768.jpg\" class=\"attachment-large size-large wp-image-25035\" alt=\"\" srcset=\"https:\/\/www.alliance-francaise.nl\/utrecht\/wp-content\/uploads\/sites\/6\/2025\/10\/Chateau_de_Pierrefonds_vu_depuis_le_Parc-1024x768.jpg 1024w, https:\/\/www.alliance-francaise.nl\/utrecht\/wp-content\/uploads\/sites\/6\/2025\/10\/Chateau_de_Pierrefonds_vu_depuis_le_Parc-300x225.jpg 300w, https:\/\/www.alliance-francaise.nl\/utrecht\/wp-content\/uploads\/sites\/6\/2025\/10\/Chateau_de_Pierrefonds_vu_depuis_le_Parc-768x576.jpg 768w, https:\/\/www.alliance-francaise.nl\/utrecht\/wp-content\/uploads\/sites\/6\/2025\/10\/Chateau_de_Pierrefonds_vu_depuis_le_Parc-600x450.jpg 600w, https:\/\/www.alliance-francaise.nl\/utrecht\/wp-content\/uploads\/sites\/6\/2025\/10\/Chateau_de_Pierrefonds_vu_depuis_le_Parc.jpg 1280w\" sizes=\"(max-width: 800px) 100vw, 800px\" \/>\t\t\t\t\t\t\t\t\t\t\t\t\t\t\t<\/div>\n\t\t\t\t<\/div>\n\t\t\t\t\t<\/div>\n\t\t<\/div>\n\t\t\t\t\t<\/div>\n\t\t<\/section>\n\t\t<div class=\"elementor-element elementor-element-cbaab57 e-grid e-con-boxed e-con e-parent\" data-id=\"cbaab57\" data-element_type=\"container\" data-e-type=\"container\">\n\t\t\t\t\t<div class=\"e-con-inner\">\n\t\t\t\t<div class=\"elementor-element elementor-element-abfad63 elementor-widget elementor-widget-text-editor\" data-id=\"abfad63\" data-element_type=\"widget\" data-e-type=\"widget\" data-widget_type=\"text-editor.default\">\n\t\t\t\t<div class=\"elementor-widget-container\">\n\t\t\t\t\t\t\t\t\t<p><strong>Zondag 24 mei<\/strong><\/p><p>Om 8.30 uur vertrekken we voor de terugreis. We maken een stop in Kortrijk voor een bezoek aan Abby, een nieuw museum voor beeldende kunst in een voormalige abdij. Na de afscheidslunch in Kortrijk rijden we naar Utrecht.<\/p><p>We hopen daar omstreeks 20.00 uur te arriveren.<\/p>\t\t\t\t\t\t\t\t<\/div>\n\t\t\t\t<\/div>\n\t\t\t\t<div class=\"elementor-element elementor-element-cd93661 elementor-widget elementor-widget-image\" data-id=\"cd93661\" data-element_type=\"widget\" data-e-type=\"widget\" data-widget_type=\"image.default\">\n\t\t\t\t<div class=\"elementor-widget-container\">\n\t\t\t\t\t\t\t\t\t\t\t\t\t\t\t<img loading=\"lazy\" decoding=\"async\" width=\"800\" height=\"532\" src=\"https:\/\/www.alliance-francaise.nl\/utrecht\/wp-content\/uploads\/sites\/6\/2025\/10\/Kortrijk.jpg\" class=\"attachment-large size-large wp-image-25036\" alt=\"\" srcset=\"https:\/\/www.alliance-francaise.nl\/utrecht\/wp-content\/uploads\/sites\/6\/2025\/10\/Kortrijk.jpg 1000w, https:\/\/www.alliance-francaise.nl\/utrecht\/wp-content\/uploads\/sites\/6\/2025\/10\/Kortrijk-300x200.jpg 300w, https:\/\/www.alliance-francaise.nl\/utrecht\/wp-content\/uploads\/sites\/6\/2025\/10\/Kortrijk-768x511.jpg 768w, https:\/\/www.alliance-francaise.nl\/utrecht\/wp-content\/uploads\/sites\/6\/2025\/10\/Kortrijk-600x399.jpg 600w\" sizes=\"(max-width: 800px) 100vw, 800px\" \/>\t\t\t\t\t\t\t\t\t\t\t\t\t\t\t<\/div>\n\t\t\t\t<\/div>\n\t\t\t\t\t<\/div>\n\t\t\t\t<\/div>\n\t\t\t\t<div class=\"elementor-element elementor-element-1d35f1d elementor-widget elementor-widget-spacer\" data-id=\"1d35f1d\" data-element_type=\"widget\" data-e-type=\"widget\" data-widget_type=\"spacer.default\">\n\t\t\t\t<div class=\"elementor-widget-container\">\n\t\t\t\t\t\t\t<div class=\"elementor-spacer\">\n\t\t\t<div class=\"elementor-spacer-inner\"><\/div>\n\t\t<\/div>\n\t\t\t\t\t\t<\/div>\n\t\t\t\t<\/div>\n\t\t\t\t<div class=\"elementor-element elementor-element-502f925 elementor-widget elementor-widget-heading\" data-id=\"502f925\" data-element_type=\"widget\" data-e-type=\"widget\" data-widget_type=\"heading.default\">\n\t\t\t\t<div class=\"elementor-widget-container\">\n\t\t\t\t\t<h2 class=\"elementor-heading-title elementor-size-default\">Belangrijke aanvullende informatie:<\/h2>\t\t\t\t<\/div>\n\t\t\t\t<\/div>\n\t\t\t\t<section class=\"elementor-section elementor-inner-section elementor-element elementor-element-1aada0c elementor-section-boxed elementor-section-height-default elementor-section-height-default\" data-id=\"1aada0c\" data-element_type=\"section\" data-e-type=\"section\">\n\t\t\t\t\t\t<div class=\"elementor-container elementor-column-gap-default\">\n\t\t\t\t\t<div class=\"elementor-column elementor-col-50 elementor-inner-column elementor-element elementor-element-3105a93\" data-id=\"3105a93\" data-element_type=\"column\" data-e-type=\"column\">\n\t\t\t<div class=\"elementor-widget-wrap elementor-element-populated\">\n\t\t\t\t\t\t<div class=\"elementor-element elementor-element-cb791f1 elementor-widget elementor-widget-text-editor\" data-id=\"cb791f1\" data-element_type=\"widget\" data-e-type=\"widget\" data-widget_type=\"text-editor.default\">\n\t\t\t\t<div class=\"elementor-widget-container\">\n\t\t\t\t\t\t\t\t\t<p><strong>Belangrijk&nbsp;<\/strong><\/p>\n<p>Bij deelname van minimaal 35 personen bedraagt de prijs <br>\u20ac 850,00 pp voor een tweepersoonskamer <br>en \u20ac 950,00 pp voor een eenpersoonskamer. <br>Toeslag voor niet-leden\/introduc\u00e9s is \u20ac 20,00.<\/p><p>Inbegrepen: de busreis, alle overnachtingen met ontbijtbuffet, vier diners, een lunch (inclusief dranken) en een go\u00fbter. Verder ook de vermelde rondleidingen en entrees. Overige consumpties en lunches zijn voor eigen rekening.<\/p>\n<p>In de winkel&nbsp;<a href=\"https:\/\/www.alliance-francaise.nl\/utrecht\/winkel\/#evenementen\">hier<\/a><\/p>\t\t\t\t\t\t\t\t<\/div>\n\t\t\t\t<\/div>\n\t\t\t\t\t<\/div>\n\t\t<\/div>\n\t\t\t\t<div class=\"elementor-column elementor-col-50 elementor-inner-column elementor-element elementor-element-4e9ad8c\" data-id=\"4e9ad8c\" data-element_type=\"column\" data-e-type=\"column\">\n\t\t\t<div class=\"elementor-widget-wrap elementor-element-populated\">\n\t\t\t\t\t\t<div class=\"elementor-element elementor-element-c8b87b4 elementor-widget elementor-widget-text-editor\" data-id=\"c8b87b4\" data-element_type=\"widget\" data-e-type=\"widget\" data-widget_type=\"text-editor.default\">\n\t\t\t\t<div class=\"elementor-widget-container\">\n\t\t\t\t\t\t\t\t\t<p><strong>Inschrijven<\/strong><\/p><ul><li><p>Inschrijving voor de reis kan alleen door de reis te betalen via de webshop van de AFU: <a href=\"https:\/\/www.alliance-francaise.nl\/utrecht\/winkel\/\">https:\/\/www.alliance-francaise.nl\/utrecht\/winkel\/.<\/a> Wij verzoeken jullie dit te doen <strong>v\u00f3\u00f3r 1 mei 2026<\/strong>.\u00a0<span style=\"text-decoration: underline;color: #ff6600\"><strong>Er zijn nu nog enkele plaatsen beschikbaar!<\/strong><\/span><\/p><\/li><li><p>Het voorjaar wordt in de populaire Franse steden steeds drukker, waardoor het helaas niet meer mogelijk is de optie op de hotelkamers langer<br \/>vast te houden. Er zijn slechts 40 plaatsen en vol=vol.<\/p><\/li><li>\u00a0Wij gaan ervan uit\u00a0dat alle deelnemers aan deze reis over een goede gezondheid beschikken om aan\u00a0dit vijfdaagse programma deel te kunnen nemen.<\/li><li>Bij annulering van\u00a0de reis vindt geen restitutie van de reissom plaats in verband met contractuele\u00a0afspraken die met de busmaatschappij en het hotel zijn gemaakt. Wij verzoeken\u00a0deelnemers aan de reis z\u00e9lf een goede reis- en annuleringsverzekering af te\u00a0sluiten.\u00a0<\/li><li>Meer informatie?\u00a0Neem dan contact op met Annelies Bodif\u00e9e (<a href=\"mailto:annelies.bodifee@casema.nl\"><span style=\"color: #000000\">annelies.bodifee@casema.nl<\/span><\/a><span style=\"color: #000000\">\/06-51345707<\/span>) of Anja Wester (<a href=\"mailto:anjawester@planet.nl\">anjawester@planet.n<\/a><\/li><\/ul>\t\t\t\t\t\t\t\t<\/div>\n\t\t\t\t<\/div>\n\t\t\t\t\t<\/div>\n\t\t<\/div>\n\t\t\t\t\t<\/div>\n\t\t<\/section>\n\t\t\t\t\t<\/div>\n\t\t<\/div>\n\t\t\t\t\t<\/div>\n\t\t<\/section>\n\t\t\t\t<section class=\"elementor-section elementor-top-section elementor-element elementor-element-13b3ee3 elementor-section-boxed elementor-section-height-default elementor-section-height-default\" data-id=\"13b3ee3\" data-element_type=\"section\" data-e-type=\"section\">\n\t\t\t\t\t\t<div class=\"elementor-container elementor-column-gap-default\">\n\t\t\t\t\t<div class=\"elementor-column elementor-col-100 elementor-top-column elementor-element elementor-element-894325f\" data-id=\"894325f\" data-element_type=\"column\" data-e-type=\"column\">\n\t\t\t<div class=\"elementor-widget-wrap elementor-element-populated\">\n\t\t\t\t\t\t<div class=\"elementor-element elementor-element-0a8a14d elementor-widget elementor-widget-heading\" data-id=\"0a8a14d\" data-element_type=\"widget\" data-e-type=\"widget\" data-widget_type=\"heading.default\">\n\t\t\t\t<div class=\"elementor-widget-container\">\n\t\t\t\t\t<h2 class=\"elementor-heading-title elementor-size-default\">Reis 2026<\/h2>\t\t\t\t<\/div>\n\t\t\t\t<\/div>\n\t\t\t\t<div class=\"elementor-element elementor-element-daa4916 elementor-widget elementor-widget-text-editor\" data-id=\"daa4916\" data-element_type=\"widget\" data-e-type=\"widget\" data-widget_type=\"text-editor.default\">\n\t\t\t\t<div class=\"elementor-widget-container\">\n\t\t\t\t\t\t\t\t\t<p style=\"text-align: center\">Organisatie: Annelies Bodif\u00e9e en Anja Wester<\/p>\t\t\t\t\t\t\t\t<\/div>\n\t\t\t\t<\/div>\n\t\t\t\t<section class=\"elementor-section elementor-inner-section elementor-element elementor-element-44e636f elementor-section-boxed elementor-section-height-default elementor-section-height-default\" data-id=\"44e636f\" data-element_type=\"section\" data-e-type=\"section\">\n\t\t\t\t\t\t<div class=\"elementor-container elementor-column-gap-default\">\n\t\t\t\t\t<div class=\"elementor-column elementor-col-50 elementor-inner-column elementor-element elementor-element-d5504a5\" data-id=\"d5504a5\" data-element_type=\"column\" data-e-type=\"column\">\n\t\t\t<div class=\"elementor-widget-wrap elementor-element-populated\">\n\t\t\t\t\t\t<div class=\"elementor-element elementor-element-4a93357 elementor-hidden-desktop elementor-hidden-tablet elementor-widget elementor-widget-spacer\" data-id=\"4a93357\" data-element_type=\"widget\" data-e-type=\"widget\" data-widget_type=\"spacer.default\">\n\t\t\t\t<div class=\"elementor-widget-container\">\n\t\t\t\t\t\t\t<div class=\"elementor-spacer\">\n\t\t\t<div class=\"elementor-spacer-inner\"><\/div>\n\t\t<\/div>\n\t\t\t\t\t\t<\/div>\n\t\t\t\t<\/div>\n\t\t\t\t<div class=\"elementor-element elementor-element-b8a6308 elementor-widget elementor-widget-text-editor\" data-id=\"b8a6308\" data-element_type=\"widget\" data-e-type=\"widget\" data-widget_type=\"text-editor.default\">\n\t\t\t\t<div class=\"elementor-widget-container\">\n\t\t\t\t\t\t\t\t\t<p><strong>Utrecht, november 2025<\/strong><\/p><p>Beste leden en cursisten plus belangstellenden,<br \/>In het voorjaar van 2026 organiseren wij weer een interessante<br \/>vijfdaagse reis naar Frankrijk. We hebben Compi\u00e8gne et sa R\u00e9gion<br \/>Royale als bestemming gekozen. Het korte programma vind je hierbij.<\/p><p>Annelies &amp; Anja<\/p>\t\t\t\t\t\t\t\t<\/div>\n\t\t\t\t<\/div>\n\t\t\t\t\t<\/div>\n\t\t<\/div>\n\t\t\t\t<div class=\"elementor-column elementor-col-50 elementor-inner-column elementor-element elementor-element-3659db8\" data-id=\"3659db8\" data-element_type=\"column\" data-e-type=\"column\">\n\t\t\t<div class=\"elementor-widget-wrap elementor-element-populated\">\n\t\t\t\t\t\t<div class=\"elementor-element elementor-element-7c607df elementor-hidden-tablet elementor-hidden-mobile elementor-widget elementor-widget-spacer\" data-id=\"7c607df\" data-element_type=\"widget\" data-e-type=\"widget\" data-widget_type=\"spacer.default\">\n\t\t\t\t<div class=\"elementor-widget-container\">\n\t\t\t\t\t\t\t<div class=\"elementor-spacer\">\n\t\t\t<div class=\"elementor-spacer-inner\"><\/div>\n\t\t<\/div>\n\t\t\t\t\t\t<\/div>\n\t\t\t\t<\/div>\n\t\t\t\t<div class=\"elementor-element elementor-element-3b1bca1 elementor-widget elementor-widget-image\" data-id=\"3b1bca1\" data-element_type=\"widget\" data-e-type=\"widget\" data-widget_type=\"image.default\">\n\t\t\t\t<div class=\"elementor-widget-container\">\n\t\t\t\t\t\t\t\t\t\t\t\t\t\t\t<img fetchpriority=\"high\" decoding=\"async\" width=\"800\" height=\"600\" src=\"https:\/\/www.alliance-francaise.nl\/utrecht\/wp-content\/uploads\/sites\/6\/2025\/09\/IMG_7909-2-1024x768.jpg\" class=\"attachment-large size-large wp-image-24755\" alt=\"\" srcset=\"https:\/\/www.alliance-francaise.nl\/utrecht\/wp-content\/uploads\/sites\/6\/2025\/09\/IMG_7909-2-1024x768.jpg 1024w, https:\/\/www.alliance-francaise.nl\/utrecht\/wp-content\/uploads\/sites\/6\/2025\/09\/IMG_7909-2-300x225.jpg 300w, https:\/\/www.alliance-francaise.nl\/utrecht\/wp-content\/uploads\/sites\/6\/2025\/09\/IMG_7909-2-768x576.jpg 768w, https:\/\/www.alliance-francaise.nl\/utrecht\/wp-content\/uploads\/sites\/6\/2025\/09\/IMG_7909-2-1536x1152.jpg 1536w, https:\/\/www.alliance-francaise.nl\/utrecht\/wp-content\/uploads\/sites\/6\/2025\/09\/IMG_7909-2-2048x1536.jpg 2048w, https:\/\/www.alliance-francaise.nl\/utrecht\/wp-content\/uploads\/sites\/6\/2025\/09\/IMG_7909-2-600x450.jpg 600w, https:\/\/www.alliance-francaise.nl\/utrecht\/wp-content\/uploads\/sites\/6\/2025\/09\/IMG_7909-2-1320x990.jpg 1320w\" sizes=\"(max-width: 800px) 100vw, 800px\" \/>\t\t\t\t\t\t\t\t\t\t\t\t\t\t\t<\/div>\n\t\t\t\t<\/div>\n\t\t\t\t\t<\/div>\n\t\t<\/div>\n\t\t\t\t\t<\/div>\n\t\t<\/section>\n\t\t\t\t<section class=\"elementor-section elementor-inner-section elementor-element elementor-element-d7f601d elementor-section-boxed elementor-section-height-default elementor-section-height-default\" data-id=\"d7f601d\" data-element_type=\"section\" data-e-type=\"section\">\n\t\t\t\t\t\t<div class=\"elementor-container elementor-column-gap-default\">\n\t\t\t\t\t<div class=\"elementor-column elementor-col-50 elementor-inner-column elementor-element elementor-element-4d08395\" data-id=\"4d08395\" data-element_type=\"column\" data-e-type=\"column\">\n\t\t\t<div class=\"elementor-widget-wrap elementor-element-populated\">\n\t\t\t\t\t\t<div class=\"elementor-element elementor-element-420fe35 elementor-widget elementor-widget-text-editor\" data-id=\"420fe35\" data-element_type=\"widget\" data-e-type=\"widget\" data-widget_type=\"text-editor.default\">\n\t\t\t\t<div class=\"elementor-widget-container\">\n\t\t\t\t\t\t\t\t\t<p><strong>Woensdag 20 mei<\/strong><\/p><p>Vertrek om 8.30 uur vanaf station Overvecht met onze eigen bus.<\/p><p>Koffie-\/thee- en toiletpauzes onderweg in overleg met de chauffeur.<\/p><p>We maken een tussenstop in Guise (d\u00e9partement Aisne) voor een bezoek aan La familist\u00e8re de Guise \u2013 Une utopie r\u00e9alis\u00e9e. Dit is een multifunctioneel centrum met onder andere een museum in een gerestaureerd industrieel erfgoed. Lunch op eigen gelegenheid. Of neem een lunchpakketje van thuis mee.<\/p><p>Rond 18.00 uur hopen we aan te komen in H\u00f4tel de Flandre in het centrum van\u00a0Compi\u00e8gne. We zullen daar 4 nachten verblijven.<\/p><p>Diner in een restaurant op loopafstand van het hotel.<\/p>\t\t\t\t\t\t\t\t<\/div>\n\t\t\t\t<\/div>\n\t\t\t\t\t<\/div>\n\t\t<\/div>\n\t\t\t\t<div class=\"elementor-column elementor-col-50 elementor-inner-column elementor-element elementor-element-da08b33\" data-id=\"da08b33\" data-element_type=\"column\" data-e-type=\"column\">\n\t\t\t<div class=\"elementor-widget-wrap elementor-element-populated\">\n\t\t\t\t\t\t<div class=\"elementor-element elementor-element-27368b0 elementor-hidden-tablet elementor-hidden-mobile elementor-widget elementor-widget-spacer\" data-id=\"27368b0\" data-element_type=\"widget\" data-e-type=\"widget\" data-widget_type=\"spacer.default\">\n\t\t\t\t<div class=\"elementor-widget-container\">\n\t\t\t\t\t\t\t<div class=\"elementor-spacer\">\n\t\t\t<div class=\"elementor-spacer-inner\"><\/div>\n\t\t<\/div>\n\t\t\t\t\t\t<\/div>\n\t\t\t\t<\/div>\n\t\t\t\t<div class=\"elementor-element elementor-element-8595619 elementor-widget elementor-widget-image\" data-id=\"8595619\" data-element_type=\"widget\" data-e-type=\"widget\" data-widget_type=\"image.default\">\n\t\t\t\t<div class=\"elementor-widget-container\">\n\t\t\t\t\t\t\t\t\t\t\t\t\t\t\t<img decoding=\"async\" width=\"800\" height=\"400\" src=\"https:\/\/www.alliance-francaise.nl\/utrecht\/wp-content\/uploads\/sites\/6\/2025\/10\/Familistere-de-Guise-1280x640-1-1024x512.jpg\" class=\"attachment-large size-large wp-image-25032\" alt=\"\" srcset=\"https:\/\/www.alliance-francaise.nl\/utrecht\/wp-content\/uploads\/sites\/6\/2025\/10\/Familistere-de-Guise-1280x640-1-1024x512.jpg 1024w, https:\/\/www.alliance-francaise.nl\/utrecht\/wp-content\/uploads\/sites\/6\/2025\/10\/Familistere-de-Guise-1280x640-1-300x150.jpg 300w, https:\/\/www.alliance-francaise.nl\/utrecht\/wp-content\/uploads\/sites\/6\/2025\/10\/Familistere-de-Guise-1280x640-1-768x384.jpg 768w, https:\/\/www.alliance-francaise.nl\/utrecht\/wp-content\/uploads\/sites\/6\/2025\/10\/Familistere-de-Guise-1280x640-1-600x300.jpg 600w, https:\/\/www.alliance-francaise.nl\/utrecht\/wp-content\/uploads\/sites\/6\/2025\/10\/Familistere-de-Guise-1280x640-1.jpg 1280w\" sizes=\"(max-width: 800px) 100vw, 800px\" \/>\t\t\t\t\t\t\t\t\t\t\t\t\t\t\t<\/div>\n\t\t\t\t<\/div>\n\t\t\t\t\t<\/div>\n\t\t<\/div>\n\t\t\t\t\t<\/div>\n\t\t<\/section>\n\t\t\t\t<section class=\"elementor-section elementor-inner-section elementor-element elementor-element-0dda1ab elementor-section-boxed elementor-section-height-default elementor-section-height-default\" data-id=\"0dda1ab\" data-element_type=\"section\" data-e-type=\"section\">\n\t\t\t\t\t\t<div class=\"elementor-container elementor-column-gap-default\">\n\t\t\t\t\t<div class=\"elementor-column elementor-col-50 elementor-inner-column elementor-element elementor-element-eb0660c\" data-id=\"eb0660c\" data-element_type=\"column\" data-e-type=\"column\">\n\t\t\t<div class=\"elementor-widget-wrap elementor-element-populated\">\n\t\t\t\t\t\t<div class=\"elementor-element elementor-element-3979fd2 elementor-widget elementor-widget-text-editor\" data-id=\"3979fd2\" data-element_type=\"widget\" data-e-type=\"widget\" data-widget_type=\"text-editor.default\">\n\t\t\t\t<div class=\"elementor-widget-container\">\n\t\t\t\t\t\t\t\t\t<p><strong>Donderdag 21 mei<\/strong><\/p><p>Na het ontbijt vertrekken we per bus naar het Ch\u00e2teau de Chantilly. Tijdens de dag bezoeken we het kasteel en een paardenshow. Verder rijdt een treintje ons door het kasteelpark. Wie wil kan zelf nog een bezoek brengen aan de Grandes \u00c9curies. Lunch op eigen gelegenheid. In de loop van de middag terug naar het hotel.<\/p><p><br \/>Diner in een restaurant op loopafstand van het hotel.<\/p>\t\t\t\t\t\t\t\t<\/div>\n\t\t\t\t<\/div>\n\t\t\t\t\t<\/div>\n\t\t<\/div>\n\t\t\t\t<div class=\"elementor-column elementor-col-50 elementor-inner-column elementor-element elementor-element-513985f\" data-id=\"513985f\" data-element_type=\"column\" data-e-type=\"column\">\n\t\t\t<div class=\"elementor-widget-wrap elementor-element-populated\">\n\t\t\t\t\t\t<div class=\"elementor-element elementor-element-a9d2be9 elementor-widget elementor-widget-image\" data-id=\"a9d2be9\" data-element_type=\"widget\" data-e-type=\"widget\" data-widget_type=\"image.default\">\n\t\t\t\t<div class=\"elementor-widget-container\">\n\t\t\t\t\t\t\t\t\t\t\t\t\t\t\t<img decoding=\"async\" width=\"800\" height=\"806\" src=\"https:\/\/www.alliance-francaise.nl\/utrecht\/wp-content\/uploads\/sites\/6\/2025\/10\/Chateau-de-chantilly-1016x1024.png\" class=\"attachment-large size-large wp-image-25033\" alt=\"\" srcset=\"https:\/\/www.alliance-francaise.nl\/utrecht\/wp-content\/uploads\/sites\/6\/2025\/10\/Chateau-de-chantilly-1016x1024.png 1016w, https:\/\/www.alliance-francaise.nl\/utrecht\/wp-content\/uploads\/sites\/6\/2025\/10\/Chateau-de-chantilly-298x300.png 298w, https:\/\/www.alliance-francaise.nl\/utrecht\/wp-content\/uploads\/sites\/6\/2025\/10\/Chateau-de-chantilly-150x150.png 150w, https:\/\/www.alliance-francaise.nl\/utrecht\/wp-content\/uploads\/sites\/6\/2025\/10\/Chateau-de-chantilly-768x774.png 768w, https:\/\/www.alliance-francaise.nl\/utrecht\/wp-content\/uploads\/sites\/6\/2025\/10\/Chateau-de-chantilly-600x605.png 600w, https:\/\/www.alliance-francaise.nl\/utrecht\/wp-content\/uploads\/sites\/6\/2025\/10\/Chateau-de-chantilly-100x100.png 100w, https:\/\/www.alliance-francaise.nl\/utrecht\/wp-content\/uploads\/sites\/6\/2025\/10\/Chateau-de-chantilly.png 1173w\" sizes=\"(max-width: 800px) 100vw, 800px\" \/>\t\t\t\t\t\t\t\t\t\t\t\t\t\t\t<\/div>\n\t\t\t\t<\/div>\n\t\t\t\t\t<\/div>\n\t\t<\/div>\n\t\t\t\t\t<\/div>\n\t\t<\/section>\n\t\t\t\t<section class=\"elementor-section elementor-inner-section elementor-element elementor-element-9deae97 elementor-section-boxed elementor-section-height-default elementor-section-height-default\" data-id=\"9deae97\" data-element_type=\"section\" data-e-type=\"section\">\n\t\t\t\t\t\t<div class=\"elementor-container elementor-column-gap-default\">\n\t\t\t\t\t<div class=\"elementor-column elementor-col-50 elementor-inner-column elementor-element elementor-element-13c5da4\" data-id=\"13c5da4\" data-element_type=\"column\" data-e-type=\"column\">\n\t\t\t<div class=\"elementor-widget-wrap elementor-element-populated\">\n\t\t\t\t\t\t<div class=\"elementor-element elementor-element-c96edba elementor-widget elementor-widget-text-editor\" data-id=\"c96edba\" data-element_type=\"widget\" data-e-type=\"widget\" data-widget_type=\"text-editor.default\">\n\t\t\t\t<div class=\"elementor-widget-container\">\n\t\t\t\t\t\t\t\t\t<p class=\"MsoNormal\"><b><span lang=\"NL\">Vrijdag 22 mei<\/span><\/b><\/p><p class=\"MsoNormal\">Na het ontbijt vertrekken we met onze bus naar Senlis. Deze stad was enkele eeuwen lang de residentie van de koningen van Frankrijk. <br \/><br \/>Het is ook de stad waar begin vorige eeuw kunstenares S\u00e9raphine Louis woonde. Over haar is de film <em>S\u00e9raphine<\/em> gemaakt. We maken een stadswandeling met een gids in de voetstappen van S\u00e9raphine. Daarna is er nog gelegenheid om het Mus\u00e9e d\u2019Art et d\u2019Arch\u00e9ologie te bezoeken, waar enkele schilderijen van S\u00e9raphine te zien zijn. Na de lunch op eigen gelegenheid, gaan we door met de bus naar de Abbaye de Royaumont. Daar krijgen we een rondleiding met een gids en aansluitend een go\u00fbter. Ook is er nog gelegenheid om een wandeling door de tuinen te maken.<\/p><p>Aan het eind van de middag zijn we weer terug bij ons hotel.<\/p><p>Diner in een restaurant op loopafstand van het hotel.<\/p>\t\t\t\t\t\t\t\t<\/div>\n\t\t\t\t<\/div>\n\t\t\t\t\t<\/div>\n\t\t<\/div>\n\t\t\t\t<div class=\"elementor-column elementor-col-50 elementor-inner-column elementor-element elementor-element-9426b5b\" data-id=\"9426b5b\" data-element_type=\"column\" data-e-type=\"column\">\n\t\t\t<div class=\"elementor-widget-wrap elementor-element-populated\">\n\t\t\t\t\t\t<div class=\"elementor-element elementor-element-7cddda6 elementor-widget elementor-widget-image\" data-id=\"7cddda6\" data-element_type=\"widget\" data-e-type=\"widget\" data-widget_type=\"image.default\">\n\t\t\t\t<div class=\"elementor-widget-container\">\n\t\t\t\t\t\t\t\t\t\t\t\t\t\t\t<img loading=\"lazy\" decoding=\"async\" width=\"613\" height=\"899\" src=\"https:\/\/www.alliance-francaise.nl\/utrecht\/wp-content\/uploads\/sites\/6\/2025\/10\/Senlis_60_musee_dart_et_darcheologie_Seraphine_Louis_Larbre_de_Paradis_1928-30.jpg\" class=\"attachment-large size-large wp-image-25034\" alt=\"\" srcset=\"https:\/\/www.alliance-francaise.nl\/utrecht\/wp-content\/uploads\/sites\/6\/2025\/10\/Senlis_60_musee_dart_et_darcheologie_Seraphine_Louis_Larbre_de_Paradis_1928-30.jpg 613w, https:\/\/www.alliance-francaise.nl\/utrecht\/wp-content\/uploads\/sites\/6\/2025\/10\/Senlis_60_musee_dart_et_darcheologie_Seraphine_Louis_Larbre_de_Paradis_1928-30-205x300.jpg 205w, https:\/\/www.alliance-francaise.nl\/utrecht\/wp-content\/uploads\/sites\/6\/2025\/10\/Senlis_60_musee_dart_et_darcheologie_Seraphine_Louis_Larbre_de_Paradis_1928-30-600x880.jpg 600w\" sizes=\"(max-width: 613px) 100vw, 613px\" \/>\t\t\t\t\t\t\t\t\t\t\t\t\t\t\t<\/div>\n\t\t\t\t<\/div>\n\t\t\t\t\t<\/div>\n\t\t<\/div>\n\t\t\t\t\t<\/div>\n\t\t<\/section>\n\t\t\t\t<section class=\"elementor-section elementor-inner-section elementor-element elementor-element-e9ee740 elementor-section-boxed elementor-section-height-default elementor-section-height-default\" data-id=\"e9ee740\" data-element_type=\"section\" data-e-type=\"section\">\n\t\t\t\t\t\t<div class=\"elementor-container elementor-column-gap-default\">\n\t\t\t\t\t<div class=\"elementor-column elementor-col-50 elementor-inner-column elementor-element elementor-element-4c127af\" data-id=\"4c127af\" data-element_type=\"column\" data-e-type=\"column\">\n\t\t\t<div class=\"elementor-widget-wrap elementor-element-populated\">\n\t\t\t\t\t\t<div class=\"elementor-element elementor-element-dabf312 elementor-widget elementor-widget-text-editor\" data-id=\"dabf312\" data-element_type=\"widget\" data-e-type=\"widget\" data-widget_type=\"text-editor.default\">\n\t\t\t\t<div class=\"elementor-widget-container\">\n\t\t\t\t\t\t\t\t\t<p><strong>Zaterdag 23 mei<\/strong><\/p><p>Na het ontbijt vertrekken we per bus naar het middeleeuwse Ch\u00e2teau de Pierrefonds, waar een gids ons zal rondleiden. Pierrefonds was na een grondige restauratie onder meer de residentie van keizer Napoleon III en keizerin Eug\u00e9nie.<br \/>Na een lunch op eigen gelegenheid gaan we in de middag terug naar ons hotel.<br \/>De rest van de middag is vrij te besteden in Compi\u00e8gne, bijvoorbeeld voor een bezoek aan het Ch\u00e2teau de Compi\u00e8gne.<br \/>Diner in een restaurant op loopafstand van het hotel.<\/p>\t\t\t\t\t\t\t\t<\/div>\n\t\t\t\t<\/div>\n\t\t\t\t\t<\/div>\n\t\t<\/div>\n\t\t\t\t<div class=\"elementor-column elementor-col-50 elementor-inner-column elementor-element elementor-element-4fdcab7\" data-id=\"4fdcab7\" data-element_type=\"column\" data-e-type=\"column\">\n\t\t\t<div class=\"elementor-widget-wrap elementor-element-populated\">\n\t\t\t\t\t\t<div class=\"elementor-element elementor-element-b045b24 elementor-widget elementor-widget-image\" data-id=\"b045b24\" data-element_type=\"widget\" data-e-type=\"widget\" data-widget_type=\"image.default\">\n\t\t\t\t<div class=\"elementor-widget-container\">\n\t\t\t\t\t\t\t\t\t\t\t\t\t\t\t<img loading=\"lazy\" decoding=\"async\" width=\"800\" height=\"600\" src=\"https:\/\/www.alliance-francaise.nl\/utrecht\/wp-content\/uploads\/sites\/6\/2025\/10\/Chateau_de_Pierrefonds_vu_depuis_le_Parc-1024x768.jpg\" class=\"attachment-large size-large wp-image-25035\" alt=\"\" srcset=\"https:\/\/www.alliance-francaise.nl\/utrecht\/wp-content\/uploads\/sites\/6\/2025\/10\/Chateau_de_Pierrefonds_vu_depuis_le_Parc-1024x768.jpg 1024w, https:\/\/www.alliance-francaise.nl\/utrecht\/wp-content\/uploads\/sites\/6\/2025\/10\/Chateau_de_Pierrefonds_vu_depuis_le_Parc-300x225.jpg 300w, https:\/\/www.alliance-francaise.nl\/utrecht\/wp-content\/uploads\/sites\/6\/2025\/10\/Chateau_de_Pierrefonds_vu_depuis_le_Parc-768x576.jpg 768w, https:\/\/www.alliance-francaise.nl\/utrecht\/wp-content\/uploads\/sites\/6\/2025\/10\/Chateau_de_Pierrefonds_vu_depuis_le_Parc-600x450.jpg 600w, https:\/\/www.alliance-francaise.nl\/utrecht\/wp-content\/uploads\/sites\/6\/2025\/10\/Chateau_de_Pierrefonds_vu_depuis_le_Parc.jpg 1280w\" sizes=\"(max-width: 800px) 100vw, 800px\" \/>\t\t\t\t\t\t\t\t\t\t\t\t\t\t\t<\/div>\n\t\t\t\t<\/div>\n\t\t\t\t\t<\/div>\n\t\t<\/div>\n\t\t\t\t\t<\/div>\n\t\t<\/section>\n\t\t<div class=\"elementor-element elementor-element-06e7b8b e-grid e-con-boxed e-con e-parent\" data-id=\"06e7b8b\" data-element_type=\"container\" data-e-type=\"container\">\n\t\t\t\t\t<div class=\"e-con-inner\">\n\t\t\t\t<div class=\"elementor-element elementor-element-806d699 elementor-widget elementor-widget-text-editor\" data-id=\"806d699\" data-element_type=\"widget\" data-e-type=\"widget\" data-widget_type=\"text-editor.default\">\n\t\t\t\t<div class=\"elementor-widget-container\">\n\t\t\t\t\t\t\t\t\t<p><strong>Zondag 24 mei<\/strong><\/p><p>Om 8.30 uur vertrekken we voor de terugreis. We maken een stop in Kortrijk voor een bezoek aan Abby, een nieuw museum voor beeldende kunst in een voormalige abdij. Na de afscheidslunch in Kortrijk rijden we naar Utrecht.<\/p><p>We hopen daar omstreeks 20.00 uur te arriveren.<\/p>\t\t\t\t\t\t\t\t<\/div>\n\t\t\t\t<\/div>\n\t\t\t\t<div class=\"elementor-element elementor-element-3ec8847 elementor-widget elementor-widget-image\" data-id=\"3ec8847\" data-element_type=\"widget\" data-e-type=\"widget\" data-widget_type=\"image.default\">\n\t\t\t\t<div class=\"elementor-widget-container\">\n\t\t\t\t\t\t\t\t\t\t\t\t\t\t\t<img loading=\"lazy\" decoding=\"async\" width=\"800\" height=\"532\" src=\"https:\/\/www.alliance-francaise.nl\/utrecht\/wp-content\/uploads\/sites\/6\/2025\/10\/Kortrijk.jpg\" class=\"attachment-large size-large wp-image-25036\" alt=\"\" srcset=\"https:\/\/www.alliance-francaise.nl\/utrecht\/wp-content\/uploads\/sites\/6\/2025\/10\/Kortrijk.jpg 1000w, https:\/\/www.alliance-francaise.nl\/utrecht\/wp-content\/uploads\/sites\/6\/2025\/10\/Kortrijk-300x200.jpg 300w, https:\/\/www.alliance-francaise.nl\/utrecht\/wp-content\/uploads\/sites\/6\/2025\/10\/Kortrijk-768x511.jpg 768w, https:\/\/www.alliance-francaise.nl\/utrecht\/wp-content\/uploads\/sites\/6\/2025\/10\/Kortrijk-600x399.jpg 600w\" sizes=\"(max-width: 800px) 100vw, 800px\" \/>\t\t\t\t\t\t\t\t\t\t\t\t\t\t\t<\/div>\n\t\t\t\t<\/div>\n\t\t\t\t\t<\/div>\n\t\t\t\t<\/div>\n\t\t\t\t<div class=\"elementor-element elementor-element-1f7c543 elementor-widget elementor-widget-spacer\" data-id=\"1f7c543\" data-element_type=\"widget\" data-e-type=\"widget\" data-widget_type=\"spacer.default\">\n\t\t\t\t<div class=\"elementor-widget-container\">\n\t\t\t\t\t\t\t<div class=\"elementor-spacer\">\n\t\t\t<div class=\"elementor-spacer-inner\"><\/div>\n\t\t<\/div>\n\t\t\t\t\t\t<\/div>\n\t\t\t\t<\/div>\n\t\t\t\t<div class=\"elementor-element elementor-element-8427623 elementor-widget elementor-widget-heading\" data-id=\"8427623\" data-element_type=\"widget\" data-e-type=\"widget\" data-widget_type=\"heading.default\">\n\t\t\t\t<div class=\"elementor-widget-container\">\n\t\t\t\t\t<h2 class=\"elementor-heading-title elementor-size-default\">Belangrijke aanvullende informatie:<\/h2>\t\t\t\t<\/div>\n\t\t\t\t<\/div>\n\t\t\t\t<section class=\"elementor-section elementor-inner-section elementor-element elementor-element-07a30ca elementor-section-boxed elementor-section-height-default elementor-section-height-default\" data-id=\"07a30ca\" data-element_type=\"section\" data-e-type=\"section\">\n\t\t\t\t\t\t<div class=\"elementor-container elementor-column-gap-default\">\n\t\t\t\t\t<div class=\"elementor-column elementor-col-50 elementor-inner-column elementor-element elementor-element-7c621be\" data-id=\"7c621be\" data-element_type=\"column\" data-e-type=\"column\">\n\t\t\t<div class=\"elementor-widget-wrap elementor-element-populated\">\n\t\t\t\t\t\t<div class=\"elementor-element elementor-element-cb52236 elementor-widget elementor-widget-text-editor\" data-id=\"cb52236\" data-element_type=\"widget\" data-e-type=\"widget\" data-widget_type=\"text-editor.default\">\n\t\t\t\t<div class=\"elementor-widget-container\">\n\t\t\t\t\t\t\t\t\t<p><strong>Belangrijk&nbsp;<\/strong><\/p>\n<p>Bij deelname van minimaal 35 personen bedraagt de prijs <br>\u20ac 850,00 pp voor een tweepersoonskamer <br>en \u20ac 950,00 pp voor een eenpersoonskamer. <br>Toeslag voor niet-leden\/introduc\u00e9s is \u20ac 20,00.<\/p><p>Inbegrepen: de busreis, alle overnachtingen met ontbijtbuffet, vier diners, een lunch (inclusief dranken) en een go\u00fbter. Verder ook de vermelde rondleidingen en entrees. Overige consumpties en lunches zijn voor eigen rekening.<\/p>\n<p>In de winkel&nbsp;<a href=\"https:\/\/www.alliance-francaise.nl\/utrecht\/winkel\/#evenementen\">hier<\/a><\/p>\t\t\t\t\t\t\t\t<\/div>\n\t\t\t\t<\/div>\n\t\t\t\t\t<\/div>\n\t\t<\/div>\n\t\t\t\t<div class=\"elementor-column elementor-col-50 elementor-inner-column elementor-element elementor-element-3d7e99d\" data-id=\"3d7e99d\" data-element_type=\"column\" data-e-type=\"column\">\n\t\t\t<div class=\"elementor-widget-wrap elementor-element-populated\">\n\t\t\t\t\t\t<div class=\"elementor-element elementor-element-7ade9bd elementor-widget elementor-widget-text-editor\" data-id=\"7ade9bd\" data-element_type=\"widget\" data-e-type=\"widget\" data-widget_type=\"text-editor.default\">\n\t\t\t\t<div class=\"elementor-widget-container\">\n\t\t\t\t\t\t\t\t\t<p><strong>Inschrijven<\/strong><\/p>\n<ul>\n<li>\n<p>Inschrijving voor de reis kan alleen door de reis te betalen via de webshop van de AFU: <a href=\"https:\/\/www.alliance-francaise.nl\/utrecht\/winkel\/\">https:\/\/www.alliance-francaise.nl\/utrecht\/winkel\/.<\/a> Wij verzoeken jullie dit te doen <strong>v\u00f3\u00f3r 1 mei 2026<\/strong>.&nbsp;<span><strong>Er zijn nu nog enkele plaatsen beschikbaar!<\/strong><\/span><br>Het voorjaar wordt in de populaire Franse steden steeds drukker, waardoor het helaas niet meer mogelijk is de optie op de hotelkamers langer<br>vast te houden. Er zijn slechts 40 plaatsen en vol=vol.<\/p>\n<\/li>\n<li>&nbsp;Wij gaan ervan uit&nbsp;dat alle deelnemers aan deze reis over een goede gezondheid beschikken om aan&nbsp;dit vijfdaagse programma deel te kunnen nemen.<\/li>\n<li>Bij annulering van&nbsp;de reis vindt geen restitutie van de reissom plaats in verband met contractuele&nbsp;afspraken die met de busmaatschappij en het hotel zijn gemaakt. Wij verzoeken&nbsp;deelnemers aan de reis z\u00e9lf een goede reis- en annuleringsverzekering af te&nbsp;sluiten.&nbsp;<\/li>\n<li>Meer informatie?&nbsp;Neem dan contact op met Annelies Bodif\u00e9e (<a href=\"mailto:annelies.bodifee@casema.nl\"><span style=\"color: #000000\">annelies.bodifee@casema.nl<\/span><\/a><span style=\"color: #000000\">\/06-51345707<\/span>) of Anja Wester (<a href=\"mailto:anjawester@planet.nl\">anjawester@planet.n<\/a><\/li>\n<\/ul>\t\t\t\t\t\t\t\t<\/div>\n\t\t\t\t<\/div>\n\t\t\t\t\t<\/div>\n\t\t<\/div>\n\t\t\t\t\t<\/div>\n\t\t<\/section>\n\t\t\t\t\t<\/div>\n\t\t<\/div>\n\t\t\t\t\t<\/div>\n\t\t<\/section>\n\t\t\t\t<\/div>\n\t\t","protected":false},"excerpt":{"rendered":"<p>Voorjaarsreis Reis 2026 Nog enkele plaatsen beschikbaar! Organisatie: Annelies Bodif\u00e9e en Anja Wester Utrecht, november 2025 Beste leden en cursisten plus belangstellenden,In het voorjaar van 2026 organiseren wij weer een [&hellip;]<\/p>\n","protected":false},"author":5,"featured_media":25041,"parent":0,"menu_order":0,"comment_status":"closed","ping_status":"closed","template":"elementor_header_footer","meta":{"_acf_changed":false,"_monsterinsights_skip_tracking":false,"_monsterinsights_sitenote_active":false,"_monsterinsights_sitenote_note":"","_monsterinsights_sitenote_category":0,"footnotes":""},"class_list":["post-4094","page","type-page","status-publish","has-post-thumbnail","hentry"],"acf":[],"_links":{"self":[{"href":"https:\/\/www.alliance-francaise.nl\/utrecht\/wp-json\/wp\/v2\/pages\/4094","targetHints":{"allow":["GET"]}}],"collection":[{"href":"https:\/\/www.alliance-francaise.nl\/utrecht\/wp-json\/wp\/v2\/pages"}],"about":[{"href":"https:\/\/www.alliance-francaise.nl\/utrecht\/wp-json\/wp\/v2\/types\/page"}],"author":[{"embeddable":true,"href":"https:\/\/www.alliance-francaise.nl\/utrecht\/wp-json\/wp\/v2\/users\/5"}],"replies":[{"embeddable":true,"href":"https:\/\/www.alliance-francaise.nl\/utrecht\/wp-json\/wp\/v2\/comments?post=4094"}],"version-history":[{"count":20,"href":"https:\/\/www.alliance-francaise.nl\/utrecht\/wp-json\/wp\/v2\/pages\/4094\/revisions"}],"predecessor-version":[{"id":25906,"href":"https:\/\/www.alliance-francaise.nl\/utrecht\/wp-json\/wp\/v2\/pages\/4094\/revisions\/25906"}],"wp:featuredmedia":[{"embeddable":true,"href":"https:\/\/www.alliance-francaise.nl\/utrecht\/wp-json\/wp\/v2\/media\/25041"}],"wp:attachment":[{"href":"https:\/\/www.alliance-francaise.nl\/utrecht\/wp-json\/wp\/v2\/media?parent=4094"}],"curies":[{"name":"wp","href":"https:\/\/api.w.org\/{rel}","templated":true}]}}