{"id":3474,"date":"2020-06-03T09:57:05","date_gmt":"2020-06-03T09:57:05","guid":{"rendered":"https:\/\/www.alliance-francaise.nl\/2020\/utrecht\/?page_id=3474"},"modified":"2025-12-02T14:21:07","modified_gmt":"2025-12-02T13:21:07","slug":"exposities","status":"publish","type":"page","link":"https:\/\/www.alliance-francaise.nl\/utrecht\/exposities\/","title":{"rendered":"Exposities"},"content":{"rendered":"\t\t<div data-elementor-type=\"wp-page\" data-elementor-id=\"3474\" class=\"elementor elementor-3474\" data-elementor-post-type=\"page\">\n\t\t\t\t\t\t<section class=\"elementor-section elementor-top-section elementor-element elementor-element-16db136d elementor-section-boxed elementor-section-height-default elementor-section-height-default\" data-id=\"16db136d\" data-element_type=\"section\" data-e-type=\"section\">\n\t\t\t\t\t\t<div class=\"elementor-container elementor-column-gap-default\">\n\t\t\t\t\t<div class=\"elementor-column elementor-col-100 elementor-top-column elementor-element elementor-element-2a44f3b4\" data-id=\"2a44f3b4\" data-element_type=\"column\" data-e-type=\"column\">\n\t\t\t<div class=\"elementor-widget-wrap elementor-element-populated\">\n\t\t\t\t\t\t<div class=\"elementor-element elementor-element-4cf7b872 elementor-widget elementor-widget-image\" data-id=\"4cf7b872\" data-element_type=\"widget\" data-e-type=\"widget\" data-widget_type=\"image.default\">\n\t\t\t\t<div class=\"elementor-widget-container\">\n\t\t\t\t\t\t\t\t\t\t\t\t\t\t\t<img decoding=\"async\" src=\"https:\/\/www.alliance-francaise.nl\/utrecht\/wp-content\/uploads\/sites\/6\/2019\/11\/toqueville1.jpg\" title=\"\" alt=\"\" loading=\"lazy\" \/>\t\t\t\t\t\t\t\t\t\t\t\t\t\t\t<\/div>\n\t\t\t\t<\/div>\n\t\t\t\t\t<\/div>\n\t\t<\/div>\n\t\t\t\t\t<\/div>\n\t\t<\/section>\n\t\t<div class=\"elementor-element elementor-element-32ee451 e-flex e-con-boxed e-con e-parent\" data-id=\"32ee451\" data-element_type=\"container\" data-e-type=\"container\">\n\t\t\t\t\t<div class=\"e-con-inner\">\n\t\t\t\t<div class=\"elementor-element elementor-element-0fbf5c7 elementor-widget elementor-widget-menu-anchor\" data-id=\"0fbf5c7\" data-element_type=\"widget\" data-e-type=\"widget\" data-widget_type=\"menu-anchor.default\">\n\t\t\t\t<div class=\"elementor-widget-container\">\n\t\t\t\t\t\t\t<div class=\"elementor-menu-anchor\" id=\"SaintExupery\"><\/div>\n\t\t\t\t\t\t<\/div>\n\t\t\t\t<\/div>\n\t\t\t\t\t<\/div>\n\t\t\t\t<\/div>\n\t\t<div class=\"elementor-element elementor-element-5532627 e-flex e-con-boxed e-con e-parent\" data-id=\"5532627\" data-element_type=\"container\" data-e-type=\"container\">\n\t\t\t\t\t<div class=\"e-con-inner\">\n\t\t\t\t<div class=\"elementor-element elementor-element-b7e8a01 elementor-widget elementor-widget-heading\" data-id=\"b7e8a01\" data-element_type=\"widget\" data-e-type=\"widget\" data-widget_type=\"heading.default\">\n\t\t\t\t<div class=\"elementor-widget-container\">\n\t\t\t\t\t<h2 class=\"elementor-heading-title elementor-size-default\">Alliance Fran\u00e7aise Utrecht x Pieterskerk<\/h2>\t\t\t\t<\/div>\n\t\t\t\t<\/div>\n\t\t\t\t\t<\/div>\n\t\t\t\t<\/div>\n\t\t<div class=\"elementor-element elementor-element-83f4d99 e-grid e-con-boxed e-con e-parent\" data-id=\"83f4d99\" data-element_type=\"container\" data-e-type=\"container\">\n\t\t\t\t\t<div class=\"e-con-inner\">\n\t\t\t\t<div class=\"elementor-element elementor-element-df73b46 elementor-widget elementor-widget-image\" data-id=\"df73b46\" data-element_type=\"widget\" data-e-type=\"widget\" data-widget_type=\"image.default\">\n\t\t\t\t<div class=\"elementor-widget-container\">\n\t\t\t\t\t\t\t\t\t\t\t\t\t\t\t<img fetchpriority=\"high\" decoding=\"async\" width=\"460\" height=\"478\" src=\"https:\/\/www.alliance-francaise.nl\/utrecht\/wp-content\/uploads\/sites\/6\/2025\/12\/expo_badass_550_550.jpg\" class=\"attachment-large size-large wp-image-25470\" alt=\"\" srcset=\"https:\/\/www.alliance-francaise.nl\/utrecht\/wp-content\/uploads\/sites\/6\/2025\/12\/expo_badass_550_550.jpg 460w, https:\/\/www.alliance-francaise.nl\/utrecht\/wp-content\/uploads\/sites\/6\/2025\/12\/expo_badass_550_550-289x300.jpg 289w\" sizes=\"(max-width: 460px) 100vw, 460px\" \/>\t\t\t\t\t\t\t\t\t\t\t\t\t\t\t<\/div>\n\t\t\t\t<\/div>\n\t\t<div class=\"elementor-element elementor-element-d861b1b e-grid e-con-full e-con e-child\" data-id=\"d861b1b\" data-element_type=\"container\" data-e-type=\"container\">\n\t\t\t\t<div class=\"elementor-element elementor-element-dbe08fa elementor-widget elementor-widget-text-editor\" data-id=\"dbe08fa\" data-element_type=\"widget\" data-e-type=\"widget\" data-widget_type=\"text-editor.default\">\n\t\t\t\t<div class=\"elementor-widget-container\">\n\t\t\t\t\t\t\t\t\t<h2><em>Badass, les h\u00e9ro\u00efnes de la bande dessin\u00e9e jeunesse<\/em><\/h2><p>Tintin, Lucky Luck, Ast\u00e9rix\u2026 Autant de noms de personnages de bande dessin\u00e9e que nous connaissons. Mais avez-vous remarqu\u00e9 leur point commun ? Ce sont des personnages masculins !<\/p><p>O\u00f9 est le probl\u00e8me, allez-vous me dire ? Le souci est dans la repr\u00e9sentation du genre !<\/p><p>Quand on parle de h\u00e9ros de BD, ce sont des personnages masculins qui nous viennent en t\u00eate, et non\u00a0<strong>des h\u00e9ro\u00efnes de bande dessin\u00e9e jeunesse<\/strong>\u00a0!<\/p><p class=\"xmsonormal\"><strong><a href=\"https:\/\/www.lyonbd.com\/festival\/presentation\/en\/\">Lyon BD Festival<\/a>\u00a0pr\u00e9sentait pour la premi\u00e8re fois il y a quelques ann\u00e9es l\u2019exposition\u00a0<i>H\u00e9ro(\u00efne)s<\/i><\/strong>\u00a0pour d\u00e9noncer le manque de personnages\u00a0\u00a0f\u00e9minins dans la bande dessin\u00e9e ainsi que les clich\u00e9s rattach\u00e9s \u00e0 ces personnages. \u00a0<\/p><p class=\"xmsonormal\">Aujourd\u2019hui, les h\u00e9ro\u00efnes sont plus pr\u00e9sentes qu\u2019auparavant dans le paysage \u00e9ditorial et moins st\u00e9r\u00e9otyp\u00e9es ! Et elles se fichent de ce qu\u2019on\u00a0pourrait attendre d\u2019elles, elles ne correspondent plus \u00e0 aucun arch\u00e9type. Certaines sont ind\u00e9pendantes, guerri\u00e8res et courageuses. Certaines\u00a0m\u00e8nent l\u2019enqu\u00eate. Elles se d\u00e9fendent et d\u00e9fendent ceux et celles qui les entourent.\u00a0<strong>Parfois, elles \u00e9chouent, mais elles se rel\u00e8vent<\/strong>. Elles sont\u00a0\u00a0humaines, imparfaites et compl\u00e8tes. Elles ne sont plus cantonn\u00e9es \u00e0 des r\u00f4les de faire-valoir ou d\u2019arri\u00e8re-plan.<strong>\u00a0Elles sont actives et choisissent\u00a0\u00a0<\/strong><strong>leur voie ! \u00a0<\/strong><\/p><p>(Texte de l&#8217;AF Bruxelles)<\/p>\t\t\t\t\t\t\t\t<\/div>\n\t\t\t\t<\/div>\n\t\t\t\t<div class=\"elementor-element elementor-element-8b10e3d elementor-widget elementor-widget-text-editor\" data-id=\"8b10e3d\" data-element_type=\"widget\" data-e-type=\"widget\" data-widget_type=\"text-editor.default\">\n\t\t\t\t<div class=\"elementor-widget-container\">\n\t\t\t\t\t\t\t\t\t<h2><em>Badass, les h\u00e9ro\u00efnes de la bande dessin\u00e9e jeunesse<\/em><\/h2><p>Dutch<\/p>\t\t\t\t\t\t\t\t<\/div>\n\t\t\t\t<\/div>\n\t\t\t\t<div class=\"elementor-element elementor-element-e96ffe7 elementor-widget elementor-widget-text-editor\" data-id=\"e96ffe7\" data-element_type=\"widget\" data-e-type=\"widget\" data-widget_type=\"text-editor.default\">\n\t\t\t\t<div class=\"elementor-widget-container\">\n\t\t\t\t\t\t\t\t\t<h2><em>Badass, les h\u00e9ro\u00efnes de la bande dessin\u00e9e jeunesse<\/em><\/h2><p>English<\/p>\t\t\t\t\t\t\t\t<\/div>\n\t\t\t\t<\/div>\n\t\t\t\t<\/div>\n\t\t\t\t\t<\/div>\n\t\t\t\t<\/div>\n\t\t<div class=\"elementor-element elementor-element-3a40b63 e-grid e-con-boxed e-con e-parent\" data-id=\"3a40b63\" data-element_type=\"container\" data-e-type=\"container\">\n\t\t\t\t\t<div class=\"e-con-inner\">\n\t\t\t\t<div class=\"elementor-element elementor-element-5a5eef6 elementor-widget elementor-widget-spacer\" data-id=\"5a5eef6\" data-element_type=\"widget\" data-e-type=\"widget\" data-widget_type=\"spacer.default\">\n\t\t\t\t<div class=\"elementor-widget-container\">\n\t\t\t\t\t\t\t<div class=\"elementor-spacer\">\n\t\t\t<div class=\"elementor-spacer-inner\"><\/div>\n\t\t<\/div>\n\t\t\t\t\t\t<\/div>\n\t\t\t\t<\/div>\n\t\t\t\t<div class=\"elementor-element elementor-element-cc70c55 elementor-widget elementor-widget-spacer\" data-id=\"cc70c55\" data-element_type=\"widget\" data-e-type=\"widget\" data-widget_type=\"spacer.default\">\n\t\t\t\t<div class=\"elementor-widget-container\">\n\t\t\t\t\t\t\t<div class=\"elementor-spacer\">\n\t\t\t<div class=\"elementor-spacer-inner\"><\/div>\n\t\t<\/div>\n\t\t\t\t\t\t<\/div>\n\t\t\t\t<\/div>\n\t\t\t\t\t<\/div>\n\t\t\t\t<\/div>\n\t\t<div class=\"elementor-element elementor-element-617fd85 e-flex e-con-boxed e-con e-parent\" data-id=\"617fd85\" data-element_type=\"container\" data-e-type=\"container\">\n\t\t\t\t\t<div class=\"e-con-inner\">\n\t\t\t\t<div class=\"elementor-element elementor-element-d252b20 elementor-hidden-desktop elementor-hidden-tablet elementor-hidden-mobile elementor-widget elementor-widget-heading\" data-id=\"d252b20\" data-element_type=\"widget\" data-e-type=\"widget\" data-widget_type=\"heading.default\">\n\t\t\t\t<div class=\"elementor-widget-container\">\n\t\t\t\t\t<h2 class=\"elementor-heading-title elementor-size-default\">Excursion journ\u00e9e : Van Monet tot Morisot\n\n<\/h2>\t\t\t\t<\/div>\n\t\t\t\t<\/div>\n\t\t\t\t<div class=\"elementor-element elementor-element-e149113 elementor-hidden-desktop elementor-hidden-tablet elementor-hidden-mobile elementor-widget elementor-widget-text-editor\" data-id=\"e149113\" data-element_type=\"widget\" data-e-type=\"widget\" data-widget_type=\"text-editor.default\">\n\t\t\t\t<div class=\"elementor-widget-container\">\n\t\t\t\t\t\t\t\t\t<h2>Nous vous proposons une journ\u00e9e \u00e0 La Haye en petit groupe le jeudi 27 mars 2025 (maximum 15 participants).<\/h2><div>\u00a0<\/div><div><em>D\u00e9part en train \u00e0 9.13 d&#8217;Utrecht Centraal-Den Haag Centraal. Transfert vers le mus\u00e9e avec le tram 17.<\/em><\/div><ul><li><strong>10.15-11.30 Rondleidingen in het Frans met een gid<\/strong><\/li><\/ul><div>La visite guid\u00e9e est faite en fran\u00e7ais par un guide du mus\u00e9e Kunstmuseum Den Haag. Charlotte et Eug\u00e9nie sont disponibles pour parler des oeuvres en fran\u00e7ais avec vous.\u00a0<\/div><div><em>Transfert du mus\u00e9e au restaurant avec le tram 17.<\/em><\/div><ul><li><b>12.15-14.00 Franse Lunch : Restaurant &#8220;Classique&#8221; ROC Mondriaan <\/b>(Menu du chef : entr\u00e9e, plat, dessert)<\/li><\/ul><p>Le Restaurant &#8220;Classique&#8221; est un restaurant d&#8217;\u00e9cole d&#8217;h\u00f4tellerie. C&#8217;est un menu de qualit\u00e9 !<\/p><p><em>Transfert vers l&#8217;Alliance Fran\u00e7aise La Haye \u00e0 pied (5-7 minutes de marche).<\/em><\/p><ul><li><strong>14.00-15.30 Bezoek Alliance Fran\u00e7aise La Haye<\/strong><\/li><\/ul><div><p>\u00a0Rencontre des personnes travaillant \u00e0 l&#8217;Alliance et discussion avec eux sur la place du fran\u00e7ais dans les Alliances aux Pays-Bas et plus g\u00e9n\u00e9ralement la place du fran\u00e7ais pour les \u00e9tudiants n\u00e9erlandais.<\/p><\/div><p><em>Transfert vers Den Haag Centraal \u00e0 pied (10 minutes de marche) et train Den Haag-Utrecht avant 16.00.\u00a0<\/em><\/p><div><img decoding=\"async\" class=\"alignnone size-full wp-image-22016\" src=\"https:\/\/www.alliance-francaise.nl\/utrecht\/wp-content\/uploads\/sites\/6\/2025\/02\/format-newsletter-8.png\" alt=\"\" width=\"1080\" height=\"300\" srcset=\"https:\/\/www.alliance-francaise.nl\/utrecht\/wp-content\/uploads\/sites\/6\/2025\/02\/format-newsletter-8.png 1080w, https:\/\/www.alliance-francaise.nl\/utrecht\/wp-content\/uploads\/sites\/6\/2025\/02\/format-newsletter-8-300x83.png 300w, https:\/\/www.alliance-francaise.nl\/utrecht\/wp-content\/uploads\/sites\/6\/2025\/02\/format-newsletter-8-1024x284.png 1024w, https:\/\/www.alliance-francaise.nl\/utrecht\/wp-content\/uploads\/sites\/6\/2025\/02\/format-newsletter-8-768x213.png 768w, https:\/\/www.alliance-francaise.nl\/utrecht\/wp-content\/uploads\/sites\/6\/2025\/02\/format-newsletter-8-600x167.png 600w\" sizes=\"(max-width: 1080px) 100vw, 1080px\" \/><\/div><div>\u00a0<\/div><p><strong><a href=\"https:\/\/www.alliance-francaise.nl\/utrecht\/winkel\/#evenementen\"><em><span style=\"color: #ba372a\">TICKETS WINKEL (cliquez ici)<\/span><\/em><\/a><\/strong><\/p><p><a href=\"https:\/\/www.alliance-francaise.nl\/utrecht\/winkel\/#evenementen\"><em><span style=\"color: #ba372a\">Tarif membres : 40 euros par personne*<br \/><\/span><\/em><em style=\"color: var( --e-global-color-text );font-family: var( --e-global-typography-text-font-family ), Sans-serif;font-weight: var( --e-global-typography-text-font-weight );text-align: var(--text-align);font-size: 1rem\"><span style=\"color: #ba372a\">Tarif public : 44 euros par personne*<\/span><\/em><\/a><\/p><p><!-- x-tinymce\/html --><\/p><p><em><span style=\"color: #ba372a\">*Ce prix n&#8217;inclut pas le prix du train et du ticket d&#8217;entr\u00e9e au mus\u00e9e\/Deze prijs is exclusief de kosten van de trein of het toegangskaartje voor het museum.<\/span><\/em><\/p>\t\t\t\t\t\t\t\t<\/div>\n\t\t\t\t<\/div>\n\t\t\t\t\t<\/div>\n\t\t\t\t<\/div>\n\t\t\t\t<\/div>\n\t\t","protected":false},"excerpt":{"rendered":"<p>Alliance Fran\u00e7aise Utrecht x Pieterskerk Badass, les h\u00e9ro\u00efnes de la bande dessin\u00e9e jeunesse Tintin, Lucky Luck, Ast\u00e9rix\u2026 Autant de noms de personnages de bande dessin\u00e9e que nous connaissons. Mais avez-vous [&hellip;]<\/p>\n","protected":false},"author":5,"featured_media":0,"parent":0,"menu_order":0,"comment_status":"closed","ping_status":"closed","template":"elementor_header_footer","meta":{"_acf_changed":false,"_monsterinsights_skip_tracking":false,"_monsterinsights_sitenote_active":false,"_monsterinsights_sitenote_note":"","_monsterinsights_sitenote_category":0,"footnotes":""},"class_list":["post-3474","page","type-page","status-publish","hentry"],"acf":[],"_links":{"self":[{"href":"https:\/\/www.alliance-francaise.nl\/utrecht\/wp-json\/wp\/v2\/pages\/3474","targetHints":{"allow":["GET"]}}],"collection":[{"href":"https:\/\/www.alliance-francaise.nl\/utrecht\/wp-json\/wp\/v2\/pages"}],"about":[{"href":"https:\/\/www.alliance-francaise.nl\/utrecht\/wp-json\/wp\/v2\/types\/page"}],"author":[{"embeddable":true,"href":"https:\/\/www.alliance-francaise.nl\/utrecht\/wp-json\/wp\/v2\/users\/5"}],"replies":[{"embeddable":true,"href":"https:\/\/www.alliance-francaise.nl\/utrecht\/wp-json\/wp\/v2\/comments?post=3474"}],"version-history":[{"count":20,"href":"https:\/\/www.alliance-francaise.nl\/utrecht\/wp-json\/wp\/v2\/pages\/3474\/revisions"}],"predecessor-version":[{"id":25484,"href":"https:\/\/www.alliance-francaise.nl\/utrecht\/wp-json\/wp\/v2\/pages\/3474\/revisions\/25484"}],"wp:attachment":[{"href":"https:\/\/www.alliance-francaise.nl\/utrecht\/wp-json\/wp\/v2\/media?parent=3474"}],"curies":[{"name":"wp","href":"https:\/\/api.w.org\/{rel}","templated":true}]}}