{"id":23673,"date":"2025-05-22T14:12:28","date_gmt":"2025-05-22T13:12:28","guid":{"rendered":"https:\/\/www.alliance-francaise.nl\/utrecht\/?page_id=23673"},"modified":"2025-05-22T14:15:32","modified_gmt":"2025-05-22T13:15:32","slug":"singing-lessons","status":"publish","type":"page","link":"https:\/\/www.alliance-francaise.nl\/utrecht\/singing-lessons\/","title":{"rendered":"Singing lessons"},"content":{"rendered":"\t\t<div data-elementor-type=\"wp-page\" data-elementor-id=\"23673\" class=\"elementor elementor-23673\" data-elementor-post-type=\"page\">\n\t\t\t\t<div class=\"elementor-element elementor-element-063081f e-flex e-con-boxed e-con e-parent\" data-id=\"063081f\" data-element_type=\"container\" data-e-type=\"container\" data-settings=\"{&quot;background_background&quot;:&quot;slideshow&quot;,&quot;background_slideshow_gallery&quot;:[{&quot;id&quot;:&quot;23114&quot;,&quot;url&quot;:&quot;https:\\\/\\\/www.alliance-francaise.nl\\\/utrecht\\\/wp-content\\\/uploads\\\/sites\\\/6\\\/2025\\\/05\\\/kinderen.png&quot;}],&quot;background_slideshow_loop&quot;:&quot;yes&quot;,&quot;background_slideshow_slide_duration&quot;:5000,&quot;background_slideshow_slide_transition&quot;:&quot;fade&quot;,&quot;background_slideshow_transition_duration&quot;:500}\">\n\t\t\t\t\t<div class=\"e-con-inner\">\n\t\t\t\t<div class=\"elementor-element elementor-element-6fa3cf6 elementor-widget elementor-widget-heading\" data-id=\"6fa3cf6\" data-element_type=\"widget\" data-e-type=\"widget\" data-widget_type=\"heading.default\">\n\t\t\t\t<div class=\"elementor-widget-container\">\n\t\t\t\t\t<h1 class=\"elementor-heading-title elementor-size-default\">Singing lessons <\/h1>\t\t\t\t<\/div>\n\t\t\t\t<\/div>\n\t\t\t\t\t<\/div>\n\t\t\t\t<\/div>\n\t\t<div class=\"elementor-element elementor-element-a3c121f e-flex e-con-boxed e-con e-parent\" data-id=\"a3c121f\" data-element_type=\"container\" data-e-type=\"container\">\n\t\t\t\t\t<div class=\"e-con-inner\">\n\t\t\t\t<div class=\"elementor-element elementor-element-f10337f elementor-widget elementor-widget-text-editor\" data-id=\"f10337f\" data-element_type=\"widget\" data-e-type=\"widget\" data-widget_type=\"text-editor.default\">\n\t\t\t\t<div class=\"elementor-widget-container\">\n\t\t\t\t\t\t\t\t\t<h4>General information<\/h4>\t\t\t\t\t\t\t\t<\/div>\n\t\t\t\t<\/div>\n\t\t\t\t\t<\/div>\n\t\t\t\t<\/div>\n\t\t<div class=\"elementor-element elementor-element-c2661a3 e-flex e-con-boxed e-con e-parent\" data-id=\"c2661a3\" data-element_type=\"container\" data-e-type=\"container\">\n\t\t\t\t\t<div class=\"e-con-inner\">\n\t\t<div class=\"elementor-element elementor-element-1f23e9e e-con-full e-flex e-con e-child\" data-id=\"1f23e9e\" data-element_type=\"container\" data-e-type=\"container\">\n\t\t\t\t<div class=\"elementor-element elementor-element-cf1861e elementor-widget__width-initial elementor-widget elementor-widget-image\" data-id=\"cf1861e\" data-element_type=\"widget\" data-e-type=\"widget\" data-widget_type=\"image.default\">\n\t\t\t\t<div class=\"elementor-widget-container\">\n\t\t\t\t\t\t\t\t\t\t\t\t\t\t\t<img fetchpriority=\"high\" decoding=\"async\" width=\"865\" height=\"1536\" src=\"https:\/\/www.alliance-francaise.nl\/utrecht\/wp-content\/uploads\/sites\/6\/2025\/05\/Heloise-865x1536.jpg\" class=\"attachment-1536x1536 size-1536x1536 wp-image-23265\" alt=\"\" srcset=\"https:\/\/www.alliance-francaise.nl\/utrecht\/wp-content\/uploads\/sites\/6\/2025\/05\/Heloise-865x1536.jpg 865w, https:\/\/www.alliance-francaise.nl\/utrecht\/wp-content\/uploads\/sites\/6\/2025\/05\/Heloise-169x300.jpg 169w, https:\/\/www.alliance-francaise.nl\/utrecht\/wp-content\/uploads\/sites\/6\/2025\/05\/Heloise-577x1024.jpg 577w, https:\/\/www.alliance-francaise.nl\/utrecht\/wp-content\/uploads\/sites\/6\/2025\/05\/Heloise-768x1364.jpg 768w, https:\/\/www.alliance-francaise.nl\/utrecht\/wp-content\/uploads\/sites\/6\/2025\/05\/Heloise-600x1066.jpg 600w, https:\/\/www.alliance-francaise.nl\/utrecht\/wp-content\/uploads\/sites\/6\/2025\/05\/Heloise.jpg 1126w\" sizes=\"(max-width: 865px) 100vw, 865px\" \/>\t\t\t\t\t\t\t\t\t\t\t\t\t\t\t<\/div>\n\t\t\t\t<\/div>\n\t\t\t\t<\/div>\n\t\t<div class=\"elementor-element elementor-element-1324f19 e-con-full e-flex e-con e-child\" data-id=\"1324f19\" data-element_type=\"container\" data-e-type=\"container\">\n\t\t\t\t<div class=\"elementor-element elementor-element-ded85e2 elementor-widget elementor-widget-text-editor\" data-id=\"ded85e2\" data-element_type=\"widget\" data-e-type=\"widget\" data-widget_type=\"text-editor.default\">\n\t\t\t\t<div class=\"elementor-widget-container\">\n\t\t\t\t\t\t\t\t\t<p>Classes are taught in French by <strong>H\u00e9lo\u00efse Godefroi<\/strong>, a teacher with a master&#8217;s degree in singing.<\/p><p>H\u00e9lo\u00efse offers private singing lessons (or lessons for two if you want to take the course with a friend) and adapts to your needs: different levels of French, music theory, reading scores, learning music theory, etc.<\/p><p>Contact <span style=\"text-decoration: underline\"><strong><span style=\"color: #000000;text-decoration: underline\"><a style=\"color: #000000;text-decoration: underline\" href=\"mailto:cursus.utrecht@afpb.nl\">cursus.utrecht@afpb.nl<\/a><\/span><\/strong><\/span> for a quote.<\/p><p>Lessons are available on Mondays, Thursdays or Fridays.<\/p><p><span style=\"text-decoration: underline\">Rates:<\/span><\/p><ul><li>52 \u20ac \/ hour \/ person<\/li><li>65 \u20ac for 2<br \/>The teacher&#8217;s travel expenses (if applicable) at 23 ct\/km are borne by the client.<\/li><\/ul>\t\t\t\t\t\t\t\t<\/div>\n\t\t\t\t<\/div>\n\t\t\t\t<\/div>\n\t\t\t\t\t<\/div>\n\t\t\t\t<\/div>\n\t\t<div class=\"elementor-element elementor-element-b6db492 e-flex e-con-boxed e-con e-parent\" data-id=\"b6db492\" data-element_type=\"container\" data-e-type=\"container\" data-settings=\"{&quot;background_background&quot;:&quot;classic&quot;}\">\n\t\t\t\t\t<div class=\"e-con-inner\">\n\t\t<div class=\"elementor-element elementor-element-326e0a0 e-con-full e-flex e-con e-child\" data-id=\"326e0a0\" data-element_type=\"container\" data-e-type=\"container\">\n\t\t\t\t<div class=\"elementor-element elementor-element-0027eed elementor-widget elementor-widget-text-editor\" data-id=\"0027eed\" data-element_type=\"widget\" data-e-type=\"widget\" data-widget_type=\"text-editor.default\">\n\t\t\t\t<div class=\"elementor-widget-container\">\n\t\t\t\t\t\t\t\t\t<p>H\u00e9lo\u00efse began her musical training by studying the cello. In 2016, she began singing with Elsa L\u00e9vy, before earning her DEM at the CRR in Rueil-Malmaison in the class of Mary Saint-Palais in 2022.<\/p><p>That same year, she moved to the Netherlands to pursue a master&#8217;s degree in opera singing at the Conservatoire Sup\u00e9rieur d&#8217;Utrecht in the class of Selma Harkink.<\/p><p>Now graduated, H\u00e9lo\u00efse works as an academic with the Groot Omroepkoor and performs regularly as a soloist (Sublime Baroque, Bach Cantata Utrecht, Collegium Altena, etc.). She participated in master classes with Marc Mauillon, Fran\u00e7ois Leroux, Margreet Honig, Ira Siff and Lawrence Zazzo.<\/p><p>H\u00e9lo\u00efse is also a baroque cellist, performed at the Early Music Festival Utrecht Fringe in 2024 and now teaches at the Lindenberg CultuurHuis in Nijmegen.<\/p><p>H\u00e9lo\u00efse also studied at university in France. She studied musicology at the Paris-Sorbonne and philosophy at the Institut Catholique de Paris, then earned a master&#8217;s degree in Musicology and Social Sciences from the \u00c9cole des Hautes \u00c9tudes en Sciences Sociales (EHESS) in Paris.<\/p>\t\t\t\t\t\t\t\t<\/div>\n\t\t\t\t<\/div>\n\t\t\t\t<\/div>\n\t\t\t\t\t<\/div>\n\t\t\t\t<\/div>\n\t\t<div class=\"elementor-element elementor-element-7cb1b30 e-flex e-con-boxed e-con e-parent\" data-id=\"7cb1b30\" data-element_type=\"container\" data-e-type=\"container\">\n\t\t\t\t\t<div class=\"e-con-inner\">\n\t\t\t\t<div class=\"elementor-element elementor-element-0ae1d59 elementor-widget-divider--view-line_icon elementor-widget-divider--separator-type-pattern elementor-view-default elementor-widget-divider--element-align-center elementor-widget elementor-widget-divider\" data-id=\"0ae1d59\" data-element_type=\"widget\" data-e-type=\"widget\" data-widget_type=\"divider.default\">\n\t\t\t\t<div class=\"elementor-widget-container\">\n\t\t\t\t\t\t\t<div class=\"elementor-divider\" style=\"--divider-pattern-url: url(&quot;data:image\/svg+xml,%3Csvg xmlns=&#039;http:\/\/www.w3.org\/2000\/svg&#039; preserveAspectRatio=&#039;none&#039; overflow=&#039;visible&#039; height=&#039;100%&#039; viewBox=&#039;0 0 24 24&#039; fill=&#039;none&#039; stroke=&#039;black&#039; stroke-width=&#039;1&#039; stroke-linecap=&#039;square&#039; stroke-miterlimit=&#039;10&#039;%3E%3Cpath d=&#039;M0,6c6,0,0.9,11.1,6.9,11.1S18,6,24,6&#039;\/%3E%3C\/svg%3E&quot;);\">\n\t\t\t<span class=\"elementor-divider-separator\">\n\t\t\t\t\t\t\t<div class=\"elementor-icon elementor-divider__element\">\n\t\t\t\t\t<i aria-hidden=\"true\" class=\"fas fa-microphone-alt\"><\/i><\/div>\n\t\t\t\t\t\t<\/span>\n\t\t<\/div>\n\t\t\t\t\t\t<\/div>\n\t\t\t\t<\/div>\n\t\t\t\t\t<\/div>\n\t\t\t\t<\/div>\n\t\t\t\t<\/div>\n\t\t","protected":false},"excerpt":{"rendered":"<p>Singing lessons General information Classes are taught in French by H\u00e9lo\u00efse Godefroi, a teacher with a master&#8217;s degree in singing. H\u00e9lo\u00efse offers private singing lessons (or lessons for two if [&hellip;]<\/p>\n","protected":false},"author":105,"featured_media":0,"parent":0,"menu_order":0,"comment_status":"closed","ping_status":"closed","template":"","meta":{"_acf_changed":false,"_monsterinsights_skip_tracking":false,"_monsterinsights_sitenote_active":false,"_monsterinsights_sitenote_note":"","_monsterinsights_sitenote_category":0,"footnotes":""},"class_list":["post-23673","page","type-page","status-publish","hentry"],"acf":[],"_links":{"self":[{"href":"https:\/\/www.alliance-francaise.nl\/utrecht\/wp-json\/wp\/v2\/pages\/23673","targetHints":{"allow":["GET"]}}],"collection":[{"href":"https:\/\/www.alliance-francaise.nl\/utrecht\/wp-json\/wp\/v2\/pages"}],"about":[{"href":"https:\/\/www.alliance-francaise.nl\/utrecht\/wp-json\/wp\/v2\/types\/page"}],"author":[{"embeddable":true,"href":"https:\/\/www.alliance-francaise.nl\/utrecht\/wp-json\/wp\/v2\/users\/105"}],"replies":[{"embeddable":true,"href":"https:\/\/www.alliance-francaise.nl\/utrecht\/wp-json\/wp\/v2\/comments?post=23673"}],"version-history":[{"count":4,"href":"https:\/\/www.alliance-francaise.nl\/utrecht\/wp-json\/wp\/v2\/pages\/23673\/revisions"}],"predecessor-version":[{"id":23678,"href":"https:\/\/www.alliance-francaise.nl\/utrecht\/wp-json\/wp\/v2\/pages\/23673\/revisions\/23678"}],"wp:attachment":[{"href":"https:\/\/www.alliance-francaise.nl\/utrecht\/wp-json\/wp\/v2\/media?parent=23673"}],"curies":[{"name":"wp","href":"https:\/\/api.w.org\/{rel}","templated":true}]}}