{"id":23667,"date":"2025-05-22T13:46:09","date_gmt":"2025-05-22T12:46:09","guid":{"rendered":"https:\/\/www.alliance-francaise.nl\/utrecht\/?page_id=23667"},"modified":"2025-05-22T14:26:34","modified_gmt":"2025-05-22T13:26:34","slug":"cours-de-chant","status":"publish","type":"page","link":"https:\/\/www.alliance-francaise.nl\/utrecht\/fr\/cours-de-chant\/","title":{"rendered":"Cours de chant"},"content":{"rendered":"\t\t<div data-elementor-type=\"wp-page\" data-elementor-id=\"23667\" class=\"elementor elementor-23667\" data-elementor-post-type=\"page\">\n\t\t\t\t<div class=\"elementor-element elementor-element-063081f e-flex e-con-boxed e-con e-parent\" data-id=\"063081f\" data-element_type=\"container\" data-e-type=\"container\" data-settings=\"{&quot;background_background&quot;:&quot;slideshow&quot;,&quot;background_slideshow_gallery&quot;:[{&quot;id&quot;:&quot;23114&quot;,&quot;url&quot;:&quot;https:\\\/\\\/www.alliance-francaise.nl\\\/utrecht\\\/wp-content\\\/uploads\\\/sites\\\/6\\\/2025\\\/05\\\/kinderen.png&quot;}],&quot;background_slideshow_loop&quot;:&quot;yes&quot;,&quot;background_slideshow_slide_duration&quot;:5000,&quot;background_slideshow_slide_transition&quot;:&quot;fade&quot;,&quot;background_slideshow_transition_duration&quot;:500}\">\n\t\t\t\t\t<div class=\"e-con-inner\">\n\t\t\t\t<div class=\"elementor-element elementor-element-6fa3cf6 elementor-widget elementor-widget-heading\" data-id=\"6fa3cf6\" data-element_type=\"widget\" data-e-type=\"widget\" data-widget_type=\"heading.default\">\n\t\t\t\t<div class=\"elementor-widget-container\">\n\t\t\t\t\t<h1 class=\"elementor-heading-title elementor-size-default\">Cours de chant <\/h1>\t\t\t\t<\/div>\n\t\t\t\t<\/div>\n\t\t\t\t\t<\/div>\n\t\t\t\t<\/div>\n\t\t<div class=\"elementor-element elementor-element-a3c121f e-flex e-con-boxed e-con e-parent\" data-id=\"a3c121f\" data-element_type=\"container\" data-e-type=\"container\">\n\t\t\t\t\t<div class=\"e-con-inner\">\n\t\t\t\t<div class=\"elementor-element elementor-element-f10337f elementor-widget elementor-widget-text-editor\" data-id=\"f10337f\" data-element_type=\"widget\" data-e-type=\"widget\" data-widget_type=\"text-editor.default\">\n\t\t\t\t<div class=\"elementor-widget-container\">\n\t\t\t\t\t\t\t\t\t<h4>Informations g\u00e9n\u00e9rales<\/h4>\t\t\t\t\t\t\t\t<\/div>\n\t\t\t\t<\/div>\n\t\t\t\t\t<\/div>\n\t\t\t\t<\/div>\n\t\t<div class=\"elementor-element elementor-element-c2661a3 e-flex e-con-boxed e-con e-parent\" data-id=\"c2661a3\" data-element_type=\"container\" data-e-type=\"container\">\n\t\t\t\t\t<div class=\"e-con-inner\">\n\t\t<div class=\"elementor-element elementor-element-1f23e9e e-con-full e-flex e-con e-child\" data-id=\"1f23e9e\" data-element_type=\"container\" data-e-type=\"container\">\n\t\t\t\t<div class=\"elementor-element elementor-element-cf1861e elementor-widget__width-initial elementor-widget elementor-widget-image\" data-id=\"cf1861e\" data-element_type=\"widget\" data-e-type=\"widget\" data-widget_type=\"image.default\">\n\t\t\t\t<div class=\"elementor-widget-container\">\n\t\t\t\t\t\t\t\t\t\t\t\t\t\t\t<img fetchpriority=\"high\" decoding=\"async\" width=\"865\" height=\"1536\" src=\"https:\/\/www.alliance-francaise.nl\/utrecht\/wp-content\/uploads\/sites\/6\/2025\/05\/Heloise-865x1536.jpg\" class=\"attachment-1536x1536 size-1536x1536 wp-image-23265\" alt=\"\" srcset=\"https:\/\/www.alliance-francaise.nl\/utrecht\/wp-content\/uploads\/sites\/6\/2025\/05\/Heloise-865x1536.jpg 865w, https:\/\/www.alliance-francaise.nl\/utrecht\/wp-content\/uploads\/sites\/6\/2025\/05\/Heloise-169x300.jpg 169w, https:\/\/www.alliance-francaise.nl\/utrecht\/wp-content\/uploads\/sites\/6\/2025\/05\/Heloise-577x1024.jpg 577w, https:\/\/www.alliance-francaise.nl\/utrecht\/wp-content\/uploads\/sites\/6\/2025\/05\/Heloise-768x1364.jpg 768w, https:\/\/www.alliance-francaise.nl\/utrecht\/wp-content\/uploads\/sites\/6\/2025\/05\/Heloise-600x1066.jpg 600w, https:\/\/www.alliance-francaise.nl\/utrecht\/wp-content\/uploads\/sites\/6\/2025\/05\/Heloise.jpg 1126w\" sizes=\"(max-width: 865px) 100vw, 865px\" \/>\t\t\t\t\t\t\t\t\t\t\t\t\t\t\t<\/div>\n\t\t\t\t<\/div>\n\t\t\t\t<\/div>\n\t\t<div class=\"elementor-element elementor-element-1324f19 e-con-full e-flex e-con e-child\" data-id=\"1324f19\" data-element_type=\"container\" data-e-type=\"container\">\n\t\t\t\t<div class=\"elementor-element elementor-element-ded85e2 elementor-widget elementor-widget-text-editor\" data-id=\"ded85e2\" data-element_type=\"widget\" data-e-type=\"widget\" data-widget_type=\"text-editor.default\">\n\t\t\t\t<div class=\"elementor-widget-container\">\n\t\t\t\t\t\t\t\t\t<p>Les cours sont men\u00e9s en fran\u00e7ais par <strong>H\u00e9lo\u00efse Godefroi<\/strong>, professeur dipl\u00f4m\u00e9 d&#8217;un master de chant.<\/p><p>H\u00e9lo\u00efse propose des cours priv\u00e9s de chant (ou pour deux personnes si vous souhaitez suivre le cours avec un.e ami.e) et s&#8217;adapte \u00e0 vos besoins : diff\u00e9rents niveaux de fran\u00e7ais, th\u00e9orie musicale, lecture de partitions, apprentissage du solf\u00e8ge, etc.<\/p><p>Merci de contacter <span style=\"text-decoration: underline\"><strong><span style=\"color: #000000\"><a style=\"color: #000000;text-decoration: underline\" href=\"mailto:cursus.utrecht@afpb.nl\">cursus.utrecht@afpb.nl<\/a><\/span><\/strong><\/span> pour obtenir un devis.\u00a0<\/p><p><em>Cours possibles les lundis, jeudi ou vendredi.<\/em><\/p><p><u>Tarifs :<\/u><\/p><ul><li>52 \u20ac \/ heure \/ personne<\/li><li>65 \u20ac pour deux personnes\u00a0<\/li><li>Les frais de d\u00e9placement de l&#8217;enseignant (le cas \u00e9ch\u00e9ant) \u00e0 23 ct\/km sont \u00e0 la charge du client.<\/li><\/ul>\t\t\t\t\t\t\t\t<\/div>\n\t\t\t\t<\/div>\n\t\t\t\t<\/div>\n\t\t\t\t\t<\/div>\n\t\t\t\t<\/div>\n\t\t<div class=\"elementor-element elementor-element-b6db492 e-flex e-con-boxed e-con e-parent\" data-id=\"b6db492\" data-element_type=\"container\" data-e-type=\"container\" data-settings=\"{&quot;background_background&quot;:&quot;classic&quot;}\">\n\t\t\t\t\t<div class=\"e-con-inner\">\n\t\t<div class=\"elementor-element elementor-element-326e0a0 e-con-full e-flex e-con e-child\" data-id=\"326e0a0\" data-element_type=\"container\" data-e-type=\"container\">\n\t\t\t\t<div class=\"elementor-element elementor-element-0027eed elementor-widget elementor-widget-text-editor\" data-id=\"0027eed\" data-element_type=\"widget\" data-e-type=\"widget\" data-widget_type=\"text-editor.default\">\n\t\t\t\t<div class=\"elementor-widget-container\">\n\t\t\t\t\t\t\t\t\t<p>H\u00e9lo\u00efse commence sa formation musicale en \u00e9tudiant le violoncelle. En 2016, elle d\u00e9bute le chant lyrique avec Elsa L\u00e9vy puis obtient son DEM en 2022 au CRR de Rueil-Malmaison dans la classe de Mary Saint-Palais.<br \/>La m\u00eame ann\u00e9e, elle d\u00e9m\u00e9nage aux Pays-Bas pour y suivre un master de chant lyrique au\u00a0conservatoire sup\u00e9rieur d\u2019Utrecht dans la classe de Selma Harkink.<br \/>D\u00e9sormais dipl\u00f4m\u00e9e, H\u00e9lo\u00efse\u00a0collabore en temps qu\u2019acad\u00e9miste avec le Groot Omroepkoor et se produit r\u00e9guli\u00e8rement en soliste\u00a0(Sublime Baroque, Bach Cantata Utrecht, Collegium Altena &#8230;). Elle a particip\u00e9 \u00e0 des masterclass avec\u00a0Marc Mauillon, Fran\u00e7ois Leroux, Margreet Honig, Ira Siff ou encore Lawrence Zazzo.<br \/>\u00c9galement violoncelliste baroque, H\u00e9lo\u00efse s\u2019est produit au Fringe du Oude Muziek Festival Utrecht en\u00a02024 et enseigne d\u00e9sormais son instrument au Lindenberg CultuurHuis Nijmegen.<br \/>En France, H\u00e9lo\u00efse a \u00e9galement \u00e9tudi\u00e9 \u00e0 l\u2019universit\u00e9. Elle est licenci\u00e9e en musicologie \u00e0 Paris-Sorbonne,\u00a0en philosophie \u00e0 l\u2019Institut Catholique de Paris, et a obtenu par la suite un master de Musicologie et\u00a0Sciences Sociales \u00e0 l\u2019EHESS Paris (\u00c9cole des Hautes \u00e9tudes en Sciences Sociales).<\/p>\t\t\t\t\t\t\t\t<\/div>\n\t\t\t\t<\/div>\n\t\t\t\t<\/div>\n\t\t\t\t\t<\/div>\n\t\t\t\t<\/div>\n\t\t<div class=\"elementor-element elementor-element-7cb1b30 e-flex e-con-boxed e-con e-parent\" data-id=\"7cb1b30\" data-element_type=\"container\" data-e-type=\"container\">\n\t\t\t\t\t<div class=\"e-con-inner\">\n\t\t\t\t<div class=\"elementor-element elementor-element-0ae1d59 elementor-widget-divider--view-line_icon elementor-widget-divider--separator-type-pattern elementor-view-default elementor-widget-divider--element-align-center elementor-widget elementor-widget-divider\" data-id=\"0ae1d59\" data-element_type=\"widget\" data-e-type=\"widget\" data-widget_type=\"divider.default\">\n\t\t\t\t<div class=\"elementor-widget-container\">\n\t\t\t\t\t\t\t<div class=\"elementor-divider\" style=\"--divider-pattern-url: url(&quot;data:image\/svg+xml,%3Csvg xmlns=&#039;http:\/\/www.w3.org\/2000\/svg&#039; preserveAspectRatio=&#039;none&#039; overflow=&#039;visible&#039; height=&#039;100%&#039; viewBox=&#039;0 0 24 24&#039; fill=&#039;none&#039; stroke=&#039;black&#039; stroke-width=&#039;1&#039; stroke-linecap=&#039;square&#039; stroke-miterlimit=&#039;10&#039;%3E%3Cpath d=&#039;M0,6c6,0,0.9,11.1,6.9,11.1S18,6,24,6&#039;\/%3E%3C\/svg%3E&quot;);\">\n\t\t\t<span class=\"elementor-divider-separator\">\n\t\t\t\t\t\t\t<div class=\"elementor-icon elementor-divider__element\">\n\t\t\t\t\t<i aria-hidden=\"true\" class=\"fas fa-microphone-alt\"><\/i><\/div>\n\t\t\t\t\t\t<\/span>\n\t\t<\/div>\n\t\t\t\t\t\t<\/div>\n\t\t\t\t<\/div>\n\t\t\t\t\t<\/div>\n\t\t\t\t<\/div>\n\t\t\t\t<\/div>\n\t\t","protected":false},"excerpt":{"rendered":"<p>Cours de chant Informations g\u00e9n\u00e9rales Les cours sont men\u00e9s en fran\u00e7ais par H\u00e9lo\u00efse Godefroi, professeur dipl\u00f4m\u00e9 d&#8217;un master de chant. H\u00e9lo\u00efse propose des cours priv\u00e9s de chant (ou pour deux [&hellip;]<\/p>\n","protected":false},"author":105,"featured_media":0,"parent":0,"menu_order":0,"comment_status":"closed","ping_status":"closed","template":"","meta":{"_acf_changed":false,"_monsterinsights_skip_tracking":false,"_monsterinsights_sitenote_active":false,"_monsterinsights_sitenote_note":"","_monsterinsights_sitenote_category":0,"footnotes":""},"class_list":["post-23667","page","type-page","status-publish","hentry"],"acf":[],"_links":{"self":[{"href":"https:\/\/www.alliance-francaise.nl\/utrecht\/wp-json\/wp\/v2\/pages\/23667","targetHints":{"allow":["GET"]}}],"collection":[{"href":"https:\/\/www.alliance-francaise.nl\/utrecht\/wp-json\/wp\/v2\/pages"}],"about":[{"href":"https:\/\/www.alliance-francaise.nl\/utrecht\/wp-json\/wp\/v2\/types\/page"}],"author":[{"embeddable":true,"href":"https:\/\/www.alliance-francaise.nl\/utrecht\/wp-json\/wp\/v2\/users\/105"}],"replies":[{"embeddable":true,"href":"https:\/\/www.alliance-francaise.nl\/utrecht\/wp-json\/wp\/v2\/comments?post=23667"}],"version-history":[{"count":7,"href":"https:\/\/www.alliance-francaise.nl\/utrecht\/wp-json\/wp\/v2\/pages\/23667\/revisions"}],"predecessor-version":[{"id":23681,"href":"https:\/\/www.alliance-francaise.nl\/utrecht\/wp-json\/wp\/v2\/pages\/23667\/revisions\/23681"}],"wp:attachment":[{"href":"https:\/\/www.alliance-francaise.nl\/utrecht\/wp-json\/wp\/v2\/media?parent=23667"}],"curies":[{"name":"wp","href":"https:\/\/api.w.org\/{rel}","templated":true}]}}