{"id":22556,"date":"2025-04-10T12:46:22","date_gmt":"2025-04-10T11:46:22","guid":{"rendered":"https:\/\/www.alliance-francaise.nl\/utrecht\/?page_id=22556"},"modified":"2025-10-30T17:21:42","modified_gmt":"2025-10-30T16:21:42","slug":"spring-trip","status":"publish","type":"page","link":"https:\/\/www.alliance-francaise.nl\/utrecht\/spring-trip\/","title":{"rendered":"Spring trip"},"content":{"rendered":"\t\t<div data-elementor-type=\"wp-page\" data-elementor-id=\"22556\" class=\"elementor elementor-22556\" data-elementor-post-type=\"page\">\n\t\t\t\t\t\t<section class=\"elementor-section elementor-top-section elementor-element elementor-element-3babc0ae elementor-section-boxed elementor-section-height-default elementor-section-height-default\" data-id=\"3babc0ae\" data-element_type=\"section\" data-e-type=\"section\" data-settings=\"{&quot;background_background&quot;:&quot;classic&quot;}\">\n\t\t\t\t\t\t<div class=\"elementor-container elementor-column-gap-default\">\n\t\t\t\t\t<div class=\"elementor-column elementor-col-100 elementor-top-column elementor-element elementor-element-061d341\" data-id=\"061d341\" data-element_type=\"column\" data-e-type=\"column\">\n\t\t\t<div class=\"elementor-widget-wrap\">\n\t\t\t\t\t\t\t<\/div>\n\t\t<\/div>\n\t\t\t\t\t<\/div>\n\t\t<\/section>\n\t\t\t\t<section class=\"elementor-section elementor-top-section elementor-element elementor-element-38b00102 elementor-section-boxed elementor-section-height-default elementor-section-height-default\" data-id=\"38b00102\" data-element_type=\"section\" data-e-type=\"section\" data-settings=\"{&quot;background_background&quot;:&quot;classic&quot;}\">\n\t\t\t\t\t\t<div class=\"elementor-container elementor-column-gap-default\">\n\t\t\t\t\t<div class=\"elementor-column elementor-col-100 elementor-top-column elementor-element elementor-element-60ee49ae\" data-id=\"60ee49ae\" data-element_type=\"column\" data-e-type=\"column\" data-settings=\"{&quot;background_background&quot;:&quot;classic&quot;}\">\n\t\t\t<div class=\"elementor-widget-wrap elementor-element-populated\">\n\t\t\t\t\t<div class=\"elementor-background-overlay\"><\/div>\n\t\t\t\t\t\t<div class=\"elementor-element elementor-element-2ff4a459 elementor-widget elementor-widget-heading\" data-id=\"2ff4a459\" data-element_type=\"widget\" data-e-type=\"widget\" data-widget_type=\"heading.default\">\n\t\t\t\t<div class=\"elementor-widget-container\">\n\t\t\t\t\t<h1 class=\"elementor-heading-title elementor-size-default\">Spring trip<\/h1>\t\t\t\t<\/div>\n\t\t\t\t<\/div>\n\t\t\t\t\t<\/div>\n\t\t<\/div>\n\t\t\t\t\t<\/div>\n\t\t<\/section>\n\t\t\t\t<section class=\"elementor-section elementor-top-section elementor-element elementor-element-1a362fb elementor-section-boxed elementor-section-height-default elementor-section-height-default\" data-id=\"1a362fb\" data-element_type=\"section\" data-e-type=\"section\">\n\t\t\t\t\t\t<div class=\"elementor-container elementor-column-gap-default\">\n\t\t\t\t\t<div class=\"elementor-column elementor-col-100 elementor-top-column elementor-element elementor-element-68271e1\" data-id=\"68271e1\" data-element_type=\"column\" data-e-type=\"column\">\n\t\t\t<div class=\"elementor-widget-wrap elementor-element-populated\">\n\t\t\t\t\t\t<div class=\"elementor-element elementor-element-f834bb0 elementor-widget elementor-widget-heading\" data-id=\"f834bb0\" data-element_type=\"widget\" data-e-type=\"widget\" data-widget_type=\"heading.default\">\n\t\t\t\t<div class=\"elementor-widget-container\">\n\t\t\t\t\t<h2 class=\"elementor-heading-title elementor-size-default\">Trip of 2026 to Compi\u00e8gne<\/h2>\t\t\t\t<\/div>\n\t\t\t\t<\/div>\n\t\t\t\t<div class=\"elementor-element elementor-element-7eb9c2a elementor-widget elementor-widget-text-editor\" data-id=\"7eb9c2a\" data-element_type=\"widget\" data-e-type=\"widget\" data-widget_type=\"text-editor.default\">\n\t\t\t\t<div class=\"elementor-widget-container\">\n\t\t\t\t\t\t\t\t\t<p style=\"text-align: center\">Organisation: Annelies Bodif\u00e9e and Anja Wester<\/p>\t\t\t\t\t\t\t\t<\/div>\n\t\t\t\t<\/div>\n\t\t\t\t<section class=\"elementor-section elementor-inner-section elementor-element elementor-element-0f87d5b elementor-section-boxed elementor-section-height-default elementor-section-height-default\" data-id=\"0f87d5b\" data-element_type=\"section\" data-e-type=\"section\">\n\t\t\t\t\t\t<div class=\"elementor-container elementor-column-gap-default\">\n\t\t\t\t\t<div class=\"elementor-column elementor-col-50 elementor-inner-column elementor-element elementor-element-2b8a07c\" data-id=\"2b8a07c\" data-element_type=\"column\" data-e-type=\"column\">\n\t\t\t<div class=\"elementor-widget-wrap elementor-element-populated\">\n\t\t\t\t\t\t<div class=\"elementor-element elementor-element-0d29534 elementor-widget__width-initial elementor-widget elementor-widget-text-editor\" data-id=\"0d29534\" data-element_type=\"widget\" data-e-type=\"widget\" data-widget_type=\"text-editor.default\">\n\t\t\t\t<div class=\"elementor-widget-container\">\n\t\t\t\t\t\t\t\t\t<p><strong>Utrecht, November 2025<\/strong><\/p><p>Dear members, students and interested parties,<br \/><br \/>In the spring of 2026, we will once again be organising an interesting five-day trip to France. We have chosen Compi\u00e8gne et sa R\u00e9gion Royale as our destination.<br \/><br \/>Please find the programme below.<\/p>\t\t\t\t\t\t\t\t<\/div>\n\t\t\t\t<\/div>\n\t\t\t\t\t<\/div>\n\t\t<\/div>\n\t\t\t\t<div class=\"elementor-column elementor-col-50 elementor-inner-column elementor-element elementor-element-29811e1\" data-id=\"29811e1\" data-element_type=\"column\" data-e-type=\"column\">\n\t\t\t<div class=\"elementor-widget-wrap elementor-element-populated\">\n\t\t\t\t\t\t<div class=\"elementor-element elementor-element-2603207 elementor-widget elementor-widget-image\" data-id=\"2603207\" data-element_type=\"widget\" data-e-type=\"widget\" data-widget_type=\"image.default\">\n\t\t\t\t<div class=\"elementor-widget-container\">\n\t\t\t\t\t\t\t\t\t\t\t\t\t\t\t<img fetchpriority=\"high\" decoding=\"async\" width=\"800\" height=\"600\" src=\"https:\/\/www.alliance-francaise.nl\/utrecht\/wp-content\/uploads\/sites\/6\/2025\/09\/IMG_7909-2-1024x768.jpg\" class=\"attachment-large size-large wp-image-24755\" alt=\"\" srcset=\"https:\/\/www.alliance-francaise.nl\/utrecht\/wp-content\/uploads\/sites\/6\/2025\/09\/IMG_7909-2-1024x768.jpg 1024w, https:\/\/www.alliance-francaise.nl\/utrecht\/wp-content\/uploads\/sites\/6\/2025\/09\/IMG_7909-2-300x225.jpg 300w, https:\/\/www.alliance-francaise.nl\/utrecht\/wp-content\/uploads\/sites\/6\/2025\/09\/IMG_7909-2-768x576.jpg 768w, https:\/\/www.alliance-francaise.nl\/utrecht\/wp-content\/uploads\/sites\/6\/2025\/09\/IMG_7909-2-1536x1152.jpg 1536w, https:\/\/www.alliance-francaise.nl\/utrecht\/wp-content\/uploads\/sites\/6\/2025\/09\/IMG_7909-2-2048x1536.jpg 2048w, https:\/\/www.alliance-francaise.nl\/utrecht\/wp-content\/uploads\/sites\/6\/2025\/09\/IMG_7909-2-600x450.jpg 600w, https:\/\/www.alliance-francaise.nl\/utrecht\/wp-content\/uploads\/sites\/6\/2025\/09\/IMG_7909-2-1320x990.jpg 1320w\" sizes=\"(max-width: 800px) 100vw, 800px\" \/>\t\t\t\t\t\t\t\t\t\t\t\t\t\t\t<\/div>\n\t\t\t\t<\/div>\n\t\t\t\t\t<\/div>\n\t\t<\/div>\n\t\t\t\t\t<\/div>\n\t\t<\/section>\n\t\t\t\t<section class=\"elementor-section elementor-inner-section elementor-element elementor-element-957d974 elementor-section-boxed elementor-section-height-default elementor-section-height-default\" data-id=\"957d974\" data-element_type=\"section\" data-e-type=\"section\">\n\t\t\t\t\t\t<div class=\"elementor-container elementor-column-gap-default\">\n\t\t\t\t\t<div class=\"elementor-column elementor-col-50 elementor-inner-column elementor-element elementor-element-a55bed9\" data-id=\"a55bed9\" data-element_type=\"column\" data-e-type=\"column\">\n\t\t\t<div class=\"elementor-widget-wrap elementor-element-populated\">\n\t\t\t\t\t\t<div class=\"elementor-element elementor-element-0bc7c27 elementor-widget elementor-widget-text-editor\" data-id=\"0bc7c27\" data-element_type=\"widget\" data-e-type=\"widget\" data-widget_type=\"text-editor.default\">\n\t\t\t\t<div class=\"elementor-widget-container\">\n\t\t\t\t\t\t\t\t\t<p><strong>Wednesday, May 20<\/strong><\/p><p>Departure at 8:30 a.m. from Overvecht station with our own bus.<br \/>Coffee\/tea and toilet breaks en route in consultation with the driver.<br \/>We will make a stop in Guise (Aisne department) to visit <em>La familist\u00e8re de Guise \u2013 Une utopie r\u00e9alis\u00e9e<\/em>. This is a multifunctional centre that includes a museum in a restored industrial heritage site. Lunch on your own. Or bring a packed lunch from home.<br \/><br \/>We hope to arrive at the H\u00f4tel de Flandre in the centre of Compi\u00e8gne around 6 p.m. <br \/>We will stay there for 4 nights.<br \/>Dinner in a restaurant within walking distance of the hotel.<\/p>\t\t\t\t\t\t\t\t<\/div>\n\t\t\t\t<\/div>\n\t\t\t\t\t<\/div>\n\t\t<\/div>\n\t\t\t\t<div class=\"elementor-column elementor-col-50 elementor-inner-column elementor-element elementor-element-e868c68\" data-id=\"e868c68\" data-element_type=\"column\" data-e-type=\"column\">\n\t\t\t<div class=\"elementor-widget-wrap elementor-element-populated\">\n\t\t\t\t\t\t<div class=\"elementor-element elementor-element-d68de11 elementor-hidden-tablet elementor-hidden-mobile elementor-widget elementor-widget-spacer\" data-id=\"d68de11\" data-element_type=\"widget\" data-e-type=\"widget\" data-widget_type=\"spacer.default\">\n\t\t\t\t<div class=\"elementor-widget-container\">\n\t\t\t\t\t\t\t<div class=\"elementor-spacer\">\n\t\t\t<div class=\"elementor-spacer-inner\"><\/div>\n\t\t<\/div>\n\t\t\t\t\t\t<\/div>\n\t\t\t\t<\/div>\n\t\t\t\t<div class=\"elementor-element elementor-element-2687e77 elementor-widget elementor-widget-image\" data-id=\"2687e77\" data-element_type=\"widget\" data-e-type=\"widget\" data-widget_type=\"image.default\">\n\t\t\t\t<div class=\"elementor-widget-container\">\n\t\t\t\t\t\t\t\t\t\t\t\t\t\t\t<img decoding=\"async\" width=\"800\" height=\"400\" src=\"https:\/\/www.alliance-francaise.nl\/utrecht\/wp-content\/uploads\/sites\/6\/2025\/10\/Familistere-de-Guise-1280x640-1-1024x512.jpg\" class=\"attachment-large size-large wp-image-25032\" alt=\"\" srcset=\"https:\/\/www.alliance-francaise.nl\/utrecht\/wp-content\/uploads\/sites\/6\/2025\/10\/Familistere-de-Guise-1280x640-1-1024x512.jpg 1024w, https:\/\/www.alliance-francaise.nl\/utrecht\/wp-content\/uploads\/sites\/6\/2025\/10\/Familistere-de-Guise-1280x640-1-300x150.jpg 300w, https:\/\/www.alliance-francaise.nl\/utrecht\/wp-content\/uploads\/sites\/6\/2025\/10\/Familistere-de-Guise-1280x640-1-768x384.jpg 768w, https:\/\/www.alliance-francaise.nl\/utrecht\/wp-content\/uploads\/sites\/6\/2025\/10\/Familistere-de-Guise-1280x640-1-600x300.jpg 600w, https:\/\/www.alliance-francaise.nl\/utrecht\/wp-content\/uploads\/sites\/6\/2025\/10\/Familistere-de-Guise-1280x640-1.jpg 1280w\" sizes=\"(max-width: 800px) 100vw, 800px\" \/>\t\t\t\t\t\t\t\t\t\t\t\t\t\t\t<\/div>\n\t\t\t\t<\/div>\n\t\t\t\t\t<\/div>\n\t\t<\/div>\n\t\t\t\t\t<\/div>\n\t\t<\/section>\n\t\t\t\t<section class=\"elementor-section elementor-inner-section elementor-element elementor-element-c23bf48 elementor-section-boxed elementor-section-height-default elementor-section-height-default\" data-id=\"c23bf48\" data-element_type=\"section\" data-e-type=\"section\">\n\t\t\t\t\t\t<div class=\"elementor-container elementor-column-gap-default\">\n\t\t\t\t\t<div class=\"elementor-column elementor-col-50 elementor-inner-column elementor-element elementor-element-ec0cd56\" data-id=\"ec0cd56\" data-element_type=\"column\" data-e-type=\"column\">\n\t\t\t<div class=\"elementor-widget-wrap elementor-element-populated\">\n\t\t\t\t\t\t<div class=\"elementor-element elementor-element-6eda0c8 elementor-widget elementor-widget-text-editor\" data-id=\"6eda0c8\" data-element_type=\"widget\" data-e-type=\"widget\" data-widget_type=\"text-editor.default\">\n\t\t\t\t<div class=\"elementor-widget-container\">\n\t\t\t\t\t\t\t\t\t<p><strong>Thursday, May 21<\/strong><\/p><p>After breakfast, we will depart by bus for the <em>Ch\u00e2teau de Chantilly<\/em>. During the day, we will visit the castle and a horse show. A small train will also take us through the castle grounds. Those who wish to do so can visit the <em>Grandes \u00c9curies<\/em>. <br \/>Lunch will be on your own. <br \/>We will return to the hotel in the afternoon.<br \/><br \/>Dinner will be at a restaurant within walking distance of the hotel.<\/p>\t\t\t\t\t\t\t\t<\/div>\n\t\t\t\t<\/div>\n\t\t\t\t\t<\/div>\n\t\t<\/div>\n\t\t\t\t<div class=\"elementor-column elementor-col-50 elementor-inner-column elementor-element elementor-element-7dc8d9f\" data-id=\"7dc8d9f\" data-element_type=\"column\" data-e-type=\"column\">\n\t\t\t<div class=\"elementor-widget-wrap elementor-element-populated\">\n\t\t\t\t\t\t<div class=\"elementor-element elementor-element-92a675f elementor-widget elementor-widget-image\" data-id=\"92a675f\" data-element_type=\"widget\" data-e-type=\"widget\" data-widget_type=\"image.default\">\n\t\t\t\t<div class=\"elementor-widget-container\">\n\t\t\t\t\t\t\t\t\t\t\t\t\t\t\t<img decoding=\"async\" width=\"800\" height=\"806\" src=\"https:\/\/www.alliance-francaise.nl\/utrecht\/wp-content\/uploads\/sites\/6\/2025\/10\/Chateau-de-chantilly-1016x1024.png\" class=\"attachment-large size-large wp-image-25033\" alt=\"\" srcset=\"https:\/\/www.alliance-francaise.nl\/utrecht\/wp-content\/uploads\/sites\/6\/2025\/10\/Chateau-de-chantilly-1016x1024.png 1016w, https:\/\/www.alliance-francaise.nl\/utrecht\/wp-content\/uploads\/sites\/6\/2025\/10\/Chateau-de-chantilly-298x300.png 298w, https:\/\/www.alliance-francaise.nl\/utrecht\/wp-content\/uploads\/sites\/6\/2025\/10\/Chateau-de-chantilly-150x150.png 150w, https:\/\/www.alliance-francaise.nl\/utrecht\/wp-content\/uploads\/sites\/6\/2025\/10\/Chateau-de-chantilly-768x774.png 768w, https:\/\/www.alliance-francaise.nl\/utrecht\/wp-content\/uploads\/sites\/6\/2025\/10\/Chateau-de-chantilly-600x605.png 600w, https:\/\/www.alliance-francaise.nl\/utrecht\/wp-content\/uploads\/sites\/6\/2025\/10\/Chateau-de-chantilly-100x100.png 100w, https:\/\/www.alliance-francaise.nl\/utrecht\/wp-content\/uploads\/sites\/6\/2025\/10\/Chateau-de-chantilly.png 1173w\" sizes=\"(max-width: 800px) 100vw, 800px\" \/>\t\t\t\t\t\t\t\t\t\t\t\t\t\t\t<\/div>\n\t\t\t\t<\/div>\n\t\t\t\t\t<\/div>\n\t\t<\/div>\n\t\t\t\t\t<\/div>\n\t\t<\/section>\n\t\t\t\t<section class=\"elementor-section elementor-inner-section elementor-element elementor-element-c3eb781 elementor-section-boxed elementor-section-height-default elementor-section-height-default\" data-id=\"c3eb781\" data-element_type=\"section\" data-e-type=\"section\">\n\t\t\t\t\t\t<div class=\"elementor-container elementor-column-gap-default\">\n\t\t\t\t\t<div class=\"elementor-column elementor-col-50 elementor-inner-column elementor-element elementor-element-1ab67ce\" data-id=\"1ab67ce\" data-element_type=\"column\" data-e-type=\"column\">\n\t\t\t<div class=\"elementor-widget-wrap elementor-element-populated\">\n\t\t\t\t\t\t<div class=\"elementor-element elementor-element-ccd8885 elementor-widget elementor-widget-text-editor\" data-id=\"ccd8885\" data-element_type=\"widget\" data-e-type=\"widget\" data-widget_type=\"text-editor.default\">\n\t\t\t\t<div class=\"elementor-widget-container\">\n\t\t\t\t\t\t\t\t\t<p><strong>Friday, May 22<\/strong><\/p><p>After breakfast, we will depart by bus for Senlis. For several centuries, this town was the residence of the kings of France.<\/p><p>It is also the town where artist S\u00e9raphine Louis lived at the beginning of the last century. The film <em>S\u00e9raphine<\/em> was made about her. We will take a guided walking tour of the town, following in the footsteps of S\u00e9raphine. <br \/>Afterwards, there will be an opportunity to visit the Mus\u00e9e d&#8217;Art et d&#8217;Arch\u00e9ologie, where some of S\u00e9raphine&#8217;s paintings are on display.<br \/>After lunch on your own, we will continue by bus to the<br \/>Abbaye de Royaumont. There we will have a guided tour, followed by a go\u00fbter. There will also be an opportunity to take a walk through the gardens.<br \/><br \/>At the end of the afternoon, we will return to our hotel.<br \/><br \/>Dinner in a restaurant within walking distance of the hotel.<\/p>\t\t\t\t\t\t\t\t<\/div>\n\t\t\t\t<\/div>\n\t\t\t\t\t<\/div>\n\t\t<\/div>\n\t\t\t\t<div class=\"elementor-column elementor-col-50 elementor-inner-column elementor-element elementor-element-abbdd2e\" data-id=\"abbdd2e\" data-element_type=\"column\" data-e-type=\"column\">\n\t\t\t<div class=\"elementor-widget-wrap elementor-element-populated\">\n\t\t\t\t\t\t<div class=\"elementor-element elementor-element-be1aa73 elementor-widget elementor-widget-image\" data-id=\"be1aa73\" data-element_type=\"widget\" data-e-type=\"widget\" data-widget_type=\"image.default\">\n\t\t\t\t<div class=\"elementor-widget-container\">\n\t\t\t\t\t\t\t\t\t\t\t\t\t\t\t<img loading=\"lazy\" decoding=\"async\" width=\"613\" height=\"899\" src=\"https:\/\/www.alliance-francaise.nl\/utrecht\/wp-content\/uploads\/sites\/6\/2025\/10\/Senlis_60_musee_dart_et_darcheologie_Seraphine_Louis_Larbre_de_Paradis_1928-30.jpg\" class=\"attachment-large size-large wp-image-25034\" alt=\"\" srcset=\"https:\/\/www.alliance-francaise.nl\/utrecht\/wp-content\/uploads\/sites\/6\/2025\/10\/Senlis_60_musee_dart_et_darcheologie_Seraphine_Louis_Larbre_de_Paradis_1928-30.jpg 613w, https:\/\/www.alliance-francaise.nl\/utrecht\/wp-content\/uploads\/sites\/6\/2025\/10\/Senlis_60_musee_dart_et_darcheologie_Seraphine_Louis_Larbre_de_Paradis_1928-30-205x300.jpg 205w, https:\/\/www.alliance-francaise.nl\/utrecht\/wp-content\/uploads\/sites\/6\/2025\/10\/Senlis_60_musee_dart_et_darcheologie_Seraphine_Louis_Larbre_de_Paradis_1928-30-600x880.jpg 600w\" sizes=\"(max-width: 613px) 100vw, 613px\" \/>\t\t\t\t\t\t\t\t\t\t\t\t\t\t\t<\/div>\n\t\t\t\t<\/div>\n\t\t\t\t\t<\/div>\n\t\t<\/div>\n\t\t\t\t\t<\/div>\n\t\t<\/section>\n\t\t\t\t<section class=\"elementor-section elementor-inner-section elementor-element elementor-element-78bdce2 elementor-section-boxed elementor-section-height-default elementor-section-height-default\" data-id=\"78bdce2\" data-element_type=\"section\" data-e-type=\"section\">\n\t\t\t\t\t\t<div class=\"elementor-container elementor-column-gap-default\">\n\t\t\t\t\t<div class=\"elementor-column elementor-col-50 elementor-inner-column elementor-element elementor-element-d7e6716\" data-id=\"d7e6716\" data-element_type=\"column\" data-e-type=\"column\">\n\t\t\t<div class=\"elementor-widget-wrap elementor-element-populated\">\n\t\t\t\t\t\t<div class=\"elementor-element elementor-element-cae5fbe elementor-widget elementor-widget-text-editor\" data-id=\"cae5fbe\" data-element_type=\"widget\" data-e-type=\"widget\" data-widget_type=\"text-editor.default\">\n\t\t\t\t<div class=\"elementor-widget-container\">\n\t\t\t\t\t\t\t\t\t<p><strong>Saturday, May 23<\/strong><\/p><p>After breakfast, we will depart by bus to the medieval <em>Ch\u00e2teau de Pierrefonds<\/em>, where a guide will show us around. After extensive restoration, Pierrefonds became the residence of Emperor Napoleon III and Empress Eug\u00e9nie, among others.<br \/>After lunch on your own, we will return to our hotel in the afternoon.<br \/><br \/>The rest of the afternoon is free to spend in Compi\u00e8gne, for example visiting the <em>Ch\u00e2teau de Compi\u00e8gne<\/em>.<br \/><br \/>Dinner in a restaurant within walking distance of the hotel.<\/p>\t\t\t\t\t\t\t\t<\/div>\n\t\t\t\t<\/div>\n\t\t\t\t\t<\/div>\n\t\t<\/div>\n\t\t\t\t<div class=\"elementor-column elementor-col-50 elementor-inner-column elementor-element elementor-element-9b15c46\" data-id=\"9b15c46\" data-element_type=\"column\" data-e-type=\"column\">\n\t\t\t<div class=\"elementor-widget-wrap elementor-element-populated\">\n\t\t\t\t\t\t<div class=\"elementor-element elementor-element-a9425ae elementor-widget elementor-widget-image\" data-id=\"a9425ae\" data-element_type=\"widget\" data-e-type=\"widget\" data-widget_type=\"image.default\">\n\t\t\t\t<div class=\"elementor-widget-container\">\n\t\t\t\t\t\t\t\t\t\t\t\t\t\t\t<img loading=\"lazy\" decoding=\"async\" width=\"800\" height=\"600\" src=\"https:\/\/www.alliance-francaise.nl\/utrecht\/wp-content\/uploads\/sites\/6\/2025\/10\/Chateau_de_Pierrefonds_vu_depuis_le_Parc-1024x768.jpg\" class=\"attachment-large size-large wp-image-25035\" alt=\"\" srcset=\"https:\/\/www.alliance-francaise.nl\/utrecht\/wp-content\/uploads\/sites\/6\/2025\/10\/Chateau_de_Pierrefonds_vu_depuis_le_Parc-1024x768.jpg 1024w, https:\/\/www.alliance-francaise.nl\/utrecht\/wp-content\/uploads\/sites\/6\/2025\/10\/Chateau_de_Pierrefonds_vu_depuis_le_Parc-300x225.jpg 300w, https:\/\/www.alliance-francaise.nl\/utrecht\/wp-content\/uploads\/sites\/6\/2025\/10\/Chateau_de_Pierrefonds_vu_depuis_le_Parc-768x576.jpg 768w, https:\/\/www.alliance-francaise.nl\/utrecht\/wp-content\/uploads\/sites\/6\/2025\/10\/Chateau_de_Pierrefonds_vu_depuis_le_Parc-600x450.jpg 600w, https:\/\/www.alliance-francaise.nl\/utrecht\/wp-content\/uploads\/sites\/6\/2025\/10\/Chateau_de_Pierrefonds_vu_depuis_le_Parc.jpg 1280w\" sizes=\"(max-width: 800px) 100vw, 800px\" \/>\t\t\t\t\t\t\t\t\t\t\t\t\t\t\t<\/div>\n\t\t\t\t<\/div>\n\t\t\t\t\t<\/div>\n\t\t<\/div>\n\t\t\t\t\t<\/div>\n\t\t<\/section>\n\t\t<div class=\"elementor-element elementor-element-cbaab57 e-grid e-con-boxed e-con e-parent\" data-id=\"cbaab57\" data-element_type=\"container\" data-e-type=\"container\">\n\t\t\t\t\t<div class=\"e-con-inner\">\n\t\t\t\t<div class=\"elementor-element elementor-element-abfad63 elementor-widget elementor-widget-text-editor\" data-id=\"abfad63\" data-element_type=\"widget\" data-e-type=\"widget\" data-widget_type=\"text-editor.default\">\n\t\t\t\t<div class=\"elementor-widget-container\">\n\t\t\t\t\t\t\t\t\t<p><strong>Sunday, May 24<\/strong><\/p><p>We will depart for the return journey at 8:30 a.m. We will stop in Kortrijk to visit Abby, a new museum of visual arts in a former abbey. After a farewell lunch in Kortrijk, we will drive to Utrecht.<\/p><p>We hope to arrive there around 8:00 p.m.<br \/>Annelies &amp; Anja<\/p>\t\t\t\t\t\t\t\t<\/div>\n\t\t\t\t<\/div>\n\t\t\t\t<div class=\"elementor-element elementor-element-cd93661 elementor-widget elementor-widget-image\" data-id=\"cd93661\" data-element_type=\"widget\" data-e-type=\"widget\" data-widget_type=\"image.default\">\n\t\t\t\t<div class=\"elementor-widget-container\">\n\t\t\t\t\t\t\t\t\t\t\t\t\t\t\t<img loading=\"lazy\" decoding=\"async\" width=\"800\" height=\"532\" src=\"https:\/\/www.alliance-francaise.nl\/utrecht\/wp-content\/uploads\/sites\/6\/2025\/10\/Kortrijk.jpg\" class=\"attachment-large size-large wp-image-25036\" alt=\"\" srcset=\"https:\/\/www.alliance-francaise.nl\/utrecht\/wp-content\/uploads\/sites\/6\/2025\/10\/Kortrijk.jpg 1000w, https:\/\/www.alliance-francaise.nl\/utrecht\/wp-content\/uploads\/sites\/6\/2025\/10\/Kortrijk-300x200.jpg 300w, https:\/\/www.alliance-francaise.nl\/utrecht\/wp-content\/uploads\/sites\/6\/2025\/10\/Kortrijk-768x511.jpg 768w, https:\/\/www.alliance-francaise.nl\/utrecht\/wp-content\/uploads\/sites\/6\/2025\/10\/Kortrijk-600x399.jpg 600w\" sizes=\"(max-width: 800px) 100vw, 800px\" \/>\t\t\t\t\t\t\t\t\t\t\t\t\t\t\t<\/div>\n\t\t\t\t<\/div>\n\t\t\t\t\t<\/div>\n\t\t\t\t<\/div>\n\t\t\t\t<div class=\"elementor-element elementor-element-1d35f1d elementor-widget elementor-widget-spacer\" data-id=\"1d35f1d\" data-element_type=\"widget\" data-e-type=\"widget\" data-widget_type=\"spacer.default\">\n\t\t\t\t<div class=\"elementor-widget-container\">\n\t\t\t\t\t\t\t<div class=\"elementor-spacer\">\n\t\t\t<div class=\"elementor-spacer-inner\"><\/div>\n\t\t<\/div>\n\t\t\t\t\t\t<\/div>\n\t\t\t\t<\/div>\n\t\t\t\t<div class=\"elementor-element elementor-element-502f925 elementor-widget elementor-widget-heading\" data-id=\"502f925\" data-element_type=\"widget\" data-e-type=\"widget\" data-widget_type=\"heading.default\">\n\t\t\t\t<div class=\"elementor-widget-container\">\n\t\t\t\t\t<h2 class=\"elementor-heading-title elementor-size-default\">Important additional information<\/h2>\t\t\t\t<\/div>\n\t\t\t\t<\/div>\n\t\t\t\t<section class=\"elementor-section elementor-inner-section elementor-element elementor-element-1aada0c elementor-section-boxed elementor-section-height-default elementor-section-height-default\" data-id=\"1aada0c\" data-element_type=\"section\" data-e-type=\"section\">\n\t\t\t\t\t\t<div class=\"elementor-container elementor-column-gap-default\">\n\t\t\t\t\t<div class=\"elementor-column elementor-col-50 elementor-inner-column elementor-element elementor-element-3105a93\" data-id=\"3105a93\" data-element_type=\"column\" data-e-type=\"column\">\n\t\t\t<div class=\"elementor-widget-wrap elementor-element-populated\">\n\t\t\t\t\t\t<div class=\"elementor-element elementor-element-cb791f1 elementor-widget elementor-widget-text-editor\" data-id=\"cb791f1\" data-element_type=\"widget\" data-e-type=\"widget\" data-widget_type=\"text-editor.default\">\n\t\t\t\t<div class=\"elementor-widget-container\">\n\t\t\t\t\t\t\t\t\t<p><strong>Important<\/strong><\/p><p><a href=\"https:\/\/www.alliance-francaise.nl\/utrecht\/winkel\/\" target=\"_blank\" rel=\"noopener\">With participation of a minimum of 35 people, the price is \u20ac850.00 pp for a double room and \u20ac 950.00 pp for a single room. Surcharge for non-members\/introduc\u00e9s is \u20ac 20,00.<\/a><\/p><p>Included: bus travel, all overnight stays with breakfast buffet, four dinners, one lunch (including drinks) and a go\u00fbter. Also included are the guided tours and entrance fees mentioned. Other refreshments and lunches are at your own expense.<\/p><p>In the store\u00a0<a style=\"background-color: #ffffff;font-size: 1rem\" href=\"https:\/\/www.alliance-francaise.nl\/utrecht\/winkel\/\" target=\"_blank\" rel=\"noopener\">here<\/a><\/p>\t\t\t\t\t\t\t\t<\/div>\n\t\t\t\t<\/div>\n\t\t\t\t\t<\/div>\n\t\t<\/div>\n\t\t\t\t<div class=\"elementor-column elementor-col-50 elementor-inner-column elementor-element elementor-element-4e9ad8c\" data-id=\"4e9ad8c\" data-element_type=\"column\" data-e-type=\"column\">\n\t\t\t<div class=\"elementor-widget-wrap elementor-element-populated\">\n\t\t\t\t\t\t<div class=\"elementor-element elementor-element-c8b87b4 elementor-widget elementor-widget-text-editor\" data-id=\"c8b87b4\" data-element_type=\"widget\" data-e-type=\"widget\" data-widget_type=\"text-editor.default\">\n\t\t\t\t<div class=\"elementor-widget-container\">\n\t\t\t\t\t\t\t\t\t<p><strong>Register<\/strong><\/p><ul><li>We ask that you register for this trip by January 1, 2025 and <a href=\"https:\/\/www.alliance-francaise.nl\/utrecht\/winkel\/\">have paid the trip fee<\/a>. Spring is becoming increasingly crowded in the popular French cities, so unfortunately it is no longer possible to hold the option on hotel rooms any longer.<br \/>There are only 40 places available and once they are gone, they are gone.<\/li><li>We assume that all participants in this trip are in good health to participate in this five-day program.<\/li><li>In case of cancellation of the trip there will be no refund due to contractual agreements made with the bus company and the hotel. We ask that participants in the trip arrange their own travel and cancellation insurance.<\/li><li>More information? Please contact Annelies Bodif\u00e9e (<a href=\"mailto:annelies.bodifee@casema.nl\"><span style=\"text-decoration: underline\">annelies.bodifee@casema.nl<\/span><\/a>\/06-51345707) or Anja Wester (<a href=\"mailto:anjawester@planet.nl\">anjawester@planet.nl<\/a>)<\/li><\/ul>\t\t\t\t\t\t\t\t<\/div>\n\t\t\t\t<\/div>\n\t\t\t\t\t<\/div>\n\t\t<\/div>\n\t\t\t\t\t<\/div>\n\t\t<\/section>\n\t\t\t\t\t<\/div>\n\t\t<\/div>\n\t\t\t\t\t<\/div>\n\t\t<\/section>\n\t\t\t\t<\/div>\n\t\t","protected":false},"excerpt":{"rendered":"<p>Spring trip Trip of 2026 to Compi\u00e8gne Organisation: Annelies Bodif\u00e9e and Anja Wester Utrecht, November 2025 Dear members, students and interested parties, In the spring of 2026, we will once [&hellip;]<\/p>\n","protected":false},"author":105,"featured_media":21301,"parent":0,"menu_order":0,"comment_status":"closed","ping_status":"closed","template":"elementor_header_footer","meta":{"_acf_changed":false,"_monsterinsights_skip_tracking":false,"_monsterinsights_sitenote_active":false,"_monsterinsights_sitenote_note":"","_monsterinsights_sitenote_category":0,"footnotes":""},"class_list":["post-22556","page","type-page","status-publish","has-post-thumbnail","hentry"],"acf":[],"_links":{"self":[{"href":"https:\/\/www.alliance-francaise.nl\/utrecht\/wp-json\/wp\/v2\/pages\/22556","targetHints":{"allow":["GET"]}}],"collection":[{"href":"https:\/\/www.alliance-francaise.nl\/utrecht\/wp-json\/wp\/v2\/pages"}],"about":[{"href":"https:\/\/www.alliance-francaise.nl\/utrecht\/wp-json\/wp\/v2\/types\/page"}],"author":[{"embeddable":true,"href":"https:\/\/www.alliance-francaise.nl\/utrecht\/wp-json\/wp\/v2\/users\/105"}],"replies":[{"embeddable":true,"href":"https:\/\/www.alliance-francaise.nl\/utrecht\/wp-json\/wp\/v2\/comments?post=22556"}],"version-history":[{"count":19,"href":"https:\/\/www.alliance-francaise.nl\/utrecht\/wp-json\/wp\/v2\/pages\/22556\/revisions"}],"predecessor-version":[{"id":25071,"href":"https:\/\/www.alliance-francaise.nl\/utrecht\/wp-json\/wp\/v2\/pages\/22556\/revisions\/25071"}],"wp:featuredmedia":[{"embeddable":true,"href":"https:\/\/www.alliance-francaise.nl\/utrecht\/wp-json\/wp\/v2\/media\/21301"}],"wp:attachment":[{"href":"https:\/\/www.alliance-francaise.nl\/utrecht\/wp-json\/wp\/v2\/media?parent=22556"}],"curies":[{"name":"wp","href":"https:\/\/api.w.org\/{rel}","templated":true}]}}