{"id":9169,"date":"2023-10-19T14:13:19","date_gmt":"2023-10-19T12:13:19","guid":{"rendered":"https:\/\/www.alliance-francaise.nl\/stedendriehoek\/?page_id=9169"},"modified":"2026-04-15T14:14:03","modified_gmt":"2026-04-15T12:14:03","slug":"cest-une-chanson-2","status":"publish","type":"page","link":"https:\/\/www.alliance-francaise.nl\/stedendriehoek\/fr\/cest-une-chanson-2\/","title":{"rendered":"C&#8217;est une chanson"},"content":{"rendered":"\t\t<div data-elementor-type=\"wp-page\" data-elementor-id=\"9169\" class=\"elementor elementor-9169\" data-elementor-post-type=\"page\">\n\t\t\t\t<div class=\"elementor-element elementor-element-e2f8d8c e-flex e-con-boxed e-con e-parent\" data-id=\"e2f8d8c\" data-element_type=\"container\" data-e-type=\"container\" data-settings=\"{&quot;background_background&quot;:&quot;classic&quot;}\">\n\t\t\t\t\t<div class=\"e-con-inner\">\n\t\t<div class=\"elementor-element elementor-element-e123c81 e-con-full e-flex e-con e-child\" data-id=\"e123c81\" data-element_type=\"container\" data-e-type=\"container\">\n\t\t\t\t<\/div>\n\t\t\t\t\t<\/div>\n\t\t\t\t<\/div>\n\t\t<div class=\"elementor-element elementor-element-bab20ba e-flex e-con-boxed e-con e-parent\" data-id=\"bab20ba\" data-element_type=\"container\" data-e-type=\"container\">\n\t\t\t\t\t<div class=\"e-con-inner\">\n\t\t<div class=\"elementor-element elementor-element-8502449 e-con-full e-flex e-con e-child\" data-id=\"8502449\" data-element_type=\"container\" data-e-type=\"container\" data-settings=\"{&quot;background_background&quot;:&quot;classic&quot;}\">\n\t\t\t\t<div class=\"elementor-element elementor-element-0bf5206 elementor-widget elementor-widget-heading\" data-id=\"0bf5206\" data-element_type=\"widget\" data-e-type=\"widget\" data-widget_type=\"heading.default\">\n\t\t\t\t<div class=\"elementor-widget-container\">\n\t\t\t\t\t<h1 class=\"elementor-heading-title elementor-size-default\">C'est une Chanson<\/h1>\t\t\t\t<\/div>\n\t\t\t\t<\/div>\n\t\t\t\t<\/div>\n\t\t\t\t\t<\/div>\n\t\t\t\t<\/div>\n\t\t<div class=\"elementor-element elementor-element-15d6d24 e-flex e-con-boxed e-con e-parent\" data-id=\"15d6d24\" data-element_type=\"container\" data-e-type=\"container\">\n\t\t\t\t\t<div class=\"e-con-inner\">\n\t\t<div class=\"elementor-element elementor-element-8eea064 e-con-full e-flex e-con e-child\" data-id=\"8eea064\" data-element_type=\"container\" data-e-type=\"container\">\n\t\t\t\t<div class=\"elementor-element elementor-element-14bb85a elementor-widget elementor-widget-heading\" data-id=\"14bb85a\" data-element_type=\"widget\" data-e-type=\"widget\" data-widget_type=\"heading.default\">\n\t\t\t\t<div class=\"elementor-widget-container\">\n\t\t\t\t\t<h2 class=\"elementor-heading-title elementor-size-default\">Partons ensemble \u00e0 la d\u00e9couverte du chanson fran\u00e7ais.<\/h2>\t\t\t\t<\/div>\n\t\t\t\t<\/div>\n\t\t\t\t<div class=\"elementor-element elementor-element-7028bbd elementor-widget elementor-widget-text-editor\" data-id=\"7028bbd\" data-element_type=\"widget\" data-e-type=\"widget\" data-widget_type=\"text-editor.default\">\n\t\t\t\t<div class=\"elementor-widget-container\">\n\t\t\t\t\t\t\t\t\t<p>Nous allons partir ensemble \u00e0 la d\u00e9couverte de chansons en examinant leur contexte socio-historique, en apprenant sur l&#8217;\u00e9poque pendant laquelle la chanson a \u00e9t\u00e9 \u00e9crite et sur son influence sur notre \u00e9poque actuelle. Pour cela, nous utiliserons des vid\u00e9oclips, des images et des interviews.<\/p><p>En \u00e9coutant les paroles, nous am\u00e9liorerons notre \u00e9coute, et en les lisant et en les pronon\u00e7ant, nous am\u00e9liorerons notre expression orale, enrichirons notre vocabulaire et am\u00e9liorerons nos connaissances grammaticales. Bien s\u00fbr, nous chanterons aussi des chansons, mais ce ne sera pas notre priorit\u00e9.<\/p><p>Chaque le\u00e7on examinera une c\u00e9l\u00e8bre chanson fran\u00e7aise et nous r\u00e9v\u00e9lera tous ses secrets. Vous souhaitez avoir un aper\u00e7u du r\u00e9pertoire ? Il s&#8217;\u00e9tend de Fr\u00e9hel, la chanteuse qui a marqu\u00e9 l&#8217;entre-deux-guerres, \u00e0 Clara Luciani, la meilleure artiste f\u00e9minine de l&#8217;ann\u00e9e 2020.<\/p><p><span style=\"color: #0d0d0d;font-family: S\u00f6hne, ui-sans-serif, system-ui, -apple-system, 'Segoe UI', Roboto, Ubuntu, Cantarell, 'Noto Sans', sans-serif, 'Helvetica Neue', Arial, 'Apple Color Emoji', 'Segoe UI Emoji', 'Segoe UI Symbol', 'Noto Color Emoji';font-weight: var( --e-global-typography-text-font-weight );text-align: var(--text-align);font-size: 1rem\">Cette s\u00e9rie de cours th\u00e9matiques se d\u00e9roule \u00e0 la fois \u00e0 Apeldoorn, Deventer et Zutphen. Vous \u00eates bien s\u00fbr les bienvenus pour vous inscrire \u00e0 l&#8217;une des trois s\u00e9ries, m\u00eame si vous r\u00e9sidez dans une autre commune.<\/span><\/p><p><strong>Niveau<\/strong>\u00a0 \u00a0 \u00a0 \u00a0 \u00a0: la connaissance de la langue est facile mais pas n\u00e9cessaire<br \/><strong>Enseignant<\/strong> : St\u00e9phanie Raimbault<br \/><strong>Co\u00fbt\u00a0 \u00a0 \u00a0 \u00a0 \u00a0 \u00a0 \u00a0 <\/strong>: 125 \u20ac (7 le\u00e7ons)<\/p><p><span style=\"color: #0d0d0d;font-family: S\u00f6hne, ui-sans-serif, system-ui, -apple-system, 'Segoe UI', Roboto, Ubuntu, Cantarell, 'Noto Sans', sans-serif, 'Helvetica Neue', Arial, 'Apple Color Emoji', 'Segoe UI Emoji', 'Segoe UI Symbol', 'Noto Color Emoji'\">Il est \u00e9galement possible de s&#8217;inscrire pour une seule soir\u00e9e (au lieu de la s\u00e9rie compl\u00e8te) avec un maximum de 2 soir\u00e9es par saison. Le co\u00fbt pour une soir\u00e9e individuelle est de 20,00 \u20ac.<\/span><\/p><div class=\"flex-1 overflow-hidden\"><div class=\"react-scroll-to-bottom--css-vfdry-79elbk h-full\"><div class=\"react-scroll-to-bottom--css-vfdry-1n7m0yu\"><div><div class=\"flex flex-col text-sm pb-9\"><div class=\"w-full text-token-text-primary\" dir=\"auto\" data-testid=\"conversation-turn-91\"><div class=\"px-4 py-2 justify-center text-base md:gap-6 m-auto\"><div class=\"flex flex-1 text-base mx-auto gap-3 juice:gap-4 juice:md:gap-6 md:px-5 lg:px-1 xl:px-5 md:max-w-3xl lg:max-w-[40rem] xl:max-w-[48rem]\"><div class=\"relative flex w-full min-w-0 flex-col agent-turn\"><div class=\"flex-col gap-1 md:gap-3\"><div class=\"flex flex-grow flex-col max-w-full\"><div class=\"min-h-[20px] text-message flex flex-col items-start gap-3 whitespace-pre-wrap break-words [.text-message+&amp;]:mt-5 overflow-x-auto\" dir=\"auto\" data-message-author-role=\"assistant\" data-message-id=\"01f74c16-3ca3-4ce3-a308-3e8c323870c9\"><div class=\"markdown prose w-full break-words dark:prose-invert light\"><p>En cas de nombre insuffisant d&#8217;inscriptions, ce cours th\u00e9matique ne pourra malheureusement pas avoir lieu. Le nombre minimum de participants est de 8 ; le nombre maximum de participants est de 15. La date d&#8217;inscription est bas\u00e9e sur la date de valeur de votre paiement.<\/p><\/div><\/div><\/div><\/div><\/div><\/div><\/div><\/div><\/div><\/div><\/div><\/div><\/div>\t\t\t\t\t\t\t\t<\/div>\n\t\t\t\t<\/div>\n\t\t\t\t<\/div>\n\t\t\t\t\t<\/div>\n\t\t\t\t<\/div>\n\t\t<div class=\"elementor-element elementor-element-466d0ac e-flex e-con-boxed e-con e-parent\" data-id=\"466d0ac\" data-element_type=\"container\" data-e-type=\"container\">\n\t\t\t\t\t<div class=\"e-con-inner\">\n\t\t<div class=\"elementor-element elementor-element-45d2fd0 e-flex e-con-boxed e-con e-child\" data-id=\"45d2fd0\" data-element_type=\"container\" data-e-type=\"container\">\n\t\t\t\t\t<div class=\"e-con-inner\">\n\t\t\t\t<div class=\"elementor-element elementor-element-6acdef5 elementor-widget elementor-widget-text-editor\" data-id=\"6acdef5\" data-element_type=\"widget\" data-e-type=\"widget\" data-widget_type=\"text-editor.default\">\n\t\t\t\t<div class=\"elementor-widget-container\">\n\t\t\t\t\t\t\t\t\t<p><span style=\"color: var( --e-global-color-text );font-family: var( --e-global-typography-text-font-family ), Open-sans;font-size: 1rem;font-weight: var( --e-global-typography-text-font-weight );text-align: var(--text-align)\"><span style=\"font-weight: bold\"><span style=\"color: #da002e\">Apeldoorn<\/span><br \/>Dates\u00a0<\/span><\/span><span style=\"color: var( --e-global-color-text );font-family: var( --e-global-typography-text-font-family ), Open-sans;font-size: 1rem;text-align: var(--text-align)\"><span style=\"font-weight: var( --e-global-typography-text-font-weight )\">:\u00a0<\/span><\/span><span style=\"color: var( --e-global-color-text );font-family: var( --e-global-typography-text-font-family ), Open-sans;font-weight: var( --e-global-typography-text-font-weight );text-align: var(--text-align);font-size: 1rem\">16 octobre, 13 novembre,\u00a0 11 d\u00e9cembre 2026 ainsi que 15 janvier, 12 f\u00e9vrier, 12 mars et 9 avril 2027\u00a0<\/span><span style=\"color: var( --e-global-color-text );font-family: var( --e-global-typography-text-font-family ), Open-sans;font-size: 1rem;text-align: var(--text-align)\"><span style=\"font-weight: var( --e-global-typography-text-font-weight )\">(les vendredis) de 10h00 \u00e0 12h00.<\/span><br \/><\/span><span style=\"color: var( --e-global-color-text );font-family: var( --e-global-typography-text-font-family ), Open-sans;font-weight: var( --e-global-typography-text-font-weight );text-align: var(--text-align);background-color: transparent;font-size: 1rem\"><span style=\"font-weight: bold\">Lieu\u00a0 \u00a0\u00a0<\/span><\/span><span style=\"color: var( --e-global-color-text );font-family: var( --e-global-typography-text-font-family ), Open-sans;font-weight: var( --e-global-typography-text-font-weight );text-align: var(--text-align);background-color: transparent;font-size: 1rem\">:\u00a0<\/span><span style=\"color: var( --e-global-color-text );font-family: var( --e-global-typography-text-font-family ), Open-sans;font-weight: var( --e-global-typography-text-font-weight );text-align: var(--text-align);font-size: 1rem\">Wijkcentrum De Stolp, Violierenplein 101, Apeldoorn\u00a0<\/span><span style=\"color: var( --e-global-color-text );font-family: var( --e-global-typography-text-font-family ), Open-sans;font-weight: var( --e-global-typography-text-font-weight );text-align: var(--text-align);font-size: 1rem\">(salle 3).\u00a0<\/span><\/p>\t\t\t\t\t\t\t\t<\/div>\n\t\t\t\t<\/div>\n\t\t\t\t\t<\/div>\n\t\t\t\t<\/div>\n\t\t\t\t\t<\/div>\n\t\t\t\t<\/div>\n\t\t<div class=\"elementor-element elementor-element-8a7a6f4 e-flex e-con-boxed e-con e-parent\" data-id=\"8a7a6f4\" data-element_type=\"container\" data-e-type=\"container\">\n\t\t\t\t\t<div class=\"e-con-inner\">\n\t\t<div class=\"elementor-element elementor-element-7d776af e-flex e-con-boxed e-con e-child\" data-id=\"7d776af\" data-element_type=\"container\" data-e-type=\"container\">\n\t\t\t\t\t<div class=\"e-con-inner\">\n\t\t<div class=\"elementor-element elementor-element-3670378 e-con-full e-flex e-con e-child\" data-id=\"3670378\" data-element_type=\"container\" data-e-type=\"container\">\n\t\t\t\t<div class=\"elementor-element elementor-element-354b60f elementor-widget elementor-widget-button\" data-id=\"354b60f\" data-element_type=\"widget\" data-e-type=\"widget\" data-widget_type=\"button.default\">\n\t\t\t\t<div class=\"elementor-widget-container\">\n\t\t\t\t\t\t\t\t\t<div class=\"elementor-button-wrapper\">\n\t\t\t\t\t<a class=\"elementor-button elementor-button-link elementor-size-sm\" href=\"https:\/\/www.alliance-francaise.nl\/stedendriehoek\/product\/cest-une-chanson-apeldoorn-gehele-cursus\/\">\n\t\t\t\t\t\t<span class=\"elementor-button-content-wrapper\">\n\t\t\t\t\t\t\t\t\t<span class=\"elementor-button-text\">S'inscrire pour l'ensemble du cours (lieu : Apeldoorn)<\/span>\n\t\t\t\t\t<\/span>\n\t\t\t\t\t<\/a>\n\t\t\t\t<\/div>\n\t\t\t\t\t\t\t\t<\/div>\n\t\t\t\t<\/div>\n\t\t\t\t<\/div>\n\t\t<div class=\"elementor-element elementor-element-b7be676 e-con-full e-flex e-con e-child\" data-id=\"b7be676\" data-element_type=\"container\" data-e-type=\"container\">\n\t\t\t\t<div class=\"elementor-element elementor-element-0a18d31 elementor-widget elementor-widget-button\" data-id=\"0a18d31\" data-element_type=\"widget\" data-e-type=\"widget\" data-widget_type=\"button.default\">\n\t\t\t\t<div class=\"elementor-widget-container\">\n\t\t\t\t\t\t\t\t\t<div class=\"elementor-button-wrapper\">\n\t\t\t\t\t<a class=\"elementor-button elementor-button-link elementor-size-sm\" href=\"https:\/\/www.alliance-francaise.nl\/stedendriehoek\/product\/cest-une-chanson-apeldoorn-los\/\">\n\t\t\t\t\t\t<span class=\"elementor-button-content-wrapper\">\n\t\t\t\t\t\t\t\t\t<span class=\"elementor-button-text\">S'inscrire pour une le\u00e7on (lieu : Apeldoorn)<\/span>\n\t\t\t\t\t<\/span>\n\t\t\t\t\t<\/a>\n\t\t\t\t<\/div>\n\t\t\t\t\t\t\t\t<\/div>\n\t\t\t\t<\/div>\n\t\t\t\t<\/div>\n\t\t\t\t\t<\/div>\n\t\t\t\t<\/div>\n\t\t\t\t\t<\/div>\n\t\t\t\t<\/div>\n\t\t<div class=\"elementor-element elementor-element-8f4b1e5 e-flex e-con-boxed e-con e-parent\" data-id=\"8f4b1e5\" data-element_type=\"container\" data-e-type=\"container\">\n\t\t\t\t\t<div class=\"e-con-inner\">\n\t\t\t\t<div class=\"elementor-element elementor-element-5669f24 elementor-widget elementor-widget-text-editor\" data-id=\"5669f24\" data-element_type=\"widget\" data-e-type=\"widget\" data-widget_type=\"text-editor.default\">\n\t\t\t\t<div class=\"elementor-widget-container\">\n\t\t\t\t\t\t\t\t\t<p><span style=\"color: var( --e-global-color-text );font-family: var( --e-global-typography-text-font-family ), Open-sans;font-size: 1rem;text-align: var(--text-align)\"><span style=\"font-weight: bold\"><span style=\"color: #da002e\">Deventer<\/span><br \/>Dates\u00a0<\/span>:<\/span><span style=\"color: var( --e-global-color-text );font-family: var( --e-global-typography-text-font-family ), Open-sans;font-size: 1rem;text-align: var(--text-align)\">\u00a0<\/span>30 octobre, 20 novembre, 27 novembre, 18 d\u00e9cembre 2026 ainsi que 29 janvier, 26 f\u00e9vrier, 26 mars 2027<span style=\"font-size: 1rem\">\u00a0<\/span><span style=\"color: var( --e-global-color-text );font-family: var( --e-global-typography-text-font-family ), Open-sans;font-size: 1rem;text-align: var(--text-align)\">(les vendredis)\u00a0<\/span>de 10h00 \u00e0 12h00<span style=\"color: var( --e-global-color-text );font-family: var( --e-global-typography-text-font-family ), Open-sans;font-size: 1rem;text-align: var(--text-align)\"><span style=\"font-weight: var( --e-global-typography-text-font-weight )\">.<\/span><br \/><\/span><span style=\"color: var( --e-global-color-text );font-family: var( --e-global-typography-text-font-family ), Open-sans;font-size: 1rem;font-weight: var( --e-global-typography-text-font-weight );text-align: var(--text-align);background-color: transparent\"><span style=\"font-weight: bold\">Lieu\u00a0 \u00a0\u00a0<\/span><\/span><span style=\"color: var( --e-global-color-text );font-family: var( --e-global-typography-text-font-family ), Open-sans;font-size: 1rem;font-weight: var( --e-global-typography-text-font-weight );text-align: var(--text-align);background-color: transparent\">:\u00a0<\/span><span style=\"text-align: var(--text-align)\">Wijkcentrum\u00a0<\/span><span style=\"text-align: var(--text-align)\">van Vlotenhof,\u00a0<\/span><span style=\"color: var( --e-global-color-text );font-family: var( --e-global-typography-text-font-family ), Open-sans;font-size: 1rem;font-weight: var( --e-global-typography-text-font-weight );text-align: var(--text-align)\">J. van Vlotenlaan 85,\u00a0<\/span><span style=\"color: var( --e-global-color-text );font-family: var( --e-global-typography-text-font-family ), Open-sans;font-size: 1rem;font-weight: var( --e-global-typography-text-font-weight );text-align: var(--text-align)\">Deventer.<\/span><\/p>\t\t\t\t\t\t\t\t<\/div>\n\t\t\t\t<\/div>\n\t\t\t\t\t<\/div>\n\t\t\t\t<\/div>\n\t\t<div class=\"elementor-element elementor-element-55ac4bf e-flex e-con-boxed e-con e-parent\" data-id=\"55ac4bf\" data-element_type=\"container\" data-e-type=\"container\">\n\t\t\t\t\t<div class=\"e-con-inner\">\n\t\t<div class=\"elementor-element elementor-element-d077cfb e-flex e-con-boxed e-con e-child\" data-id=\"d077cfb\" data-element_type=\"container\" data-e-type=\"container\">\n\t\t\t\t\t<div class=\"e-con-inner\">\n\t\t<div class=\"elementor-element elementor-element-86ea5a1 e-con-full e-flex e-con e-child\" data-id=\"86ea5a1\" data-element_type=\"container\" data-e-type=\"container\">\n\t\t\t\t<div class=\"elementor-element elementor-element-3cb654d elementor-widget elementor-widget-button\" data-id=\"3cb654d\" data-element_type=\"widget\" data-e-type=\"widget\" data-widget_type=\"button.default\">\n\t\t\t\t<div class=\"elementor-widget-container\">\n\t\t\t\t\t\t\t\t\t<div class=\"elementor-button-wrapper\">\n\t\t\t\t\t<a class=\"elementor-button elementor-button-link elementor-size-sm\" href=\"https:\/\/www.alliance-francaise.nl\/stedendriehoek\/product\/cest-une-chanson-deventer-gehele-cursus\/\">\n\t\t\t\t\t\t<span class=\"elementor-button-content-wrapper\">\n\t\t\t\t\t\t\t\t\t<span class=\"elementor-button-text\">S'inscrire pour l'ensemble du cours (lieu : Deventer)<\/span>\n\t\t\t\t\t<\/span>\n\t\t\t\t\t<\/a>\n\t\t\t\t<\/div>\n\t\t\t\t\t\t\t\t<\/div>\n\t\t\t\t<\/div>\n\t\t\t\t<\/div>\n\t\t<div class=\"elementor-element elementor-element-8f9f806 e-con-full e-flex e-con e-child\" data-id=\"8f9f806\" data-element_type=\"container\" data-e-type=\"container\">\n\t\t\t\t<div class=\"elementor-element elementor-element-e6b586a elementor-widget elementor-widget-button\" data-id=\"e6b586a\" data-element_type=\"widget\" data-e-type=\"widget\" data-widget_type=\"button.default\">\n\t\t\t\t<div class=\"elementor-widget-container\">\n\t\t\t\t\t\t\t\t\t<div class=\"elementor-button-wrapper\">\n\t\t\t\t\t<a class=\"elementor-button elementor-button-link elementor-size-sm\" href=\"https:\/\/www.alliance-francaise.nl\/stedendriehoek\/product\/cest-une-chanson-deventer-los\/\">\n\t\t\t\t\t\t<span class=\"elementor-button-content-wrapper\">\n\t\t\t\t\t\t\t\t\t<span class=\"elementor-button-text\">S'inscrire pour une le\u00e7on (lieu : Deventer)<\/span>\n\t\t\t\t\t<\/span>\n\t\t\t\t\t<\/a>\n\t\t\t\t<\/div>\n\t\t\t\t\t\t\t\t<\/div>\n\t\t\t\t<\/div>\n\t\t\t\t<\/div>\n\t\t\t\t\t<\/div>\n\t\t\t\t<\/div>\n\t\t\t\t\t<\/div>\n\t\t\t\t<\/div>\n\t\t<div class=\"elementor-element elementor-element-b5cca1b e-flex e-con-boxed e-con e-parent\" data-id=\"b5cca1b\" data-element_type=\"container\" data-e-type=\"container\">\n\t\t\t\t\t<div class=\"e-con-inner\">\n\t\t<div class=\"elementor-element elementor-element-a3907e6 e-flex e-con-boxed e-con e-child\" data-id=\"a3907e6\" data-element_type=\"container\" data-e-type=\"container\">\n\t\t\t\t\t<div class=\"e-con-inner\">\n\t\t\t\t<div class=\"elementor-element elementor-element-26566f4 elementor-widget elementor-widget-text-editor\" data-id=\"26566f4\" data-element_type=\"widget\" data-e-type=\"widget\" data-widget_type=\"text-editor.default\">\n\t\t\t\t<div class=\"elementor-widget-container\">\n\t\t\t\t\t\t\t\t\t<p><span style=\"color: var( --e-global-color-text );font-family: var( --e-global-typography-text-font-family ), Open-sans;font-size: 1rem;font-weight: var( --e-global-typography-text-font-weight );text-align: var(--text-align)\"><span style=\"font-weight: bold\"><span style=\"color: #da002e\">Zutphen<\/span><br>Dates&nbsp;<\/span><\/span><span style=\"color: var( --e-global-color-text );font-family: var( --e-global-typography-text-font-family ), Open-sans;font-size: 1rem;text-align: var(--text-align)\"><span style=\"font-weight: var( --e-global-typography-text-font-weight )\">: 8<\/span><\/span><span style=\"color: var( --e-global-color-text );font-family: var( --e-global-typography-text-font-family ), Open-sans;font-weight: var( --e-global-typography-text-font-weight );text-align: var(--text-align);font-size: 1rem\">&nbsp;janvier, 22 janvier, 5 f\u00e9vrier, 19 f\u00e9vrier, 5 mars, 19 mars et 16 avril 2027&nbsp;<\/span><span style=\"color: var( --e-global-color-text );font-family: var( --e-global-typography-text-font-family ), Open-sans;font-size: 1rem;text-align: var(--text-align)\"><span style=\"font-weight: var( --e-global-typography-text-font-weight )\">(les vendredis) de 10h00 \u00e0 12h00.<\/span><br><\/span><span style=\"color: var( --e-global-color-text );font-family: var( --e-global-typography-text-font-family ), Open-sans;font-weight: var( --e-global-typography-text-font-weight );text-align: var(--text-align);background-color: transparent;font-size: 1rem\"><span style=\"font-weight: bold\">Lieu&nbsp; &nbsp;&nbsp;<\/span><\/span><span style=\"color: var( --e-global-color-text );font-family: var( --e-global-typography-text-font-family ), Open-sans;font-weight: var( --e-global-typography-text-font-weight );text-align: var(--text-align);background-color: transparent;font-size: 1rem\">:&nbsp;<\/span><span style=\"color: var( --e-global-color-text );font-family: var( --e-global-typography-text-font-family ), Open-sans;font-weight: var( --e-global-typography-text-font-weight );text-align: var(--text-align);font-size: 1rem\">DWK Zutphen, Leeuweriklaan 19, 7203 JD&nbsp; Zutphen.&nbsp;<\/span><\/p>\t\t\t\t\t\t\t\t<\/div>\n\t\t\t\t<\/div>\n\t\t\t\t\t<\/div>\n\t\t\t\t<\/div>\n\t\t\t\t\t<\/div>\n\t\t\t\t<\/div>\n\t\t<div class=\"elementor-element elementor-element-df4628b e-flex e-con-boxed e-con e-parent\" data-id=\"df4628b\" data-element_type=\"container\" data-e-type=\"container\">\n\t\t\t\t\t<div class=\"e-con-inner\">\n\t\t<div class=\"elementor-element elementor-element-fd839b5 e-flex e-con-boxed e-con e-child\" data-id=\"fd839b5\" data-element_type=\"container\" data-e-type=\"container\">\n\t\t\t\t\t<div class=\"e-con-inner\">\n\t\t<div class=\"elementor-element elementor-element-591ef99 e-con-full e-flex e-con e-child\" data-id=\"591ef99\" data-element_type=\"container\" data-e-type=\"container\">\n\t\t\t\t<div class=\"elementor-element elementor-element-b96d6e3 elementor-widget elementor-widget-button\" data-id=\"b96d6e3\" data-element_type=\"widget\" data-e-type=\"widget\" data-widget_type=\"button.default\">\n\t\t\t\t<div class=\"elementor-widget-container\">\n\t\t\t\t\t\t\t\t\t<div class=\"elementor-button-wrapper\">\n\t\t\t\t\t<a class=\"elementor-button elementor-button-link elementor-size-sm\" href=\"https:\/\/www.alliance-francaise.nl\/stedendriehoek\/product\/cest-une-chanson-zutphen-gehele-cursus\/\">\n\t\t\t\t\t\t<span class=\"elementor-button-content-wrapper\">\n\t\t\t\t\t\t\t\t\t<span class=\"elementor-button-text\">S'inscrire pour l'ensemble du cours (lieu :  Zutphen)<\/span>\n\t\t\t\t\t<\/span>\n\t\t\t\t\t<\/a>\n\t\t\t\t<\/div>\n\t\t\t\t\t\t\t\t<\/div>\n\t\t\t\t<\/div>\n\t\t\t\t<\/div>\n\t\t<div class=\"elementor-element elementor-element-73177f2 e-con-full e-flex e-con e-child\" data-id=\"73177f2\" data-element_type=\"container\" data-e-type=\"container\">\n\t\t\t\t<div class=\"elementor-element elementor-element-a77452d elementor-widget elementor-widget-button\" data-id=\"a77452d\" data-element_type=\"widget\" data-e-type=\"widget\" data-widget_type=\"button.default\">\n\t\t\t\t<div class=\"elementor-widget-container\">\n\t\t\t\t\t\t\t\t\t<div class=\"elementor-button-wrapper\">\n\t\t\t\t\t<a class=\"elementor-button elementor-button-link elementor-size-sm\" href=\"https:\/\/www.alliance-francaise.nl\/stedendriehoek\/product\/cest-une-chanson-zutphen-los\/\">\n\t\t\t\t\t\t<span class=\"elementor-button-content-wrapper\">\n\t\t\t\t\t\t\t\t\t<span class=\"elementor-button-text\">S'inscrire pour une le\u00e7on (lieu : Zutphen)<\/span>\n\t\t\t\t\t<\/span>\n\t\t\t\t\t<\/a>\n\t\t\t\t<\/div>\n\t\t\t\t\t\t\t\t<\/div>\n\t\t\t\t<\/div>\n\t\t\t\t<\/div>\n\t\t\t\t\t<\/div>\n\t\t\t\t<\/div>\n\t\t\t\t\t<\/div>\n\t\t\t\t<\/div>\n\t\t\t\t<\/div>\n\t\t","protected":false},"excerpt":{"rendered":"<p>C&#8217;est une Chanson Partons ensemble \u00e0 la d\u00e9couverte du chanson fran\u00e7ais. Nous allons partir ensemble \u00e0 la d\u00e9couverte de chansons en examinant leur contexte socio-historique, en apprenant sur l&#8217;\u00e9poque pendant [&hellip;]<\/p>\n","protected":false},"author":1,"featured_media":0,"parent":0,"menu_order":0,"comment_status":"closed","ping_status":"closed","template":"elementor_header_footer","meta":{"footnotes":""},"class_list":["post-9169","page","type-page","status-publish","hentry"],"_links":{"self":[{"href":"https:\/\/www.alliance-francaise.nl\/stedendriehoek\/wp-json\/wp\/v2\/pages\/9169","targetHints":{"allow":["GET"]}}],"collection":[{"href":"https:\/\/www.alliance-francaise.nl\/stedendriehoek\/wp-json\/wp\/v2\/pages"}],"about":[{"href":"https:\/\/www.alliance-francaise.nl\/stedendriehoek\/wp-json\/wp\/v2\/types\/page"}],"author":[{"embeddable":true,"href":"https:\/\/www.alliance-francaise.nl\/stedendriehoek\/wp-json\/wp\/v2\/users\/1"}],"replies":[{"embeddable":true,"href":"https:\/\/www.alliance-francaise.nl\/stedendriehoek\/wp-json\/wp\/v2\/comments?post=9169"}],"version-history":[{"count":20,"href":"https:\/\/www.alliance-francaise.nl\/stedendriehoek\/wp-json\/wp\/v2\/pages\/9169\/revisions"}],"predecessor-version":[{"id":17495,"href":"https:\/\/www.alliance-francaise.nl\/stedendriehoek\/wp-json\/wp\/v2\/pages\/9169\/revisions\/17495"}],"wp:attachment":[{"href":"https:\/\/www.alliance-francaise.nl\/stedendriehoek\/wp-json\/wp\/v2\/media?parent=9169"}],"curies":[{"name":"wp","href":"https:\/\/api.w.org\/{rel}","templated":true}]}}