{"id":142,"date":"2020-02-21T14:11:51","date_gmt":"2020-02-21T14:11:51","guid":{"rendered":"https:\/\/www.alliance-francaise.nl\/2020\/nimegue\/?page_id=142"},"modified":"2025-06-12T10:11:16","modified_gmt":"2025-06-12T09:11:16","slug":"erk-charte-de-qualite","status":"publish","type":"page","link":"https:\/\/www.alliance-francaise.nl\/nimegue\/cursussen\/erk-charte-de-qualite\/","title":{"rendered":"ERK \/ Charte de qualit\u00e9"},"content":{"rendered":"\t\t<div data-elementor-type=\"wp-page\" data-elementor-id=\"142\" class=\"elementor elementor-142\" data-elementor-post-type=\"page\">\n\t\t\t\t\t\t<section class=\"elementor-section elementor-top-section elementor-element elementor-element-3772f1f4 elementor-section-boxed elementor-section-height-default elementor-section-height-default\" data-id=\"3772f1f4\" data-element_type=\"section\" data-e-type=\"section\" data-settings=\"{&quot;background_background&quot;:&quot;classic&quot;}\">\n\t\t\t\t\t\t<div class=\"elementor-container elementor-column-gap-default\">\n\t\t\t\t\t<div class=\"elementor-column elementor-col-100 elementor-top-column elementor-element elementor-element-30f6fc18\" data-id=\"30f6fc18\" data-element_type=\"column\" data-e-type=\"column\">\n\t\t\t<div class=\"elementor-widget-wrap\">\n\t\t\t\t\t\t\t<\/div>\n\t\t<\/div>\n\t\t\t\t\t<\/div>\n\t\t<\/section>\n\t\t\t\t<section class=\"elementor-section elementor-top-section elementor-element elementor-element-39e98d75 elementor-section-boxed elementor-section-height-default elementor-section-height-default\" data-id=\"39e98d75\" data-element_type=\"section\" data-e-type=\"section\">\n\t\t\t\t\t\t<div class=\"elementor-container elementor-column-gap-default\">\n\t\t\t\t\t<div class=\"elementor-column elementor-col-100 elementor-top-column elementor-element elementor-element-1405735d\" data-id=\"1405735d\" data-element_type=\"column\" data-e-type=\"column\" data-settings=\"{&quot;background_background&quot;:&quot;classic&quot;}\">\n\t\t\t<div class=\"elementor-widget-wrap elementor-element-populated\">\n\t\t\t\t\t<div class=\"elementor-background-overlay\"><\/div>\n\t\t\t\t\t\t<div class=\"elementor-element elementor-element-15da764c elementor-widget elementor-widget-heading\" data-id=\"15da764c\" data-element_type=\"widget\" data-e-type=\"widget\" data-widget_type=\"heading.default\">\n\t\t\t\t<div class=\"elementor-widget-container\">\n\t\t\t\t\t<h1 class=\"elementor-heading-title elementor-size-default\">Europees referentiekader voor talen<\/h1>\t\t\t\t<\/div>\n\t\t\t\t<\/div>\n\t\t\t\t<div class=\"elementor-element elementor-element-c2896e4 elementor-widget elementor-widget-heading\" data-id=\"c2896e4\" data-element_type=\"widget\" data-e-type=\"widget\" data-widget_type=\"heading.default\">\n\t\t\t\t<div class=\"elementor-widget-container\">\n\t\t\t\t\t<h2 class=\"elementor-heading-title elementor-size-default\">Charte de Qualit\u00e9<\/h2>\t\t\t\t<\/div>\n\t\t\t\t<\/div>\n\t\t\t\t\t<\/div>\n\t\t<\/div>\n\t\t\t\t\t<\/div>\n\t\t<\/section>\n\t\t\t\t<section class=\"elementor-section elementor-top-section elementor-element elementor-element-323c2b2b elementor-section-boxed elementor-section-height-default elementor-section-height-default\" data-id=\"323c2b2b\" data-element_type=\"section\" data-e-type=\"section\">\n\t\t\t\t\t\t<div class=\"elementor-container elementor-column-gap-default\">\n\t\t\t\t\t<div class=\"elementor-column elementor-col-100 elementor-top-column elementor-element elementor-element-16739191\" data-id=\"16739191\" data-element_type=\"column\" data-e-type=\"column\">\n\t\t\t<div class=\"elementor-widget-wrap elementor-element-populated\">\n\t\t\t\t\t\t<div class=\"elementor-element elementor-element-77cb770 elementor-widget elementor-widget-heading\" data-id=\"77cb770\" data-element_type=\"widget\" data-e-type=\"widget\" data-widget_type=\"heading.default\">\n\t\t\t\t<div class=\"elementor-widget-container\">\n\t\t\t\t\t<h2 class=\"elementor-heading-title elementor-size-default\">Europees Referentie Kader (ERK)<\/h2>\t\t\t\t<\/div>\n\t\t\t\t<\/div>\n\t\t\t\t<div class=\"elementor-element elementor-element-457bacfa elementor-widget elementor-widget-heading\" data-id=\"457bacfa\" data-element_type=\"widget\" data-e-type=\"widget\" data-widget_type=\"heading.default\">\n\t\t\t\t<div class=\"elementor-widget-container\">\n\t\t\t\t\t<h2 class=\"elementor-heading-title elementor-size-default\">Cadre Europ\u00e9en Commun de R\u00e9f\u00e9rence (CECR)<\/h2>\t\t\t\t<\/div>\n\t\t\t\t<\/div>\n\t\t\t\t\t<\/div>\n\t\t<\/div>\n\t\t\t\t\t<\/div>\n\t\t<\/section>\n\t\t\t\t<section class=\"elementor-section elementor-top-section elementor-element elementor-element-65362d16 elementor-section-boxed elementor-section-height-default elementor-section-height-default\" data-id=\"65362d16\" data-element_type=\"section\" data-e-type=\"section\">\n\t\t\t\t\t\t<div class=\"elementor-container elementor-column-gap-default\">\n\t\t\t\t\t<div class=\"elementor-column elementor-col-33 elementor-top-column elementor-element elementor-element-678e02b0\" data-id=\"678e02b0\" data-element_type=\"column\" data-e-type=\"column\">\n\t\t\t<div class=\"elementor-widget-wrap elementor-element-populated\">\n\t\t\t\t\t\t<div class=\"elementor-element elementor-element-455de41e elementor-widget elementor-widget-image\" data-id=\"455de41e\" data-element_type=\"widget\" data-e-type=\"widget\" data-widget_type=\"image.default\">\n\t\t\t\t<div class=\"elementor-widget-container\">\n\t\t\t\t\t\t\t\t\t\t\t\t\t\t\t<img fetchpriority=\"high\" decoding=\"async\" width=\"263\" height=\"206\" src=\"https:\/\/www.alliance-francaise.nl\/nimegue\/wp-content\/uploads\/sites\/20\/2019\/12\/council_europe_conseil_europe_263_206.jpg\" class=\"attachment-large size-large wp-image-22\" alt=\"\" \/>\t\t\t\t\t\t\t\t\t\t\t\t\t\t\t<\/div>\n\t\t\t\t<\/div>\n\t\t\t\t\t<\/div>\n\t\t<\/div>\n\t\t\t\t<div class=\"elementor-column elementor-col-66 elementor-top-column elementor-element elementor-element-4385772b\" data-id=\"4385772b\" data-element_type=\"column\" data-e-type=\"column\">\n\t\t\t<div class=\"elementor-widget-wrap elementor-element-populated\">\n\t\t\t\t\t\t<div class=\"elementor-element elementor-element-5dae0ade elementor-widget elementor-widget-text-editor\" data-id=\"5dae0ade\" data-element_type=\"widget\" data-e-type=\"widget\" data-widget_type=\"text-editor.default\">\n\t\t\t\t<div class=\"elementor-widget-container\">\n\t\t\t\t\t\t\t\t\t<p>De Alliance Fran\u00e7aise maakt gebruik van het Europees Referentiekader om het niveau van de cursussen aan te geven. Dit referentiekader is onder leiding van de Raad van Europa ontwikkeld met als doelstelling de beschrijving van de taalvaardigheidniveaus voor de verschillende Europese talen te standaardiseren.<\/p><p>In 2020 verscheen de vernieuwde versie van het ERK. Het geeft een uitgebreide en precieze beschrijving van de beheersing van een taal, verdeeld in zes vaardigheidsniveaus. Een beknopte versie van het ERK vindt u hieronder.<\/p>\t\t\t\t\t\t\t\t<\/div>\n\t\t\t\t<\/div>\n\t\t\t\t<div class=\"elementor-element elementor-element-8cad869 elementor-widget elementor-widget-text-editor\" data-id=\"8cad869\" data-element_type=\"widget\" data-e-type=\"widget\" data-widget_type=\"text-editor.default\">\n\t\t\t\t<div class=\"elementor-widget-container\">\n\t\t\t\t\t\t\t\t\t<p>De vaardigheden, die iemand voor de verschillende niveaus moet beheersen, zijn de volgende:<\/p><ul><li>Luistervaardigheid<\/li><li>Leesvaardigheid<\/li><li>Schriftelijke uitdrukkingsvaardigheid<\/li><li>Mondelinge uitdrukkingsvaardigheid<\/li><\/ul>\t\t\t\t\t\t\t\t<\/div>\n\t\t\t\t<\/div>\n\t\t\t\t\t<\/div>\n\t\t<\/div>\n\t\t\t\t\t<\/div>\n\t\t<\/section>\n\t\t\t\t<section class=\"elementor-section elementor-top-section elementor-element elementor-element-806742a elementor-section-boxed elementor-section-height-default elementor-section-height-default\" data-id=\"806742a\" data-element_type=\"section\" data-e-type=\"section\">\n\t\t\t\t\t\t<div class=\"elementor-container elementor-column-gap-default\">\n\t\t\t\t\t<div class=\"elementor-column elementor-col-100 elementor-top-column elementor-element elementor-element-ef505ff\" data-id=\"ef505ff\" data-element_type=\"column\" data-e-type=\"column\">\n\t\t\t<div class=\"elementor-widget-wrap elementor-element-populated\">\n\t\t\t\t\t\t<div class=\"elementor-element elementor-element-cf411f0 elementor-widget elementor-widget-text-editor\" data-id=\"cf411f0\" data-element_type=\"widget\" data-e-type=\"widget\" data-widget_type=\"text-editor.default\">\n\t\t\t\t<div class=\"elementor-widget-container\">\n\t\t\t\t\t\t\t\t\t<p><strong>A1 &#8211; Basisgebruiker<\/strong><br \/>Heeft basiskennis van de taal, is bekend met alledaagse uitdrukkingen en elementaire zinnen over concrete behoeften.<\/p><p><strong>A2 &#8211; Basisgebruiker<\/strong><br \/>Bekend met vaak voorkomende uitdrukkingen. Kan communiceren over vertrouwde en alledaagse onderwerpen.<\/p><p><strong>B1 &#8211; Onafhankelijk gebruiker<\/strong><br \/>Kan de hoofdpunten begrijpen van alledaagse taal. Kan eigen mening geven en beschrijvingen van ervaringen en gebeurtenissen.<\/p><p><strong>B2 &#8211; Onafhankelijk gebruiker<\/strong><br \/>Kan kerngedachten van complexe teksten begrijpen. Kan duidelijke, gedetailleerde tekst produceren. Kan vlot en spontaan communiceren.<\/p><p><strong>C1 &#8211; Vaardig gebruiker<\/strong><br \/>Kan een uitgebreide toespraak begrijpen, tv-programma\u2019s en complexe teksten. Kan zichzelf vloeiend en spontaan uitdrukken. Kan gedetailleerde beschrijvingen geven over complexe onderwerpen.<\/p><p><strong>C2 \u2013 Vaardig gebruiker<\/strong><br \/>Kan nagenoeg alle gesproken taal gemakkelijk verstaan. Kan zichzelf spontaan, vlot en genuanceerd uitdrukken.<\/p>\t\t\t\t\t\t\t\t<\/div>\n\t\t\t\t<\/div>\n\t\t\t\t\t<\/div>\n\t\t<\/div>\n\t\t\t\t\t<\/div>\n\t\t<\/section>\n\t\t\t\t<section class=\"elementor-section elementor-top-section elementor-element elementor-element-5f9d7c1 elementor-section-boxed elementor-section-height-default elementor-section-height-default\" data-id=\"5f9d7c1\" data-element_type=\"section\" data-e-type=\"section\">\n\t\t\t\t\t\t<div class=\"elementor-container elementor-column-gap-default\">\n\t\t\t\t\t<div class=\"elementor-column elementor-col-100 elementor-top-column elementor-element elementor-element-74c1303\" data-id=\"74c1303\" data-element_type=\"column\" data-e-type=\"column\">\n\t\t\t<div class=\"elementor-widget-wrap elementor-element-populated\">\n\t\t\t\t\t\t<div class=\"elementor-element elementor-element-ec14a69 elementor-widget-divider--view-line elementor-widget elementor-widget-divider\" data-id=\"ec14a69\" data-element_type=\"widget\" data-e-type=\"widget\" data-widget_type=\"divider.default\">\n\t\t\t\t<div class=\"elementor-widget-container\">\n\t\t\t\t\t\t\t<div class=\"elementor-divider\">\n\t\t\t<span class=\"elementor-divider-separator\">\n\t\t\t\t\t\t<\/span>\n\t\t<\/div>\n\t\t\t\t\t\t<\/div>\n\t\t\t\t<\/div>\n\t\t\t\t<div class=\"elementor-element elementor-element-fd7b898 elementor-widget elementor-widget-heading\" data-id=\"fd7b898\" data-element_type=\"widget\" data-e-type=\"widget\" data-widget_type=\"heading.default\">\n\t\t\t\t<div class=\"elementor-widget-container\">\n\t\t\t\t\t<h2 class=\"elementor-heading-title elementor-size-default\">Charte de qualit\u00e9<\/h2>\t\t\t\t<\/div>\n\t\t\t\t<\/div>\n\t\t\t\t<div class=\"elementor-element elementor-element-92da828 elementor-widget elementor-widget-heading\" data-id=\"92da828\" data-element_type=\"widget\" data-e-type=\"widget\" data-widget_type=\"heading.default\">\n\t\t\t\t<div class=\"elementor-widget-container\">\n\t\t\t\t\t<h2 class=\"elementor-heading-title elementor-size-default\">Kwaliteitsverklaring\n<\/h2>\t\t\t\t<\/div>\n\t\t\t\t<\/div>\n\t\t\t\t\t<\/div>\n\t\t<\/div>\n\t\t\t\t\t<\/div>\n\t\t<\/section>\n\t\t\t\t<section class=\"elementor-section elementor-top-section elementor-element elementor-element-dc55fa4 elementor-section-boxed elementor-section-height-default elementor-section-height-default\" data-id=\"dc55fa4\" data-element_type=\"section\" data-e-type=\"section\">\n\t\t\t\t\t\t<div class=\"elementor-container elementor-column-gap-default\">\n\t\t\t\t\t<div class=\"elementor-column elementor-col-100 elementor-top-column elementor-element elementor-element-54dbd34\" data-id=\"54dbd34\" data-element_type=\"column\" data-e-type=\"column\">\n\t\t\t<div class=\"elementor-widget-wrap elementor-element-populated\">\n\t\t\t\t\t\t<div class=\"elementor-element elementor-element-b98276d elementor-widget elementor-widget-text-editor\" data-id=\"b98276d\" data-element_type=\"widget\" data-e-type=\"widget\" data-widget_type=\"text-editor.default\">\n\t\t\t\t<div class=\"elementor-widget-container\">\n\t\t\t\t\t\t\t\t\t<section class=\"elementor-section elementor-top-section elementor-element elementor-element-40e55f51 elementor-section-boxed elementor-section-height-default elementor-section-height-default\" data-id=\"40e55f51\" data-element_type=\"section\"><div class=\"elementor-container elementor-column-gap-default\"><div class=\"elementor-column elementor-col-50 elementor-top-column elementor-element elementor-element-54179b92\" data-id=\"54179b92\" data-element_type=\"column\"><div class=\"elementor-widget-wrap elementor-element-populated\"><div class=\"elementor-element elementor-element-523590a1 elementor-widget elementor-widget-text-editor\" data-id=\"523590a1\" data-element_type=\"widget\" data-widget_type=\"text-editor.default\"><div class=\"elementor-widget-container\"><h4><strong>Charte de qualit\u00e9<\/strong><\/h4><p>Les Alliances fran\u00e7aises des Pays-Bas forment un\u00a0<b>r\u00e9seau national\u00a0<\/b>dont le projet p\u00e9dagogique est inspir\u00e9 par les sp\u00e9cificit\u00e9s du territoire et du public.<\/p><\/div><\/div><\/div><\/div><div class=\"elementor-column elementor-col-50 elementor-top-column elementor-element elementor-element-2a629e32\" data-id=\"2a629e32\" data-element_type=\"column\"><div class=\"elementor-widget-wrap elementor-element-populated\"><div class=\"elementor-element elementor-element-715fcd68 elementor-widget elementor-widget-text-editor\" data-id=\"715fcd68\" data-element_type=\"widget\" data-widget_type=\"text-editor.default\"><div class=\"elementor-widget-container\"><h4><strong>Kwaliteitsverklaring<\/strong><\/h4><p>\u00a0De Alliances Fran\u00e7aises van Nederland vormen een\u00a0<b>nationaal netwerk<\/b>\u00a0met een cursusaanbod dat de specifieke kenmerken van Nederland en het Nederlandse publiek als uitgangspunt heeft.<\/p><\/div><\/div><\/div><\/div><\/div><\/section><section class=\"elementor-section elementor-top-section elementor-element elementor-element-d09e071 elementor-section-boxed elementor-section-height-default elementor-section-height-default\" data-id=\"d09e071\" data-element_type=\"section\"><div class=\"elementor-container elementor-column-gap-default\"><div class=\"elementor-column elementor-col-50 elementor-top-column elementor-element elementor-element-28ea095a\" data-id=\"28ea095a\" data-element_type=\"column\"><div class=\"elementor-widget-wrap elementor-element-populated\"><div class=\"elementor-element elementor-element-793991fd elementor-widget elementor-widget-text-editor\" data-id=\"793991fd\" data-element_type=\"widget\" data-widget_type=\"text-editor.default\"><div class=\"elementor-widget-container\"><p><b>L\u2019offre de cours<\/b>\u00a0est fond\u00e9e sur le Cadre europ\u00e9en commun de r\u00e9f\u00e9rences pour les langues.<\/p><\/div><\/div><\/div><\/div><div class=\"elementor-column elementor-col-50 elementor-top-column elementor-element elementor-element-29cc2605\" data-id=\"29cc2605\" data-element_type=\"column\"><div class=\"elementor-widget-wrap elementor-element-populated\"><div class=\"elementor-element elementor-element-2c2151d4 elementor-widget elementor-widget-text-editor\" data-id=\"2c2151d4\" data-element_type=\"widget\" data-widget_type=\"text-editor.default\"><div class=\"elementor-widget-container\"><p><b>Het\u00a0cursusaanbod<\/b>\u00a0is gebaseerd is op het Europese referentiekader voor de talen.<\/p><\/div><\/div><\/div><\/div><\/div><\/section><section class=\"elementor-section elementor-top-section elementor-element elementor-element-732cf55c elementor-section-boxed elementor-section-height-default elementor-section-height-default\" data-id=\"732cf55c\" data-element_type=\"section\"><div class=\"elementor-container elementor-column-gap-default\"><div class=\"elementor-column elementor-col-50 elementor-top-column elementor-element elementor-element-6c84637f\" data-id=\"6c84637f\" data-element_type=\"column\"><div class=\"elementor-widget-wrap elementor-element-populated\"><div class=\"elementor-element elementor-element-3d779af0 elementor-widget elementor-widget-text-editor\" data-id=\"3d779af0\" data-element_type=\"widget\" data-widget_type=\"text-editor.default\"><div class=\"elementor-widget-container\"><p>Les enseignants, ayant le fran\u00e7ais pour langue maternelle ou langue seconde, sont\u00a0<b>dipl\u00f4m\u00e9s\u00a0<\/b>en Fran\u00e7ais langue \u00e9trang\u00e8re et\u00a0<b>comp\u00e9tents<\/b>. Ils actualisent leur savoir-faire dans le cadre de la formation continue.<\/p><\/div><\/div><\/div><\/div><div class=\"elementor-column elementor-col-50 elementor-top-column elementor-element elementor-element-2f8e9429\" data-id=\"2f8e9429\" data-element_type=\"column\"><div class=\"elementor-widget-wrap elementor-element-populated\"><div class=\"elementor-element elementor-element-28ea71d2 elementor-widget elementor-widget-text-editor\" data-id=\"28ea71d2\" data-element_type=\"widget\" data-widget_type=\"text-editor.default\"><div class=\"elementor-widget-container\"><p>De docenten, die Frans als moedertaal dan wel als tweede taal hebben, zijn\u00a0<b>vakkundig<\/b>\u00a0en\u00a0<b>bevoegd.<\/b> Door middel van na- en bijscholing actualiseren zij voortdurend hun kennis en vakkundigheid.<\/p><\/div><\/div><\/div><\/div><\/div><\/section><section class=\"elementor-section elementor-top-section elementor-element elementor-element-4e5ceda6 elementor-section-boxed elementor-section-height-default elementor-section-height-default\" data-id=\"4e5ceda6\" data-element_type=\"section\"><div class=\"elementor-container elementor-column-gap-default\"><div class=\"elementor-column elementor-col-50 elementor-top-column elementor-element elementor-element-a1dfcde\" data-id=\"a1dfcde\" data-element_type=\"column\"><div class=\"elementor-widget-wrap elementor-element-populated\"><div class=\"elementor-element elementor-element-22ba0b2a elementor-widget elementor-widget-text-editor\" data-id=\"22ba0b2a\" data-element_type=\"widget\" data-widget_type=\"text-editor.default\"><div class=\"elementor-widget-container\"><p><strong>L\u2019offre de cours<\/strong>\u00a0est\u00a0<b>diversifi\u00e9e<\/b>\u00a0et adapt\u00e9e aux besoins des apprenants.<\/p><\/div><\/div><\/div><\/div><div class=\"elementor-column elementor-col-50 elementor-top-column elementor-element elementor-element-6335a0ac\" data-id=\"6335a0ac\" data-element_type=\"column\"><div class=\"elementor-widget-wrap elementor-element-populated\"><div class=\"elementor-element elementor-element-581f938 elementor-widget elementor-widget-text-editor\" data-id=\"581f938\" data-element_type=\"widget\" data-widget_type=\"text-editor.default\"><div class=\"elementor-widget-container\"><p>Er is een\u00a0<b>breed\u00a0cursusaanbod<\/b>\u00a0dat aansluit bij de behoeften van de cursisten.<\/p><\/div><\/div><\/div><\/div><\/div><\/section><section class=\"elementor-section elementor-top-section elementor-element elementor-element-11f60ad6 elementor-section-boxed elementor-section-height-default elementor-section-height-default\" data-id=\"11f60ad6\" data-element_type=\"section\"><div class=\"elementor-container elementor-column-gap-default\"><div class=\"elementor-column elementor-col-50 elementor-top-column elementor-element elementor-element-1322d4c0\" data-id=\"1322d4c0\" data-element_type=\"column\"><div class=\"elementor-widget-wrap elementor-element-populated\"><div class=\"elementor-element elementor-element-23c5d4ac elementor-widget elementor-widget-text-editor\" data-id=\"23c5d4ac\" data-element_type=\"widget\" data-widget_type=\"text-editor.default\"><div class=\"elementor-widget-container\"><p>Une\u00a0<b>\u00e9valuation personnalis\u00e9e<\/b>, gratuite et sans engagement est propos\u00e9e avant l\u2019inscription.<\/p><\/div><\/div><\/div><\/div><div class=\"elementor-column elementor-col-50 elementor-top-column elementor-element elementor-element-1f5c2201\" data-id=\"1f5c2201\" data-element_type=\"column\"><div class=\"elementor-widget-wrap elementor-element-populated\"><div class=\"elementor-element elementor-element-9219716 elementor-widget elementor-widget-text-editor\" data-id=\"9219716\" data-element_type=\"widget\" data-widget_type=\"text-editor.default\"><div class=\"elementor-widget-container\"><p>Een vrijblijvende\u00a0<b>persoonlijke niveaubepaling<\/b> wordt voor de inschrijving aangeboden. <\/p><\/div><\/div><\/div><\/div><\/div><\/section><section class=\"elementor-section elementor-top-section elementor-element elementor-element-360190a6 elementor-section-boxed elementor-section-height-default elementor-section-height-default\" data-id=\"360190a6\" data-element_type=\"section\"><div class=\"elementor-container elementor-column-gap-default\"><div class=\"elementor-column elementor-col-50 elementor-top-column elementor-element elementor-element-70a5ba8c\" data-id=\"70a5ba8c\" data-element_type=\"column\"><div class=\"elementor-widget-wrap elementor-element-populated\"><div class=\"elementor-element elementor-element-64827a71 elementor-widget elementor-widget-text-editor\" data-id=\"64827a71\" data-element_type=\"widget\" data-widget_type=\"text-editor.default\"><div class=\"elementor-widget-container\"><p>Les<b>\u00a0m\u00e9thodes\u00a0<\/b>utilis\u00e9es sont communicatives et actionnelles\u00a0; elles sont fond\u00e9es sur le<b>\u00a0<a href=\"https:\/\/www.alliance-francaise.nl\/nimegue\/cursussen\/europeesreferentie-kader\/\" target=\"_blank\" rel=\"noopener\">Cadre europ\u00e9en<\/a><\/b>.<\/p><\/div><\/div><\/div><\/div><div class=\"elementor-column elementor-col-50 elementor-top-column elementor-element elementor-element-6bbb29df\" data-id=\"6bbb29df\" data-element_type=\"column\"><div class=\"elementor-widget-wrap elementor-element-populated\"><div class=\"elementor-element elementor-element-7be4a154 elementor-widget elementor-widget-text-editor\" data-id=\"7be4a154\" data-element_type=\"widget\" data-widget_type=\"text-editor.default\"><div class=\"elementor-widget-container\"><p>De gebruikte\u00a0<b>methoden<\/b>\u00a0zijn communicatief en actief. Zij gaan uit van het\u00a0<a href=\"https:\/\/www.alliance-francaise.nl\/nimegue\/cursussen\/europeesreferentie-kader\/\" target=\"_blank\" rel=\"noopener\"><b>Europees referentiekader<\/b>.<\/a><\/p><\/div><\/div><\/div><\/div><\/div><\/section><section class=\"elementor-section elementor-top-section elementor-element elementor-element-13e305a9 elementor-section-boxed elementor-section-height-default elementor-section-height-default\" data-id=\"13e305a9\" data-element_type=\"section\"><div class=\"elementor-container elementor-column-gap-default\"><div class=\"elementor-column elementor-col-50 elementor-top-column elementor-element elementor-element-5ab871a2\" data-id=\"5ab871a2\" data-element_type=\"column\"><div class=\"elementor-widget-wrap elementor-element-populated\"><div class=\"elementor-element elementor-element-68bc3725 elementor-widget elementor-widget-text-editor\" data-id=\"68bc3725\" data-element_type=\"widget\" data-widget_type=\"text-editor.default\"><div class=\"elementor-widget-container\"><p>Les apprenants ont la possibilit\u00e9 de se pr\u00e9parer aux\u00a0<b>certifications de fran\u00e7ais\u00a0langue<\/b> \u00e9trang\u00e8re<b>\u00a0reconnues<\/b>.<\/p><\/div><\/div><\/div><\/div><div class=\"elementor-column elementor-col-50 elementor-top-column elementor-element elementor-element-1cf9fddd\" data-id=\"1cf9fddd\" data-element_type=\"column\"><div class=\"elementor-widget-wrap elementor-element-populated\"><div class=\"elementor-element elementor-element-300004a2 elementor-widget elementor-widget-text-editor\" data-id=\"300004a2\" data-element_type=\"widget\" data-widget_type=\"text-editor.default\"><div class=\"elementor-widget-container\"><p>Cursisten hebben de mogelijkheid om zich voor te bereiden op de\u00a0<b>erkende diploma\u2019s Frans<\/b>\u00a0als vreemde taal.<\/p><\/div><\/div><\/div><\/div><\/div><\/section>\t\t\t\t\t\t\t\t<\/div>\n\t\t\t\t<\/div>\n\t\t\t\t\t<\/div>\n\t\t<\/div>\n\t\t\t\t\t<\/div>\n\t\t<\/section>\n\t\t\t\t<\/div>\n\t\t","protected":false},"excerpt":{"rendered":"<p>Europees referentiekader voor talen Charte de Qualit\u00e9 Europees Referentie Kader (ERK) Cadre Europ\u00e9en Commun de R\u00e9f\u00e9rence (CECR) De Alliance Fran\u00e7aise maakt gebruik van het Europees Referentiekader om het niveau van [&hellip;]<\/p>\n","protected":false},"author":1,"featured_media":0,"parent":130,"menu_order":0,"comment_status":"closed","ping_status":"closed","template":"elementor_header_footer","meta":{"footnotes":""},"class_list":["post-142","page","type-page","status-publish","hentry"],"_links":{"self":[{"href":"https:\/\/www.alliance-francaise.nl\/nimegue\/wp-json\/wp\/v2\/pages\/142","targetHints":{"allow":["GET"]}}],"collection":[{"href":"https:\/\/www.alliance-francaise.nl\/nimegue\/wp-json\/wp\/v2\/pages"}],"about":[{"href":"https:\/\/www.alliance-francaise.nl\/nimegue\/wp-json\/wp\/v2\/types\/page"}],"author":[{"embeddable":true,"href":"https:\/\/www.alliance-francaise.nl\/nimegue\/wp-json\/wp\/v2\/users\/1"}],"replies":[{"embeddable":true,"href":"https:\/\/www.alliance-francaise.nl\/nimegue\/wp-json\/wp\/v2\/comments?post=142"}],"version-history":[{"count":20,"href":"https:\/\/www.alliance-francaise.nl\/nimegue\/wp-json\/wp\/v2\/pages\/142\/revisions"}],"predecessor-version":[{"id":6781,"href":"https:\/\/www.alliance-francaise.nl\/nimegue\/wp-json\/wp\/v2\/pages\/142\/revisions\/6781"}],"up":[{"embeddable":true,"href":"https:\/\/www.alliance-francaise.nl\/nimegue\/wp-json\/wp\/v2\/pages\/130"}],"wp:attachment":[{"href":"https:\/\/www.alliance-francaise.nl\/nimegue\/wp-json\/wp\/v2\/media?parent=142"}],"curies":[{"name":"wp","href":"https:\/\/api.w.org\/{rel}","templated":true}]}}