{"id":11211,"date":"2025-08-27T16:44:50","date_gmt":"2025-08-27T15:44:50","guid":{"rendered":"https:\/\/www.alliance-francaise.nl\/maastricht\/?page_id=11211"},"modified":"2026-03-30T13:41:27","modified_gmt":"2026-03-30T11:41:27","slug":"cultureel-programma-2025","status":"publish","type":"page","link":"https:\/\/www.alliance-francaise.nl\/maastricht\/cultuur\/cultureel-programma-2025\/","title":{"rendered":"Cultureel Programma"},"content":{"rendered":"\t\t<div data-elementor-type=\"wp-page\" data-elementor-id=\"11211\" class=\"elementor elementor-11211\" data-elementor-post-type=\"page\">\n\t\t\t\t\t\t<section class=\"elementor-section elementor-top-section elementor-element elementor-element-3da29fc1 elementor-section-boxed elementor-section-height-default elementor-section-height-default\" data-id=\"3da29fc1\" data-element_type=\"section\" data-e-type=\"section\">\n\t\t\t\t\t\t<div class=\"elementor-container elementor-column-gap-default\">\n\t\t\t\t\t<div class=\"elementor-column elementor-col-100 elementor-top-column elementor-element elementor-element-511d8bda\" data-id=\"511d8bda\" data-element_type=\"column\" data-e-type=\"column\">\n\t\t\t<div class=\"elementor-widget-wrap elementor-element-populated\">\n\t\t\t\t\t\t<div class=\"elementor-element elementor-element-3ccbde85 elementor-widget elementor-widget-heading\" data-id=\"3ccbde85\" data-element_type=\"widget\" data-e-type=\"widget\" data-widget_type=\"heading.default\">\n\t\t\t\t<div class=\"elementor-widget-container\">\n\t\t\t\t\t<h2 class=\"elementor-heading-title elementor-size-default\">Cultureel Programma 2025 - 2026<\/h2>\t\t\t\t<\/div>\n\t\t\t\t<\/div>\n\t\t\t\t\t<\/div>\n\t\t<\/div>\n\t\t\t\t\t<\/div>\n\t\t<\/section>\n\t\t\t\t<section class=\"elementor-section elementor-top-section elementor-element elementor-element-5185ffc elementor-section-boxed elementor-section-height-default elementor-section-height-default\" data-id=\"5185ffc\" data-element_type=\"section\" data-e-type=\"section\">\n\t\t\t\t\t\t<div class=\"elementor-container elementor-column-gap-default\">\n\t\t\t\t\t<div class=\"elementor-column elementor-col-100 elementor-top-column elementor-element elementor-element-55eb20d\" data-id=\"55eb20d\" data-element_type=\"column\" data-e-type=\"column\">\n\t\t\t<div class=\"elementor-widget-wrap elementor-element-populated\">\n\t\t\t\t\t\t<div class=\"elementor-element elementor-element-0d74ce1 elementor-widget elementor-widget-image\" data-id=\"0d74ce1\" data-element_type=\"widget\" data-e-type=\"widget\" data-widget_type=\"image.default\">\n\t\t\t\t<div class=\"elementor-widget-container\">\n\t\t\t\t\t\t\t\t\t\t\t\t\t\t\t<img fetchpriority=\"high\" decoding=\"async\" width=\"800\" height=\"240\" src=\"https:\/\/www.alliance-francaise.nl\/maastricht\/wp-content\/uploads\/sites\/11\/2019\/12\/Seine-Ile-de-Paris-1024x307.jpg\" class=\"attachment-large size-large wp-image-739\" alt=\"\" srcset=\"https:\/\/www.alliance-francaise.nl\/maastricht\/wp-content\/uploads\/sites\/11\/2019\/12\/Seine-Ile-de-Paris-1024x307.jpg 1024w, https:\/\/www.alliance-francaise.nl\/maastricht\/wp-content\/uploads\/sites\/11\/2019\/12\/Seine-Ile-de-Paris-300x90.jpg 300w, https:\/\/www.alliance-francaise.nl\/maastricht\/wp-content\/uploads\/sites\/11\/2019\/12\/Seine-Ile-de-Paris-768x230.jpg 768w, https:\/\/www.alliance-francaise.nl\/maastricht\/wp-content\/uploads\/sites\/11\/2019\/12\/Seine-Ile-de-Paris-600x180.jpg 600w, https:\/\/www.alliance-francaise.nl\/maastricht\/wp-content\/uploads\/sites\/11\/2019\/12\/Seine-Ile-de-Paris.jpg 1280w\" sizes=\"(max-width: 800px) 100vw, 800px\" \/>\t\t\t\t\t\t\t\t\t\t\t\t\t\t\t<\/div>\n\t\t\t\t<\/div>\n\t\t\t\t\t<\/div>\n\t\t<\/div>\n\t\t\t\t\t<\/div>\n\t\t<\/section>\n\t\t\t\t<section class=\"elementor-section elementor-top-section elementor-element elementor-element-4ad4c94 elementor-section-boxed elementor-section-height-default elementor-section-height-default\" data-id=\"4ad4c94\" data-element_type=\"section\" data-e-type=\"section\">\n\t\t\t\t\t\t<div class=\"elementor-container elementor-column-gap-default\">\n\t\t\t\t\t<div class=\"elementor-column elementor-col-100 elementor-top-column elementor-element elementor-element-50402e5\" data-id=\"50402e5\" data-element_type=\"column\" data-e-type=\"column\">\n\t\t\t<div class=\"elementor-widget-wrap elementor-element-populated\">\n\t\t\t\t\t\t<div class=\"elementor-element elementor-element-5a49008 elementor-widget elementor-widget-text-editor\" data-id=\"5a49008\" data-element_type=\"widget\" data-e-type=\"widget\" data-widget_type=\"text-editor.default\">\n\t\t\t\t<div class=\"elementor-widget-container\">\n\t\t\t\t\t\t\t\t\t<p><strong>De culturele evenementen worden hieronder beschreven in de taal waarin ze worden gehouden. Nog niet alle data zijn bekend en er kunnen tussentijds evenementen worden toegevoegd.<\/strong><\/p><p><span style=\"font-family: var( --e-global-typography-text-font-family ), Sans-serif\"><span style=\"font-size: 1rem\">Met <\/span><\/span>uitzondering<span style=\"font-family: var( --e-global-typography-text-font-family ), Sans-serif\"><span style=\"font-size: 1rem\"> van de wat duurdere evenementen, zijn de culturele avonden gratis voor Amis, cursisten van de Alliance Fran\u00e7aise, studenten en non-amis t\/m 25 jaar. <\/span><\/span><span style=\"font-family: var( --e-global-typography-text-font-family ), Sans-serif;font-size: 1rem\">Non-amis ouder dan 25 jaar betalen \u20ac 10,- of 15,- per keer.<\/span><\/p>\t\t\t\t\t\t\t\t<\/div>\n\t\t\t\t<\/div>\n\t\t\t\t<div class=\"elementor-element elementor-element-3dc45a2 elementor-widget-divider--view-line elementor-widget elementor-widget-divider\" data-id=\"3dc45a2\" data-element_type=\"widget\" data-e-type=\"widget\" data-widget_type=\"divider.default\">\n\t\t\t\t<div class=\"elementor-widget-container\">\n\t\t\t\t\t\t\t<div class=\"elementor-divider\">\n\t\t\t<span class=\"elementor-divider-separator\">\n\t\t\t\t\t\t<\/span>\n\t\t<\/div>\n\t\t\t\t\t\t<\/div>\n\t\t\t\t<\/div>\n\t\t\t\t\t<\/div>\n\t\t<\/div>\n\t\t\t\t\t<\/div>\n\t\t<\/section>\n\t\t\t\t<section class=\"elementor-section elementor-top-section elementor-element elementor-element-bbe1f9f elementor-section-boxed elementor-section-height-default elementor-section-height-default\" data-id=\"bbe1f9f\" data-element_type=\"section\" data-e-type=\"section\">\n\t\t\t\t\t\t<div class=\"elementor-container elementor-column-gap-default\">\n\t\t\t\t\t<div class=\"elementor-column elementor-col-100 elementor-top-column elementor-element elementor-element-8fabaf9\" data-id=\"8fabaf9\" data-element_type=\"column\" data-e-type=\"column\">\n\t\t\t<div class=\"elementor-widget-wrap elementor-element-populated\">\n\t\t\t\t\t\t<div class=\"elementor-element elementor-element-ffa241c elementor-widget__width-initial elementor-widget elementor-widget-spacer\" data-id=\"ffa241c\" data-element_type=\"widget\" data-e-type=\"widget\" data-widget_type=\"spacer.default\">\n\t\t\t\t<div class=\"elementor-widget-container\">\n\t\t\t\t\t\t\t<div class=\"elementor-spacer\">\n\t\t\t<div class=\"elementor-spacer-inner\"><\/div>\n\t\t<\/div>\n\t\t\t\t\t\t<\/div>\n\t\t\t\t<\/div>\n\t\t\t\t<div class=\"elementor-element elementor-element-2844de0 elementor-widget__width-initial elementor-widget elementor-widget-spacer\" data-id=\"2844de0\" data-element_type=\"widget\" data-e-type=\"widget\" data-widget_type=\"spacer.default\">\n\t\t\t\t<div class=\"elementor-widget-container\">\n\t\t\t\t\t\t\t<div class=\"elementor-spacer\">\n\t\t\t<div class=\"elementor-spacer-inner\"><\/div>\n\t\t<\/div>\n\t\t\t\t\t\t<\/div>\n\t\t\t\t<\/div>\n\t\t\t\t<div class=\"elementor-element elementor-element-fd012f8 elementor-widget elementor-widget-image\" data-id=\"fd012f8\" data-element_type=\"widget\" data-e-type=\"widget\" data-widget_type=\"image.default\">\n\t\t\t\t<div class=\"elementor-widget-container\">\n\t\t\t\t\t\t\t\t\t\t\t\t\t\t\t<img decoding=\"async\" width=\"800\" height=\"397\" src=\"https:\/\/www.alliance-francaise.nl\/maastricht\/wp-content\/uploads\/sites\/11\/2026\/01\/CleanShot-2026-01-23-at-13.43.32@2x-1024x508.jpg\" class=\"attachment-large size-large wp-image-11718\" alt=\"\" srcset=\"https:\/\/www.alliance-francaise.nl\/maastricht\/wp-content\/uploads\/sites\/11\/2026\/01\/CleanShot-2026-01-23-at-13.43.32@2x-1024x508.jpg 1024w, https:\/\/www.alliance-francaise.nl\/maastricht\/wp-content\/uploads\/sites\/11\/2026\/01\/CleanShot-2026-01-23-at-13.43.32@2x-300x149.jpg 300w, https:\/\/www.alliance-francaise.nl\/maastricht\/wp-content\/uploads\/sites\/11\/2026\/01\/CleanShot-2026-01-23-at-13.43.32@2x-768x381.jpg 768w, https:\/\/www.alliance-francaise.nl\/maastricht\/wp-content\/uploads\/sites\/11\/2026\/01\/CleanShot-2026-01-23-at-13.43.32@2x-1536x762.jpg 1536w, https:\/\/www.alliance-francaise.nl\/maastricht\/wp-content\/uploads\/sites\/11\/2026\/01\/CleanShot-2026-01-23-at-13.43.32@2x-1320x655.jpg 1320w, https:\/\/www.alliance-francaise.nl\/maastricht\/wp-content\/uploads\/sites\/11\/2026\/01\/CleanShot-2026-01-23-at-13.43.32@2x-600x298.jpg 600w, https:\/\/www.alliance-francaise.nl\/maastricht\/wp-content\/uploads\/sites\/11\/2026\/01\/CleanShot-2026-01-23-at-13.43.32@2x.jpg 1698w\" sizes=\"(max-width: 800px) 100vw, 800px\" \/>\t\t\t\t\t\t\t\t\t\t\t\t\t\t\t<\/div>\n\t\t\t\t<\/div>\n\t\t\t\t<div class=\"elementor-element elementor-element-6bcb599 elementor-widget elementor-widget-spacer\" data-id=\"6bcb599\" data-element_type=\"widget\" data-e-type=\"widget\" data-widget_type=\"spacer.default\">\n\t\t\t\t<div class=\"elementor-widget-container\">\n\t\t\t\t\t\t\t<div class=\"elementor-spacer\">\n\t\t\t<div class=\"elementor-spacer-inner\"><\/div>\n\t\t<\/div>\n\t\t\t\t\t\t<\/div>\n\t\t\t\t<\/div>\n\t\t\t\t<div class=\"elementor-element elementor-element-3dbe826 elementor-widget elementor-widget-text-editor\" data-id=\"3dbe826\" data-element_type=\"widget\" data-e-type=\"widget\" data-widget_type=\"text-editor.default\">\n\t\t\t\t<div class=\"elementor-widget-container\">\n\t\t\t\t\t\t\t\t\t<h2><strong>Exposition Robert Doisneau : Instant Donn\u00e9s<br \/>Visite guid\u00e9e<\/strong><\/h2><h5><strong>Dimanche 15 mars \/ 14:00 \/ \u00a0Mus\u00e9e La Boverie Luik<\/strong><br \/><strong>Prix: 17,50 \u20ac, 15 \u20ac ami(e)s et \u00e9tudiants <\/strong><strong>(ticket et visite guid\u00e9e inclus)\u00a0<br \/>Inscription limit\u00e9e \u00e0 20 personnes<br \/><\/strong><\/h5><p>La Boverie accueille une r\u00e9trospective d\u2019envergure consacr\u00e9e \u00e0 Robert Doisneau, l\u2019un des plus grands ma\u00eetres de la photographie du XXe si\u00e8cle. Pr\u00e8s de 400 clich\u00e9s \u2014 allant de ses d\u00e9buts dans les ann\u00e9es 1930 jusqu\u2019\u00e0 la fin de sa carri\u00e8re \u2014 y sont pr\u00e9sent\u00e9s dans un parcours riche et sensible.<\/p><p>Loin du simple clich\u00e9, chaque photographie de Doisneau porte la trace d\u2019un regard \u00e0 la fois curieux, tendre, libre et g\u00e9n\u00e9reux. Il saisit avec justesse la po\u00e9sie du quotidien, les moments de gr\u00e2ce comme les instants de gravit\u00e9. L\u2019exposition explore les grands th\u00e8mes qui traversent son \u0153uvre : l\u2019enfance, les ateliers d\u2019artistes, les \u00e9crivains, les bistrots, les ann\u00e9es Vogue, mais aussi la duret\u00e9 des banlieues et la fragilit\u00e9 de la condition humaine. \u00c0 travers des photographies, des documents rares, des dispositifs interactifs, des enregistrements et des t\u00e9moignages sonores, le visiteur est invit\u00e9 \u00e0 d\u00e9couvrir le lien intime entre l\u2019artiste et les mondes qu\u2019il a travers\u00e9s.<\/p><p><em>Mus\u00e9e La Boverie est facilement accessible en train (gare de Li\u00e8ge Guillemins).<\/em><br \/><em><span style=\"font-family: var( --e-global-typography-text-font-family ), Sans-serif;font-size: 1rem\">Le stationnement dans les rues est gratuit le dimanche.<\/span><\/em><\/p><p><em>Langue: fran\u00e7ais<\/em><\/p>\t\t\t\t\t\t\t\t<\/div>\n\t\t\t\t<\/div>\n\t\t\t\t<div class=\"elementor-element elementor-element-132f987 elementor-align-right elementor-widget elementor-widget-button\" data-id=\"132f987\" data-element_type=\"widget\" data-e-type=\"widget\" data-widget_type=\"button.default\">\n\t\t\t\t<div class=\"elementor-widget-container\">\n\t\t\t\t\t\t\t\t\t<div class=\"elementor-button-wrapper\">\n\t\t\t\t\t<a class=\"elementor-button elementor-button-link elementor-size-sm\" href=\"https:\/\/www.alliance-francaise.nl\/maastricht\/winkel\/\">\n\t\t\t\t\t\t<span class=\"elementor-button-content-wrapper\">\n\t\t\t\t\t\t\t\t\t<span class=\"elementor-button-text\">S'inscrire<\/span>\n\t\t\t\t\t<\/span>\n\t\t\t\t\t<\/a>\n\t\t\t\t<\/div>\n\t\t\t\t\t\t\t\t<\/div>\n\t\t\t\t<\/div>\n\t\t\t\t\t<\/div>\n\t\t<\/div>\n\t\t\t\t\t<\/div>\n\t\t<\/section>\n\t\t\t\t<section class=\"elementor-section elementor-top-section elementor-element elementor-element-a111c2c elementor-section-boxed elementor-section-height-default elementor-section-height-default\" data-id=\"a111c2c\" data-element_type=\"section\" data-e-type=\"section\">\n\t\t\t\t\t\t<div class=\"elementor-container elementor-column-gap-default\">\n\t\t\t\t\t<div class=\"elementor-column elementor-col-100 elementor-top-column elementor-element elementor-element-0ce6c0a\" data-id=\"0ce6c0a\" data-element_type=\"column\" data-e-type=\"column\">\n\t\t\t<div class=\"elementor-widget-wrap elementor-element-populated\">\n\t\t\t\t\t\t<div class=\"elementor-element elementor-element-53a3866 elementor-widget__width-initial elementor-widget elementor-widget-spacer\" data-id=\"53a3866\" data-element_type=\"widget\" data-e-type=\"widget\" data-widget_type=\"spacer.default\">\n\t\t\t\t<div class=\"elementor-widget-container\">\n\t\t\t\t\t\t\t<div class=\"elementor-spacer\">\n\t\t\t<div class=\"elementor-spacer-inner\"><\/div>\n\t\t<\/div>\n\t\t\t\t\t\t<\/div>\n\t\t\t\t<\/div>\n\t\t\t\t<div class=\"elementor-element elementor-element-6676785 elementor-widget-divider--view-line elementor-widget elementor-widget-divider\" data-id=\"6676785\" data-element_type=\"widget\" data-e-type=\"widget\" data-widget_type=\"divider.default\">\n\t\t\t\t<div class=\"elementor-widget-container\">\n\t\t\t\t\t\t\t<div class=\"elementor-divider\">\n\t\t\t<span class=\"elementor-divider-separator\">\n\t\t\t\t\t\t<\/span>\n\t\t<\/div>\n\t\t\t\t\t\t<\/div>\n\t\t\t\t<\/div>\n\t\t\t\t<div class=\"elementor-element elementor-element-decaac2 elementor-widget__width-initial elementor-widget elementor-widget-spacer\" data-id=\"decaac2\" data-element_type=\"widget\" data-e-type=\"widget\" data-widget_type=\"spacer.default\">\n\t\t\t\t<div class=\"elementor-widget-container\">\n\t\t\t\t\t\t\t<div class=\"elementor-spacer\">\n\t\t\t<div class=\"elementor-spacer-inner\"><\/div>\n\t\t<\/div>\n\t\t\t\t\t\t<\/div>\n\t\t\t\t<\/div>\n\t\t\t\t<div class=\"elementor-element elementor-element-50ae02a elementor-widget elementor-widget-image\" data-id=\"50ae02a\" data-element_type=\"widget\" data-e-type=\"widget\" data-widget_type=\"image.default\">\n\t\t\t\t<div class=\"elementor-widget-container\">\n\t\t\t\t\t\t\t\t\t\t\t\t\t\t\t<img decoding=\"async\" width=\"800\" height=\"281\" src=\"https:\/\/www.alliance-francaise.nl\/maastricht\/wp-content\/uploads\/sites\/11\/2025\/06\/Lille_gd_place-1024x360.jpg\" class=\"attachment-large size-large wp-image-11108\" alt=\"\" srcset=\"https:\/\/www.alliance-francaise.nl\/maastricht\/wp-content\/uploads\/sites\/11\/2025\/06\/Lille_gd_place-1024x360.jpg 1024w, https:\/\/www.alliance-francaise.nl\/maastricht\/wp-content\/uploads\/sites\/11\/2025\/06\/Lille_gd_place-300x105.jpg 300w, https:\/\/www.alliance-francaise.nl\/maastricht\/wp-content\/uploads\/sites\/11\/2025\/06\/Lille_gd_place-768x270.jpg 768w, https:\/\/www.alliance-francaise.nl\/maastricht\/wp-content\/uploads\/sites\/11\/2025\/06\/Lille_gd_place-1536x540.jpg 1536w, https:\/\/www.alliance-francaise.nl\/maastricht\/wp-content\/uploads\/sites\/11\/2025\/06\/Lille_gd_place-600x211.jpg 600w, https:\/\/www.alliance-francaise.nl\/maastricht\/wp-content\/uploads\/sites\/11\/2025\/06\/Lille_gd_place-1320x464.jpg 1320w, https:\/\/www.alliance-francaise.nl\/maastricht\/wp-content\/uploads\/sites\/11\/2025\/06\/Lille_gd_place.jpg 1599w\" sizes=\"(max-width: 800px) 100vw, 800px\" \/>\t\t\t\t\t\t\t\t\t\t\t\t\t\t\t<\/div>\n\t\t\t\t<\/div>\n\t\t\t\t<div class=\"elementor-element elementor-element-a1a8df0 elementor-widget elementor-widget-text-editor\" data-id=\"a1a8df0\" data-element_type=\"widget\" data-e-type=\"widget\" data-widget_type=\"text-editor.default\">\n\t\t\t\t<div class=\"elementor-widget-container\">\n\t\t\t\t\t\t\t\t\t<h2><strong>Excursie Charmes de Lille<\/strong><\/h2><h5><strong><span style=\"color: #000000\">Onze jaarlijkse excursie gaat komend voorjaar naar Lille, van 10-12 april 2026. Inschrijving is gesloten.<\/span><\/strong><\/h5><p><span style=\"color: #000000\">We maken een stadswandeling met een gids door het oude centrum, we bezoeken een mooie tentoonstelling, we gaan lekker uit eten en je hebt zelf tijd om de stad te verkennen.<\/span><\/p>\t\t\t\t\t\t\t\t<\/div>\n\t\t\t\t<\/div>\n\t\t\t\t<div class=\"elementor-element elementor-element-62d13bb elementor-widget-divider--view-line elementor-widget elementor-widget-divider\" data-id=\"62d13bb\" data-element_type=\"widget\" data-e-type=\"widget\" data-widget_type=\"divider.default\">\n\t\t\t\t<div class=\"elementor-widget-container\">\n\t\t\t\t\t\t\t<div class=\"elementor-divider\">\n\t\t\t<span class=\"elementor-divider-separator\">\n\t\t\t\t\t\t<\/span>\n\t\t<\/div>\n\t\t\t\t\t\t<\/div>\n\t\t\t\t<\/div>\n\t\t\t\t<div class=\"elementor-element elementor-element-328456f elementor-widget__width-initial elementor-widget elementor-widget-spacer\" data-id=\"328456f\" data-element_type=\"widget\" data-e-type=\"widget\" data-widget_type=\"spacer.default\">\n\t\t\t\t<div class=\"elementor-widget-container\">\n\t\t\t\t\t\t\t<div class=\"elementor-spacer\">\n\t\t\t<div class=\"elementor-spacer-inner\"><\/div>\n\t\t<\/div>\n\t\t\t\t\t\t<\/div>\n\t\t\t\t<\/div>\n\t\t\t\t\t<\/div>\n\t\t<\/div>\n\t\t\t\t\t<\/div>\n\t\t<\/section>\n\t\t\t\t<section class=\"elementor-section elementor-top-section elementor-element elementor-element-d9b4b1c elementor-section-boxed elementor-section-height-default elementor-section-height-default\" data-id=\"d9b4b1c\" data-element_type=\"section\" data-e-type=\"section\">\n\t\t\t\t\t\t<div class=\"elementor-container elementor-column-gap-default\">\n\t\t\t\t\t<div class=\"elementor-column elementor-col-100 elementor-top-column elementor-element elementor-element-af32778\" data-id=\"af32778\" data-element_type=\"column\" data-e-type=\"column\">\n\t\t\t<div class=\"elementor-widget-wrap elementor-element-populated\">\n\t\t\t\t\t\t<div class=\"elementor-element elementor-element-78ca4f4 elementor-widget elementor-widget-image\" data-id=\"78ca4f4\" data-element_type=\"widget\" data-e-type=\"widget\" data-widget_type=\"image.default\">\n\t\t\t\t<div class=\"elementor-widget-container\">\n\t\t\t\t\t\t\t\t\t\t\t\t\t\t\t<img loading=\"lazy\" decoding=\"async\" width=\"800\" height=\"534\" src=\"https:\/\/www.alliance-francaise.nl\/maastricht\/wp-content\/uploads\/sites\/11\/2026\/02\/Beeld-stefan-Vrancken-1024x683.jpg\" class=\"attachment-large size-large wp-image-11760\" alt=\"\" srcset=\"https:\/\/www.alliance-francaise.nl\/maastricht\/wp-content\/uploads\/sites\/11\/2026\/02\/Beeld-stefan-Vrancken-1024x683.jpg 1024w, https:\/\/www.alliance-francaise.nl\/maastricht\/wp-content\/uploads\/sites\/11\/2026\/02\/Beeld-stefan-Vrancken-300x200.jpg 300w, https:\/\/www.alliance-francaise.nl\/maastricht\/wp-content\/uploads\/sites\/11\/2026\/02\/Beeld-stefan-Vrancken-768x512.jpg 768w, https:\/\/www.alliance-francaise.nl\/maastricht\/wp-content\/uploads\/sites\/11\/2026\/02\/Beeld-stefan-Vrancken-1320x880.jpg 1320w, https:\/\/www.alliance-francaise.nl\/maastricht\/wp-content\/uploads\/sites\/11\/2026\/02\/Beeld-stefan-Vrancken-600x400.jpg 600w, https:\/\/www.alliance-francaise.nl\/maastricht\/wp-content\/uploads\/sites\/11\/2026\/02\/Beeld-stefan-Vrancken.jpg 1536w\" sizes=\"(max-width: 800px) 100vw, 800px\" \/>\t\t\t\t\t\t\t\t\t\t\t\t\t\t\t<\/div>\n\t\t\t\t<\/div>\n\t\t\t\t<div class=\"elementor-element elementor-element-1067a53 elementor-widget elementor-widget-text-editor\" data-id=\"1067a53\" data-element_type=\"widget\" data-e-type=\"widget\" data-widget_type=\"text-editor.default\">\n\t\t\t\t<div class=\"elementor-widget-container\">\n\t\t\t\t\t\t\t\t\t<h2><strong>Ouvrez la porte! \/ Stefan Vrancken<\/strong><\/h2><h5><strong>Vrijdag 24 april \/ <\/strong><strong>deur open 19:00, begin 19:30\/\u00a0<\/strong><strong>Pesthuys<br \/>Entr\u00e9e: \u20ac 10 \/ ami(e)s en cursisten \u20ac 5<\/strong><\/h5><h5><span style=\"color: #ff0000\"><strong>UITVERKOCHT &#8211; we onderzoeken of een extra lezing mogelijk is<\/strong><\/span><\/h5><p>Maastricht is maar liefst vier keer belegerd door een Franse legermacht: in 1673, 1748, 1793 en 1794. Drie keer daarvan leidde dat tot een Franse overwinning en werd Maastricht gedwongen haar stadspoorten te openen. <br \/>Vooral de laatste bezetting die in 1814 eindigde met de val van Napoleon, had een grote impact op de stad. Maastricht was maar liefst twintig jaar een Franse stad.<\/p><p>Natuurlijk is de politieke geschiedenis van Maastricht interessant, interessanter is echter hoe de inwoners van Maastricht en de omliggende dorpen de veroveringen en bezettingen ervaarden en vooral welke impact de Franse aanwezigheid had op het dagelijks leven.<\/p><p>Stefan Vrancken, notaris in Maastricht, verricht onderzoek naar de akten van de 17e en 18e eeuwse Maastrichtse notarissen. Notarissen vervulden toentertijd een veel grotere rol in het maatschappelijke leven dan tegenwoordig. Aan de hand van de notari\u00eble akten vertelt Stefan het verhaal over de fascinerende wereld van deze drie Franse periodes van Maastricht.\u00a0<\/p><p><em>Voertaal: Nederlands<\/em><\/p>\t\t\t\t\t\t\t\t<\/div>\n\t\t\t\t<\/div>\n\t\t\t\t<div class=\"elementor-element elementor-element-810697b elementor-align-right elementor-widget elementor-widget-button\" data-id=\"810697b\" data-element_type=\"widget\" data-e-type=\"widget\" data-widget_type=\"button.default\">\n\t\t\t\t<div class=\"elementor-widget-container\">\n\t\t\t\t\t\t\t\t\t<div class=\"elementor-button-wrapper\">\n\t\t\t\t\t<a class=\"elementor-button elementor-button-link elementor-size-sm\" href=\"https:\/\/pesthuyspodium.eventgoose.com\">\n\t\t\t\t\t\t<span class=\"elementor-button-content-wrapper\">\n\t\t\t\t\t\t\t\t\t<span class=\"elementor-button-text\">Kaartjes<\/span>\n\t\t\t\t\t<\/span>\n\t\t\t\t\t<\/a>\n\t\t\t\t<\/div>\n\t\t\t\t\t\t\t\t<\/div>\n\t\t\t\t<\/div>\n\t\t\t\t<div class=\"elementor-element elementor-element-a06598e elementor-widget__width-initial elementor-widget elementor-widget-spacer\" data-id=\"a06598e\" data-element_type=\"widget\" data-e-type=\"widget\" data-widget_type=\"spacer.default\">\n\t\t\t\t<div class=\"elementor-widget-container\">\n\t\t\t\t\t\t\t<div class=\"elementor-spacer\">\n\t\t\t<div class=\"elementor-spacer-inner\"><\/div>\n\t\t<\/div>\n\t\t\t\t\t\t<\/div>\n\t\t\t\t<\/div>\n\t\t\t\t<div class=\"elementor-element elementor-element-10bdcc6 elementor-widget-divider--view-line elementor-widget elementor-widget-divider\" data-id=\"10bdcc6\" data-element_type=\"widget\" data-e-type=\"widget\" data-widget_type=\"divider.default\">\n\t\t\t\t<div class=\"elementor-widget-container\">\n\t\t\t\t\t\t\t<div class=\"elementor-divider\">\n\t\t\t<span class=\"elementor-divider-separator\">\n\t\t\t\t\t\t<\/span>\n\t\t<\/div>\n\t\t\t\t\t\t<\/div>\n\t\t\t\t<\/div>\n\t\t\t\t<div class=\"elementor-element elementor-element-8fcacf4 elementor-widget__width-initial elementor-widget elementor-widget-spacer\" data-id=\"8fcacf4\" data-element_type=\"widget\" data-e-type=\"widget\" data-widget_type=\"spacer.default\">\n\t\t\t\t<div class=\"elementor-widget-container\">\n\t\t\t\t\t\t\t<div class=\"elementor-spacer\">\n\t\t\t<div class=\"elementor-spacer-inner\"><\/div>\n\t\t<\/div>\n\t\t\t\t\t\t<\/div>\n\t\t\t\t<\/div>\n\t\t\t\t\t<\/div>\n\t\t<\/div>\n\t\t\t\t\t<\/div>\n\t\t<\/section>\n\t\t\t\t<section class=\"elementor-section elementor-top-section elementor-element elementor-element-eb79726 elementor-section-boxed elementor-section-height-default elementor-section-height-default\" data-id=\"eb79726\" data-element_type=\"section\" data-e-type=\"section\">\n\t\t\t\t\t\t<div class=\"elementor-container elementor-column-gap-default\">\n\t\t\t\t\t<div class=\"elementor-column elementor-col-50 elementor-top-column elementor-element elementor-element-82db8f5\" data-id=\"82db8f5\" data-element_type=\"column\" data-e-type=\"column\">\n\t\t\t<div class=\"elementor-widget-wrap elementor-element-populated\">\n\t\t\t\t\t\t<div class=\"elementor-element elementor-element-45d6810 elementor-widget elementor-widget-text-editor\" data-id=\"45d6810\" data-element_type=\"widget\" data-e-type=\"widget\" data-widget_type=\"text-editor.default\">\n\t\t\t\t<div class=\"elementor-widget-container\">\n\t\t\t\t\t\t\t\t\t<h2><b>Une visite en fran\u00e7ais des casemates de Maastricht<span style=\"font-family: inherit\"> \/ Egbert Ausems<\/span><\/b><\/h2><h4><b style=\"font-family: inherit;font-size: 1.25rem\">Mei 2026 \/ \u00c0 annoncer<\/b><span style=\"font-family: var( --e-global-typography-text-font-family ), Sans-serif;font-size: 1rem\">\u00a0<\/span><\/h4><p><span style=\"font-family: var( --e-global-typography-text-font-family ), Sans-serif;font-size: 1rem\">Tussen 1575 en 1825 werd aan de westelijke kant van Maastricht een netwerk van ondergrondse gangen of mijngalerijen aangelegd. Tijdens belegeringen werden deze tunnels gebruikt om de vijand van onder de grond te benaderen en te verrassen.<\/span><\/p><p>Als mollen onder de grond hebben hoofdzakelijk vrouwen in de 18e eeuw een 14 kilometer lang verdedigingsstelsel uitgegraven onder de westkant van de stad. Tijdens de Tweede Wereldoorlog hebben de Maastrichtenaren hier dicht op elkaar gepakt angstige uren doorstaan terwijl zij schuilden voor de bombardementen.<\/p><p>We maken een wandeling door de bakstenen tunnels waar de kruispunten allemaal op elkaar lijken en voor verwarring zorgen. Ook bezoeken we een expositie waarin twee schuilperiodes worden belicht, die van de Tweede Wereldoorlog en de Koude Oorlog. Foto\u2019s, originele affiches en installaties schetsen een goed sfeerbeeld \u00a0dat terugvoert naar deze vaak angstige en beklemmende tijd, die zo nu en dan ook een glimlach zal oproepen en tot nadenken stemt.\u00a0<\/p><p><em>De gangen zijn 1,80m hoog. Niet geschikt voor personen met engtevrees.<br \/>Trek stevig schoeisel aan.<\/em><\/p><p><em style=\"font-family: var( --e-global-typography-text-font-family ), Sans-serif;font-size: 1rem\">Langue: Fran\u00e7ais<\/em><\/p>\t\t\t\t\t\t\t\t<\/div>\n\t\t\t\t<\/div>\n\t\t\t\t\t<\/div>\n\t\t<\/div>\n\t\t\t\t<div class=\"elementor-column elementor-col-50 elementor-top-column elementor-element elementor-element-4e94fa4\" data-id=\"4e94fa4\" data-element_type=\"column\" data-e-type=\"column\">\n\t\t\t<div class=\"elementor-widget-wrap elementor-element-populated\">\n\t\t\t\t\t\t<div class=\"elementor-element elementor-element-efa0691 elementor-widget elementor-widget-image\" data-id=\"efa0691\" data-element_type=\"widget\" data-e-type=\"widget\" data-widget_type=\"image.default\">\n\t\t\t\t<div class=\"elementor-widget-container\">\n\t\t\t\t\t\t\t\t\t\t\t\t\t\t\t<img loading=\"lazy\" decoding=\"async\" width=\"800\" height=\"559\" src=\"https:\/\/www.alliance-francaise.nl\/maastricht\/wp-content\/uploads\/sites\/11\/2026\/02\/kazematten-binnen-koepel-gangen-maastricht-spuisers_3385947680-1024x715.jpeg\" class=\"attachment-large size-large wp-image-11761\" alt=\"\" srcset=\"https:\/\/www.alliance-francaise.nl\/maastricht\/wp-content\/uploads\/sites\/11\/2026\/02\/kazematten-binnen-koepel-gangen-maastricht-spuisers_3385947680-1024x715.jpeg 1024w, https:\/\/www.alliance-francaise.nl\/maastricht\/wp-content\/uploads\/sites\/11\/2026\/02\/kazematten-binnen-koepel-gangen-maastricht-spuisers_3385947680-300x209.jpeg 300w, https:\/\/www.alliance-francaise.nl\/maastricht\/wp-content\/uploads\/sites\/11\/2026\/02\/kazematten-binnen-koepel-gangen-maastricht-spuisers_3385947680-768x536.jpeg 768w, https:\/\/www.alliance-francaise.nl\/maastricht\/wp-content\/uploads\/sites\/11\/2026\/02\/kazematten-binnen-koepel-gangen-maastricht-spuisers_3385947680-1320x921.jpeg 1320w, https:\/\/www.alliance-francaise.nl\/maastricht\/wp-content\/uploads\/sites\/11\/2026\/02\/kazematten-binnen-koepel-gangen-maastricht-spuisers_3385947680-600x419.jpeg 600w, https:\/\/www.alliance-francaise.nl\/maastricht\/wp-content\/uploads\/sites\/11\/2026\/02\/kazematten-binnen-koepel-gangen-maastricht-spuisers_3385947680.jpeg 1500w\" sizes=\"(max-width: 800px) 100vw, 800px\" \/>\t\t\t\t\t\t\t\t\t\t\t\t\t\t\t<\/div>\n\t\t\t\t<\/div>\n\t\t\t\t<div class=\"elementor-element elementor-element-a542784 elementor-widget elementor-widget-image\" data-id=\"a542784\" data-element_type=\"widget\" data-e-type=\"widget\" data-widget_type=\"image.default\">\n\t\t\t\t<div class=\"elementor-widget-container\">\n\t\t\t\t\t\t\t\t\t\t\t\t\t\t\t<img loading=\"lazy\" decoding=\"async\" width=\"800\" height=\"534\" src=\"https:\/\/www.alliance-francaise.nl\/maastricht\/wp-content\/uploads\/sites\/11\/2026\/02\/kazematten-binnen-gang-bankje-tunnel-maastricht-spuisers_2164829481-1024x683.jpeg\" class=\"attachment-large size-large wp-image-11762\" alt=\"\" srcset=\"https:\/\/www.alliance-francaise.nl\/maastricht\/wp-content\/uploads\/sites\/11\/2026\/02\/kazematten-binnen-gang-bankje-tunnel-maastricht-spuisers_2164829481-1024x683.jpeg 1024w, https:\/\/www.alliance-francaise.nl\/maastricht\/wp-content\/uploads\/sites\/11\/2026\/02\/kazematten-binnen-gang-bankje-tunnel-maastricht-spuisers_2164829481-300x200.jpeg 300w, https:\/\/www.alliance-francaise.nl\/maastricht\/wp-content\/uploads\/sites\/11\/2026\/02\/kazematten-binnen-gang-bankje-tunnel-maastricht-spuisers_2164829481-768x512.jpeg 768w, https:\/\/www.alliance-francaise.nl\/maastricht\/wp-content\/uploads\/sites\/11\/2026\/02\/kazematten-binnen-gang-bankje-tunnel-maastricht-spuisers_2164829481-1320x880.jpeg 1320w, https:\/\/www.alliance-francaise.nl\/maastricht\/wp-content\/uploads\/sites\/11\/2026\/02\/kazematten-binnen-gang-bankje-tunnel-maastricht-spuisers_2164829481-600x400.jpeg 600w, https:\/\/www.alliance-francaise.nl\/maastricht\/wp-content\/uploads\/sites\/11\/2026\/02\/kazematten-binnen-gang-bankje-tunnel-maastricht-spuisers_2164829481.jpeg 1500w\" sizes=\"(max-width: 800px) 100vw, 800px\" \/>\t\t\t\t\t\t\t\t\t\t\t\t\t\t\t<\/div>\n\t\t\t\t<\/div>\n\t\t\t\t\t<\/div>\n\t\t<\/div>\n\t\t\t\t\t<\/div>\n\t\t<\/section>\n\t\t\t\t<section class=\"elementor-section elementor-top-section elementor-element elementor-element-5177ccf elementor-section-boxed elementor-section-height-default elementor-section-height-default\" data-id=\"5177ccf\" data-element_type=\"section\" data-e-type=\"section\">\n\t\t\t\t\t\t<div class=\"elementor-container elementor-column-gap-default\">\n\t\t\t\t\t<div class=\"elementor-column elementor-col-100 elementor-top-column elementor-element elementor-element-56f8632\" data-id=\"56f8632\" data-element_type=\"column\" data-e-type=\"column\">\n\t\t\t<div class=\"elementor-widget-wrap elementor-element-populated\">\n\t\t\t\t\t\t<div class=\"elementor-element elementor-element-1f769c6 elementor-widget__width-initial elementor-widget elementor-widget-spacer\" data-id=\"1f769c6\" data-element_type=\"widget\" data-e-type=\"widget\" data-widget_type=\"spacer.default\">\n\t\t\t\t<div class=\"elementor-widget-container\">\n\t\t\t\t\t\t\t<div class=\"elementor-spacer\">\n\t\t\t<div class=\"elementor-spacer-inner\"><\/div>\n\t\t<\/div>\n\t\t\t\t\t\t<\/div>\n\t\t\t\t<\/div>\n\t\t\t\t<div class=\"elementor-element elementor-element-2aab691 elementor-widget-divider--view-line elementor-widget elementor-widget-divider\" data-id=\"2aab691\" data-element_type=\"widget\" data-e-type=\"widget\" data-widget_type=\"divider.default\">\n\t\t\t\t<div class=\"elementor-widget-container\">\n\t\t\t\t\t\t\t<div class=\"elementor-divider\">\n\t\t\t<span class=\"elementor-divider-separator\">\n\t\t\t\t\t\t<\/span>\n\t\t<\/div>\n\t\t\t\t\t\t<\/div>\n\t\t\t\t<\/div>\n\t\t\t\t<div class=\"elementor-element elementor-element-007ce93 elementor-widget__width-initial elementor-widget elementor-widget-spacer\" data-id=\"007ce93\" data-element_type=\"widget\" data-e-type=\"widget\" data-widget_type=\"spacer.default\">\n\t\t\t\t<div class=\"elementor-widget-container\">\n\t\t\t\t\t\t\t<div class=\"elementor-spacer\">\n\t\t\t<div class=\"elementor-spacer-inner\"><\/div>\n\t\t<\/div>\n\t\t\t\t\t\t<\/div>\n\t\t\t\t<\/div>\n\t\t\t\t\t<\/div>\n\t\t<\/div>\n\t\t\t\t\t<\/div>\n\t\t<\/section>\n\t\t\t\t<section class=\"elementor-section elementor-top-section elementor-element elementor-element-6266de0 elementor-section-boxed elementor-section-height-default elementor-section-height-default\" data-id=\"6266de0\" data-element_type=\"section\" data-e-type=\"section\">\n\t\t\t\t\t\t<div class=\"elementor-container elementor-column-gap-default\">\n\t\t\t\t\t<div class=\"elementor-column elementor-col-66 elementor-top-column elementor-element elementor-element-ac7c371\" data-id=\"ac7c371\" data-element_type=\"column\" data-e-type=\"column\">\n\t\t\t<div class=\"elementor-widget-wrap elementor-element-populated\">\n\t\t\t\t\t\t<div class=\"elementor-element elementor-element-eed91cf elementor-widget elementor-widget-text-editor\" data-id=\"eed91cf\" data-element_type=\"widget\" data-e-type=\"widget\" data-widget_type=\"text-editor.default\">\n\t\t\t\t<div class=\"elementor-widget-container\">\n\t\t\t\t\t\t\t\t\t<h2><span style=\"font-weight: bolder;color: #da002e\">Cafe fran\u00e7ais live met\u00a0<em>pubquiz<\/em><\/span><\/h2><h5><span style=\"font-size: medium\"><b>\u00e0 annoncer \/ informatie volgt<\/b><\/span><\/h5><p>Het is het einde van het seizoen en dat betekent dat onze jaarlijkse pubquiz er weer aan komt. De vragen behelzen het hele scala van cultuur tot sport en van politiek tot muziek en ga er maar vanuit dat ze ook nu weer pittig zijn.\u00a0<\/p><p><span style=\"text-decoration: underline\">Let op<\/span>! Om enig idee te hebben van het aantal deelnemers, vragen we je om je aan te melden via een kort bericht naar <a href=\"mailto:maastricht@afpb.nl\">maastricht@afpb.nl<\/a><\/p><p><span style=\"color: var( --e-global-color-text );font-family: var( --e-global-typography-text-font-family ), Sans-serif;font-weight: var( --e-global-typography-text-font-weight );font-size: 1rem\">En wie er een echt avondje uit van wil maken, kan er voorafgaand aan het Caf\u00e9 Fran\u00e7ais terecht voor een\u00a0<\/span><em style=\"color: var( --e-global-color-text );font-family: var( --e-global-typography-text-font-family ), Sans-serif;font-weight: var( --e-global-typography-text-font-weight );font-size: 1rem\">Menu AFM Au Sommet<\/em><span style=\"color: var( --e-global-color-text );font-family: var( --e-global-typography-text-font-family ), Sans-serif;font-weight: var( --e-global-typography-text-font-weight );font-size: 1rem\">, een 2-gangen menuutje voor de vriendelijke prijs van \u20ac 27,00. Reserveren voor het menuutje bel (043) 362 7099.<\/span><\/p><p><span style=\"font-weight: bolder\">Bistrot On Top, Scharnerweg 131 in Maastricht<\/span><\/p>\t\t\t\t\t\t\t\t<\/div>\n\t\t\t\t<\/div>\n\t\t\t\t\t<\/div>\n\t\t<\/div>\n\t\t\t\t<div class=\"elementor-column elementor-col-33 elementor-top-column elementor-element elementor-element-88f0a7d\" data-id=\"88f0a7d\" data-element_type=\"column\" data-e-type=\"column\">\n\t\t\t<div class=\"elementor-widget-wrap elementor-element-populated\">\n\t\t\t\t\t\t<div class=\"elementor-element elementor-element-93f7b18 elementor-widget elementor-widget-image\" data-id=\"93f7b18\" data-element_type=\"widget\" data-e-type=\"widget\" data-widget_type=\"image.default\">\n\t\t\t\t<div class=\"elementor-widget-container\">\n\t\t\t\t\t\t\t\t\t\t\t\t\t\t\t<img loading=\"lazy\" decoding=\"async\" width=\"1320\" height=\"801\" src=\"https:\/\/www.alliance-francaise.nl\/maastricht\/wp-content\/uploads\/sites\/11\/2024\/07\/CleanShot-2024-07-04-at-20.02.08@2x-1320x801.jpg\" class=\"attachment-mailpoet_newsletter_max size-mailpoet_newsletter_max wp-image-10017\" alt=\"\" srcset=\"https:\/\/www.alliance-francaise.nl\/maastricht\/wp-content\/uploads\/sites\/11\/2024\/07\/CleanShot-2024-07-04-at-20.02.08@2x-1320x801.jpg 1320w, https:\/\/www.alliance-francaise.nl\/maastricht\/wp-content\/uploads\/sites\/11\/2024\/07\/CleanShot-2024-07-04-at-20.02.08@2x-300x182.jpg 300w, https:\/\/www.alliance-francaise.nl\/maastricht\/wp-content\/uploads\/sites\/11\/2024\/07\/CleanShot-2024-07-04-at-20.02.08@2x-1024x621.jpg 1024w, https:\/\/www.alliance-francaise.nl\/maastricht\/wp-content\/uploads\/sites\/11\/2024\/07\/CleanShot-2024-07-04-at-20.02.08@2x-768x466.jpg 768w, https:\/\/www.alliance-francaise.nl\/maastricht\/wp-content\/uploads\/sites\/11\/2024\/07\/CleanShot-2024-07-04-at-20.02.08@2x-1536x932.jpg 1536w, https:\/\/www.alliance-francaise.nl\/maastricht\/wp-content\/uploads\/sites\/11\/2024\/07\/CleanShot-2024-07-04-at-20.02.08@2x-2048x1243.jpg 2048w, https:\/\/www.alliance-francaise.nl\/maastricht\/wp-content\/uploads\/sites\/11\/2024\/07\/CleanShot-2024-07-04-at-20.02.08@2x-600x364.jpg 600w\" sizes=\"(max-width: 1320px) 100vw, 1320px\" \/>\t\t\t\t\t\t\t\t\t\t\t\t\t\t\t<\/div>\n\t\t\t\t<\/div>\n\t\t\t\t\t<\/div>\n\t\t<\/div>\n\t\t\t\t\t<\/div>\n\t\t<\/section>\n\t\t\t\t<section class=\"elementor-section elementor-top-section elementor-element elementor-element-2561eb9 elementor-section-boxed elementor-section-height-default elementor-section-height-default\" data-id=\"2561eb9\" data-element_type=\"section\" data-e-type=\"section\">\n\t\t\t\t\t\t<div class=\"elementor-container elementor-column-gap-default\">\n\t\t\t\t\t<div class=\"elementor-column elementor-col-100 elementor-top-column elementor-element elementor-element-2c1da76\" data-id=\"2c1da76\" data-element_type=\"column\" data-e-type=\"column\">\n\t\t\t<div class=\"elementor-widget-wrap elementor-element-populated\">\n\t\t\t\t\t\t<div class=\"elementor-element elementor-element-22bd97f elementor-widget__width-initial elementor-widget elementor-widget-spacer\" data-id=\"22bd97f\" data-element_type=\"widget\" data-e-type=\"widget\" data-widget_type=\"spacer.default\">\n\t\t\t\t<div class=\"elementor-widget-container\">\n\t\t\t\t\t\t\t<div class=\"elementor-spacer\">\n\t\t\t<div class=\"elementor-spacer-inner\"><\/div>\n\t\t<\/div>\n\t\t\t\t\t\t<\/div>\n\t\t\t\t<\/div>\n\t\t\t\t<div class=\"elementor-element elementor-element-357d438 elementor-widget-divider--view-line elementor-widget elementor-widget-divider\" data-id=\"357d438\" data-element_type=\"widget\" data-e-type=\"widget\" data-widget_type=\"divider.default\">\n\t\t\t\t<div class=\"elementor-widget-container\">\n\t\t\t\t\t\t\t<div class=\"elementor-divider\">\n\t\t\t<span class=\"elementor-divider-separator\">\n\t\t\t\t\t\t<\/span>\n\t\t<\/div>\n\t\t\t\t\t\t<\/div>\n\t\t\t\t<\/div>\n\t\t\t\t<div class=\"elementor-element elementor-element-ee7969b elementor-widget__width-initial elementor-widget elementor-widget-spacer\" data-id=\"ee7969b\" data-element_type=\"widget\" data-e-type=\"widget\" data-widget_type=\"spacer.default\">\n\t\t\t\t<div class=\"elementor-widget-container\">\n\t\t\t\t\t\t\t<div class=\"elementor-spacer\">\n\t\t\t<div class=\"elementor-spacer-inner\"><\/div>\n\t\t<\/div>\n\t\t\t\t\t\t<\/div>\n\t\t\t\t<\/div>\n\t\t\t\t<div class=\"elementor-element elementor-element-c47415c elementor-widget elementor-widget-text-editor\" data-id=\"c47415c\" data-element_type=\"widget\" data-e-type=\"widget\" data-widget_type=\"text-editor.default\">\n\t\t\t\t<div class=\"elementor-widget-container\">\n\t\t\t\t\t\t\t\t\t<h2 style=\"text-align: center\"><strong><span style=\"font-size: 2rem\">++++<\/span><\/strong> <strong>\u00c9v\u00e9nements pass\u00e9s &#8211; Afgelopen evenementen\u00a0<span style=\"font-size: 2rem\">++++<\/span><\/strong><\/h2>\t\t\t\t\t\t\t\t<\/div>\n\t\t\t\t<\/div>\n\t\t\t\t<div class=\"elementor-element elementor-element-d193e57 elementor-widget-divider--view-line elementor-widget elementor-widget-divider\" data-id=\"d193e57\" data-element_type=\"widget\" data-e-type=\"widget\" data-widget_type=\"divider.default\">\n\t\t\t\t<div class=\"elementor-widget-container\">\n\t\t\t\t\t\t\t<div class=\"elementor-divider\">\n\t\t\t<span class=\"elementor-divider-separator\">\n\t\t\t\t\t\t<\/span>\n\t\t<\/div>\n\t\t\t\t\t\t<\/div>\n\t\t\t\t<\/div>\n\t\t\t\t<div class=\"elementor-element elementor-element-7ba5a73 elementor-widget__width-initial elementor-widget elementor-widget-spacer\" data-id=\"7ba5a73\" data-element_type=\"widget\" data-e-type=\"widget\" data-widget_type=\"spacer.default\">\n\t\t\t\t<div class=\"elementor-widget-container\">\n\t\t\t\t\t\t\t<div class=\"elementor-spacer\">\n\t\t\t<div class=\"elementor-spacer-inner\"><\/div>\n\t\t<\/div>\n\t\t\t\t\t\t<\/div>\n\t\t\t\t<\/div>\n\t\t\t\t\t<\/div>\n\t\t<\/div>\n\t\t\t\t\t<\/div>\n\t\t<\/section>\n\t\t\t\t<section class=\"elementor-section elementor-top-section elementor-element elementor-element-f9a6672 elementor-section-boxed elementor-section-height-default elementor-section-height-default\" data-id=\"f9a6672\" data-element_type=\"section\" data-e-type=\"section\">\n\t\t\t\t\t\t<div class=\"elementor-container elementor-column-gap-default\">\n\t\t\t\t\t<div class=\"elementor-column elementor-col-50 elementor-top-column elementor-element elementor-element-a69763a\" data-id=\"a69763a\" data-element_type=\"column\" data-e-type=\"column\">\n\t\t\t<div class=\"elementor-widget-wrap elementor-element-populated\">\n\t\t\t\t\t\t<div class=\"elementor-element elementor-element-26c8728 elementor-widget-divider--view-line elementor-widget elementor-widget-divider\" data-id=\"26c8728\" data-element_type=\"widget\" data-e-type=\"widget\" data-widget_type=\"divider.default\">\n\t\t\t\t<div class=\"elementor-widget-container\">\n\t\t\t\t\t\t\t<div class=\"elementor-divider\">\n\t\t\t<span class=\"elementor-divider-separator\">\n\t\t\t\t\t\t<\/span>\n\t\t<\/div>\n\t\t\t\t\t\t<\/div>\n\t\t\t\t<\/div>\n\t\t\t\t<div class=\"elementor-element elementor-element-9d84d60 elementor-widget__width-initial elementor-widget elementor-widget-text-editor\" data-id=\"9d84d60\" data-element_type=\"widget\" data-e-type=\"widget\" data-widget_type=\"text-editor.default\">\n\t\t\t\t<div class=\"elementor-widget-container\">\n\t\t\t\t\t\t\t\t\t<h2><strong>La Rentr\u00e9e Litt\u00e9raire 2025 \/ B\u00e9atrice et Pierre Cerfontaine (Librairie L\u2019oiseau-lire)<\/strong><\/h2><h5><b><span style=\"font-family: inherit\"><span style=\"font-size: 1.25rem\">Dimanche 28 septembre 2025 \/ 09h00 salle ouverte, 9:30 petit d\u00e9jeuner \/ salle des Tr\u00e9teaux &#8211; Rue de la Chinstr\u00e9e (1er \u00e9tage) Vis\u00e9.\u00a0<\/span><\/span><\/b><\/h5><h5><b>Prix d\u2019entr\u00e9e : gratuit<\/b><\/h5><p>Il est d\u00e9sormais de tradition d&#8217;ouvrir la saison culturelle de l&#8217;Alliance fran\u00e7aise de Maastricht par une pr\u00e9sentation de la rentr\u00e9e litt\u00e9raire fran\u00e7aise. Cette ann\u00e9e, nous sommes convi\u00e9s au petit-d\u00e9jeuner litt\u00e9raire organis\u00e9 par la librairie L\u2019Oiseau-Lire \u00e0 Vis\u00e9. L&#8217;activit\u00e9 commencera par un petit-d\u00e9jeuner convivial \u00e0 partir de 9 h 30. Les premiers participants pourront \u00eatre accueillis d\u00e8s 9 h.<br \/>\u00c0 10 h, la pr\u00e9sentation des coups de c\u0153ur de la rentr\u00e9e litt\u00e9raire d\u00e9butera.<br \/>Vers 11 h 15, l&#8217;autrice Solenn Honorine sera accueillie et interrog\u00e9e sur son roman La Route de Wakale.<\/p><p><em>La rencontre est, comme d&#8217;habitude, gratuite mais l&#8217;inscription est souhait\u00e9e. <\/em><br \/><em>Celle-ci peut se faire :<\/em><br \/><em>Par mail (info@loiseaulire.be)<\/em><br \/><em>Par t\u00e9l\u00e9phone (04 379 77 91)<\/em><br \/><em>Directement \u00e0 la librairie<\/em><br \/><em>Au plaisir de vous y retrouver !<\/em><\/p><p>Langue : fran\u00e7ais<\/p>\t\t\t\t\t\t\t\t<\/div>\n\t\t\t\t<\/div>\n\t\t\t\t<div class=\"elementor-element elementor-element-cf72a42 elementor-widget elementor-widget-spacer\" data-id=\"cf72a42\" data-element_type=\"widget\" data-e-type=\"widget\" data-widget_type=\"spacer.default\">\n\t\t\t\t<div class=\"elementor-widget-container\">\n\t\t\t\t\t\t\t<div class=\"elementor-spacer\">\n\t\t\t<div class=\"elementor-spacer-inner\"><\/div>\n\t\t<\/div>\n\t\t\t\t\t\t<\/div>\n\t\t\t\t<\/div>\n\t\t\t\t\t<\/div>\n\t\t<\/div>\n\t\t\t\t<div class=\"elementor-column elementor-col-50 elementor-top-column elementor-element elementor-element-eea2890\" data-id=\"eea2890\" data-element_type=\"column\" data-e-type=\"column\">\n\t\t\t<div class=\"elementor-widget-wrap elementor-element-populated\">\n\t\t\t\t\t\t<div class=\"elementor-element elementor-element-3ec5b2c elementor-widget elementor-widget-image\" data-id=\"3ec5b2c\" data-element_type=\"widget\" data-e-type=\"widget\" data-widget_type=\"image.default\">\n\t\t\t\t<div class=\"elementor-widget-container\">\n\t\t\t\t\t\t\t\t\t\t\t\t\t\t\t<img loading=\"lazy\" decoding=\"async\" width=\"230\" height=\"140\" src=\"https:\/\/www.alliance-francaise.nl\/maastricht\/wp-content\/uploads\/sites\/11\/2024\/07\/image.png\" class=\"attachment-large size-large wp-image-9997\" alt=\"\" \/>\t\t\t\t\t\t\t\t\t\t\t\t\t\t\t<\/div>\n\t\t\t\t<\/div>\n\t\t\t\t<div class=\"elementor-element elementor-element-056eeb6 elementor-widget__width-initial elementor-widget elementor-widget-image\" data-id=\"056eeb6\" data-element_type=\"widget\" data-e-type=\"widget\" data-widget_type=\"image.default\">\n\t\t\t\t<div class=\"elementor-widget-container\">\n\t\t\t\t\t\t\t\t\t\t\t\t\t\t\t<img loading=\"lazy\" decoding=\"async\" width=\"800\" height=\"795\" src=\"https:\/\/www.alliance-francaise.nl\/maastricht\/wp-content\/uploads\/sites\/11\/2025\/08\/rentree-lit-2025-1024x1018.jpeg\" class=\"attachment-large size-large wp-image-11277\" alt=\"\" srcset=\"https:\/\/www.alliance-francaise.nl\/maastricht\/wp-content\/uploads\/sites\/11\/2025\/08\/rentree-lit-2025-1024x1018.jpeg 1024w, https:\/\/www.alliance-francaise.nl\/maastricht\/wp-content\/uploads\/sites\/11\/2025\/08\/rentree-lit-2025-300x298.jpeg 300w, https:\/\/www.alliance-francaise.nl\/maastricht\/wp-content\/uploads\/sites\/11\/2025\/08\/rentree-lit-2025-150x150.jpeg 150w, https:\/\/www.alliance-francaise.nl\/maastricht\/wp-content\/uploads\/sites\/11\/2025\/08\/rentree-lit-2025-768x764.jpeg 768w, https:\/\/www.alliance-francaise.nl\/maastricht\/wp-content\/uploads\/sites\/11\/2025\/08\/rentree-lit-2025-1536x1527.jpeg 1536w, https:\/\/www.alliance-francaise.nl\/maastricht\/wp-content\/uploads\/sites\/11\/2025\/08\/rentree-lit-2025-600x596.jpeg 600w, https:\/\/www.alliance-francaise.nl\/maastricht\/wp-content\/uploads\/sites\/11\/2025\/08\/rentree-lit-2025-100x100.jpeg 100w, https:\/\/www.alliance-francaise.nl\/maastricht\/wp-content\/uploads\/sites\/11\/2025\/08\/rentree-lit-2025-1320x1312.jpeg 1320w, https:\/\/www.alliance-francaise.nl\/maastricht\/wp-content\/uploads\/sites\/11\/2025\/08\/rentree-lit-2025.jpeg 2048w\" sizes=\"(max-width: 800px) 100vw, 800px\" \/>\t\t\t\t\t\t\t\t\t\t\t\t\t\t\t<\/div>\n\t\t\t\t<\/div>\n\t\t\t\t<div class=\"elementor-element elementor-element-053e4d7 elementor-widget__width-initial elementor-widget elementor-widget-text-editor\" data-id=\"053e4d7\" data-element_type=\"widget\" data-e-type=\"widget\" data-widget_type=\"text-editor.default\">\n\t\t\t\t<div class=\"elementor-widget-container\">\n\t\t\t\t\t\t\t\t\t<p><strong>La premi\u00e8re fourn\u00e9e de livres de la rentr\u00e9e litt\u00e9raire est arriv\u00e9e en librairie\u2026 Et ce n&#8217;est que le d\u00e9but !<\/strong><br><\/p>\t\t\t\t\t\t\t\t<\/div>\n\t\t\t\t<\/div>\n\t\t\t\t\t<\/div>\n\t\t<\/div>\n\t\t\t\t\t<\/div>\n\t\t<\/section>\n\t\t\t\t<section class=\"elementor-section elementor-top-section elementor-element elementor-element-b476076 elementor-section-boxed elementor-section-height-default elementor-section-height-default\" data-id=\"b476076\" data-element_type=\"section\" data-e-type=\"section\">\n\t\t\t\t\t\t<div class=\"elementor-container elementor-column-gap-default\">\n\t\t\t\t\t<div class=\"elementor-column elementor-col-100 elementor-top-column elementor-element elementor-element-2935624\" data-id=\"2935624\" data-element_type=\"column\" data-e-type=\"column\">\n\t\t\t<div class=\"elementor-widget-wrap elementor-element-populated\">\n\t\t\t\t\t\t<section class=\"elementor-section elementor-inner-section elementor-element elementor-element-f850d17 elementor-section-boxed elementor-section-height-default elementor-section-height-default\" data-id=\"f850d17\" data-element_type=\"section\" data-e-type=\"section\">\n\t\t\t\t\t\t<div class=\"elementor-container elementor-column-gap-default\">\n\t\t\t\t\t<div class=\"elementor-column elementor-col-33 elementor-inner-column elementor-element elementor-element-f7bea8c\" data-id=\"f7bea8c\" data-element_type=\"column\" data-e-type=\"column\">\n\t\t\t<div class=\"elementor-widget-wrap elementor-element-populated\">\n\t\t\t\t\t\t<div class=\"elementor-element elementor-element-93fcd53 elementor-widget__width-initial elementor-widget elementor-widget-image\" data-id=\"93fcd53\" data-element_type=\"widget\" data-e-type=\"widget\" data-widget_type=\"image.default\">\n\t\t\t\t<div class=\"elementor-widget-container\">\n\t\t\t\t\t\t\t\t\t\t\t\t\t\t\t<img loading=\"lazy\" decoding=\"async\" width=\"195\" height=\"300\" src=\"https:\/\/www.alliance-francaise.nl\/maastricht\/wp-content\/uploads\/sites\/11\/2025\/08\/61WRQnKzsTL._SY522_-195x300.jpg\" class=\"attachment-medium size-medium wp-image-11218\" alt=\"\" srcset=\"https:\/\/www.alliance-francaise.nl\/maastricht\/wp-content\/uploads\/sites\/11\/2025\/08\/61WRQnKzsTL._SY522_-195x300.jpg 195w, https:\/\/www.alliance-francaise.nl\/maastricht\/wp-content\/uploads\/sites\/11\/2025\/08\/61WRQnKzsTL._SY522_.jpg 339w\" sizes=\"(max-width: 195px) 100vw, 195px\" \/>\t\t\t\t\t\t\t\t\t\t\t\t\t\t\t<\/div>\n\t\t\t\t<\/div>\n\t\t\t\t\t<\/div>\n\t\t<\/div>\n\t\t\t\t<div class=\"elementor-column elementor-col-33 elementor-inner-column elementor-element elementor-element-14152fb\" data-id=\"14152fb\" data-element_type=\"column\" data-e-type=\"column\">\n\t\t\t<div class=\"elementor-widget-wrap elementor-element-populated\">\n\t\t\t\t\t\t<div class=\"elementor-element elementor-element-2f133ed elementor-widget__width-initial elementor-widget elementor-widget-text-editor\" data-id=\"2f133ed\" data-element_type=\"widget\" data-e-type=\"widget\" data-widget_type=\"text-editor.default\">\n\t\t\t\t<div class=\"elementor-widget-container\">\n\t\t\t\t\t\t\t\t\t<h5 id=\"title\" class=\"a-spacing-none a-text-normal\"><strong><span id=\"productTitle\" class=\"a-size-large celwidget\" data-csa-c-id=\"dsgcvo-xeyy6y-tqxdza-z5vz6\" data-cel-widget=\"productTitle\">Un premier roman d&#8217;un r\u00e9alisme saisissant, construit comme un film d&#8217;action<\/span><\/strong><\/h5><p>Alix, ing\u00e9nieure des eaux, s&#8217;engage au Nord-Kivu au sein de M\u00e9decins sans fronti\u00e8res. Alix sera bouscul\u00e9e par les enjeux \u00e9thiques et politiques d&#8217;une r\u00e9gion hant\u00e9e par des conflits interethniques larv\u00e9s &#8211; et par ses id\u00e9es pr\u00e9con\u00e7ues sur le travail humanitaire. Une plong\u00e9e hyperr\u00e9aliste au coeur d&#8217;une mission en Afrique de l&#8217;Est, racont\u00e9e au jour le jour et sans clich\u00e9s.<\/p>\t\t\t\t\t\t\t\t<\/div>\n\t\t\t\t<\/div>\n\t\t\t\t\t<\/div>\n\t\t<\/div>\n\t\t\t\t<div class=\"elementor-column elementor-col-33 elementor-inner-column elementor-element elementor-element-0706ecb\" data-id=\"0706ecb\" data-element_type=\"column\" data-e-type=\"column\">\n\t\t\t<div class=\"elementor-widget-wrap elementor-element-populated\">\n\t\t\t\t\t\t<div class=\"elementor-element elementor-element-e0c31de elementor-widget__width-initial elementor-widget elementor-widget-image\" data-id=\"e0c31de\" data-element_type=\"widget\" data-e-type=\"widget\" data-widget_type=\"image.default\">\n\t\t\t\t<div class=\"elementor-widget-container\">\n\t\t\t\t\t\t\t\t\t\t\t\t\t\t\t<img loading=\"lazy\" decoding=\"async\" width=\"225\" height=\"225\" src=\"https:\/\/www.alliance-francaise.nl\/maastricht\/wp-content\/uploads\/sites\/11\/2025\/08\/SolennHonorine.jpeg\" class=\"attachment-large size-large wp-image-11219\" alt=\"\" srcset=\"https:\/\/www.alliance-francaise.nl\/maastricht\/wp-content\/uploads\/sites\/11\/2025\/08\/SolennHonorine.jpeg 225w, https:\/\/www.alliance-francaise.nl\/maastricht\/wp-content\/uploads\/sites\/11\/2025\/08\/SolennHonorine-150x150.jpeg 150w, https:\/\/www.alliance-francaise.nl\/maastricht\/wp-content\/uploads\/sites\/11\/2025\/08\/SolennHonorine-100x100.jpeg 100w\" sizes=\"(max-width: 225px) 100vw, 225px\" \/>\t\t\t\t\t\t\t\t\t\t\t\t\t\t\t<\/div>\n\t\t\t\t<\/div>\n\t\t\t\t\t<\/div>\n\t\t<\/div>\n\t\t\t\t\t<\/div>\n\t\t<\/section>\n\t\t\t\t<div class=\"elementor-element elementor-element-d0f0d1d elementor-widget__width-initial elementor-widget elementor-widget-spacer\" data-id=\"d0f0d1d\" data-element_type=\"widget\" data-e-type=\"widget\" data-widget_type=\"spacer.default\">\n\t\t\t\t<div class=\"elementor-widget-container\">\n\t\t\t\t\t\t\t<div class=\"elementor-spacer\">\n\t\t\t<div class=\"elementor-spacer-inner\"><\/div>\n\t\t<\/div>\n\t\t\t\t\t\t<\/div>\n\t\t\t\t<\/div>\n\t\t\t\t<div class=\"elementor-element elementor-element-cf3b365 elementor-widget-divider--view-line elementor-widget elementor-widget-divider\" data-id=\"cf3b365\" data-element_type=\"widget\" data-e-type=\"widget\" data-widget_type=\"divider.default\">\n\t\t\t\t<div class=\"elementor-widget-container\">\n\t\t\t\t\t\t\t<div class=\"elementor-divider\">\n\t\t\t<span class=\"elementor-divider-separator\">\n\t\t\t\t\t\t<\/span>\n\t\t<\/div>\n\t\t\t\t\t\t<\/div>\n\t\t\t\t<\/div>\n\t\t\t\t<div class=\"elementor-element elementor-element-a071557 elementor-widget__width-initial elementor-widget elementor-widget-spacer\" data-id=\"a071557\" data-element_type=\"widget\" data-e-type=\"widget\" data-widget_type=\"spacer.default\">\n\t\t\t\t<div class=\"elementor-widget-container\">\n\t\t\t\t\t\t\t<div class=\"elementor-spacer\">\n\t\t\t<div class=\"elementor-spacer-inner\"><\/div>\n\t\t<\/div>\n\t\t\t\t\t\t<\/div>\n\t\t\t\t<\/div>\n\t\t\t\t\t<\/div>\n\t\t<\/div>\n\t\t\t\t\t<\/div>\n\t\t<\/section>\n\t\t\t\t<section class=\"elementor-section elementor-top-section elementor-element elementor-element-75e34af elementor-section-boxed elementor-section-height-default elementor-section-height-default\" data-id=\"75e34af\" data-element_type=\"section\" data-e-type=\"section\">\n\t\t\t\t\t\t<div class=\"elementor-container elementor-column-gap-default\">\n\t\t\t\t\t<div class=\"elementor-column elementor-col-100 elementor-top-column elementor-element elementor-element-5507068\" data-id=\"5507068\" data-element_type=\"column\" data-e-type=\"column\">\n\t\t\t<div class=\"elementor-widget-wrap elementor-element-populated\">\n\t\t\t\t\t\t<section class=\"elementor-section elementor-inner-section elementor-element elementor-element-221b292 elementor-section-boxed elementor-section-height-default elementor-section-height-default\" data-id=\"221b292\" data-element_type=\"section\" data-e-type=\"section\">\n\t\t\t\t\t\t<div class=\"elementor-container elementor-column-gap-default\">\n\t\t\t\t\t<div class=\"elementor-column elementor-col-50 elementor-inner-column elementor-element elementor-element-54e4679\" data-id=\"54e4679\" data-element_type=\"column\" data-e-type=\"column\">\n\t\t\t<div class=\"elementor-widget-wrap elementor-element-populated\">\n\t\t\t\t\t\t<div class=\"elementor-element elementor-element-0009037 elementor-widget__width-initial elementor-widget elementor-widget-image\" data-id=\"0009037\" data-element_type=\"widget\" data-e-type=\"widget\" data-widget_type=\"image.default\">\n\t\t\t\t<div class=\"elementor-widget-container\">\n\t\t\t\t\t\t\t\t\t\t\t\t\t\t\t<img loading=\"lazy\" decoding=\"async\" width=\"764\" height=\"1024\" src=\"https:\/\/www.alliance-francaise.nl\/maastricht\/wp-content\/uploads\/sites\/11\/2025\/08\/CleanShot-2025-08-07-at-14.57.21@2x-764x1024.jpg\" class=\"attachment-large size-large wp-image-11213\" alt=\"\" srcset=\"https:\/\/www.alliance-francaise.nl\/maastricht\/wp-content\/uploads\/sites\/11\/2025\/08\/CleanShot-2025-08-07-at-14.57.21@2x-764x1024.jpg 764w, https:\/\/www.alliance-francaise.nl\/maastricht\/wp-content\/uploads\/sites\/11\/2025\/08\/CleanShot-2025-08-07-at-14.57.21@2x-224x300.jpg 224w, https:\/\/www.alliance-francaise.nl\/maastricht\/wp-content\/uploads\/sites\/11\/2025\/08\/CleanShot-2025-08-07-at-14.57.21@2x-768x1029.jpg 768w, https:\/\/www.alliance-francaise.nl\/maastricht\/wp-content\/uploads\/sites\/11\/2025\/08\/CleanShot-2025-08-07-at-14.57.21@2x-1147x1536.jpg 1147w, https:\/\/www.alliance-francaise.nl\/maastricht\/wp-content\/uploads\/sites\/11\/2025\/08\/CleanShot-2025-08-07-at-14.57.21@2x-600x804.jpg 600w, https:\/\/www.alliance-francaise.nl\/maastricht\/wp-content\/uploads\/sites\/11\/2025\/08\/CleanShot-2025-08-07-at-14.57.21@2x.jpg 1308w\" sizes=\"(max-width: 764px) 100vw, 764px\" \/>\t\t\t\t\t\t\t\t\t\t\t\t\t\t\t<\/div>\n\t\t\t\t<\/div>\n\t\t\t\t\t<\/div>\n\t\t<\/div>\n\t\t\t\t<div class=\"elementor-column elementor-col-50 elementor-inner-column elementor-element elementor-element-53fd493\" data-id=\"53fd493\" data-element_type=\"column\" data-e-type=\"column\">\n\t\t\t<div class=\"elementor-widget-wrap elementor-element-populated\">\n\t\t\t\t\t\t<div class=\"elementor-element elementor-element-701d4b3 elementor-widget__width-initial elementor-widget elementor-widget-image\" data-id=\"701d4b3\" data-element_type=\"widget\" data-e-type=\"widget\" data-widget_type=\"image.default\">\n\t\t\t\t<div class=\"elementor-widget-container\">\n\t\t\t\t\t\t\t\t\t\t\t\t\t\t\t<img loading=\"lazy\" decoding=\"async\" width=\"768\" height=\"1017\" src=\"https:\/\/www.alliance-francaise.nl\/maastricht\/wp-content\/uploads\/sites\/11\/2025\/08\/CleanShot-2025-08-07-at-14.57.40@2x-768x1017.jpg\" class=\"attachment-medium_large size-medium_large wp-image-11214\" alt=\"\" srcset=\"https:\/\/www.alliance-francaise.nl\/maastricht\/wp-content\/uploads\/sites\/11\/2025\/08\/CleanShot-2025-08-07-at-14.57.40@2x-768x1017.jpg 768w, https:\/\/www.alliance-francaise.nl\/maastricht\/wp-content\/uploads\/sites\/11\/2025\/08\/CleanShot-2025-08-07-at-14.57.40@2x-227x300.jpg 227w, https:\/\/www.alliance-francaise.nl\/maastricht\/wp-content\/uploads\/sites\/11\/2025\/08\/CleanShot-2025-08-07-at-14.57.40@2x-773x1024.jpg 773w, https:\/\/www.alliance-francaise.nl\/maastricht\/wp-content\/uploads\/sites\/11\/2025\/08\/CleanShot-2025-08-07-at-14.57.40@2x-600x795.jpg 600w, https:\/\/www.alliance-francaise.nl\/maastricht\/wp-content\/uploads\/sites\/11\/2025\/08\/CleanShot-2025-08-07-at-14.57.40@2x.jpg 1092w\" sizes=\"(max-width: 768px) 100vw, 768px\" \/>\t\t\t\t\t\t\t\t\t\t\t\t\t\t\t<\/div>\n\t\t\t\t<\/div>\n\t\t\t\t\t<\/div>\n\t\t<\/div>\n\t\t\t\t\t<\/div>\n\t\t<\/section>\n\t\t\t\t<div class=\"elementor-element elementor-element-5bb9e45 elementor-widget elementor-widget-text-editor\" data-id=\"5bb9e45\" data-element_type=\"widget\" data-e-type=\"widget\" data-widget_type=\"text-editor.default\">\n\t\t\t\t<div class=\"elementor-widget-container\">\n\t\t\t\t\t\t\t\t\t<h2><strong>Excursion Li\u00e8ge: Quartier Vennes et son sous-quartier F\u00e9tinne \/ Visite guid\u00e9e par\u00a0Laurent Br\u00fcck<\/strong><\/h2><h5><strong>Samedi 25 octobre 2025 \/ 14h00 \/ Li\u00e8ge<\/strong><\/h5><h5><strong>Prix : <\/strong><strong>10 euro \/ ami(e)s et \u00e9tudiants gratuit<br \/><\/strong><\/h5><h5><strong>Rendez-vous : au carrefour de l&#8217;avenue Mahiels et du boulevard Emile de Laveleye (voir illustration ci-dessous)<br \/><\/strong><\/h5><h5><strong>Dur\u00e9e : 2-2:30 h<\/strong><\/h5><p>Avec le guide Laurent Br\u00fcck, nous allons d\u00e9couvrir le quartier de Vennes et son sous-quartier F\u00e9tinne. Vennes est l&#8217;un des quartiers les plus int\u00e9ressants de Li\u00e8ge sur le plan architectural. Il est travers\u00e9 par la ligne de chemin de fer de Li\u00e8ge \u00e0 Maastricht, mais il est g\u00e9n\u00e9ralement m\u00e9connu des Limbourgeois. Le quartier de F\u00e9tinne poss\u00e8de un riche patrimoine architectural, \u00e9rig\u00e9 lors de la phase d&#8217;expansion de Li\u00e8ge \u00e0 la fin du XIXe si\u00e8cle, et suite \u00e0 la cr\u00e9ation d&#8217;un quartier mod\u00e8le sur le site de l&#8217;Exposition universelle de 1905. De nombreuses fa\u00e7ades y attirent le regard et illustrent l&#8217;\u00e9volution des styles entre 1850 et 1950 : n\u00e9oclassicisme, \u00e9clectisme, historicisme, Art nouveau, Art d\u00e9co, modernisme, &#8230;<\/p><p>La mise en contexte de les cr\u00e9ations d&#8217;architectes li\u00e9geois majeurs, permet aussi de comprendre comment les \u00e9volutions sociales, politiques et techniques de la premi\u00e8re moiti\u00e9 du XXe si\u00e8cle ont en entra\u00een\u00e9 l&#8217;apparition des immeubles \u00e0 appartements bourgeois ou des ensembles de logements ouvriers.<\/p><p><em style=\"font-family: var( --e-global-typography-text-font-family ), Sans-serif;font-size: 1rem\">Langue: Fran\u00e7ais<\/em><\/p><p><span style=\"color: #ff0000\"><strong><em>Inscription compl\u00e8te, plus de places disponibles !<\/em><\/strong><\/span><\/p>\t\t\t\t\t\t\t\t<\/div>\n\t\t\t\t<\/div>\n\t\t\t\t<div class=\"elementor-element elementor-element-cfb3590 elementor-widget elementor-widget-image\" data-id=\"cfb3590\" data-element_type=\"widget\" data-e-type=\"widget\" data-widget_type=\"image.default\">\n\t\t\t\t<div class=\"elementor-widget-container\">\n\t\t\t\t\t\t\t\t\t\t\t\t\t\t\t<img loading=\"lazy\" decoding=\"async\" width=\"768\" height=\"554\" src=\"https:\/\/www.alliance-francaise.nl\/maastricht\/wp-content\/uploads\/sites\/11\/2025\/09\/Rdv-visite-Vennes-Fetinne-768x554.jpg\" class=\"attachment-medium_large size-medium_large wp-image-11332\" alt=\"\" srcset=\"https:\/\/www.alliance-francaise.nl\/maastricht\/wp-content\/uploads\/sites\/11\/2025\/09\/Rdv-visite-Vennes-Fetinne-768x554.jpg 768w, https:\/\/www.alliance-francaise.nl\/maastricht\/wp-content\/uploads\/sites\/11\/2025\/09\/Rdv-visite-Vennes-Fetinne-300x216.jpg 300w, https:\/\/www.alliance-francaise.nl\/maastricht\/wp-content\/uploads\/sites\/11\/2025\/09\/Rdv-visite-Vennes-Fetinne-1024x738.jpg 1024w, https:\/\/www.alliance-francaise.nl\/maastricht\/wp-content\/uploads\/sites\/11\/2025\/09\/Rdv-visite-Vennes-Fetinne-600x433.jpg 600w, https:\/\/www.alliance-francaise.nl\/maastricht\/wp-content\/uploads\/sites\/11\/2025\/09\/Rdv-visite-Vennes-Fetinne.jpg 1093w\" sizes=\"(max-width: 768px) 100vw, 768px\" \/>\t\t\t\t\t\t\t\t\t\t\t\t\t\t\t<\/div>\n\t\t\t\t<\/div>\n\t\t\t\t<div class=\"elementor-element elementor-element-99e16d9 elementor-widget elementor-widget-text-editor\" data-id=\"99e16d9\" data-element_type=\"widget\" data-e-type=\"widget\" data-widget_type=\"text-editor.default\">\n\t\t\t\t<div class=\"elementor-widget-container\">\n\t\t\t\t\t\t\t\t\t<p><em>Pour le le rendez-vous: le point rouge &#8220;Braban\u00e7on&#8221;. <\/em><em>Les automobilistes peuvent garer leur voiture un peu plus loin, dans l&#8217;espace entre le boulevard, la rue de Paris et la rue de Londres (juste \u00e0 c\u00f4t\u00e9 de la ligne de chemin-de-fer).<\/em><\/p>\t\t\t\t\t\t\t\t<\/div>\n\t\t\t\t<\/div>\n\t\t\t\t<div class=\"elementor-element elementor-element-a22a204 elementor-widget elementor-widget-spacer\" data-id=\"a22a204\" data-element_type=\"widget\" data-e-type=\"widget\" data-widget_type=\"spacer.default\">\n\t\t\t\t<div class=\"elementor-widget-container\">\n\t\t\t\t\t\t\t<div class=\"elementor-spacer\">\n\t\t\t<div class=\"elementor-spacer-inner\"><\/div>\n\t\t<\/div>\n\t\t\t\t\t\t<\/div>\n\t\t\t\t<\/div>\n\t\t\t\t<div class=\"elementor-element elementor-element-7570dd4 elementor-widget-divider--view-line elementor-widget elementor-widget-divider\" data-id=\"7570dd4\" data-element_type=\"widget\" data-e-type=\"widget\" data-widget_type=\"divider.default\">\n\t\t\t\t<div class=\"elementor-widget-container\">\n\t\t\t\t\t\t\t<div class=\"elementor-divider\">\n\t\t\t<span class=\"elementor-divider-separator\">\n\t\t\t\t\t\t<\/span>\n\t\t<\/div>\n\t\t\t\t\t\t<\/div>\n\t\t\t\t<\/div>\n\t\t\t\t<div class=\"elementor-element elementor-element-aea530e elementor-widget elementor-widget-spacer\" data-id=\"aea530e\" data-element_type=\"widget\" data-e-type=\"widget\" data-widget_type=\"spacer.default\">\n\t\t\t\t<div class=\"elementor-widget-container\">\n\t\t\t\t\t\t\t<div class=\"elementor-spacer\">\n\t\t\t<div class=\"elementor-spacer-inner\"><\/div>\n\t\t<\/div>\n\t\t\t\t\t\t<\/div>\n\t\t\t\t<\/div>\n\t\t\t\t\t<\/div>\n\t\t<\/div>\n\t\t\t\t\t<\/div>\n\t\t<\/section>\n\t\t\t\t<section class=\"elementor-section elementor-top-section elementor-element elementor-element-19b62fc elementor-section-boxed elementor-section-height-default elementor-section-height-default\" data-id=\"19b62fc\" data-element_type=\"section\" data-e-type=\"section\">\n\t\t\t\t\t\t<div class=\"elementor-container elementor-column-gap-default\">\n\t\t\t\t\t<div class=\"elementor-column elementor-col-50 elementor-top-column elementor-element elementor-element-7ffe61d\" data-id=\"7ffe61d\" data-element_type=\"column\" data-e-type=\"column\">\n\t\t\t<div class=\"elementor-widget-wrap elementor-element-populated\">\n\t\t\t\t\t\t<div class=\"elementor-element elementor-element-32edae5 elementor-widget__width-initial elementor-widget elementor-widget-image\" data-id=\"32edae5\" data-element_type=\"widget\" data-e-type=\"widget\" data-widget_type=\"image.default\">\n\t\t\t\t<div class=\"elementor-widget-container\">\n\t\t\t\t\t\t\t\t\t\t\t\t<figure class=\"wp-caption\">\n\t\t\t\t\t\t\t\t\t\t<img loading=\"lazy\" decoding=\"async\" width=\"600\" height=\"800\" src=\"https:\/\/www.alliance-francaise.nl\/maastricht\/wp-content\/uploads\/sites\/11\/2020\/04\/Sylvain-Lelarge.jpg\" class=\"attachment-large size-large wp-image-2310\" alt=\"\" srcset=\"https:\/\/www.alliance-francaise.nl\/maastricht\/wp-content\/uploads\/sites\/11\/2020\/04\/Sylvain-Lelarge.jpg 600w, https:\/\/www.alliance-francaise.nl\/maastricht\/wp-content\/uploads\/sites\/11\/2020\/04\/Sylvain-Lelarge-225x300.jpg 225w\" sizes=\"(max-width: 600px) 100vw, 600px\" \/>\t\t\t\t\t\t\t\t\t\t\t<figcaption class=\"widget-image-caption wp-caption-text\"><\/figcaption>\n\t\t\t\t\t\t\t\t\t\t<\/figure>\n\t\t\t\t\t\t\t\t\t<\/div>\n\t\t\t\t<\/div>\n\t\t\t\t\t<\/div>\n\t\t<\/div>\n\t\t\t\t<div class=\"elementor-column elementor-col-50 elementor-top-column elementor-element elementor-element-771a1bb\" data-id=\"771a1bb\" data-element_type=\"column\" data-e-type=\"column\">\n\t\t\t<div class=\"elementor-widget-wrap elementor-element-populated\">\n\t\t\t\t\t\t<div class=\"elementor-element elementor-element-589cbe6 elementor-widget elementor-widget-text-editor\" data-id=\"589cbe6\" data-element_type=\"widget\" data-e-type=\"widget\" data-widget_type=\"text-editor.default\">\n\t\t\t\t<div class=\"elementor-widget-container\">\n\t\t\t\t\t\t\t\t\t<h4><span style=\"color: #da002e\"><b style=\"font-family: inherit;font-size: 2rem\">Chansons du vent qui passe \/ <\/b><b style=\"font-family: inherit;font-size: 2rem\">Sylvain Lelarge<\/b><\/span><\/h4><h5><strong>Maandag 17 november 2025 \/ 18:45 uur \/ <\/strong><strong>Hotel Management School Maastricht<\/strong><\/h5><h5><strong>Pour les \u00e9tudiants de l&#8217;Alliance Fran\u00e7aise et autres personnes int\u00e9ress\u00e9es<\/strong><br \/><strong>Prix :\u00a0gratuit<\/strong><\/h5><p>Sylvain va nous pr\u00e9senter un bouquet de Chansons connues et moins connues sur le th\u00e8me de la condition humaine, toujours la m\u00eame et chaque fois diff\u00e9rente\u2026 Qui le d\u00e9sire peut recevoir \u00e0 l\u2019avance les textes et traductions pour mieux profiter de la Soir\u00e9e.\u00a0<\/p><p><span style=\"font-family: var( --e-global-typography-text-font-family ), Sans-serif;font-size: 1rem\">Pour avoir le temps de l\u2019\u00e9tudier, par eux-m\u00eames ou en groupe,<\/span>\u00a0les \u00e9l\u00e8ves en dessous de B2 et leurs professeurs peuvent recevoir le mat\u00e9riel\u00a0<span style=\"font-family: var( --e-global-typography-text-font-family ), Sans-serif;font-size: 1rem\">(textes fran\u00e7ais avec traduction et liens sur YouTube + playlist sur spotify)\u00a0<\/span><span style=\"font-family: var( --e-global-typography-text-font-family ), Sans-serif;font-size: 1rem\">\u00e0 l\u2019avance.<br \/>Ceux de B2 et plus le d\u00e9couvriront le jour-m\u00eame. Ainsi, Sylvain peut choisir des chansons plus int\u00e9ressantes, et raconter, en effet, dans un fran\u00e7ais compr\u00e9hensible, les petites histoires \u00e0 propos du texte, des auteurs et des interpr\u00e8tes.<\/span><\/p><p>Langue : Fran\u00e7ais adapt\u00e9 au public<\/p>\t\t\t\t\t\t\t\t<\/div>\n\t\t\t\t<\/div>\n\t\t\t\t\t<\/div>\n\t\t<\/div>\n\t\t\t\t\t<\/div>\n\t\t<\/section>\n\t\t\t\t<section class=\"elementor-section elementor-top-section elementor-element elementor-element-b1e7bdd elementor-section-boxed elementor-section-height-default elementor-section-height-default\" data-id=\"b1e7bdd\" data-element_type=\"section\" data-e-type=\"section\">\n\t\t\t\t\t\t<div class=\"elementor-container elementor-column-gap-default\">\n\t\t\t\t\t<div class=\"elementor-column elementor-col-100 elementor-top-column elementor-element elementor-element-1979de8\" data-id=\"1979de8\" data-element_type=\"column\" data-e-type=\"column\">\n\t\t\t<div class=\"elementor-widget-wrap elementor-element-populated\">\n\t\t\t\t\t\t<div class=\"elementor-element elementor-element-5059391 elementor-widget elementor-widget-spacer\" data-id=\"5059391\" data-element_type=\"widget\" data-e-type=\"widget\" data-widget_type=\"spacer.default\">\n\t\t\t\t<div class=\"elementor-widget-container\">\n\t\t\t\t\t\t\t<div class=\"elementor-spacer\">\n\t\t\t<div class=\"elementor-spacer-inner\"><\/div>\n\t\t<\/div>\n\t\t\t\t\t\t<\/div>\n\t\t\t\t<\/div>\n\t\t\t\t<div class=\"elementor-element elementor-element-52a7c22 elementor-widget-divider--view-line elementor-widget elementor-widget-divider\" data-id=\"52a7c22\" data-element_type=\"widget\" data-e-type=\"widget\" data-widget_type=\"divider.default\">\n\t\t\t\t<div class=\"elementor-widget-container\">\n\t\t\t\t\t\t\t<div class=\"elementor-divider\">\n\t\t\t<span class=\"elementor-divider-separator\">\n\t\t\t\t\t\t<\/span>\n\t\t<\/div>\n\t\t\t\t\t\t<\/div>\n\t\t\t\t<\/div>\n\t\t\t\t<div class=\"elementor-element elementor-element-683da55 elementor-widget elementor-widget-spacer\" data-id=\"683da55\" data-element_type=\"widget\" data-e-type=\"widget\" data-widget_type=\"spacer.default\">\n\t\t\t\t<div class=\"elementor-widget-container\">\n\t\t\t\t\t\t\t<div class=\"elementor-spacer\">\n\t\t\t<div class=\"elementor-spacer-inner\"><\/div>\n\t\t<\/div>\n\t\t\t\t\t\t<\/div>\n\t\t\t\t<\/div>\n\t\t\t\t<section class=\"elementor-section elementor-inner-section elementor-element elementor-element-ada63b8 elementor-section-boxed elementor-section-height-default elementor-section-height-default\" data-id=\"ada63b8\" data-element_type=\"section\" data-e-type=\"section\">\n\t\t\t\t\t\t<div class=\"elementor-container elementor-column-gap-default\">\n\t\t\t\t\t<div class=\"elementor-column elementor-col-50 elementor-inner-column elementor-element elementor-element-7c84a6e\" data-id=\"7c84a6e\" data-element_type=\"column\" data-e-type=\"column\">\n\t\t\t<div class=\"elementor-widget-wrap elementor-element-populated\">\n\t\t\t\t\t\t<div class=\"elementor-element elementor-element-dac1d77 elementor-widget elementor-widget-image\" data-id=\"dac1d77\" data-element_type=\"widget\" data-e-type=\"widget\" data-widget_type=\"image.default\">\n\t\t\t\t<div class=\"elementor-widget-container\">\n\t\t\t\t\t\t\t\t\t\t\t\t\t\t\t<img loading=\"lazy\" decoding=\"async\" width=\"754\" height=\"1024\" src=\"https:\/\/www.alliance-francaise.nl\/maastricht\/wp-content\/uploads\/sites\/11\/2025\/08\/CleanShot-2025-08-16-at-17.12.58@2x-754x1024.jpg\" class=\"attachment-large size-large wp-image-11248\" alt=\"\" srcset=\"https:\/\/www.alliance-francaise.nl\/maastricht\/wp-content\/uploads\/sites\/11\/2025\/08\/CleanShot-2025-08-16-at-17.12.58@2x-754x1024.jpg 754w, https:\/\/www.alliance-francaise.nl\/maastricht\/wp-content\/uploads\/sites\/11\/2025\/08\/CleanShot-2025-08-16-at-17.12.58@2x-221x300.jpg 221w, https:\/\/www.alliance-francaise.nl\/maastricht\/wp-content\/uploads\/sites\/11\/2025\/08\/CleanShot-2025-08-16-at-17.12.58@2x-768x1043.jpg 768w, https:\/\/www.alliance-francaise.nl\/maastricht\/wp-content\/uploads\/sites\/11\/2025\/08\/CleanShot-2025-08-16-at-17.12.58@2x-600x815.jpg 600w, https:\/\/www.alliance-francaise.nl\/maastricht\/wp-content\/uploads\/sites\/11\/2025\/08\/CleanShot-2025-08-16-at-17.12.58@2x.jpg 832w\" sizes=\"(max-width: 754px) 100vw, 754px\" \/>\t\t\t\t\t\t\t\t\t\t\t\t\t\t\t<\/div>\n\t\t\t\t<\/div>\n\t\t\t\t\t<\/div>\n\t\t<\/div>\n\t\t\t\t<div class=\"elementor-column elementor-col-50 elementor-inner-column elementor-element elementor-element-289396f\" data-id=\"289396f\" data-element_type=\"column\" data-e-type=\"column\">\n\t\t\t<div class=\"elementor-widget-wrap elementor-element-populated\">\n\t\t\t\t\t\t<div class=\"elementor-element elementor-element-f0159b2 elementor-widget elementor-widget-text-editor\" data-id=\"f0159b2\" data-element_type=\"widget\" data-e-type=\"widget\" data-widget_type=\"text-editor.default\">\n\t\t\t\t<div class=\"elementor-widget-container\">\n\t\t\t\t\t\t\t\t\t<h2><strong><em>Nouvelle Vague<\/em> van Richard Linklater<\/strong><strong>\u00a0\/ Introductie Jack Post<\/strong><strong>\u00a0<\/strong><\/h2><h5><strong>Zaterdag 29 november 2025 \/ 16:00 uur \/ <\/strong><strong>Filmtheater Lumi\u00e8re<\/strong><\/h5><p>De Amerikaanse regisseur Richard Linklater\u2019s sympathieke en elegante\u00a0<i>Nouvelle Vague<\/i> werd voor het Festival in Cannes genomineerd voor de Gouden Palm. Linklater brengt ons in deze fascinerende film\u00a0terug naar het Parijs van eind jaren 50 toen Jean-Luc Godard en zijn crew Godard\u2019s beroemde debuutfilm <i>\u00c0 bout de souffle<\/i> filmden. Deze film was \u00e9\u00e9n van de eerste films van de beroemde Franse filmstroming Nouvelle Vague. Linklater\u2019s film is een liefdesbrief aan\u00a0<i>\u00c0 bout de souffle<\/i> maar ook aan de idee\u00ebn en filmpraktijk van de Nouvelle Vague die zijn eigen werk diepgaand be\u00efnvloed\u00a0hebben.<\/p><p>Linklater\u2019s film is geen making-of of een biopic, maar eerder een op een zolder\u00a0teruggevonden\u00a0film die een woelige periode in de filmgeschiedenis\u00a0tot leven\u00a0wekt. Linklater laat ons de straten van Parijs\u00a0zien in de korrelige zwart-wit beelden en filmstijl van Godard\u2019s cameraman Raoul Coutard. In dit Parijs komen de acteurs uit <i>\u00c0 bout de souffle<\/i>,\u00a0regisseur Godard en zijn crew, samen met zijn vrienden van de Nouvelle Vague zoals Agn\u00e8s Varda, Juliette Gr\u00e9co, Roberto Rossellini, and \u00c9ric Rohmer tot leven.<\/p><p>De film wordt voorafgegaan door een inleiding van filmwetenschapper Jack Post waarin hij in gaat op het belang van <i>\u00c0 bout de souffle<\/i> en de Nouvelle Vague en de precisie en liefde voor details waarmee Linklater het plezier, de creativiteit, en genialiteit van Godard en zijn vrienden tot leven brengt.\u00a0<\/p><p>Tegelijk programmeert\u00a0Lumi\u00e8re Godard&#8217;s <i>\u00c0 bout de souffle<\/i> parallel aan Linklater&#8217;s film voor al diegenen die de film (nogmaals) willen zien.\u00a0<\/p>\t\t\t\t\t\t\t\t<\/div>\n\t\t\t\t<\/div>\n\t\t\t\t\t<\/div>\n\t\t<\/div>\n\t\t\t\t\t<\/div>\n\t\t<\/section>\n\t\t\t\t<div class=\"elementor-element elementor-element-5768bf9 elementor-widget__width-initial elementor-widget elementor-widget-video\" data-id=\"5768bf9\" data-element_type=\"widget\" data-e-type=\"widget\" data-settings=\"{&quot;youtube_url&quot;:&quot;https:\\\/\\\/www.youtube.com\\\/watch?v=795BXtBR2u4&quot;,&quot;video_type&quot;:&quot;youtube&quot;,&quot;controls&quot;:&quot;yes&quot;}\" data-widget_type=\"video.default\">\n\t\t\t\t<div class=\"elementor-widget-container\">\n\t\t\t\t\t\t\t<div class=\"elementor-wrapper elementor-open-inline\">\n\t\t\t<div class=\"elementor-video\"><\/div>\t\t<\/div>\n\t\t\t\t\t\t<\/div>\n\t\t\t\t<\/div>\n\t\t\t\t<div class=\"elementor-element elementor-element-7d83bfc elementor-align-right elementor-widget elementor-widget-button\" data-id=\"7d83bfc\" data-element_type=\"widget\" data-e-type=\"widget\" data-widget_type=\"button.default\">\n\t\t\t\t<div class=\"elementor-widget-container\">\n\t\t\t\t\t\t\t\t\t<div class=\"elementor-button-wrapper\">\n\t\t\t\t\t<a class=\"elementor-button elementor-button-link elementor-size-sm\" href=\"https:\/\/lumiere.nl\/programma?sort=date&#038;date=2025-11-29\">\n\t\t\t\t\t\t<span class=\"elementor-button-content-wrapper\">\n\t\t\t\t\t\t\t\t\t<span class=\"elementor-button-text\">Kaartjes<\/span>\n\t\t\t\t\t<\/span>\n\t\t\t\t\t<\/a>\n\t\t\t\t<\/div>\n\t\t\t\t\t\t\t\t<\/div>\n\t\t\t\t<\/div>\n\t\t\t\t<div class=\"elementor-element elementor-element-c559b81 elementor-widget-divider--view-line elementor-widget elementor-widget-divider\" data-id=\"c559b81\" data-element_type=\"widget\" data-e-type=\"widget\" data-widget_type=\"divider.default\">\n\t\t\t\t<div class=\"elementor-widget-container\">\n\t\t\t\t\t\t\t<div class=\"elementor-divider\">\n\t\t\t<span class=\"elementor-divider-separator\">\n\t\t\t\t\t\t<\/span>\n\t\t<\/div>\n\t\t\t\t\t\t<\/div>\n\t\t\t\t<\/div>\n\t\t\t\t<div class=\"elementor-element elementor-element-caa7d56 elementor-widget__width-initial elementor-widget elementor-widget-spacer\" data-id=\"caa7d56\" data-element_type=\"widget\" data-e-type=\"widget\" data-widget_type=\"spacer.default\">\n\t\t\t\t<div class=\"elementor-widget-container\">\n\t\t\t\t\t\t\t<div class=\"elementor-spacer\">\n\t\t\t<div class=\"elementor-spacer-inner\"><\/div>\n\t\t<\/div>\n\t\t\t\t\t\t<\/div>\n\t\t\t\t<\/div>\n\t\t\t\t\t<\/div>\n\t\t<\/div>\n\t\t\t\t\t<\/div>\n\t\t<\/section>\n\t\t\t\t<section class=\"elementor-section elementor-top-section elementor-element elementor-element-f0fe83f elementor-section-boxed elementor-section-height-default elementor-section-height-default\" data-id=\"f0fe83f\" data-element_type=\"section\" data-e-type=\"section\">\n\t\t\t\t\t\t<div class=\"elementor-container elementor-column-gap-default\">\n\t\t\t\t\t<div class=\"elementor-column elementor-col-100 elementor-top-column elementor-element elementor-element-84c3c3e\" data-id=\"84c3c3e\" data-element_type=\"column\" data-e-type=\"column\">\n\t\t\t<div class=\"elementor-widget-wrap elementor-element-populated\">\n\t\t\t\t\t\t<div class=\"elementor-element elementor-element-cfed7a4 elementor-widget__width-initial elementor-widget elementor-widget-image\" data-id=\"cfed7a4\" data-element_type=\"widget\" data-e-type=\"widget\" data-widget_type=\"image.default\">\n\t\t\t\t<div class=\"elementor-widget-container\">\n\t\t\t\t\t\t\t\t\t\t\t\t\t\t\t<img loading=\"lazy\" decoding=\"async\" width=\"768\" height=\"384\" src=\"https:\/\/www.alliance-francaise.nl\/maastricht\/wp-content\/uploads\/sites\/11\/2025\/08\/20220118171800000000_pas_3057-768x384.jpg\" class=\"attachment-medium_large size-medium_large wp-image-11223\" alt=\"\" srcset=\"https:\/\/www.alliance-francaise.nl\/maastricht\/wp-content\/uploads\/sites\/11\/2025\/08\/20220118171800000000_pas_3057-768x384.jpg 768w, https:\/\/www.alliance-francaise.nl\/maastricht\/wp-content\/uploads\/sites\/11\/2025\/08\/20220118171800000000_pas_3057-300x150.jpg 300w, https:\/\/www.alliance-francaise.nl\/maastricht\/wp-content\/uploads\/sites\/11\/2025\/08\/20220118171800000000_pas_3057-1024x512.jpg 1024w, https:\/\/www.alliance-francaise.nl\/maastricht\/wp-content\/uploads\/sites\/11\/2025\/08\/20220118171800000000_pas_3057-1536x768.jpg 1536w, https:\/\/www.alliance-francaise.nl\/maastricht\/wp-content\/uploads\/sites\/11\/2025\/08\/20220118171800000000_pas_3057-600x300.jpg 600w, https:\/\/www.alliance-francaise.nl\/maastricht\/wp-content\/uploads\/sites\/11\/2025\/08\/20220118171800000000_pas_3057-1320x660.jpg 1320w, https:\/\/www.alliance-francaise.nl\/maastricht\/wp-content\/uploads\/sites\/11\/2025\/08\/20220118171800000000_pas_3057.jpg 2000w\" sizes=\"(max-width: 768px) 100vw, 768px\" \/>\t\t\t\t\t\t\t\t\t\t\t\t\t\t\t<\/div>\n\t\t\t\t<\/div>\n\t\t\t\t<div class=\"elementor-element elementor-element-bd5d211 elementor-widget elementor-widget-spacer\" data-id=\"bd5d211\" data-element_type=\"widget\" data-e-type=\"widget\" data-widget_type=\"spacer.default\">\n\t\t\t\t<div class=\"elementor-widget-container\">\n\t\t\t\t\t\t\t<div class=\"elementor-spacer\">\n\t\t\t<div class=\"elementor-spacer-inner\"><\/div>\n\t\t<\/div>\n\t\t\t\t\t\t<\/div>\n\t\t\t\t<\/div>\n\t\t\t\t<div class=\"elementor-element elementor-element-676ba06 elementor-widget__width-initial elementor-widget elementor-widget-text-editor\" data-id=\"676ba06\" data-element_type=\"widget\" data-e-type=\"widget\" data-widget_type=\"text-editor.default\">\n\t\t\t\t<div class=\"elementor-widget-container\">\n\t\t\t\t\t\t\t\t\t<h2><b>Le Havre: een schoolvoorbeeld van Wederopbouw? \/ Nico Nelissen \/ in samenwerking met TOPOS<\/b><\/h2><h5><b>Donderdag 11 december 2025 \/ 20:00 uur \/ Stayokay Maastricht, Maasboulevard 101<br \/><\/b><b><\/b><\/h5><h5><b>Entr\u00e9e: gratis<\/b><\/h5><p>Dit jaar vieren we 80 jaar bevrijding. Iedereen weet dat de Tweede Wereldoorlog een spoor van vernieling heeft achtergelaten. Direct na de<br \/>oorlog moesten verwoeste steden opnieuw worden opgebouwd. Dat gebeurde op basis van zeer uiteenlopende principes wat betreft stedenbouw en architectuur. Nico Nelissen zal een aantal karakteristieke voorbeelden van Wederopbouw van steden bespreken, waaronder Warschau, Mannheim, Middelburg en Rotterdam.<\/p><p>Voertaal: Nederlands<\/p>\t\t\t\t\t\t\t\t<\/div>\n\t\t\t\t<\/div>\n\t\t\t\t<section class=\"elementor-section elementor-inner-section elementor-element elementor-element-2e9cd06 elementor-section-boxed elementor-section-height-default elementor-section-height-default\" data-id=\"2e9cd06\" data-element_type=\"section\" data-e-type=\"section\">\n\t\t\t\t\t\t<div class=\"elementor-container elementor-column-gap-default\">\n\t\t\t\t\t<div class=\"elementor-column elementor-col-50 elementor-inner-column elementor-element elementor-element-ab5f697\" data-id=\"ab5f697\" data-element_type=\"column\" data-e-type=\"column\">\n\t\t\t<div class=\"elementor-widget-wrap elementor-element-populated\">\n\t\t\t\t\t\t<div class=\"elementor-element elementor-element-3ee2a2a elementor-widget__width-initial elementor-widget elementor-widget-image\" data-id=\"3ee2a2a\" data-element_type=\"widget\" data-e-type=\"widget\" data-widget_type=\"image.default\">\n\t\t\t\t<div class=\"elementor-widget-container\">\n\t\t\t\t\t\t\t\t\t\t\t\t\t\t\t<img loading=\"lazy\" decoding=\"async\" width=\"768\" height=\"508\" src=\"https:\/\/www.alliance-francaise.nl\/maastricht\/wp-content\/uploads\/sites\/11\/2025\/08\/CleanShot-2025-08-08-at-14.57.27@2x-768x508.jpg\" class=\"attachment-medium_large size-medium_large wp-image-11221\" alt=\"\" srcset=\"https:\/\/www.alliance-francaise.nl\/maastricht\/wp-content\/uploads\/sites\/11\/2025\/08\/CleanShot-2025-08-08-at-14.57.27@2x-768x508.jpg 768w, https:\/\/www.alliance-francaise.nl\/maastricht\/wp-content\/uploads\/sites\/11\/2025\/08\/CleanShot-2025-08-08-at-14.57.27@2x-300x198.jpg 300w, https:\/\/www.alliance-francaise.nl\/maastricht\/wp-content\/uploads\/sites\/11\/2025\/08\/CleanShot-2025-08-08-at-14.57.27@2x-1024x677.jpg 1024w, https:\/\/www.alliance-francaise.nl\/maastricht\/wp-content\/uploads\/sites\/11\/2025\/08\/CleanShot-2025-08-08-at-14.57.27@2x-600x397.jpg 600w, https:\/\/www.alliance-francaise.nl\/maastricht\/wp-content\/uploads\/sites\/11\/2025\/08\/CleanShot-2025-08-08-at-14.57.27@2x-1320x873.jpg 1320w, https:\/\/www.alliance-francaise.nl\/maastricht\/wp-content\/uploads\/sites\/11\/2025\/08\/CleanShot-2025-08-08-at-14.57.27@2x.jpg 1482w\" sizes=\"(max-width: 768px) 100vw, 768px\" \/>\t\t\t\t\t\t\t\t\t\t\t\t\t\t\t<\/div>\n\t\t\t\t<\/div>\n\t\t\t\t\t<\/div>\n\t\t<\/div>\n\t\t\t\t<div class=\"elementor-column elementor-col-50 elementor-inner-column elementor-element elementor-element-55838f5\" data-id=\"55838f5\" data-element_type=\"column\" data-e-type=\"column\">\n\t\t\t<div class=\"elementor-widget-wrap elementor-element-populated\">\n\t\t\t\t\t\t<div class=\"elementor-element elementor-element-871bd1f elementor-widget elementor-widget-text-editor\" data-id=\"871bd1f\" data-element_type=\"widget\" data-e-type=\"widget\" data-widget_type=\"text-editor.default\">\n\t\t\t\t<div class=\"elementor-widget-container\">\n\t\t\t\t\t\t\t\t\t<p>Nico Nelissen zal speciale aandacht besteden aan de fameuze Wederopbouw van de Franse havenstad Le Havre. Hij zal met name\u00a0<span style=\"font-family: var( --e-global-typography-text-font-family ), Sans-serif;font-size: 1rem\">de reconstructie van het havengebied van Le Havre met knappe staaltjes van hedendaagse architectuur en verrassende herbestemmingen van het maritiem erfgoed bespreken<\/span><span style=\"font-family: var( --e-global-typography-text-font-family ), Sans-serif;font-size: 1rem\">.\u00a0<br \/><\/span><span style=\"font-family: var( --e-global-typography-text-font-family ), Sans-serif;font-size: 1rem\">Bij de stedenbouwkundige en architectonische vormgeving van deze nagenoeg compleet door de oorlog verwoeste stad, speelde d<\/span><span style=\"font-family: var( --e-global-typography-text-font-family ), Sans-serif;font-size: 1rem\">e architect en urbanist Auguste Perret een prominente rol<\/span><span style=\"font-family: var( --e-global-typography-text-font-family ), Sans-serif;font-size: 1rem\"><span style=\"font-size: 1rem\">. Nico Nelissen <\/span><\/span><span style=\"font-family: var( --e-global-typography-text-font-family ), Sans-serif;font-size: 1rem\">bespreekt<\/span><span style=\"font-family: var( --e-global-typography-text-font-family ), Sans-serif;font-size: 1rem\"><span style=\"font-size: 1rem\">\u00a0aan de hand van illustratief beeldmateriaal de centrale idee\u00ebn en uitgangspunten van Perret\u2019s wederopbouwplan. En stelt hierbij de <\/span><\/span><span style=\"font-family: var( --e-global-typography-text-font-family ), Sans-serif;font-size: 1rem\">vraag<\/span><span style=\"font-family: var( --e-global-typography-text-font-family ), Sans-serif;font-size: 1rem\"><span style=\"font-size: 1rem\">\u00a0of dit plan als een schoolvoorbeeld van Wederopbouw kan worden beschouwd?<\/span><\/span><\/p>\t\t\t\t\t\t\t\t<\/div>\n\t\t\t\t<\/div>\n\t\t\t\t\t<\/div>\n\t\t<\/div>\n\t\t\t\t\t<\/div>\n\t\t<\/section>\n\t\t\t\t<div class=\"elementor-element elementor-element-ba2c33f elementor-widget__width-initial elementor-widget elementor-widget-spacer\" data-id=\"ba2c33f\" data-element_type=\"widget\" data-e-type=\"widget\" data-widget_type=\"spacer.default\">\n\t\t\t\t<div class=\"elementor-widget-container\">\n\t\t\t\t\t\t\t<div class=\"elementor-spacer\">\n\t\t\t<div class=\"elementor-spacer-inner\"><\/div>\n\t\t<\/div>\n\t\t\t\t\t\t<\/div>\n\t\t\t\t<\/div>\n\t\t\t\t<div class=\"elementor-element elementor-element-eab822b elementor-widget-divider--view-line elementor-widget elementor-widget-divider\" data-id=\"eab822b\" data-element_type=\"widget\" data-e-type=\"widget\" data-widget_type=\"divider.default\">\n\t\t\t\t<div class=\"elementor-widget-container\">\n\t\t\t\t\t\t\t<div class=\"elementor-divider\">\n\t\t\t<span class=\"elementor-divider-separator\">\n\t\t\t\t\t\t<\/span>\n\t\t<\/div>\n\t\t\t\t\t\t<\/div>\n\t\t\t\t<\/div>\n\t\t\t\t<section class=\"elementor-section elementor-inner-section elementor-element elementor-element-2b0ee54 elementor-section-boxed elementor-section-height-default elementor-section-height-default\" data-id=\"2b0ee54\" data-element_type=\"section\" data-e-type=\"section\">\n\t\t\t\t\t\t<div class=\"elementor-container elementor-column-gap-default\">\n\t\t\t\t\t<div class=\"elementor-column elementor-col-50 elementor-inner-column elementor-element elementor-element-ca47c93\" data-id=\"ca47c93\" data-element_type=\"column\" data-e-type=\"column\">\n\t\t\t<div class=\"elementor-widget-wrap elementor-element-populated\">\n\t\t\t\t\t\t<div class=\"elementor-element elementor-element-e19be09 elementor-widget__width-initial elementor-widget elementor-widget-image\" data-id=\"e19be09\" data-element_type=\"widget\" data-e-type=\"widget\" data-widget_type=\"image.default\">\n\t\t\t\t<div class=\"elementor-widget-container\">\n\t\t\t\t\t\t\t\t\t\t\t\t\t\t\t<img loading=\"lazy\" decoding=\"async\" width=\"792\" height=\"632\" src=\"https:\/\/www.alliance-francaise.nl\/maastricht\/wp-content\/uploads\/sites\/11\/2025\/06\/Karo-Voets-e1765637701139.jpg\" class=\"attachment-2048x2048 size-2048x2048 wp-image-11106\" alt=\"\" srcset=\"https:\/\/www.alliance-francaise.nl\/maastricht\/wp-content\/uploads\/sites\/11\/2025\/06\/Karo-Voets-e1765637701139.jpg 792w, https:\/\/www.alliance-francaise.nl\/maastricht\/wp-content\/uploads\/sites\/11\/2025\/06\/Karo-Voets-e1765637701139-300x239.jpg 300w, https:\/\/www.alliance-francaise.nl\/maastricht\/wp-content\/uploads\/sites\/11\/2025\/06\/Karo-Voets-e1765637701139-768x613.jpg 768w, https:\/\/www.alliance-francaise.nl\/maastricht\/wp-content\/uploads\/sites\/11\/2025\/06\/Karo-Voets-e1765637701139-600x479.jpg 600w\" sizes=\"(max-width: 792px) 100vw, 792px\" \/>\t\t\t\t\t\t\t\t\t\t\t\t\t\t\t<\/div>\n\t\t\t\t<\/div>\n\t\t\t\t\t<\/div>\n\t\t<\/div>\n\t\t\t\t<div class=\"elementor-column elementor-col-50 elementor-inner-column elementor-element elementor-element-416ae59\" data-id=\"416ae59\" data-element_type=\"column\" data-e-type=\"column\">\n\t\t\t<div class=\"elementor-widget-wrap elementor-element-populated\">\n\t\t\t\t\t\t<div class=\"elementor-element elementor-element-f5b3989 elementor-widget elementor-widget-text-editor\" data-id=\"f5b3989\" data-element_type=\"widget\" data-e-type=\"widget\" data-widget_type=\"text-editor.default\">\n\t\t\t\t<div class=\"elementor-widget-container\">\n\t\t\t\t\t\t\t\t\t<h2><span style=\"color: #da002e\"><strong>Chanteuse met scherpe tong en humor \/ Karo Voets<\/strong><\/span><\/h2><h5 style=\"color: #000000\"><strong>Zaterdag 10 januari 2026 \/ 20:00 uur \/ Pesthuys Podium<\/strong><\/h5><h5 style=\"color: #000000\"><strong>Entr\u00e9e: 15 euro, ami(e)s 10 euro met paswoord Frankrijk. Lidmaatschapskaart meenemen.<\/strong><\/h5><p>De Alliance Fran\u00e7aise Maastricht begint het nieuwe jaar met een voorstelling van Karo Voets die zingt als een echte Fran\u00e7aise, met een stem vol timbre en gevoel die de harten van het publiek verovert. Tijdens haar concert betrekt ze het publiek interactief. Met een scherpe tong en veel humor brengt ze haar eigen nummers in het Frans en soms in het Nederlands of in het Spaans. Een echte melodica, piano, gitaar en veelkleurige stem, Karo zingt waar ze zin in heeft! Karo bespeelt de kleuren van haar leven. Ze spreekt je toe en fleurt je avond op!<\/p><p>Karo werd tweemaal finaliste in het \u201cConcours de la chanson\u201d in Den Haag. In 2015 won ze ook de creativiteitsprijs met haar cabaretgroep Les Tigresses Rouges. In 2016 won ze het Utrechts Kleinkunstfestival.<\/p>\t\t\t\t\t\t\t\t<\/div>\n\t\t\t\t<\/div>\n\t\t\t\t<div class=\"elementor-element elementor-element-cdd857e elementor-align-right elementor-widget elementor-widget-button\" data-id=\"cdd857e\" data-element_type=\"widget\" data-e-type=\"widget\" data-widget_type=\"button.default\">\n\t\t\t\t<div class=\"elementor-widget-container\">\n\t\t\t\t\t\t\t\t\t<div class=\"elementor-button-wrapper\">\n\t\t\t\t\t<a class=\"elementor-button elementor-button-link elementor-size-sm\" href=\"https:\/\/pesthuyspodium.eventgoose.com\/events\/Nk7n02R0B1dEad3L\/info\">\n\t\t\t\t\t\t<span class=\"elementor-button-content-wrapper\">\n\t\t\t\t\t\t\t\t\t<span class=\"elementor-button-text\">Kaartjes<\/span>\n\t\t\t\t\t<\/span>\n\t\t\t\t\t<\/a>\n\t\t\t\t<\/div>\n\t\t\t\t\t\t\t\t<\/div>\n\t\t\t\t<\/div>\n\t\t\t\t\t<\/div>\n\t\t<\/div>\n\t\t\t\t\t<\/div>\n\t\t<\/section>\n\t\t\t\t<div class=\"elementor-element elementor-element-5100eef elementor-widget__width-initial elementor-widget elementor-widget-spacer\" data-id=\"5100eef\" data-element_type=\"widget\" data-e-type=\"widget\" data-widget_type=\"spacer.default\">\n\t\t\t\t<div class=\"elementor-widget-container\">\n\t\t\t\t\t\t\t<div class=\"elementor-spacer\">\n\t\t\t<div class=\"elementor-spacer-inner\"><\/div>\n\t\t<\/div>\n\t\t\t\t\t\t<\/div>\n\t\t\t\t<\/div>\n\t\t\t\t<div class=\"elementor-element elementor-element-4ce63a3 elementor-widget__width-initial elementor-widget elementor-widget-spacer\" data-id=\"4ce63a3\" data-element_type=\"widget\" data-e-type=\"widget\" data-widget_type=\"spacer.default\">\n\t\t\t\t<div class=\"elementor-widget-container\">\n\t\t\t\t\t\t\t<div class=\"elementor-spacer\">\n\t\t\t<div class=\"elementor-spacer-inner\"><\/div>\n\t\t<\/div>\n\t\t\t\t\t\t<\/div>\n\t\t\t\t<\/div>\n\t\t\t\t<div class=\"elementor-element elementor-element-c5cd4b2 elementor-widget-divider--view-line elementor-widget elementor-widget-divider\" data-id=\"c5cd4b2\" data-element_type=\"widget\" data-e-type=\"widget\" data-widget_type=\"divider.default\">\n\t\t\t\t<div class=\"elementor-widget-container\">\n\t\t\t\t\t\t\t<div class=\"elementor-divider\">\n\t\t\t<span class=\"elementor-divider-separator\">\n\t\t\t\t\t\t<\/span>\n\t\t<\/div>\n\t\t\t\t\t\t<\/div>\n\t\t\t\t<\/div>\n\t\t\t\t<div class=\"elementor-element elementor-element-0e3947b elementor-widget__width-initial elementor-widget elementor-widget-spacer\" data-id=\"0e3947b\" data-element_type=\"widget\" data-e-type=\"widget\" data-widget_type=\"spacer.default\">\n\t\t\t\t<div class=\"elementor-widget-container\">\n\t\t\t\t\t\t\t<div class=\"elementor-spacer\">\n\t\t\t<div class=\"elementor-spacer-inner\"><\/div>\n\t\t<\/div>\n\t\t\t\t\t\t<\/div>\n\t\t\t\t<\/div>\n\t\t\t\t<div class=\"elementor-element elementor-element-3c01a46 elementor-widget__width-initial elementor-widget elementor-widget-spacer\" data-id=\"3c01a46\" data-element_type=\"widget\" data-e-type=\"widget\" data-widget_type=\"spacer.default\">\n\t\t\t\t<div class=\"elementor-widget-container\">\n\t\t\t\t\t\t\t<div class=\"elementor-spacer\">\n\t\t\t<div class=\"elementor-spacer-inner\"><\/div>\n\t\t<\/div>\n\t\t\t\t\t\t<\/div>\n\t\t\t\t<\/div>\n\t\t\t\t\t<\/div>\n\t\t<\/div>\n\t\t\t\t\t<\/div>\n\t\t<\/section>\n\t\t\t\t<section class=\"elementor-section elementor-top-section elementor-element elementor-element-f8b863c elementor-section-boxed elementor-section-height-default elementor-section-height-default\" data-id=\"f8b863c\" data-element_type=\"section\" data-e-type=\"section\">\n\t\t\t\t\t\t<div class=\"elementor-container elementor-column-gap-default\">\n\t\t\t\t\t<div class=\"elementor-column elementor-col-100 elementor-top-column elementor-element elementor-element-9ea7fd9\" data-id=\"9ea7fd9\" data-element_type=\"column\" data-e-type=\"column\">\n\t\t\t<div class=\"elementor-widget-wrap\">\n\t\t\t\t\t\t\t<\/div>\n\t\t<\/div>\n\t\t\t\t\t<\/div>\n\t\t<\/section>\n\t\t\t\t<section class=\"elementor-section elementor-top-section elementor-element elementor-element-e595479 elementor-section-boxed elementor-section-height-default elementor-section-height-default\" data-id=\"e595479\" data-element_type=\"section\" data-e-type=\"section\">\n\t\t\t\t\t\t<div class=\"elementor-container elementor-column-gap-default\">\n\t\t\t\t\t<div class=\"elementor-column elementor-col-33 elementor-top-column elementor-element elementor-element-4a48489\" data-id=\"4a48489\" data-element_type=\"column\" data-e-type=\"column\">\n\t\t\t<div class=\"elementor-widget-wrap elementor-element-populated\">\n\t\t\t\t\t\t<div class=\"elementor-element elementor-element-d36d85a elementor-widget__width-initial elementor-widget elementor-widget-image\" data-id=\"d36d85a\" data-element_type=\"widget\" data-e-type=\"widget\" data-widget_type=\"image.default\">\n\t\t\t\t<div class=\"elementor-widget-container\">\n\t\t\t\t\t\t\t\t\t\t\t\t\t\t\t<img loading=\"lazy\" decoding=\"async\" width=\"300\" height=\"201\" src=\"https:\/\/www.alliance-francaise.nl\/maastricht\/wp-content\/uploads\/sites\/11\/2022\/10\/Cinema-francais.gif\" class=\"attachment-1536x1536 size-1536x1536 wp-image-6881\" alt=\"\" \/>\t\t\t\t\t\t\t\t\t\t\t\t\t\t\t<\/div>\n\t\t\t\t<\/div>\n\t\t\t\t<div class=\"elementor-element elementor-element-955eb43 elementor-widget elementor-widget-spacer\" data-id=\"955eb43\" data-element_type=\"widget\" data-e-type=\"widget\" data-widget_type=\"spacer.default\">\n\t\t\t\t<div class=\"elementor-widget-container\">\n\t\t\t\t\t\t\t<div class=\"elementor-spacer\">\n\t\t\t<div class=\"elementor-spacer-inner\"><\/div>\n\t\t<\/div>\n\t\t\t\t\t\t<\/div>\n\t\t\t\t<\/div>\n\t\t\t\t<div class=\"elementor-element elementor-element-0c3b908 elementor-widget elementor-widget-image\" data-id=\"0c3b908\" data-element_type=\"widget\" data-e-type=\"widget\" data-widget_type=\"image.default\">\n\t\t\t\t<div class=\"elementor-widget-container\">\n\t\t\t\t\t\t\t\t\t\t\t\t\t\t\t<img loading=\"lazy\" decoding=\"async\" width=\"800\" height=\"892\" src=\"https:\/\/www.alliance-francaise.nl\/maastricht\/wp-content\/uploads\/sites\/11\/2026\/02\/Denis-Mandon-918x1024.jpg\" class=\"attachment-large size-large wp-image-11811\" alt=\"\" srcset=\"https:\/\/www.alliance-francaise.nl\/maastricht\/wp-content\/uploads\/sites\/11\/2026\/02\/Denis-Mandon-918x1024.jpg 918w, https:\/\/www.alliance-francaise.nl\/maastricht\/wp-content\/uploads\/sites\/11\/2026\/02\/Denis-Mandon-269x300.jpg 269w, https:\/\/www.alliance-francaise.nl\/maastricht\/wp-content\/uploads\/sites\/11\/2026\/02\/Denis-Mandon-768x857.jpg 768w, https:\/\/www.alliance-francaise.nl\/maastricht\/wp-content\/uploads\/sites\/11\/2026\/02\/Denis-Mandon-1377x1536.jpg 1377w, https:\/\/www.alliance-francaise.nl\/maastricht\/wp-content\/uploads\/sites\/11\/2026\/02\/Denis-Mandon-1836x2048.jpg 1836w, https:\/\/www.alliance-francaise.nl\/maastricht\/wp-content\/uploads\/sites\/11\/2026\/02\/Denis-Mandon-1320x1472.jpg 1320w, https:\/\/www.alliance-francaise.nl\/maastricht\/wp-content\/uploads\/sites\/11\/2026\/02\/Denis-Mandon-600x669.jpg 600w, https:\/\/www.alliance-francaise.nl\/maastricht\/wp-content\/uploads\/sites\/11\/2026\/02\/Denis-Mandon.jpg 1899w\" sizes=\"(max-width: 800px) 100vw, 800px\" \/>\t\t\t\t\t\t\t\t\t\t\t\t\t\t\t<\/div>\n\t\t\t\t<\/div>\n\t\t\t\t\t<\/div>\n\t\t<\/div>\n\t\t\t\t<div class=\"elementor-column elementor-col-66 elementor-top-column elementor-element elementor-element-b87e6b5\" data-id=\"b87e6b5\" data-element_type=\"column\" data-e-type=\"column\">\n\t\t\t<div class=\"elementor-widget-wrap elementor-element-populated\">\n\t\t\t\t\t\t<div class=\"elementor-element elementor-element-b01c341 elementor-widget elementor-widget-text-editor\" data-id=\"b01c341\" data-element_type=\"widget\" data-e-type=\"widget\" data-widget_type=\"text-editor.default\">\n\t\t\t\t<div class=\"elementor-widget-container\">\n\t\t\t\t\t\t\t\t\t<h2><span style=\"color: #da002e\"><strong>Une soir\u00e9e \u00abcin\u00e9ma fran\u00e7ais\u00bb \/ Denis Mandon<\/strong><\/span><\/h2><h5><strong>Maandag 23 februari 2026 \/ 18:45 uur \/ Hotel Management School Maastricht.<\/strong><\/h5><h5><strong>Pour les \u00e9tudiants de l&#8217;Alliance Fran\u00e7aise et autres personnes int\u00e9ress\u00e9es<\/strong><br \/><strong>Prix :\u00a0gratuit<\/strong><\/h5><p>Denis Mandon (alias Denis de France), fran\u00e7ais, n\u00e9 \u00e0 Lyon et vivant \u00e0 Kampen, pr\u00e9sente un film de son choix (surprise) sous-titr\u00e9 en fran\u00e7ais. Il ne s\u2019agit pas seulement de regarder passivement un film (pour \u00e7a on peut aller au cin\u00e9ma) mais il s\u2019agit de faire un certain effort pour comprendre un film en fran\u00e7ais sans l\u2019aide du n\u00e9erlandais. Son objectif est de combiner l\u2019apprentissage du fran\u00e7ais au plaisir du cin\u00e9ma.<\/p><p>Denis Mandon pr\u00e9pare la projection du film avec des exercices et des explications sur le vocabulaire, les expressions, les aspects culturels typiquement fran\u00e7ais du film.<\/p><p>Denis Mandon (alias Denis de France), geboren in Lyon presenteert een film naar zijn keuze..<br \/>Het eerste deel van de avond zal bestaan uit een speelse en leerzame taalles ter voorbereiding op een film (met Franse ondertiteling), die we in het tweede gedeelte van de avond gaan zien. De ervaringen van de voorafgaande jaren hebben ons geleerd dat met name onze studenten en hun docenten dit een bijzondere ervaring vinden, waaruit zij veel plezier en voldoening putten.<\/p><p>De titel van de film, die (nog) niet in Nederland te zien is, blijft tot het laatste moment geheim. Ook wij kennen hem dus niet. Denis wil dat we \u201cblanco\u201d aan de start verschijnen. Een mooie uitdaging voor ons allen dus.<\/p><p>Cursisten maar ook andere belangstellenden zijn van harte welkom bij deze voorstelling<br \/>De film start om 18:45 uur en zal rond 21:30 uur afgelopen zijn.<\/p><p><em>Langue: Frans (aangepast aan het niveau van de aanwezige23<\/em><\/p>\t\t\t\t\t\t\t\t<\/div>\n\t\t\t\t<\/div>\n\t\t\t\t\t<\/div>\n\t\t<\/div>\n\t\t\t\t\t<\/div>\n\t\t<\/section>\n\t\t\t\t<\/div>\n\t\t","protected":false},"excerpt":{"rendered":"<p>Cultureel Programma 2025 &#8211; 2026 De culturele evenementen worden hieronder beschreven in de taal waarin ze worden gehouden. Nog niet alle data zijn bekend en er kunnen tussentijds evenementen worden [&hellip;]<\/p>\n","protected":false},"author":9,"featured_media":0,"parent":18,"menu_order":0,"comment_status":"closed","ping_status":"closed","template":"elementor_header_footer","meta":{"footnotes":""},"class_list":["post-11211","page","type-page","status-publish","hentry"],"_links":{"self":[{"href":"https:\/\/www.alliance-francaise.nl\/maastricht\/wp-json\/wp\/v2\/pages\/11211","targetHints":{"allow":["GET"]}}],"collection":[{"href":"https:\/\/www.alliance-francaise.nl\/maastricht\/wp-json\/wp\/v2\/pages"}],"about":[{"href":"https:\/\/www.alliance-francaise.nl\/maastricht\/wp-json\/wp\/v2\/types\/page"}],"author":[{"embeddable":true,"href":"https:\/\/www.alliance-francaise.nl\/maastricht\/wp-json\/wp\/v2\/users\/9"}],"replies":[{"embeddable":true,"href":"https:\/\/www.alliance-francaise.nl\/maastricht\/wp-json\/wp\/v2\/comments?post=11211"}],"version-history":[{"count":21,"href":"https:\/\/www.alliance-francaise.nl\/maastricht\/wp-json\/wp\/v2\/pages\/11211\/revisions"}],"predecessor-version":[{"id":11911,"href":"https:\/\/www.alliance-francaise.nl\/maastricht\/wp-json\/wp\/v2\/pages\/11211\/revisions\/11911"}],"up":[{"embeddable":true,"href":"https:\/\/www.alliance-francaise.nl\/maastricht\/wp-json\/wp\/v2\/pages\/18"}],"wp:attachment":[{"href":"https:\/\/www.alliance-francaise.nl\/maastricht\/wp-json\/wp\/v2\/media?parent=11211"}],"curies":[{"name":"wp","href":"https:\/\/api.w.org\/{rel}","templated":true}]}}