{"id":52,"date":"2019-10-17T12:21:00","date_gmt":"2019-10-17T12:21:00","guid":{"rendered":"https:\/\/www.alliance-francaise.nl\/2020\/gooi\/?page_id=52"},"modified":"2025-12-05T11:35:34","modified_gmt":"2025-12-05T10:35:34","slug":"onze-docenten","status":"publish","type":"page","link":"https:\/\/www.alliance-francaise.nl\/gooi\/cursus\/onze-docenten\/","title":{"rendered":"Onze docenten"},"content":{"rendered":"\t\t<div data-elementor-type=\"wp-page\" data-elementor-id=\"52\" class=\"elementor elementor-52\" data-elementor-post-type=\"page\">\n\t\t\t\t\t\t<section class=\"elementor-section elementor-top-section elementor-element elementor-element-16aa65d3 elementor-section-boxed elementor-section-height-default elementor-section-height-default\" data-id=\"16aa65d3\" data-element_type=\"section\" data-e-type=\"section\" data-settings=\"{&quot;background_background&quot;:&quot;classic&quot;}\">\n\t\t\t\t\t\t<div class=\"elementor-container elementor-column-gap-default\">\n\t\t\t\t\t<div class=\"elementor-column elementor-col-100 elementor-top-column elementor-element elementor-element-7652e665\" data-id=\"7652e665\" data-element_type=\"column\" data-e-type=\"column\">\n\t\t\t<div class=\"elementor-widget-wrap\">\n\t\t\t\t\t\t\t<\/div>\n\t\t<\/div>\n\t\t\t\t\t<\/div>\n\t\t<\/section>\n\t\t\t\t<section class=\"elementor-section elementor-top-section elementor-element elementor-element-4a02f186 elementor-section-boxed elementor-section-height-default elementor-section-height-default\" data-id=\"4a02f186\" data-element_type=\"section\" data-e-type=\"section\">\n\t\t\t\t\t\t<div class=\"elementor-container elementor-column-gap-default\">\n\t\t\t\t\t<div class=\"elementor-column elementor-col-100 elementor-top-column elementor-element elementor-element-35cb21db\" data-id=\"35cb21db\" data-element_type=\"column\" data-e-type=\"column\" data-settings=\"{&quot;background_background&quot;:&quot;classic&quot;}\">\n\t\t\t<div class=\"elementor-widget-wrap elementor-element-populated\">\n\t\t\t\t\t<div class=\"elementor-background-overlay\"><\/div>\n\t\t\t\t\t\t<div class=\"elementor-element elementor-element-74740164 elementor-widget elementor-widget-heading\" data-id=\"74740164\" data-element_type=\"widget\" data-e-type=\"widget\" data-widget_type=\"heading.default\">\n\t\t\t\t<div class=\"elementor-widget-container\">\n\t\t\t\t\t<h1 class=\"elementor-heading-title elementor-size-default\">Onze docenten\u200b<\/h1>\t\t\t\t<\/div>\n\t\t\t\t<\/div>\n\t\t\t\t\t<\/div>\n\t\t<\/div>\n\t\t\t\t\t<\/div>\n\t\t<\/section>\n\t\t\t\t<section class=\"elementor-section elementor-top-section elementor-element elementor-element-97fdcc8 elementor-section-boxed elementor-section-height-default elementor-section-height-default\" data-id=\"97fdcc8\" data-element_type=\"section\" data-e-type=\"section\">\n\t\t\t\t\t\t<div class=\"elementor-container elementor-column-gap-default\">\n\t\t\t\t\t<div class=\"elementor-column elementor-col-50 elementor-top-column elementor-element elementor-element-7bf155d\" data-id=\"7bf155d\" data-element_type=\"column\" data-e-type=\"column\">\n\t\t\t<div class=\"elementor-widget-wrap elementor-element-populated\">\n\t\t\t\t\t\t<div class=\"elementor-element elementor-element-fbcad5a elementor-widget elementor-widget-image\" data-id=\"fbcad5a\" data-element_type=\"widget\" data-e-type=\"widget\" data-widget_type=\"image.default\">\n\t\t\t\t<div class=\"elementor-widget-container\">\n\t\t\t\t\t\t\t\t\t\t\t\t\t\t\t<img decoding=\"async\" src=\"https:\/\/www.alliance-francaise.nl\/gooi\/wp-content\/uploads\/sites\/10\/elementor\/thumbs\/unnamed-r4fyva8tk9g7vtaf0qdsn3aowo0ph1hcwz35k160nk.jpg\" title=\"unnamed\" alt=\"unnamed\" loading=\"lazy\" \/>\t\t\t\t\t\t\t\t\t\t\t\t\t\t\t<\/div>\n\t\t\t\t<\/div>\n\t\t\t\t<div class=\"elementor-element elementor-element-75b38de elementor-widget elementor-widget-heading\" data-id=\"75b38de\" data-element_type=\"widget\" data-e-type=\"widget\" data-widget_type=\"heading.default\">\n\t\t\t\t<div class=\"elementor-widget-container\">\n\t\t\t\t\t<h4 class=\"elementor-heading-title elementor-size-default\">Christophe Chaplet<\/h4>\t\t\t\t<\/div>\n\t\t\t\t<\/div>\n\t\t\t\t<div class=\"elementor-element elementor-element-124deb3 elementor-widget elementor-widget-text-editor\" data-id=\"124deb3\" data-element_type=\"widget\" data-e-type=\"widget\" data-widget_type=\"text-editor.default\">\n\t\t\t\t<div class=\"elementor-widget-container\">\n\t\t\t\t\t\t\t\t\t<p><span style=\"font-weight: 400;color: #000000\">Chris is de troubadour van de AF &#8217;t Gooi &#8211; Almere. Naast het leiden van het Chorale,\u00a0 schrijft hij zijn eigen chansons en zingt Brassens, Brel, Bobby Lapointe, Gainsbourg, Ferr\u00e9, Tr\u00e9net, Vian en anderen. Hij is winnaar van de &#8216;prix du public&#8217; van het Concours de la Chanson Alliance Fran\u00e7aise&#8217; en hij heeft het Concours gepresenteerd in 2015 en 2017 in Theater Dilligentia. Maandelijks organiseert hij samen met Het Torpedo Theater in Amsterdam: &#8216;Le salon des chansons&#8217;.<\/span><\/p>\t\t\t\t\t\t\t\t<\/div>\n\t\t\t\t<\/div>\n\t\t\t\t\t<\/div>\n\t\t<\/div>\n\t\t\t\t<div class=\"elementor-column elementor-col-50 elementor-top-column elementor-element elementor-element-db7b50c\" data-id=\"db7b50c\" data-element_type=\"column\" data-e-type=\"column\">\n\t\t\t<div class=\"elementor-widget-wrap elementor-element-populated\">\n\t\t\t\t\t\t<div class=\"elementor-element elementor-element-cf43983 elementor-widget elementor-widget-image\" data-id=\"cf43983\" data-element_type=\"widget\" data-e-type=\"widget\" data-widget_type=\"image.default\">\n\t\t\t\t<div class=\"elementor-widget-container\">\n\t\t\t\t\t\t\t\t\t\t\t\t\t\t\t<img decoding=\"async\" src=\"https:\/\/www.alliance-francaise.nl\/gooi\/wp-content\/uploads\/sites\/10\/elementor\/thumbs\/Catherine22-r4fyxh79icgaz23q7oiggjdet17jfm6t7tvxv9wy4w.jpg\" title=\"Catherine22\" alt=\"Catherine22\" loading=\"lazy\" \/>\t\t\t\t\t\t\t\t\t\t\t\t\t\t\t<\/div>\n\t\t\t\t<\/div>\n\t\t\t\t<div class=\"elementor-element elementor-element-2cf99dd elementor-widget elementor-widget-heading\" data-id=\"2cf99dd\" data-element_type=\"widget\" data-e-type=\"widget\" data-widget_type=\"heading.default\">\n\t\t\t\t<div class=\"elementor-widget-container\">\n\t\t\t\t\t<h4 class=\"elementor-heading-title elementor-size-default\">Catherine Coiro<\/h4>\t\t\t\t<\/div>\n\t\t\t\t<\/div>\n\t\t\t\t<div class=\"elementor-element elementor-element-985c4ef elementor-widget elementor-widget-text-editor\" data-id=\"985c4ef\" data-element_type=\"widget\" data-e-type=\"widget\" data-widget_type=\"text-editor.default\">\n\t\t\t\t<div class=\"elementor-widget-container\">\n\t\t\t\t\t\t\t\t\t<p style=\"text-align: left\">Catherine Coiro est de nationalit\u00e9 fran\u00e7aise et est originaire de la ville de Lyon.<br \/>Passionn\u00e9e de langues et de litt\u00e9rature elle d\u00e9cide d\u2019en faire ses \u00e9tudes, apr\u00e8s une ann\u00e9e en \u00c9cosse elle s\u2019installe en 2001 aux Pays Bas. Tr\u0117s vite elle fait la connaissance de n\u00e9erlandais d\u00e9sireux de parler fran\u00e7ais et elle donne des cours priv\u00e9s et organis\u00e9s des cours de conversation fran\u00e7aise.<br \/>Catherine est une amoureuse de la langue fran\u00e7aise et des mots, elle vous fera partager sa passion pour les expressions le vocabulaire et la conversation, et elle a tr\u00e8s h\u00e2te de vous rencontrer !<\/p>\t\t\t\t\t\t\t\t<\/div>\n\t\t\t\t<\/div>\n\t\t\t\t\t<\/div>\n\t\t<\/div>\n\t\t\t\t\t<\/div>\n\t\t<\/section>\n\t\t\t\t<section class=\"elementor-section elementor-top-section elementor-element elementor-element-88991e7 elementor-section-boxed elementor-section-height-default elementor-section-height-default\" data-id=\"88991e7\" data-element_type=\"section\" data-e-type=\"section\">\n\t\t\t\t\t\t<div class=\"elementor-container elementor-column-gap-default\">\n\t\t\t\t\t<div class=\"elementor-column elementor-col-50 elementor-top-column elementor-element elementor-element-da5b0c8\" data-id=\"da5b0c8\" data-element_type=\"column\" data-e-type=\"column\">\n\t\t\t<div class=\"elementor-widget-wrap elementor-element-populated\">\n\t\t\t\t\t\t<div class=\"elementor-element elementor-element-4e39447 elementor-widget elementor-widget-image\" data-id=\"4e39447\" data-element_type=\"widget\" data-e-type=\"widget\" data-widget_type=\"image.default\">\n\t\t\t\t<div class=\"elementor-widget-container\">\n\t\t\t\t\t\t\t\t\t\t\t\t\t\t\t<img decoding=\"async\" src=\"https:\/\/www.alliance-francaise.nl\/gooi\/wp-content\/uploads\/sites\/10\/elementor\/thumbs\/Sophie-Crespel-scaled-r561nby7v1owa2n7u9dbjrynxnlqlzg43vmelbfids.jpg\" title=\"Sophie Crespel\" alt=\"Sophie Crespel\" loading=\"lazy\" \/>\t\t\t\t\t\t\t\t\t\t\t\t\t\t\t<\/div>\n\t\t\t\t<\/div>\n\t\t\t\t<div class=\"elementor-element elementor-element-07f0d0f elementor-widget elementor-widget-heading\" data-id=\"07f0d0f\" data-element_type=\"widget\" data-e-type=\"widget\" data-widget_type=\"heading.default\">\n\t\t\t\t<div class=\"elementor-widget-container\">\n\t\t\t\t\t<h4 class=\"elementor-heading-title elementor-size-default\">Sophie Crespel<\/h4>\t\t\t\t<\/div>\n\t\t\t\t<\/div>\n\t\t\t\t<div class=\"elementor-element elementor-element-390348b elementor-widget elementor-widget-text-editor\" data-id=\"390348b\" data-element_type=\"widget\" data-e-type=\"widget\" data-widget_type=\"text-editor.default\">\n\t\t\t\t<div class=\"elementor-widget-container\">\n\t\t\t\t\t\t\t\t\t<p>Je suis fran\u00e7aise et je viens du nord de la France (Villeneuve d&#8217;Ascq), apr\u00e8s plusieurs ann\u00e9es entre la France et les Pays-Bas je me suis finalement install\u00e9e \u00e0 Almere depuis 2013.\u00a0<\/p><p>Depuis juillet 2024 j\u2019ai d\u00e9cid\u00e9 de faire des \u00e9tudes pour devenir professeur de fran\u00e7ais. J\u2019ai obtenu mon DAEFLE en septembre 2024.\u00a0<\/p><p>Je travaille depuis Janvier 2024 avec l\u2019alliance fran\u00e7aise d\u2019Amsterdam. <br \/>Cours pour enfants, adultes et p\u00e9riscolaire. Et depuis septembre 2024 je travaille \u00e9galement dans un coll\u00e8ge n\u00e9erlandais \u00e0 Almere. <br \/>Maintenant je vais rejoindre l\u2019\u00e9quipe de l\u2019alliance fran\u00e7aise \u00b4t Gooi -Almere.<\/p><p>J\u2019ai choisi d\u2019enseigner le fran\u00e7ais pour partager la culture fran\u00e7aise avec mes \u00e9l\u00e8ves. Mais aussi pour les voir d\u00e9couvrir \/ approfondir leur connaissance du fran\u00e7ais et les aider \u00e0 progresser.\u00a0\u00a0<\/p><p>Mon conseil : Oser parler m\u00eame si son fran\u00e7ais n\u2019est pas parfait. Croire en soi. Lire, regarder des films et \u00e9couter des podcasts en fran\u00e7ais un petit peu tous les jours.\u00a0<\/p>\t\t\t\t\t\t\t\t<\/div>\n\t\t\t\t<\/div>\n\t\t\t\t\t<\/div>\n\t\t<\/div>\n\t\t\t\t<div class=\"elementor-column elementor-col-50 elementor-top-column elementor-element elementor-element-b90ba8a\" data-id=\"b90ba8a\" data-element_type=\"column\" data-e-type=\"column\">\n\t\t\t<div class=\"elementor-widget-wrap elementor-element-populated\">\n\t\t\t\t\t\t<div class=\"elementor-element elementor-element-9494238 elementor-widget elementor-widget-image\" data-id=\"9494238\" data-element_type=\"widget\" data-e-type=\"widget\" data-widget_type=\"image.default\">\n\t\t\t\t<div class=\"elementor-widget-container\">\n\t\t\t\t\t\t\t\t\t\t\t\t\t\t\t<img decoding=\"async\" src=\"https:\/\/www.alliance-francaise.nl\/gooi\/wp-content\/uploads\/sites\/10\/elementor\/thumbs\/Gabrielle-scaled-r4fyyofu8q3ht4cx777an8gm4raf9oygprw9y04u6o.jpeg\" title=\"Gabrielle\" alt=\"Gabrielle\" loading=\"lazy\" \/>\t\t\t\t\t\t\t\t\t\t\t\t\t\t\t<\/div>\n\t\t\t\t<\/div>\n\t\t\t\t<div class=\"elementor-element elementor-element-dc4b33e elementor-widget elementor-widget-heading\" data-id=\"dc4b33e\" data-element_type=\"widget\" data-e-type=\"widget\" data-widget_type=\"heading.default\">\n\t\t\t\t<div class=\"elementor-widget-container\">\n\t\t\t\t\t<h4 class=\"elementor-heading-title elementor-size-default\">Gabrielle Greff- van Vliet<\/h4>\t\t\t\t<\/div>\n\t\t\t\t<\/div>\n\t\t\t\t\t<\/div>\n\t\t<\/div>\n\t\t\t\t\t<\/div>\n\t\t<\/section>\n\t\t\t\t<section class=\"elementor-section elementor-top-section elementor-element elementor-element-27bb68f elementor-section-boxed elementor-section-height-default elementor-section-height-default\" data-id=\"27bb68f\" data-element_type=\"section\" data-e-type=\"section\">\n\t\t\t\t\t\t<div class=\"elementor-container elementor-column-gap-default\">\n\t\t\t\t\t<div class=\"elementor-column elementor-col-50 elementor-top-column elementor-element elementor-element-8359b1b\" data-id=\"8359b1b\" data-element_type=\"column\" data-e-type=\"column\">\n\t\t\t<div class=\"elementor-widget-wrap elementor-element-populated\">\n\t\t\t\t\t\t<div class=\"elementor-element elementor-element-445892a elementor-widget elementor-widget-image\" data-id=\"445892a\" data-element_type=\"widget\" data-e-type=\"widget\" data-widget_type=\"image.default\">\n\t\t\t\t<div class=\"elementor-widget-container\">\n\t\t\t\t\t\t\t\t\t\t\t\t\t\t\t<img decoding=\"async\" src=\"https:\/\/www.alliance-francaise.nl\/gooi\/wp-content\/uploads\/sites\/10\/elementor\/thumbs\/Ismini-r4fyujxc8wg6uqcnaf08p9xs9vmfhikvhctk4a91hs.png\" title=\"Ismini\" alt=\"Ismini\" loading=\"lazy\" \/>\t\t\t\t\t\t\t\t\t\t\t\t\t\t\t<\/div>\n\t\t\t\t<\/div>\n\t\t\t\t<div class=\"elementor-element elementor-element-542443e elementor-widget elementor-widget-heading\" data-id=\"542443e\" data-element_type=\"widget\" data-e-type=\"widget\" data-widget_type=\"heading.default\">\n\t\t\t\t<div class=\"elementor-widget-container\">\n\t\t\t\t\t<h4 class=\"elementor-heading-title elementor-size-default\">Ismini Ioannidou<\/h4>\t\t\t\t<\/div>\n\t\t\t\t<\/div>\n\t\t\t\t<div class=\"elementor-element elementor-element-7d4d30c elementor-widget elementor-widget-text-editor\" data-id=\"7d4d30c\" data-element_type=\"widget\" data-e-type=\"widget\" data-widget_type=\"text-editor.default\">\n\t\t\t\t<div class=\"elementor-widget-container\">\n\t\t\t\t\t\t\t\t\t<p class=\"m_8354728093921078233MsoPlainText\"><span lang=\"en-NL\">Ismini Ioannidou: au service du rayonnement de la langue et la culture Fran\u00e7aise!<u><\/u><u><\/u><\/span><\/p><p class=\"m_8354728093921078233MsoPlainText\"><span lang=\"en-NL\">N\u00e9e \u00e0 Alexandrie en \u00c9gypte a suivi des \u00e9tudes Fran\u00e7aises d\u00e8s l\u2019\u00e2ge de 3 ans et demi au Pensionnat Notre Dame de Sion (Alexandrie) jusqu\u2019au Brevet ensuite en Suisse \u00e0 Lausanne \u00e0 l\u2019\u00e9cole L\u00e9mania 2 ans pour le Baccalaur\u00e9at.<u><\/u><u><\/u><\/span><\/p><p class=\"m_8354728093921078233MsoPlainText\"><span lang=\"en-NL\">Apr\u00e8s des \u00e9tudes \u00e0 l\u2019universit\u00e9 de Lausanne \u00e0 Dorigny (Master) sur la litt\u00e9rature et l\u2019histoire culturelle fran\u00e7aises et francophones.<u><\/u><u><\/u><\/span><\/p><p class=\"m_8354728093921078233MsoPlainText\"><span lang=\"en-NL\">Fin des ann\u00e9es 70 \u00e0 Melbourne en Australie: cours de fran\u00e7ais et d\u2019anglais aux \u00e9coles secondaires + charg\u00e9e de l\u2019int\u00e9gration des expatri\u00e9s Fran\u00e7ais \u00e0 Melbourne.<u><\/u><u><\/u><\/span><\/p><p class=\"m_8354728093921078233MsoPlainText\"><span lang=\"en-NL\">D\u00e9but des ann\u00e9es 80: cours de fran\u00e7ais \u00e0 l\u2019\u00e9cole internationale d\u2019Amsterdam pour les \u00e9l\u00e8ves pr\u00e9parant \u00ab l\u2019international Baccalaureate diploma \u00bb<u><\/u><u><\/u><\/span><\/p><p class=\"m_8354728093921078233MsoPlainText\"><span lang=\"en-NL\">1983-1990: cours \u00e0 l\u2019institut Fran\u00e7ais d\u2019Amsterdam.<u><\/u><u><\/u><\/span><\/p><p class=\"m_8354728093921078233MsoPlainText\"><span lang=\"en-NL\">1990 \u00e0 1999: cours de fran\u00e7ais au Lyc\u00e9e Fran\u00e7ais d\u2019Ath\u00e8nes<u><\/u><u><\/u><\/span><\/p><p class=\"m_8354728093921078233MsoPlainText\"><span lang=\"en-NL\">+ cours de Fran\u00e7ais aux cadres grecs du groupe hypermarch\u00e9 Continent<u><\/u><u><\/u><\/span><\/p><p class=\"m_8354728093921078233MsoPlainText\"><span lang=\"en-NL\">+ charg\u00e9e de l\u2019int\u00e9gration des expatri\u00e9s Fran\u00e7ais \u00e0 Ath\u00e8nes.<u><\/u><u><\/u><\/span><\/p><p class=\"m_8354728093921078233MsoPlainText\"><span lang=\"en-NL\">1999 retour aux Pays-Bas, cours priv\u00e9s de fran\u00e7ais.<u><\/u><u><\/u><\/span><\/p><p class=\"m_8354728093921078233MsoPlainText\"><span lang=\"en-NL\">\u00c0 partir de 2004: Alliance Fran\u00e7aise du Gooi et d\u2019Almere Professeur, vice- pr\u00e9sidente + responsable des activit\u00e9s culturelles<u><\/u><u><\/u><\/span><\/p><p class=\"m_8354728093921078233MsoPlainText\"><span lang=\"en-NL\">&#8211; D\u00e9veloppement des cours de Fran\u00e7ais pour les entreprises telles que l\u2019Or\u00e9al, BodyShop, Yves Rocher, KLM\/Air France.<u><\/u><u><\/u><\/span><\/p><p class=\"m_8354728093921078233MsoPlainText\"><span lang=\"en-NL\">2006-2008: coordination des partenariats culturels au Bureau National de l\u2019AFPB.<u><\/u><u><\/u><\/span><\/p><p class=\"m_8354728093921078233MsoPlainText\"><span lang=\"en-NL\">D\u00e9veloppement du concept de partenariat avec les biblioth\u00e8ques du Gooi (Hilversum, Laren, Huizen, Bussum, Blaricum) pour organiser les cours dans leurs locaux mais \u00e9galement:<u><\/u><u><\/u><\/span><\/p><p class=\"m_8354728093921078233MsoPlainText\"><span lang=\"en-NL\">Conf\u00e9rences-caf\u00e9s parlants-soir\u00e9es culturelles-projections de films- Kunstuitleen.<\/span><\/p>\t\t\t\t\t\t\t\t<\/div>\n\t\t\t\t<\/div>\n\t\t\t\t\t<\/div>\n\t\t<\/div>\n\t\t\t\t<div class=\"elementor-column elementor-col-50 elementor-top-column elementor-element elementor-element-76b96b7\" data-id=\"76b96b7\" data-element_type=\"column\" data-e-type=\"column\">\n\t\t\t<div class=\"elementor-widget-wrap elementor-element-populated\">\n\t\t\t\t\t\t<div class=\"elementor-element elementor-element-8af49d3 elementor-widget elementor-widget-image\" data-id=\"8af49d3\" data-element_type=\"widget\" data-e-type=\"widget\" data-widget_type=\"image.default\">\n\t\t\t\t<div class=\"elementor-widget-container\">\n\t\t\t\t\t\t\t\t\t\t\t\t\t\t\t<img decoding=\"async\" src=\"https:\/\/www.alliance-francaise.nl\/gooi\/wp-content\/uploads\/sites\/10\/elementor\/thumbs\/Irma-1-r4fyyvyjredse01zzagb76kavu9cz9sbet45s7tosw.png\" title=\"Irma\" alt=\"Irma\" loading=\"lazy\" \/>\t\t\t\t\t\t\t\t\t\t\t\t\t\t\t<\/div>\n\t\t\t\t<\/div>\n\t\t\t\t<div class=\"elementor-element elementor-element-87b62cf elementor-widget elementor-widget-heading\" data-id=\"87b62cf\" data-element_type=\"widget\" data-e-type=\"widget\" data-widget_type=\"heading.default\">\n\t\t\t\t<div class=\"elementor-widget-container\">\n\t\t\t\t\t<h4 class=\"elementor-heading-title elementor-size-default\">Irma Henfling- vd Broeck<\/h4>\t\t\t\t<\/div>\n\t\t\t\t<\/div>\n\t\t\t\t\t<\/div>\n\t\t<\/div>\n\t\t\t\t\t<\/div>\n\t\t<\/section>\n\t\t\t\t<section class=\"elementor-section elementor-top-section elementor-element elementor-element-f3df317 elementor-section-boxed elementor-section-height-default elementor-section-height-default\" data-id=\"f3df317\" data-element_type=\"section\" data-e-type=\"section\">\n\t\t\t\t\t\t<div class=\"elementor-container elementor-column-gap-default\">\n\t\t\t\t\t<div class=\"elementor-column elementor-col-50 elementor-top-column elementor-element elementor-element-1dc9de7\" data-id=\"1dc9de7\" data-element_type=\"column\" data-e-type=\"column\">\n\t\t\t<div class=\"elementor-widget-wrap elementor-element-populated\">\n\t\t\t\t\t\t<div class=\"elementor-element elementor-element-95279e6 elementor-widget elementor-widget-image\" data-id=\"95279e6\" data-element_type=\"widget\" data-e-type=\"widget\" data-widget_type=\"image.default\">\n\t\t\t\t<div class=\"elementor-widget-container\">\n\t\t\t\t\t\t\t\t\t\t\t\t\t\t\t<img decoding=\"async\" src=\"https:\/\/www.alliance-francaise.nl\/gooi\/wp-content\/uploads\/sites\/10\/elementor\/thumbs\/foto-Geraldine-juni2023-scaled-rf6pifh29z75qmbqlqj1771efid5zuv69m2xwch3v4.jpg\" title=\"foto-G\u00e9raldine-juni2023\" alt=\"foto-G\u00e9raldine-juni2023\" loading=\"lazy\" \/>\t\t\t\t\t\t\t\t\t\t\t\t\t\t\t<\/div>\n\t\t\t\t<\/div>\n\t\t\t\t<div class=\"elementor-element elementor-element-71fe53f elementor-widget elementor-widget-heading\" data-id=\"71fe53f\" data-element_type=\"widget\" data-e-type=\"widget\" data-widget_type=\"heading.default\">\n\t\t\t\t<div class=\"elementor-widget-container\">\n\t\t\t\t\t<h4 class=\"elementor-heading-title elementor-size-default\">G\u00e9raldine G\u00e9nier<\/h4>\t\t\t\t<\/div>\n\t\t\t\t<\/div>\n\t\t\t\t<div class=\"elementor-element elementor-element-8b1fe0d elementor-widget elementor-widget-text-editor\" data-id=\"8b1fe0d\" data-element_type=\"widget\" data-e-type=\"widget\" data-widget_type=\"text-editor.default\">\n\t\t\t\t<div class=\"elementor-widget-container\">\n\t\t\t\t\t\t\t\t\t<p>\u00c0 moins de 22 ans, j&#8217;ai quitt\u00e9 Paris pour les Pays-Bas par amour, alors que je venais d&#8217;obtenir ma ma\u00eetrise en lettres modernes \u00e0 la Sorbonne. <br \/>J&#8217;ai ensuite suivi une formation \u00e0 ITV-Hogeschool Tolken en Vertalen. <br \/>Depuis l\u2019obtention de mon dipl\u00f4me, j\u2019y travaille encore.<br \/>Enseigner la langue et laculture fran\u00e7aises, j\u2019adore cela\u00a0! <br \/>Je donne surtout des cours de conversation, aussi bien dans les AF du Gooi et d\u2019Amersfoort que pour la VU et pour des personnes priv\u00e9es. <br \/>Je m\u2019occupe \u00e9galement des Caf\u00e9s fran\u00e7ais \u00e0 Amersfoort. <br \/>Je travaille actuellement comme cheffe de bureau pour l\u2019AFPB (f\u00e9d\u00e9ration nationale des Alliances Fran\u00e7aises aux Pays-Bas) o\u00f9 je suis aussi active pour la Commission culturelle. <br \/>Je vis \u00e0 Maarssenbroek avec mari et enfants, mais je passe tous les \u00e9t\u00e9s dans ma petite maison \u00e0 la campagne, dans la Creuse, o\u00f9 la nature est magnifique ! <br \/>Mes conseils pour apprendre le fran\u00e7ais : lisez un livre ou un magazine sur des sujets qui vous int\u00e9ressent vraiment, \u00e9coutez des chansons, regardez un film avec ou sans sous-titres, l\u2019important est de se faire plaisir ! Apprendre en s&#8217;amusant, c&#8217;est l&#8217;objectif de mes cours. A bient\u00f4t !<\/p>\t\t\t\t\t\t\t\t<\/div>\n\t\t\t\t<\/div>\n\t\t\t\t\t<\/div>\n\t\t<\/div>\n\t\t\t\t<div class=\"elementor-column elementor-col-50 elementor-top-column elementor-element elementor-element-ca2e479\" data-id=\"ca2e479\" data-element_type=\"column\" data-e-type=\"column\">\n\t\t\t<div class=\"elementor-widget-wrap elementor-element-populated\">\n\t\t\t\t\t\t<div class=\"elementor-element elementor-element-b25aa93 elementor-widget elementor-widget-image\" data-id=\"b25aa93\" data-element_type=\"widget\" data-e-type=\"widget\" data-widget_type=\"image.default\">\n\t\t\t\t<div class=\"elementor-widget-container\">\n\t\t\t\t\t\t\t\t\t\t\t\t\t\t\t<img decoding=\"async\" src=\"https:\/\/www.alliance-francaise.nl\/gooi\/wp-content\/uploads\/sites\/10\/elementor\/thumbs\/Emmanuelle-LinkedIn-r4fyyni01w27hieacoso2qp5jdf21zuqdn8sgq68cw.jpeg\" title=\"Emmanuelle LinkedIn\" alt=\"Emmanuelle LinkedIn\" loading=\"lazy\" \/>\t\t\t\t\t\t\t\t\t\t\t\t\t\t\t<\/div>\n\t\t\t\t<\/div>\n\t\t\t\t<div class=\"elementor-element elementor-element-27e158b elementor-widget elementor-widget-heading\" data-id=\"27e158b\" data-element_type=\"widget\" data-e-type=\"widget\" data-widget_type=\"heading.default\">\n\t\t\t\t<div class=\"elementor-widget-container\">\n\t\t\t\t\t<h4 class=\"elementor-heading-title elementor-size-default\">Emmanuelle Endenburg<\/h4>\t\t\t\t<\/div>\n\t\t\t\t<\/div>\n\t\t\t\t<div class=\"elementor-element elementor-element-b5c595f elementor-widget elementor-widget-text-editor\" data-id=\"b5c595f\" data-element_type=\"widget\" data-e-type=\"widget\" data-widget_type=\"text-editor.default\">\n\t\t\t\t<div class=\"elementor-widget-container\">\n\t\t\t\t\t\t\t\t\t<p>Bonjour\u00a0!<\/p><p>Je m\u2019appelle Emmanuelle, je vis aux Pays-Bas depuis 2001\u00a0.<br \/>J\u2019ai commenc\u00e9 ma petite entreprise (cours priv\u00e9s) en 2011 et maintenant je donne aussi des cours pour l\u2019Alliance fran\u00e7aise \u00e0 Almere.<\/p><p>Dynamique et enthousiaste, je suis habitu\u00e9e \u00e0 enseigner \u00e0 des publics vari\u00e9s de tous \u00e2ges.<br \/>Mon objectif est de donner envie \u00e0 mes \u00e9l\u00e8ves de venir en cours et de partager un bon moment ensemble.<\/p><p>Ce que je pr\u00e9f\u00e8re, c\u2019est de faire parler le plus possible mes \u00e9tudiants sur des sujets divers, actualit\u00e9s, cultures et traditions fran\u00e7aises. Je suis l\u00e0 pour les aider, expliquer, corriger.<br \/>C\u2019est un grand plaisir de les voir progresser chaque semaine.<\/p><p>Alors \u00e0 bient\u00f4t\u00a0!<\/p>\t\t\t\t\t\t\t\t<\/div>\n\t\t\t\t<\/div>\n\t\t\t\t\t<\/div>\n\t\t<\/div>\n\t\t\t\t\t<\/div>\n\t\t<\/section>\n\t\t\t\t<section class=\"elementor-section elementor-top-section elementor-element elementor-element-a44fa65 elementor-section-boxed elementor-section-height-default elementor-section-height-default\" data-id=\"a44fa65\" data-element_type=\"section\" data-e-type=\"section\">\n\t\t\t\t\t\t<div class=\"elementor-container elementor-column-gap-default\">\n\t\t\t\t\t<div class=\"elementor-column elementor-col-50 elementor-top-column elementor-element elementor-element-5468cac\" data-id=\"5468cac\" data-element_type=\"column\" data-e-type=\"column\">\n\t\t\t<div class=\"elementor-widget-wrap elementor-element-populated\">\n\t\t\t\t\t\t<div class=\"elementor-element elementor-element-06d8bcb elementor-widget elementor-widget-image\" data-id=\"06d8bcb\" data-element_type=\"widget\" data-e-type=\"widget\" data-widget_type=\"image.default\">\n\t\t\t\t<div class=\"elementor-widget-container\">\n\t\t\t\t\t\t\t\t\t\t\t\t\t\t\t<img decoding=\"async\" src=\"https:\/\/www.alliance-francaise.nl\/gooi\/wp-content\/uploads\/sites\/10\/elementor\/thumbs\/Theodora-Sick-2025-rf9z7ke5wfiparncp9g8xyvmoa23tk065hqhfm13gw.png\" title=\"Theodora Sick 2025\" alt=\"Theodora Sick 2025\" loading=\"lazy\" \/>\t\t\t\t\t\t\t\t\t\t\t\t\t\t\t<\/div>\n\t\t\t\t<\/div>\n\t\t\t\t<div class=\"elementor-element elementor-element-a900c3f elementor-widget elementor-widget-heading\" data-id=\"a900c3f\" data-element_type=\"widget\" data-e-type=\"widget\" data-widget_type=\"heading.default\">\n\t\t\t\t<div class=\"elementor-widget-container\">\n\t\t\t\t\t<h4 class=\"elementor-heading-title elementor-size-default\">Th\u00e9odora Sick<\/h4>\t\t\t\t<\/div>\n\t\t\t\t<\/div>\n\t\t\t\t<div class=\"elementor-element elementor-element-f10486b elementor-widget elementor-widget-text-editor\" data-id=\"f10486b\" data-element_type=\"widget\" data-e-type=\"widget\" data-widget_type=\"text-editor.default\">\n\t\t\t\t<div class=\"elementor-widget-container\">\n\t\t\t\t\t\t\t\t\t<p style=\"font-weight: 400\">Install\u00e9e depuis bient\u00f4t neuf ans aux Pays-Bas, mon parcours est marqu\u00e9 par la rencontre de diff\u00e9rentes cultures que je transmets avec enthousiasme dans mon enseignement du fran\u00e7ais. J\u2019aime conjuguer le pragmatisme hollandais, h\u00e9rit\u00e9 de mon quotidien professionnel, avec ma passion pour les cultures latines, nourrie par la pratique de danse Salsa et Samba no P\u00e9.<\/p><p style=\"font-weight: 400\">Ma p\u00e9dagogie repose sur une conviction simple\u202f: l\u2019apprentissage d\u2019une langue se vit avant tout par l\u2019immersion et la pratique. M\u00eame sans r\u00e9sider dans le pays, les outils num\u00e9riques et la richesse des m\u00e9dias actuels permettent de cr\u00e9er un environnement linguistique stimulant et accessible \u00e0 tous.<\/p><p style=\"font-weight: 400\">En classe, je cherche \u00e0 \u00e9veiller la curiosit\u00e9, \u00e0 d\u00e9velopper la confiance et \u00e0 offrir \u00e0 chacun la possibilit\u00e9 de progresser \u00e0 son rythme. Mon objectif est de faire du fran\u00e7ais non seulement une comp\u00e9tence utile, mais aussi une porte ouverte vers la d\u00e9couverte culturelle et au plaisir de communiquer.<\/p>\t\t\t\t\t\t\t\t<\/div>\n\t\t\t\t<\/div>\n\t\t\t\t\t<\/div>\n\t\t<\/div>\n\t\t\t\t<div class=\"elementor-column elementor-col-50 elementor-top-column elementor-element elementor-element-c7ac564\" data-id=\"c7ac564\" data-element_type=\"column\" data-e-type=\"column\">\n\t\t\t<div class=\"elementor-widget-wrap elementor-element-populated\">\n\t\t\t\t\t\t<div class=\"elementor-element elementor-element-58cd05d elementor-widget elementor-widget-image\" data-id=\"58cd05d\" data-element_type=\"widget\" data-e-type=\"widget\" data-widget_type=\"image.default\">\n\t\t\t\t<div class=\"elementor-widget-container\">\n\t\t\t\t\t\t\t\t\t\t\t\t\t\t\t<img decoding=\"async\" src=\"https:\/\/www.alliance-francaise.nl\/gooi\/wp-content\/uploads\/sites\/10\/elementor\/thumbs\/Marjan-Staal-AF-scaled-r4fyukv6fqhh6cba4xev9rp8v9hsp7olthh1lk7nbk.jpg\" title=\"Marjan Staal AF\" alt=\"Marjan Staal AF\" loading=\"lazy\" \/>\t\t\t\t\t\t\t\t\t\t\t\t\t\t\t<\/div>\n\t\t\t\t<\/div>\n\t\t\t\t<div class=\"elementor-element elementor-element-7254c1d elementor-widget elementor-widget-heading\" data-id=\"7254c1d\" data-element_type=\"widget\" data-e-type=\"widget\" data-widget_type=\"heading.default\">\n\t\t\t\t<div class=\"elementor-widget-container\">\n\t\t\t\t\t<h4 class=\"elementor-heading-title elementor-size-default\">Marjan Staal<\/h4>\t\t\t\t<\/div>\n\t\t\t\t<\/div>\n\t\t\t\t<div class=\"elementor-element elementor-element-6da2128 elementor-widget elementor-widget-text-editor\" data-id=\"6da2128\" data-element_type=\"widget\" data-e-type=\"widget\" data-widget_type=\"text-editor.default\">\n\t\t\t\t<div class=\"elementor-widget-container\">\n\t\t\t\t\t\t\t\t\t<p style=\"font-weight: 400\">Ik heb mijn lesbevoegdheid Frans gehaald aan de lerarenopleiding Vrije Leergangen Vrije Universiteit.<\/p><p style=\"font-weight: 400\">Ongeveer 12 jaar geleden ben ik begonnen met lesgeven op een aantal basisscholen. Dat is inmiddels uitgegroeid tot een regionaal project met de Petit Tour of in de vorm van een atelier van 4 lessen.<\/p><p style=\"font-weight: 400\">Met veel plezier doe ik de lessen niveau A1 en A2.\u00a0 Vooral bij de cursisten met weinig tot geen kennis van de Franse taal zie je al snel een enorme vooruitgang. Tijdens mijn lessen is er altijd een ontspannen sfeer. In iedere les behandel ik een Frans chanson.<\/p><p style=\"font-weight: 400\">Met Kerst en de laatste les van het cursusjaar\u00a0 nemen we allemaal iets lekkers mee. Onder het genot van een hapje en een drankje sluiten we het jaar of het cursusseizoen af.<\/p>\t\t\t\t\t\t\t\t<\/div>\n\t\t\t\t<\/div>\n\t\t\t\t\t<\/div>\n\t\t<\/div>\n\t\t\t\t\t<\/div>\n\t\t<\/section>\n\t\t\t\t<\/div>\n\t\t","protected":false},"excerpt":{"rendered":"<p>Onze docenten\u200b Christophe Chaplet Chris is de troubadour van de AF &#8217;t Gooi &#8211; Almere. Naast het leiden van het Chorale,\u00a0 schrijft hij zijn eigen chansons en zingt Brassens, Brel, [&hellip;]<\/p>\n","protected":false},"author":1,"featured_media":0,"parent":12,"menu_order":0,"comment_status":"closed","ping_status":"closed","template":"elementor_header_footer","meta":{"footnotes":""},"class_list":["post-52","page","type-page","status-publish","hentry"],"_links":{"self":[{"href":"https:\/\/www.alliance-francaise.nl\/gooi\/wp-json\/wp\/v2\/pages\/52","targetHints":{"allow":["GET"]}}],"collection":[{"href":"https:\/\/www.alliance-francaise.nl\/gooi\/wp-json\/wp\/v2\/pages"}],"about":[{"href":"https:\/\/www.alliance-francaise.nl\/gooi\/wp-json\/wp\/v2\/types\/page"}],"author":[{"embeddable":true,"href":"https:\/\/www.alliance-francaise.nl\/gooi\/wp-json\/wp\/v2\/users\/1"}],"replies":[{"embeddable":true,"href":"https:\/\/www.alliance-francaise.nl\/gooi\/wp-json\/wp\/v2\/comments?post=52"}],"version-history":[{"count":20,"href":"https:\/\/www.alliance-francaise.nl\/gooi\/wp-json\/wp\/v2\/pages\/52\/revisions"}],"predecessor-version":[{"id":12904,"href":"https:\/\/www.alliance-francaise.nl\/gooi\/wp-json\/wp\/v2\/pages\/52\/revisions\/12904"}],"up":[{"embeddable":true,"href":"https:\/\/www.alliance-francaise.nl\/gooi\/wp-json\/wp\/v2\/pages\/12"}],"wp:attachment":[{"href":"https:\/\/www.alliance-francaise.nl\/gooi\/wp-json\/wp\/v2\/media?parent=52"}],"curies":[{"name":"wp","href":"https:\/\/api.w.org\/{rel}","templated":true}]}}