{"id":11721,"date":"2025-05-01T10:37:54","date_gmt":"2025-05-01T08:37:54","guid":{"rendered":"https:\/\/www.alliance-francaise.nl\/gooi\/?page_id=11721"},"modified":"2025-08-29T12:54:47","modified_gmt":"2025-08-29T10:54:47","slug":"cours-de-theatre","status":"publish","type":"page","link":"https:\/\/www.alliance-francaise.nl\/gooi\/cours-de-theatre\/","title":{"rendered":"Cours de Th\u00e9\u00e2tre"},"content":{"rendered":"\t\t<div data-elementor-type=\"wp-page\" data-elementor-id=\"11721\" class=\"elementor elementor-11721\" data-elementor-post-type=\"page\">\n\t\t\t\t\t\t<section class=\"elementor-section elementor-top-section elementor-element elementor-element-622e4dd7 elementor-section-boxed elementor-section-height-default elementor-section-height-default\" data-id=\"622e4dd7\" data-element_type=\"section\" data-e-type=\"section\" data-settings=\"{&quot;background_background&quot;:&quot;classic&quot;}\">\n\t\t\t\t\t\t<div class=\"elementor-container elementor-column-gap-default\">\n\t\t\t\t\t<div class=\"elementor-column elementor-col-100 elementor-top-column elementor-element elementor-element-1653a3d\" data-id=\"1653a3d\" data-element_type=\"column\" data-e-type=\"column\">\n\t\t\t<div class=\"elementor-widget-wrap\">\n\t\t\t\t\t\t\t<\/div>\n\t\t<\/div>\n\t\t\t\t\t<\/div>\n\t\t<\/section>\n\t\t\t\t<section class=\"elementor-section elementor-top-section elementor-element elementor-element-2b1c79fc elementor-section-boxed elementor-section-height-default elementor-section-height-default\" data-id=\"2b1c79fc\" data-element_type=\"section\" data-e-type=\"section\">\n\t\t\t\t\t\t<div class=\"elementor-container elementor-column-gap-default\">\n\t\t\t\t\t<div class=\"elementor-column elementor-col-100 elementor-top-column elementor-element elementor-element-15d91e88\" data-id=\"15d91e88\" data-element_type=\"column\" data-e-type=\"column\" data-settings=\"{&quot;background_background&quot;:&quot;classic&quot;}\">\n\t\t\t<div class=\"elementor-widget-wrap elementor-element-populated\">\n\t\t\t\t\t<div class=\"elementor-background-overlay\"><\/div>\n\t\t\t\t\t\t<div class=\"elementor-element elementor-element-56b84b09 elementor-widget elementor-widget-heading\" data-id=\"56b84b09\" data-element_type=\"widget\" data-e-type=\"widget\" data-widget_type=\"heading.default\">\n\t\t\t\t<div class=\"elementor-widget-container\">\n\t\t\t\t\t<h1 class=\"elementor-heading-title elementor-size-default\">Cours de th\u00e9\u00e2tre<\/h1>\t\t\t\t<\/div>\n\t\t\t\t<\/div>\n\t\t\t\t\t<\/div>\n\t\t<\/div>\n\t\t\t\t\t<\/div>\n\t\t<\/section>\n\t\t\t\t<section class=\"elementor-section elementor-top-section elementor-element elementor-element-1431c766 elementor-section-boxed elementor-section-height-default elementor-section-height-default\" data-id=\"1431c766\" data-element_type=\"section\" data-e-type=\"section\">\n\t\t\t\t\t\t<div class=\"elementor-container elementor-column-gap-default\">\n\t\t\t\t\t<div class=\"elementor-column elementor-col-100 elementor-top-column elementor-element elementor-element-25bde84d\" data-id=\"25bde84d\" data-element_type=\"column\" data-e-type=\"column\">\n\t\t\t<div class=\"elementor-widget-wrap elementor-element-populated\">\n\t\t\t\t\t\t<div class=\"elementor-element elementor-element-29b9852b elementor-widget elementor-widget-heading\" data-id=\"29b9852b\" data-element_type=\"widget\" data-e-type=\"widget\" data-widget_type=\"heading.default\">\n\t\t\t\t<div class=\"elementor-widget-container\">\n\t\t\t\t\t<h2 class=\"elementor-heading-title elementor-size-default\">Jouer la com\u00e9die en Fran\u00e7ais \n<\/h2>\t\t\t\t<\/div>\n\t\t\t\t<\/div>\n\t\t\t\t<div class=\"elementor-element elementor-element-13c9ad7 elementor-widget elementor-widget-text-editor\" data-id=\"13c9ad7\" data-element_type=\"widget\" data-e-type=\"widget\" data-widget_type=\"text-editor.default\">\n\t\t\t\t<div class=\"elementor-widget-container\">\n\t\t\t\t\t\t\t\t\t<p><em><strong>Technique du Corps et Vocale, Improvisation<\/strong><\/em><\/p><p><em><span style=\"text-decoration: underline\">Objectifs du cours :<\/span><\/em><\/p><ul><li><em>D\u00e9velopper la technique corporelle et vocale des participants.<\/em><\/li><li><em>Encourager l&#8217;improvisation en fran\u00e7ais et la cr\u00e9ativit\u00e9.<\/em><\/li><li><em><em>Travailler en groupe pour cr\u00e9er un spectacle coh\u00e9rent.<br \/><\/em><\/em><\/li><\/ul><p><em>Ce cours vise \u00e0 cr\u00e9er un environnement ludique et cr\u00e9atif o\u00f9 les participants peuvent <\/em><br \/><em>s\u2019exprimer librement tout en d\u00e9veloppant leurs comp\u00e9tences langagi\u00e8res et th\u00e9\u00e2trales. <\/em><br \/><em>Les s\u00e9ances dispens\u00e9es visent essentiellement \u00e0 pr\u00e9parer ce spectacle et \u00e0 travailler la <\/em><br \/><em>composition des r\u00f4les \u00e0 travers les techniques du jeu d\u2019acteur et de la mise en sc\u00e8ne. <\/em><br \/><em>Les types de pi\u00e8ces s\u00e9lectionn\u00e9es sont g\u00e9n\u00e9ralement d\u2019auteurs francophones contemporains.<\/em><\/p>\t\t\t\t\t\t\t\t<\/div>\n\t\t\t\t<\/div>\n\t\t\t\t<div class=\"elementor-element elementor-element-c404c7e elementor-widget elementor-widget-text-editor\" data-id=\"c404c7e\" data-element_type=\"widget\" data-e-type=\"widget\" data-widget_type=\"text-editor.default\">\n\t\t\t\t<div class=\"elementor-widget-container\">\n\t\t\t\t\t\t\t\t\t<p class=\"\" data-start=\"58\" data-end=\"101\"><strong data-start=\"58\" data-end=\"101\">Lichaams- en stemtechniek, improvisatie<\/strong><\/p><p class=\"\" data-start=\"103\" data-end=\"136\"><span style=\"text-decoration: underline\">Doelstellingen van de cursus:<\/span><\/p><ul data-start=\"137\" data-end=\"336\"><li class=\"\" data-start=\"137\" data-end=\"200\"><p class=\"\" data-start=\"139\" data-end=\"200\">De lichaams- en stemtechniek van de deelnemers ontwikkelen.<\/p><\/li><li class=\"\" data-start=\"137\" data-end=\"200\"><p class=\"\" data-start=\"139\" data-end=\"200\">Improvisatie in het Frans en creativiteit stimuleren.<\/p><\/li><li class=\"\" data-start=\"259\" data-end=\"336\"><p class=\"\" data-start=\"261\" data-end=\"336\">in groepsverband toewerken naar een vloeiend en krachtig optreden<\/p><\/li><\/ul><p>Deze cursus is bedoeld om een speelse en creatieve omgeving te cre\u00ebren waarin de deelnemers zich vrij kunnen uiten, terwijl ze hun taal- en acteervaardigheden ontwikkelen.<br data-start=\"171\" data-end=\"174\" \/>De sessies zijn voornamelijk gericht op de voorbereiding van een voorstelling en het uitwerken van de rolverdeling aan de hand van acteertechnieken en regie.<br data-start=\"331\" data-end=\"334\" \/>De geselecteerde toneelstukken zijn over het algemeen van hedendaagse Franstalige auteurs.<\/p>\t\t\t\t\t\t\t\t<\/div>\n\t\t\t\t<\/div>\n\t\t\t\t<div class=\"elementor-element elementor-element-b8d7aec elementor-widget elementor-widget-button\" data-id=\"b8d7aec\" data-element_type=\"widget\" data-e-type=\"widget\" data-widget_type=\"button.default\">\n\t\t\t\t<div class=\"elementor-widget-container\">\n\t\t\t\t\t\t\t\t\t<div class=\"elementor-button-wrapper\">\n\t\t\t\t\t<a class=\"elementor-button elementor-button-link elementor-size-sm\" href=\"https:\/\/www.alliance-francaise.nl\/gooi\/product\/theatre-bibliotheek-hilversum-dinsdag-2030-2200\/\">\n\t\t\t\t\t\t<span class=\"elementor-button-content-wrapper\">\n\t\t\t\t\t\t\t\t\t<span class=\"elementor-button-text\">Inschrijven<\/span>\n\t\t\t\t\t<\/span>\n\t\t\t\t\t<\/a>\n\t\t\t\t<\/div>\n\t\t\t\t\t\t\t\t<\/div>\n\t\t\t\t<\/div>\n\t\t\t\t\t<\/div>\n\t\t<\/div>\n\t\t\t\t\t<\/div>\n\t\t<\/section>\n\t\t\t\t<section class=\"elementor-section elementor-top-section elementor-element elementor-element-807f981 elementor-section-boxed elementor-section-height-default elementor-section-height-default\" data-id=\"807f981\" data-element_type=\"section\" data-e-type=\"section\" data-settings=\"{&quot;background_background&quot;:&quot;classic&quot;}\">\n\t\t\t\t\t\t<div class=\"elementor-container elementor-column-gap-default\">\n\t\t\t\t\t<div class=\"elementor-column elementor-col-100 elementor-top-column elementor-element elementor-element-cbb3308\" data-id=\"cbb3308\" data-element_type=\"column\" data-e-type=\"column\" data-settings=\"{&quot;background_background&quot;:&quot;classic&quot;}\">\n\t\t\t<div class=\"elementor-widget-wrap elementor-element-populated\">\n\t\t\t\t\t\t<div class=\"elementor-element elementor-element-5b4483c elementor-widget elementor-widget-heading\" data-id=\"5b4483c\" data-element_type=\"widget\" data-e-type=\"widget\" data-widget_type=\"heading.default\">\n\t\t\t\t<div class=\"elementor-widget-container\">\n\t\t\t\t\t<h3 class=\"elementor-heading-title elementor-size-default\">En pratique comment \u00e7a marche ?<\/h3>\t\t\t\t<\/div>\n\t\t\t\t<\/div>\n\t\t\t\t<div class=\"elementor-element elementor-element-7009587 elementor-widget elementor-widget-text-editor\" data-id=\"7009587\" data-element_type=\"widget\" data-e-type=\"widget\" data-widget_type=\"text-editor.default\">\n\t\t\t\t<div class=\"elementor-widget-container\">\n\t\t\t\t\t\t\t\t\t<ul><li><strong>Dur\u00e9e<\/strong> : 1h30 <br \/><strong>Niveau :<\/strong> B1 minimum <br \/><strong>Objectif<\/strong> : Pr\u00e9parer un spectacle \u00e0 l&#8217;issue de 12 s\u00e9ances (13\u00e8me s\u00e9ance : repr\u00e9sentation) <br \/><strong>Tarif<\/strong> : 210 euros par personne <br \/>Le mardi de 20h30 \u00e0 22h00 pour la saison <br \/><strong>D\u00e9but du cours<\/strong> : le 23\/09\/2025\u00a0<\/li><\/ul>\t\t\t\t\t\t\t\t<\/div>\n\t\t\t\t<\/div>\n\t\t\t\t<section class=\"elementor-section elementor-inner-section elementor-element elementor-element-ee4e36c elementor-section-boxed elementor-section-height-default elementor-section-height-default\" data-id=\"ee4e36c\" data-element_type=\"section\" data-e-type=\"section\">\n\t\t\t\t\t\t<div class=\"elementor-container elementor-column-gap-default\">\n\t\t\t\t\t<div class=\"elementor-column elementor-col-50 elementor-inner-column elementor-element elementor-element-1b8e8df\" data-id=\"1b8e8df\" data-element_type=\"column\" data-e-type=\"column\">\n\t\t\t<div class=\"elementor-widget-wrap elementor-element-populated\">\n\t\t\t\t\t\t<div class=\"elementor-element elementor-element-81a747b elementor-widget elementor-widget-image\" data-id=\"81a747b\" data-element_type=\"widget\" data-e-type=\"widget\" data-widget_type=\"image.default\">\n\t\t\t\t<div class=\"elementor-widget-container\">\n\t\t\t\t\t\t\t\t\t\t\t\t\t\t\t<img decoding=\"async\" src=\"https:\/\/www.alliance-francaise.nl\/gooi\/wp-content\/uploads\/sites\/10\/elementor\/thumbs\/Photo-Camille-Jauffret-r4fyyr9ct87cry8tqqf6cpqzwwwiws9nq5uqdu0no0.jpg\" title=\"Photo Camille Jauffret\" alt=\"Photo Camille Jauffret\" loading=\"lazy\" \/>\t\t\t\t\t\t\t\t\t\t\t\t\t\t\t<\/div>\n\t\t\t\t<\/div>\n\t\t\t\t<div class=\"elementor-element elementor-element-3ae4f47 elementor-widget__width-initial elementor-widget elementor-widget-google_maps\" data-id=\"3ae4f47\" data-element_type=\"widget\" data-e-type=\"widget\" data-widget_type=\"google_maps.default\">\n\t\t\t\t<div class=\"elementor-widget-container\">\n\t\t\t\t\t\t\t<div class=\"elementor-custom-embed\">\n\t\t\t<iframe loading=\"lazy\"\n\t\t\t\t\tsrc=\"https:\/\/maps.google.com\/maps?q=Bibliotheek%20Hilversum&#038;t=m&#038;z=13&#038;output=embed&#038;iwloc=near\"\n\t\t\t\t\ttitle=\"Bibliotheek Hilversum\"\n\t\t\t\t\taria-label=\"Bibliotheek Hilversum\"\n\t\t\t><\/iframe>\n\t\t<\/div>\n\t\t\t\t\t\t<\/div>\n\t\t\t\t<\/div>\n\t\t\t\t\t<\/div>\n\t\t<\/div>\n\t\t\t\t<div class=\"elementor-column elementor-col-50 elementor-inner-column elementor-element elementor-element-c2c7954\" data-id=\"c2c7954\" data-element_type=\"column\" data-e-type=\"column\">\n\t\t\t<div class=\"elementor-widget-wrap elementor-element-populated\">\n\t\t\t\t\t\t<div class=\"elementor-element elementor-element-b99f3c4 elementor-widget elementor-widget-text-editor\" data-id=\"b99f3c4\" data-element_type=\"widget\" data-e-type=\"widget\" data-widget_type=\"text-editor.default\">\n\t\t\t\t<div class=\"elementor-widget-container\">\n\t\t\t\t\t\t\t\t\t<p><strong>C<\/strong><b>amille JAUFFRET,<\/b> de nationalit\u00e9 fran\u00e7aise, a commenc\u00e9 sa carri\u00e8re en tant que com\u00e9dienne de th\u00e9\u00e2tre \u00e0 Paris. En parall\u00e8le, elle a \u00e9tudi\u00e9 \u00e0 l&#8217;Universit\u00e9 de Cergy-Pontoise o\u00f9 elle a obtenu un master en litt\u00e9rature fran\u00e7aise et ses dipl\u00f4mes d&#8217;enseignement\u00a0: le Capes de lettres modernes ainsi qu\u2019une certification compl\u00e9mentaire en th\u00e9\u00e2tre. Elle a ensuite enseign\u00e9 pendant dix ans dans plusieurs \u00e9tablissements scolaires de Paris aupr\u00e8s de coll\u00e9giens. Elle a mont\u00e9 diff\u00e9rents ateliers avec ses \u00e9l\u00e8ves\u00a0: ateliers d\u2019\u00e9criture et de th\u00e9\u00e2tre notamment.<\/p><p>Arriv\u00e9e aux Pays-Bas en 2020 pour vivre de nouvelles aventures professionnelles et humaines, elle souhaite vivement enseigner \u00e0 un public non francophone. Elle a donc enrichi ses techniques didactiques par une formation du fran\u00e7ais langue \u00e9trang\u00e8re (F.L.E.) d\u00e9livr\u00e9e par le Cavilam Alliance Fran\u00e7aise.<\/p><p>Au sein de son enseignement, Camille aime mettre \u00e0 profit la participation des apprenants, l&#8217;interculturalit\u00e9 et une p\u00e9dagogie ludique. Concr\u00e8tement, cela signifie l\u2019utilisation de supports p\u00e9dagogiques vari\u00e9s et de jeux divers.<\/p><p>\u00c9nergique et positive, elle est heureuse de partager sa passion pour la culture fran\u00e7aise aupr\u00e8s de ses apprenants\u00a0!<\/p>\t\t\t\t\t\t\t\t<\/div>\n\t\t\t\t<\/div>\n\t\t\t\t\t<\/div>\n\t\t<\/div>\n\t\t\t\t\t<\/div>\n\t\t<\/section>\n\t\t\t\t<div class=\"elementor-element elementor-element-92538e9 elementor-widget elementor-widget-button\" data-id=\"92538e9\" data-element_type=\"widget\" data-e-type=\"widget\" data-widget_type=\"button.default\">\n\t\t\t\t<div class=\"elementor-widget-container\">\n\t\t\t\t\t\t\t\t\t<div class=\"elementor-button-wrapper\">\n\t\t\t\t\t<a class=\"elementor-button elementor-button-link elementor-size-sm\" href=\"https:\/\/www.alliance-francaise.nl\/gooi\/product\/theatre-bibliotheek-hilversum-dinsdag-2030-2200\/\">\n\t\t\t\t\t\t<span class=\"elementor-button-content-wrapper\">\n\t\t\t\t\t\t\t\t\t<span class=\"elementor-button-text\">Inschrijven<\/span>\n\t\t\t\t\t<\/span>\n\t\t\t\t\t<\/a>\n\t\t\t\t<\/div>\n\t\t\t\t\t\t\t\t<\/div>\n\t\t\t\t<\/div>\n\t\t\t\t\t<\/div>\n\t\t<\/div>\n\t\t\t\t\t<\/div>\n\t\t<\/section>\n\t\t\t\t<\/div>\n\t\t","protected":false},"excerpt":{"rendered":"<p>Cours de th\u00e9\u00e2tre Jouer la com\u00e9die en Fran\u00e7ais Technique du Corps et Vocale, Improvisation Objectifs du cours : D\u00e9velopper la technique corporelle et vocale des participants. Encourager l&#8217;improvisation en fran\u00e7ais [&hellip;]<\/p>\n","protected":false},"author":8,"featured_media":0,"parent":0,"menu_order":0,"comment_status":"closed","ping_status":"closed","template":"elementor_header_footer","meta":{"footnotes":""},"class_list":["post-11721","page","type-page","status-publish","hentry"],"_links":{"self":[{"href":"https:\/\/www.alliance-francaise.nl\/gooi\/wp-json\/wp\/v2\/pages\/11721","targetHints":{"allow":["GET"]}}],"collection":[{"href":"https:\/\/www.alliance-francaise.nl\/gooi\/wp-json\/wp\/v2\/pages"}],"about":[{"href":"https:\/\/www.alliance-francaise.nl\/gooi\/wp-json\/wp\/v2\/types\/page"}],"author":[{"embeddable":true,"href":"https:\/\/www.alliance-francaise.nl\/gooi\/wp-json\/wp\/v2\/users\/8"}],"replies":[{"embeddable":true,"href":"https:\/\/www.alliance-francaise.nl\/gooi\/wp-json\/wp\/v2\/comments?post=11721"}],"version-history":[{"count":20,"href":"https:\/\/www.alliance-francaise.nl\/gooi\/wp-json\/wp\/v2\/pages\/11721\/revisions"}],"predecessor-version":[{"id":12305,"href":"https:\/\/www.alliance-francaise.nl\/gooi\/wp-json\/wp\/v2\/pages\/11721\/revisions\/12305"}],"wp:attachment":[{"href":"https:\/\/www.alliance-francaise.nl\/gooi\/wp-json\/wp\/v2\/media?parent=11721"}],"curies":[{"name":"wp","href":"https:\/\/api.w.org\/{rel}","templated":true}]}}