{"id":289,"date":"2020-10-13T12:44:59","date_gmt":"2020-10-13T12:44:59","guid":{"rendered":"https:\/\/www.alliance-francaise.nl\/2020\/frise\/?page_id=289"},"modified":"2020-10-13T12:45:00","modified_gmt":"2020-10-13T12:45:00","slug":"cultureel-programma-2017-2018","status":"publish","type":"page","link":"https:\/\/www.alliance-francaise.nl\/frise\/culturele-agenda\/cultureelprogramma\/cultureel-programma-2017-2018\/","title":{"rendered":"Cultureel programma 2017-2018"},"content":{"rendered":"<p><strong>Maandag 16 oktober <\/strong><br \/>\n <strong> 19-21.30 uur <\/strong><br \/>\n <strong> Drachtster Lyceum<\/strong><br \/>\n <strong> Torenstraat 28<\/strong><br \/>\n <strong> 9201 JW Drachten<\/strong><\/p>\n<p>&nbsp;<\/p>\n<p><strong>Film Paulette<\/strong><br \/>\n <a href=\"https:\/\/afpb.nl\/frise\/wp-content\/uploads\/sites\/24\/2017\/06\/Paulette-6.jpg\"><img decoding=\"async\" class=\" wp-image-1039 alignleft\" src=\"https:\/\/afpb.nl\/frise\/wp-content\/uploads\/sites\/24\/2017\/06\/Paulette-6.jpg\" alt=\"\" width=\"162\" height=\"240\"><\/a><\/p>\n<p>&nbsp;<\/p>\n<p>Misdaadkomedie over de bejaarde Paulette in een voorstad van Parijs die besluit om zich in de verkoop van cannabis te storten om de eindjes aan elkaar te knopen.<br \/>\n De film is in het Frans met Franse ondertiteling maar de film wordt van tevoren besproken (vocabulaire etc.) . GRATIS voor de AFF leden, de leerlingen en docenten van het Drachtster Lyceum. Voor niet-leden \/niet- cursisten geldt een toegangsprijs van \u20ac 7,- p.p. <br \/>\n Helma Smits, Pr\u00e9sidente AFF et Erica Bergema, chef de section fran\u00e7aise du lyc\u00e9e vous accueilleront avec plaisir.<\/p>\n<p>&nbsp;<\/p>\n<hr>\n<p><strong>Zondagmiddag 5 november<\/strong><br \/>\n <strong> 15.00 uur &#8211; 17.00 uur<\/strong><br \/>\n <strong> Doopsgezinde Kerk<\/strong><br \/>\n <strong> Wirdumerdijk 18<\/strong><br \/>\n <strong> 8911 CD Leeuwarden<br \/>\n <\/strong><br \/>\n Mme Fr\u00e9d\u00e9rique Chauvet<br \/>\n <span style=\"font-size: 18pt\"><strong>L&#8217;Op\u00e9ra-comique fran\u00e7ais de Paris \u00e0 La Haye&nbsp;&nbsp;<\/strong><span style=\"font-size: 12pt\"><br \/>\n <\/span><\/span><\/p>\n<table style=\"width: 583px\" border=\"0\">\n<tbody>\n<tr style=\"height: 7px\">\n<td style=\"height: 7px;width: 260px\">&nbsp; &nbsp; &nbsp; &nbsp; &nbsp; &nbsp; &nbsp; &nbsp; &nbsp; &nbsp; &nbsp; &nbsp;<a href=\"https:\/\/afpb.nl\/frise\/wp-content\/uploads\/sites\/24\/2017\/06\/img203-1.jpg\"><img fetchpriority=\"high\" decoding=\"async\" class=\"aligncenter size-full wp-image-1057\" src=\"https:\/\/afpb.nl\/frise\/wp-content\/uploads\/sites\/24\/2017\/06\/img203-1.jpg\" alt=\"\" width=\"236\" height=\"261\"><\/a>&nbsp; &nbsp; &nbsp; &nbsp; &nbsp; &nbsp; &nbsp; &nbsp; &nbsp; &nbsp; &nbsp; &nbsp; &nbsp; &nbsp; &nbsp; &nbsp;&nbsp;<\/td>\n<td style=\"height: 7px;width: 20px\">\n<p>&nbsp; &nbsp; &nbsp; &nbsp; &nbsp; &nbsp; &nbsp;<\/p>\n<\/td>\n<td style=\"height: 7px;width: 311px\">\n<p>&nbsp; &nbsp; &nbsp; &nbsp; &nbsp;&nbsp;<a href=\"https:\/\/afpb.nl\/frise\/wp-content\/uploads\/sites\/24\/2017\/06\/img205-1.jpg\"><img decoding=\"async\" class=\"aligncenter size-full wp-image-1055\" src=\"https:\/\/afpb.nl\/frise\/wp-content\/uploads\/sites\/24\/2017\/06\/img205-1.jpg\" alt=\"\" width=\"236\" height=\"261\"><\/a>&nbsp; &nbsp; &nbsp; &nbsp; &nbsp; &nbsp; &nbsp; &nbsp; &nbsp;<\/p>\n<\/td>\n<\/tr>\n<\/tbody>\n<\/table>\n<p>L\u2019op\u00e9ra-comique permet de se plonger avec l\u00e9g\u00e8ret\u00e9 dans la vie culturelle parisienne des XVIII\u00e8me et XIX\u00e8me si\u00e8cles. De 1600 \u00e0 1900, tous les succ\u00e8s parisiens \u00e9taient pr\u00e9sent\u00e9s \u2018en exclusivit\u00e9\u2019 au public de La Haye dans un th\u00e9\u00e2tre qui deviendra \u00e0 partir de 1804 le \u2018Koninklijke Schouwburg van Den Haag\u2019, situ\u00e9 en face de l\u2019actuelle Ambassade de France.<br \/>\n A une \u00e9poque o\u00f9 la t\u00e9l\u00e9vision n\u2019existait pas, la bourgeoisie allait au th\u00e9\u00e2tre plusieurs fois par semaine. On y allait pour rire de soi, mais aussi pour se montrer. <br \/>\n Chef d\u2019orchestre et fl\u00fbtiste, elle \u00e9voque ces petits bijoux de musique et de th\u00e9\u00e2tre et ce lien m\u00e9connu entre les Fran\u00e7ais et les N\u00e9erlandais: le Th\u00e9\u00e2tre Fran\u00e7ais de La Haye. Elle vous parlera de ses productions et de sa compagnie Barokopera Amsterdam.<\/p>\n<p>&nbsp;<\/p>\n<p><strong>Cette conf\u00e9rence est en fran\u00e7ais.<\/strong><br \/>\n <strong> Deze lezing is in het Frans.<\/strong><\/p>\n<p>&nbsp;<\/p>\n<p>Fr\u00e9d\u00e9rique Chauvet<br \/>\n <a href=\"http:\/\/www.barokopera.nl\">www.barokopera.nl<\/a><\/p>\n<hr>\n<p><strong>Zondagmiddag 12 november <\/strong><br \/>\n <strong> 15.00 uur &#8211; 17.00 uur<\/strong><br \/>\n <strong> Doopsgezinde Kerk<\/strong><br \/>\n <strong> Wirdumerdijk 18<\/strong><br \/>\n <strong> 8911 CD Leeuwarden<br \/>\n <\/strong><br \/>\n Prof. dr. Nico Nelissen<br \/>\n <span style=\"font-size: 18pt\"> <strong>Hedendaagse Architectuur in Frankrijk<\/strong><\/span><br \/>\n <a href=\"https:\/\/afpb.nl\/frise\/wp-content\/uploads\/sites\/24\/2017\/06\/img209-1.jpg\"><img loading=\"lazy\" decoding=\"async\" class=\"wp-image-1087 alignleft\" src=\"https:\/\/afpb.nl\/frise\/wp-content\/uploads\/sites\/24\/2017\/06\/img209-1.jpg\" alt=\"\" width=\"500\" height=\"279\"><\/a><\/p>\n<p>&nbsp;<\/p>\n<p>&nbsp;<\/p>\n<p>&nbsp;<\/p>\n<p>&nbsp;<\/p>\n<p>&nbsp;<\/p>\n<p>&nbsp;<\/p>\n<p>&nbsp;<\/p>\n<p> In deze lezing neemt Prof. dr. Nico Nelissen u mee op een \u2018grand tour\u2019 door Frankrijk, waarbij aandacht wordt besteed aan de recente ontwikkelingen op het gebied van de architectuur. <\/p>\n<p> Van oudsher gaan mensen naar Frankrijk om oude steden en monumenten te bekijken. Terecht, want Frankrijk is rijk aan romaanse en gotische kerken, aan burchten en kastelen, aan stadhuizen en justitiegebouwen, als ook aan boeiende steden en pittoreske dorpen. Maar Frankrijk is meer dan een collectie grootse monumenten. Het is een land dat door de Europeanisering en globalisering beslissende stappen heeft gezet op het gebied van de hedendaagse architectuur. Frankrijk telt mee op het vlak van de \u2018vedettenarchitectuur\u2019. Franse architecten, zoals Paul Chemetov, Jean Nouvel, Christian de Portzamparc, Franck Hammout\u00e8ne, Rudy Ricciotti en bijvoorbeeld Edouard Fran\u00e7ois behoren tot de categorie van hedendaagse toonaangevende architecten. Maar dat niet alleen, Frankrijk heeft ook de deur opengezet voor invloeden van buiten, met als gevolg dat het huidige Frankrijk een (beslissende) invloed ondergaat van buitenlandse \u2018starchitecten\u2019, zoals Ricardo Bofill, Ming Pei, Santiago Calatrava, Frank Gehry en bijvoorbeeld Herzog &amp; De Meuron.<\/p>\n<p>&nbsp;<\/p>\n<p>Deze lezing is in het Nederlands.<\/p>\n<p>&nbsp;<\/p>\n<p>Prof. Dr. Nico Nelissen, emeritus hoogleraar Radboud Universiteit Nijmegen. <br \/>\n <a href=\"http:\/\/www.niconelissen.nl\">www.niconelissen.nl<\/a><\/p>\n<hr>\n<p><strong>Zondagmiddag 21 januari 2018<\/strong><br \/>\n <strong> 15.00 uur &#8211; 17.00 uur<\/strong><br \/>\n <strong> Dorpskerk Huizum<\/strong><br \/>\n <strong> Huizum Dorp 67<\/strong><br \/>\n <strong> 8934 BS Leeuwarden<\/strong><\/p>\n<p> <strong> &#8220;Coquinaria&#8221; met Nieuwjaarsviering en hapje\/drankje&nbsp;<br \/>\n <\/strong><br \/>\n &nbsp; Culinair historica Christianna Muusers<br \/>\n <span style=\"font-size: 18pt\">&#8220;Faites cuire tout ensemble&#8221;<\/span><br \/>\n <a href=\"https:\/\/afpb.nl\/frise\/wp-content\/uploads\/sites\/24\/2017\/06\/img211-1.jpg\"><img loading=\"lazy\" decoding=\"async\" class=\"size-full wp-image-1114 alignleft\" src=\"https:\/\/afpb.nl\/frise\/wp-content\/uploads\/sites\/24\/2017\/06\/img211-1.jpg\" alt=\"\" width=\"469\" height=\"261\"><\/a><\/p>\n<p>&nbsp;<\/p>\n<p>\n <span style=\"font-size: 14pt\"><strong>De Franse keuken in de Middeleeuwen<\/strong><\/span><br \/>\n De middeleeuwse keuken is verrassend origineel. Er zijn diverse boeiende oudfranse kookboeken bewaard gebleven, waarvan de oudste (Le Viandier) uit het eind van de dertiende eeuw dateert. Tijdens deze lezing komen enkele van deze livres de cuysine en hun auteurs voor het voetlicht. De middeleeuwse gezondheidsleer en menuopbouw komen aan bod, en natuurlijk de recepten zelf. Aan de hand van enkele oudfranse receptteksten (originele versies, met vertalingen in modern Frans erbij) wordt getoond wat de interpretatie van een middeleeuwse recept<br \/>\n tekst inhoudt. Boeken waren kostbaar in de Middeleeuwen, de recepten waren dan ook bestemd voor welgestelde huishoudens. <\/p>\n<p> De lezing besluit met het proeven van hipocras (gekruide wijn) en een klein hapje.<\/p>\n<p> (\u201cfaictez tout bouillir ensamble\u201d, een citaat uit de Vivendier, een oudfrans kookboek uit de vijftiende eeuw).<\/p>\n<p> Deze lezing is in het Nederlands.<\/p>\n<p> <strong>Christianne Muusers is Neerlandica en culinair historica. Ze bestudeert en publiceert over middeleeuwse kookteksten, en biedt ge\u00efnteresseerden ook de mogelijkheid in praktijk kennis te maken met gerechten uit het verre verleden.<br \/>\n <\/strong><\/p>\n<hr>\n<p><strong>Zondag 4 februari 2018<\/strong><br \/>\n <strong>15.00 uur &#8211; 17.00 uur<\/strong><br \/>\n <strong> Doopsgezinde Kerk<\/strong><br \/>\n <strong> Wirdumerdijk 18<\/strong><br \/>\n <strong> 8911 CD Leeuwarden<\/p>\n<p> Mme Lydie van Huet<br \/>\n <span style=\"font-size: 18pt\">Les papiers peints<\/span><br \/>\n <a href=\"https:\/\/afpb.nl\/frise\/wp-content\/uploads\/sites\/24\/2017\/06\/blz-10.jpg\"><img loading=\"lazy\" decoding=\"async\" class=\"size-full wp-image-1126 alignleft\" src=\"https:\/\/afpb.nl\/frise\/wp-content\/uploads\/sites\/24\/2017\/06\/blz-10.jpg\" alt=\"\" width=\"510\" height=\"285\"><\/a><\/strong><\/p>\n<p>\n Une conf\u00e9rence haute en couleurs et ludique qui va nous parler de l\u2019\u00e9volution des techniques mais aussi de l\u2019\u00e9volution des mentalit\u00e9s dans les classes sociales. On y verra passer des modes inspir\u00e9es par de grands noms tels celui d\u2019Eug\u00e9nie, derni\u00e8re imp\u00e9ratrice de France, et <br \/>\n de l\u2019Art avec entre autre l\u2019Art Nouveau et de tout aussi grands noms tels Mondrian, Braque, Matisse, Guimard, le cr\u00e9ateur des m\u00e9tros parisiens, Le Corbusier, Andy Warhol et bien d\u2019autres encore. On ne voit pas le temps passer.<\/p>\n<p> Cette conf\u00e9rence est en fran\u00e7ais.<br \/>\n Deze lezing is in het Frans.<\/p>\n<p> Lydie van Huet artiste peintre <br \/>\n <a href=\"http:\/\/lydievanhuet.free.fr\">lydievanhuet.free.fr<\/a><\/p>\n<hr>\n<p><strong>Zondag 25 februari 2018<\/strong><br \/>\n <strong>15.00 uur &#8211; 17.00 uur<\/strong><br \/>\n <strong> Doopsgezinde Kerk<\/strong><br \/>\n <strong> Wirdumerdijk 18<\/strong><br \/>\n <strong> 8911 CD Leeuwarden<\/p>\n<p> <\/strong>Mme Anja-H\u00e9l\u00e8ne van Zandwijk<strong>&nbsp;<br \/>\n <span style=\"font-size: 18pt\">Cin\u00e9ma contemporain<a href=\"https:\/\/afpb.nl\/frise\/wp-content\/uploads\/sites\/24\/2017\/06\/blz-11.jpg\"><img loading=\"lazy\" decoding=\"async\" class=\"size-full wp-image-1146 alignleft\" src=\"https:\/\/afpb.nl\/frise\/wp-content\/uploads\/sites\/24\/2017\/06\/blz-11.jpg\" alt=\"\" width=\"632\" height=\"352\"><\/a> <\/span><\/strong><\/p>\n<p>\n Philippe Claudel, Bruno Dumont, Abdellatif Kechiche, Fran\u00e7ois Ozon, Jean-Pierre Jeunet, Micha\u00ebl Haneke et le jeune cin\u00e9aste canadien Xavier Dolan. Ils se sont impos\u00e9s comme des cin\u00e9astes fran\u00e7ais\/francophones les plus incontournables de ces derni\u00e8res ann\u00e9es. <br \/>\n Choix de sc\u00e8nes de films o\u00f9 l\u2019espace joue un r\u00f4le majeur, allant de cieux immenses et de champs \u00e0 perte de vue aux espaces clos pour exprimer l\u2019\u00e9tat psychologique du personnage. Quelques lieux de tournage et leur transfiguration ou transposition lyrique dans le film. Pr\u00e9sentation et sc\u00e8nes de films. <br \/>\n Anja-H\u00e9l\u00e8ne van Zandwijk est bilingue franco-n\u00e9erlandaise, n\u00e9e et grandi en France, \u00e9tudes de lettres et litt. francophones et dramaturgie \u00e0 l\u2019UvA. Elle est professeur de litt\u00e9rature, surtout contemporaine. Elle anime plusieurs cercles de litt\u00e9rature et intervient chaque ann\u00e9e \u00e0 La Vrije Universiteit pour une s\u00e9rie de cours sur la rentr\u00e9e litt\u00e9raire. <\/p>\n<p> Cette conf\u00e9rence est en fran\u00e7ais.<br \/>\n Deze lezing is in het Frans.<\/p>\n<p>\n Anja-H\u00e9l\u00e8ne van Zandwijk <br \/>\n <a href=\"http:\/\/www.ahlire.nl\">www.ahlire.nl&nbsp;&nbsp;<br \/>\n <\/a><\/p>\n<hr>\n<p><strong>Vrijdagavond 23 maart &nbsp;<\/strong><br \/>\n <strong> 20.00 uur &#8211; 22.00 uur<\/strong><br \/>\n <strong> Zalencentrum De Buorskip<\/strong><br \/>\n <strong> Vlaslaan 26<\/strong><br \/>\n <strong> 9244 CH Beetsterzwaag<\/strong><\/p>\n<p> <span style=\"font-size: 18pt\"><strong>Slotavond met Hiske Oosterwijk en band, <\/strong><\/span><br \/>\n <span style=\"font-size: 18pt\"><strong>winnares Concours de la Chanson 2017 <br \/>\n <a href=\"https:\/\/afpb.nl\/frise\/wp-content\/uploads\/sites\/24\/2017\/06\/blz-12.jpg\"><img loading=\"lazy\" decoding=\"async\" class=\"size-full wp-image-1160 alignleft\" src=\"https:\/\/afpb.nl\/frise\/wp-content\/uploads\/sites\/24\/2017\/06\/blz-12.jpg\" alt=\"\" width=\"468\" height=\"277\"><\/a><br \/>\n <\/strong><\/span><\/p>\n<p>\nHiske komt oorspronkelijk uit het Friese Mantgum. Ze is een groot jazztalent en we zijn dan ook erg trots dat ze voor ons een concert wil verzorgen met haar multinationaal jazzkwartet.<\/p>\n<p> Hiske (1989) is al van jongs af bezig met muziek. Ze kreeg muziekles bij muziekschool Parnas in Leeuwarden. In 2014 studeerde Hiske af met de studie Jazz-Zang aan het <br \/>\n Prins Claus Conservatorium in Groningen. Ze volgde onder andere les bij Ruben Hein, Debora Carter, Sanna van Vliet, Floor van Zutphen, Francien van Tuinen en de uit New York afkomstige jazz-zanger JD Walter. In 2013 stond Hiske in de finale van het Nederlands Jazz Vocalisten Concours en in 2014 in de finale van The Records \u2013 Keep an Eye Foundation. En ze is winnares van het 33ste Concours de la Chanson Alliance Fran\u00e7aise 2017.<\/p>\n<p> Hiske Oosterwijk <br \/>\n <a href=\"http:\/\/www.hiskeoosterwijk.nl\">www.hiskeoosterwijk.nl<\/a><\/p>\n<hr>\n<p>&nbsp;<\/p>\n","protected":false},"excerpt":{"rendered":"","protected":false},"author":1,"featured_media":0,"parent":120,"menu_order":0,"comment_status":"closed","ping_status":"closed","template":"","meta":{"footnotes":""},"class_list":["post-289","page","type-page","status-publish","hentry"],"_links":{"self":[{"href":"https:\/\/www.alliance-francaise.nl\/frise\/wp-json\/wp\/v2\/pages\/289","targetHints":{"allow":["GET"]}}],"collection":[{"href":"https:\/\/www.alliance-francaise.nl\/frise\/wp-json\/wp\/v2\/pages"}],"about":[{"href":"https:\/\/www.alliance-francaise.nl\/frise\/wp-json\/wp\/v2\/types\/page"}],"author":[{"embeddable":true,"href":"https:\/\/www.alliance-francaise.nl\/frise\/wp-json\/wp\/v2\/users\/1"}],"replies":[{"embeddable":true,"href":"https:\/\/www.alliance-francaise.nl\/frise\/wp-json\/wp\/v2\/comments?post=289"}],"version-history":[{"count":0,"href":"https:\/\/www.alliance-francaise.nl\/frise\/wp-json\/wp\/v2\/pages\/289\/revisions"}],"up":[{"embeddable":true,"href":"https:\/\/www.alliance-francaise.nl\/frise\/wp-json\/wp\/v2\/pages\/120"}],"wp:attachment":[{"href":"https:\/\/www.alliance-francaise.nl\/frise\/wp-json\/wp\/v2\/media?parent=289"}],"curies":[{"name":"wp","href":"https:\/\/api.w.org\/{rel}","templated":true}]}}