{"id":284,"date":"2020-10-13T12:35:49","date_gmt":"2020-10-13T12:35:49","guid":{"rendered":"https:\/\/www.alliance-francaise.nl\/2020\/frise\/?page_id=284"},"modified":"2020-10-13T12:36:06","modified_gmt":"2020-10-13T12:36:06","slug":"cultureel-programma-2019-2020","status":"publish","type":"page","link":"https:\/\/www.alliance-francaise.nl\/frise\/culturele-agenda\/cultureelprogramma\/cultureel-programma-2019-2020\/","title":{"rendered":"Cultureel programma 2019-2020"},"content":{"rendered":"\t\t<div data-elementor-type=\"wp-page\" data-elementor-id=\"284\" class=\"elementor elementor-284\" data-elementor-post-type=\"page\">\n\t\t\t\t\t\t<section class=\"elementor-section elementor-top-section elementor-element elementor-element-4614bc72 elementor-section-boxed elementor-section-height-default elementor-section-height-default\" data-id=\"4614bc72\" data-element_type=\"section\" data-e-type=\"section\">\n\t\t\t\t\t\t<div class=\"elementor-container elementor-column-gap-default\">\n\t\t\t\t\t<div class=\"elementor-column elementor-col-100 elementor-top-column elementor-element elementor-element-58a382c\" data-id=\"58a382c\" data-element_type=\"column\" data-e-type=\"column\">\n\t\t\t<div class=\"elementor-widget-wrap elementor-element-populated\">\n\t\t\t\t\t\t<div class=\"elementor-element elementor-element-7e5c7749 elementor-widget elementor-widget-heading\" data-id=\"7e5c7749\" data-element_type=\"widget\" data-e-type=\"widget\" data-widget_type=\"heading.default\">\n\t\t\t\t<div class=\"elementor-widget-container\">\n\t\t\t\t\t<h2 class=\"elementor-heading-title elementor-size-default\">Cultureel programma  2019 -2020<\/h2>\t\t\t\t<\/div>\n\t\t\t\t<\/div>\n\t\t\t\t\t<\/div>\n\t\t<\/div>\n\t\t\t\t\t<\/div>\n\t\t<\/section>\n\t\t\t\t<section class=\"elementor-section elementor-top-section elementor-element elementor-element-70bbc44e elementor-section-boxed elementor-section-height-default elementor-section-height-default\" data-id=\"70bbc44e\" data-element_type=\"section\" data-e-type=\"section\" data-settings=\"{&quot;background_background&quot;:&quot;classic&quot;}\">\n\t\t\t\t\t\t<div class=\"elementor-container elementor-column-gap-default\">\n\t\t\t\t\t<div class=\"elementor-column elementor-col-50 elementor-top-column elementor-element elementor-element-2840257d\" data-id=\"2840257d\" data-element_type=\"column\" data-e-type=\"column\">\n\t\t\t<div class=\"elementor-widget-wrap elementor-element-populated\">\n\t\t\t\t\t\t<div class=\"elementor-element elementor-element-5f6306dd elementor-widget elementor-widget-text-editor\" data-id=\"5f6306dd\" data-element_type=\"widget\" data-e-type=\"widget\" data-widget_type=\"text-editor.default\">\n\t\t\t\t<div class=\"elementor-widget-container\">\n\t\t\t\t\t\t\t\t\t<h3><span style=\"color: #da002e;\">La porcelaine de Limoges<\/span><\/h3><p>Opening van het seizoen met een hapje en een drankje!<\/p><p>Zondag 29 september 2019<br \/>14.00 uur \u2013 16.00 uur<br \/>Agneskerk Buorren 23 9084 BB Goutum<\/p>\t\t\t\t\t\t\t\t<\/div>\n\t\t\t\t<\/div>\n\t\t\t\t<div class=\"elementor-element elementor-element-3062640c elementor-widget elementor-widget-image\" data-id=\"3062640c\" data-element_type=\"widget\" data-e-type=\"widget\" data-widget_type=\"image.default\">\n\t\t\t\t<div class=\"elementor-widget-container\">\n\t\t\t\t\t\t\t\t\t\t\t\t\t\t\t<img fetchpriority=\"high\" decoding=\"async\" width=\"449\" height=\"247\" src=\"https:\/\/www.alliance-francaise.nl\/frise\/wp-content\/uploads\/sites\/24\/2019\/12\/la-porcelaine-de-limoges.png\" class=\"attachment-large size-large wp-image-188\" alt=\"\" srcset=\"https:\/\/www.alliance-francaise.nl\/frise\/wp-content\/uploads\/sites\/24\/2019\/12\/la-porcelaine-de-limoges.png 449w, https:\/\/www.alliance-francaise.nl\/frise\/wp-content\/uploads\/sites\/24\/2019\/12\/la-porcelaine-de-limoges-300x165.png 300w\" sizes=\"(max-width: 449px) 100vw, 449px\" \/>\t\t\t\t\t\t\t\t\t\t\t\t\t\t\t<\/div>\n\t\t\t\t<\/div>\n\t\t\t\t\t<\/div>\n\t\t<\/div>\n\t\t\t\t<div class=\"elementor-column elementor-col-50 elementor-top-column elementor-element elementor-element-4786214f\" data-id=\"4786214f\" data-element_type=\"column\" data-e-type=\"column\">\n\t\t\t<div class=\"elementor-widget-wrap elementor-element-populated\">\n\t\t\t\t\t\t<div class=\"elementor-element elementor-element-53378a5d elementor-widget elementor-widget-text-editor\" data-id=\"53378a5d\" data-element_type=\"widget\" data-e-type=\"widget\" data-widget_type=\"text-editor.default\">\n\t\t\t\t<div class=\"elementor-widget-container\">\n\t\t\t\t\t\t\t\t\t<p>Dankzij zijn vrouw Isabeau, een uitstekende huisvrouw die haar blouses waste met witte steen, ontdekt doctor Darnet de stof waar Frankrijk naar op zoek is sinds meerdere eeuwen: kaolien. Deze ontdekking zal Frankrijk in staat stellen hard porselein te fabriceren. Het porselein van Limoges, rijk aan kleur, met vele dessins, exporteert zijn knowhow om de tafels van de groten van deze wereld te versieren.<br \/><br \/>Violette van der Spek-Chouzenoux is afk omstig van Brive-la-Gaillarde in de Limousin. Met\u00a0een lange ervaring, geeft Violette lezingen over geschiedenis, de natuur, literatuur en kunst. Violette is voorzitter en oprichtster van Nim\u00e8gue Accueil, oud-voorzitter van de Alliance Fran\u00e7aise van Nijmegen en oud-voorzitter van de federatie van de Alliances Fran\u00e7aises des Pays-Bas. Zij was, ook, ereconsul van Frankrijk voor de provincies Gelderland en Overijssel.<\/p><p>De Agneskerk is o.a. te bereiken met de Belbus van Arriva (station Leeuwarden \u2013 halte It Blauwe Slot Goutum, dan nog 5 minuten lopen); bel om te reserveren minimaal een uur van te voren: 0800-2802803.<\/p><p>Gratis voor leden van de Alliance Fran\u00e7aise (neem uw pas mee). Niet-leden en niet-cursisten betalen een toegangsprijs van \u20ac 8,-.\u00a0 De lezing is in het Nederlands.<\/p>\t\t\t\t\t\t\t\t<\/div>\n\t\t\t\t<\/div>\n\t\t\t\t\t<\/div>\n\t\t<\/div>\n\t\t\t\t\t<\/div>\n\t\t<\/section>\n\t\t\t\t<section class=\"elementor-section elementor-top-section elementor-element elementor-element-155b448e elementor-section-boxed elementor-section-height-default elementor-section-height-default\" data-id=\"155b448e\" data-element_type=\"section\" data-e-type=\"section\" data-settings=\"{&quot;background_background&quot;:&quot;classic&quot;}\">\n\t\t\t\t\t\t<div class=\"elementor-container elementor-column-gap-default\">\n\t\t\t\t\t<div class=\"elementor-column elementor-col-50 elementor-top-column elementor-element elementor-element-56b4de6b\" data-id=\"56b4de6b\" data-element_type=\"column\" data-e-type=\"column\">\n\t\t\t<div class=\"elementor-widget-wrap elementor-element-populated\">\n\t\t\t\t\t\t<div class=\"elementor-element elementor-element-51f76de9 elementor-widget elementor-widget-text-editor\" data-id=\"51f76de9\" data-element_type=\"widget\" data-e-type=\"widget\" data-widget_type=\"text-editor.default\">\n\t\t\t\t<div class=\"elementor-widget-container\">\n\t\t\t\t\t\t\t\t\t<h3><span style=\"color: #da002e;\">Filmmiddag: Dr. Knock<\/span><\/h3><p>Donderdag 10 oktober 2019<br \/>15.00\u201317.00 uur<br \/>RSG Magister Alvinus<br \/>Almastraat 5<br \/>8601 EW Sneek<\/p>\t\t\t\t\t\t\t\t<\/div>\n\t\t\t\t<\/div>\n\t\t\t\t<div class=\"elementor-element elementor-element-2a118c54 elementor-widget elementor-widget-image\" data-id=\"2a118c54\" data-element_type=\"widget\" data-e-type=\"widget\" data-widget_type=\"image.default\">\n\t\t\t\t<div class=\"elementor-widget-container\">\n\t\t\t\t\t\t\t\t\t\t\t\t\t\t\t<img decoding=\"async\" width=\"449\" height=\"248\" src=\"https:\/\/www.alliance-francaise.nl\/frise\/wp-content\/uploads\/sites\/24\/2019\/12\/dr-knock.png\" class=\"attachment-large size-large wp-image-190\" alt=\"\" srcset=\"https:\/\/www.alliance-francaise.nl\/frise\/wp-content\/uploads\/sites\/24\/2019\/12\/dr-knock.png 449w, https:\/\/www.alliance-francaise.nl\/frise\/wp-content\/uploads\/sites\/24\/2019\/12\/dr-knock-300x166.png 300w\" sizes=\"(max-width: 449px) 100vw, 449px\" \/>\t\t\t\t\t\t\t\t\t\t\t\t\t\t\t<\/div>\n\t\t\t\t<\/div>\n\t\t\t\t\t<\/div>\n\t\t<\/div>\n\t\t\t\t<div class=\"elementor-column elementor-col-50 elementor-top-column elementor-element elementor-element-218d332b\" data-id=\"218d332b\" data-element_type=\"column\" data-e-type=\"column\">\n\t\t\t<div class=\"elementor-widget-wrap elementor-element-populated\">\n\t\t\t\t\t\t<div class=\"elementor-element elementor-element-2d9a2a0a elementor-widget elementor-widget-text-editor\" data-id=\"2d9a2a0a\" data-element_type=\"widget\" data-e-type=\"widget\" data-widget_type=\"text-editor.default\">\n\t\t\t\t<div class=\"elementor-widget-container\">\n\t\t\t\t\t\t\t\t\t<p>Film naar een theaterstuk van Jules Romains \u2018Dr. Knock\u2019 vertelt het verhaal van een gokker in de jaren 50 die zich voordoet als dokter om zo aan boord van een cruiseschip te komen en zijn schuldeisers te ontvluchten. Door op het schip goed naar mensen te luisteren weet hij zich te ontpoppen als iemand die er verstand van lijkt te hebben. Hij wint het vertrouwen van zijn \u2018pati\u00ebnten\u2019 en dankzij de voldoening en warmte die hij van hen terugkrijgt besluit hij geneeskunde te gaan studeren. Enkele jaren later keert Knock met zijn diploma op zak terug naar Frankrijk en gaat hij in een klein dorpje grenzend aan de Zwitserse Alpen aan de slag als arts. De dorpelingen zijn argwanend naar hun nieuwe dokter maar langzaam wint hij het vertrouwen, tot zijn voormalige schuldeisers hem op het spoor komen en hem dreigen te ontmaskeren.<br \/>De film is in het Frans met Franse ondertiteling.<\/p><p><a href=\"https:\/\/www.youtube.com\/watch?v=sBk7TtbQZDI\">Bande annonce\/trailer :<\/a>\u00a0 \u00a0\u00a0<br \/>Gratis voor leden van de Alliance Fran\u00e7aise (neem uw pas mee) en leerlingen &amp; docenten van de RSG Magister Alvinus. Niet-leden en niet-cursisten betalen een toegangsprijs van \u20ac 8,-.<br \/>Swannet van den Akker, chef de la section fran\u00e7aise du RSG et Claude Perreau de l`Alliance Fran\u00e7aise de Frise vous accueilleront avec plaisir.<\/p>\t\t\t\t\t\t\t\t<\/div>\n\t\t\t\t<\/div>\n\t\t\t\t\t<\/div>\n\t\t<\/div>\n\t\t\t\t\t<\/div>\n\t\t<\/section>\n\t\t\t\t<section class=\"elementor-section elementor-top-section elementor-element elementor-element-42b2b16a elementor-section-boxed elementor-section-height-default elementor-section-height-default\" data-id=\"42b2b16a\" data-element_type=\"section\" data-e-type=\"section\" data-settings=\"{&quot;background_background&quot;:&quot;classic&quot;}\">\n\t\t\t\t\t\t<div class=\"elementor-container elementor-column-gap-default\">\n\t\t\t\t\t<div class=\"elementor-column elementor-col-50 elementor-top-column elementor-element elementor-element-6d1f44f\" data-id=\"6d1f44f\" data-element_type=\"column\" data-e-type=\"column\">\n\t\t\t<div class=\"elementor-widget-wrap elementor-element-populated\">\n\t\t\t\t\t\t<div class=\"elementor-element elementor-element-13db586a elementor-widget elementor-widget-text-editor\" data-id=\"13db586a\" data-element_type=\"widget\" data-e-type=\"widget\" data-widget_type=\"text-editor.default\">\n\t\t\t\t<div class=\"elementor-widget-container\">\n\t\t\t\t\t\t\t\t\t<h3><span style=\"color: #da002e;\">100 jaar Franse muzikale cultuur<\/span><\/h3><p>Woensdag 6 november 2019<br \/>19.30-21.30 uur<br \/>Doopsgezinde Kerk<br \/>Wirdumerdijk 18 8911 CD Leeuwarden<\/p>\t\t\t\t\t\t\t\t<\/div>\n\t\t\t\t<\/div>\n\t\t\t\t<div class=\"elementor-element elementor-element-12e7653e elementor-widget elementor-widget-image\" data-id=\"12e7653e\" data-element_type=\"widget\" data-e-type=\"widget\" data-widget_type=\"image.default\">\n\t\t\t\t<div class=\"elementor-widget-container\">\n\t\t\t\t\t\t\t\t\t\t\t\t\t\t\t<img decoding=\"async\" width=\"141\" height=\"167\" src=\"https:\/\/www.alliance-francaise.nl\/frise\/wp-content\/uploads\/sites\/24\/2019\/12\/ron-m.png\" class=\"attachment-large size-large wp-image-193\" alt=\"\" \/>\t\t\t\t\t\t\t\t\t\t\t\t\t\t\t<\/div>\n\t\t\t\t<\/div>\n\t\t\t\t\t<\/div>\n\t\t<\/div>\n\t\t\t\t<div class=\"elementor-column elementor-col-50 elementor-top-column elementor-element elementor-element-42472e0a\" data-id=\"42472e0a\" data-element_type=\"column\" data-e-type=\"column\">\n\t\t\t<div class=\"elementor-widget-wrap elementor-element-populated\">\n\t\t\t\t\t\t<div class=\"elementor-element elementor-element-5be70501 elementor-widget elementor-widget-text-editor\" data-id=\"5be70501\" data-element_type=\"widget\" data-e-type=\"widget\" data-widget_type=\"text-editor.default\">\n\t\t\t\t<div class=\"elementor-widget-container\">\n\t\t\t\t\t\t\t\t\t<p>&#8220;100 jaar Franse muzikale cultuur\u201d is een poging om \u00e9\u00e9n eeuw Franse muziek in minder dan twee uren samen te vatten d.m.v. verhalen, gedichten en vooral muziek. Het gaat over de muziek van eind 19 eeuw tot in de jaren 60 van de 20ste eeuw. Hierbij wordt waar mogelijk gebruik gemaakt van authentieke geluidsdragers: 78-toerenplaten, vinyl, cassettes en cd\u2019s.<\/p><p>Ron Muijzer is geboren in Rotterdam. Hij studeerde mens- en taalwetenschappen en is bijna zijn hele werkzame leven actief in het onderwijs. Ook na zijn pensionering blijft hij studenten begeleiden en cursusaanbod verzorgen<\/p><p>De afgelopen 35 jaar legt hij zich met name toe op de filosofie en het organiseren van cursussen op dit gebied.<\/p><p>Gratis voor leden en cursisten van de Alliance Fran\u00e7aise (neem uw pas mee). Niet-leden en niet-cursisten betalen een toegangsprijs van \u20ac 8,-.<br \/>Deze lezing is in het Nederlands en toegankelijk Frans.<br \/>Spreker: Ron Muijzer\u00a0<a href=\"http:\/\/www.ronmuijzer.nl\/\">www.ronmuijzer.nl<\/a><\/p>\t\t\t\t\t\t\t\t<\/div>\n\t\t\t\t<\/div>\n\t\t\t\t\t<\/div>\n\t\t<\/div>\n\t\t\t\t\t<\/div>\n\t\t<\/section>\n\t\t\t\t<section class=\"elementor-section elementor-top-section elementor-element elementor-element-1806e6bf elementor-section-boxed elementor-section-height-default elementor-section-height-default\" data-id=\"1806e6bf\" data-element_type=\"section\" data-e-type=\"section\" data-settings=\"{&quot;background_background&quot;:&quot;classic&quot;}\">\n\t\t\t\t\t\t<div class=\"elementor-container elementor-column-gap-default\">\n\t\t\t\t\t<div class=\"elementor-column elementor-col-50 elementor-top-column elementor-element elementor-element-30eae632\" data-id=\"30eae632\" data-element_type=\"column\" data-e-type=\"column\">\n\t\t\t<div class=\"elementor-widget-wrap elementor-element-populated\">\n\t\t\t\t\t\t<div class=\"elementor-element elementor-element-3a2e24a0 elementor-widget elementor-widget-text-editor\" data-id=\"3a2e24a0\" data-element_type=\"widget\" data-e-type=\"widget\" data-widget_type=\"text-editor.default\">\n\t\t\t\t<div class=\"elementor-widget-container\">\n\t\t\t\t\t\t\t\t\t<p>Dinsdag 26 november 2019<br \/>10.30-12.00 uur<br \/>Theater De Lawei<br \/>Laweiplein\u00a0<br \/>9203 KL Drachten<\/p>\t\t\t\t\t\t\t\t<\/div>\n\t\t\t\t<\/div>\n\t\t\t\t<div class=\"elementor-element elementor-element-2de57fa9 elementor-widget elementor-widget-image\" data-id=\"2de57fa9\" data-element_type=\"widget\" data-e-type=\"widget\" data-widget_type=\"image.default\">\n\t\t\t\t<div class=\"elementor-widget-container\">\n\t\t\t\t\t\t\t\t\t\t\t\t\t\t\t<img loading=\"lazy\" decoding=\"async\" width=\"138\" height=\"185\" src=\"https:\/\/www.alliance-francaise.nl\/frise\/wp-content\/uploads\/sites\/24\/2019\/12\/ibrahim-coran.png\" class=\"attachment-large size-large wp-image-195\" alt=\"\" \/>\t\t\t\t\t\t\t\t\t\t\t\t\t\t\t<\/div>\n\t\t\t\t<\/div>\n\t\t\t\t\t<\/div>\n\t\t<\/div>\n\t\t\t\t<div class=\"elementor-column elementor-col-50 elementor-top-column elementor-element elementor-element-4f20edb8\" data-id=\"4f20edb8\" data-element_type=\"column\" data-e-type=\"column\">\n\t\t\t<div class=\"elementor-widget-wrap elementor-element-populated\">\n\t\t\t\t\t\t<div class=\"elementor-element elementor-element-6f01a5e7 elementor-widget elementor-widget-text-editor\" data-id=\"6f01a5e7\" data-element_type=\"widget\" data-e-type=\"widget\" data-widget_type=\"text-editor.default\">\n\t\t\t\t<div class=\"elementor-widget-container\">\n\t\t\t\t\t\t\t\t\t<div id=\"content\" class=\"grid col-636\"><div id=\"post-2272\" class=\"post-2272 page type-page status-publish hentry\"><div class=\"post-entry\"><p><strong>Monsieur Ibrahim et les fleurs du coran<br \/>Comedie Musicale en fran\u00e7ais Mise en sc\u00e8ne de Gaspard legendre<br \/><br \/><\/strong>Het Parijs van de jaren zestig. Mo\u00efse, een jongen van elf, heeft een ingewikkelde relatie met zijn vader. Om te bewijzen dat hij een man is\u00a0gaat hij naar een prostituee.\u00a0In dit theaterstuk gaat het over de band tussen een jonge adolescent en een oude kruidenier.\u00a0Als de vader van Momo overlijdt ontmoet hij voor de eerste keer zijn moeder. Monsieur Ibrahim adopteert hem en stelt hem voor de wereld en vooral zijn geboorteland Turkije te gaan ontdekken.\u00a0 \u00a0 \u00a0 \u00a0 \u00a0\u00a0<a href=\"https:\/\/www.youtube.com\/watch?v=83ycIA5PjYA\">Trailer<\/a><br \/>Informatie over de kaartverkoop volgt.<\/p><\/div><\/div><\/div>\t\t\t\t\t\t\t\t<\/div>\n\t\t\t\t<\/div>\n\t\t\t\t\t<\/div>\n\t\t<\/div>\n\t\t\t\t\t<\/div>\n\t\t<\/section>\n\t\t\t\t<section class=\"elementor-section elementor-top-section elementor-element elementor-element-6d24488f elementor-section-boxed elementor-section-height-default elementor-section-height-default\" data-id=\"6d24488f\" data-element_type=\"section\" data-e-type=\"section\" data-settings=\"{&quot;background_background&quot;:&quot;classic&quot;}\">\n\t\t\t\t\t\t<div class=\"elementor-container elementor-column-gap-default\">\n\t\t\t\t\t<div class=\"elementor-column elementor-col-50 elementor-top-column elementor-element elementor-element-3ce843\" data-id=\"3ce843\" data-element_type=\"column\" data-e-type=\"column\">\n\t\t\t<div class=\"elementor-widget-wrap elementor-element-populated\">\n\t\t\t\t\t\t<div class=\"elementor-element elementor-element-cd354a9 elementor-widget elementor-widget-text-editor\" data-id=\"cd354a9\" data-element_type=\"widget\" data-e-type=\"widget\" data-widget_type=\"text-editor.default\">\n\t\t\t\t<div class=\"elementor-widget-container\">\n\t\t\t\t\t\t\t\t\t<p>Zondag 19 januari 2020<br \/>14.00 uur \u2013 16.00 uur<br \/>Dorpskerk Huizum<br \/>Huizum Dorp 67<br \/>8934 BS Leeuwarden<\/p>\t\t\t\t\t\t\t\t<\/div>\n\t\t\t\t<\/div>\n\t\t\t\t<div class=\"elementor-element elementor-element-35c57e34 elementor-widget elementor-widget-image\" data-id=\"35c57e34\" data-element_type=\"widget\" data-e-type=\"widget\" data-widget_type=\"image.default\">\n\t\t\t\t<div class=\"elementor-widget-container\">\n\t\t\t\t\t\t\t\t\t\t\t\t\t\t\t<img loading=\"lazy\" decoding=\"async\" width=\"448\" height=\"248\" src=\"https:\/\/www.alliance-francaise.nl\/frise\/wp-content\/uploads\/sites\/24\/2019\/12\/mont-martre.png\" class=\"attachment-large size-large wp-image-197\" alt=\"\" srcset=\"https:\/\/www.alliance-francaise.nl\/frise\/wp-content\/uploads\/sites\/24\/2019\/12\/mont-martre.png 448w, https:\/\/www.alliance-francaise.nl\/frise\/wp-content\/uploads\/sites\/24\/2019\/12\/mont-martre-300x166.png 300w\" sizes=\"(max-width: 448px) 100vw, 448px\" \/>\t\t\t\t\t\t\t\t\t\t\t\t\t\t\t<\/div>\n\t\t\t\t<\/div>\n\t\t\t\t\t<\/div>\n\t\t<\/div>\n\t\t\t\t<div class=\"elementor-column elementor-col-50 elementor-top-column elementor-element elementor-element-77104f34\" data-id=\"77104f34\" data-element_type=\"column\" data-e-type=\"column\">\n\t\t\t<div class=\"elementor-widget-wrap elementor-element-populated\">\n\t\t\t\t\t\t<div class=\"elementor-element elementor-element-51ba3b97 elementor-widget elementor-widget-text-editor\" data-id=\"51ba3b97\" data-element_type=\"widget\" data-e-type=\"widget\" data-widget_type=\"text-editor.default\">\n\t\t\t\t<div class=\"elementor-widget-container\">\n\t\t\t\t\t\t\t\t\t<div id=\"content\" class=\"grid col-636\"><div id=\"post-2272\" class=\"post-2272 page type-page status-publish hentry\"><div class=\"post-entry\"><p><strong>Nieuwjaarsbijeenkomst met hapje &amp; drankje<\/strong><\/p><p><strong>Montmartre et ses artistes<\/strong><\/p><p>De Sacr\u00e9 C\u0153ur is een van de beroemdste monumenten van Frankrijk. Toch, 200 jaren geleden, was Montmartre slechts een dorp uit de voorstad. De lezing vertelt de bijzondere geschiedenis van de \u201cbutte\u201d en hoe deze het symbool van \u201cla boh\u00e8me\u201d werd. Aan de hand van drie iconische locaties \u2013 le maquis, le cabaret du Chat noir et le Bateau-lavoir \u2013 wordt het bruisende leven van 1900 benaderd met zijn geschiedenis, schrijvers, beroemdheden en artiesten. Chlo\u00e9 Perrin laat schilderijen en foto\u2019s van toen zien en laat ook audio-opnames horen.<\/p><p>Chlo\u00e9 Perrin is journaliste, vertaalster en lerares Frans. Zij komt oorspronkelijk uit Lyon en woont in Eindhoven. Zij heeft moderne literatuur gestudeerd (master de litt\u00e9rature compar\u00e9e). Chlo\u00e9 heeft een passie voor kunst en geschiedenis.<br \/>Gratis voor leden van de Alliance Fran\u00e7aise (neem uw pas mee). Niet-leden en niet-cursisten betalen een toegangsprijs van \u20ac 8,-.<br \/>Cette conf\u00e9rence est en fran\u00e7ais.<br \/>Deze lezing is in het Frans.<\/p><\/div><\/div><\/div>\t\t\t\t\t\t\t\t<\/div>\n\t\t\t\t<\/div>\n\t\t\t\t\t<\/div>\n\t\t<\/div>\n\t\t\t\t\t<\/div>\n\t\t<\/section>\n\t\t\t\t<section class=\"elementor-section elementor-top-section elementor-element elementor-element-5737dea4 elementor-section-boxed elementor-section-height-default elementor-section-height-default\" data-id=\"5737dea4\" data-element_type=\"section\" data-e-type=\"section\" data-settings=\"{&quot;background_background&quot;:&quot;classic&quot;}\">\n\t\t\t\t\t\t<div class=\"elementor-container elementor-column-gap-default\">\n\t\t\t\t\t<div class=\"elementor-column elementor-col-50 elementor-top-column elementor-element elementor-element-7f73916e\" data-id=\"7f73916e\" data-element_type=\"column\" data-e-type=\"column\">\n\t\t\t<div class=\"elementor-widget-wrap elementor-element-populated\">\n\t\t\t\t\t\t<div class=\"elementor-element elementor-element-592fe1b9 elementor-widget elementor-widget-text-editor\" data-id=\"592fe1b9\" data-element_type=\"widget\" data-e-type=\"widget\" data-widget_type=\"text-editor.default\">\n\t\t\t\t<div class=\"elementor-widget-container\">\n\t\t\t\t\t\t\t\t\t<h3><span style=\"color: #da002e;\">La langue fran\u00e7aise au Canada<\/span><\/h3><p><span style=\"border: 0px; font-variant-numeric: inherit; font-variant-east-asian: inherit; font-stretch: inherit; font-size: 12pt; line-height: inherit; font-family: 'open sans', 'lucida sans unicode', 'lucida grande', 'arial unicode ms', verdana, tahoma, arial, sans-serif; margin: 0px; padding: 0px; vertical-align: baseline; color: #505050;\">Zondag 16 februari 2020<br \/>15.00-17.00 uur<br \/>Doopsgezinde Kerk<br \/>Wirdumerdijk 18,<br \/><\/span><span style=\"border: 0px; font-variant-numeric: inherit; font-variant-east-asian: inherit; font-stretch: inherit; font-size: 12pt; line-height: inherit; font-family: 'open sans', 'lucida sans unicode', 'lucida grande', 'arial unicode ms', verdana, tahoma, arial, sans-serif; margin: 0px; padding: 0px; vertical-align: baseline; color: #505050;\">8911 CD Leeuwarden<\/span><\/p>\t\t\t\t\t\t\t\t<\/div>\n\t\t\t\t<\/div>\n\t\t\t\t<div class=\"elementor-element elementor-element-75f289e7 elementor-widget elementor-widget-image\" data-id=\"75f289e7\" data-element_type=\"widget\" data-e-type=\"widget\" data-widget_type=\"image.default\">\n\t\t\t\t<div class=\"elementor-widget-container\">\n\t\t\t\t\t\t\t\t\t\t\t\t\t\t\t<img loading=\"lazy\" decoding=\"async\" width=\"448\" height=\"246\" src=\"https:\/\/www.alliance-francaise.nl\/frise\/wp-content\/uploads\/sites\/24\/2019\/12\/quebec-lezing.png\" class=\"attachment-large size-large wp-image-200\" alt=\"\" srcset=\"https:\/\/www.alliance-francaise.nl\/frise\/wp-content\/uploads\/sites\/24\/2019\/12\/quebec-lezing.png 448w, https:\/\/www.alliance-francaise.nl\/frise\/wp-content\/uploads\/sites\/24\/2019\/12\/quebec-lezing-300x165.png 300w\" sizes=\"(max-width: 448px) 100vw, 448px\" \/>\t\t\t\t\t\t\t\t\t\t\t\t\t\t\t<\/div>\n\t\t\t\t<\/div>\n\t\t\t\t\t<\/div>\n\t\t<\/div>\n\t\t\t\t<div class=\"elementor-column elementor-col-50 elementor-top-column elementor-element elementor-element-376c7849\" data-id=\"376c7849\" data-element_type=\"column\" data-e-type=\"column\">\n\t\t\t<div class=\"elementor-widget-wrap elementor-element-populated\">\n\t\t\t\t\t\t<div class=\"elementor-element elementor-element-59fe0639 elementor-widget elementor-widget-text-editor\" data-id=\"59fe0639\" data-element_type=\"widget\" data-e-type=\"widget\" data-widget_type=\"text-editor.default\">\n\t\t\t\t<div class=\"elementor-widget-container\">\n\t\t\t\t\t\t\t\t\t<div id=\"content\" class=\"grid col-636\"><div id=\"post-2272\" class=\"post-2272 page type-page status-publish hentry\"><div class=\"post-entry\"><p>Langue, politique et identit\u00e9<br \/>Pour les Canadiens francophones, leur langue repr\u00e9sente un \u00e9l\u00e9ment-cl\u00e9 de leur identit\u00e9. Mais c\u2019est exactement cette identit\u00e9 qui est souvent contest\u00e9e et menac\u00e9e de diff \u00e9rents c\u00f4t\u00e9s. Les Canadiens anglophones trouvent leurs compatriotes francophones souvent tr\u00e8s \u201cfran\u00e7ais\u201d, et donc \u201cdiff \u00e9rents\u201d. En France, par contre, on trouve ces Canadiens francophones pas si \u201cfran\u00e7ais\u201d: la variante canadienne du fran\u00e7ais est vue comme une variante contenant des archa\u00efsmes, qui est en plus contamin\u00e9e par des anglicismes. Quelle en est la cons\u00e9quence? Les Canadiens francophones se trouvent au milieu de diff\u00e9rentes identit\u00e9s et cherchent \u00e0 se faire valoir \u00e0 des degr\u00e9s de succ\u00e8s diff \u00e9rents.<\/p><p>Voor Franssprekende Canadezen vormt het Frans een deel van hun identiteit. Die identiteit wordt echter van verschillende kanten bedreigd. Hun Engelssprekende landgenoten vinden ze erg Frans en dus anders. In Frankrijk daarentegen wordt het Canadese Frans niet als volwaardig beschouwd. Deze lezing door het koloniale verleden van Canada laat zien dat taal verbonden is met macht en identiteit.<\/p><p>Gratisvoor leden van de Alliance Fran\u00e7aise (neem uw pas mee). Niet-leden\/niet-cursisten betalen een toegangsprijs van \u20ac 8,-.<\/p><p>Cette conf\u00e9rence est en fran\u00e7ais.<br \/>Deze lezing is in het Frans.<br \/>Spreker: Janine Berns<\/p><\/div><\/div><\/div>\t\t\t\t\t\t\t\t<\/div>\n\t\t\t\t<\/div>\n\t\t\t\t\t<\/div>\n\t\t<\/div>\n\t\t\t\t\t<\/div>\n\t\t<\/section>\n\t\t\t\t<section class=\"elementor-section elementor-top-section elementor-element elementor-element-5bdd18df elementor-section-boxed elementor-section-height-default elementor-section-height-default\" data-id=\"5bdd18df\" data-element_type=\"section\" data-e-type=\"section\" data-settings=\"{&quot;background_background&quot;:&quot;classic&quot;}\">\n\t\t\t\t\t\t<div class=\"elementor-container elementor-column-gap-default\">\n\t\t\t\t\t<div class=\"elementor-column elementor-col-50 elementor-top-column elementor-element elementor-element-40b6d1db\" data-id=\"40b6d1db\" data-element_type=\"column\" data-e-type=\"column\">\n\t\t\t<div class=\"elementor-widget-wrap elementor-element-populated\">\n\t\t\t\t\t\t<div class=\"elementor-element elementor-element-f3edebc elementor-widget elementor-widget-text-editor\" data-id=\"f3edebc\" data-element_type=\"widget\" data-e-type=\"widget\" data-widget_type=\"text-editor.default\">\n\t\t\t\t<div class=\"elementor-widget-container\">\n\t\t\t\t\t\t\t\t\t<p>Zondag 19 januari 2020<br \/>14.00 uur \u2013 16.00 uur<br \/>Dorpskerk Huizum<br \/>Huizum Dorp 67<br \/>8934 BS Leeuwarden<\/p>\t\t\t\t\t\t\t\t<\/div>\n\t\t\t\t<\/div>\n\t\t\t\t<div class=\"elementor-element elementor-element-13c2f5e3 elementor-widget elementor-widget-image\" data-id=\"13c2f5e3\" data-element_type=\"widget\" data-e-type=\"widget\" data-widget_type=\"image.default\">\n\t\t\t\t<div class=\"elementor-widget-container\">\n\t\t\t\t\t\t\t\t\t\t\t\t\t\t\t<img loading=\"lazy\" decoding=\"async\" width=\"450\" height=\"250\" src=\"https:\/\/www.alliance-francaise.nl\/frise\/wp-content\/uploads\/sites\/24\/2019\/12\/lammy-bruyns.png\" class=\"attachment-large size-large wp-image-202\" alt=\"\" srcset=\"https:\/\/www.alliance-francaise.nl\/frise\/wp-content\/uploads\/sites\/24\/2019\/12\/lammy-bruyns.png 450w, https:\/\/www.alliance-francaise.nl\/frise\/wp-content\/uploads\/sites\/24\/2019\/12\/lammy-bruyns-300x167.png 300w\" sizes=\"(max-width: 450px) 100vw, 450px\" \/>\t\t\t\t\t\t\t\t\t\t\t\t\t\t\t<\/div>\n\t\t\t\t<\/div>\n\t\t\t\t\t<\/div>\n\t\t<\/div>\n\t\t\t\t<div class=\"elementor-column elementor-col-50 elementor-top-column elementor-element elementor-element-27807b27\" data-id=\"27807b27\" data-element_type=\"column\" data-e-type=\"column\">\n\t\t\t<div class=\"elementor-widget-wrap elementor-element-populated\">\n\t\t\t\t\t\t<div class=\"elementor-element elementor-element-5ae10730 elementor-widget elementor-widget-text-editor\" data-id=\"5ae10730\" data-element_type=\"widget\" data-e-type=\"widget\" data-widget_type=\"text-editor.default\">\n\t\t\t\t<div class=\"elementor-widget-container\">\n\t\t\t\t\t\t\t\t\t<div id=\"content\" class=\"grid col-636\"><div id=\"post-2272\" class=\"post-2272 page type-page status-publish hentry\"><div class=\"post-entry\"><p><strong>Soir\u00e9e musicale, slotavond met het Lammy Bruyns Combo<\/strong><\/p><p>Een muzikale avond geheel in Franse \u201cambiance\u201d verzorgd door het Lammy Bruyns Combo. Vier musici die u meevoeren naar het Parijs van de jaren \u201830\/40, de glorietijd van de \u201cMusette-Bals\u201d, het grote vermaak van die tijd. Het Frans geori\u00ebnteerde kwartet brengt deze slotavond enkele originele Musette-walsjes en Java\u2019s, vrolijke muziek die uitnodigt tot dansen. Maar\u2026.daarnaast zullen vooral beroemde Franse chansons worden vertolkt van groten zoals bijv. Jean Sablon, Edith Piaf en Charles Trenet. Het wordt een heerlijk avondje vol nostalgie onder het motto \u201cParis, je t\u2019aime\u201d.<\/p><p>Gratis voor leden en cursisten van de Alliance Fran\u00e7aise (neem uw carte nationale mee). Niet-leden en niet-cursisten betalen een toegangsprijs van \u20ac 8,-.<\/p><\/div><\/div><\/div>\t\t\t\t\t\t\t\t<\/div>\n\t\t\t\t<\/div>\n\t\t\t\t\t<\/div>\n\t\t<\/div>\n\t\t\t\t\t<\/div>\n\t\t<\/section>\n\t\t\t\t<\/div>\n\t\t","protected":false},"excerpt":{"rendered":"<p>Cultureel programma 2019 -2020 La porcelaine de Limoges Opening van het seizoen met een hapje en een drankje! Zondag 29 september 201914.00 uur \u2013 16.00 uurAgneskerk Buorren 23 9084 BB [&hellip;]<\/p>\n","protected":false},"author":1,"featured_media":0,"parent":120,"menu_order":0,"comment_status":"closed","ping_status":"closed","template":"elementor_header_footer","meta":{"footnotes":""},"class_list":["post-284","page","type-page","status-publish","hentry"],"_links":{"self":[{"href":"https:\/\/www.alliance-francaise.nl\/frise\/wp-json\/wp\/v2\/pages\/284","targetHints":{"allow":["GET"]}}],"collection":[{"href":"https:\/\/www.alliance-francaise.nl\/frise\/wp-json\/wp\/v2\/pages"}],"about":[{"href":"https:\/\/www.alliance-francaise.nl\/frise\/wp-json\/wp\/v2\/types\/page"}],"author":[{"embeddable":true,"href":"https:\/\/www.alliance-francaise.nl\/frise\/wp-json\/wp\/v2\/users\/1"}],"replies":[{"embeddable":true,"href":"https:\/\/www.alliance-francaise.nl\/frise\/wp-json\/wp\/v2\/comments?post=284"}],"version-history":[{"count":0,"href":"https:\/\/www.alliance-francaise.nl\/frise\/wp-json\/wp\/v2\/pages\/284\/revisions"}],"up":[{"embeddable":true,"href":"https:\/\/www.alliance-francaise.nl\/frise\/wp-json\/wp\/v2\/pages\/120"}],"wp:attachment":[{"href":"https:\/\/www.alliance-francaise.nl\/frise\/wp-json\/wp\/v2\/media?parent=284"}],"curies":[{"name":"wp","href":"https:\/\/api.w.org\/{rel}","templated":true}]}}