{"id":2135,"date":"2022-08-09T19:40:54","date_gmt":"2022-08-09T19:40:54","guid":{"rendered":"https:\/\/www.alliance-francaise.nl\/frise\/?page_id=2135"},"modified":"2023-04-15T16:02:15","modified_gmt":"2023-04-15T16:02:15","slug":"cultureel-programma-2022-2023","status":"publish","type":"page","link":"https:\/\/www.alliance-francaise.nl\/frise\/cultureel-programma-2022-2023\/","title":{"rendered":"Cultureel programma 2022-2023"},"content":{"rendered":"\t\t<div data-elementor-type=\"wp-page\" data-elementor-id=\"2135\" class=\"elementor elementor-2135\" data-elementor-post-type=\"page\">\n\t\t\t\t\t\t<section class=\"elementor-section elementor-top-section elementor-element elementor-element-6c566e6f elementor-section-boxed elementor-section-height-default elementor-section-height-default\" data-id=\"6c566e6f\" data-element_type=\"section\" data-e-type=\"section\">\n\t\t\t\t\t\t<div class=\"elementor-container elementor-column-gap-default\">\n\t\t\t\t\t<div class=\"elementor-column elementor-col-100 elementor-top-column elementor-element elementor-element-166719a0\" data-id=\"166719a0\" data-element_type=\"column\" data-e-type=\"column\">\n\t\t\t<div class=\"elementor-widget-wrap elementor-element-populated\">\n\t\t\t\t\t\t<div class=\"elementor-element elementor-element-440d638e elementor-widget elementor-widget-heading\" data-id=\"440d638e\" data-element_type=\"widget\" data-e-type=\"widget\" data-widget_type=\"heading.default\">\n\t\t\t\t<div class=\"elementor-widget-container\">\n\t\t\t\t\t<h2 class=\"elementor-heading-title elementor-size-large\"><a href=\"\">Cultureel Programma 2022-2023<\/a><\/h2>\t\t\t\t<\/div>\n\t\t\t\t<\/div>\n\t\t\t\t\t<\/div>\n\t\t<\/div>\n\t\t\t\t\t<\/div>\n\t\t<\/section>\n\t\t\t\t<section class=\"elementor-section elementor-top-section elementor-element elementor-element-5d672e4 elementor-section-boxed elementor-section-height-default elementor-section-height-default\" data-id=\"5d672e4\" data-element_type=\"section\" data-e-type=\"section\">\n\t\t\t\t\t\t<div class=\"elementor-container elementor-column-gap-default\">\n\t\t\t\t\t<div class=\"elementor-column elementor-col-100 elementor-top-column elementor-element elementor-element-68302034\" data-id=\"68302034\" data-element_type=\"column\" data-e-type=\"column\">\n\t\t\t<div class=\"elementor-widget-wrap elementor-element-populated\">\n\t\t\t\t\t\t<div class=\"elementor-element elementor-element-1e1ecb9 elementor-widget elementor-widget-text-editor\" data-id=\"1e1ecb9\" data-element_type=\"widget\" data-e-type=\"widget\" data-widget_type=\"text-editor.default\">\n\t\t\t\t<div class=\"elementor-widget-container\">\n\t\t\t\t\t\t\t\t\t<p><span style=\"font-family: Times New Roman, serif\"><span style=\"font-size: medium\"><b><span style=\"color: #000000\"><span style=\"font-family: Open Sans, sans-serif\">Leden en cursisten Alliance Fran\u00e7aise Friesland toegang GRATIS (tenzij anders vermeld).<\/span><\/span><\/b><\/span><\/span><\/p><p><span style=\"font-family: Times New Roman, serif\"><span style=\"font-size: medium\"><b><span style=\"color: #000000\"><span style=\"font-family: Open Sans, sans-serif\">Vergeet niet uw pas mee te nemen. <\/span><\/span><\/b><span style=\"color: #000000\"><span style=\"font-family: Open Sans, sans-serif\"><b>Niet-leden: \u20ac 10,00. (tenzij anders vermeld).<\/b><\/span><\/span><\/span><\/span><\/p><p><span style=\"font-family: Times New Roman, serif\"><span style=\"font-size: medium\"><span style=\"color: #000000\"><span style=\"font-family: Open Sans, sans-serif\"><b>Attentie voor de verschillende aanvangstijden.\u00a0\u00a0<\/b><\/span><\/span><\/span><\/span><\/p>\t\t\t\t\t\t\t\t<\/div>\n\t\t\t\t<\/div>\n\t\t\t\t\t<\/div>\n\t\t<\/div>\n\t\t\t\t\t<\/div>\n\t\t<\/section>\n\t\t\t\t<section class=\"elementor-section elementor-top-section elementor-element elementor-element-60e5a4e2 elementor-section-boxed elementor-section-height-default elementor-section-height-default\" data-id=\"60e5a4e2\" data-element_type=\"section\" data-e-type=\"section\" data-settings=\"{&quot;background_background&quot;:&quot;classic&quot;}\">\n\t\t\t\t\t\t<div class=\"elementor-container elementor-column-gap-default\">\n\t\t\t\t\t<div class=\"elementor-column elementor-col-50 elementor-top-column elementor-element elementor-element-3a4e9b85\" data-id=\"3a4e9b85\" data-element_type=\"column\" data-e-type=\"column\">\n\t\t\t<div class=\"elementor-widget-wrap elementor-element-populated\">\n\t\t\t\t\t\t<div class=\"elementor-element elementor-element-4776eae elementor-widget elementor-widget-text-editor\" data-id=\"4776eae\" data-element_type=\"widget\" data-e-type=\"widget\" data-widget_type=\"text-editor.default\">\n\t\t\t\t<div class=\"elementor-widget-container\">\n\t\t\t\t\t\t\t\t\t<p lang=\"fr-FR\"><span style=\"color: #ff0000\"><span style=\"font-family: Open Sans, sans-serif\"><span style=\"font-size: large\"><b>Les belles expressions et proverbes fran\u00e7ais autour des arts de la table,<br \/>les repas, etc.<br \/><\/b><\/span><\/span><\/span><\/p><p><span style=\"font-family: Open Sans, sans-serif\"><b>Samedi 24 Septembre<br \/><\/b><\/span><span style=\"font-family: Open Sans, sans-serif\"><b>15h00 -17h00<br \/><\/b><\/span><span style=\"font-family: Open Sans, sans-serif\"><b>Inloop vanaf 14h30<br \/><\/b><\/span><span style=\"font-family: Open Sans, sans-serif\"><b>Agneskerk Goutum<br \/><\/b><\/span><span style=\"font-family: Open Sans, sans-serif\"><b>Buorren 23<br \/><\/b><\/span><span style=\"font-family: Open Sans, sans-serif\"><b>9084 BB Goutum<\/b><\/span><b><\/b><\/p>\t\t\t\t\t\t\t\t<\/div>\n\t\t\t\t<\/div>\n\t\t\t\t<div class=\"elementor-element elementor-element-52c0fca elementor-widget elementor-widget-image\" data-id=\"52c0fca\" data-element_type=\"widget\" data-e-type=\"widget\" data-widget_type=\"image.default\">\n\t\t\t\t<div class=\"elementor-widget-container\">\n\t\t\t\t\t\t\t\t\t\t\t\t<figure class=\"wp-caption\">\n\t\t\t\t\t\t\t\t\t\t<img decoding=\"async\" width=\"199\" height=\"187\" src=\"https:\/\/www.alliance-francaise.nl\/frise\/wp-content\/uploads\/sites\/24\/2022\/08\/defossez.png\" class=\"attachment-large size-large wp-image-2157\" alt=\"\" \/>\t\t\t\t\t\t\t\t\t\t\t<figcaption class=\"widget-image-caption wp-caption-text\">Marc Defossez<\/figcaption>\n\t\t\t\t\t\t\t\t\t\t<\/figure>\n\t\t\t\t\t\t\t\t\t<\/div>\n\t\t\t\t<\/div>\n\t\t\t\t\t<\/div>\n\t\t<\/div>\n\t\t\t\t<div class=\"elementor-column elementor-col-50 elementor-top-column elementor-element elementor-element-7c8f9aa1\" data-id=\"7c8f9aa1\" data-element_type=\"column\" data-e-type=\"column\">\n\t\t\t<div class=\"elementor-widget-wrap elementor-element-populated\">\n\t\t\t\t\t\t<div class=\"elementor-element elementor-element-7ce78e5 elementor-widget elementor-widget-text-editor\" data-id=\"7ce78e5\" data-element_type=\"widget\" data-e-type=\"widget\" data-widget_type=\"text-editor.default\">\n\t\t\t\t<div class=\"elementor-widget-container\">\n\t\t\t\t\t\t\t\t\t<p><span style=\"color: #212121\"><span style=\"font-family: Open sans, sans-serif\"><span style=\"font-size: small\">Marc Defossez afkomstig uit het noorden van Frankrijk, is als ingenieur afgestudeerd in Parijs aan de \u00c9cole Nationale sup\u00e9rieure des Arts et M\u00e9tiers. Hij heeft tot zijn pensionering gewerkt in een internationale onderneming, en beheerst naast het Nederlands ook het Engels en Italiaans. Tot voor kort was hij voorzitter van de afdeling Gooi en Almere van de Alliance Fran\u00e7aise.<\/span><\/span><\/span><\/p><p><span style=\"color: #000000\"><span style=\"font-family: Open sans, sans-serif\"><span style=\"font-size: small\">Het onderwerp van de lezing van Marc Defossez betreft dit keer een taalkundig onderwerp. Hij bespreekt de betekenis van staande uitdrukkingen en spreekwoorden in het Frans rond de maaltijden en vergelijkt deze met Nederlandse equivalenten. In de pauze mogen we enkele gerechten proeven, die gerelateerd zijn aan de besproken uitdrukkingen.<\/span><\/span><\/span><\/p><p><span style=\"color: #000000\">\u2014\u2014\u2014\u2014\u2014\u2014\u2014\u2014\u2014<span style=\"font-family: Open sans, sans-serif\"><span style=\"font-size: small\"><span lang=\"fr-FR\">&#8211;<\/span><span style=\"color: #212121\"><span lang=\"fr-FR\"><br \/><\/span><\/span><span lang=\"fr-FR\">Marc Defossez est originaire de la r\u00e9gion du Nord. Il a obtenu son dipl\u00f4me d\u2019ing\u00e9nieur de l\u2019\u00c9cole Nationale Sup\u00e9rieure des Arts et M\u00e9tiers a\u0300 Paris. Il a travaill\u00e9 jusqu\u2019 \u00e0 sa retraite aux Pays-Bas dans une soci\u00e9t\u00e9\u0301 internationale. Sa langue de travail est le n\u00e9erlandais, il ma\u00eetrise donc parfaitement cette langue (ainsi que l\u2019anglais et l\u2019italien). Jusqu`\u00e0 tout r\u00e9cemment il \u00e9tait le pr\u00e9sident du comit\u00e9\u0301 de l\u2019Alliance Fran\u00e7aise du Gooi et Almere.<\/span><\/span><\/span><\/span><\/p><p lang=\"fr-FR\"><span style=\"color: #000000\"><span style=\"font-family: Open sans, sans-serif\"><span style=\"font-size: small\">Le sujet de la conf\u00e9rence est un sujet linguistique. Il nous parlera des expressions et proverbes concernant les repas et les comparera aux \u00e9quivalents n\u00e9erlandais. Il nous fera aussi go\u00fbter pendant la pause quelques plats relatifs \u00e0 ces expressions.<\/span><\/span><\/span><\/p><p><span style=\"color: #000000\"><span style=\"font-family: Open sans, sans-serif\"><span style=\"font-size: small\"><span style=\"color: #212121\">Deze lezing is in het Nederlands.\u00a0<\/span><span style=\"color: #212121\"><span lang=\"fr-FR\">Cette conf\u00e9rence est en n\u00e9erlandais.<\/span><\/span><\/span><\/span><\/span><\/p><p><span style=\"color: #212121\"><span style=\"font-family: Open sans, sans-serif\"><span style=\"font-size: small\">Niet-leden betalen een toegangsprijs van \u20ac 10,-<\/span><\/span><\/span><\/p>\t\t\t\t\t\t\t\t<\/div>\n\t\t\t\t<\/div>\n\t\t\t\t\t<\/div>\n\t\t<\/div>\n\t\t\t\t\t<\/div>\n\t\t<\/section>\n\t\t\t\t<section class=\"elementor-section elementor-top-section elementor-element elementor-element-29065461 elementor-section-boxed elementor-section-height-default elementor-section-height-default\" data-id=\"29065461\" data-element_type=\"section\" data-e-type=\"section\" data-settings=\"{&quot;background_background&quot;:&quot;classic&quot;}\">\n\t\t\t\t\t\t<div class=\"elementor-container elementor-column-gap-default\">\n\t\t\t\t\t<div class=\"elementor-column elementor-col-50 elementor-top-column elementor-element elementor-element-4693732a\" data-id=\"4693732a\" data-element_type=\"column\" data-e-type=\"column\">\n\t\t\t<div class=\"elementor-widget-wrap elementor-element-populated\">\n\t\t\t\t\t\t<div class=\"elementor-element elementor-element-1b338a9f elementor-widget elementor-widget-text-editor\" data-id=\"1b338a9f\" data-element_type=\"widget\" data-e-type=\"widget\" data-widget_type=\"text-editor.default\">\n\t\t\t\t<div class=\"elementor-widget-container\">\n\t\t\t\t\t\t\t\t\t<p lang=\"fr-FR\"><span style=\"color: #ff0000\"><span style=\"font-family: Open Sans, serif\"><span style=\"font-size: large\"><b>Partie de P\u00e9tanque<\/b><\/span><\/span><\/span><\/p><p lang=\"fr-FR\"><span style=\"color: #141827\"><span style=\"font-family: Open Sans, serif\"><span style=\"font-size: medium\"><b>Samedi 8 octobre 2022<br \/><\/b><\/span><\/span><\/span><b style=\"font-size: medium;font-family: 'Open Sans', serif;color: #141827\">14h30 &#8211; 16h30<br \/><\/b><span style=\"color: #141827\"><span style=\"font-family: Open Sans, serif\"><span style=\"font-size: medium\"><b>Jeu de Boules vereniging Le Biberon<br \/><\/b><\/span><\/span><\/span><span style=\"color: #141827\"><span style=\"font-family: Open Sans, serif\"><span style=\"font-size: medium\"><b>Julianapark 1<br \/><\/b><\/span><\/span><\/span><b style=\"font-size: medium;font-family: 'Open Sans', serif;color: #141827\">8932 LE Leeuwarden<\/b><\/p>\t\t\t\t\t\t\t\t<\/div>\n\t\t\t\t<\/div>\n\t\t\t\t<div class=\"elementor-element elementor-element-490cb469 elementor-widget elementor-widget-image\" data-id=\"490cb469\" data-element_type=\"widget\" data-e-type=\"widget\" data-widget_type=\"image.default\">\n\t\t\t\t<div class=\"elementor-widget-container\">\n\t\t\t\t\t\t\t\t\t\t\t\t<figure class=\"wp-caption\">\n\t\t\t\t\t\t\t\t\t\t<img decoding=\"async\" width=\"254\" height=\"195\" src=\"https:\/\/www.alliance-francaise.nl\/frise\/wp-content\/uploads\/sites\/24\/2022\/08\/jeu-de-boules.png\" class=\"attachment-large size-large wp-image-2170\" alt=\"\" \/>\t\t\t\t\t\t\t\t\t\t\t<figcaption class=\"widget-image-caption wp-caption-text\">Jeu de boules<\/figcaption>\n\t\t\t\t\t\t\t\t\t\t<\/figure>\n\t\t\t\t\t\t\t\t\t<\/div>\n\t\t\t\t<\/div>\n\t\t\t\t\t<\/div>\n\t\t<\/div>\n\t\t\t\t<div class=\"elementor-column elementor-col-50 elementor-top-column elementor-element elementor-element-255208f7\" data-id=\"255208f7\" data-element_type=\"column\" data-e-type=\"column\">\n\t\t\t<div class=\"elementor-widget-wrap elementor-element-populated\">\n\t\t\t\t\t\t<div class=\"elementor-element elementor-element-2027ffc9 elementor-widget elementor-widget-text-editor\" data-id=\"2027ffc9\" data-element_type=\"widget\" data-e-type=\"widget\" data-widget_type=\"text-editor.default\">\n\t\t\t\t<div class=\"elementor-widget-container\">\n\t\t\t\t\t\t\t\t\t<div id=\"content\" class=\"grid col-636\"><div id=\"post-2272\" class=\"post-2272 page type-page status-publish hentry\"><div class=\"post-entry\"><p><span style=\"color: #141827\"><span style=\"font-family: Open Sans, serif\">Aan het begin van het nieuwe seizoen gaan wij jeu de boules spelen op de prachtige baan van Jeu de boulesvereniging Le Biberon in Leeuwarden. De<\/span><\/span><span style=\"font-family: Open Sans, serif\"> vereniging zorgt voor een set boules en de begeleiders geven de nodige uitleg over de spelregels. <\/span><span style=\"color: #141827\"><span style=\"font-family: Open Sans, serif\">Sportiviteit en gezelligheid staan voorop. Uiteraard is er volop gelegenheid met iedereen bij te praten. Voor onze nieuwe leden een mooie gelegenheid om kennis te maken.<\/span><\/span><\/p><p><span style=\"color: #141827\"><span style=\"font-family: Open Sans, serif\"><b>Graag aanmelden <\/b><\/span><\/span><span style=\"color: #ff0000\"><span style=\"font-family: Open Sans, serif\"><b>v\u00f3\u00f3r 1 oktober <\/b><\/span><\/span><span style=\"color: #141827\"><span style=\"font-family: Open Sans, serif\"><b>op<\/b><\/span><\/span> <span style=\"color: #0000ff\"><span lang=\"zxx\"><u><a href=\"mailto:secr.frise@afpb.nl\"><span style=\"font-family: Open Sans, serif\">secr.frise@afpb.nl<\/span><\/a><\/u><\/span><\/span><\/p><p><span style=\"color: #00000a\"><span style=\"font-family: Open Sans, serif\">Aanmelden is noodzakelijk omdat wij van tevoren willen weten hoeveel deelnemers er zullen zijn<\/span><\/span><span style=\"color: #00000a\"><span style=\"font-family: Open Sans, serif\"><span style=\"font-size: medium\">.<\/span><\/span><\/span><\/p><p lang=\"fr-FR\"><span style=\"font-family: Open Sans, serif\">Au d\u00e9but de la nouvelle saison nous allons jouer une partie de boules sur la belle piste du club Jeu de Boules Le Biberon \u00e0 Leeuwarden. Les r\u00e8gles de jeu nous seront expliqu\u00e9es par les membres du club. Les boules nous seront aussi fournies par le club.<\/span><\/p><p lang=\"fr-FR\"><span style=\"font-family: Open Sans, serif\">L\u2019esprit sportif et l\u2019amusement sont essentiels. Bien s\u00fbr, il y a aussi suffisamment d\u2019opportunit\u00e9s de communiquer avec tout le monde. Une belle occasion de faire connaissance avec les nouveaux membres.<\/span><\/p><p><span style=\"font-family: Open Sans, serif\"><span lang=\"fr-FR\"><b>Veuillez vous inscrire <\/b><\/span><\/span><span style=\"color: #ff0000\"><span style=\"font-family: Open Sans, serif\"><span lang=\"fr-FR\"><b>avant le 1 octobre <\/b><\/span><\/span><\/span><span style=\"font-family: Open Sans, serif\"><span lang=\"fr-FR\"><b>sur<\/b><\/span><\/span> <span style=\"color: #0000ff\"><span lang=\"zxx\"><u><a href=\"mailto:secr.frise@afpb.nl\"><span style=\"font-family: Open Sans, serif\"><span lang=\"fr-FR\">secr.frise@afpb.nl<\/span><\/span><\/a><\/u><\/span><\/span><\/p><p lang=\"fr-FR\"><span style=\"font-family: Open Sans, serif\">Inscription est n\u00e9cessaire, parce que nous voulons savoir d\u2019avance combien de participants seront pr\u00e9sents.<\/span><\/p><p><span style=\"font-family: Open Sans, serif\">Niet-leden betalen een toegangsprijs van \u20ac 5,-<\/span><\/p><h3>\u00a0<\/h3><\/div><\/div><\/div>\t\t\t\t\t\t\t\t<\/div>\n\t\t\t\t<\/div>\n\t\t\t\t\t<\/div>\n\t\t<\/div>\n\t\t\t\t\t<\/div>\n\t\t<\/section>\n\t\t\t\t<section class=\"elementor-section elementor-top-section elementor-element elementor-element-18977aa1 elementor-section-boxed elementor-section-height-default elementor-section-height-default\" data-id=\"18977aa1\" data-element_type=\"section\" data-e-type=\"section\" data-settings=\"{&quot;background_background&quot;:&quot;classic&quot;}\">\n\t\t\t\t\t\t<div class=\"elementor-container elementor-column-gap-default\">\n\t\t\t\t\t<div class=\"elementor-column elementor-col-50 elementor-top-column elementor-element elementor-element-426661ae\" data-id=\"426661ae\" data-element_type=\"column\" data-e-type=\"column\">\n\t\t\t<div class=\"elementor-widget-wrap elementor-element-populated\">\n\t\t\t\t\t\t<div class=\"elementor-element elementor-element-39417a7c elementor-widget elementor-widget-text-editor\" data-id=\"39417a7c\" data-element_type=\"widget\" data-e-type=\"widget\" data-widget_type=\"text-editor.default\">\n\t\t\t\t<div class=\"elementor-widget-container\">\n\t\t\t\t\t\t\t\t\t<p lang=\"fr-FR\"><span style=\"color: #ff0000\"><span style=\"font-family: Open Sans, serif\"><span style=\"font-size: large\"><b>Charles de Gaulle &#8211; L\u2019itin\u00e9raire d\u2019un homme d\u2019exception<\/b><\/span><\/span><\/span><\/p><p><span style=\"color: #1d1d1b\"><span style=\"font-family: Open Sans, serif\"><span style=\"font-size: medium\"><b>Vendredi 28 octobre 2022<br \/><\/b><\/span><\/span><\/span><span style=\"color: #1d1d1b\"><span style=\"font-family: Open Sans, serif\"><span style=\"font-size: medium\"><b>20h &#8211; 22h<br \/><\/b><\/span><\/span><\/span><b style=\"font-size: medium;font-family: 'Open Sans', serif;color: #1d1d1b\">Inloop vanaf 19h30<br \/><\/b><span style=\"color: #1d1d1b\"><span style=\"font-family: Open Sans, serif\"><span style=\"font-size: medium\"><b>Odd Fellows<br \/><\/b><\/span><\/span><\/span><b style=\"font-size: medium;font-family: 'Open Sans', serif;color: #1d1d1b\">Emmastraat 29<br \/><\/b><span style=\"color: #1d1d1b\"><span style=\"font-family: Open Sans, serif\"><span style=\"font-size: medium\"><b>8601 GK Sneek<\/b><\/span><\/span><\/span><\/p>\t\t\t\t\t\t\t\t<\/div>\n\t\t\t\t<\/div>\n\t\t\t\t<div class=\"elementor-element elementor-element-4b8a1c4c elementor-widget elementor-widget-image\" data-id=\"4b8a1c4c\" data-element_type=\"widget\" data-e-type=\"widget\" data-widget_type=\"image.default\">\n\t\t\t\t<div class=\"elementor-widget-container\">\n\t\t\t\t\t\t\t\t\t\t\t\t<figure class=\"wp-caption\">\n\t\t\t\t\t\t\t\t\t\t<img fetchpriority=\"high\" decoding=\"async\" width=\"246\" height=\"212\" src=\"https:\/\/www.alliance-francaise.nl\/frise\/wp-content\/uploads\/sites\/24\/2022\/08\/charles-de-gaulle.png\" class=\"attachment-large size-large wp-image-2180\" alt=\"\" \/>\t\t\t\t\t\t\t\t\t\t\t<figcaption class=\"widget-image-caption wp-caption-text\">Charles de Gaulle<\/figcaption>\n\t\t\t\t\t\t\t\t\t\t<\/figure>\n\t\t\t\t\t\t\t\t\t<\/div>\n\t\t\t\t<\/div>\n\t\t\t\t\t<\/div>\n\t\t<\/div>\n\t\t\t\t<div class=\"elementor-column elementor-col-50 elementor-top-column elementor-element elementor-element-58e217c2\" data-id=\"58e217c2\" data-element_type=\"column\" data-e-type=\"column\">\n\t\t\t<div class=\"elementor-widget-wrap elementor-element-populated\">\n\t\t\t\t\t\t<div class=\"elementor-element elementor-element-24a326ec elementor-widget elementor-widget-text-editor\" data-id=\"24a326ec\" data-element_type=\"widget\" data-e-type=\"widget\" data-widget_type=\"text-editor.default\">\n\t\t\t\t<div class=\"elementor-widget-container\">\n\t\t\t\t\t\t\t\t\t<p lang=\"fr-FR\"><span style=\"color: #1d1d1b\"><span style=\"font-family: Open Sans, serif\">Homme politique fran\u00e7ais. Il a men\u00e9 la r\u00e9sistance fran\u00e7aise contre l&#8217;Allemagne nazie. <br \/>Il fut pr\u00e9sident de la R\u00e9publique de 1959 \u00e0 1969. Passionn\u00e9 par le pass\u00e9 de son pays, il r\u00e9pondit pr\u00e9sent \u00e0 ses convictions en endossant le r\u00f4le du personnage qui ne subit pas l\u2019Histoire mais la construit.<\/span><\/span><\/p><p><span style=\"color: #202124\"><span style=\"font-family: Open Sans, serif\">Franse politicus. Hij leidde het Franse verzet tegen nazi-Duitsland. Hij was president van\u00a0 de Republiek van 1959 tot 1969. Gefascineerd door het verleden van zijn land, reageerde hij op zijn overtuigingen door de rol op zich te nemen van het personage dat de geschiedenis niet ondergaat maar opbouwt.<\/span><\/span><\/p><p lang=\"fr-FR\"><span style=\"color: #1d1d1b\"><span style=\"font-family: Open Sans, serif\">Une conf\u00e9rence anim\u00e9e par Claude Perreau, pr\u00e9sident de l\u2019Alliance Fran\u00e7aise Friesland et Fran\u00e7ois Perreau, d\u00e9l\u00e9gu\u00e9 de la Fondation de la France Libre aux Pays-Bas.<\/span><\/span><\/p><p lang=\"fr-FR\"><span style=\"font-family: Open Sans, serif\">Cette conf\u00e9rence est en fran\u00e7ais avec une pr\u00e9sentation en n\u00e9erlandais.<br \/><\/span><span style=\"font-family: 'Open Sans', serif\">Deze lezing is in het Frans met een presentatie in het Nederlands.<br \/><\/span><span style=\"font-family: Open Sans, serif\">Niet-leden betalen een toegangsprijs van \u20ac 10,-<\/span><\/p>\t\t\t\t\t\t\t\t<\/div>\n\t\t\t\t<\/div>\n\t\t\t\t\t<\/div>\n\t\t<\/div>\n\t\t\t\t\t<\/div>\n\t\t<\/section>\n\t\t\t\t<section class=\"elementor-section elementor-top-section elementor-element elementor-element-fa89afe elementor-section-boxed elementor-section-height-default elementor-section-height-default\" data-id=\"fa89afe\" data-element_type=\"section\" data-e-type=\"section\" data-settings=\"{&quot;background_background&quot;:&quot;classic&quot;}\">\n\t\t\t\t\t\t<div class=\"elementor-container elementor-column-gap-default\">\n\t\t\t\t\t<div class=\"elementor-column elementor-col-50 elementor-top-column elementor-element elementor-element-c35d230\" data-id=\"c35d230\" data-element_type=\"column\" data-e-type=\"column\">\n\t\t\t<div class=\"elementor-widget-wrap elementor-element-populated\">\n\t\t\t\t\t\t<div class=\"elementor-element elementor-element-1bdc1a4 elementor-widget elementor-widget-text-editor\" data-id=\"1bdc1a4\" data-element_type=\"widget\" data-e-type=\"widget\" data-widget_type=\"text-editor.default\">\n\t\t\t\t<div class=\"elementor-widget-container\">\n\t\t\t\t\t\t\t\t\t<p lang=\"fr-FR\"><span style=\"color: #ff0000\"><span style=\"font-family: Open Sans, sans-serif\"><span style=\"font-size: large\"><b>Vauban <\/b><\/span><\/span><\/span><\/p><p lang=\"fr-FR\"><span style=\"font-family: Open Sans, sans-serif\"><b>Jeudi 8 d\u00e9cembre 2022<br \/><\/b><\/span><span style=\"font-family: Open Sans, sans-serif\"><b>20h00 &#8211; 22h00<br \/><\/b><\/span><b style=\"font-family: 'Open Sans', sans-serif\">Inloop vanaf 19h30<br \/><\/b><span style=\"font-family: Open Sans, sans-serif\"><b>Dorpskerk Huizum<br \/><\/b><\/span><span style=\"font-family: Open Sans, sans-serif\"><b>Huizum Dorp 67<br \/><\/b><\/span><span style=\"font-family: Open Sans, sans-serif\"><b>8934 BS Leeuwarden<\/b><\/span><\/p>\t\t\t\t\t\t\t\t<\/div>\n\t\t\t\t<\/div>\n\t\t\t\t<div class=\"elementor-element elementor-element-e2851c7 elementor-widget elementor-widget-image\" data-id=\"e2851c7\" data-element_type=\"widget\" data-e-type=\"widget\" data-widget_type=\"image.default\">\n\t\t\t\t<div class=\"elementor-widget-container\">\n\t\t\t\t\t\t\t\t\t\t\t\t<figure class=\"wp-caption\">\n\t\t\t\t\t\t\t\t\t\t<img loading=\"lazy\" decoding=\"async\" width=\"138\" height=\"218\" src=\"https:\/\/www.alliance-francaise.nl\/frise\/wp-content\/uploads\/sites\/24\/2022\/08\/Vauban.png\" class=\"attachment-large size-large wp-image-2194\" alt=\"\" \/>\t\t\t\t\t\t\t\t\t\t\t<figcaption class=\"widget-image-caption wp-caption-text\">Vauban<\/figcaption>\n\t\t\t\t\t\t\t\t\t\t<\/figure>\n\t\t\t\t\t\t\t\t\t<\/div>\n\t\t\t\t<\/div>\n\t\t\t\t\t<\/div>\n\t\t<\/div>\n\t\t\t\t<div class=\"elementor-column elementor-col-50 elementor-top-column elementor-element elementor-element-68efb32\" data-id=\"68efb32\" data-element_type=\"column\" data-e-type=\"column\">\n\t\t\t<div class=\"elementor-widget-wrap elementor-element-populated\">\n\t\t\t\t\t\t<div class=\"elementor-element elementor-element-fcd982e elementor-widget elementor-widget-text-editor\" data-id=\"fcd982e\" data-element_type=\"widget\" data-e-type=\"widget\" data-widget_type=\"text-editor.default\">\n\t\t\t\t<div class=\"elementor-widget-container\">\n\t\t\t\t\t\t\t\t\t<p><span style=\"font-family: Open Sans, sans-serif\"><span style=\"font-size: small\">Jeroen van der Werf bestudeert al geruime tijd de vestingwerken van Vauban. Hij heeft inmiddels vrijwel alle nog bestaande vestingwerken bezocht. <\/span><\/span><\/p><p><span style=\"font-family: Open Sans, sans-serif\"><span style=\"font-size: small\">S\u00e9bastien le Prestre de Vauban, of simpelweg Vauban, is met gemak de bekendste vestingbouwkundige van Frankrijk. Tijdens de regeringsperiode van Lodewijk XIV werden onder zijn leiding vele tientallen vestingwerken gebouwd langs de grenzen van Frankrijk.<\/span><\/span><\/p><p><span style=\"font-family: Open Sans, sans-serif\"><span style=\"font-size: small\">In zijn lezing gaat Van der Werf in op het leven, het werk en de militaire loopbaan van Vauban, en hoe hij kon uitgroeien tot zo\u2019n grote vestingbouwkundige in de 17<\/span><\/span><sup><span style=\"font-family: Open Sans, sans-serif\"><span style=\"font-size: small\">e<\/span><\/span><\/sup><span style=\"font-family: Open Sans, sans-serif\"><span style=\"font-size: small\"> eeuw in het Frankrijk van Lodewijk XIV. De vestingsteden symboliseerden de dominantie van de Zonnekoning.<\/span><\/span><\/p><p><span style=\"font-family: Open Sans, sans-serif\"><span style=\"font-size: small\">&#8212;&#8212;&#8212;&#8212;&#8212;&#8212;&#8212;&#8212;&#8212;&#8212;&#8212;&#8212;&#8212;&#8212;&#8212;&#8212;&#8212;&#8212;&#8212;&#8212;&#8212;&#8212;&#8212;&#8212;&#8212;&#8212;&#8212;&#8212;&#8212;&#8212;&#8212;&#8212;&#8212;&#8212;&#8212;&#8212;&#8212;&#8212;&#8212;&#8212;&#8212;<\/span><\/span><\/p><p lang=\"fr-FR\"><span style=\"font-family: Open Sans, sans-serif\"><span style=\"font-size: small\">Jeroen Van der Werf a \u00e9tudi\u00e9 les forteresses de Vauban. Il les a presque toutes visit\u00e9es. <\/span><\/span><\/p><p lang=\"fr-FR\"><span style=\"font-family: Open Sans, sans-serif\"><span style=\"font-size: small\">Vauban, de son vrai nom: S\u00e9bastien le Prestre de Vauban, est l\u2019architecte fran\u00e7ais de forteresses le plus connu, aussi dans le monde entier. Sous le royaume de Louis XIV il a fait construire des dizaines de villes fortes le long des fronti\u00e8res fran\u00e7aises.<\/span><\/span><\/p><p lang=\"fr-FR\"><span style=\"font-family: Open Sans, sans-serif\"><span style=\"font-size: small\">Dans sa conf\u00e9rence Van der Werf \u00e9voquera la vie et la carri\u00e8re militaire de Vauban et comment il est devenu le plus grand b\u00e2tisseur de forteresses dans la France de Louis XIV. Les villes fortifi\u00e9es symbolisaient la dominance du Roi-Soleil. La propagande soulignait ses exploits pendant la guerre.<\/span><\/span><\/p><p><span style=\"font-family: Open Sans, sans-serif\"><span style=\"font-size: small\">Deze lezing is in het Nederlands. Cette conf\u00e9rence est en n\u00e9erlandais<\/span><\/span><\/p><p><span style=\"font-family: Open Sans, sans-serif\"><span style=\"font-size: small\">Niet-leden betalen een toegangsprijs van \u20ac 10,-<\/span><\/span><\/p>\t\t\t\t\t\t\t\t<\/div>\n\t\t\t\t<\/div>\n\t\t\t\t\t<\/div>\n\t\t<\/div>\n\t\t\t\t\t<\/div>\n\t\t<\/section>\n\t\t\t\t<section class=\"elementor-section elementor-top-section elementor-element elementor-element-219f1a76 elementor-section-boxed elementor-section-height-default elementor-section-height-default\" data-id=\"219f1a76\" data-element_type=\"section\" data-e-type=\"section\" data-settings=\"{&quot;background_background&quot;:&quot;classic&quot;}\">\n\t\t\t\t\t\t<div class=\"elementor-container elementor-column-gap-default\">\n\t\t\t\t\t<div class=\"elementor-column elementor-col-50 elementor-top-column elementor-element elementor-element-38fd5ed4\" data-id=\"38fd5ed4\" data-element_type=\"column\" data-e-type=\"column\">\n\t\t\t<div class=\"elementor-widget-wrap elementor-element-populated\">\n\t\t\t\t\t\t<div class=\"elementor-element elementor-element-5b1fcb01 elementor-widget elementor-widget-text-editor\" data-id=\"5b1fcb01\" data-element_type=\"widget\" data-e-type=\"widget\" data-widget_type=\"text-editor.default\">\n\t\t\t\t<div class=\"elementor-widget-container\">\n\t\t\t\t\t\t\t\t\t<p lang=\"fr-FR\"><span style=\"color: #ff0000\"><span style=\"font-family: Open Sans, sans-serif\"><span style=\"font-size: large\"><b>R\u00e9ception Nouvel-An avec musique de Brassens<\/b><\/span><\/span><\/span><\/p><p><span style=\"font-family: Open Sans, sans-serif\"><b>Samedi 14 janvier 2023<br \/><\/b><\/span><b style=\"font-family: 'Open Sans', sans-serif\">15h00 &#8211; 17h00<br \/><\/b><span style=\"font-family: Open Sans, sans-serif\"><b>Wijkgebouw Cambuursterhoek<br \/><\/b><\/span><span style=\"font-family: Open Sans, sans-serif\"><b>Boerhaavestraat 44<br \/><\/b><\/span><span style=\"font-family: Open Sans, sans-serif\"><b>8921 TL Leeuwarden<\/b><\/span><\/p>\t\t\t\t\t\t\t\t<\/div>\n\t\t\t\t<\/div>\n\t\t\t\t<div class=\"elementor-element elementor-element-1e36b166 elementor-widget elementor-widget-image\" data-id=\"1e36b166\" data-element_type=\"widget\" data-e-type=\"widget\" data-widget_type=\"image.default\">\n\t\t\t\t<div class=\"elementor-widget-container\">\n\t\t\t\t\t\t\t\t\t\t\t\t<figure class=\"wp-caption\">\n\t\t\t\t\t\t\t\t\t\t<img loading=\"lazy\" decoding=\"async\" width=\"212\" height=\"255\" src=\"https:\/\/www.alliance-francaise.nl\/frise\/wp-content\/uploads\/sites\/24\/2022\/08\/Brassens-1.png\" class=\"attachment-large size-large wp-image-2215\" alt=\"\" \/>\t\t\t\t\t\t\t\t\t\t\t<figcaption class=\"widget-image-caption wp-caption-text\">Brassens<\/figcaption>\n\t\t\t\t\t\t\t\t\t\t<\/figure>\n\t\t\t\t\t\t\t\t\t<\/div>\n\t\t\t\t<\/div>\n\t\t\t\t\t<\/div>\n\t\t<\/div>\n\t\t\t\t<div class=\"elementor-column elementor-col-50 elementor-top-column elementor-element elementor-element-4e1dbf7\" data-id=\"4e1dbf7\" data-element_type=\"column\" data-e-type=\"column\">\n\t\t\t<div class=\"elementor-widget-wrap elementor-element-populated\">\n\t\t\t\t\t\t<div class=\"elementor-element elementor-element-346f123 elementor-widget elementor-widget-text-editor\" data-id=\"346f123\" data-element_type=\"widget\" data-e-type=\"widget\" data-widget_type=\"text-editor.default\">\n\t\t\t\t<div class=\"elementor-widget-container\">\n\t\t\t\t\t\t\t\t\t<div id=\"content\" class=\"grid col-636\"><div id=\"post-2272\" class=\"post-2272 page type-page status-publish hentry\"><div class=\"post-entry\"><p><span style=\"font-family: Open Sans, sans-serif\"><span style=\"font-size: small\">Onze traditionele nieuwjaarsbijeenkomst vindt dit jaar plaats in Leeuwarden. Naast een hapje en een drankje zal deze middag worden opgeluisterd door het gitaarduo Paul van Velthoven en Jacques Poelstra. <\/span><\/span><span style=\"font-family: Open Sans, sans-serif\"><span style=\"font-size: small\"><span lang=\"fr-FR\">Zij spelen o.a. een aantal nummers van Brassens . <\/span><\/span><\/span><\/p><p lang=\"fr-FR\"><span style=\"font-family: Open Sans, sans-serif\"><span style=\"font-size: small\">Nous f\u00eaterons le Nouvel An, cette ann\u00e9e \u00e0 Leeuwarden. Un verre de vin, quelques victuailles et\u2026 un accompagnement musical de Paul van Velthoven et Jacques Poelstra, qui interpr\u00e9teront quelques chansons de Brassens.<\/span><\/span><\/p><p><span style=\"font-family: Open Sans, sans-serif\"><span style=\"font-size: small\">Niet-leden betalen een toegangsprijs van \u20ac 5,-<\/span><\/span><\/p><\/div><\/div><\/div>\t\t\t\t\t\t\t\t<\/div>\n\t\t\t\t<\/div>\n\t\t\t\t\t<\/div>\n\t\t<\/div>\n\t\t\t\t\t<\/div>\n\t\t<\/section>\n\t\t\t\t<section class=\"elementor-section elementor-top-section elementor-element elementor-element-47261dc8 elementor-section-boxed elementor-section-height-default elementor-section-height-default\" data-id=\"47261dc8\" data-element_type=\"section\" data-e-type=\"section\" data-settings=\"{&quot;background_background&quot;:&quot;classic&quot;}\">\n\t\t\t\t\t\t<div class=\"elementor-container elementor-column-gap-default\">\n\t\t\t\t\t<div class=\"elementor-column elementor-col-50 elementor-top-column elementor-element elementor-element-108c4dc9\" data-id=\"108c4dc9\" data-element_type=\"column\" data-e-type=\"column\">\n\t\t\t<div class=\"elementor-widget-wrap elementor-element-populated\">\n\t\t\t\t\t\t<div class=\"elementor-element elementor-element-3cdb5c44 elementor-widget elementor-widget-text-editor\" data-id=\"3cdb5c44\" data-element_type=\"widget\" data-e-type=\"widget\" id=\"montmartre\" data-widget_type=\"text-editor.default\">\n\t\t\t\t<div class=\"elementor-widget-container\">\n\t\t\t\t\t\t\t\t\t<p lang=\"fr-FR\"><span style=\"color: #ff3333\"><span style=\"font-family: Open Sans, sans-serif\"><span style=\"font-size: large\"><b>Montmartre Mon Amour <\/b><\/span><\/span><\/span><\/p><p><span style=\"color: #000000\"><span style=\"font-family: Open Sans, sans-serif\"><b>Mardi 14 f\u00e9vrier 2023<br \/><\/b><\/span><\/span><b style=\"font-family: 'Open Sans', sans-serif;color: #000000\">20h00 &#8211; 22h00<br \/><\/b><span style=\"color: #000000\"><span style=\"font-family: Open Sans, sans-serif\"><b>Inloop vanaf 19h30<br \/>Doopsgezindekerk \/ \u00c9glise mennonite<br \/><\/b><\/span><\/span><b style=\"font-family: 'Open Sans', sans-serif;color: #000000\">Wirdumerdijk 18<br \/><span style=\"color: #000000\"><span style=\"font-family: Open Sans, sans-serif\"><b>8911 CD Leeuwarden<\/b><\/span><\/span><br \/><\/b><\/p><p><b style=\"font-family: 'Open Sans', sans-serif;color: #000000\"><span style=\"color: #ff0000\">Wegens persoonlijke omstandigheden van de spreker wordt deze lezing uitgesteld tot woensdag 12 april 2023. Tijd en locatie blijven gelijk.<\/span><br \/><\/b><\/p>\t\t\t\t\t\t\t\t<\/div>\n\t\t\t\t<\/div>\n\t\t\t\t<div class=\"elementor-element elementor-element-72a82407 elementor-widget elementor-widget-image\" data-id=\"72a82407\" data-element_type=\"widget\" data-e-type=\"widget\" data-widget_type=\"image.default\">\n\t\t\t\t<div class=\"elementor-widget-container\">\n\t\t\t\t\t\t\t\t\t\t\t\t\t\t\t<img loading=\"lazy\" decoding=\"async\" width=\"253\" height=\"212\" src=\"https:\/\/www.alliance-francaise.nl\/frise\/wp-content\/uploads\/sites\/24\/2022\/08\/Montrmatre-andy-arnts.png\" class=\"attachment-large size-large wp-image-2222\" alt=\"\" \/>\t\t\t\t\t\t\t\t\t\t\t\t\t\t\t<\/div>\n\t\t\t\t<\/div>\n\t\t\t\t<div class=\"elementor-element elementor-element-d8d0bee elementor-widget elementor-widget-menu-anchor\" data-id=\"d8d0bee\" data-element_type=\"widget\" data-e-type=\"widget\" data-widget_type=\"menu-anchor.default\">\n\t\t\t\t<div class=\"elementor-widget-container\">\n\t\t\t\t\t\t\t<div class=\"elementor-menu-anchor\" id=\"floor\"><\/div>\n\t\t\t\t\t\t<\/div>\n\t\t\t\t<\/div>\n\t\t\t\t\t<\/div>\n\t\t<\/div>\n\t\t\t\t<div class=\"elementor-column elementor-col-50 elementor-top-column elementor-element elementor-element-453704dc\" data-id=\"453704dc\" data-element_type=\"column\" data-e-type=\"column\">\n\t\t\t<div class=\"elementor-widget-wrap elementor-element-populated\">\n\t\t\t\t\t\t<div class=\"elementor-element elementor-element-4a97b5d1 elementor-widget elementor-widget-text-editor\" data-id=\"4a97b5d1\" data-element_type=\"widget\" data-e-type=\"widget\" data-widget_type=\"text-editor.default\">\n\t\t\t\t<div class=\"elementor-widget-container\">\n\t\t\t\t\t\t\t\t\t<p><span style=\"font-family: Open Sans, sans-serif\"><span style=\"font-size: small\">Andy Arnts is auteur en hoofdredacteur van Frankrijk-magazine En Route. <br \/>Rond 1900 was Montmartre h\u00e9t centrum van de artistieke avant-garde en de populairste uitgaanswijk van Parijs. Tijdens een interactieve causerie laat Andy Arnts deze roemruchte tijd herleven met boeiende verhalen, anekdotes, muziek en filmbeelden van Le Chat Noir, Le Lapin Agile en natuurlijk Le Moulin Rouge. De bezoekers maken kennis met de opmerkelijke levens van o.a. revuedanseres La Goulue, kunstenaar Henri de Toulouse-Lautrec en Lolo, de schilderende ezel die op de Salon des Ind\u00e9pendants van 1910 grote bewondering oogstte bij het nietsvermoedende publiek.<\/span><\/span><\/p><p lang=\"fr-FR\"><span style=\"font-family: Open Sans, sans-serif\"><span style=\"font-size: small\">&#8212;&#8212;&#8212;&#8212;&#8212;&#8212;&#8211;<br \/>Andy Arnts est auteur et r\u00e9dacteur en chef du magazine En Route.<\/span><\/span><\/p><p lang=\"fr-FR\"><span style=\"font-family: Open Sans, sans-serif\"><span style=\"font-size: small\">Vers 1900 Montmarte \u00e9tait le centre le plus important de l&#8217;avant-garde artistique et le quartier de sortie le plus populaire. Pendant une causerie interactive Andy Arnts fait revivre cette p\u00e9riode fameuse en racontant des histoires captivantes et des anecdotes. Le public peut \u00e9galement \u00e9couter la musique et regarder des extraits de film de Le Chat Noir, Le Lapin Agile et bien entendu Le Moulin Rouge.<\/span><\/span><\/p><p lang=\"fr-FR\"><span style=\"font-family: Open Sans, sans-serif\"><span style=\"font-size: small\">Le public fait connaissance avec les vies remarquables de entre autres la danseuse de revue La Goulue, l&#8217;artiste Henri de Toulouse-Lautrec, et Lolo, l&#8217;\u00e2ne peintre qui au Salon des Ind\u00e9pendants de 1910 \u00e9tait admir\u00e9 par le public. <\/span><\/span><\/p><p><span style=\"font-family: Open Sans, sans-serif\"><span style=\"font-size: small\">Cette conf\u00e9rence est en n\u00e9erlandais \/ Deze lezing is in het Nederlands.<\/span><\/span><\/p><p><span style=\"font-family: Open Sans, sans-serif\"><span style=\"font-size: small\">Niet-leden betalen een toegangsprijs van \u20ac 10,-<\/span><\/span><\/p>\t\t\t\t\t\t\t\t<\/div>\n\t\t\t\t<\/div>\n\t\t\t\t\t<\/div>\n\t\t<\/div>\n\t\t\t\t\t<\/div>\n\t\t<\/section>\n\t\t\t\t<section class=\"elementor-section elementor-top-section elementor-element elementor-element-7b63f140 elementor-section-boxed elementor-section-height-default elementor-section-height-default\" data-id=\"7b63f140\" data-element_type=\"section\" data-e-type=\"section\" data-settings=\"{&quot;background_background&quot;:&quot;classic&quot;}\">\n\t\t\t\t\t\t<div class=\"elementor-container elementor-column-gap-default\">\n\t\t\t\t\t<div class=\"elementor-column elementor-col-50 elementor-top-column elementor-element elementor-element-5850f886\" data-id=\"5850f886\" data-element_type=\"column\" data-e-type=\"column\">\n\t\t\t<div class=\"elementor-widget-wrap elementor-element-populated\">\n\t\t\t\t\t\t<div class=\"elementor-element elementor-element-274aaf8f elementor-widget elementor-widget-text-editor\" data-id=\"274aaf8f\" data-element_type=\"widget\" data-e-type=\"widget\" id=\"copainsmaartt\" data-widget_type=\"text-editor.default\">\n\t\t\t\t<div class=\"elementor-widget-container\">\n\t\t\t\t\t\t\t\t\t<p lang=\"fr-FR\"><span style=\"color: #ff0000\"><span style=\"font-family: Open Sans, serif\"><span style=\"font-size: large\"><b>Soir\u00e9e Musicale\u00a0 \u00a0 \u00a0 \u00a0 \u00a0 \u00a0 \u00a0 \u00a0 \u00a0 \u00a0 \u00a0 \u00a0 \u00a0 \u00a0 \u00a0 \u00a0 \u00a0 \u00a0 \u00a0 \u00a0 \u00a0 \u00a0 \u00a0 Les Copains\u00a0<br \/><\/b><\/span><\/span><\/span><span style=\"font-family: Open Sans, serif\"><span style=\"font-size: medium\"><b>Vendredi 24 mars 2023<br \/><\/b><\/span><\/span><b style=\"font-size: medium;font-family: 'Open Sans', serif\">20h00 &#8211; 22h00<br \/><\/b><span style=\"font-family: Open Sans, serif\"><span style=\"font-size: medium\"><b>Inloop vanaf 19h30<br \/><\/b><\/span><\/span><span style=\"font-family: Open Sans, serif\"><span style=\"font-size: medium\"><b>Zalencentrum Buorskip<br \/><\/b><\/span><\/span><b style=\"font-size: medium;font-family: 'Open Sans', serif\">Vlaslaan 26<br \/><\/b><span style=\"font-family: Open Sans, serif\"><span style=\"font-size: medium\"><b>9244 CH Beetsterzwaag<\/b><\/span><\/span><\/p>\t\t\t\t\t\t\t\t<\/div>\n\t\t\t\t<\/div>\n\t\t\t\t<div class=\"elementor-element elementor-element-6a36332d elementor-widget elementor-widget-image\" data-id=\"6a36332d\" data-element_type=\"widget\" data-e-type=\"widget\" data-widget_type=\"image.default\">\n\t\t\t\t<div class=\"elementor-widget-container\">\n\t\t\t\t\t\t\t\t\t\t\t\t<figure class=\"wp-caption\">\n\t\t\t\t\t\t\t\t\t\t<img loading=\"lazy\" decoding=\"async\" width=\"525\" height=\"479\" src=\"https:\/\/www.alliance-francaise.nl\/frise\/wp-content\/uploads\/sites\/24\/2022\/12\/les-copains-trois.png\" class=\"attachment-large size-large wp-image-2873\" alt=\"\" srcset=\"https:\/\/www.alliance-francaise.nl\/frise\/wp-content\/uploads\/sites\/24\/2022\/12\/les-copains-trois.png 525w, https:\/\/www.alliance-francaise.nl\/frise\/wp-content\/uploads\/sites\/24\/2022\/12\/les-copains-trois-300x274.png 300w\" sizes=\"(max-width: 525px) 100vw, 525px\" \/>\t\t\t\t\t\t\t\t\t\t\t<figcaption class=\"widget-image-caption wp-caption-text\">Les Copains<\/figcaption>\n\t\t\t\t\t\t\t\t\t\t<\/figure>\n\t\t\t\t\t\t\t\t\t<\/div>\n\t\t\t\t<\/div>\n\t\t\t\t\t<\/div>\n\t\t<\/div>\n\t\t\t\t<div class=\"elementor-column elementor-col-50 elementor-top-column elementor-element elementor-element-4b0237ca\" data-id=\"4b0237ca\" data-element_type=\"column\" data-e-type=\"column\">\n\t\t\t<div class=\"elementor-widget-wrap elementor-element-populated\">\n\t\t\t\t\t\t<div class=\"elementor-element elementor-element-19618900 elementor-widget elementor-widget-text-editor\" data-id=\"19618900\" data-element_type=\"widget\" data-e-type=\"widget\" data-widget_type=\"text-editor.default\">\n\t\t\t\t<div class=\"elementor-widget-container\">\n\t\t\t\t\t\t\t\t\t<p><span style=\"color: #000000\"><span style=\"font-family: Open Sans, serif\">Les Copains laten het Franse chanson in een informele sfeer tot leven komen. Het repertoire varieert van klassieke chansons tot minder bekende liederen met een vleugje gypsy of jazz. Denk aan Charles Aznavour en Georges Brassens, maar ook aan jongere en minder bekende zangers zoals Thomas Dutronc, Zaz en Gilbert Laffaille.<\/span><\/span><\/p><p><span style=\"color: #000000\"><span style=\"font-family: Open Sans, serif\">Nostalgie en mooie herinneringen, stilletjes meeneuri\u00ebn en uit volle borst meezingen, dat kan allemaal bij de hartverwarmende concerten van Les Copains. <\/span><\/span><span style=\"color: #000000\"><span style=\"font-family: Open Sans, serif\"><span lang=\"fr-FR\">De akoestische instrumenten zorgen voor een warme klankkleur.<\/span><\/span><\/span><\/p><p lang=\"fr-FR\"><span style=\"color: #000000\"><span style=\"font-family: Open Sans, serif\">Les Copains font vivre la chanson fran\u00e7aise dans une ambiance informelle. Le r\u00e9pertoire passe des chansons classiques \u00e0 des chansons moins connues avec une touche de tzigane ou de jazz. Pensez \u00e0 Charles Aznavour et Georges Brassens, mais aussi \u00e0 des chanteurs plus jeunes et moins connus comme Thomas Dutronc, Zaz et Gilbert Laffaille.<\/span><\/span><\/p><p><span style=\"font-family: Open Sans, serif\"><span lang=\"fr-FR\">La nostalgie et les beaux souvenirs, fredonner tranquillement ou chanter \u00e0 pleins poumons, tout cela est possible lors des concerts r\u00e9confortants des Copains. Les instruments accoustiques offrent <\/span><\/span><span style=\"color: #000000\"><span style=\"font-family: Open Sans, serif\"><span lang=\"fr-FR\">un timbre chaleureux.<\/span><\/span><\/span><\/p><p><span style=\"color: #0563c1\"><span lang=\"zxx\"><u><a href=\"http:\/\/www.lescopains.eu\/\"><span style=\"font-family: Open Sans, serif\"><span lang=\"fr-FR\">www.lescopains.eu<\/span><\/span><\/a><\/u><\/span><\/span><\/p><p><span style=\"font-family: Open Sans, serif\"><span lang=\"fr-FR\">Cette soir\u00e9e est en fran\u00e7ais. <\/span><\/span><span style=\"font-family: Open Sans, serif\">Deze muzikale avond is in het Frans.<br \/>Niet-leden betalen een toegangsprijs van \u20ac 10,-<\/span><\/p>\t\t\t\t\t\t\t\t<\/div>\n\t\t\t\t<\/div>\n\t\t\t\t\t<\/div>\n\t\t<\/div>\n\t\t\t\t\t<\/div>\n\t\t<\/section>\n\t\t\t\t<section class=\"elementor-section elementor-top-section elementor-element elementor-element-6580728 elementor-section-boxed elementor-section-height-default elementor-section-height-default\" data-id=\"6580728\" data-element_type=\"section\" data-e-type=\"section\" data-settings=\"{&quot;background_background&quot;:&quot;classic&quot;}\">\n\t\t\t\t\t\t<div class=\"elementor-container elementor-column-gap-default\">\n\t\t\t\t\t<div class=\"elementor-column elementor-col-50 elementor-top-column elementor-element elementor-element-591a52e\" data-id=\"591a52e\" data-element_type=\"column\" data-e-type=\"column\">\n\t\t\t<div class=\"elementor-widget-wrap elementor-element-populated\">\n\t\t\t\t\t\t<div class=\"elementor-element elementor-element-1de1e44 elementor-widget elementor-widget-text-editor\" data-id=\"1de1e44\" data-element_type=\"widget\" data-e-type=\"widget\" id=\"spelletjesavond\" data-widget_type=\"text-editor.default\">\n\t\t\t\t<div class=\"elementor-widget-container\">\n\t\t\t\t\t\t\t\t\t<p lang=\"fr-FR\"><span style=\"color: #ff3333\"><span style=\"font-family: Open Sans, sans-serif\"><span style=\"font-size: large\"><b>Soir\u00e9e Jeux de soci\u00e9t\u00e9<br \/>Bordspellenavond<\/b><\/span><\/span><\/span><\/p><p><span style=\"font-family: Open Sans, sans-serif\"><span lang=\"fr-FR\"><b>Vendredi 21<\/b><\/span><\/span><span style=\"color: #000000\"><span style=\"font-family: Open Sans, sans-serif\"><span lang=\"fr-FR\"><b> avril 2023<br \/><\/b><\/span><\/span><\/span><b style=\"font-family: 'Open Sans', sans-serif;color: #000000\">19h30 &#8211; 21h30<br \/><\/b><span style=\"color: #000000\"><span style=\"font-family: Open Sans, sans-serif\"><b>Odd Fellows<br \/><\/b><\/span><\/span><b style=\"font-family: 'Open Sans', sans-serif;color: #000000\">Emmastraat 29<br \/><\/b><span style=\"color: #000000\"><span style=\"font-family: Open Sans, sans-serif\"><b>8601 GK Sneek<\/b><\/span><\/span><b><\/b><b style=\"font-size: medium;font-family: 'Open Sans', serif\"><br \/><\/b><\/p>\t\t\t\t\t\t\t\t<\/div>\n\t\t\t\t<\/div>\n\t\t\t\t<div class=\"elementor-element elementor-element-cd83b97 elementor-widget elementor-widget-image\" data-id=\"cd83b97\" data-element_type=\"widget\" data-e-type=\"widget\" data-widget_type=\"image.default\">\n\t\t\t\t<div class=\"elementor-widget-container\">\n\t\t\t\t\t\t\t\t\t\t\t\t<figure class=\"wp-caption\">\n\t\t\t\t\t\t\t\t\t\t<img loading=\"lazy\" decoding=\"async\" width=\"263\" height=\"151\" src=\"https:\/\/www.alliance-francaise.nl\/frise\/wp-content\/uploads\/sites\/24\/2022\/08\/scrabble.png\" class=\"attachment-large size-large wp-image-2263\" alt=\"\" \/>\t\t\t\t\t\t\t\t\t\t\t<figcaption class=\"widget-image-caption wp-caption-text\">Scrabble<\/figcaption>\n\t\t\t\t\t\t\t\t\t\t<\/figure>\n\t\t\t\t\t\t\t\t\t<\/div>\n\t\t\t\t<\/div>\n\t\t\t\t\t<\/div>\n\t\t<\/div>\n\t\t\t\t<div class=\"elementor-column elementor-col-50 elementor-top-column elementor-element elementor-element-65b56fc\" data-id=\"65b56fc\" data-element_type=\"column\" data-e-type=\"column\">\n\t\t\t<div class=\"elementor-widget-wrap elementor-element-populated\">\n\t\t\t\t\t\t<div class=\"elementor-element elementor-element-8910e74 elementor-widget elementor-widget-text-editor\" data-id=\"8910e74\" data-element_type=\"widget\" data-e-type=\"widget\" data-widget_type=\"text-editor.default\">\n\t\t\t\t<div class=\"elementor-widget-container\">\n\t\t\t\t\t\t\t\t\t<p><span style=\"color: #000000\"><span style=\"font-family: Open Sans, sans-serif\"><span style=\"font-size: small\">De Alliance Fran\u00e7aise Friesland nodigt u uit voor haar bordspellenavond. <\/span><\/span><\/span><\/p><p><span style=\"color: #000000\"><span style=\"font-family: Open Sans, sans-serif\"><span style=\"font-size: small\">Op het programma: Scrabble, Pictionary en andere spellen die zowel leuk als<br \/>leerzaam zijn. Een aangename en leuke manier om uw Frans te oefenen terwijl u nieuwe mensen ontmoet!<\/span><\/span><\/span><\/p><p><span style=\"font-family: Open Sans, sans-serif\"><span style=\"font-size: small\"><span lang=\"fr-FR\">L&#8217;Alliance Fran\u00e7aise Friesland vous invite \u00e0 sa soir\u00e9e jeux de soci\u00e9t\u00e9. <\/span><\/span><\/span><\/p><p lang=\"fr-FR\"><span style=\"font-family: Open Sans, sans-serif\"><span style=\"font-size: small\">Au programme : Scrabble, Pictionary et autres jeux aussi amusants qu&#8217;\u00e9ducatifs.<br \/>Une fa\u00e7on agr\u00e9able et ludique de pratiquer votre fran\u00e7ais tout en faisant de belles rencontres.<\/span><\/span><\/p><p lang=\"fr-FR\"><span style=\"font-family: Open Sans, sans-serif\"><span style=\"font-size: small\">Gratis entr\u00e9e \/ Gratis toegang<\/span><\/span><\/p><p><span style=\"font-family: Open Sans, sans-serif\"><span style=\"font-size: small\">U dient zich van tevoren aan te melden &#8211; uiterlijk woensdag 19 april &#8211; op <\/span><\/span><span style=\"color: #0563c1\"><u><a href=\"mailto:secr.frise@afpb.nl\"><span style=\"font-family: Open Sans, sans-serif\"><span style=\"font-size: small\">secr.frise@afpb.nl<\/span><\/span><\/a><\/u><\/span><\/p>\t\t\t\t\t\t\t\t<\/div>\n\t\t\t\t<\/div>\n\t\t\t\t\t<\/div>\n\t\t<\/div>\n\t\t\t\t\t<\/div>\n\t\t<\/section>\n\t\t\t\t<\/div>\n\t\t","protected":false},"excerpt":{"rendered":"<p>Cultureel Programma 2022-2023 Leden en cursisten Alliance Fran\u00e7aise Friesland toegang GRATIS (tenzij anders vermeld). Vergeet niet uw pas mee te nemen. Niet-leden: \u20ac 10,00. (tenzij anders vermeld). Attentie voor de [&hellip;]<\/p>\n","protected":false},"author":1,"featured_media":0,"parent":0,"menu_order":0,"comment_status":"closed","ping_status":"closed","template":"elementor_header_footer","meta":{"footnotes":""},"class_list":["post-2135","page","type-page","status-publish","hentry"],"_links":{"self":[{"href":"https:\/\/www.alliance-francaise.nl\/frise\/wp-json\/wp\/v2\/pages\/2135","targetHints":{"allow":["GET"]}}],"collection":[{"href":"https:\/\/www.alliance-francaise.nl\/frise\/wp-json\/wp\/v2\/pages"}],"about":[{"href":"https:\/\/www.alliance-francaise.nl\/frise\/wp-json\/wp\/v2\/types\/page"}],"author":[{"embeddable":true,"href":"https:\/\/www.alliance-francaise.nl\/frise\/wp-json\/wp\/v2\/users\/1"}],"replies":[{"embeddable":true,"href":"https:\/\/www.alliance-francaise.nl\/frise\/wp-json\/wp\/v2\/comments?post=2135"}],"version-history":[{"count":21,"href":"https:\/\/www.alliance-francaise.nl\/frise\/wp-json\/wp\/v2\/pages\/2135\/revisions"}],"predecessor-version":[{"id":3606,"href":"https:\/\/www.alliance-francaise.nl\/frise\/wp-json\/wp\/v2\/pages\/2135\/revisions\/3606"}],"wp:attachment":[{"href":"https:\/\/www.alliance-francaise.nl\/frise\/wp-json\/wp\/v2\/media?parent=2135"}],"curies":[{"name":"wp","href":"https:\/\/api.w.org\/{rel}","templated":true}]}}