{"id":141,"date":"2019-12-20T15:47:51","date_gmt":"2019-12-20T15:47:51","guid":{"rendered":"https:\/\/www.alliance-francaise.nl\/2020\/frise\/?page_id=141"},"modified":"2019-12-20T15:48:12","modified_gmt":"2019-12-20T15:48:12","slug":"charte-de-qualite","status":"publish","type":"page","link":"https:\/\/www.alliance-francaise.nl\/frise\/cursussen\/charte-de-qualite\/","title":{"rendered":"Charte de Qualit\u00e9"},"content":{"rendered":"\t\t<div data-elementor-type=\"wp-page\" data-elementor-id=\"141\" class=\"elementor elementor-141\" data-elementor-post-type=\"page\">\n\t\t\t\t\t\t<section class=\"elementor-section elementor-top-section elementor-element elementor-element-6b3a915c elementor-section-boxed elementor-section-height-default elementor-section-height-default\" data-id=\"6b3a915c\" data-element_type=\"section\" data-e-type=\"section\" data-settings=\"{&quot;background_background&quot;:&quot;classic&quot;}\">\n\t\t\t\t\t\t<div class=\"elementor-container elementor-column-gap-default\">\n\t\t\t\t\t<div class=\"elementor-column elementor-col-100 elementor-top-column elementor-element elementor-element-219e3c43\" data-id=\"219e3c43\" data-element_type=\"column\" data-e-type=\"column\">\n\t\t\t<div class=\"elementor-widget-wrap\">\n\t\t\t\t\t\t\t<\/div>\n\t\t<\/div>\n\t\t\t\t\t<\/div>\n\t\t<\/section>\n\t\t\t\t<section class=\"elementor-section elementor-top-section elementor-element elementor-element-4d31f8a0 elementor-section-boxed elementor-section-height-default elementor-section-height-default\" data-id=\"4d31f8a0\" data-element_type=\"section\" data-e-type=\"section\">\n\t\t\t\t\t\t<div class=\"elementor-container elementor-column-gap-default\">\n\t\t\t\t\t<div class=\"elementor-column elementor-col-100 elementor-top-column elementor-element elementor-element-45f50610\" data-id=\"45f50610\" data-element_type=\"column\" data-e-type=\"column\" data-settings=\"{&quot;background_background&quot;:&quot;classic&quot;}\">\n\t\t\t<div class=\"elementor-widget-wrap elementor-element-populated\">\n\t\t\t\t\t<div class=\"elementor-background-overlay\"><\/div>\n\t\t\t\t\t\t<div class=\"elementor-element elementor-element-23668097 elementor-widget elementor-widget-heading\" data-id=\"23668097\" data-element_type=\"widget\" data-e-type=\"widget\" data-widget_type=\"heading.default\">\n\t\t\t\t<div class=\"elementor-widget-container\">\n\t\t\t\t\t<h1 class=\"elementor-heading-title elementor-size-default\">Charte de qualit\u00e9 \u2013 Kwaliteitsverklaring<\/h1>\t\t\t\t<\/div>\n\t\t\t\t<\/div>\n\t\t\t\t\t<\/div>\n\t\t<\/div>\n\t\t\t\t\t<\/div>\n\t\t<\/section>\n\t\t\t\t<section class=\"elementor-section elementor-top-section elementor-element elementor-element-68f1b67b elementor-section-boxed elementor-section-height-default elementor-section-height-default\" data-id=\"68f1b67b\" data-element_type=\"section\" data-e-type=\"section\">\n\t\t\t\t\t\t<div class=\"elementor-container elementor-column-gap-default\">\n\t\t\t\t\t<div class=\"elementor-column elementor-col-50 elementor-top-column elementor-element elementor-element-5870066c\" data-id=\"5870066c\" data-element_type=\"column\" data-e-type=\"column\">\n\t\t\t<div class=\"elementor-widget-wrap elementor-element-populated\">\n\t\t\t\t\t\t<div class=\"elementor-element elementor-element-2478e275 elementor-widget elementor-widget-text-editor\" data-id=\"2478e275\" data-element_type=\"widget\" data-e-type=\"widget\" data-widget_type=\"text-editor.default\">\n\t\t\t\t<div class=\"elementor-widget-container\">\n\t\t\t\t\t\t\t\t\t<h4><span style=\"color: #da002e;\"><u>Charte de qualit\u00e9<\/u><\/span><\/h4><p>Les Alliances fran\u00e7aises des Pays-Bas forment un\u00a0<b>r\u00e9seau national\u00a0<\/b>dont le projet p\u00e9dagogique est inspir\u00e9 par les sp\u00e9cificit\u00e9s du territoire et du public.<\/p>\t\t\t\t\t\t\t\t<\/div>\n\t\t\t\t<\/div>\n\t\t\t\t\t<\/div>\n\t\t<\/div>\n\t\t\t\t<div class=\"elementor-column elementor-col-50 elementor-top-column elementor-element elementor-element-75201649\" data-id=\"75201649\" data-element_type=\"column\" data-e-type=\"column\">\n\t\t\t<div class=\"elementor-widget-wrap elementor-element-populated\">\n\t\t\t\t\t\t<div class=\"elementor-element elementor-element-41f5abe9 elementor-widget elementor-widget-text-editor\" data-id=\"41f5abe9\" data-element_type=\"widget\" data-e-type=\"widget\" data-widget_type=\"text-editor.default\">\n\t\t\t\t<div class=\"elementor-widget-container\">\n\t\t\t\t\t\t\t\t\t<h4><span style=\"color: #da002e;\"><u>Kwaliteitsverklaring<\/u><\/span><\/h4><p>\u00a0<span style=\"font-size: 1rem;\">De Alliances Fran\u00e7aises van Nederland vormen een\u00a0<b>nationaal netwerk<\/b>\u00a0met een cursusaanbod dat de specifieke kenmerken van Nederland en het Nederlandse publiek als uitgangspunt heeft.<\/span><\/p>\t\t\t\t\t\t\t\t<\/div>\n\t\t\t\t<\/div>\n\t\t\t\t\t<\/div>\n\t\t<\/div>\n\t\t\t\t\t<\/div>\n\t\t<\/section>\n\t\t\t\t<section class=\"elementor-section elementor-top-section elementor-element elementor-element-8f1aa42 elementor-section-boxed elementor-section-height-default elementor-section-height-default\" data-id=\"8f1aa42\" data-element_type=\"section\" data-e-type=\"section\">\n\t\t\t\t\t\t<div class=\"elementor-container elementor-column-gap-default\">\n\t\t\t\t\t<div class=\"elementor-column elementor-col-50 elementor-top-column elementor-element elementor-element-26303f8f\" data-id=\"26303f8f\" data-element_type=\"column\" data-e-type=\"column\">\n\t\t\t<div class=\"elementor-widget-wrap elementor-element-populated\">\n\t\t\t\t\t\t<div class=\"elementor-element elementor-element-7dcddcaf elementor-widget elementor-widget-text-editor\" data-id=\"7dcddcaf\" data-element_type=\"widget\" data-e-type=\"widget\" data-widget_type=\"text-editor.default\">\n\t\t\t\t<div class=\"elementor-widget-container\">\n\t\t\t\t\t\t\t\t\t<p><span style=\"font-size: 1rem;\"><b>L&#8217;offre de cours<\/b>\u00a0est fond\u00e9e sur le Cadre europ\u00e9en commun de r\u00e9f\u00e9rences pour les langues.<\/span><\/p>\t\t\t\t\t\t\t\t<\/div>\n\t\t\t\t<\/div>\n\t\t\t\t\t<\/div>\n\t\t<\/div>\n\t\t\t\t<div class=\"elementor-column elementor-col-50 elementor-top-column elementor-element elementor-element-6e07588f\" data-id=\"6e07588f\" data-element_type=\"column\" data-e-type=\"column\">\n\t\t\t<div class=\"elementor-widget-wrap elementor-element-populated\">\n\t\t\t\t\t\t<div class=\"elementor-element elementor-element-56c936c6 elementor-widget elementor-widget-text-editor\" data-id=\"56c936c6\" data-element_type=\"widget\" data-e-type=\"widget\" data-widget_type=\"text-editor.default\">\n\t\t\t\t<div class=\"elementor-widget-container\">\n\t\t\t\t\t\t\t\t\t<p><span style=\"font-size: 1rem;\"><b>Het\u00a0cursusaanbod<\/b>\u00a0is gebaseerd is op het Europese referentiekader voor de talen.<\/span><\/p>\t\t\t\t\t\t\t\t<\/div>\n\t\t\t\t<\/div>\n\t\t\t\t\t<\/div>\n\t\t<\/div>\n\t\t\t\t\t<\/div>\n\t\t<\/section>\n\t\t\t\t<section class=\"elementor-section elementor-top-section elementor-element elementor-element-57af85b6 elementor-section-boxed elementor-section-height-default elementor-section-height-default\" data-id=\"57af85b6\" data-element_type=\"section\" data-e-type=\"section\">\n\t\t\t\t\t\t<div class=\"elementor-container elementor-column-gap-default\">\n\t\t\t\t\t<div class=\"elementor-column elementor-col-50 elementor-top-column elementor-element elementor-element-566cd142\" data-id=\"566cd142\" data-element_type=\"column\" data-e-type=\"column\">\n\t\t\t<div class=\"elementor-widget-wrap elementor-element-populated\">\n\t\t\t\t\t\t<div class=\"elementor-element elementor-element-549f7053 elementor-widget elementor-widget-text-editor\" data-id=\"549f7053\" data-element_type=\"widget\" data-e-type=\"widget\" data-widget_type=\"text-editor.default\">\n\t\t\t\t<div class=\"elementor-widget-container\">\n\t\t\t\t\t\t\t\t\t<p><span style=\"font-size: 1rem;\">Les enseignants, ayant le fran\u00e7ais pour langue maternelle ou langue seconde, sont\u00a0<b>dipl\u00f4m\u00e9s\u00a0<\/b>en Fran\u00e7ais langue \u00e9trang\u00e8re et\u00a0<b>comp\u00e9tents<\/b>. Ils actualisent leur savoir-faire dans le cadre de la formation continue.<\/span><\/p>\t\t\t\t\t\t\t\t<\/div>\n\t\t\t\t<\/div>\n\t\t\t\t\t<\/div>\n\t\t<\/div>\n\t\t\t\t<div class=\"elementor-column elementor-col-50 elementor-top-column elementor-element elementor-element-4f1d1df4\" data-id=\"4f1d1df4\" data-element_type=\"column\" data-e-type=\"column\">\n\t\t\t<div class=\"elementor-widget-wrap elementor-element-populated\">\n\t\t\t\t\t\t<div class=\"elementor-element elementor-element-62b6b68 elementor-widget elementor-widget-text-editor\" data-id=\"62b6b68\" data-element_type=\"widget\" data-e-type=\"widget\" data-widget_type=\"text-editor.default\">\n\t\t\t\t<div class=\"elementor-widget-container\">\n\t\t\t\t\t\t\t\t\t<p><span style=\"font-size: 1rem;\">De docenten, die Frans als moedertaal dan wel als tweede taal hebben, zijn\u00a0<b>vakkundig<\/b>\u00a0en\u00a0<b>bevoegd.<\/b> Door middel van na- en bijscholing actualiseren zij voortdurend hun kennis en vakkundigheid.<\/span><\/p>\t\t\t\t\t\t\t\t<\/div>\n\t\t\t\t<\/div>\n\t\t\t\t\t<\/div>\n\t\t<\/div>\n\t\t\t\t\t<\/div>\n\t\t<\/section>\n\t\t\t\t<section class=\"elementor-section elementor-top-section elementor-element elementor-element-26699581 elementor-section-boxed elementor-section-height-default elementor-section-height-default\" data-id=\"26699581\" data-element_type=\"section\" data-e-type=\"section\">\n\t\t\t\t\t\t<div class=\"elementor-container elementor-column-gap-default\">\n\t\t\t\t\t<div class=\"elementor-column elementor-col-50 elementor-top-column elementor-element elementor-element-70b2d464\" data-id=\"70b2d464\" data-element_type=\"column\" data-e-type=\"column\">\n\t\t\t<div class=\"elementor-widget-wrap elementor-element-populated\">\n\t\t\t\t\t\t<div class=\"elementor-element elementor-element-17768c29 elementor-widget elementor-widget-text-editor\" data-id=\"17768c29\" data-element_type=\"widget\" data-e-type=\"widget\" data-widget_type=\"text-editor.default\">\n\t\t\t\t<div class=\"elementor-widget-container\">\n\t\t\t\t\t\t\t\t\t<p><span style=\"font-size: 1rem;\"><strong>L&#8217;offre de cours<\/strong>\u00a0est\u00a0<b>diversifi\u00e9e<\/b>\u00a0et adapt\u00e9e aux besoins des apprenants.<\/span><\/p>\t\t\t\t\t\t\t\t<\/div>\n\t\t\t\t<\/div>\n\t\t\t\t\t<\/div>\n\t\t<\/div>\n\t\t\t\t<div class=\"elementor-column elementor-col-50 elementor-top-column elementor-element elementor-element-507a16ec\" data-id=\"507a16ec\" data-element_type=\"column\" data-e-type=\"column\">\n\t\t\t<div class=\"elementor-widget-wrap elementor-element-populated\">\n\t\t\t\t\t\t<div class=\"elementor-element elementor-element-43ffc16f elementor-widget elementor-widget-text-editor\" data-id=\"43ffc16f\" data-element_type=\"widget\" data-e-type=\"widget\" data-widget_type=\"text-editor.default\">\n\t\t\t\t<div class=\"elementor-widget-container\">\n\t\t\t\t\t\t\t\t\t<p><span style=\"font-size: 1rem;\">Er is een\u00a0<b>breed\u00a0cursusaanbod<\/b>\u00a0dat aansluit bij de behoeften van de cursisten.<\/span><\/p>\t\t\t\t\t\t\t\t<\/div>\n\t\t\t\t<\/div>\n\t\t\t\t\t<\/div>\n\t\t<\/div>\n\t\t\t\t\t<\/div>\n\t\t<\/section>\n\t\t\t\t<section class=\"elementor-section elementor-top-section elementor-element elementor-element-30bc0e58 elementor-section-boxed elementor-section-height-default elementor-section-height-default\" data-id=\"30bc0e58\" data-element_type=\"section\" data-e-type=\"section\">\n\t\t\t\t\t\t<div class=\"elementor-container elementor-column-gap-default\">\n\t\t\t\t\t<div class=\"elementor-column elementor-col-50 elementor-top-column elementor-element elementor-element-1042807d\" data-id=\"1042807d\" data-element_type=\"column\" data-e-type=\"column\">\n\t\t\t<div class=\"elementor-widget-wrap elementor-element-populated\">\n\t\t\t\t\t\t<div class=\"elementor-element elementor-element-60122904 elementor-widget elementor-widget-text-editor\" data-id=\"60122904\" data-element_type=\"widget\" data-e-type=\"widget\" data-widget_type=\"text-editor.default\">\n\t\t\t\t<div class=\"elementor-widget-container\">\n\t\t\t\t\t\t\t\t\t<p><span style=\"font-size: 1rem;\">Une\u00a0<b>\u00e9valuation personnalis\u00e9e<\/b>, gratuite et sans engagement est propos\u00e9e avant l\u2019inscription.<\/span><\/p>\t\t\t\t\t\t\t\t<\/div>\n\t\t\t\t<\/div>\n\t\t\t\t\t<\/div>\n\t\t<\/div>\n\t\t\t\t<div class=\"elementor-column elementor-col-50 elementor-top-column elementor-element elementor-element-2a0a64e1\" data-id=\"2a0a64e1\" data-element_type=\"column\" data-e-type=\"column\">\n\t\t\t<div class=\"elementor-widget-wrap elementor-element-populated\">\n\t\t\t\t\t\t<div class=\"elementor-element elementor-element-9aa302b elementor-widget elementor-widget-text-editor\" data-id=\"9aa302b\" data-element_type=\"widget\" data-e-type=\"widget\" data-widget_type=\"text-editor.default\">\n\t\t\t\t<div class=\"elementor-widget-container\">\n\t\t\t\t\t\t\t\t\t<p><span style=\"font-size: 1rem;\">Een vrijblijvende\u00a0<b>persoonlijke niveaubepaling<\/b>\u00a0wordt voor de inschrijving aangeboden. Er is een breed cursusaanbod dat aansluit bij de behoeften van de cursisten.<\/span><\/p>\t\t\t\t\t\t\t\t<\/div>\n\t\t\t\t<\/div>\n\t\t\t\t\t<\/div>\n\t\t<\/div>\n\t\t\t\t\t<\/div>\n\t\t<\/section>\n\t\t\t\t<section class=\"elementor-section elementor-top-section elementor-element elementor-element-5bac05d4 elementor-section-boxed elementor-section-height-default elementor-section-height-default\" data-id=\"5bac05d4\" data-element_type=\"section\" data-e-type=\"section\">\n\t\t\t\t\t\t<div class=\"elementor-container elementor-column-gap-default\">\n\t\t\t\t\t<div class=\"elementor-column elementor-col-50 elementor-top-column elementor-element elementor-element-7eb34a53\" data-id=\"7eb34a53\" data-element_type=\"column\" data-e-type=\"column\">\n\t\t\t<div class=\"elementor-widget-wrap elementor-element-populated\">\n\t\t\t\t\t\t<div class=\"elementor-element elementor-element-4b3e5529 elementor-widget elementor-widget-text-editor\" data-id=\"4b3e5529\" data-element_type=\"widget\" data-e-type=\"widget\" data-widget_type=\"text-editor.default\">\n\t\t\t\t<div class=\"elementor-widget-container\">\n\t\t\t\t\t\t\t\t\t<p><span style=\"font-size: 1rem;\">Les<b>\u00a0m\u00e9thodes\u00a0<\/b>utilis\u00e9es sont communicatives et actionnelles\u00a0; elles sont fond\u00e9es sur le<b>\u00a0Cadre europ\u00e9en<\/b>.<\/span><\/p>\t\t\t\t\t\t\t\t<\/div>\n\t\t\t\t<\/div>\n\t\t\t\t\t<\/div>\n\t\t<\/div>\n\t\t\t\t<div class=\"elementor-column elementor-col-50 elementor-top-column elementor-element elementor-element-49a1fb04\" data-id=\"49a1fb04\" data-element_type=\"column\" data-e-type=\"column\">\n\t\t\t<div class=\"elementor-widget-wrap elementor-element-populated\">\n\t\t\t\t\t\t<div class=\"elementor-element elementor-element-49484abc elementor-widget elementor-widget-text-editor\" data-id=\"49484abc\" data-element_type=\"widget\" data-e-type=\"widget\" data-widget_type=\"text-editor.default\">\n\t\t\t\t<div class=\"elementor-widget-container\">\n\t\t\t\t\t\t\t\t\t<p><span style=\"font-size: 1rem;\">De gebruikte\u00a0<b>methoden<\/b>\u00a0zijn communicatief en actief. Zij gaan uit van het\u00a0<b>Europees referentiekader<\/b>.<\/span><\/p>\t\t\t\t\t\t\t\t<\/div>\n\t\t\t\t<\/div>\n\t\t\t\t\t<\/div>\n\t\t<\/div>\n\t\t\t\t\t<\/div>\n\t\t<\/section>\n\t\t\t\t<section class=\"elementor-section elementor-top-section elementor-element elementor-element-6153b6fa elementor-section-boxed elementor-section-height-default elementor-section-height-default\" data-id=\"6153b6fa\" data-element_type=\"section\" data-e-type=\"section\">\n\t\t\t\t\t\t<div class=\"elementor-container elementor-column-gap-default\">\n\t\t\t\t\t<div class=\"elementor-column elementor-col-50 elementor-top-column elementor-element elementor-element-5ddd54ca\" data-id=\"5ddd54ca\" data-element_type=\"column\" data-e-type=\"column\">\n\t\t\t<div class=\"elementor-widget-wrap elementor-element-populated\">\n\t\t\t\t\t\t<div class=\"elementor-element elementor-element-2b4afe02 elementor-widget elementor-widget-text-editor\" data-id=\"2b4afe02\" data-element_type=\"widget\" data-e-type=\"widget\" data-widget_type=\"text-editor.default\">\n\t\t\t\t<div class=\"elementor-widget-container\">\n\t\t\t\t\t\t\t\t\t<p><span style=\"font-size: 1rem;\">Les apprenants ont la possibilit\u00e9 de se pr\u00e9parer aux\u00a0<b>certifications de fran\u00e7ais\u00a0langue<\/b> \u00e9trang\u00e8re<b>\u00a0reconnues<\/b>.<\/span><\/p>\t\t\t\t\t\t\t\t<\/div>\n\t\t\t\t<\/div>\n\t\t\t\t\t<\/div>\n\t\t<\/div>\n\t\t\t\t<div class=\"elementor-column elementor-col-50 elementor-top-column elementor-element elementor-element-43da926e\" data-id=\"43da926e\" data-element_type=\"column\" data-e-type=\"column\">\n\t\t\t<div class=\"elementor-widget-wrap elementor-element-populated\">\n\t\t\t\t\t\t<div class=\"elementor-element elementor-element-25550e21 elementor-widget elementor-widget-text-editor\" data-id=\"25550e21\" data-element_type=\"widget\" data-e-type=\"widget\" data-widget_type=\"text-editor.default\">\n\t\t\t\t<div class=\"elementor-widget-container\">\n\t\t\t\t\t\t\t\t\t<p><span style=\"font-size: 1rem;\">Cursisten hebben de mogelijkheid om zich voor te bereiden op de\u00a0<b>erkende diploma\u2019s Frans<\/b>\u00a0als vreemde taal.<\/span><\/p>\t\t\t\t\t\t\t\t<\/div>\n\t\t\t\t<\/div>\n\t\t\t\t\t<\/div>\n\t\t<\/div>\n\t\t\t\t\t<\/div>\n\t\t<\/section>\n\t\t\t\t<\/div>\n\t\t","protected":false},"excerpt":{"rendered":"<p>Charte de qualit\u00e9 \u2013 Kwaliteitsverklaring Charte de qualit\u00e9 Les Alliances fran\u00e7aises des Pays-Bas forment un\u00a0r\u00e9seau national\u00a0dont le projet p\u00e9dagogique est inspir\u00e9 par les sp\u00e9cificit\u00e9s du territoire et du public. Kwaliteitsverklaring [&hellip;]<\/p>\n","protected":false},"author":1,"featured_media":0,"parent":108,"menu_order":0,"comment_status":"closed","ping_status":"closed","template":"elementor_header_footer","meta":{"footnotes":""},"class_list":["post-141","page","type-page","status-publish","hentry"],"_links":{"self":[{"href":"https:\/\/www.alliance-francaise.nl\/frise\/wp-json\/wp\/v2\/pages\/141","targetHints":{"allow":["GET"]}}],"collection":[{"href":"https:\/\/www.alliance-francaise.nl\/frise\/wp-json\/wp\/v2\/pages"}],"about":[{"href":"https:\/\/www.alliance-francaise.nl\/frise\/wp-json\/wp\/v2\/types\/page"}],"author":[{"embeddable":true,"href":"https:\/\/www.alliance-francaise.nl\/frise\/wp-json\/wp\/v2\/users\/1"}],"replies":[{"embeddable":true,"href":"https:\/\/www.alliance-francaise.nl\/frise\/wp-json\/wp\/v2\/comments?post=141"}],"version-history":[{"count":0,"href":"https:\/\/www.alliance-francaise.nl\/frise\/wp-json\/wp\/v2\/pages\/141\/revisions"}],"up":[{"embeddable":true,"href":"https:\/\/www.alliance-francaise.nl\/frise\/wp-json\/wp\/v2\/pages\/108"}],"wp:attachment":[{"href":"https:\/\/www.alliance-francaise.nl\/frise\/wp-json\/wp\/v2\/media?parent=141"}],"curies":[{"name":"wp","href":"https:\/\/api.w.org\/{rel}","templated":true}]}}