{"id":120,"date":"2019-12-20T15:41:51","date_gmt":"2019-12-20T15:41:51","guid":{"rendered":"https:\/\/www.alliance-francaise.nl\/2020\/frise\/?page_id=120"},"modified":"2021-07-29T08:36:09","modified_gmt":"2021-07-29T08:36:09","slug":"cultureelprogramma","status":"publish","type":"page","link":"https:\/\/www.alliance-francaise.nl\/frise\/culturele-agenda\/cultureelprogramma\/","title":{"rendered":"Cultureelprogramma"},"content":{"rendered":"\t\t<div data-elementor-type=\"wp-page\" data-elementor-id=\"120\" class=\"elementor elementor-120\" data-elementor-post-type=\"page\">\n\t\t\t\t\t\t<section class=\"elementor-section elementor-top-section elementor-element elementor-element-df5765c elementor-section-boxed elementor-section-height-default elementor-section-height-default\" data-id=\"df5765c\" data-element_type=\"section\" data-e-type=\"section\">\n\t\t\t\t\t\t<div class=\"elementor-container elementor-column-gap-default\">\n\t\t\t\t\t<div class=\"elementor-column elementor-col-100 elementor-top-column elementor-element elementor-element-ae5f88b\" data-id=\"ae5f88b\" data-element_type=\"column\" data-e-type=\"column\">\n\t\t\t<div class=\"elementor-widget-wrap elementor-element-populated\">\n\t\t\t\t\t\t<div class=\"elementor-element elementor-element-a04357a elementor-widget elementor-widget-heading\" data-id=\"a04357a\" data-element_type=\"widget\" data-e-type=\"widget\" data-widget_type=\"heading.default\">\n\t\t\t\t<div class=\"elementor-widget-container\">\n\t\t\t\t\t<h2 class=\"elementor-heading-title elementor-size-large\"><a href=\"\">Cultureel Programma 2020-2021<\/a><\/h2>\t\t\t\t<\/div>\n\t\t\t\t<\/div>\n\t\t\t\t\t<\/div>\n\t\t<\/div>\n\t\t\t\t\t<\/div>\n\t\t<\/section>\n\t\t\t\t<section class=\"elementor-section elementor-top-section elementor-element elementor-element-1f8618b elementor-section-boxed elementor-section-height-default elementor-section-height-default\" data-id=\"1f8618b\" data-element_type=\"section\" data-e-type=\"section\">\n\t\t\t\t\t\t<div class=\"elementor-container elementor-column-gap-default\">\n\t\t\t\t\t<div class=\"elementor-column elementor-col-100 elementor-top-column elementor-element elementor-element-7e8d2e5\" data-id=\"7e8d2e5\" data-element_type=\"column\" data-e-type=\"column\">\n\t\t\t<div class=\"elementor-widget-wrap elementor-element-populated\">\n\t\t\t\t\t\t<div class=\"elementor-element elementor-element-6f34b61 elementor-widget elementor-widget-image\" data-id=\"6f34b61\" data-element_type=\"widget\" data-e-type=\"widget\" data-widget_type=\"image.default\">\n\t\t\t\t<div class=\"elementor-widget-container\">\n\t\t\t\t\t\t\t\t\t\t\t\t\t\t\t<img fetchpriority=\"high\" decoding=\"async\" width=\"800\" height=\"174\" src=\"https:\/\/www.alliance-francaise.nl\/frise\/wp-content\/uploads\/sites\/24\/2020\/10\/dre.png\" class=\"attachment-large size-large wp-image-320\" alt=\"\" srcset=\"https:\/\/www.alliance-francaise.nl\/frise\/wp-content\/uploads\/sites\/24\/2020\/10\/dre.png 976w, https:\/\/www.alliance-francaise.nl\/frise\/wp-content\/uploads\/sites\/24\/2020\/10\/dre-300x65.png 300w, https:\/\/www.alliance-francaise.nl\/frise\/wp-content\/uploads\/sites\/24\/2020\/10\/dre-768x167.png 768w, https:\/\/www.alliance-francaise.nl\/frise\/wp-content\/uploads\/sites\/24\/2020\/10\/dre-600x130.png 600w\" sizes=\"(max-width: 800px) 100vw, 800px\" \/>\t\t\t\t\t\t\t\t\t\t\t\t\t\t\t<\/div>\n\t\t\t\t<\/div>\n\t\t\t\t\t<\/div>\n\t\t<\/div>\n\t\t\t\t\t<\/div>\n\t\t<\/section>\n\t\t\t\t<section class=\"elementor-section elementor-top-section elementor-element elementor-element-bed4119 elementor-section-boxed elementor-section-height-default elementor-section-height-default\" data-id=\"bed4119\" data-element_type=\"section\" data-e-type=\"section\" data-settings=\"{&quot;background_background&quot;:&quot;classic&quot;}\">\n\t\t\t\t\t\t<div class=\"elementor-container elementor-column-gap-default\">\n\t\t\t\t\t<div class=\"elementor-column elementor-col-50 elementor-top-column elementor-element elementor-element-27a7ef5\" data-id=\"27a7ef5\" data-element_type=\"column\" data-e-type=\"column\">\n\t\t\t<div class=\"elementor-widget-wrap elementor-element-populated\">\n\t\t\t\t\t\t<div class=\"elementor-element elementor-element-3269287 elementor-widget elementor-widget-text-editor\" data-id=\"3269287\" data-element_type=\"widget\" data-e-type=\"widget\" data-widget_type=\"text-editor.default\">\n\t\t\t\t<div class=\"elementor-widget-container\">\n\t\t\t\t\t\t\t\t\t<h3><span style=\"color: #da002e\">L&#8217;affaire Dreyfus<\/span><\/h3><p>Dimanche 20 septembre<br \/>14h30\u201316h30<br \/>Agneskerk<br \/>Buorren 23\u00a0<br \/>9084 BB Goutum<\/p>\t\t\t\t\t\t\t\t<\/div>\n\t\t\t\t<\/div>\n\t\t\t\t<div class=\"elementor-element elementor-element-1bd033a elementor-widget elementor-widget-text-editor\" data-id=\"1bd033a\" data-element_type=\"widget\" data-e-type=\"widget\" data-widget_type=\"text-editor.default\">\n\t\t\t\t<div class=\"elementor-widget-container\">\n\t\t\t\t\t\t\t\t\t<h3><span style=\"color: #da002e\">Pr\u00e9sent\u00e9 par les membres du comit\u00e9 Alliance Fran\u00e7aise Friesland<\/span><\/h3><p>H\u00f4tesse d\u2019accueil: Elizabeth Eleveld, Tr\u00e9sori\u00e8re<br \/>Chansons: Anne-Marie Lacombe, Secr\u00e9taire<br \/>Histoire: Claude Perreau, Pr\u00e9sident\u00a0<br \/>Quiz: Floor van der Wal, Webmestre<\/p>\t\t\t\t\t\t\t\t<\/div>\n\t\t\t\t<\/div>\n\t\t\t\t\t<\/div>\n\t\t<\/div>\n\t\t\t\t<div class=\"elementor-column elementor-col-50 elementor-top-column elementor-element elementor-element-744f1fd\" data-id=\"744f1fd\" data-element_type=\"column\" data-e-type=\"column\">\n\t\t\t<div class=\"elementor-widget-wrap elementor-element-populated\">\n\t\t\t\t\t\t<div class=\"elementor-element elementor-element-47c6355 elementor-widget elementor-widget-text-editor\" data-id=\"47c6355\" data-element_type=\"widget\" data-e-type=\"widget\" data-widget_type=\"text-editor.default\">\n\t\t\t\t<div class=\"elementor-widget-container\">\n\t\t\t\t\t\t\t\t\t<p>La conf\u00e9rence est en Fran\u00e7ais avec une pr\u00e9sentation Power Point en n\u00e9erlandais.<\/p><p>De lezing is in toegankelijk Frans, de Power Pointpresentatie in het Nederlands.<\/p><p>Ouverture de la saison 2020-2021 avec vins et toasts<\/p><p>Pour notre premi\u00e8re rencontre de\u00a0la nouvelle saison, les membres\u00a0 du comit\u00e9 de l\u2019Alliance Fran\u00e7aise Friesland vous proposent le r\u00e9sultat d\u2019un travail de groupe. La conf\u00e9rence sera accompagn\u00e9e d\u2019un encadrement musical et d\u2019un test de connaissances sous forme de quiz.<\/p><p>De leden van het bestuur van de Alliance Fran\u00e7aise Friesland hebben zich gezamenlijk ingespannen bij de totstandkoming van de eerste bijeenkomst van het nieuwe seizoen. Het resultaat is een lezing (met kennisquiz) die muzikaal omlijst zal worden.<\/p><p>L\u2019 affaire Dreyfus\u00a0\u00a0\u00a0\u00a0\u00a0<\/p><p>Crise politique majeure qui secoua la III\u00e8me R\u00e9publique, l\u2019affaire Dreyfus implique un officier fran\u00e7ais\u00a0 de confession juive accus\u00e9 \u00e0 tort d\u2019espionnage. Alimentant divers rebondissements, \u00ab\u00a0l\u2019Affaire\u00a0\u00bb va scinder la France entre \u00ab\u00a0dreyfusards\u00a0\u00bb et \u00ab\u00a0anti-dreyfusards\u00a0\u00bb pendant plusieurs ann\u00e9es.<\/p><p>Een grote politieke crisis in de tijd van de Derde Franse Republiek. De Affaire Dreyfus gaat over een Joods-Franse officier die onterecht van spionage wordt beschuldigd. L\u2019Affaire wordt gevoed door verschillende wendingen die Frankrijk gedurende vele jaren zal splitsen in \u201cdreyfusards\u201den \u201canti-dreyfusards\u201d.<\/p><p>Illustration musicale par, entre autres, Yves Duteil: Dreyfus (1997)<\/p><p><a href=\"https:\/\/www.youtube.com\/watch?v=SaQrEcb4UaA\">https:\/\/www.youtube.com\/watch?v=SaQrEcb4UaA<\/a><\/p><p>Gratuit pour les membres de l\u2019Alliance Fran\u00e7aise (carte de membre obligatoire)<\/p><p>Gratis voor leden van de Alliance Fran\u00e7aise (neem uw pas mee)\u00a0<\/p><p>Droit d\u2019entr\u00e9e pour les non membres, \u20ac 10,- \/ Niet-leden betalen een toegangsprijs van \u20ac 10,-<\/p>\t\t\t\t\t\t\t\t<\/div>\n\t\t\t\t<\/div>\n\t\t\t\t\t<\/div>\n\t\t<\/div>\n\t\t\t\t\t<\/div>\n\t\t<\/section>\n\t\t\t\t<section class=\"elementor-section elementor-top-section elementor-element elementor-element-801da8b elementor-section-boxed elementor-section-height-default elementor-section-height-default\" data-id=\"801da8b\" data-element_type=\"section\" data-e-type=\"section\">\n\t\t\t\t\t\t<div class=\"elementor-container elementor-column-gap-default\">\n\t\t\t\t\t<div class=\"elementor-column elementor-col-100 elementor-top-column elementor-element elementor-element-a1d48ce\" data-id=\"a1d48ce\" data-element_type=\"column\" data-e-type=\"column\">\n\t\t\t<div class=\"elementor-widget-wrap elementor-element-populated\">\n\t\t\t\t\t\t<div class=\"elementor-element elementor-element-2d09e61 elementor-widget elementor-widget-image\" data-id=\"2d09e61\" data-element_type=\"widget\" data-e-type=\"widget\" data-widget_type=\"image.default\">\n\t\t\t\t<div class=\"elementor-widget-container\">\n\t\t\t\t\t\t\t\t\t\t\t\t\t\t\t<img decoding=\"async\" width=\"1248\" height=\"701\" src=\"https:\/\/www.alliance-francaise.nl\/frise\/wp-content\/uploads\/sites\/24\/2020\/10\/4fa177df22864518b2d7818d4db5db2d-1543945516.jpg\" class=\"attachment-1536x1536 size-1536x1536 wp-image-348\" alt=\"\" srcset=\"https:\/\/www.alliance-francaise.nl\/frise\/wp-content\/uploads\/sites\/24\/2020\/10\/4fa177df22864518b2d7818d4db5db2d-1543945516.jpg 1248w, https:\/\/www.alliance-francaise.nl\/frise\/wp-content\/uploads\/sites\/24\/2020\/10\/4fa177df22864518b2d7818d4db5db2d-1543945516-300x169.jpg 300w, https:\/\/www.alliance-francaise.nl\/frise\/wp-content\/uploads\/sites\/24\/2020\/10\/4fa177df22864518b2d7818d4db5db2d-1543945516-1024x575.jpg 1024w, https:\/\/www.alliance-francaise.nl\/frise\/wp-content\/uploads\/sites\/24\/2020\/10\/4fa177df22864518b2d7818d4db5db2d-1543945516-768x431.jpg 768w, https:\/\/www.alliance-francaise.nl\/frise\/wp-content\/uploads\/sites\/24\/2020\/10\/4fa177df22864518b2d7818d4db5db2d-1543945516-600x337.jpg 600w\" sizes=\"(max-width: 1248px) 100vw, 1248px\" \/>\t\t\t\t\t\t\t\t\t\t\t\t\t\t\t<\/div>\n\t\t\t\t<\/div>\n\t\t\t\t\t<\/div>\n\t\t<\/div>\n\t\t\t\t\t<\/div>\n\t\t<\/section>\n\t\t\t\t<section class=\"elementor-section elementor-top-section elementor-element elementor-element-ef383d7 elementor-section-boxed elementor-section-height-default elementor-section-height-default\" data-id=\"ef383d7\" data-element_type=\"section\" data-e-type=\"section\">\n\t\t\t\t\t\t<div class=\"elementor-container elementor-column-gap-default\">\n\t\t\t\t\t<div class=\"elementor-column elementor-col-33 elementor-top-column elementor-element elementor-element-d9b435e\" data-id=\"d9b435e\" data-element_type=\"column\" data-e-type=\"column\">\n\t\t\t<div class=\"elementor-widget-wrap elementor-element-populated\">\n\t\t\t\t\t\t<div class=\"elementor-element elementor-element-81c4e54 elementor-widget elementor-widget-text-editor\" data-id=\"81c4e54\" data-element_type=\"widget\" data-e-type=\"widget\" data-widget_type=\"text-editor.default\">\n\t\t\t\t<div class=\"elementor-widget-container\">\n\t\t\t\t\t\t\t\t\t<p><strong>Jeudi 8 octobre 2020<\/strong><br \/><strong>14h30 \u2013 16h30<\/strong><br \/><strong>RSG Magister Alvinus Almastraat 5<\/strong><br \/><strong>8601 EW Sneek<\/strong><\/p>\t\t\t\t\t\t\t\t<\/div>\n\t\t\t\t<\/div>\n\t\t\t\t\t<\/div>\n\t\t<\/div>\n\t\t\t\t<div class=\"elementor-column elementor-col-33 elementor-top-column elementor-element elementor-element-0168466\" data-id=\"0168466\" data-element_type=\"column\" data-e-type=\"column\">\n\t\t\t<div class=\"elementor-widget-wrap elementor-element-populated\">\n\t\t\t\t\t\t<div class=\"elementor-element elementor-element-53b9f9e elementor-widget elementor-widget-text-editor\" data-id=\"53b9f9e\" data-element_type=\"widget\" data-e-type=\"widget\" data-widget_type=\"text-editor.default\">\n\t\t\t\t<div class=\"elementor-widget-container\">\n\t\t\t\t\t\t\t\t\t<p><strong>Mardi 8 d\u00e9cembre 2020<\/strong><br \/><strong>13h00 \u2013 15h00<\/strong><br \/><strong>Friesland College<\/strong><br \/><strong>Julianalaan 97<\/strong><br \/><strong>8931 AH Leeuwarden<\/strong><\/p>\t\t\t\t\t\t\t\t<\/div>\n\t\t\t\t<\/div>\n\t\t\t\t\t<\/div>\n\t\t<\/div>\n\t\t\t\t<div class=\"elementor-column elementor-col-33 elementor-top-column elementor-element elementor-element-222fa5f\" data-id=\"222fa5f\" data-element_type=\"column\" data-e-type=\"column\">\n\t\t\t<div class=\"elementor-widget-wrap elementor-element-populated\">\n\t\t\t\t\t\t<div class=\"elementor-element elementor-element-8d9756b elementor-widget elementor-widget-text-editor\" data-id=\"8d9756b\" data-element_type=\"widget\" data-e-type=\"widget\" data-widget_type=\"text-editor.default\">\n\t\t\t\t<div class=\"elementor-widget-container\">\n\t\t\t\t\t\t\t\t\t<p><strong>Jeudi 10 d\u00e9cembre 2020<\/strong><br \/><strong>13h00 \u2013 15h00<\/strong><br \/><strong>Friesland College<\/strong><br \/><strong>Abe Lenstra Boulevard 29<\/strong><br \/><strong>8448 JA Heerenveen<br \/><span style=\"color: #da002e\">Deze voorstelling is<\/span><br \/><span style=\"color: #da002e\">geannuleerd<\/span><\/strong><\/p>\t\t\t\t\t\t\t\t<\/div>\n\t\t\t\t<\/div>\n\t\t\t\t\t<\/div>\n\t\t<\/div>\n\t\t\t\t\t<\/div>\n\t\t<\/section>\n\t\t\t\t<section class=\"elementor-section elementor-top-section elementor-element elementor-element-2667060 elementor-section-boxed elementor-section-height-default elementor-section-height-default\" data-id=\"2667060\" data-element_type=\"section\" data-e-type=\"section\">\n\t\t\t\t\t\t<div class=\"elementor-container elementor-column-gap-default\">\n\t\t\t\t\t<div class=\"elementor-column elementor-col-33 elementor-top-column elementor-element elementor-element-fc5e94e\" data-id=\"fc5e94e\" data-element_type=\"column\" data-e-type=\"column\">\n\t\t\t<div class=\"elementor-widget-wrap elementor-element-populated\">\n\t\t\t\t\t\t<div class=\"elementor-element elementor-element-b29e699 elementor-widget elementor-widget-text-editor\" data-id=\"b29e699\" data-element_type=\"widget\" data-e-type=\"widget\" data-widget_type=\"text-editor.default\">\n\t\t\t\t<div class=\"elementor-widget-container\">\n\t\t\t\t\t\t\t\t\t<p>Film en fran\u00e7ais ainsi que le sous-titrage et en collaboration avec RSG \u00e0 Sneek et het Friesland College \u00e0 Leeuwarden et Heerenveen<\/p><p>Nina est une m\u00e8re un peu folle, Baptiste un fils un peu trop sage. Ils sont depuis longtemps f\u00e2ch\u00e9s mais se retrouvent dans l\u2019aventure de leurs vies. Pendant un voyage improbable, amusant et \u00e9mouvant ils essayent de retrouver le temps perdu et r\u00e9apprendre \u00e0 s\u2019aimer<\/p>\t\t\t\t\t\t\t\t<\/div>\n\t\t\t\t<\/div>\n\t\t\t\t\t<\/div>\n\t\t<\/div>\n\t\t\t\t<div class=\"elementor-column elementor-col-33 elementor-top-column elementor-element elementor-element-5a9fed0\" data-id=\"5a9fed0\" data-element_type=\"column\" data-e-type=\"column\">\n\t\t\t<div class=\"elementor-widget-wrap elementor-element-populated\">\n\t\t\t\t\t\t<div class=\"elementor-element elementor-element-ac43dc7 elementor-widget elementor-widget-text-editor\" data-id=\"ac43dc7\" data-element_type=\"widget\" data-e-type=\"widget\" data-widget_type=\"text-editor.default\">\n\t\t\t\t<div class=\"elementor-widget-container\">\n\t\t\t\t\t\t\t\t\t<p>Nina is een moeder die een bee tje gek is. Haar zoon Baptiste is een beetje te braaf. Ze zijn al een hele tijd boos op elkaar. Nu vinden ze elkaar terug voor het avontuur van hun leven. Tijdens een onwaarschijnlijke, grappige en ontroerende reis zullen ze de verloren tijd goede maken, elkaar eindelijk leren kennen en van elkaar houden.<\/p><p>B<a href=\"https:\/\/www.youtube.com\/watch?v=BHEZugsKn1k\">ande annonce\/trailer<\/a><\/p>\t\t\t\t\t\t\t\t<\/div>\n\t\t\t\t<\/div>\n\t\t\t\t\t<\/div>\n\t\t<\/div>\n\t\t\t\t<div class=\"elementor-column elementor-col-33 elementor-top-column elementor-element elementor-element-2123b90\" data-id=\"2123b90\" data-element_type=\"column\" data-e-type=\"column\">\n\t\t\t<div class=\"elementor-widget-wrap elementor-element-populated\">\n\t\t\t\t\t\t<div class=\"elementor-element elementor-element-2eee2e6 elementor-widget elementor-widget-text-editor\" data-id=\"2eee2e6\" data-element_type=\"widget\" data-e-type=\"widget\" data-widget_type=\"text-editor.default\">\n\t\t\t\t<div class=\"elementor-widget-container\">\n\t\t\t\t\t\t\t\t\t<p>Gratis voor leden van de Alliance Fran\u00e7aise (neem uw pas mee) en leerlingen en docenten van de RSG Magister Alvinus en het Friesland College. Niet-leden betalen een toegangsprijs van \u20ac 10,-.<\/p><p><strong>Swannet van den Akker van de RSG, Hermien Blok van het Friesland College en Claude Perreau van de Alliance Fran\u00e7aise Friesland zullen u met plezier verwelkomen.<\/strong><\/p>\t\t\t\t\t\t\t\t<\/div>\n\t\t\t\t<\/div>\n\t\t\t\t\t<\/div>\n\t\t<\/div>\n\t\t\t\t\t<\/div>\n\t\t<\/section>\n\t\t\t\t<section class=\"elementor-section elementor-top-section elementor-element elementor-element-412a7dd elementor-section-boxed elementor-section-height-default elementor-section-height-default\" data-id=\"412a7dd\" data-element_type=\"section\" data-e-type=\"section\" data-settings=\"{&quot;background_background&quot;:&quot;classic&quot;}\">\n\t\t\t\t\t\t<div class=\"elementor-container elementor-column-gap-default\">\n\t\t\t\t\t<div class=\"elementor-column elementor-col-50 elementor-top-column elementor-element elementor-element-8f9834a\" data-id=\"8f9834a\" data-element_type=\"column\" data-e-type=\"column\">\n\t\t\t<div class=\"elementor-widget-wrap elementor-element-populated\">\n\t\t\t\t\t\t<div class=\"elementor-element elementor-element-227e39d elementor-widget elementor-widget-text-editor\" data-id=\"227e39d\" data-element_type=\"widget\" data-e-type=\"widget\" data-widget_type=\"text-editor.default\">\n\t\t\t\t<div class=\"elementor-widget-container\">\n\t\t\t\t\t\t\t\t\t<h3><span style=\"color: #da002e\">Le vin, Conf\u00e9rence et d\u00e9gustation<\/span><\/h3><p>Samidi 24 octobre 2020<br \/>14h00 &#8211; 17h00<br \/>Wijkgebouw Cambuursterhoek<br \/>Boerhaavestraat 44, 8921 TL Leeuwarden<\/p>\t\t\t\t\t\t\t\t<\/div>\n\t\t\t\t<\/div>\n\t\t\t\t<div class=\"elementor-element elementor-element-6a2a7b8 elementor-widget elementor-widget-image\" data-id=\"6a2a7b8\" data-element_type=\"widget\" data-e-type=\"widget\" data-widget_type=\"image.default\">\n\t\t\t\t<div class=\"elementor-widget-container\">\n\t\t\t\t\t\t\t\t\t\t\t\t\t\t\t<img decoding=\"async\" width=\"800\" height=\"450\" src=\"https:\/\/www.alliance-francaise.nl\/frise\/wp-content\/uploads\/sites\/24\/2020\/10\/vin.png\" class=\"attachment-large size-large wp-image-307\" alt=\"\" srcset=\"https:\/\/www.alliance-francaise.nl\/frise\/wp-content\/uploads\/sites\/24\/2020\/10\/vin.png 800w, https:\/\/www.alliance-francaise.nl\/frise\/wp-content\/uploads\/sites\/24\/2020\/10\/vin-300x169.png 300w, https:\/\/www.alliance-francaise.nl\/frise\/wp-content\/uploads\/sites\/24\/2020\/10\/vin-768x432.png 768w, https:\/\/www.alliance-francaise.nl\/frise\/wp-content\/uploads\/sites\/24\/2020\/10\/vin-600x338.png 600w\" sizes=\"(max-width: 800px) 100vw, 800px\" \/>\t\t\t\t\t\t\t\t\t\t\t\t\t\t\t<\/div>\n\t\t\t\t<\/div>\n\t\t\t\t\t<\/div>\n\t\t<\/div>\n\t\t\t\t<div class=\"elementor-column elementor-col-50 elementor-top-column elementor-element elementor-element-fd5bc76\" data-id=\"fd5bc76\" data-element_type=\"column\" data-e-type=\"column\">\n\t\t\t<div class=\"elementor-widget-wrap elementor-element-populated\">\n\t\t\t\t\t\t<div class=\"elementor-element elementor-element-973e160 elementor-widget elementor-widget-text-editor\" data-id=\"973e160\" data-element_type=\"widget\" data-e-type=\"widget\" data-widget_type=\"text-editor.default\">\n\t\t\t\t<div class=\"elementor-widget-container\">\n\t\t\t\t\t\t\t\t\t<h3><span style=\"color: #da002e\">Par: Claude Perreau<\/span><\/h3><p>Agr\u00e9able apr\u00e8s-midi pendant lequel nous d\u00e9gustons diff\u00e9rents vins fran\u00e7ais et suivons l\u2019histoire du vin.<br \/>L\u2019origine des vignes, les r\u00e9gions viticoles fran\u00e7aises, les c\u00e9pages, l\u2019ann\u00e9e du vigneron et beaucoup plus de sujets seront trait\u00e9s.<br \/>Parce que nous avons un nombre limit\u00e9 de places disponibles, il est imp\u00e9ratif de souscrire.<\/p><p>Gezellige middag waarop, tijdens het proeven van verschillende Franse wijnen, veel over <em>le Vin<\/em> wordt verteld. Het ontstaan van de wijngaarden, de Franse wijnregio\u2019s, de druivenstokken, het jaar van de wijnboeren en veel meer passeren de revue.<br \/>Omdat er een beperkt aantal plaatsen beschikbaar is, is inschrijven een must. Vol is vol!<\/p><p>Bijdrage in de kosten voor leden is \u20ac 8,&#8211;, voor niet leden \u20ac 18,&#8211;.<\/p><p>Om u in te schrijven voor deze middag kunt u zich melden bij de penningmeester, <a href=\"mailto:tres.frise@afpb.nl\">tres.frise@afpb.nl<\/a>.<br \/>Contribution dans les frais pour les membres est de \u20ac 8,&#8211;, et pour les non membres \u20ac 18,&#8211; .<\/p><p>Pour souscription et versement de la contribution, vous pouvez prendre contact avec la tr\u00e9sori\u00e8re, <a href=\"mailto:tr\u00e8s.frise@afpb.nl\">tr\u00e8s.frise@afpb.nl<\/a>.<\/p><p>Spreker Claude Perreau, Pr\u00e9sident de Alliance Fran\u00e7aise Friesland, geboren in een wijnboerenfamilie maar lang woonachtig in Friesland, zal deze middag in het Frans en Nederlands begeleiden. \u00a0<\/p>\t\t\t\t\t\t\t\t<\/div>\n\t\t\t\t<\/div>\n\t\t\t\t\t<\/div>\n\t\t<\/div>\n\t\t\t\t\t<\/div>\n\t\t<\/section>\n\t\t\t\t<section class=\"elementor-section elementor-top-section elementor-element elementor-element-e612604 elementor-section-boxed elementor-section-height-default elementor-section-height-default\" data-id=\"e612604\" data-element_type=\"section\" data-e-type=\"section\" data-settings=\"{&quot;background_background&quot;:&quot;classic&quot;}\">\n\t\t\t\t\t\t<div class=\"elementor-container elementor-column-gap-default\">\n\t\t\t\t\t<div class=\"elementor-column elementor-col-50 elementor-top-column elementor-element elementor-element-310d932\" data-id=\"310d932\" data-element_type=\"column\" data-e-type=\"column\">\n\t\t\t<div class=\"elementor-widget-wrap elementor-element-populated\">\n\t\t\t\t\t\t<div class=\"elementor-element elementor-element-50b7cb0 elementor-widget elementor-widget-text-editor\" data-id=\"50b7cb0\" data-element_type=\"widget\" data-e-type=\"widget\" data-widget_type=\"text-editor.default\">\n\t\t\t\t<div class=\"elementor-widget-container\">\n\t\t\t\t\t\t\t\t\t<h3><span style=\"color: #da002e\">Pirates, Corsaires et leur h\u00e9ritage<\/span><\/h3><p>Mercredi 18 novembre 2020<br \/>20h00 \u2013 22h00<br \/>Doopsgezinde kerk<br \/>Singel 26 (ingang Harinxmakade 45),<br \/>8601 AJ Sneek<\/p>\t\t\t\t\t\t\t\t<\/div>\n\t\t\t\t<\/div>\n\t\t\t\t<div class=\"elementor-element elementor-element-1dd40af elementor-widget elementor-widget-image\" data-id=\"1dd40af\" data-element_type=\"widget\" data-e-type=\"widget\" data-widget_type=\"image.default\">\n\t\t\t\t<div class=\"elementor-widget-container\">\n\t\t\t\t\t\t\t\t\t\t\t\t\t\t\t<img loading=\"lazy\" decoding=\"async\" width=\"451\" height=\"261\" src=\"https:\/\/www.alliance-francaise.nl\/frise\/wp-content\/uploads\/sites\/24\/2020\/10\/pirates-corsaires-heritage.png\" class=\"attachment-large size-large wp-image-273\" alt=\"\" srcset=\"https:\/\/www.alliance-francaise.nl\/frise\/wp-content\/uploads\/sites\/24\/2020\/10\/pirates-corsaires-heritage.png 451w, https:\/\/www.alliance-francaise.nl\/frise\/wp-content\/uploads\/sites\/24\/2020\/10\/pirates-corsaires-heritage-300x174.png 300w\" sizes=\"(max-width: 451px) 100vw, 451px\" \/>\t\t\t\t\t\t\t\t\t\t\t\t\t\t\t<\/div>\n\t\t\t\t<\/div>\n\t\t\t\t\t<\/div>\n\t\t<\/div>\n\t\t\t\t<div class=\"elementor-column elementor-col-50 elementor-top-column elementor-element elementor-element-9c9887a\" data-id=\"9c9887a\" data-element_type=\"column\" data-e-type=\"column\">\n\t\t\t<div class=\"elementor-widget-wrap elementor-element-populated\">\n\t\t\t\t\t\t<div class=\"elementor-element elementor-element-224e294 elementor-widget elementor-widget-text-editor\" data-id=\"224e294\" data-element_type=\"widget\" data-e-type=\"widget\" data-widget_type=\"text-editor.default\">\n\t\t\t\t<div class=\"elementor-widget-container\">\n\t\t\t\t\t\t\t\t\t<div id=\"content\" class=\"grid col-636\"><div id=\"post-2272\" class=\"post-2272 page type-page status-publish hentry\"><div class=\"post-entry\"><h3><span style=\"color: #da002e\">Par: Siem van Eeten<\/span><\/h3><p>Piet Hein, Surcouf, Jean Bart sont des noms<br \/>connus en France et chez nous! Pirates ou Corsaires?<br \/>Les villes de Saint Malo et Dunkerque refl\u00e8tent toujours ce pass\u00e9 glorieux et une des chansons populaires aux Pays-Bas<br \/>est toujours Piet Hein, zijn naam is klein. Mais est-ce qu\u2019il s\u2019agit vraiment de barbares tels qu\u2019on nous a toujours fait croire (sauf les Hollandais bien s\u00fbr)? Quel est l\u2019h\u00e9ritage des corsaires? Quelles traces restent-ils aujourd\u2019hui?<\/p><p>Siem van Eeten heeft Frans en geschiedenis gestudeerd en is de auteur van historische<br \/>publicaties met een nationale en wereldlijke context. Hij heeft hiervoor regelmatig archiee<br \/>ven in Nederland, Frankrijk en Engeland geraadpleegd.<br \/>Gratis voor leden van de Alliance Fran\u00e7aise<br \/>(neem uw pas mee). Niet-leden betalen een toegangsprijs van \u20ac 10,-.<br \/><strong>Cette conf\u00e9rence est en fran\u00e7ais.<\/strong><br \/><strong>Deze lezing is in het Frans.<\/strong><\/p><\/div><\/div><\/div>\t\t\t\t\t\t\t\t<\/div>\n\t\t\t\t<\/div>\n\t\t\t\t\t<\/div>\n\t\t<\/div>\n\t\t\t\t\t<\/div>\n\t\t<\/section>\n\t\t\t\t<section class=\"elementor-section elementor-top-section elementor-element elementor-element-3a7f990 elementor-section-boxed elementor-section-height-default elementor-section-height-default\" data-id=\"3a7f990\" data-element_type=\"section\" data-e-type=\"section\" data-settings=\"{&quot;background_background&quot;:&quot;classic&quot;}\">\n\t\t\t\t\t\t<div class=\"elementor-container elementor-column-gap-default\">\n\t\t\t\t\t<div class=\"elementor-column elementor-col-50 elementor-top-column elementor-element elementor-element-d5ca800\" data-id=\"d5ca800\" data-element_type=\"column\" data-e-type=\"column\">\n\t\t\t<div class=\"elementor-widget-wrap elementor-element-populated\">\n\t\t\t\t\t\t<div class=\"elementor-element elementor-element-b2e864b elementor-widget elementor-widget-text-editor\" data-id=\"b2e864b\" data-element_type=\"widget\" data-e-type=\"widget\" data-widget_type=\"text-editor.default\">\n\t\t\t\t<div class=\"elementor-widget-container\">\n\t\t\t\t\t\t\t\t\t<h3><span style=\"color: #da002e\">Antoine de Saint-Exup\u00e9ry<\/span><\/h3><p>Dimanche 8 novembre 2020<br \/>14h00 \u2013 16h00<\/p><p>Doopsgezinde Kerk<br \/>Wirdumerdijk 18<br \/>8911 CD Leeuwarden<\/p>\t\t\t\t\t\t\t\t<\/div>\n\t\t\t\t<\/div>\n\t\t\t\t<div class=\"elementor-element elementor-element-d1505b6 elementor-widget elementor-widget-image\" data-id=\"d1505b6\" data-element_type=\"widget\" data-e-type=\"widget\" data-widget_type=\"image.default\">\n\t\t\t\t<div class=\"elementor-widget-container\">\n\t\t\t\t\t\t\t\t\t\t\t\t\t\t\t<img loading=\"lazy\" decoding=\"async\" width=\"800\" height=\"530\" src=\"https:\/\/www.alliance-francaise.nl\/frise\/wp-content\/uploads\/sites\/24\/2020\/10\/saint.jpg\" class=\"attachment-large size-large wp-image-311\" alt=\"\" srcset=\"https:\/\/www.alliance-francaise.nl\/frise\/wp-content\/uploads\/sites\/24\/2020\/10\/saint.jpg 800w, https:\/\/www.alliance-francaise.nl\/frise\/wp-content\/uploads\/sites\/24\/2020\/10\/saint-300x199.jpg 300w, https:\/\/www.alliance-francaise.nl\/frise\/wp-content\/uploads\/sites\/24\/2020\/10\/saint-768x509.jpg 768w, https:\/\/www.alliance-francaise.nl\/frise\/wp-content\/uploads\/sites\/24\/2020\/10\/saint-600x398.jpg 600w\" sizes=\"(max-width: 800px) 100vw, 800px\" \/>\t\t\t\t\t\t\t\t\t\t\t\t\t\t\t<\/div>\n\t\t\t\t<\/div>\n\t\t\t\t\t<\/div>\n\t\t<\/div>\n\t\t\t\t<div class=\"elementor-column elementor-col-50 elementor-top-column elementor-element elementor-element-16460ce\" data-id=\"16460ce\" data-element_type=\"column\" data-e-type=\"column\">\n\t\t\t<div class=\"elementor-widget-wrap elementor-element-populated\">\n\t\t\t\t\t\t<div class=\"elementor-element elementor-element-608e794 elementor-widget elementor-widget-text-editor\" data-id=\"608e794\" data-element_type=\"widget\" data-e-type=\"widget\" data-widget_type=\"text-editor.default\">\n\t\t\t\t<div class=\"elementor-widget-container\">\n\t\t\t\t\t\t\t\t\t<div id=\"content\" class=\"grid col-636\"><div id=\"post-2272\" class=\"post-2272 page type-page status-publish hentry\"><div class=\"post-entry\"><h3><span style=\"color: #da002e\">Par: Niels Klinkenberg <\/span><\/h3><p>De lezing is in het Nederlands en in samenwerking met de VVAO, Vereniging van Vrouwen met een Hogere Opleiding.<\/p><p>Antoine de Saint-Exup\u00e9ry (1900-1944) was een Franse schrijver, journalist en piloot die beroemd werd met het boekje Le Petit Prince waarvan 80 miljoen exemplaren in vele talen verspreid werden en dat vele malen op toneel is gebracht en verfilmd. De naam van een wereldwijde charitatieve organisatie is ontleend aan een van zijn minder bekende romans, Terre des Hommes.<\/p><p>Spreker Niels Klinkenberg is zijn leven lang ge\u00efnteresseerd in Saint Exup\u00e9ry. Hij heeft onder meer een vertaling gemaakt van een van de publicaties van deze schrijver: Lettre \u00e0 un Otage (Brief aan een Gijzelaar). Hij heeft grote belangstelling voor literatuur en heeft een huis in de Ard\u00e8che, in het land dat zijn hart heeft gestolen.<\/p><p>Gratis voor leden van de Alliance Fran\u00e7aise (neem uw pas mee).<\/p><p>Niet-leden betalen een toegangsprijs van \u20ac 10,-.<\/p><\/div><\/div><\/div>\t\t\t\t\t\t\t\t<\/div>\n\t\t\t\t<\/div>\n\t\t\t\t\t<\/div>\n\t\t<\/div>\n\t\t\t\t\t<\/div>\n\t\t<\/section>\n\t\t\t\t<section class=\"elementor-section elementor-top-section elementor-element elementor-element-1472860 elementor-section-boxed elementor-section-height-default elementor-section-height-default\" data-id=\"1472860\" data-element_type=\"section\" data-e-type=\"section\" data-settings=\"{&quot;background_background&quot;:&quot;classic&quot;}\">\n\t\t\t\t\t\t<div class=\"elementor-container elementor-column-gap-default\">\n\t\t\t\t\t<div class=\"elementor-column elementor-col-50 elementor-top-column elementor-element elementor-element-fdbb8ed\" data-id=\"fdbb8ed\" data-element_type=\"column\" data-e-type=\"column\">\n\t\t\t<div class=\"elementor-widget-wrap elementor-element-populated\">\n\t\t\t\t\t\t<div class=\"elementor-element elementor-element-ce25618 elementor-widget elementor-widget-text-editor\" data-id=\"ce25618\" data-element_type=\"widget\" data-e-type=\"widget\" data-widget_type=\"text-editor.default\">\n\t\t\t\t<div class=\"elementor-widget-container\">\n\t\t\t\t\t\t\t\t\t<h3><span style=\"color: #da002e\">Le petit Prince<\/span><\/h3><p>Fin novembre 2020<br \/>10h30 &#8211; 12h00<br \/>Theater De Lawei<br \/>Laweiplein 1<\/p><p>9203 KL Drachten<\/p>\t\t\t\t\t\t\t\t<\/div>\n\t\t\t\t<\/div>\n\t\t\t\t<div class=\"elementor-element elementor-element-06c056f elementor-widget elementor-widget-image\" data-id=\"06c056f\" data-element_type=\"widget\" data-e-type=\"widget\" data-widget_type=\"image.default\">\n\t\t\t\t<div class=\"elementor-widget-container\">\n\t\t\t\t\t\t\t\t\t\t\t\t\t\t\t<img loading=\"lazy\" decoding=\"async\" width=\"218\" height=\"300\" src=\"https:\/\/www.alliance-francaise.nl\/frise\/wp-content\/uploads\/sites\/24\/2020\/10\/prins-218x300.jpg\" class=\"attachment-medium size-medium wp-image-322\" alt=\"\" srcset=\"https:\/\/www.alliance-francaise.nl\/frise\/wp-content\/uploads\/sites\/24\/2020\/10\/prins-218x300.jpg 218w, https:\/\/www.alliance-francaise.nl\/frise\/wp-content\/uploads\/sites\/24\/2020\/10\/prins-600x828.jpg 600w, https:\/\/www.alliance-francaise.nl\/frise\/wp-content\/uploads\/sites\/24\/2020\/10\/prins.jpg 696w\" sizes=\"(max-width: 218px) 100vw, 218px\" \/>\t\t\t\t\t\t\t\t\t\t\t\t\t\t\t<\/div>\n\t\t\t\t<\/div>\n\t\t\t\t\t<\/div>\n\t\t<\/div>\n\t\t\t\t<div class=\"elementor-column elementor-col-50 elementor-top-column elementor-element elementor-element-7cf4cf6\" data-id=\"7cf4cf6\" data-element_type=\"column\" data-e-type=\"column\">\n\t\t\t<div class=\"elementor-widget-wrap elementor-element-populated\">\n\t\t\t\t\t\t<div class=\"elementor-element elementor-element-ca71d96 elementor-widget elementor-widget-text-editor\" data-id=\"ca71d96\" data-element_type=\"widget\" data-e-type=\"widget\" data-widget_type=\"text-editor.default\">\n\t\t\t\t<div class=\"elementor-widget-container\">\n\t\t\t\t\t\t\t\t\t<h3><span style=\"color: #da002e\">Le Petit Prince, com\u00e9die musicale en fran\u00e7ais, en collaboration avec Drachtster Lyceum<\/span><\/h3><p>Apr\u00e8s le grand succ\u00e8s de l&#8217;ann\u00e9e derni\u00e8re avec la repr\u00e9sentation de Monsieur Ibrahim et les fleurs du coran, la compagnie TNT Theatre revient \u00e0 Drachten avec sa com\u00e9die musicale touchante du conte philosophique universel, Le Petit Prince. La clart\u00e9 du langage fran\u00e7ais et le travail du texte sont des aspects essentiels de leur travail. La musique soutient cette unique exp\u00e9rience.<\/p><p>Na het grote succes van afgelopen jaar met de voorstelling Monsieur Ibrahim komt TNT Theatre dit jaar met een Franstalige muzikale en ontroerende voorstelling over het filosofische sprookje Le Petit Prince. De helderheid van de Franse taal en de tekstverwerking zijn belangrijke aspecten van hun werk. De muziek neemt ons mee in deze unieke beleving.<\/p><p>\u00a0<\/p><p>U ontvangt later meer informatie over de exacte datum en de kaartverkoop.<\/p>\t\t\t\t\t\t\t\t<\/div>\n\t\t\t\t<\/div>\n\t\t\t\t\t<\/div>\n\t\t<\/div>\n\t\t\t\t\t<\/div>\n\t\t<\/section>\n\t\t\t\t<section class=\"elementor-section elementor-top-section elementor-element elementor-element-06613bc elementor-section-boxed elementor-section-height-default elementor-section-height-default\" data-id=\"06613bc\" data-element_type=\"section\" data-e-type=\"section\" data-settings=\"{&quot;background_background&quot;:&quot;classic&quot;}\">\n\t\t\t\t\t\t<div class=\"elementor-container elementor-column-gap-default\">\n\t\t\t\t\t<div class=\"elementor-column elementor-col-50 elementor-top-column elementor-element elementor-element-1adf77c\" data-id=\"1adf77c\" data-element_type=\"column\" data-e-type=\"column\">\n\t\t\t<div class=\"elementor-widget-wrap elementor-element-populated\">\n\t\t\t\t\t\t<div class=\"elementor-element elementor-element-0555e83 elementor-widget elementor-widget-text-editor\" data-id=\"0555e83\" data-element_type=\"widget\" data-e-type=\"widget\" data-widget_type=\"text-editor.default\">\n\t\t\t\t<div class=\"elementor-widget-container\">\n\t\t\t\t\t\t\t\t\t<h3><span style=\"color: #da002e\">Invitation au voyage litt\u00e9raire<\/span><\/h3><p>Dimanche 17 janvier 20121<br \/>14h00 &#8211; 17h00<br \/><br \/>Dorpskerk Huizum<br \/>Huizum Dorp 67<br \/>8934 BS Leeuwarden<\/p>\t\t\t\t\t\t\t\t<\/div>\n\t\t\t\t<\/div>\n\t\t\t\t<div class=\"elementor-element elementor-element-da1ca38 elementor-widget elementor-widget-image\" data-id=\"da1ca38\" data-element_type=\"widget\" data-e-type=\"widget\" data-widget_type=\"image.default\">\n\t\t\t\t<div class=\"elementor-widget-container\">\n\t\t\t\t\t\t\t\t\t\t\t\t\t\t\t<img loading=\"lazy\" decoding=\"async\" width=\"200\" height=\"300\" src=\"https:\/\/www.alliance-francaise.nl\/frise\/wp-content\/uploads\/sites\/24\/2020\/10\/tracy-200x300.jpg\" class=\"attachment-medium size-medium wp-image-317\" alt=\"\" srcset=\"https:\/\/www.alliance-francaise.nl\/frise\/wp-content\/uploads\/sites\/24\/2020\/10\/tracy-200x300.jpg 200w, https:\/\/www.alliance-francaise.nl\/frise\/wp-content\/uploads\/sites\/24\/2020\/10\/tracy.jpg 567w\" sizes=\"(max-width: 200px) 100vw, 200px\" \/>\t\t\t\t\t\t\t\t\t\t\t\t\t\t\t<\/div>\n\t\t\t\t<\/div>\n\t\t\t\t\t<\/div>\n\t\t<\/div>\n\t\t\t\t<div class=\"elementor-column elementor-col-50 elementor-top-column elementor-element elementor-element-40c4233\" data-id=\"40c4233\" data-element_type=\"column\" data-e-type=\"column\">\n\t\t\t<div class=\"elementor-widget-wrap elementor-element-populated\">\n\t\t\t\t\t\t<div class=\"elementor-element elementor-element-13220f1 elementor-widget elementor-widget-text-editor\" data-id=\"13220f1\" data-element_type=\"widget\" data-e-type=\"widget\" data-widget_type=\"text-editor.default\">\n\t\t\t\t<div class=\"elementor-widget-container\">\n\t\t\t\t\t\t\t\t\t<div id=\"content\" class=\"grid col-636\"><div id=\"post-2272\" class=\"post-2272 page type-page status-publish hentry\"><div class=\"post-entry\"><h3><span style=\"color: #da002e\">Par: Lisette Steentjes en Tracy van Poppel<\/span><\/h3><p>Deze lezing is in het Nederlands met literaire fragmenten in het Frans.<\/p><p>Wat is er mooier dan op een middag meegenomen te worden op een reis langs prachtige verhalen? Dit keer geen traditionele presentatie, maar een beleving van Franse literatuur.<\/p><p>Lisette Steentjes en Tracy van Poppel brengen op verrassende en originele wijze verhalen van bekende hedendaagse schrijvers uit het Franse taalgebied tot leven.\u00a0Voor de voorstelling maken zij een keuze uit verhalen van schrijvers als Eric-Emmanuel Schmitt, Philippe Claudel, Anna Gavalda, Fouad Laroui, Jean-Philippe Blondel en Andr\u00e9e Chedid. Het (kortere) verhaal is een uitstekende manier om kennis te maken met de stijl van schrijven en de themakeuzes van een auteur. Het biedt als het ware een doorkijkje naar \u2018het grotere werk\u2019.<\/p><p>Tracy leidt elk verhaal in met een korte biografie van de schrijver. Door een afwisselend inspelen op elkaar &#8211; Lisette vertelt een deel van het verhaal in het Nederlands, Tracy vult aan met het voorlezen van originele Franse fragmenten &#8211; wordt het Franse verhaal ook voor beginners toegankelijk.\u00a0<\/p><p>De beeldende vertelstijl van Lisette maakt dat je de verhalen beleeft alsof je er deel van uitmaakt. De voordracht in het mooi verzorgde Frans van Tracy voegt daar de oorspronkelijke stijl en sfeer van het verhaal aan toe. Een prachtige manier om kennis te maken met verschillende schrijvers en hun stijl van schrijven. Laat u verrassen!<\/p><p>Tracy van Poppel is docent Frans en ontwikkelaar van lesmateriaal met een voorliefde voor literatuur. Lisette Steentjes is verhalenverteller, trainer en coach.<\/p><p>Gratis voor leden van de Alliance Fran\u00e7aise (neem uw pas mee)<br \/>Niet-leden betalen een toegangsprijs van \u20ac 10,-<\/p><p>Deze lezing is in het Nederlands met literaire fragmenten in het Frans.<\/p><\/div><\/div><\/div>\t\t\t\t\t\t\t\t<\/div>\n\t\t\t\t<\/div>\n\t\t\t\t\t<\/div>\n\t\t<\/div>\n\t\t\t\t\t<\/div>\n\t\t<\/section>\n\t\t\t\t<section class=\"elementor-section elementor-top-section elementor-element elementor-element-43081d3 elementor-section-boxed elementor-section-height-default elementor-section-height-default\" data-id=\"43081d3\" data-element_type=\"section\" data-e-type=\"section\" data-settings=\"{&quot;background_background&quot;:&quot;classic&quot;}\">\n\t\t\t\t\t\t<div class=\"elementor-container elementor-column-gap-default\">\n\t\t\t\t\t<div class=\"elementor-column elementor-col-50 elementor-top-column elementor-element elementor-element-04bd8be\" data-id=\"04bd8be\" data-element_type=\"column\" data-e-type=\"column\">\n\t\t\t<div class=\"elementor-widget-wrap elementor-element-populated\">\n\t\t\t\t\t\t<div class=\"elementor-element elementor-element-7b04747 elementor-widget elementor-widget-text-editor\" data-id=\"7b04747\" data-element_type=\"widget\" data-e-type=\"widget\" data-widget_type=\"text-editor.default\">\n\t\t\t\t<div class=\"elementor-widget-container\">\n\t\t\t\t\t\t\t\t\t<h3><span style=\"color: #da002e\">La France sous Macron. En marche (arri\u00e8re)?!<\/span><\/h3><p><span style=\"border: 0px;font-size: 12pt;line-height: inherit;font-family: 'open sans', 'lucida sans unicode', 'lucida grande', 'arial unicode ms', verdana, tahoma, arial, sans-serif;margin: 0px;padding: 0px;vertical-align: baseline;color: #505050\">Mercredi 3 f\u00e9vrier 2021<br \/><\/span><span style=\"border: 0px;font-size: 12pt;line-height: inherit;font-family: 'open sans', 'lucida sans unicode', 'lucida grande', 'arial unicode ms', verdana, tahoma, arial, sans-serif;margin: 0px;padding: 0px;vertical-align: baseline;color: #505050\">20h00 &#8211; 22h00<br \/><br \/>Doopsgezinde Kerk<br \/>Wirdumerdijk 18,<br \/><\/span><span style=\"border: 0px;font-size: 12pt;line-height: inherit;font-family: 'open sans', 'lucida sans unicode', 'lucida grande', 'arial unicode ms', verdana, tahoma, arial, sans-serif;margin: 0px;padding: 0px;vertical-align: baseline;color: #505050\">8911 CD Leeuwarden<\/span><\/p>\t\t\t\t\t\t\t\t<\/div>\n\t\t\t\t<\/div>\n\t\t\t\t<div class=\"elementor-element elementor-element-4f46e06 elementor-widget elementor-widget-image\" data-id=\"4f46e06\" data-element_type=\"widget\" data-e-type=\"widget\" data-widget_type=\"image.default\">\n\t\t\t\t<div class=\"elementor-widget-container\">\n\t\t\t\t\t\t\t\t\t\t\t\t\t\t\t<img loading=\"lazy\" decoding=\"async\" width=\"303\" height=\"359\" src=\"https:\/\/www.alliance-francaise.nl\/frise\/wp-content\/uploads\/sites\/24\/2020\/10\/macron.png\" class=\"attachment-large size-large wp-image-315\" alt=\"\" srcset=\"https:\/\/www.alliance-francaise.nl\/frise\/wp-content\/uploads\/sites\/24\/2020\/10\/macron.png 303w, https:\/\/www.alliance-francaise.nl\/frise\/wp-content\/uploads\/sites\/24\/2020\/10\/macron-253x300.png 253w\" sizes=\"(max-width: 303px) 100vw, 303px\" \/>\t\t\t\t\t\t\t\t\t\t\t\t\t\t\t<\/div>\n\t\t\t\t<\/div>\n\t\t\t\t\t<\/div>\n\t\t<\/div>\n\t\t\t\t<div class=\"elementor-column elementor-col-50 elementor-top-column elementor-element elementor-element-c1daf9e\" data-id=\"c1daf9e\" data-element_type=\"column\" data-e-type=\"column\">\n\t\t\t<div class=\"elementor-widget-wrap elementor-element-populated\">\n\t\t\t\t\t\t<div class=\"elementor-element elementor-element-0511ab1 elementor-widget elementor-widget-text-editor\" data-id=\"0511ab1\" data-element_type=\"widget\" data-e-type=\"widget\" data-widget_type=\"text-editor.default\">\n\t\t\t\t<div class=\"elementor-widget-container\">\n\t\t\t\t\t\t\t\t\t<div id=\"content\" class=\"grid col-636\"><div id=\"post-2272\" class=\"post-2272 page type-page status-publish hentry\"><div class=\"post-entry\"><h3><span style=\"color: #da002e\">Par: Niek Pas<\/span><\/h3><p>Cette conf\u00e9rence est en fran\u00e7ais<br \/>Deze lezing is in het Frans<\/p><p><em>Cela fait presque trois ans qu\u2019Emmanuel Macron dirige la France. Le plus jeune pr\u00e9sident fran\u00e7ais de tous les temps ne manquait certainement pas d\u2019ambition. En 2017, l\u2019objectif de Macron n\u2019\u00e9tait pas seulement de moderniser la France, mais aussi de changer radicalement l\u2019Europe. Les deux programmes de r\u00e9forme sont \u00e9troitement li\u00e9s. La r\u00e9volte sociale des gilets jaunes \u00e0 partir de 2018 et les r\u00e9sultats d\u00e9cevants des \u00e9lections europ\u00e9ennes de mai 2019 ont \u00e9t\u00e9 des revers consid\u00e9rables. <\/em><\/p><p>In 2017 kwam Emmanuel Macron in Frankrijk aan de macht. De verkiezing van de toentertijd 39-jarige politicus was ronduit verrassend. Wat is er eigenlijk terecht gekomen van zijn ambitieuze nationale en internationale (Europese!) hervormingsagenda? En hoe staat Frankrijk er, halverwege Macrons ambtstermijn, eigenlijk voor op maatschappelijk, politiek en economisch gebied?<\/p><p>Niek Pas is docent op de Universiteit van Amsterdam waar hij cursussen verzorgt voor de afdelingen geschiedenis, Frans en mediastudies. Hij heeft meerdere publicaties op zijn naam, onder meer Macron en de nieuwe Franse revolutie, <em>Les champions sportifs \u00e0 l&#8217;\u00e9preuve des migrations coloniales et postcoloniales<\/em> en\u00a0La valorisation de l\u2019espace alg\u00e9rien \u00e0 travers le tour d\u2019Alg\u00e9rie Cylciste de 1929 \u00e0 nos jours. <br \/><br \/>Gratis voor leden van de Alliance Fran\u00e7aise (neem uw pas mee)<\/p><p>Niet-leden betalen een toegangsprijs van \u20ac 10,-<\/p><\/div><\/div><\/div>\t\t\t\t\t\t\t\t<\/div>\n\t\t\t\t<\/div>\n\t\t\t\t\t<\/div>\n\t\t<\/div>\n\t\t\t\t\t<\/div>\n\t\t<\/section>\n\t\t\t\t<section class=\"elementor-section elementor-top-section elementor-element elementor-element-2d026e3 elementor-section-boxed elementor-section-height-default elementor-section-height-default\" data-id=\"2d026e3\" data-element_type=\"section\" data-e-type=\"section\" data-settings=\"{&quot;background_background&quot;:&quot;classic&quot;}\">\n\t\t\t\t\t\t<div class=\"elementor-container elementor-column-gap-default\">\n\t\t\t\t\t<div class=\"elementor-column elementor-col-50 elementor-top-column elementor-element elementor-element-c4e7822\" data-id=\"c4e7822\" data-element_type=\"column\" data-e-type=\"column\">\n\t\t\t<div class=\"elementor-widget-wrap elementor-element-populated\">\n\t\t\t\t\t\t<div class=\"elementor-element elementor-element-a8a8da8 elementor-widget elementor-widget-text-editor\" data-id=\"a8a8da8\" data-element_type=\"widget\" data-e-type=\"widget\" data-widget_type=\"text-editor.default\">\n\t\t\t\t<div class=\"elementor-widget-container\">\n\t\t\t\t\t\t\t\t\t<p>Vendredi 26 mars 2021<br \/>20h00 \u2013 22h00<\/p><p>Buorskip<br \/>Vlaslaan 26, 9244 CH Beetsterzwaag<\/p>\t\t\t\t\t\t\t\t<\/div>\n\t\t\t\t<\/div>\n\t\t\t\t<div class=\"elementor-element elementor-element-0cc15ac elementor-widget elementor-widget-image\" data-id=\"0cc15ac\" data-element_type=\"widget\" data-e-type=\"widget\" data-widget_type=\"image.default\">\n\t\t\t\t<div class=\"elementor-widget-container\">\n\t\t\t\t\t\t\t\t\t\t\t\t\t\t\t<img loading=\"lazy\" decoding=\"async\" width=\"450\" height=\"250\" src=\"https:\/\/www.alliance-francaise.nl\/frise\/wp-content\/uploads\/sites\/24\/2019\/12\/lammy-bruyns.png\" class=\"attachment-large size-large wp-image-202\" alt=\"\" srcset=\"https:\/\/www.alliance-francaise.nl\/frise\/wp-content\/uploads\/sites\/24\/2019\/12\/lammy-bruyns.png 450w, https:\/\/www.alliance-francaise.nl\/frise\/wp-content\/uploads\/sites\/24\/2019\/12\/lammy-bruyns-300x167.png 300w\" sizes=\"(max-width: 450px) 100vw, 450px\" \/>\t\t\t\t\t\t\t\t\t\t\t\t\t\t\t<\/div>\n\t\t\t\t<\/div>\n\t\t\t\t\t<\/div>\n\t\t<\/div>\n\t\t\t\t<div class=\"elementor-column elementor-col-50 elementor-top-column elementor-element elementor-element-a526d20\" data-id=\"a526d20\" data-element_type=\"column\" data-e-type=\"column\">\n\t\t\t<div class=\"elementor-widget-wrap elementor-element-populated\">\n\t\t\t\t\t\t<div class=\"elementor-element elementor-element-adcff40 elementor-widget elementor-widget-text-editor\" data-id=\"adcff40\" data-element_type=\"widget\" data-e-type=\"widget\" data-widget_type=\"text-editor.default\">\n\t\t\t\t<div class=\"elementor-widget-container\">\n\t\t\t\t\t\t\t\t\t<div id=\"content\" class=\"grid col-636\"><div id=\"post-2272\" class=\"post-2272 page type-page status-publish hentry\"><div class=\"post-entry\"><h3><span style=\"color: #da002e\">Soir\u00e9e musicale, slotavond met het Lammy Bruyns Combo<\/span><\/h3><p>Lammy Bruyns et son Combo vous offrent une soir\u00e9e musicale dans une ambiance enti\u00e8rement fran\u00e7aise. Quatre musiciens vous emm\u00e8nent vers le Paris des ann\u00e9es 30 et 40, \u00e9poque de l&#8217;apog\u00e9e du divertissement le plus populaire: le Bal musette.<\/p><p>Pour cette soir\u00e9e finale, ce quatuor orient\u00e9 sur le fran\u00e7ais vous fera entendre quelques valses musettes et des javas, une musique joyeuse nous incitant \u00e0 danser. D\u2019autre part, le combo vous fera surtout entendre des chansons fran\u00e7aises c\u00e9l\u00e8bres interpr\u00e9t\u00e9es par des grands comme Jean Sablon, Edith Piaf et Charles Trenet. Sous la devise de \u201cParis je t&#8217;aime\u201d, nous vivrons une merveilleuse soir\u00e9e pleine de nostalgie.<br \/><br \/>Een muzikale avond geheel in Franse \u201cambiance\u201d verzorgd door het Lammy Bruyns Combo.<\/p><p>Vier musici die u meevoeren naar het Parijs van de jaren 30-40, de glorietijd van de \u201cBals musettes\u201d, het grote vermaak van die tijd.<\/p><p>Het Frans geori\u00ebnteerde kwartet brengt deze slotavond enkele originele Musette-walsjes en Java\u2019s, vrolijke muziek die uitnodigt tot dansen. Maar\u2026. daarnaast zullen vooral beroemde Franse chansons worden vertolkt van groten zoals bijvoorbeeld Jean Sablon, Edith Piaf en Charles Trenet.<\/p><p>Het wordt een heerlijk avondje vol nostalgie onder het motto \u201cParis, je t\u2019aime\u201d.<\/p><p>Vorig jaar is dit optreden helaas niet doorgegaan vanwege de coronacrisis. Wij zijn blij met deze herkansing!<\/p><p>Gratis voor leden van de Alliance Fran\u00e7aise (neem uw pas mee)<\/p><p>Niet-leden betalen een toegangsprijs van \u20ac 10,-<\/p><p>\u00a0<\/p><\/div><\/div><\/div>\t\t\t\t\t\t\t\t<\/div>\n\t\t\t\t<\/div>\n\t\t\t\t\t<\/div>\n\t\t<\/div>\n\t\t\t\t\t<\/div>\n\t\t<\/section>\n\t\t\t\t<\/div>\n\t\t","protected":false},"excerpt":{"rendered":"<p>Cultureel Programma 2020-2021 L&#8217;affaire Dreyfus Dimanche 20 septembre14h30\u201316h30AgneskerkBuorren 23\u00a09084 BB Goutum Pr\u00e9sent\u00e9 par les membres du comit\u00e9 Alliance Fran\u00e7aise Friesland H\u00f4tesse d\u2019accueil: Elizabeth Eleveld, Tr\u00e9sori\u00e8reChansons: Anne-Marie Lacombe, Secr\u00e9taireHistoire: Claude Perreau, [&hellip;]<\/p>\n","protected":false},"author":1,"featured_media":0,"parent":111,"menu_order":0,"comment_status":"closed","ping_status":"closed","template":"elementor_header_footer","meta":{"footnotes":""},"class_list":["post-120","page","type-page","status-publish","hentry"],"_links":{"self":[{"href":"https:\/\/www.alliance-francaise.nl\/frise\/wp-json\/wp\/v2\/pages\/120","targetHints":{"allow":["GET"]}}],"collection":[{"href":"https:\/\/www.alliance-francaise.nl\/frise\/wp-json\/wp\/v2\/pages"}],"about":[{"href":"https:\/\/www.alliance-francaise.nl\/frise\/wp-json\/wp\/v2\/types\/page"}],"author":[{"embeddable":true,"href":"https:\/\/www.alliance-francaise.nl\/frise\/wp-json\/wp\/v2\/users\/1"}],"replies":[{"embeddable":true,"href":"https:\/\/www.alliance-francaise.nl\/frise\/wp-json\/wp\/v2\/comments?post=120"}],"version-history":[{"count":0,"href":"https:\/\/www.alliance-francaise.nl\/frise\/wp-json\/wp\/v2\/pages\/120\/revisions"}],"up":[{"embeddable":true,"href":"https:\/\/www.alliance-francaise.nl\/frise\/wp-json\/wp\/v2\/pages\/111"}],"wp:attachment":[{"href":"https:\/\/www.alliance-francaise.nl\/frise\/wp-json\/wp\/v2\/media?parent=120"}],"curies":[{"name":"wp","href":"https:\/\/api.w.org\/{rel}","templated":true}]}}