{"id":544,"date":"2020-05-28T16:53:53","date_gmt":"2020-05-28T16:53:53","guid":{"rendered":"https:\/\/www.alliance-francaise.nl\/2020\/eindhoven\/?page_id=544"},"modified":"2025-08-10T09:17:49","modified_gmt":"2025-08-10T08:17:49","slug":"culturetheque","status":"publish","type":"page","link":"https:\/\/www.alliance-francaise.nl\/eindhoven\/culturetheque\/","title":{"rendered":"Cultureth\u00e8que"},"content":{"rendered":"\t\t<div data-elementor-type=\"wp-page\" data-elementor-id=\"544\" class=\"elementor elementor-544\" data-elementor-post-type=\"page\">\n\t\t\t\t\t\t<section class=\"elementor-section elementor-top-section elementor-element elementor-element-a0fa013 elementor-section-boxed elementor-section-height-default elementor-section-height-default\" data-id=\"a0fa013\" data-element_type=\"section\" data-e-type=\"section\">\n\t\t\t\t\t\t<div class=\"elementor-container elementor-column-gap-default\">\n\t\t\t\t\t<div class=\"elementor-column elementor-col-100 elementor-top-column elementor-element elementor-element-4c59e8c\" data-id=\"4c59e8c\" data-element_type=\"column\" data-e-type=\"column\">\n\t\t\t<div class=\"elementor-widget-wrap elementor-element-populated\">\n\t\t\t\t\t\t<div class=\"elementor-element elementor-element-14f7b5f elementor-widget elementor-widget-image\" data-id=\"14f7b5f\" data-element_type=\"widget\" data-e-type=\"widget\" data-widget_type=\"image.default\">\n\t\t\t\t<div class=\"elementor-widget-container\">\n\t\t\t\t\t\t\t\t\t\t\t\t\t\t\t<img decoding=\"async\" width=\"200\" height=\"200\" src=\"https:\/\/www.alliance-francaise.nl\/eindhoven\/wp-content\/uploads\/sites\/22\/2020\/05\/culturique200x200.jpg\" class=\"attachment-large size-large wp-image-546\" alt=\"\" srcset=\"https:\/\/www.alliance-francaise.nl\/eindhoven\/wp-content\/uploads\/sites\/22\/2020\/05\/culturique200x200.jpg 200w, https:\/\/www.alliance-francaise.nl\/eindhoven\/wp-content\/uploads\/sites\/22\/2020\/05\/culturique200x200-150x150.jpg 150w, https:\/\/www.alliance-francaise.nl\/eindhoven\/wp-content\/uploads\/sites\/22\/2020\/05\/culturique200x200-100x100.jpg 100w, https:\/\/www.alliance-francaise.nl\/eindhoven\/wp-content\/uploads\/sites\/22\/2020\/05\/elementor\/thumbs\/culturique200x200-150x150.jpg 220w\" sizes=\"(max-width: 200px) 100vw, 200px\" \/>\t\t\t\t\t\t\t\t\t\t\t\t\t\t\t<\/div>\n\t\t\t\t<\/div>\n\t\t\t\t\t<\/div>\n\t\t<\/div>\n\t\t\t\t\t<\/div>\n\t\t<\/section>\n\t\t\t\t<section class=\"elementor-section elementor-top-section elementor-element elementor-element-0ed5404 elementor-section-boxed elementor-section-height-default elementor-section-height-default\" data-id=\"0ed5404\" data-element_type=\"section\" data-e-type=\"section\">\n\t\t\t\t\t\t<div class=\"elementor-container elementor-column-gap-default\">\n\t\t\t\t\t<div class=\"elementor-column elementor-col-50 elementor-top-column elementor-element elementor-element-553e6e7\" data-id=\"553e6e7\" data-element_type=\"column\" data-e-type=\"column\">\n\t\t\t<div class=\"elementor-widget-wrap elementor-element-populated\">\n\t\t\t\t\t\t<div class=\"elementor-element elementor-element-0bc304c elementor-widget elementor-widget-text-editor\" data-id=\"0bc304c\" data-element_type=\"widget\" data-e-type=\"widget\" data-widget_type=\"text-editor.default\">\n\t\t\t\t<div class=\"elementor-widget-container\">\n\t\t\t\t\t\t\t\t\t<p><b>Vous \u00eates membre de l&#8217;Alliance Fran\u00e7aise d&#8217;Eindhoven?&nbsp;<\/b><\/p>\n<p><b>Acc\u00e9dez gratuitement \u00e0 Cultureth\u00e8que, votre biblioth\u00e8que num\u00e9rique.<\/b><\/p>\n<p><b>Suivez le guide!<\/b><\/p>\t\t\t\t\t\t\t\t<\/div>\n\t\t\t\t<\/div>\n\t\t\t\t\t<\/div>\n\t\t<\/div>\n\t\t\t\t<div class=\"elementor-column elementor-col-50 elementor-top-column elementor-element elementor-element-3ca950c\" data-id=\"3ca950c\" data-element_type=\"column\" data-e-type=\"column\">\n\t\t\t<div class=\"elementor-widget-wrap elementor-element-populated\">\n\t\t\t\t\t\t<div class=\"elementor-element elementor-element-0033346 elementor-widget elementor-widget-text-editor\" data-id=\"0033346\" data-element_type=\"widget\" data-e-type=\"widget\" data-widget_type=\"text-editor.default\">\n\t\t\t\t<div class=\"elementor-widget-container\">\n\t\t\t\t\t\t\t\t\t<p><b>Ben u lid van Alliance Fran\u00e7aise Eindhoven?<\/b><\/p>\n<p><b>Gratis toegang van tot Cultureth\u00e8que, uw digitale bibliotheek.<\/b><\/p>\n<p><b>Volg de gids!<\/b><\/p>\t\t\t\t\t\t\t\t<\/div>\n\t\t\t\t<\/div>\n\t\t\t\t\t<\/div>\n\t\t<\/div>\n\t\t\t\t\t<\/div>\n\t\t<\/section>\n\t\t\t\t<section class=\"elementor-section elementor-top-section elementor-element elementor-element-776a224 elementor-section-boxed elementor-section-height-default elementor-section-height-default\" data-id=\"776a224\" data-element_type=\"section\" data-e-type=\"section\">\n\t\t\t\t\t\t<div class=\"elementor-container elementor-column-gap-default\">\n\t\t\t\t\t<div class=\"elementor-column elementor-col-50 elementor-top-column elementor-element elementor-element-4b9df55\" data-id=\"4b9df55\" data-element_type=\"column\" data-e-type=\"column\">\n\t\t\t<div class=\"elementor-widget-wrap elementor-element-populated\">\n\t\t\t\t\t\t<div class=\"elementor-element elementor-element-155a0ae elementor-widget elementor-widget-text-editor\" data-id=\"155a0ae\" data-element_type=\"widget\" data-e-type=\"widget\" data-widget_type=\"text-editor.default\">\n\t\t\t\t<div class=\"elementor-widget-container\">\n\t\t\t\t\t\t\t\t\t<p><span class=\"s1\"><b>C\u2019est quoi\u00a0?<\/b><\/span><\/p><p><span class=\"s1\">Cultureth\u00e8que est une m\u00e9diath\u00e8que num\u00e9rique d\u00e9di\u00e9e aux cultures fran\u00e7aise et francophone. Elle permet d\u2019acc\u00e9der 24h\/24 \u00e0 plus de 70.000 ressources num\u00e9riques\u00a0: livres\/BD, presse\/magasines, audio, vid\u00e9o ou encore ressources pour l\u2019apprentissage de la langue fran\u00e7aise\u2026<\/span><span class=\"s1\">\u00a0<\/span><\/p><p>\u00a0<\/p>\t\t\t\t\t\t\t\t<\/div>\n\t\t\t\t<\/div>\n\t\t\t\t\t<\/div>\n\t\t<\/div>\n\t\t\t\t<div class=\"elementor-column elementor-col-50 elementor-top-column elementor-element elementor-element-2f83b82\" data-id=\"2f83b82\" data-element_type=\"column\" data-e-type=\"column\">\n\t\t\t<div class=\"elementor-widget-wrap elementor-element-populated\">\n\t\t\t\t\t\t<div class=\"elementor-element elementor-element-9ced814 elementor-widget elementor-widget-text-editor\" data-id=\"9ced814\" data-element_type=\"widget\" data-e-type=\"widget\" data-widget_type=\"text-editor.default\">\n\t\t\t\t<div class=\"elementor-widget-container\">\n\t\t\t\t\t\t\t\t\t<p><span class=\"s1\"><b>Wat is het?<\/b><\/span><\/p><p><span class=\"s1\">Cultureth\u00e8que is een digitale mediatheek voor Franse en Franstalige culturen. Het biedt 24\/7 toegang tot meer dan 70.000 digitale bronnen: boeken \/ strips, kranten \/ tijdschriften, audio, video en\/of bronnen voor het leren van de Franse taal &#8230;<\/span><span class=\"s1\">\u00a0<\/span><\/p>\t\t\t\t\t\t\t\t<\/div>\n\t\t\t\t<\/div>\n\t\t\t\t\t<\/div>\n\t\t<\/div>\n\t\t\t\t\t<\/div>\n\t\t<\/section>\n\t\t\t\t<section class=\"elementor-section elementor-top-section elementor-element elementor-element-10b45cb elementor-section-boxed elementor-section-height-default elementor-section-height-default\" data-id=\"10b45cb\" data-element_type=\"section\" data-e-type=\"section\">\n\t\t\t\t\t\t<div class=\"elementor-container elementor-column-gap-default\">\n\t\t\t\t\t<div class=\"elementor-column elementor-col-100 elementor-top-column elementor-element elementor-element-3cd1a26\" data-id=\"3cd1a26\" data-element_type=\"column\" data-e-type=\"column\">\n\t\t\t<div class=\"elementor-widget-wrap elementor-element-populated\">\n\t\t\t\t\t\t<div class=\"elementor-element elementor-element-fb3199a elementor-widget elementor-widget-video\" data-id=\"fb3199a\" data-element_type=\"widget\" data-e-type=\"widget\" data-settings=\"{&quot;youtube_url&quot;:&quot;https:\\\/\\\/youtu.be\\\/gO1a6JN-Yao&quot;,&quot;video_type&quot;:&quot;youtube&quot;,&quot;controls&quot;:&quot;yes&quot;}\" data-widget_type=\"video.default\">\n\t\t\t\t<div class=\"elementor-widget-container\">\n\t\t\t\t\t\t\t<div class=\"elementor-wrapper elementor-open-inline\">\n\t\t\t<div class=\"elementor-video\"><\/div>\t\t<\/div>\n\t\t\t\t\t\t<\/div>\n\t\t\t\t<\/div>\n\t\t\t\t\t<\/div>\n\t\t<\/div>\n\t\t\t\t\t<\/div>\n\t\t<\/section>\n\t\t\t\t<section class=\"elementor-section elementor-top-section elementor-element elementor-element-c8cb308 elementor-section-boxed elementor-section-height-default elementor-section-height-default\" data-id=\"c8cb308\" data-element_type=\"section\" data-e-type=\"section\">\n\t\t\t\t\t\t<div class=\"elementor-container elementor-column-gap-default\">\n\t\t\t\t\t<div class=\"elementor-column elementor-col-50 elementor-top-column elementor-element elementor-element-ce8b173\" data-id=\"ce8b173\" data-element_type=\"column\" data-e-type=\"column\">\n\t\t\t<div class=\"elementor-widget-wrap elementor-element-populated\">\n\t\t\t\t\t\t<div class=\"elementor-element elementor-element-0ef15bc elementor-widget elementor-widget-text-editor\" data-id=\"0ef15bc\" data-element_type=\"widget\" data-e-type=\"widget\" data-widget_type=\"text-editor.default\">\n\t\t\t\t<div class=\"elementor-widget-container\">\n\t\t\t\t\t\t\t\t\t<p class=\"p1\" style=\"text-align: center\"><span class=\"s1\"><b>Pour qui\u00a0?<\/b><\/span><\/p><p class=\"p1\" style=\"text-align: center\"><span class=\"s1\">L\u2019acc\u00e8s \u00e0 Cultureth\u00e8que est enti\u00e8rement gratuit pour les membres de l\u2019Alliance Fran\u00e7aise Eindhoven. La dur\u00e9e de validit\u00e9 du compte Cultureth\u00e8que correspond \u00e0 celle de la carte de membre.<\/span><\/p>\t\t\t\t\t\t\t\t<\/div>\n\t\t\t\t<\/div>\n\t\t\t\t\t<\/div>\n\t\t<\/div>\n\t\t\t\t<div class=\"elementor-column elementor-col-50 elementor-top-column elementor-element elementor-element-206a9c4\" data-id=\"206a9c4\" data-element_type=\"column\" data-e-type=\"column\">\n\t\t\t<div class=\"elementor-widget-wrap elementor-element-populated\">\n\t\t\t\t\t\t<div class=\"elementor-element elementor-element-234e941 elementor-widget elementor-widget-text-editor\" data-id=\"234e941\" data-element_type=\"widget\" data-e-type=\"widget\" data-widget_type=\"text-editor.default\">\n\t\t\t\t<div class=\"elementor-widget-container\">\n\t\t\t\t\t\t\t\t\t<p class=\"p1\" style=\"text-align: center\"><span class=\"s1\"><b>Voor wie?<\/b><\/span><\/p><p class=\"p1\" style=\"text-align: center\"><span class=\"s1\">Toegang tot Cultureth\u00e8que is volledig gratis voor leden van de Alliance Fran\u00e7aise Eindhoven. De geldigheidsperiode van de Cultureth\u00e8que-account komt overeen met die van het lidmaatschap.<\/span><\/p>\t\t\t\t\t\t\t\t<\/div>\n\t\t\t\t<\/div>\n\t\t\t\t\t<\/div>\n\t\t<\/div>\n\t\t\t\t\t<\/div>\n\t\t<\/section>\n\t\t\t\t<section class=\"elementor-section elementor-top-section elementor-element elementor-element-f0e32bb elementor-section-boxed elementor-section-height-default elementor-section-height-default\" data-id=\"f0e32bb\" data-element_type=\"section\" data-e-type=\"section\">\n\t\t\t\t\t\t<div class=\"elementor-container elementor-column-gap-default\">\n\t\t\t\t\t<div class=\"elementor-column elementor-col-50 elementor-top-column elementor-element elementor-element-023597a\" data-id=\"023597a\" data-element_type=\"column\" data-e-type=\"column\">\n\t\t\t<div class=\"elementor-widget-wrap elementor-element-populated\">\n\t\t\t\t\t\t<div class=\"elementor-element elementor-element-b5986cc elementor-widget elementor-widget-text-editor\" data-id=\"b5986cc\" data-element_type=\"widget\" data-e-type=\"widget\" data-widget_type=\"text-editor.default\">\n\t\t\t\t<div class=\"elementor-widget-container\">\n\t\t\t\t\t\t\t\t\t<p><b>Comment\u00a0?<\/b><\/p><ul><li style=\"text-align: left\">Cr\u00e9ez votre compte personnel \u00e0 partir de la page d\u2019accueil de <a href=\"https:\/\/www.culturetheque.com\/exploitation\/NLD\/accueil-portal.aspx\">Cultureth\u00e8que<\/a>. Cliquez sur le pav\u00e9 \u00ab\u00a0Mon compte\u00a0\u00bb en haut \u00e0 droite puis sur le lien \u00ab\u00a0Cr\u00e9er un compte maintenant\u00a0\u00bb.<\/li><li style=\"text-align: left\">Ce pr\u00e9-compte vous permet d\u2019acc\u00e9der aux ressources pendant trois semaines. Il expirera automatiquement si vous n\u2019\u00eates pas membre ou n\u2019avez pas rempli une <a href=\"https:\/\/www.alliance-francaise.nl\/eindhoven\/bienvenue-welkom\/lid-worden\/\">demande d\u2019adh\u00e9sion<\/a> pour le devenir.<\/li><li style=\"text-align: left\">Votre compte sera automatiquement activ\u00e9 jusqu\u2019au 31 ao\u00fbt 2025!<\/li><\/ul>\t\t\t\t\t\t\t\t<\/div>\n\t\t\t\t<\/div>\n\t\t\t\t\t<\/div>\n\t\t<\/div>\n\t\t\t\t<div class=\"elementor-column elementor-col-50 elementor-top-column elementor-element elementor-element-d27f584\" data-id=\"d27f584\" data-element_type=\"column\" data-e-type=\"column\">\n\t\t\t<div class=\"elementor-widget-wrap elementor-element-populated\">\n\t\t\t\t\t\t<div class=\"elementor-element elementor-element-86a889c elementor-widget elementor-widget-text-editor\" data-id=\"86a889c\" data-element_type=\"widget\" data-e-type=\"widget\" data-widget_type=\"text-editor.default\">\n\t\t\t\t<div class=\"elementor-widget-container\">\n\t\t\t\t\t\t\t\t\t<p><span class=\"s1\"><b>Hoe?<\/b><\/span><\/p><ul class=\"ul1\"><li class=\"li1\" style=\"text-align: left\"><span class=\"s1\">Maak uw persoonlijke account op de startpagina van de <a href=\"https:\/\/www.culturetheque.com\/exploitation\/NLD\/accueil-portal.aspx\"><span class=\"s3\">Cultureth\u00e8que<\/span><\/a>. Klik in de rechterbovenhoek op het vak &#8216;Mijn account&#8217; en vervolgens op de link &#8216;Maak nu een account&#8217;.<\/span><\/li><li class=\"li1\" style=\"text-align: left\"><span class=\"s1\">Met dit pre-account heeft u gedurende drie weken toegang tot bronnen. Het verloopt automatisch als u geen lid bent of een <a href=\"https:\/\/www.alliance-francaise.nl\/eindhoven\/bienvenue-welkom\/lid-worden\/\"><span class=\"s3\">lidmaatschapsaanvraag<\/span><\/a> nog niet hebt voltooid.<\/span><\/li><li class=\"li1\" style=\"text-align: left\"><span class=\"s2\">Uw account blijft automatisch actief tot 31 augustus 2025!<\/span><\/li><\/ul>\t\t\t\t\t\t\t\t<\/div>\n\t\t\t\t<\/div>\n\t\t\t\t\t<\/div>\n\t\t<\/div>\n\t\t\t\t\t<\/div>\n\t\t<\/section>\n\t\t\t\t<section class=\"elementor-section elementor-top-section elementor-element elementor-element-3df3441 elementor-section-boxed elementor-section-height-default elementor-section-height-default\" data-id=\"3df3441\" data-element_type=\"section\" data-e-type=\"section\">\n\t\t\t\t\t\t<div class=\"elementor-container elementor-column-gap-default\">\n\t\t\t\t\t<div class=\"elementor-column elementor-col-50 elementor-top-column elementor-element elementor-element-6c3711a\" data-id=\"6c3711a\" data-element_type=\"column\" data-e-type=\"column\">\n\t\t\t<div class=\"elementor-widget-wrap elementor-element-populated\">\n\t\t\t\t\t\t<div class=\"elementor-element elementor-element-a2e7afa elementor-widget elementor-widget-text-editor\" data-id=\"a2e7afa\" data-element_type=\"widget\" data-e-type=\"widget\" data-widget_type=\"text-editor.default\">\n\t\t\t\t<div class=\"elementor-widget-container\">\n\t\t\t\t\t\t\t\t\t<p><b>Des questions\u00a0?<\/b><\/p><p>Contactez nous<br \/><a style=\"font-size: 1rem\" href=\"mailto:culturetheque.eindhoven@afpb.nl\">culturetheque.eindhoven@afpb.nl<\/a><\/p>\t\t\t\t\t\t\t\t<\/div>\n\t\t\t\t<\/div>\n\t\t\t\t\t<\/div>\n\t\t<\/div>\n\t\t\t\t<div class=\"elementor-column elementor-col-50 elementor-top-column elementor-element elementor-element-1cb3349\" data-id=\"1cb3349\" data-element_type=\"column\" data-e-type=\"column\">\n\t\t\t<div class=\"elementor-widget-wrap elementor-element-populated\">\n\t\t\t\t\t\t<div class=\"elementor-element elementor-element-468945f elementor-widget elementor-widget-text-editor\" data-id=\"468945f\" data-element_type=\"widget\" data-e-type=\"widget\" data-widget_type=\"text-editor.default\">\n\t\t\t\t<div class=\"elementor-widget-container\">\n\t\t\t\t\t\t\t\t\t<p><b>Vragen?<\/b><\/p>\n<p>Neem contact op met ons<br><a style=\"background-color: #ffffff;font-size: 1rem\" href=\"mailto:culturetheque.eindhoven@afpb.nl\">culturetheque.eindhoven@afpb.nl<\/a><span style=\"font-size: 1rem\">&nbsp;<\/span><\/p>\t\t\t\t\t\t\t\t<\/div>\n\t\t\t\t<\/div>\n\t\t\t\t\t<\/div>\n\t\t<\/div>\n\t\t\t\t\t<\/div>\n\t\t<\/section>\n\t\t\t\t<\/div>\n\t\t","protected":false},"excerpt":{"rendered":"<p>Vous \u00eates membre de l&#8217;Alliance Fran\u00e7aise d&#8217;Eindhoven?&nbsp; Acc\u00e9dez gratuitement \u00e0 Cultureth\u00e8que, votre biblioth\u00e8que num\u00e9rique. Suivez le guide! Ben u lid van Alliance Fran\u00e7aise Eindhoven? Gratis toegang van tot Cultureth\u00e8que, uw [&hellip;]<\/p>\n","protected":false},"author":17,"featured_media":0,"parent":0,"menu_order":0,"comment_status":"closed","ping_status":"closed","template":"","meta":{"footnotes":""},"class_list":["post-544","page","type-page","status-publish","hentry"],"_links":{"self":[{"href":"https:\/\/www.alliance-francaise.nl\/eindhoven\/wp-json\/wp\/v2\/pages\/544","targetHints":{"allow":["GET"]}}],"collection":[{"href":"https:\/\/www.alliance-francaise.nl\/eindhoven\/wp-json\/wp\/v2\/pages"}],"about":[{"href":"https:\/\/www.alliance-francaise.nl\/eindhoven\/wp-json\/wp\/v2\/types\/page"}],"author":[{"embeddable":true,"href":"https:\/\/www.alliance-francaise.nl\/eindhoven\/wp-json\/wp\/v2\/users\/17"}],"replies":[{"embeddable":true,"href":"https:\/\/www.alliance-francaise.nl\/eindhoven\/wp-json\/wp\/v2\/comments?post=544"}],"version-history":[{"count":15,"href":"https:\/\/www.alliance-francaise.nl\/eindhoven\/wp-json\/wp\/v2\/pages\/544\/revisions"}],"predecessor-version":[{"id":6688,"href":"https:\/\/www.alliance-francaise.nl\/eindhoven\/wp-json\/wp\/v2\/pages\/544\/revisions\/6688"}],"wp:attachment":[{"href":"https:\/\/www.alliance-francaise.nl\/eindhoven\/wp-json\/wp\/v2\/media?parent=544"}],"curies":[{"name":"wp","href":"https:\/\/api.w.org\/{rel}","templated":true}]}}