{"id":1122,"date":"2023-07-07T14:36:02","date_gmt":"2023-07-07T14:36:02","guid":{"rendered":"https:\/\/www.alliance-francaise.nl\/ede-wageningen\/?page_id=1122"},"modified":"2026-04-30T11:09:21","modified_gmt":"2026-04-30T10:09:21","slug":"cultureelprogramma","status":"publish","type":"page","link":"https:\/\/www.alliance-francaise.nl\/ede-wageningen\/cultuur\/cultureelprogramma\/","title":{"rendered":"Cultureelprogramma 2025-2026"},"content":{"rendered":"\t\t<div data-elementor-type=\"wp-page\" data-elementor-id=\"1122\" class=\"elementor elementor-1122\" data-elementor-post-type=\"page\">\n\t\t\t\t\t\t<section class=\"elementor-section elementor-top-section elementor-element elementor-element-b103218 elementor-section-full_width elementor-section-height-default elementor-section-height-default\" data-id=\"b103218\" data-element_type=\"section\" data-e-type=\"section\" data-settings=\"{&quot;background_background&quot;:&quot;classic&quot;}\">\n\t\t\t\t\t\t<div class=\"elementor-container elementor-column-gap-default\">\n\t\t\t\t\t<div class=\"elementor-column elementor-col-100 elementor-top-column elementor-element elementor-element-b14aef2\" data-id=\"b14aef2\" data-element_type=\"column\" data-e-type=\"column\">\n\t\t\t<div class=\"elementor-widget-wrap\">\n\t\t\t\t\t\t\t<\/div>\n\t\t<\/div>\n\t\t\t\t\t<\/div>\n\t\t<\/section>\n\t\t\t\t<section class=\"elementor-section elementor-top-section elementor-element elementor-element-223cf8d3 elementor-section-boxed elementor-section-height-default elementor-section-height-default\" data-id=\"223cf8d3\" data-element_type=\"section\" data-e-type=\"section\">\n\t\t\t\t\t\t<div class=\"elementor-container elementor-column-gap-default\">\n\t\t\t\t\t<div class=\"elementor-column elementor-col-100 elementor-top-column elementor-element elementor-element-3d94ac81\" data-id=\"3d94ac81\" data-element_type=\"column\" data-e-type=\"column\" data-settings=\"{&quot;background_background&quot;:&quot;classic&quot;}\">\n\t\t\t<div class=\"elementor-widget-wrap elementor-element-populated\">\n\t\t\t\t\t<div class=\"elementor-background-overlay\"><\/div>\n\t\t\t\t\t\t<div class=\"elementor-element elementor-element-4a4fb964 elementor-widget elementor-widget-heading\" data-id=\"4a4fb964\" data-element_type=\"widget\" data-e-type=\"widget\" data-widget_type=\"heading.default\">\n\t\t\t\t<div class=\"elementor-widget-container\">\n\t\t\t\t\t<h1 class=\"elementor-heading-title elementor-size-default\">Cultureel programma <\/h1>\t\t\t\t<\/div>\n\t\t\t\t<\/div>\n\t\t\t\t\t<\/div>\n\t\t<\/div>\n\t\t\t\t\t<\/div>\n\t\t<\/section>\n\t\t\t\t<section class=\"elementor-section elementor-top-section elementor-element elementor-element-8228c9d elementor-section-boxed elementor-section-height-default elementor-section-height-default\" data-id=\"8228c9d\" data-element_type=\"section\" data-e-type=\"section\">\n\t\t\t\t\t\t<div class=\"elementor-container elementor-column-gap-default\">\n\t\t\t\t\t<div class=\"elementor-column elementor-col-100 elementor-top-column elementor-element elementor-element-db09edd\" data-id=\"db09edd\" data-element_type=\"column\" data-e-type=\"column\">\n\t\t\t<div class=\"elementor-widget-wrap elementor-element-populated\">\n\t\t\t\t\t\t<div class=\"elementor-element elementor-element-bdd2fe3 elementor-widget-divider--separator-type-pattern elementor-widget-divider--no-spacing elementor-widget-divider--view-line elementor-widget elementor-widget-divider\" data-id=\"bdd2fe3\" data-element_type=\"widget\" data-e-type=\"widget\" data-widget_type=\"divider.default\">\n\t\t\t\t<div class=\"elementor-widget-container\">\n\t\t\t\t\t\t\t<div class=\"elementor-divider\" style=\"--divider-pattern-url: url(&quot;data:image\/svg+xml,%3Csvg xmlns=&#039;http:\/\/www.w3.org\/2000\/svg&#039; preserveAspectRatio=&#039;xMidYMid meet&#039; overflow=&#039;visible&#039; height=&#039;100%&#039; viewBox=&#039;0 0 126 26&#039; fill=&#039;black&#039; stroke=&#039;none&#039;%3E%3Cpath d=&#039;M111.9,18.3v3.4H109v-3.4H111.9z M90.8,18.3v3.4H88v-3.4H90.8z M69.8,18.3v3.4h-2.9v-3.4H69.8z M48.8,18.3v3.4h-2.9v-3.4H48.8z M27.7,18.3v3.4h-2.9v-3.4H27.7z M6.7,18.3v3.4H3.8v-3.4H6.7z M46.4,4l4.3,4.8l-1.8,0l3.5,4.4l-2.2-0.1l3,3.3l-11,0.4l3.6-3.8l-2.9-0.1l3.1-4.2l-1.9,0L46.4,4z M111.4,4l2.4,4.8l-1.8,0l3.5,4.4l-2.5-0.1l3.3,3.3h-11l3.1-3.4l-2.5-0.1l3.1-4.2l-1.9,0L111.4,4z M89.9,4l2.9,4.8l-1.9,0l3.2,4.2l-2.5,0l3.5,3.5l-11-0.4l3-3.1l-2.4,0L88,8.8l-1.9,0L89.9,4z M68.6,4l3,4.4l-1.9,0.1l3.4,4.1l-2.7,0.1l3.8,3.7H63.8l2.9-3.6l-2.9,0.1L67,8.7l-2,0.1L68.6,4z M26.5,4l3,4.4l-1.9,0.1l3.7,4.7l-2.5-0.1l3.3,3.3H21l3.1-3.4l-2.5-0.1l3.2-4.3l-2,0.1L26.5,4z M4.9,4l3.7,4.8l-1.5,0l3.1,4.2L7.6,13l3.4,3.4H0l3-3.3l-2.3,0.1l3.5-4.4l-2.3,0L4.9,4z&#039;\/%3E%3C\/svg%3E&quot;);\">\n\t\t\t<span class=\"elementor-divider-separator\">\n\t\t\t\t\t\t<\/span>\n\t\t<\/div>\n\t\t\t\t\t\t<\/div>\n\t\t\t\t<\/div>\n\t\t\t\t\t<\/div>\n\t\t<\/div>\n\t\t\t\t\t<\/div>\n\t\t<\/section>\n\t\t\t\t<section class=\"elementor-section elementor-top-section elementor-element elementor-element-b356971 elementor-section-boxed elementor-section-height-default elementor-section-height-default\" data-id=\"b356971\" data-element_type=\"section\" data-e-type=\"section\">\n\t\t\t\t\t\t<div class=\"elementor-container elementor-column-gap-default\">\n\t\t\t\t\t<div class=\"elementor-column elementor-col-100 elementor-top-column elementor-element elementor-element-d454a63\" data-id=\"d454a63\" data-element_type=\"column\" data-e-type=\"column\">\n\t\t\t<div class=\"elementor-widget-wrap elementor-element-populated\">\n\t\t\t\t\t\t<div class=\"elementor-element elementor-element-043f031 elementor-widget__width-initial elementor-widget elementor-widget-text-editor\" data-id=\"043f031\" data-element_type=\"widget\" data-e-type=\"widget\" data-widget_type=\"text-editor.default\">\n\t\t\t\t<div class=\"elementor-widget-container\">\n\t\t\t\t\t\t\t\t\t<p style=\"text-align: center\">Onze culturele avonden zijn gratis toegankelijk voor alle cursisten. Bent u geen cursist, of wilt u als cursist iemand meenemen? Dan is uw introduc\u00e9 van harte welkom! Introduc\u00e9s betalen \u20ac10,- (contant te voldoen bij binnenkomst).<\/p><p style=\"text-align: center\">\u00a0Cursisten ontvangen enkele weken van tevoren een uitnodiging met een aanmeldlink per e-mail.<\/p><p style=\"text-align: center\">De Caf\u00e9s Fran\u00e7ais zijn gratis toegankelijk voor iedereen. Tijdens deze caf\u00e9s kunt u lekker in het Frans praten, ongeacht uw niveau.<\/p><h3 style=\"text-align: center\"><strong><span style=\"color: #da002e\">Aanmelden is verplicht voor alle culturele avonden.<\/span><\/strong><\/h3><p style=\"text-align: center\">Heeft u vragen? Neem dan gerust contact op met Nicole Jacobs via <a href=\"mailto:culture.edewageningen@afpb.nl\">culture.edewageningen@afpb.nl<\/a><\/p>\t\t\t\t\t\t\t\t<\/div>\n\t\t\t\t<\/div>\n\t\t\t\t\t<\/div>\n\t\t<\/div>\n\t\t\t\t\t<\/div>\n\t\t<\/section>\n\t\t\t\t<section class=\"elementor-section elementor-top-section elementor-element elementor-element-bc3b5e4 elementor-section-boxed elementor-section-height-default elementor-section-height-default\" data-id=\"bc3b5e4\" data-element_type=\"section\" data-e-type=\"section\">\n\t\t\t\t\t\t<div class=\"elementor-container elementor-column-gap-default\">\n\t\t\t\t\t<div class=\"elementor-column elementor-col-100 elementor-top-column elementor-element elementor-element-32d258e\" data-id=\"32d258e\" data-element_type=\"column\" data-e-type=\"column\">\n\t\t\t<div class=\"elementor-widget-wrap elementor-element-populated\">\n\t\t\t\t\t\t<div class=\"elementor-element elementor-element-ca6b027 elementor-widget-divider--separator-type-pattern elementor-widget-divider--no-spacing elementor-widget-divider--view-line elementor-widget elementor-widget-divider\" data-id=\"ca6b027\" data-element_type=\"widget\" data-e-type=\"widget\" data-widget_type=\"divider.default\">\n\t\t\t\t<div class=\"elementor-widget-container\">\n\t\t\t\t\t\t\t<div class=\"elementor-divider\" style=\"--divider-pattern-url: url(&quot;data:image\/svg+xml,%3Csvg xmlns=&#039;http:\/\/www.w3.org\/2000\/svg&#039; preserveAspectRatio=&#039;xMidYMid meet&#039; overflow=&#039;visible&#039; height=&#039;100%&#039; viewBox=&#039;0 0 126 26&#039; fill=&#039;black&#039; stroke=&#039;none&#039;%3E%3Cpath d=&#039;M111.9,18.3v3.4H109v-3.4H111.9z M90.8,18.3v3.4H88v-3.4H90.8z M69.8,18.3v3.4h-2.9v-3.4H69.8z M48.8,18.3v3.4h-2.9v-3.4H48.8z M27.7,18.3v3.4h-2.9v-3.4H27.7z M6.7,18.3v3.4H3.8v-3.4H6.7z M46.4,4l4.3,4.8l-1.8,0l3.5,4.4l-2.2-0.1l3,3.3l-11,0.4l3.6-3.8l-2.9-0.1l3.1-4.2l-1.9,0L46.4,4z M111.4,4l2.4,4.8l-1.8,0l3.5,4.4l-2.5-0.1l3.3,3.3h-11l3.1-3.4l-2.5-0.1l3.1-4.2l-1.9,0L111.4,4z M89.9,4l2.9,4.8l-1.9,0l3.2,4.2l-2.5,0l3.5,3.5l-11-0.4l3-3.1l-2.4,0L88,8.8l-1.9,0L89.9,4z M68.6,4l3,4.4l-1.9,0.1l3.4,4.1l-2.7,0.1l3.8,3.7H63.8l2.9-3.6l-2.9,0.1L67,8.7l-2,0.1L68.6,4z M26.5,4l3,4.4l-1.9,0.1l3.7,4.7l-2.5-0.1l3.3,3.3H21l3.1-3.4l-2.5-0.1l3.2-4.3l-2,0.1L26.5,4z M4.9,4l3.7,4.8l-1.5,0l3.1,4.2L7.6,13l3.4,3.4H0l3-3.3l-2.3,0.1l3.5-4.4l-2.3,0L4.9,4z&#039;\/%3E%3C\/svg%3E&quot;);\">\n\t\t\t<span class=\"elementor-divider-separator\">\n\t\t\t\t\t\t<\/span>\n\t\t<\/div>\n\t\t\t\t\t\t<\/div>\n\t\t\t\t<\/div>\n\t\t\t\t\t<\/div>\n\t\t<\/div>\n\t\t\t\t\t<\/div>\n\t\t<\/section>\n\t\t\t\t<section class=\"elementor-section elementor-top-section elementor-element elementor-element-3097801 elementor-section-boxed elementor-section-height-default elementor-section-height-default\" data-id=\"3097801\" data-element_type=\"section\" data-e-type=\"section\">\n\t\t\t\t\t\t<div class=\"elementor-container elementor-column-gap-default\">\n\t\t\t\t\t<div class=\"elementor-column elementor-col-100 elementor-top-column elementor-element elementor-element-7de9e4b\" data-id=\"7de9e4b\" data-element_type=\"column\" data-e-type=\"column\">\n\t\t\t<div class=\"elementor-widget-wrap\">\n\t\t\t\t\t\t\t<\/div>\n\t\t<\/div>\n\t\t\t\t\t<\/div>\n\t\t<\/section>\n\t\t\t\t<section class=\"elementor-section elementor-top-section elementor-element elementor-element-9a5e60b elementor-section-boxed elementor-section-height-default elementor-section-height-default\" data-id=\"9a5e60b\" data-element_type=\"section\" data-e-type=\"section\">\n\t\t\t\t\t\t<div class=\"elementor-container elementor-column-gap-default\">\n\t\t\t\t\t<div class=\"elementor-column elementor-col-100 elementor-top-column elementor-element elementor-element-4da62b8\" data-id=\"4da62b8\" data-element_type=\"column\" data-e-type=\"column\">\n\t\t\t<div class=\"elementor-widget-wrap elementor-element-populated\">\n\t\t\t\t\t\t<div class=\"elementor-element elementor-element-8f51e7c elementor-widget elementor-widget-heading\" data-id=\"8f51e7c\" data-element_type=\"widget\" data-e-type=\"widget\" data-widget_type=\"heading.default\">\n\t\t\t\t<div class=\"elementor-widget-container\">\n\t\t\t\t\t<h2 class=\"elementor-heading-title elementor-size-default\">Wij hebben u gemist !\n<\/h2>\t\t\t\t<\/div>\n\t\t\t\t<\/div>\n\t\t\t\t<div class=\"elementor-element elementor-element-7886712 elementor-widget-divider--separator-type-pattern elementor-widget-divider--no-spacing elementor-widget-divider--view-line elementor-widget elementor-widget-divider\" data-id=\"7886712\" data-element_type=\"widget\" data-e-type=\"widget\" data-widget_type=\"divider.default\">\n\t\t\t\t<div class=\"elementor-widget-container\">\n\t\t\t\t\t\t\t<div class=\"elementor-divider\" style=\"--divider-pattern-url: url(&quot;data:image\/svg+xml,%3Csvg xmlns=&#039;http:\/\/www.w3.org\/2000\/svg&#039; preserveAspectRatio=&#039;xMidYMid meet&#039; overflow=&#039;visible&#039; height=&#039;100%&#039; viewBox=&#039;0 0 126 26&#039; fill=&#039;black&#039; stroke=&#039;none&#039;%3E%3Cpath d=&#039;M3,10.2c2.6,0,2.6,2,2.6,3.2S4.4,16.5,3,16.5s-3-1.4-3-3.2S0.4,10.2,3,10.2z M18.8,10.2c1.7,0,3.2,1.4,3.2,3.2s-1.4,3.2-3.2,3.2c-1.7,0-3.2-1.4-3.2-3.2S17,10.2,18.8,10.2z M34.6,10.2c1.5,0,2.6,1.4,2.6,3.2s-0.5,3.2-1.9,3.2c-1.5,0-3.4-1.4-3.4-3.2S33.1,10.2,34.6,10.2z M50.5,10.2c1.7,0,3.2,1.4,3.2,3.2s-1.4,3.2-3.2,3.2c-1.7,0-3.3-0.9-3.3-2.6S48.7,10.2,50.5,10.2z M66.2,10.2c1.5,0,3.4,1.4,3.4,3.2s-1.9,3.2-3.4,3.2c-1.5,0-2.6-0.4-2.6-2.1S64.8,10.2,66.2,10.2z M82.2,10.2c1.7,0.8,2.6,1.4,2.6,3.2s-0.1,3.2-1.6,3.2c-1.5,0-3.7-1.4-3.7-3.2S80.5,9.4,82.2,10.2zM98.6,10.2c1.5,0,2.6,0.4,2.6,2.1s-1.2,4.2-2.6,4.2c-1.5,0-3.7-0.4-3.7-2.1S97.1,10.2,98.6,10.2z M113.4,10.2c1.2,0,2.2,0.9,2.2,3.2s-0.1,3.2-1.3,3.2s-3.1-1.4-3.1-3.2S112.2,10.2,113.4,10.2z&#039;\/%3E%3C\/svg%3E&quot;);\">\n\t\t\t<span class=\"elementor-divider-separator\">\n\t\t\t\t\t\t<\/span>\n\t\t<\/div>\n\t\t\t\t\t\t<\/div>\n\t\t\t\t<\/div>\n\t\t\t\t\t<\/div>\n\t\t<\/div>\n\t\t\t\t\t<\/div>\n\t\t<\/section>\n\t\t\t\t<section class=\"elementor-section elementor-top-section elementor-element elementor-element-6162bf9 elementor-section-boxed elementor-section-height-default elementor-section-height-default\" data-id=\"6162bf9\" data-element_type=\"section\" data-e-type=\"section\" data-settings=\"{&quot;background_background&quot;:&quot;classic&quot;}\">\n\t\t\t\t\t\t<div class=\"elementor-container elementor-column-gap-default\">\n\t\t\t\t\t<div class=\"elementor-column elementor-col-50 elementor-top-column elementor-element elementor-element-e059d61\" data-id=\"e059d61\" data-element_type=\"column\" data-e-type=\"column\">\n\t\t\t<div class=\"elementor-widget-wrap elementor-element-populated\">\n\t\t\t\t\t\t<div class=\"elementor-element elementor-element-f76030e elementor-widget elementor-widget-text-editor\" data-id=\"f76030e\" data-element_type=\"widget\" data-e-type=\"widget\" data-widget_type=\"text-editor.default\">\n\t\t\t\t<div class=\"elementor-widget-container\">\n\t\t\t\t\t\t\t\t\t<p><strong>Donderdag 23 april 2026<\/strong><\/p><p><strong><span style=\"vertical-align: inherit\"><span style=\"vertical-align: inherit\"><span style=\"vertical-align: inherit\"><span style=\"vertical-align: inherit\">Slotavond, soir\u00e9e de cl\u00f4ture<\/span><\/span><\/span><\/span><\/strong><\/p><p>Jeu de Boules vereniging Les Sabots, Wageningselaan 3A, Veenendaal<\/p><p><b>Inloop vanaf 19 uur<br \/>Begin 19.30 uur<\/b><\/p>\t\t\t\t\t\t\t\t<\/div>\n\t\t\t\t<\/div>\n\t\t\t\t<div class=\"elementor-element elementor-element-126215b elementor-widget elementor-widget-image\" data-id=\"126215b\" data-element_type=\"widget\" data-e-type=\"widget\" data-widget_type=\"image.default\">\n\t\t\t\t<div class=\"elementor-widget-container\">\n\t\t\t\t\t\t\t\t\t\t\t\t\t\t\t<img fetchpriority=\"high\" decoding=\"async\" width=\"371\" height=\"230\" src=\"https:\/\/www.alliance-francaise.nl\/ede-wageningen\/wp-content\/uploads\/sites\/8\/2023\/07\/petanque11.jpg\" class=\"attachment-large size-large wp-image-1129\" alt=\"\" srcset=\"https:\/\/www.alliance-francaise.nl\/ede-wageningen\/wp-content\/uploads\/sites\/8\/2023\/07\/petanque11.jpg 371w, https:\/\/www.alliance-francaise.nl\/ede-wageningen\/wp-content\/uploads\/sites\/8\/2023\/07\/petanque11-300x186.jpg 300w\" sizes=\"(max-width: 371px) 100vw, 371px\" \/>\t\t\t\t\t\t\t\t\t\t\t\t\t\t\t<\/div>\n\t\t\t\t<\/div>\n\t\t\t\t\t<\/div>\n\t\t<\/div>\n\t\t\t\t<div class=\"elementor-column elementor-col-50 elementor-top-column elementor-element elementor-element-414e25b\" data-id=\"414e25b\" data-element_type=\"column\" data-e-type=\"column\">\n\t\t\t<div class=\"elementor-widget-wrap elementor-element-populated\">\n\t\t\t\t\t\t<div class=\"elementor-element elementor-element-6d099e8 elementor-widget elementor-widget-text-editor\" data-id=\"6d099e8\" data-element_type=\"widget\" data-e-type=\"widget\" data-widget_type=\"text-editor.default\">\n\t\t\t\t<div class=\"elementor-widget-container\">\n\t\t\t\t\t\t\t\t\t<p><span style=\"color: #da002e\"><strong>JEU DE BOULES TOURNOOI<\/strong><\/span><\/p>\t\t\t\t\t\t\t\t<\/div>\n\t\t\t\t<\/div>\n\t\t\t\t<div class=\"elementor-element elementor-element-7572a8b elementor-widget elementor-widget-text-editor\" data-id=\"7572a8b\" data-element_type=\"widget\" data-e-type=\"widget\" data-widget_type=\"text-editor.default\">\n\t\t\t\t<div class=\"elementor-widget-container\">\n\t\t\t\t\t\t\t\t\t<p><strong>Een succesvolle traditie keert terug \u2013 en jij bent uitgenodigd!<\/strong><\/p><p>Sommige tradities zijn z\u00f3 geslaagd, daar wil je gewoon niets aan veranderen. Ons jaarlijkse jeu de boules-toernooi is er zo \u00e9\u00e9n \u2013 d\u00e9 feestelijke afsluiter van het cursusjaar!<\/p><p>Bereid je voor op een avond vol competitie, spanning, lol en gezelligheid. Wie gooit de perfecte boule? Wie gaat er met de eer vandoor? En wie geniet er vooral van de sfeer? Of je nu komt om te winnen of om te lachen, het wordt hoe dan ook een gezellige avond.<\/p><p>Dit jaar hopen we op mooi weer, zodat we kunnen spelen op de sfeervolle buitenbanen van Jeu de boules vereniging Les Sabots in Veenendaal. Denk: een zwoele zomeravond, een drankje in de hand, spelende mensen onder de bomen\u2026 bijna alsof je op een dorpsplein in Zuid-Frankrijk staat!<\/p><p>Natuurlijk is er ook alle ruimte om onder het genot van een hapje en drankje bij te praten met je docent en medecursisten.<\/p><p>Kortom: <strong>schrijf je in<\/strong>, doe mee, en sluit het jaar op een gezellige \u00e9n sportieve manier af!<\/p>\t\t\t\t\t\t\t\t<\/div>\n\t\t\t\t<\/div>\n\t\t\t\t\t<\/div>\n\t\t<\/div>\n\t\t\t\t\t<\/div>\n\t\t<\/section>\n\t\t\t\t<section class=\"elementor-section elementor-top-section elementor-element elementor-element-b62917d elementor-section-boxed elementor-section-height-default elementor-section-height-default\" data-id=\"b62917d\" data-element_type=\"section\" data-e-type=\"section\">\n\t\t\t\t\t\t<div class=\"elementor-container elementor-column-gap-default\">\n\t\t\t\t\t<div class=\"elementor-column elementor-col-100 elementor-top-column elementor-element elementor-element-ad2865b\" data-id=\"ad2865b\" data-element_type=\"column\" data-e-type=\"column\">\n\t\t\t<div class=\"elementor-widget-wrap elementor-element-populated\">\n\t\t\t\t\t\t<div class=\"elementor-element elementor-element-dd2fc5c elementor-widget-divider--view-line elementor-widget elementor-widget-divider\" data-id=\"dd2fc5c\" data-element_type=\"widget\" data-e-type=\"widget\" data-widget_type=\"divider.default\">\n\t\t\t\t<div class=\"elementor-widget-container\">\n\t\t\t\t\t\t\t<div class=\"elementor-divider\">\n\t\t\t<span class=\"elementor-divider-separator\">\n\t\t\t\t\t\t<\/span>\n\t\t<\/div>\n\t\t\t\t\t\t<\/div>\n\t\t\t\t<\/div>\n\t\t\t\t\t<\/div>\n\t\t<\/div>\n\t\t\t\t\t<\/div>\n\t\t<\/section>\n\t\t\t\t<section class=\"elementor-section elementor-top-section elementor-element elementor-element-2fe0e80 elementor-section-boxed elementor-section-height-default elementor-section-height-default\" data-id=\"2fe0e80\" data-element_type=\"section\" data-e-type=\"section\" data-settings=\"{&quot;background_background&quot;:&quot;classic&quot;}\">\n\t\t\t\t\t\t<div class=\"elementor-container elementor-column-gap-default\">\n\t\t\t\t\t<div class=\"elementor-column elementor-col-50 elementor-top-column elementor-element elementor-element-5b5725a\" data-id=\"5b5725a\" data-element_type=\"column\" data-e-type=\"column\">\n\t\t\t<div class=\"elementor-widget-wrap elementor-element-populated\">\n\t\t\t\t\t\t<div class=\"elementor-element elementor-element-688b8a3 elementor-widget elementor-widget-text-editor\" data-id=\"688b8a3\" data-element_type=\"widget\" data-e-type=\"widget\" data-widget_type=\"text-editor.default\">\n\t\t\t\t<div class=\"elementor-widget-container\">\n\t\t\t\t\t\t\t\t\t<p><span style=\"color: #da002e\"><strong>Donderdag 19 maart 2026<\/strong><\/span><\/p><p><span style=\"color: #da002e\"><strong> 19.00 &#8211; 20.30 uur<\/strong><\/span><\/p><p><span style=\"color: #da002e\">Imagine, Bergstraat 26, Wageningen<\/span><\/p>\t\t\t\t\t\t\t\t<\/div>\n\t\t\t\t<\/div>\n\t\t\t\t<div class=\"elementor-element elementor-element-a726832 elementor-widget elementor-widget-image\" data-id=\"a726832\" data-element_type=\"widget\" data-e-type=\"widget\" data-widget_type=\"image.default\">\n\t\t\t\t<div class=\"elementor-widget-container\">\n\t\t\t\t\t\t\t\t\t\t\t\t\t\t\t<img decoding=\"async\" width=\"800\" height=\"534\" src=\"https:\/\/www.alliance-francaise.nl\/ede-wageningen\/wp-content\/uploads\/sites\/8\/2025\/06\/2025-26-1024x683.jpg\" class=\"attachment-large size-large wp-image-1483\" alt=\"\" srcset=\"https:\/\/www.alliance-francaise.nl\/ede-wageningen\/wp-content\/uploads\/sites\/8\/2025\/06\/2025-26-1024x683.jpg 1024w, https:\/\/www.alliance-francaise.nl\/ede-wageningen\/wp-content\/uploads\/sites\/8\/2025\/06\/2025-26-300x200.jpg 300w, https:\/\/www.alliance-francaise.nl\/ede-wageningen\/wp-content\/uploads\/sites\/8\/2025\/06\/2025-26-768x512.jpg 768w, https:\/\/www.alliance-francaise.nl\/ede-wageningen\/wp-content\/uploads\/sites\/8\/2025\/06\/2025-26-600x400.jpg 600w, https:\/\/www.alliance-francaise.nl\/ede-wageningen\/wp-content\/uploads\/sites\/8\/2025\/06\/2025-26.jpg 1062w\" sizes=\"(max-width: 800px) 100vw, 800px\" \/>\t\t\t\t\t\t\t\t\t\t\t\t\t\t\t<\/div>\n\t\t\t\t<\/div>\n\t\t\t\t\t<\/div>\n\t\t<\/div>\n\t\t\t\t<div class=\"elementor-column elementor-col-50 elementor-top-column elementor-element elementor-element-1ee34da\" data-id=\"1ee34da\" data-element_type=\"column\" data-e-type=\"column\">\n\t\t\t<div class=\"elementor-widget-wrap elementor-element-populated\">\n\t\t\t\t\t\t<div class=\"elementor-element elementor-element-9173b65 elementor-widget elementor-widget-text-editor\" data-id=\"9173b65\" data-element_type=\"widget\" data-e-type=\"widget\" data-widget_type=\"text-editor.default\">\n\t\t\t\t<div class=\"elementor-widget-container\">\n\t\t\t\t\t\t\t\t\t<p><span style=\"color: #da002e\"><strong>CAF\u00c9 FRAN\u00c7AIS<\/strong><\/span><\/p>\t\t\t\t\t\t\t\t<\/div>\n\t\t\t\t<\/div>\n\t\t\t\t<div class=\"elementor-element elementor-element-a2af4a5 elementor-widget elementor-widget-text-editor\" data-id=\"a2af4a5\" data-element_type=\"widget\" data-e-type=\"widget\" data-widget_type=\"text-editor.default\">\n\t\t\t\t<div class=\"elementor-widget-container\">\n\t\t\t\t\t\t\t\t\t<p>We nodigen u van harte uit in de sfeervolle winkel\/koffieruimte van Imagine in Wageningen. We gaan Frans praten in een ontspannen sfeer. Wederom, niets moet en alles mag, gewoon om wat ervaring op te doen. We hopen u graag te zien en te spreken.<\/p><p>\u00a0<\/p>\t\t\t\t\t\t\t\t<\/div>\n\t\t\t\t<\/div>\n\t\t\t\t\t<\/div>\n\t\t<\/div>\n\t\t\t\t\t<\/div>\n\t\t<\/section>\n\t\t\t\t<section class=\"elementor-section elementor-top-section elementor-element elementor-element-cd4ce99 elementor-section-boxed elementor-section-height-default elementor-section-height-default\" data-id=\"cd4ce99\" data-element_type=\"section\" data-e-type=\"section\">\n\t\t\t\t\t\t<div class=\"elementor-container elementor-column-gap-default\">\n\t\t\t\t\t<div class=\"elementor-column elementor-col-100 elementor-top-column elementor-element elementor-element-1fc1993\" data-id=\"1fc1993\" data-element_type=\"column\" data-e-type=\"column\">\n\t\t\t<div class=\"elementor-widget-wrap elementor-element-populated\">\n\t\t\t\t\t\t<div class=\"elementor-element elementor-element-374bdfe elementor-widget-divider--view-line elementor-widget elementor-widget-divider\" data-id=\"374bdfe\" data-element_type=\"widget\" data-e-type=\"widget\" data-widget_type=\"divider.default\">\n\t\t\t\t<div class=\"elementor-widget-container\">\n\t\t\t\t\t\t\t<div class=\"elementor-divider\">\n\t\t\t<span class=\"elementor-divider-separator\">\n\t\t\t\t\t\t<\/span>\n\t\t<\/div>\n\t\t\t\t\t\t<\/div>\n\t\t\t\t<\/div>\n\t\t\t\t\t<\/div>\n\t\t<\/div>\n\t\t\t\t\t<\/div>\n\t\t<\/section>\n\t\t\t\t<section class=\"elementor-section elementor-top-section elementor-element elementor-element-7714cff elementor-section-boxed elementor-section-height-default elementor-section-height-default\" data-id=\"7714cff\" data-element_type=\"section\" data-e-type=\"section\" data-settings=\"{&quot;background_background&quot;:&quot;classic&quot;}\">\n\t\t\t\t\t\t<div class=\"elementor-container elementor-column-gap-default\">\n\t\t\t\t\t<div class=\"elementor-column elementor-col-50 elementor-top-column elementor-element elementor-element-e767bd1\" data-id=\"e767bd1\" data-element_type=\"column\" data-e-type=\"column\">\n\t\t\t<div class=\"elementor-widget-wrap elementor-element-populated\">\n\t\t\t\t\t\t<div class=\"elementor-element elementor-element-6b7855f elementor-widget elementor-widget-text-editor\" data-id=\"6b7855f\" data-element_type=\"widget\" data-e-type=\"widget\" data-widget_type=\"text-editor.default\">\n\t\t\t\t<div class=\"elementor-widget-container\">\n\t\t\t\t\t\t\t\t\t<p><span style=\"color: #da002e\"><strong>Donderdag 15 januari 2026, 19.00-20.30 uur<\/strong><\/span><\/p><p><span style=\"color: #da002e\">Imagine, Bergstraat 26, Wageningen.<\/span><\/p>\t\t\t\t\t\t\t\t<\/div>\n\t\t\t\t<\/div>\n\t\t\t\t<div class=\"elementor-element elementor-element-580229a elementor-widget elementor-widget-image\" data-id=\"580229a\" data-element_type=\"widget\" data-e-type=\"widget\" data-widget_type=\"image.default\">\n\t\t\t\t<div class=\"elementor-widget-container\">\n\t\t\t\t\t\t\t\t\t\t\t\t\t\t\t<img decoding=\"async\" width=\"800\" height=\"534\" src=\"https:\/\/www.alliance-francaise.nl\/ede-wageningen\/wp-content\/uploads\/sites\/8\/2025\/06\/2025-26-1024x683.jpg\" class=\"attachment-large size-large wp-image-1483\" alt=\"\" srcset=\"https:\/\/www.alliance-francaise.nl\/ede-wageningen\/wp-content\/uploads\/sites\/8\/2025\/06\/2025-26-1024x683.jpg 1024w, https:\/\/www.alliance-francaise.nl\/ede-wageningen\/wp-content\/uploads\/sites\/8\/2025\/06\/2025-26-300x200.jpg 300w, https:\/\/www.alliance-francaise.nl\/ede-wageningen\/wp-content\/uploads\/sites\/8\/2025\/06\/2025-26-768x512.jpg 768w, https:\/\/www.alliance-francaise.nl\/ede-wageningen\/wp-content\/uploads\/sites\/8\/2025\/06\/2025-26-600x400.jpg 600w, https:\/\/www.alliance-francaise.nl\/ede-wageningen\/wp-content\/uploads\/sites\/8\/2025\/06\/2025-26.jpg 1062w\" sizes=\"(max-width: 800px) 100vw, 800px\" \/>\t\t\t\t\t\t\t\t\t\t\t\t\t\t\t<\/div>\n\t\t\t\t<\/div>\n\t\t\t\t\t<\/div>\n\t\t<\/div>\n\t\t\t\t<div class=\"elementor-column elementor-col-50 elementor-top-column elementor-element elementor-element-d01ab5c\" data-id=\"d01ab5c\" data-element_type=\"column\" data-e-type=\"column\">\n\t\t\t<div class=\"elementor-widget-wrap elementor-element-populated\">\n\t\t\t\t\t\t<div class=\"elementor-element elementor-element-990d8c2 elementor-widget elementor-widget-text-editor\" data-id=\"990d8c2\" data-element_type=\"widget\" data-e-type=\"widget\" data-widget_type=\"text-editor.default\">\n\t\t\t\t<div class=\"elementor-widget-container\">\n\t\t\t\t\t\t\t\t\t<p><span style=\"color: #da002e\"><strong>CAF\u00c9 FRAN\u00c7AIS<\/strong><\/span><\/p>\t\t\t\t\t\t\t\t<\/div>\n\t\t\t\t<\/div>\n\t\t\t\t<div class=\"elementor-element elementor-element-28cd7ac elementor-widget elementor-widget-text-editor\" data-id=\"28cd7ac\" data-element_type=\"widget\" data-e-type=\"widget\" data-widget_type=\"text-editor.default\">\n\t\t\t\t<div class=\"elementor-widget-container\">\n\t\t\t\t\t\t\t\t\t<p>We nodigen u van harte uit in de sfeervolle winkel\/koffieruimte van Imagine in Wageningen. We gaan Frans praten in een ontspannen sfeer. Wederom, niets moet en alles mag, gewoon om wat ervaring op te doen. We hopen u graag te zien en te spreken.<\/p><p>\u00a0<\/p>\t\t\t\t\t\t\t\t<\/div>\n\t\t\t\t<\/div>\n\t\t\t\t\t<\/div>\n\t\t<\/div>\n\t\t\t\t\t<\/div>\n\t\t<\/section>\n\t\t\t\t<section class=\"elementor-section elementor-top-section elementor-element elementor-element-d504586 elementor-section-boxed elementor-section-height-default elementor-section-height-default\" data-id=\"d504586\" data-element_type=\"section\" data-e-type=\"section\">\n\t\t\t\t\t\t<div class=\"elementor-container elementor-column-gap-default\">\n\t\t\t\t\t<div class=\"elementor-column elementor-col-100 elementor-top-column elementor-element elementor-element-4ed73ec\" data-id=\"4ed73ec\" data-element_type=\"column\" data-e-type=\"column\">\n\t\t\t<div class=\"elementor-widget-wrap elementor-element-populated\">\n\t\t\t\t\t\t<div class=\"elementor-element elementor-element-f430e69 elementor-widget-divider--view-line elementor-widget elementor-widget-divider\" data-id=\"f430e69\" data-element_type=\"widget\" data-e-type=\"widget\" data-widget_type=\"divider.default\">\n\t\t\t\t<div class=\"elementor-widget-container\">\n\t\t\t\t\t\t\t<div class=\"elementor-divider\">\n\t\t\t<span class=\"elementor-divider-separator\">\n\t\t\t\t\t\t<\/span>\n\t\t<\/div>\n\t\t\t\t\t\t<\/div>\n\t\t\t\t<\/div>\n\t\t\t\t\t<\/div>\n\t\t<\/div>\n\t\t\t\t\t<\/div>\n\t\t<\/section>\n\t\t\t\t<section class=\"elementor-section elementor-top-section elementor-element elementor-element-5a71a4b elementor-section-boxed elementor-section-height-default elementor-section-height-default\" data-id=\"5a71a4b\" data-element_type=\"section\" data-e-type=\"section\" data-settings=\"{&quot;background_background&quot;:&quot;classic&quot;}\">\n\t\t\t\t\t\t<div class=\"elementor-container elementor-column-gap-default\">\n\t\t\t\t\t<div class=\"elementor-column elementor-col-50 elementor-top-column elementor-element elementor-element-dd09170\" data-id=\"dd09170\" data-element_type=\"column\" data-e-type=\"column\">\n\t\t\t<div class=\"elementor-widget-wrap elementor-element-populated\">\n\t\t\t\t\t\t<div class=\"elementor-element elementor-element-043ced0 elementor-widget elementor-widget-text-editor\" data-id=\"043ced0\" data-element_type=\"widget\" data-e-type=\"widget\" data-widget_type=\"text-editor.default\">\n\t\t\t\t<div class=\"elementor-widget-container\">\n\t\t\t\t\t\t\t\t\t<p><span style=\"color: #da002e\"><strong>Dinsdag 25 november 2025<\/strong><\/span><\/p><p><strong><span style=\"color: #da002e\">Muzikale avond<\/span><\/strong><\/p><p><span style=\"color: #da002e\">Inloop vanaf 19.30 uur,<br \/>begin 20.00 uur<\/span><\/p><p><span style=\"color: #da002e\">Zalencentrum De Brink,<br \/>Brinkstraat, Bennekom<\/span><\/p><p>\u00a0<\/p>\t\t\t\t\t\t\t\t<\/div>\n\t\t\t\t<\/div>\n\t\t\t\t<div class=\"elementor-element elementor-element-cb117c2 elementor-widget__width-initial elementor-widget elementor-widget-image\" data-id=\"cb117c2\" data-element_type=\"widget\" data-e-type=\"widget\" data-widget_type=\"image.default\">\n\t\t\t\t<div class=\"elementor-widget-container\">\n\t\t\t\t\t\t\t\t\t\t\t\t\t\t\t<img decoding=\"async\" width=\"225\" height=\"224\" src=\"https:\/\/www.alliance-francaise.nl\/ede-wageningen\/wp-content\/uploads\/sites\/8\/2025\/06\/Jean-Ferrat-3.jpg\" class=\"attachment-large size-large wp-image-1502\" alt=\"\" srcset=\"https:\/\/www.alliance-francaise.nl\/ede-wageningen\/wp-content\/uploads\/sites\/8\/2025\/06\/Jean-Ferrat-3.jpg 225w, https:\/\/www.alliance-francaise.nl\/ede-wageningen\/wp-content\/uploads\/sites\/8\/2025\/06\/Jean-Ferrat-3-150x150.jpg 150w, https:\/\/www.alliance-francaise.nl\/ede-wageningen\/wp-content\/uploads\/sites\/8\/2025\/06\/Jean-Ferrat-3-100x100.jpg 100w\" sizes=\"(max-width: 225px) 100vw, 225px\" \/>\t\t\t\t\t\t\t\t\t\t\t\t\t\t\t<\/div>\n\t\t\t\t<\/div>\n\t\t\t\t\t<\/div>\n\t\t<\/div>\n\t\t\t\t<div class=\"elementor-column elementor-col-50 elementor-top-column elementor-element elementor-element-50488f3\" data-id=\"50488f3\" data-element_type=\"column\" data-e-type=\"column\">\n\t\t\t<div class=\"elementor-widget-wrap elementor-element-populated\">\n\t\t\t\t\t\t<div class=\"elementor-element elementor-element-e90f371 elementor-widget elementor-widget-text-editor\" data-id=\"e90f371\" data-element_type=\"widget\" data-e-type=\"widget\" data-widget_type=\"text-editor.default\">\n\t\t\t\t<div class=\"elementor-widget-container\">\n\t\t\t\t\t\t\t\t\t<p><span style=\"color: #da002e\"><strong>FR\u00c9D\u00c9RIC DORFMANN : HOMMAGE AAN JEAN FERRAT\u00a0<\/strong><\/span><\/p>\t\t\t\t\t\t\t\t<\/div>\n\t\t\t\t<\/div>\n\t\t\t\t<div class=\"elementor-element elementor-element-64437ca elementor-widget elementor-widget-text-editor\" data-id=\"64437ca\" data-element_type=\"widget\" data-e-type=\"widget\" data-widget_type=\"text-editor.default\">\n\t\t\t\t<div class=\"elementor-widget-container\">\n\t\t\t\t\t\t\t\t\t<p><strong>Jean Ferrat \u2013 Een ge\u00ebngageerd artiest, soms woedend, altijd bezield<\/strong><\/p><p>Fr\u00e9d\u00e9ric Dorfmann is een graag geziene gast op onze culturele avonden. Met zijn muzikale talent en innemende vertelstijl weet hij het publiek keer op keer te raken en te verrassen.<\/p><p>In dit avondvullende programma brengt hij 17 liedjes van de Franse chansonnier Jean Ferrat ten gehore \u2013 zowel bekende klassiekers als verborgen parels. Denk aan ontroerende nummers als La Montagne, Ma France, Nuit et Brouillard, Camarade en C\u2019est beau la vie.<\/p><p>Elk lied wordt op treffende wijze in het Nederlands ingeleid, zodat iedereen \u2013 ook zonder kennis van het Frans \u2013 volop kan genieten van de kracht, emotie en betekenis van Ferrats muziek. Een avond vol passie, po\u00ebzie en maatschappelijk engagement \u2013 gebracht door een artiest met hart en ziel.<\/p><p>Luister hier naar \u00e9\u00e9n van Jean Ferrats bekendste nummers:<br \/>https:\/\/www.youtube.com\/results?search_query=jean+ferrat+la+montagne<\/p>\t\t\t\t\t\t\t\t<\/div>\n\t\t\t\t<\/div>\n\t\t\t\t\t<\/div>\n\t\t<\/div>\n\t\t\t\t\t<\/div>\n\t\t<\/section>\n\t\t\t\t<section class=\"elementor-section elementor-top-section elementor-element elementor-element-158d21a elementor-section-boxed elementor-section-height-default elementor-section-height-default\" data-id=\"158d21a\" data-element_type=\"section\" data-e-type=\"section\">\n\t\t\t\t\t\t<div class=\"elementor-container elementor-column-gap-default\">\n\t\t\t\t\t<div class=\"elementor-column elementor-col-100 elementor-top-column elementor-element elementor-element-bd4a014\" data-id=\"bd4a014\" data-element_type=\"column\" data-e-type=\"column\">\n\t\t\t<div class=\"elementor-widget-wrap elementor-element-populated\">\n\t\t\t\t\t\t<div class=\"elementor-element elementor-element-f8f9ea1 elementor-widget-divider--view-line elementor-widget elementor-widget-divider\" data-id=\"f8f9ea1\" data-element_type=\"widget\" data-e-type=\"widget\" data-widget_type=\"divider.default\">\n\t\t\t\t<div class=\"elementor-widget-container\">\n\t\t\t\t\t\t\t<div class=\"elementor-divider\">\n\t\t\t<span class=\"elementor-divider-separator\">\n\t\t\t\t\t\t<\/span>\n\t\t<\/div>\n\t\t\t\t\t\t<\/div>\n\t\t\t\t<\/div>\n\t\t\t\t\t<\/div>\n\t\t<\/div>\n\t\t\t\t\t<\/div>\n\t\t<\/section>\n\t\t\t\t<section class=\"elementor-section elementor-top-section elementor-element elementor-element-31deb47 elementor-section-boxed elementor-section-height-default elementor-section-height-default\" data-id=\"31deb47\" data-element_type=\"section\" data-e-type=\"section\" data-settings=\"{&quot;background_background&quot;:&quot;classic&quot;}\">\n\t\t\t\t\t\t<div class=\"elementor-container elementor-column-gap-default\">\n\t\t\t\t\t<div class=\"elementor-column elementor-col-50 elementor-top-column elementor-element elementor-element-680dc80\" data-id=\"680dc80\" data-element_type=\"column\" data-e-type=\"column\">\n\t\t\t<div class=\"elementor-widget-wrap elementor-element-populated\">\n\t\t\t\t\t\t<div class=\"elementor-element elementor-element-5d6ec00 elementor-widget elementor-widget-text-editor\" data-id=\"5d6ec00\" data-element_type=\"widget\" data-e-type=\"widget\" data-widget_type=\"text-editor.default\">\n\t\t\t\t<div class=\"elementor-widget-container\">\n\t\t\t\t\t\t\t\t\t<p><strong>Donderdag 2 oktober 2025, lezing<\/strong><\/p><p>Caf\u00e9 Onder de Linden<br \/>Haagsteeg 16 &#8211; Wageningen<\/p><p><strong>Inloop vanaf 19.30 uur.<br \/>Start: 20.00 uur, stipt.<\/strong><\/p>\t\t\t\t\t\t\t\t<\/div>\n\t\t\t\t<\/div>\n\t\t\t\t<div class=\"elementor-element elementor-element-b8e90b1 elementor-widget__width-initial elementor-widget elementor-widget-image\" data-id=\"b8e90b1\" data-element_type=\"widget\" data-e-type=\"widget\" data-widget_type=\"image.default\">\n\t\t\t\t<div class=\"elementor-widget-container\">\n\t\t\t\t\t\t\t\t\t\t\t\t\t\t\t<img loading=\"lazy\" decoding=\"async\" width=\"300\" height=\"300\" src=\"https:\/\/www.alliance-francaise.nl\/ede-wageningen\/wp-content\/uploads\/sites\/8\/2025\/06\/4-300x300.jpg\" class=\"attachment-medium size-medium wp-image-1500\" alt=\"\" srcset=\"https:\/\/www.alliance-francaise.nl\/ede-wageningen\/wp-content\/uploads\/sites\/8\/2025\/06\/4-300x300.jpg 300w, https:\/\/www.alliance-francaise.nl\/ede-wageningen\/wp-content\/uploads\/sites\/8\/2025\/06\/4-150x150.jpg 150w, https:\/\/www.alliance-francaise.nl\/ede-wageningen\/wp-content\/uploads\/sites\/8\/2025\/06\/4-100x100.jpg 100w, https:\/\/www.alliance-francaise.nl\/ede-wageningen\/wp-content\/uploads\/sites\/8\/2025\/06\/4.jpg 340w\" sizes=\"(max-width: 300px) 100vw, 300px\" \/>\t\t\t\t\t\t\t\t\t\t\t\t\t\t\t<\/div>\n\t\t\t\t<\/div>\n\t\t\t\t\t<\/div>\n\t\t<\/div>\n\t\t\t\t<div class=\"elementor-column elementor-col-50 elementor-top-column elementor-element elementor-element-c7a96e4\" data-id=\"c7a96e4\" data-element_type=\"column\" data-e-type=\"column\">\n\t\t\t<div class=\"elementor-widget-wrap elementor-element-populated\">\n\t\t\t\t\t\t<div class=\"elementor-element elementor-element-2a928aa elementor-widget elementor-widget-text-editor\" data-id=\"2a928aa\" data-element_type=\"widget\" data-e-type=\"widget\" data-widget_type=\"text-editor.default\">\n\t\t\t\t<div class=\"elementor-widget-container\">\n\t\t\t\t\t\t\t\t\t<p><strong>NIELS KLINKERGERG :\u00a0 &#8220;ANTOINE DE SAINT-EXUP\u00c9RY&#8221;, lezing<\/strong><\/p>\t\t\t\t\t\t\t\t<\/div>\n\t\t\t\t<\/div>\n\t\t\t\t<div class=\"elementor-element elementor-element-86069ad elementor-widget__width-initial elementor-widget elementor-widget-text-editor\" data-id=\"86069ad\" data-element_type=\"widget\" data-e-type=\"widget\" data-widget_type=\"text-editor.default\">\n\t\t\t\t<div class=\"elementor-widget-container\">\n\t\t\t\t\t\t\t\t\t<p>Wie kent het beroemde boek Le Petit Prince niet? Voor velen van ons was het verplichte kost op de middelbare school. Maar wie toen nog te jong was om de diepere filosofie ervan te doorgronden, krijgt nu een prachtige kans om dat recht te zetten.<\/p><p>Tijdens deze inspirerende lezing neemt Niels Klinkenberg u mee in de wereld van Antoine de Saint-Exup\u00e9ry. Hij vertelt over het leven, de denkwereld en het werk van deze bijzondere schrijver en vliegenier, en laat zien hoe diens filosofie tot leven komt in Le Petit Prince.<\/p><p>Niels Klinkenberg is van huis uit bedrijfskundig adviseur en docent, maar zijn ware passie ligt bij de literatuur. Hij heeft een tweede thuis in de Ard\u00e8che \u2013 een streek die ook Saint-Exup\u00e9ry na aan het hart lag \u2013 en is al zijn hele leven gefascineerd door deze Franse auteur. Niels is een groot bewonderaar van zijn werk en bezit een indrukwekkende collectie zogeheten \u2018Exup\u00e9riana\u2019.<\/p><p>De lezing is in het Nederlands en belooft een boeiende avond vol inzichten, verhalen en inspiratie.<\/p><p>\u00a0<\/p>\t\t\t\t\t\t\t\t<\/div>\n\t\t\t\t<\/div>\n\t\t\t\t\t<\/div>\n\t\t<\/div>\n\t\t\t\t\t<\/div>\n\t\t<\/section>\n\t\t\t\t<section class=\"elementor-section elementor-top-section elementor-element elementor-element-3161a7c elementor-section-boxed elementor-section-height-default elementor-section-height-default\" data-id=\"3161a7c\" data-element_type=\"section\" data-e-type=\"section\">\n\t\t\t\t\t\t<div class=\"elementor-container elementor-column-gap-default\">\n\t\t\t\t\t<div class=\"elementor-column elementor-col-100 elementor-top-column elementor-element elementor-element-da1842b\" data-id=\"da1842b\" data-element_type=\"column\" data-e-type=\"column\">\n\t\t\t<div class=\"elementor-widget-wrap elementor-element-populated\">\n\t\t\t\t\t\t<div class=\"elementor-element elementor-element-e37c0a8 elementor-widget-divider--view-line elementor-widget elementor-widget-divider\" data-id=\"e37c0a8\" data-element_type=\"widget\" data-e-type=\"widget\" data-widget_type=\"divider.default\">\n\t\t\t\t<div class=\"elementor-widget-container\">\n\t\t\t\t\t\t\t<div class=\"elementor-divider\">\n\t\t\t<span class=\"elementor-divider-separator\">\n\t\t\t\t\t\t<\/span>\n\t\t<\/div>\n\t\t\t\t\t\t<\/div>\n\t\t\t\t<\/div>\n\t\t\t\t\t<\/div>\n\t\t<\/div>\n\t\t\t\t\t<\/div>\n\t\t<\/section>\n\t\t\t\t<section class=\"elementor-section elementor-top-section elementor-element elementor-element-561c18b elementor-section-boxed elementor-section-height-default elementor-section-height-default\" data-id=\"561c18b\" data-element_type=\"section\" data-e-type=\"section\" data-settings=\"{&quot;background_background&quot;:&quot;classic&quot;}\">\n\t\t\t\t\t\t<div class=\"elementor-container elementor-column-gap-default\">\n\t\t\t\t\t<div class=\"elementor-column elementor-col-50 elementor-top-column elementor-element elementor-element-63f0a33\" data-id=\"63f0a33\" data-element_type=\"column\" data-e-type=\"column\" data-settings=\"{&quot;background_background&quot;:&quot;classic&quot;}\">\n\t\t\t<div class=\"elementor-widget-wrap elementor-element-populated\">\n\t\t\t\t\t\t<div class=\"elementor-element elementor-element-27056a2 elementor-widget elementor-widget-text-editor\" data-id=\"27056a2\" data-element_type=\"widget\" data-e-type=\"widget\" data-widget_type=\"text-editor.default\">\n\t\t\t\t<div class=\"elementor-widget-container\">\n\t\t\t\t\t\t\t\t\t<p><span style=\"color: #da002e\"><strong>Zaterdag 16 augustus\u00a0 2025<\/strong><\/span><\/p><p><span style=\"color: #da002e\"><strong>Montmartre aan de Rijn<br \/><\/strong>Wageningen<strong><br \/><\/strong><\/span><\/p>\t\t\t\t\t\t\t\t<\/div>\n\t\t\t\t<\/div>\n\t\t\t\t<div class=\"elementor-element elementor-element-c6141c8 elementor-widget elementor-widget-image\" data-id=\"c6141c8\" data-element_type=\"widget\" data-e-type=\"widget\" data-widget_type=\"image.default\">\n\t\t\t\t<div class=\"elementor-widget-container\">\n\t\t\t\t\t\t\t\t\t\t\t\t\t\t\t<img loading=\"lazy\" decoding=\"async\" width=\"300\" height=\"225\" src=\"https:\/\/www.alliance-francaise.nl\/ede-wageningen\/wp-content\/uploads\/sites\/8\/2025\/08\/Montmartre-2025-300x225.jpg\" class=\"attachment-medium size-medium wp-image-1594\" alt=\"\" srcset=\"https:\/\/www.alliance-francaise.nl\/ede-wageningen\/wp-content\/uploads\/sites\/8\/2025\/08\/Montmartre-2025-300x225.jpg 300w, https:\/\/www.alliance-francaise.nl\/ede-wageningen\/wp-content\/uploads\/sites\/8\/2025\/08\/Montmartre-2025-1024x768.jpg 1024w, https:\/\/www.alliance-francaise.nl\/ede-wageningen\/wp-content\/uploads\/sites\/8\/2025\/08\/Montmartre-2025-768x576.jpg 768w, https:\/\/www.alliance-francaise.nl\/ede-wageningen\/wp-content\/uploads\/sites\/8\/2025\/08\/Montmartre-2025-1536x1152.jpg 1536w, https:\/\/www.alliance-francaise.nl\/ede-wageningen\/wp-content\/uploads\/sites\/8\/2025\/08\/Montmartre-2025-600x450.jpg 600w, https:\/\/www.alliance-francaise.nl\/ede-wageningen\/wp-content\/uploads\/sites\/8\/2025\/08\/Montmartre-2025-1320x990.jpg 1320w, https:\/\/www.alliance-francaise.nl\/ede-wageningen\/wp-content\/uploads\/sites\/8\/2025\/08\/Montmartre-2025.jpg 1600w\" sizes=\"(max-width: 300px) 100vw, 300px\" \/>\t\t\t\t\t\t\t\t\t\t\t\t\t\t\t<\/div>\n\t\t\t\t<\/div>\n\t\t\t\t<div class=\"elementor-element elementor-element-1c46aff elementor-widget-divider--view-line_text elementor-widget-divider--separator-type-pattern elementor-widget-divider--no-spacing elementor-widget-divider--element-align-center elementor-widget elementor-widget-divider\" data-id=\"1c46aff\" data-element_type=\"widget\" data-e-type=\"widget\" data-widget_type=\"divider.default\">\n\t\t\t\t<div class=\"elementor-widget-container\">\n\t\t\t\t\t\t\t<div class=\"elementor-divider\" style=\"--divider-pattern-url: url(&quot;data:image\/svg+xml,%3Csvg xmlns=&#039;http:\/\/www.w3.org\/2000\/svg&#039; preserveAspectRatio=&#039;xMidYMid meet&#039; overflow=&#039;visible&#039; height=&#039;100%&#039; viewBox=&#039;0 0 126 26&#039; fill=&#039;black&#039; stroke=&#039;none&#039;%3E%3Cpath d=&#039;M10.7,6l2.5,2.6l-4,4.3l4,5.4l-2.5,1.9l-4.5-5.2l-3.9,4.2L0.7,17L4,13.1L0,8.6l2.3-1.3l3.9,3.9L10.7,6z M23.9,6.6l4.2,4.5L32,7.2l2.3,1.3l-4,4.5l3.2,3.9L32,19.1l-3.9-3.3l-4.5,4.3l-2.5-1.9l4.4-5.1l-4.2-3.9L23.9,6.6zM73.5,6L76,8.6l-4,4.3l4,5.4l-2.5,1.9l-4.5-5.2l-3.9,4.2L63.5,17l4.1-4.7L63.5,8l2.3-1.3l4.1,3.6L73.5,6z M94,6l2.5,2.6l-4,4.3l4,5.4L94,20.1l-3.9-5l-3.9,4.2L84,17l3.2-3.9L84,8.6l2.3-1.3l3.2,3.9L94,6z M106.9,6l4.5,5.1l3.9-3.9l2.3,1.3l-4,4.5l3.2,3.9l-1.6,2.1l-3.9-4.2l-4.5,5.2l-2.5-1.9l4-5.4l-4-4.3L106.9,6z M53.1,6l2.5,2.6l-4,4.3l4,4.6l-2.5,1.9l-4.5-4.5l-3.5,4.5L43.1,17l3.2-3.9l-4-4.5l2.3-1.3l3.9,3.9L53.1,6z&#039;\/%3E%3C\/svg%3E&quot;);\">\n\t\t\t<span class=\"elementor-divider-separator\">\n\t\t\t\t\t\t<\/span>\n\t\t<\/div>\n\t\t\t\t\t\t<\/div>\n\t\t\t\t<\/div>\n\t\t\t\t\t<\/div>\n\t\t<\/div>\n\t\t\t\t<div class=\"elementor-column elementor-col-50 elementor-top-column elementor-element elementor-element-bd4e9df\" data-id=\"bd4e9df\" data-element_type=\"column\" data-e-type=\"column\">\n\t\t\t<div class=\"elementor-widget-wrap elementor-element-populated\">\n\t\t\t\t\t\t<div class=\"elementor-element elementor-element-42ffe3b elementor-widget elementor-widget-text-editor\" data-id=\"42ffe3b\" data-element_type=\"widget\" data-e-type=\"widget\" data-widget_type=\"text-editor.default\">\n\t\t\t\t<div class=\"elementor-widget-container\">\n\t\t\t\t\t\t\t\t\t<p><strong><span style=\"color: #da002e\">MONTMARTRE AAN DE RIJN\u00a0<\/span><\/strong><\/p><p>\u00a0<\/p><p>\u00a0<\/p><p>Kraam \u2013 Alliance Fran\u00e7aise Ede-Wageningen<\/p><p>Bergstraat te Wageningen.<\/p><p>Ca. 11.00 \u2013 16.00 uur<\/p><p>Net zoals andere jaren staan we ook dit jaar weer op \u2018Montmartre aan de Rijn\u2019. Heeft u vragen over wat de Alliance Fran\u00e7aise allemaal doet of hoe u met lessen kunt beginnen. We staan u graag te woord.<em>\u00a0\u00a0 \u00a0 \u00a0\u00a0<\/em><\/p>\t\t\t\t\t\t\t\t<\/div>\n\t\t\t\t<\/div>\n\t\t\t\t\t<\/div>\n\t\t<\/div>\n\t\t\t\t\t<\/div>\n\t\t<\/section>\n\t\t\t\t<section class=\"elementor-section elementor-top-section elementor-element elementor-element-ef2a839 elementor-section-boxed elementor-section-height-default elementor-section-height-default\" data-id=\"ef2a839\" data-element_type=\"section\" data-e-type=\"section\">\n\t\t\t\t\t\t<div class=\"elementor-container elementor-column-gap-default\">\n\t\t\t\t\t<div class=\"elementor-column elementor-col-100 elementor-top-column elementor-element elementor-element-69cc581\" data-id=\"69cc581\" data-element_type=\"column\" data-e-type=\"column\">\n\t\t\t<div class=\"elementor-widget-wrap\">\n\t\t\t\t\t\t\t<\/div>\n\t\t<\/div>\n\t\t\t\t\t<\/div>\n\t\t<\/section>\n\t\t\t\t<\/div>\n\t\t","protected":false},"excerpt":{"rendered":"<p>Cultureel programma Onze culturele avonden zijn gratis toegankelijk voor alle cursisten. Bent u geen cursist, of wilt u als cursist iemand meenemen? Dan is uw introduc\u00e9 van harte welkom! Introduc\u00e9s [&hellip;]<\/p>\n","protected":false},"author":1,"featured_media":0,"parent":36,"menu_order":0,"comment_status":"closed","ping_status":"closed","template":"elementor_header_footer","meta":{"footnotes":""},"class_list":["post-1122","page","type-page","status-publish","hentry"],"_links":{"self":[{"href":"https:\/\/www.alliance-francaise.nl\/ede-wageningen\/wp-json\/wp\/v2\/pages\/1122","targetHints":{"allow":["GET"]}}],"collection":[{"href":"https:\/\/www.alliance-francaise.nl\/ede-wageningen\/wp-json\/wp\/v2\/pages"}],"about":[{"href":"https:\/\/www.alliance-francaise.nl\/ede-wageningen\/wp-json\/wp\/v2\/types\/page"}],"author":[{"embeddable":true,"href":"https:\/\/www.alliance-francaise.nl\/ede-wageningen\/wp-json\/wp\/v2\/users\/1"}],"replies":[{"embeddable":true,"href":"https:\/\/www.alliance-francaise.nl\/ede-wageningen\/wp-json\/wp\/v2\/comments?post=1122"}],"version-history":[{"count":20,"href":"https:\/\/www.alliance-francaise.nl\/ede-wageningen\/wp-json\/wp\/v2\/pages\/1122\/revisions"}],"predecessor-version":[{"id":1725,"href":"https:\/\/www.alliance-francaise.nl\/ede-wageningen\/wp-json\/wp\/v2\/pages\/1122\/revisions\/1725"}],"up":[{"embeddable":true,"href":"https:\/\/www.alliance-francaise.nl\/ede-wageningen\/wp-json\/wp\/v2\/pages\/36"}],"wp:attachment":[{"href":"https:\/\/www.alliance-francaise.nl\/ede-wageningen\/wp-json\/wp\/v2\/media?parent=1122"}],"curies":[{"name":"wp","href":"https:\/\/api.w.org\/{rel}","templated":true}]}}