{"id":219,"date":"2020-02-13T09:48:36","date_gmt":"2020-02-13T09:48:36","guid":{"rendered":"https:\/\/www.alliance-francaise.nl\/2020\/dordrecht\/?page_id=219"},"modified":"2026-04-17T19:24:06","modified_gmt":"2026-04-17T17:24:06","slug":"cultureel-programma","status":"publish","type":"page","link":"https:\/\/www.alliance-francaise.nl\/dordrecht\/culturele-agenda\/cultureel-programma\/","title":{"rendered":"Cultureel programma"},"content":{"rendered":"\t\t<div data-elementor-type=\"wp-page\" data-elementor-id=\"219\" class=\"elementor elementor-219\" data-elementor-post-type=\"page\">\n\t\t\t\t\t\t<section class=\"elementor-section elementor-top-section elementor-element elementor-element-533308b elementor-section-boxed elementor-section-height-default elementor-section-height-default\" data-id=\"533308b\" data-element_type=\"section\" data-e-type=\"section\">\n\t\t\t\t\t\t<div class=\"elementor-container elementor-column-gap-default\">\n\t\t\t\t\t<div class=\"elementor-column elementor-col-100 elementor-top-column elementor-element elementor-element-b5d3d3b\" data-id=\"b5d3d3b\" data-element_type=\"column\" data-e-type=\"column\">\n\t\t\t<div class=\"elementor-widget-wrap elementor-element-populated\">\n\t\t\t\t\t\t<div class=\"elementor-element elementor-element-2c3d499 elementor-widget elementor-widget-heading\" data-id=\"2c3d499\" data-element_type=\"widget\" data-e-type=\"widget\" data-widget_type=\"heading.default\">\n\t\t\t\t<div class=\"elementor-widget-container\">\n\t\t\t\t\t<h2 class=\"elementor-heading-title elementor-size-default\">Het culturele aanbod van 2025-2026  <br><\/h2>\t\t\t\t<\/div>\n\t\t\t\t<\/div>\n\t\t\t\t\t<\/div>\n\t\t<\/div>\n\t\t\t\t\t<\/div>\n\t\t<\/section>\n\t\t\t\t<section class=\"elementor-section elementor-top-section elementor-element elementor-element-cb397a8 elementor-section-boxed elementor-section-height-default elementor-section-height-default\" data-id=\"cb397a8\" data-element_type=\"section\" data-e-type=\"section\">\n\t\t\t\t\t\t<div class=\"elementor-container elementor-column-gap-default\">\n\t\t\t\t\t<div class=\"elementor-column elementor-col-100 elementor-top-column elementor-element elementor-element-2a16d71\" data-id=\"2a16d71\" data-element_type=\"column\" data-e-type=\"column\">\n\t\t\t<div class=\"elementor-widget-wrap elementor-element-populated\">\n\t\t\t\t\t\t<div class=\"elementor-element elementor-element-9a19ff7 elementor-widget elementor-widget-heading\" data-id=\"9a19ff7\" data-element_type=\"widget\" data-e-type=\"widget\" data-widget_type=\"heading.default\">\n\t\t\t\t<div class=\"elementor-widget-container\">\n\t\t\t\t\t<h3 class=\"elementor-heading-title elementor-size-default\"><i>De slotavond van het seizoen 2025-206 op maandag 20 april kan helaas geen doorgang vinden.<\/i><\/h3>\t\t\t\t<\/div>\n\t\t\t\t<\/div>\n\t\t\t\t\t<\/div>\n\t\t<\/div>\n\t\t\t\t\t<\/div>\n\t\t<\/section>\n\t\t\t\t<section class=\"elementor-section elementor-top-section elementor-element elementor-element-048979d elementor-section-boxed elementor-section-height-default elementor-section-height-default\" data-id=\"048979d\" data-element_type=\"section\" data-e-type=\"section\">\n\t\t\t\t\t\t<div class=\"elementor-container elementor-column-gap-default\">\n\t\t\t\t\t<div class=\"elementor-column elementor-col-33 elementor-top-column elementor-element elementor-element-fc05f3a\" data-id=\"fc05f3a\" data-element_type=\"column\" data-e-type=\"column\">\n\t\t\t<div class=\"elementor-widget-wrap elementor-element-populated\">\n\t\t\t\t\t\t<div class=\"elementor-element elementor-element-671cd2c elementor-widget elementor-widget-image\" data-id=\"671cd2c\" data-element_type=\"widget\" data-e-type=\"widget\" data-widget_type=\"image.default\">\n\t\t\t\t<div class=\"elementor-widget-container\">\n\t\t\t\t\t\t\t\t\t\t\t\t\t\t\t<img decoding=\"async\" src=\"https:\/\/www.alliance-francaise.nl\/dordrecht\/wp-content\/uploads\/sites\/33\/elementor\/thumbs\/download-r4fzrk1ctezf5d4zxyb3z7ykoyxow39hsvzaqc8mpo.jpg\" title=\"download\" alt=\"download\" loading=\"lazy\" \/>\t\t\t\t\t\t\t\t\t\t\t\t\t\t\t<\/div>\n\t\t\t\t<\/div>\n\t\t\t\t\t<\/div>\n\t\t<\/div>\n\t\t\t\t<div class=\"elementor-column elementor-col-66 elementor-top-column elementor-element elementor-element-9ab74cd\" data-id=\"9ab74cd\" data-element_type=\"column\" data-e-type=\"column\">\n\t\t\t<div class=\"elementor-widget-wrap elementor-element-populated\">\n\t\t\t\t\t\t<div class=\"elementor-element elementor-element-38a7994 elementor-widget elementor-widget-text-editor\" data-id=\"38a7994\" data-element_type=\"widget\" data-e-type=\"widget\" data-widget_type=\"text-editor.default\">\n\t\t\t\t<div class=\"elementor-widget-container\">\n\t\t\t\t\t\t\t\t\t<p>In het cursusjaar 2025-2026 bieden we u weer een gevarieerd cultureel programma aan:<\/p><p>(alle activiteiten van de Alliance Fran\u00e7aise Dordrecht zijn gratis voor leden en cursisten, met uitzondering van de filmmiddagen of -avonden; entree voor de film kost \u20ac 13,50 per persoon)<\/p><p>ge\u00efnteresseerde niet-leden betalen \u20ac 9,00 per avond<\/p>\t\t\t\t\t\t\t\t<\/div>\n\t\t\t\t<\/div>\n\t\t\t\t\t<\/div>\n\t\t<\/div>\n\t\t\t\t\t<\/div>\n\t\t<\/section>\n\t\t\t\t<section class=\"elementor-section elementor-top-section elementor-element elementor-element-7c4183d elementor-section-boxed elementor-section-height-default elementor-section-height-default\" data-id=\"7c4183d\" data-element_type=\"section\" data-e-type=\"section\" id=\"nieuwjaarsborrel\" data-settings=\"{&quot;background_background&quot;:&quot;classic&quot;}\">\n\t\t\t\t\t\t<div class=\"elementor-container elementor-column-gap-default\">\n\t\t\t\t\t<div class=\"elementor-column elementor-col-50 elementor-top-column elementor-element elementor-element-27ea9df\" data-id=\"27ea9df\" data-element_type=\"column\" data-e-type=\"column\">\n\t\t\t<div class=\"elementor-widget-wrap elementor-element-populated\">\n\t\t\t\t\t\t<div class=\"elementor-element elementor-element-b199f98 elementor-widget elementor-widget-text-editor\" data-id=\"b199f98\" data-element_type=\"widget\" data-e-type=\"widget\" data-widget_type=\"text-editor.default\">\n\t\t\t\t<div class=\"elementor-widget-container\">\n\t\t\t\t\t\t\t\t\t<p><strong>vrijdag 28 november 2025<\/strong><\/p><p>Zaal open om 19.30 u, aanvang 20h in de Trinitatiskapel, Vriesestraat 22 \u2013 Dordrecht.<\/p>\t\t\t\t\t\t\t\t<\/div>\n\t\t\t\t<\/div>\n\t\t\t\t<div class=\"elementor-element elementor-element-69034ee elementor-widget elementor-widget-image\" data-id=\"69034ee\" data-element_type=\"widget\" data-e-type=\"widget\" data-widget_type=\"image.default\">\n\t\t\t\t<div class=\"elementor-widget-container\">\n\t\t\t\t\t\t\t\t\t\t\t\t\t\t\t<img decoding=\"async\" src=\"https:\/\/www.alliance-francaise.nl\/dordrecht\/wp-content\/uploads\/sites\/33\/elementor\/thumbs\/Afbeelding1-r7b1866bte0nwhy0jm9lqpmve68q8q8xxkbplm8n48.png\" title=\"Afbeelding1\" alt=\"Afbeelding1\" loading=\"lazy\" \/>\t\t\t\t\t\t\t\t\t\t\t\t\t\t\t<\/div>\n\t\t\t\t<\/div>\n\t\t\t\t\t<\/div>\n\t\t<\/div>\n\t\t\t\t<div class=\"elementor-column elementor-col-50 elementor-top-column elementor-element elementor-element-7ef7313\" data-id=\"7ef7313\" data-element_type=\"column\" data-e-type=\"column\">\n\t\t\t<div class=\"elementor-widget-wrap elementor-element-populated\">\n\t\t\t\t\t\t<div class=\"elementor-element elementor-element-0e12d4e elementor-widget elementor-widget-text-editor\" data-id=\"0e12d4e\" data-element_type=\"widget\" data-e-type=\"widget\" data-widget_type=\"text-editor.default\">\n\t\t\t\t<div class=\"elementor-widget-container\">\n\t\t\t\t\t\t\t\t\t<p><strong>LEZING IN HET NEDERLANDS<br \/><\/strong><em>Simenon &amp; Maigret door <\/em><em>IAN PIETER DE BIE<\/em><\/p><p><strong><em>Georges Simenon (1903-1989) schreef, naast een groot aantal psychologische romans, meer dan 100 verhalen over commissaris Maigret. <\/em><\/strong><\/p><p><em>De legende wil dat de eerste Maigret geschreven is in Delfzijl, waar dan ook een standbeeld te vinden is van deze begaafde speurneus. <\/em><\/p><p><em>Ian Pieter de Bie, gepensioneerd rechter en woonachtig in Diepenveen, is niet alleen professioneel ge\u00efnteresseerd in de psychologische benadering van deze Parijse commissaris. Van tijd tot tijd zet hij zich aan een vertaling van een verhaal, dat nog niet in het Nederlands is verschenen. <\/em><\/p><p><strong><em>Hij vertelt ons in deze Nederlandstalige met plaatjes verluchte presentatie over het veelbewogen leven van Georges Simenon en over zijn belangrijkste creatie, Maigret.<\/em><\/strong><\/p><p><strong><em>U bent van harte welkom, maar stuurt u vooraf een berichtje naar <\/em><\/strong><a href=\"mailto:secr.dordrecht@afpb.nl\"><strong><em>secr.dordrecht@afpb.nl<\/em><\/strong><\/a><\/p><p>OF<em> U kunt zich inschrijven via onze winkel op de volgende pagina\u00a0<\/em><a href=\"https:\/\/www.alliance-francaise.nl\/dordrecht\/winkel\/\">Winkel \u2013 Alliance Fran\u00e7aise Dordrecht<\/a><\/p><p><strong><em>Leden en cursisten gratis <\/em><\/strong><\/p><p><strong><em>Niet leden betalen \u20ac 9 vooraf op NL07 INGB 0002 7351 00 t.n.v. Alliance Fran\u00e7aise Dordrecht<\/em><\/strong><\/p>\t\t\t\t\t\t\t\t<\/div>\n\t\t\t\t<\/div>\n\t\t\t\t\t<\/div>\n\t\t<\/div>\n\t\t\t\t\t<\/div>\n\t\t<\/section>\n\t\t\t\t<section class=\"elementor-section elementor-top-section elementor-element elementor-element-52ab94c elementor-section-boxed elementor-section-height-default elementor-section-height-default\" data-id=\"52ab94c\" data-element_type=\"section\" data-e-type=\"section\">\n\t\t\t\t\t\t<div class=\"elementor-container elementor-column-gap-default\">\n\t\t\t\t\t<div class=\"elementor-column elementor-col-33 elementor-top-column elementor-element elementor-element-6888ef5\" data-id=\"6888ef5\" data-element_type=\"column\" data-e-type=\"column\">\n\t\t\t<div class=\"elementor-widget-wrap elementor-element-populated\">\n\t\t\t\t\t\t<div class=\"elementor-element elementor-element-089e399 elementor-widget elementor-widget-text-editor\" data-id=\"089e399\" data-element_type=\"widget\" data-e-type=\"widget\" data-widget_type=\"text-editor.default\">\n\t\t\t\t<div class=\"elementor-widget-container\">\n\t\t\t\t\t\t\t\t\t<p><b>Maandag 5 januari 2026<\/b><\/p>\t\t\t\t\t\t\t\t<\/div>\n\t\t\t\t<\/div>\n\t\t\t\t<div class=\"elementor-element elementor-element-e52f2ce elementor-widget elementor-widget-image\" data-id=\"e52f2ce\" data-element_type=\"widget\" data-e-type=\"widget\" data-widget_type=\"image.default\">\n\t\t\t\t<div class=\"elementor-widget-container\">\n\t\t\t\t\t\t\t\t\t\t\t\t\t\t\t<img decoding=\"async\" src=\"https:\/\/www.alliance-francaise.nl\/dordrecht\/wp-content\/uploads\/sites\/33\/elementor\/thumbs\/24mag-24ondessert-t_CA0-articleLarge-r4fzrudkwldkp2pz9ks08ncn87iq8rejib5n0dtase.jpg\" title=\"24mag-24ondessert-t_CA0-articleLarge\" alt=\"24mag-24ondessert-t_CA0-articleLarge\" loading=\"lazy\" \/>\t\t\t\t\t\t\t\t\t\t\t\t\t\t\t<\/div>\n\t\t\t\t<\/div>\n\t\t\t\t\t<\/div>\n\t\t<\/div>\n\t\t\t\t<div class=\"elementor-column elementor-col-66 elementor-top-column elementor-element elementor-element-a819312\" data-id=\"a819312\" data-element_type=\"column\" data-e-type=\"column\">\n\t\t\t<div class=\"elementor-widget-wrap elementor-element-populated\">\n\t\t\t\t\t\t<div class=\"elementor-element elementor-element-e5fa728 elementor-widget elementor-widget-text-editor\" data-id=\"e5fa728\" data-element_type=\"widget\" data-e-type=\"widget\" data-widget_type=\"text-editor.default\">\n\t\t\t\t<div class=\"elementor-widget-container\">\n\t\t\t\t\t\t\t\t\t<p><strong style=\"font-size: 1rem\">Nieuwjaarsborrel<\/strong><span style=\"font-size: 1rem\">\u00a0<\/span><strong style=\"font-size: 1rem\">voor alle cursisten en leden<\/strong><\/p><p>Da Vinci College gebouw Ocra<br \/>2e etage 20.10 \u2013 20.50 uur<\/p>\t\t\t\t\t\t\t\t<\/div>\n\t\t\t\t<\/div>\n\t\t\t\t\t<\/div>\n\t\t<\/div>\n\t\t\t\t\t<\/div>\n\t\t<\/section>\n\t\t\t\t<section class=\"elementor-section elementor-top-section elementor-element elementor-element-f14e4ea elementor-section-boxed elementor-section-height-default elementor-section-height-default\" data-id=\"f14e4ea\" data-element_type=\"section\" data-e-type=\"section\" data-settings=\"{&quot;background_background&quot;:&quot;classic&quot;}\">\n\t\t\t\t\t\t<div class=\"elementor-container elementor-column-gap-default\">\n\t\t\t\t\t<div class=\"elementor-column elementor-col-33 elementor-top-column elementor-element elementor-element-643dfce\" data-id=\"643dfce\" data-element_type=\"column\" data-e-type=\"column\">\n\t\t\t<div class=\"elementor-widget-wrap elementor-element-populated\">\n\t\t\t\t\t\t<div class=\"elementor-element elementor-element-cc1711e elementor-widget elementor-widget-text-editor\" data-id=\"cc1711e\" data-element_type=\"widget\" data-e-type=\"widget\" data-widget_type=\"text-editor.default\">\n\t\t\t\t<div class=\"elementor-widget-container\">\n\t\t\t\t\t\t\t\t\t<p><strong>Vendredi 27 f\u00e9vrier 2026<\/strong><\/p><p>Zaal open om 19.30 u, aanvang 20h in de Trinitatiskapel, Vriesestraat 22 \u2013 Dordrecht.<\/p>\t\t\t\t\t\t\t\t<\/div>\n\t\t\t\t<\/div>\n\t\t\t\t<div class=\"elementor-element elementor-element-562f5d9 elementor-widget__width-initial elementor-widget elementor-widget-image\" data-id=\"562f5d9\" data-element_type=\"widget\" data-e-type=\"widget\" data-widget_type=\"image.default\">\n\t\t\t\t<div class=\"elementor-widget-container\">\n\t\t\t\t\t\t\t\t\t\t\t\t\t\t\t<img fetchpriority=\"high\" decoding=\"async\" width=\"800\" height=\"528\" src=\"https:\/\/www.alliance-francaise.nl\/dordrecht\/wp-content\/uploads\/sites\/33\/2025\/12\/Notre-Dame_de_Paris_4_October_2017.jpg\" class=\"attachment-large size-large wp-image-3895\" alt=\"\" srcset=\"https:\/\/www.alliance-francaise.nl\/dordrecht\/wp-content\/uploads\/sites\/33\/2025\/12\/Notre-Dame_de_Paris_4_October_2017.jpg 960w, https:\/\/www.alliance-francaise.nl\/dordrecht\/wp-content\/uploads\/sites\/33\/2025\/12\/Notre-Dame_de_Paris_4_October_2017-300x198.jpg 300w, https:\/\/www.alliance-francaise.nl\/dordrecht\/wp-content\/uploads\/sites\/33\/2025\/12\/Notre-Dame_de_Paris_4_October_2017-768x507.jpg 768w, https:\/\/www.alliance-francaise.nl\/dordrecht\/wp-content\/uploads\/sites\/33\/2025\/12\/Notre-Dame_de_Paris_4_October_2017-600x396.jpg 600w\" sizes=\"(max-width: 800px) 100vw, 800px\" \/>\t\t\t\t\t\t\t\t\t\t\t\t\t\t\t<\/div>\n\t\t\t\t<\/div>\n\t\t\t\t\t<\/div>\n\t\t<\/div>\n\t\t\t\t<div class=\"elementor-column elementor-col-66 elementor-top-column elementor-element elementor-element-766b48b\" data-id=\"766b48b\" data-element_type=\"column\" data-e-type=\"column\">\n\t\t\t<div class=\"elementor-widget-wrap elementor-element-populated\">\n\t\t\t\t\t\t<div class=\"elementor-element elementor-element-d5ce19d elementor-widget elementor-widget-text-editor\" data-id=\"d5ce19d\" data-element_type=\"widget\" data-e-type=\"widget\" data-widget_type=\"text-editor.default\">\n\t\t\t\t<div class=\"elementor-widget-container\">\n\t\t\t\t\t\t\t\t\t<p><b>LEZING IN HET FRANS<\/b><br><i>Notre Dame de Paris par Chlo\u00e9 Perrin<\/i><\/p>\n<p><b>Notre Dame de Paris, mille ans d\u2019histoires<br><\/b><span style=\"font-size: 1rem\">La conf\u00e9rence porte sur les liens entre Notre Dame et l&#8217;histoire de France.<br>Elle se d\u00e9roule en deux parties :<br><\/span><i style=\"font-size: 1rem\">l<\/i><span style=\"font-size: 1rem\">e Moyen \u00c2ge d\u2019abord, o\u00f9 sont abord\u00e9es la soci\u00e9t\u00e9 dans laquelle la cath\u00e9drale a \u00e9t\u00e9 construite, sa construction et son architecture.<br>La deuxi\u00e8me partie \u00e9voque Notre Dame dans l\u2019histoire plus r\u00e9cente.<\/span><\/p>\n<p><span style=\"font-size: 1rem\"><em><b>Leden en cursisten gratis, niet leden en cursisten betalen \u20ac 10<\/b><\/em><\/span><\/p>\n<p><i>U bent van harte welkom, maar stuurt u vooraf een berichtje naar secr.dordrecht@afpb.nl.<\/i><\/p><p><i>Niet-leden wordt gevraagd \u20ac 10 vooraf op NL07 INGB 0002 7351 00 t.n.v. Alliance Fran\u00e7aise Dordrecht of&nbsp;<\/i><em>reserveer via de webwinkel onder de knop &#8216;Lezingen&#8217;:<\/em><em> <a href=\"https:\/\/www.alliance-francaise.nl\/dordrecht\/winkel\/\">Onze<\/a><\/em><em><a href=\"https:\/\/www.alliance-francaise.nl\/dordrecht\/winkel\/\"> webwinkel<\/a><\/em><\/p>\t\t\t\t\t\t\t\t<\/div>\n\t\t\t\t<\/div>\n\t\t\t\t\t<\/div>\n\t\t<\/div>\n\t\t\t\t\t<\/div>\n\t\t<\/section>\n\t\t\t\t<section class=\"elementor-section elementor-top-section elementor-element elementor-element-7bbe101 elementor-section-boxed elementor-section-height-default elementor-section-height-default\" data-id=\"7bbe101\" data-element_type=\"section\" data-e-type=\"section\">\n\t\t\t\t\t\t<div class=\"elementor-container elementor-column-gap-default\">\n\t\t\t\t\t<div class=\"elementor-column elementor-col-33 elementor-top-column elementor-element elementor-element-d88ea1f\" data-id=\"d88ea1f\" data-element_type=\"column\" data-e-type=\"column\">\n\t\t\t<div class=\"elementor-widget-wrap elementor-element-populated\">\n\t\t\t\t\t\t<div class=\"elementor-element elementor-element-8897913 elementor-widget elementor-widget-text-editor\" data-id=\"8897913\" data-element_type=\"widget\" data-e-type=\"widget\" data-widget_type=\"text-editor.default\">\n\t\t\t\t<div class=\"elementor-widget-container\">\n\t\t\t\t\t\t\t\t\t<p><strong>Maandag 23 maart 2026<\/strong><\/p><p>Locatie = Da Vinci College, gebouw Ocra &#8211; 2e etage \u2013 Theater zaal \u2013 20h\/21h<\/p>\t\t\t\t\t\t\t\t<\/div>\n\t\t\t\t<\/div>\n\t\t\t\t<div class=\"elementor-element elementor-element-cc55aad elementor-widget__width-initial elementor-widget elementor-widget-image\" data-id=\"cc55aad\" data-element_type=\"widget\" data-e-type=\"widget\" data-widget_type=\"image.default\">\n\t\t\t\t<div class=\"elementor-widget-container\">\n\t\t\t\t\t\t\t\t\t\t\t\t\t\t\t<img decoding=\"async\" width=\"329\" height=\"153\" src=\"https:\/\/www.alliance-francaise.nl\/dordrecht\/wp-content\/uploads\/sites\/33\/2025\/06\/Afbeelding4.png\" class=\"attachment-full size-full wp-image-3611\" alt=\"\" srcset=\"https:\/\/www.alliance-francaise.nl\/dordrecht\/wp-content\/uploads\/sites\/33\/2025\/06\/Afbeelding4.png 329w, https:\/\/www.alliance-francaise.nl\/dordrecht\/wp-content\/uploads\/sites\/33\/2025\/06\/Afbeelding4-300x140.png 300w\" sizes=\"(max-width: 329px) 100vw, 329px\" \/>\t\t\t\t\t\t\t\t\t\t\t\t\t\t\t<\/div>\n\t\t\t\t<\/div>\n\t\t\t\t\t<\/div>\n\t\t<\/div>\n\t\t\t\t<div class=\"elementor-column elementor-col-66 elementor-top-column elementor-element elementor-element-425e580\" data-id=\"425e580\" data-element_type=\"column\" data-e-type=\"column\">\n\t\t\t<div class=\"elementor-widget-wrap elementor-element-populated\">\n\t\t\t\t\t\t<div class=\"elementor-element elementor-element-a1fa66d elementor-widget elementor-widget-text-editor\" data-id=\"a1fa66d\" data-element_type=\"widget\" data-e-type=\"widget\" data-widget_type=\"text-editor.default\">\n\t\t\t\t<div class=\"elementor-widget-container\">\n\t\t\t\t\t\t\t\t\t<p><em>Semaine de la francophonie &#8211; Franse quiz voor alle cursisten en leden<\/em><\/p>\t\t\t\t\t\t\t\t<\/div>\n\t\t\t\t<\/div>\n\t\t\t\t\t<\/div>\n\t\t<\/div>\n\t\t\t\t\t<\/div>\n\t\t<\/section>\n\t\t\t\t<section class=\"elementor-section elementor-top-section elementor-element elementor-element-502b771 elementor-section-boxed elementor-section-height-default elementor-section-height-default\" data-id=\"502b771\" data-element_type=\"section\" data-e-type=\"section\" data-settings=\"{&quot;background_background&quot;:&quot;classic&quot;}\">\n\t\t\t\t\t\t<div class=\"elementor-container elementor-column-gap-default\">\n\t\t\t\t\t<div class=\"elementor-column elementor-col-33 elementor-top-column elementor-element elementor-element-f61f7db\" data-id=\"f61f7db\" data-element_type=\"column\" data-e-type=\"column\">\n\t\t\t<div class=\"elementor-widget-wrap elementor-element-populated\">\n\t\t\t\t\t\t<div class=\"elementor-element elementor-element-90384e6 elementor-widget elementor-widget-text-editor\" data-id=\"90384e6\" data-element_type=\"widget\" data-e-type=\"widget\" data-widget_type=\"text-editor.default\">\n\t\t\t\t<div class=\"elementor-widget-container\">\n\t\t\t\t\t\t\t\t\t<p><strong>Donderdag 9 tot en met zondag 12 april 2026<\/strong><\/p>\t\t\t\t\t\t\t\t<\/div>\n\t\t\t\t<\/div>\n\t\t\t\t<div class=\"elementor-element elementor-element-9593e0e elementor-widget elementor-widget-image\" data-id=\"9593e0e\" data-element_type=\"widget\" data-e-type=\"widget\" data-widget_type=\"image.default\">\n\t\t\t\t<div class=\"elementor-widget-container\">\n\t\t\t\t\t\t\t\t\t\t\t\t\t\t\t<img decoding=\"async\" src=\"https:\/\/www.alliance-francaise.nl\/dordrecht\/wp-content\/uploads\/sites\/33\/elementor\/thumbs\/cathedral-4983886_640-radxvuavmjbc8rv46nhy60l8k1f3ovw8r2ukwhxg64.jpg\" title=\"cathedral-4983886_640\" alt=\"cathedral-4983886_640\" loading=\"lazy\" \/>\t\t\t\t\t\t\t\t\t\t\t\t\t\t\t<\/div>\n\t\t\t\t<\/div>\n\t\t\t\t\t<\/div>\n\t\t<\/div>\n\t\t\t\t<div class=\"elementor-column elementor-col-66 elementor-top-column elementor-element elementor-element-1b63c0f\" data-id=\"1b63c0f\" data-element_type=\"column\" data-e-type=\"column\">\n\t\t\t<div class=\"elementor-widget-wrap elementor-element-populated\">\n\t\t\t\t\t\t<div class=\"elementor-element elementor-element-512dabb elementor-widget elementor-widget-text-editor\" data-id=\"512dabb\" data-element_type=\"widget\" data-e-type=\"widget\" data-widget_type=\"text-editor.default\">\n\t\t\t\t<div class=\"elementor-widget-container\">\n\t\t\t\t\t\t\t\t\t<p><b><em>Reis naar Reims en<\/em><i>&nbsp;Ch\u00e2lons-en-Champagne (INSCHRIJVING GESLOTEN)<\/i><\/b><\/p>\n<p><span style=\"font-size: 1rem\">Met de bus reizen we op donderdag naar Reims. Daar is een stadswandeling gepland. Vrijdag een bezoek aan de kathedraal en aan het mus\u00e9e Saint-Remi.<br><\/span><span style=\"font-size: 1rem\">Op zaterdag wordt Chalons-en-Champagne bezocht. Naast een stadswandeling is er een rondvaart en zal een bezoek aan een champagnehuis worden afgesloten met een proeverij.<br>Zondag zal de bus ons terug naar Dordrecht brengen, maar stoppen we onderweg bij Waterloo.<\/span><\/p>\t\t\t\t\t\t\t\t<\/div>\n\t\t\t\t<\/div>\n\t\t\t\t\t<\/div>\n\t\t<\/div>\n\t\t\t\t\t<\/div>\n\t\t<\/section>\n\t\t\t\t<section class=\"elementor-section elementor-top-section elementor-element elementor-element-534b0e7 elementor-section-boxed elementor-section-height-default elementor-section-height-default\" data-id=\"534b0e7\" data-element_type=\"section\" data-e-type=\"section\">\n\t\t\t\t\t\t<div class=\"elementor-container elementor-column-gap-default\">\n\t\t\t\t\t<div class=\"elementor-column elementor-col-33 elementor-top-column elementor-element elementor-element-71c0fc8\" data-id=\"71c0fc8\" data-element_type=\"column\" data-e-type=\"column\">\n\t\t\t<div class=\"elementor-widget-wrap elementor-element-populated\">\n\t\t\t\t\t\t<div class=\"elementor-element elementor-element-a4cc79a elementor-widget elementor-widget-text-editor\" data-id=\"a4cc79a\" data-element_type=\"widget\" data-e-type=\"widget\" data-widget_type=\"text-editor.default\">\n\t\t\t\t<div class=\"elementor-widget-container\">\n\t\t\t\t\t\t\t\t\t<p><strong>Maandag 20 april (afgelast)<\/strong><\/p><p><em>Slotavond seizoen 2025-2026 = &#8220;Vive la chanson&#8221;<\/em><\/p><p>locatie Trinitatiskapel, Vriesestraat 22, Dordrecht &#8211; zaal open om 19:30<\/p>\t\t\t\t\t\t\t\t<\/div>\n\t\t\t\t<\/div>\n\t\t\t\t<div class=\"elementor-element elementor-element-016c3c4 elementor-widget elementor-widget-image\" data-id=\"016c3c4\" data-element_type=\"widget\" data-e-type=\"widget\" data-widget_type=\"image.default\">\n\t\t\t\t<div class=\"elementor-widget-container\">\n\t\t\t\t\t\t\t\t\t\t\t\t\t\t\t<img decoding=\"async\" src=\"https:\/\/www.alliance-francaise.nl\/dordrecht\/wp-content\/uploads\/sites\/33\/elementor\/thumbs\/Afbeelding5-r7b189xokq5t6xsjxnw40ooprpq73inva2xniq31ty.png\" title=\"Afbeelding5\" alt=\"Afbeelding5\" loading=\"lazy\" \/>\t\t\t\t\t\t\t\t\t\t\t\t\t\t\t<\/div>\n\t\t\t\t<\/div>\n\t\t\t\t\t<\/div>\n\t\t<\/div>\n\t\t\t\t<div class=\"elementor-column elementor-col-66 elementor-top-column elementor-element elementor-element-1babc37\" data-id=\"1babc37\" data-element_type=\"column\" data-e-type=\"column\">\n\t\t\t<div class=\"elementor-widget-wrap elementor-element-populated\">\n\t\t\t\t\t\t<div class=\"elementor-element elementor-element-4f81362 elementor-widget elementor-widget-text-editor\" data-id=\"4f81362\" data-element_type=\"widget\" data-e-type=\"widget\" data-widget_type=\"text-editor.default\">\n\t\t\t\t<div class=\"elementor-widget-container\">\n\t\t\t\t\t\t\t\t\t<p><b>Slotavond &#8220;Vive la chanson&#8221; HELAAS VERVALLEN<\/b><\/p><p>Voor onze slotavond van dit cursus jaar hebben wij Jose van Waveren uitgenodigd.<\/p><p><strong><em>Met het door haar geschreven en gecomponeerde chanson \u201cPortrait d\u2019un Mariage\u201c heeft Jos\u00e9 van Waveren, begeleid door pianist Sjoerd Brouwer, een prijs gewonnen op het Concours de la Chanson. <\/em><\/strong><em>De j<\/em><em>ury, waaronder oud Concours-winnaar Philippe Elan, publiek en medefinalisten waren unaniem geraakt door de inhoud en de compositie. Het deels autobiografische lied over 2 mensen die veel van elkaar houden, maar elkaar moeilijk kunnen bereiken, oogstte veel herkenning. In dit lied blijkt het persoonlijke universeel. <\/em><\/p><p><strong><em>Jos\u00e9 van Waveren treedt ruim 20 jaar door het hele land op in kleine theaters, kerkjes en overal waar men het Franse chanson een warm hart toedraagt. <\/em><\/strong><em>Ze heeft hiermee een trouwe schare fans opgebouwd en op dit moment zingt ze naast bekend en onbekend werk van Barbara, Brel, Aznavour, Yves Duteil en anderen, vooral eigen composities die door haar publiek erg gewaardeerd worden. Aangemoedigd door de vele positieve reacties brengt ze sinds januari 2024 haar autobiografische programma <strong>AUTOPORTRAIT<\/strong>, waarin ze aan de hand van door haar zelf gecomponeerde en geschreven chansons gebeurtenissen uit haar leven bezingt. Omdat het leven constant aan verandering onderhevig is, is het geen statisch programma. Was er eerst nog veel ruimte voor weemoed, nu overheersen gelukkige liefdesliedjes. Ze zingt over alles wat haar ontroert. Of het nu over de mystiek van Engeland gaat of over de beeldhouwster Camille Claudel, of over de natuur. Iedereen kan zich in haar chansons herkennen, vanwege de universele thema\u2019s als liefde, dood, humor en nostalgie. <\/em><\/p><p><em>Een mooie mengeling vol hoop, melancholie \u00e9n humor!<\/em><\/p><p><b><em style=\"font-size: 1rem\">U kunt zich inschrijven via onze winkel op de volgende pagina:\u00a0<\/em><a style=\"font-size: 1rem\" href=\"https:\/\/www.alliance-francaise.nl\/dordrecht\/winkel\/\">Winkel \u2013 Alliance Fran\u00e7aise Dordrecht<\/a><span style=\"font-size: 1rem\">\u00a0onder de knop &#8216;Lezingen&#8217;.<\/span><\/b><\/p><p><em>Leden en cursisten gratis<\/em><\/p>\t\t\t\t\t\t\t\t<\/div>\n\t\t\t\t<\/div>\n\t\t\t\t\t<\/div>\n\t\t<\/div>\n\t\t\t\t\t<\/div>\n\t\t<\/section>\n\t\t\t\t<section class=\"elementor-section elementor-top-section elementor-element elementor-element-893bf3e elementor-section-boxed elementor-section-height-default elementor-section-height-default\" data-id=\"893bf3e\" data-element_type=\"section\" data-e-type=\"section\" data-settings=\"{&quot;background_background&quot;:&quot;classic&quot;}\">\n\t\t\t\t\t\t<div class=\"elementor-container elementor-column-gap-default\">\n\t\t\t\t\t<div class=\"elementor-column elementor-col-33 elementor-top-column elementor-element elementor-element-1ff5f85\" data-id=\"1ff5f85\" data-element_type=\"column\" data-e-type=\"column\">\n\t\t\t<div class=\"elementor-widget-wrap elementor-element-populated\">\n\t\t\t\t\t\t<div class=\"elementor-element elementor-element-e01694e elementor-widget elementor-widget-image\" data-id=\"e01694e\" data-element_type=\"widget\" data-e-type=\"widget\" data-widget_type=\"image.default\">\n\t\t\t\t<div class=\"elementor-widget-container\">\n\t\t\t\t\t\t\t\t\t\t\t\t\t\t\t<img decoding=\"async\" src=\"https:\/\/www.alliance-francaise.nl\/dordrecht\/wp-content\/uploads\/sites\/33\/elementor\/thumbs\/download-1-r4fzs00m1llamqhscn7rnlxesiqxiy0xj32jw1kyb2.jpeg\" title=\"download (1)\" alt=\"download (1)\" loading=\"lazy\" \/>\t\t\t\t\t\t\t\t\t\t\t\t\t\t\t<\/div>\n\t\t\t\t<\/div>\n\t\t\t\t\t<\/div>\n\t\t<\/div>\n\t\t\t\t<div class=\"elementor-column elementor-col-66 elementor-top-column elementor-element elementor-element-4641086\" data-id=\"4641086\" data-element_type=\"column\" data-e-type=\"column\">\n\t\t\t<div class=\"elementor-widget-wrap elementor-element-populated\">\n\t\t\t\t\t\t<div class=\"elementor-element elementor-element-a9b90cf elementor-widget elementor-widget-text-editor\" data-id=\"a9b90cf\" data-element_type=\"widget\" data-e-type=\"widget\" data-widget_type=\"text-editor.default\">\n\t\t\t\t<div class=\"elementor-widget-container\">\n\t\t\t\t\t\t\t\t\t<p><em><b>Les Caf\u00e9s fran\u00e7ais<\/b><\/em><\/p>\n<p>We organiseren regelmatig Caf\u00e9s fran\u00e7ais die voor iedereen toegankelijk zijn: cursisten, docenten, AF-leden maar ook in de regio wonende Franstaligen en Fransen, studenten\u2026 iedereen die Frans wil spreken is welkom.<\/p>\n<p>Trefwoorden zijn: sympathiser, se rencontrer, bavarder, plaisanter et\u2026 parler fran\u00e7ais!&nbsp;<\/p>\n<p>Film om 14h15 \u2013 Aanvang om 13h45 \u2013 Cinema de Witt &#8211;&nbsp; <a href=\"https:\/\/www.google.com\/maps\/place\/data=!4m2!3m1!1s0x47c42932f1d3ce83:0x2c078564eb083220?sa=X&amp;ved=1t:8290&amp;ictx=111\">Nieuwstraat 62 te Dordrecht<\/a><\/p>\n<p>Zondag 12.10.2025 = Cartouche<br>Zondag 18.01.2026 = Vie Priv\u00e9e<br>Zondag 15.03.2026 =&nbsp;<span style=\"font-size: 1rem\">L&#8217;\u00e9tranger<\/span><\/p>\n<p>De programmering wordt met met filmhuis De Witt &#8211; afhankelijk van het aanbod &#8211; vastgesteld. Zodra een titel bekend is wordt deze hier en in de winkel gepubliceerd.&nbsp;Er kunnen zeker tussendoor extra data komen. Houd onze website in de gaten.<\/p>\n<p>De kosten voor deze filmmiddag bedragen \u20ac 14,50 inclusief 1 gratis consumptie na afloop van de film.<\/p>\n<p>Als u deze Caf\u00e9s fran\u00e7ais bij wilt wonen, dan kunt zich inschrijven via onze winkel op de volgende pagina:&nbsp;<a href=\"https:\/\/www.alliance-francaise.nl\/dordrecht\/winkel\/\">Winkel \u2013 Alliance Fran\u00e7aise Dordrecht<\/a>&nbsp;onder de knop &#8216;Filmmiddagen&#8217;.<\/p>\n<p>Wij moeten nl. het aantal te reserveren plaatsen laten weten aan de bioscoop.<\/p>\n<p>(Wij proberen zoveel als mogelijk transacties met contant geld te vermijden.)<\/p>\t\t\t\t\t\t\t\t<\/div>\n\t\t\t\t<\/div>\n\t\t\t\t\t<\/div>\n\t\t<\/div>\n\t\t\t\t\t<\/div>\n\t\t<\/section>\n\t\t\t\t<section class=\"elementor-section elementor-top-section elementor-element elementor-element-b2a585b elementor-section-boxed elementor-section-height-default elementor-section-height-default\" data-id=\"b2a585b\" data-element_type=\"section\" data-e-type=\"section\">\n\t\t\t\t\t\t<div class=\"elementor-container elementor-column-gap-default\">\n\t\t\t\t\t<div class=\"elementor-column elementor-col-100 elementor-top-column elementor-element elementor-element-fe01856\" data-id=\"fe01856\" data-element_type=\"column\" data-e-type=\"column\">\n\t\t\t<div class=\"elementor-widget-wrap\">\n\t\t\t\t\t\t\t<\/div>\n\t\t<\/div>\n\t\t\t\t\t<\/div>\n\t\t<\/section>\n\t\t\t\t<\/div>\n\t\t","protected":false},"excerpt":{"rendered":"<p>Het culturele aanbod van 2025-2026 De slotavond van het seizoen 2025-206 op maandag 20 april kan helaas geen doorgang vinden. In het cursusjaar 2025-2026 bieden we u weer een gevarieerd [&hellip;]<\/p>\n","protected":false},"author":20,"featured_media":0,"parent":147,"menu_order":0,"comment_status":"closed","ping_status":"closed","template":"elementor_header_footer","meta":{"footnotes":""},"class_list":["post-219","page","type-page","status-publish","hentry"],"_links":{"self":[{"href":"https:\/\/www.alliance-francaise.nl\/dordrecht\/wp-json\/wp\/v2\/pages\/219","targetHints":{"allow":["GET"]}}],"collection":[{"href":"https:\/\/www.alliance-francaise.nl\/dordrecht\/wp-json\/wp\/v2\/pages"}],"about":[{"href":"https:\/\/www.alliance-francaise.nl\/dordrecht\/wp-json\/wp\/v2\/types\/page"}],"author":[{"embeddable":true,"href":"https:\/\/www.alliance-francaise.nl\/dordrecht\/wp-json\/wp\/v2\/users\/20"}],"replies":[{"embeddable":true,"href":"https:\/\/www.alliance-francaise.nl\/dordrecht\/wp-json\/wp\/v2\/comments?post=219"}],"version-history":[{"count":20,"href":"https:\/\/www.alliance-francaise.nl\/dordrecht\/wp-json\/wp\/v2\/pages\/219\/revisions"}],"predecessor-version":[{"id":4139,"href":"https:\/\/www.alliance-francaise.nl\/dordrecht\/wp-json\/wp\/v2\/pages\/219\/revisions\/4139"}],"up":[{"embeddable":true,"href":"https:\/\/www.alliance-francaise.nl\/dordrecht\/wp-json\/wp\/v2\/pages\/147"}],"wp:attachment":[{"href":"https:\/\/www.alliance-francaise.nl\/dordrecht\/wp-json\/wp\/v2\/media?parent=219"}],"curies":[{"name":"wp","href":"https:\/\/api.w.org\/{rel}","templated":true}]}}