{"id":274,"date":"2020-06-30T09:52:20","date_gmt":"2020-06-30T08:52:20","guid":{"rendered":"https:\/\/www.alliance-francaise.nl\/2020\/denbosch\/?page_id=274"},"modified":"2025-09-21T10:52:48","modified_gmt":"2025-09-21T09:52:48","slug":"docenten-s-hertogenbosch","status":"publish","type":"page","link":"https:\/\/www.alliance-francaise.nl\/denbosch\/cursussen\/docenten-s-hertogenbosch\/","title":{"rendered":"Docenten"},"content":{"rendered":"\t\t<div data-elementor-type=\"wp-page\" data-elementor-id=\"274\" class=\"elementor elementor-274\" data-elementor-post-type=\"page\">\n\t\t\t\t\t\t<section class=\"elementor-section elementor-top-section elementor-element elementor-element-5f132599 elementor-section-boxed elementor-section-height-default elementor-section-height-default\" data-id=\"5f132599\" data-element_type=\"section\" data-e-type=\"section\" data-settings=\"{&quot;background_background&quot;:&quot;classic&quot;}\">\n\t\t\t\t\t\t<div class=\"elementor-container elementor-column-gap-default\">\n\t\t\t\t\t<div class=\"elementor-column elementor-col-100 elementor-top-column elementor-element elementor-element-5c5e5e6e\" data-id=\"5c5e5e6e\" data-element_type=\"column\" data-e-type=\"column\">\n\t\t\t<div class=\"elementor-widget-wrap\">\n\t\t\t\t\t\t\t<\/div>\n\t\t<\/div>\n\t\t\t\t\t<\/div>\n\t\t<\/section>\n\t\t\t\t<section class=\"elementor-section elementor-top-section elementor-element elementor-element-26d9a4c7 elementor-section-boxed elementor-section-height-default elementor-section-height-default\" data-id=\"26d9a4c7\" data-element_type=\"section\" data-e-type=\"section\">\n\t\t\t\t\t\t<div class=\"elementor-container elementor-column-gap-default\">\n\t\t\t\t\t<div class=\"elementor-column elementor-col-100 elementor-top-column elementor-element elementor-element-911e465\" data-id=\"911e465\" data-element_type=\"column\" data-e-type=\"column\" data-settings=\"{&quot;background_background&quot;:&quot;classic&quot;}\">\n\t\t\t<div class=\"elementor-widget-wrap elementor-element-populated\">\n\t\t\t\t\t<div class=\"elementor-background-overlay\"><\/div>\n\t\t\t\t\t\t<div class=\"elementor-element elementor-element-56c84656 elementor-widget elementor-widget-heading\" data-id=\"56c84656\" data-element_type=\"widget\" data-e-type=\"widget\" data-widget_type=\"heading.default\">\n\t\t\t\t<div class=\"elementor-widget-container\">\n\t\t\t\t\t<h1 class=\"elementor-heading-title elementor-size-default\">Onze docenten<\/h1>\t\t\t\t<\/div>\n\t\t\t\t<\/div>\n\t\t\t\t\t<\/div>\n\t\t<\/div>\n\t\t\t\t\t<\/div>\n\t\t<\/section>\n\t\t\t\t<section class=\"elementor-section elementor-top-section elementor-element elementor-element-7a53a096 elementor-section-content-top elementor-section-full_width elementor-section-height-default elementor-section-height-default\" data-id=\"7a53a096\" data-element_type=\"section\" data-e-type=\"section\">\n\t\t\t\t\t\t<div class=\"elementor-container elementor-column-gap-no\">\n\t\t\t\t\t<div class=\"elementor-column elementor-col-33 elementor-top-column elementor-element elementor-element-1d6c71e0\" data-id=\"1d6c71e0\" data-element_type=\"column\" data-e-type=\"column\">\n\t\t\t<div class=\"elementor-widget-wrap elementor-element-populated\">\n\t\t\t\t\t\t<div class=\"elementor-element elementor-element-21719ca8 elementor-position-top elementor-widget elementor-widget-image-box\" data-id=\"21719ca8\" data-element_type=\"widget\" data-e-type=\"widget\" data-widget_type=\"image-box.default\">\n\t\t\t\t<div class=\"elementor-widget-container\">\n\t\t\t\t\t<div class=\"elementor-image-box-wrapper\"><figure class=\"elementor-image-box-img\"><img decoding=\"async\" width=\"150\" height=\"150\" src=\"https:\/\/www.alliance-francaise.nl\/denbosch\/wp-content\/uploads\/sites\/31\/2025\/08\/Leon-den-Otter-3-150x150.jpg\" class=\"attachment-thumbnail size-thumbnail wp-image-1875\" alt=\"\" srcset=\"https:\/\/www.alliance-francaise.nl\/denbosch\/wp-content\/uploads\/sites\/31\/2025\/08\/Leon-den-Otter-3-150x150.jpg 150w, https:\/\/www.alliance-francaise.nl\/denbosch\/wp-content\/uploads\/sites\/31\/2025\/08\/Leon-den-Otter-3-300x300.jpg 300w, https:\/\/www.alliance-francaise.nl\/denbosch\/wp-content\/uploads\/sites\/31\/2025\/08\/Leon-den-Otter-3-100x100.jpg 100w\" sizes=\"(max-width: 150px) 100vw, 150px\" \/><\/figure><div class=\"elementor-image-box-content\"><h3 class=\"elementor-image-box-title\">Leon den Otter\n<\/h3><\/div><\/div>\t\t\t\t<\/div>\n\t\t\t\t<\/div>\n\t\t\t\t<div class=\"elementor-element elementor-element-5736d0b8 elementor-widget elementor-widget-text-editor\" data-id=\"5736d0b8\" data-element_type=\"widget\" data-e-type=\"widget\" data-widget_type=\"text-editor.default\">\n\t\t\t\t<div class=\"elementor-widget-container\">\n\t\t\t\t\t\t\t\t\t<p style=\"text-align: center\">Mijn naam is Leon den Otter, directeur des cours en tevens docent.<\/p><p>Ik heb mijn HBO opleidingen Frans afgerond met een doctoraal<br \/>aan de Universiteit van Utrecht.<\/p><p>Ruim 40 jaar ben ik werkzaam geweest als docent in het middelbaar onderwijs.<br \/>Daarnaast heb ik ook een aantal jaren lesgegeven aan volwassenen.<br \/>Ik wil graag mijn passie voor het Frans en de Franse cultuur doorgeven en delen.<br \/>Iedere doelgroep, iedere cursist heeft zijn eigen specifieke eisen en verwachtingen, ik wil daar graag op een positieve en creatieve manier op inspelen.\u00a0<\/p><p>Laten we samen aan de slag gaan! Ik wens u alvast heel veel succes bij het leren van la plus belle langue!<\/p>\t\t\t\t\t\t\t\t<\/div>\n\t\t\t\t<\/div>\n\t\t\t\t\t<\/div>\n\t\t<\/div>\n\t\t\t\t<div class=\"elementor-column elementor-col-33 elementor-top-column elementor-element elementor-element-246a5af6\" data-id=\"246a5af6\" data-element_type=\"column\" data-e-type=\"column\">\n\t\t\t<div class=\"elementor-widget-wrap elementor-element-populated\">\n\t\t\t\t\t\t<div class=\"elementor-element elementor-element-662bbf13 elementor-position-top elementor-widget elementor-widget-image-box\" data-id=\"662bbf13\" data-element_type=\"widget\" data-e-type=\"widget\" data-widget_type=\"image-box.default\">\n\t\t\t\t<div class=\"elementor-widget-container\">\n\t\t\t\t\t<div class=\"elementor-image-box-wrapper\"><figure class=\"elementor-image-box-img\"><img decoding=\"async\" width=\"150\" height=\"150\" src=\"https:\/\/www.alliance-francaise.nl\/denbosch\/wp-content\/uploads\/sites\/31\/2025\/08\/Voorzitter-Joop-Boelens-150x150.jpg\" class=\"attachment-thumbnail size-thumbnail wp-image-1849\" alt=\"\" srcset=\"https:\/\/www.alliance-francaise.nl\/denbosch\/wp-content\/uploads\/sites\/31\/2025\/08\/Voorzitter-Joop-Boelens-150x150.jpg 150w, https:\/\/www.alliance-francaise.nl\/denbosch\/wp-content\/uploads\/sites\/31\/2025\/08\/Voorzitter-Joop-Boelens-300x300.jpg 300w, https:\/\/www.alliance-francaise.nl\/denbosch\/wp-content\/uploads\/sites\/31\/2025\/08\/Voorzitter-Joop-Boelens-100x100.jpg 100w\" sizes=\"(max-width: 150px) 100vw, 150px\" \/><\/figure><div class=\"elementor-image-box-content\"><h3 class=\"elementor-image-box-title\">Joop Boelens\n<\/h3><\/div><\/div>\t\t\t\t<\/div>\n\t\t\t\t<\/div>\n\t\t\t\t<div class=\"elementor-element elementor-element-1ce9f948 elementor-widget elementor-widget-text-editor\" data-id=\"1ce9f948\" data-element_type=\"widget\" data-e-type=\"widget\" data-widget_type=\"text-editor.default\">\n\t\t\t\t<div class=\"elementor-widget-container\">\n\t\t\t\t\t\t\t\t\t<p>Ik ben Joop Boelens, ben 70 jaar, woon in Vught.<\/p><p>Ik heb Frans, Nederlands en literatuurwetenschap gestudeerd en ben cum laude geslaagd voor mijn doctoraal Frans aan de RUU.<br \/><br \/>Gedurende 37 jaar werkte ik als leraar Frans aan het Ds. Piersoncollege in Den Bosch.<\/p><p>Mijn specialisme is Parijs, ik ken \u2018bijna iedere steen\u2019 van de stad.<br \/><br \/>Verder houd ik van Franse chansons en lees ik veel Frans.\u00a0<\/p><p>Het overbrengen van mijn eigen enthousiasme voor de Franse taal en cultuur en het mensen daarin meevoeren doe ik heel graag. Mijn doel is om samen met u op een fijne manier bezig te zijn met Frans, Frankrijk en de rest van de Franstalige wereld en om uw taalniveau op een hoger plan te brengen.<\/p>\t\t\t\t\t\t\t\t<\/div>\n\t\t\t\t<\/div>\n\t\t\t\t\t<\/div>\n\t\t<\/div>\n\t\t\t\t<div class=\"elementor-column elementor-col-33 elementor-top-column elementor-element elementor-element-3240fc7a\" data-id=\"3240fc7a\" data-element_type=\"column\" data-e-type=\"column\">\n\t\t\t<div class=\"elementor-widget-wrap elementor-element-populated\">\n\t\t\t\t\t\t<div class=\"elementor-element elementor-element-1238c581 elementor-position-top elementor-widget elementor-widget-image-box\" data-id=\"1238c581\" data-element_type=\"widget\" data-e-type=\"widget\" data-widget_type=\"image-box.default\">\n\t\t\t\t<div class=\"elementor-widget-container\">\n\t\t\t\t\t<div class=\"elementor-image-box-wrapper\"><figure class=\"elementor-image-box-img\"><img decoding=\"async\" width=\"150\" height=\"150\" src=\"https:\/\/www.alliance-francaise.nl\/denbosch\/wp-content\/uploads\/sites\/31\/2024\/02\/Nannette-Goldsteen-150x150.jpg\" class=\"attachment-thumbnail size-thumbnail wp-image-1602\" alt=\"\" srcset=\"https:\/\/www.alliance-francaise.nl\/denbosch\/wp-content\/uploads\/sites\/31\/2024\/02\/Nannette-Goldsteen-150x150.jpg 150w, https:\/\/www.alliance-francaise.nl\/denbosch\/wp-content\/uploads\/sites\/31\/2024\/02\/Nannette-Goldsteen-300x300.jpg 300w, https:\/\/www.alliance-francaise.nl\/denbosch\/wp-content\/uploads\/sites\/31\/2024\/02\/Nannette-Goldsteen-100x100.jpg 100w\" sizes=\"(max-width: 150px) 100vw, 150px\" \/><\/figure><div class=\"elementor-image-box-content\"><h3 class=\"elementor-image-box-title\">Nannette Goldsteen<\/h3><\/div><\/div>\t\t\t\t<\/div>\n\t\t\t\t<\/div>\n\t\t\t\t<div class=\"elementor-element elementor-element-6fb275a2 elementor-widget elementor-widget-text-editor\" data-id=\"6fb275a2\" data-element_type=\"widget\" data-e-type=\"widget\" data-widget_type=\"text-editor.default\">\n\t\t\t\t<div class=\"elementor-widget-container\">\n\t\t\t\t\t\t\t\t\t<p><span style=\"font-size: 12pt;font-family: Arial, sans-serif\">In het bezit van een tweedegraads lesbevoegdheid Frans ben ik rond 1999 een aantal jaren actief geweest bij de Alliance Fran\u00e7aise.\u00a0<\/span><\/p><p><span style=\"font-family: Arial, sans-serif;font-size: 12pt\">In 2022 ben ik weer met veel plezier bij de AF Bois-le-Duc gestart.\u00a0<\/span><\/p><p><span style=\"font-family: Arial, sans-serif;font-size: 12pt\">Mijn doel is om met elkaar op een inspirerende wijze bezig te zijn met de Franse taal.\u00a0<\/span><\/p><p><span style=\"font-family: Arial, sans-serif;font-size: 12pt\">Niet alleen met een goed gesprek rondom een boek, maar ook met behulp van artikelen, chansons, films of series om onderwerpen te verdiepen.<\/span><\/p><p>\u00a0<\/p>\t\t\t\t\t\t\t\t<\/div>\n\t\t\t\t<\/div>\n\t\t\t\t\t<\/div>\n\t\t<\/div>\n\t\t\t\t\t<\/div>\n\t\t<\/section>\n\t\t\t\t<section class=\"elementor-section elementor-top-section elementor-element elementor-element-126b975 elementor-section-content-top elementor-section-full_width elementor-section-height-default elementor-section-height-default\" data-id=\"126b975\" data-element_type=\"section\" data-e-type=\"section\">\n\t\t\t\t\t\t<div class=\"elementor-container elementor-column-gap-no\">\n\t\t\t\t\t<div class=\"elementor-column elementor-col-33 elementor-top-column elementor-element elementor-element-e1ebfb1\" data-id=\"e1ebfb1\" data-element_type=\"column\" data-e-type=\"column\">\n\t\t\t<div class=\"elementor-widget-wrap elementor-element-populated\">\n\t\t\t\t\t\t<div class=\"elementor-element elementor-element-0ac0f9f elementor-position-top elementor-widget elementor-widget-image-box\" data-id=\"0ac0f9f\" data-element_type=\"widget\" data-e-type=\"widget\" data-widget_type=\"image-box.default\">\n\t\t\t\t<div class=\"elementor-widget-container\">\n\t\t\t\t\t<div class=\"elementor-image-box-wrapper\"><figure class=\"elementor-image-box-img\"><img loading=\"lazy\" decoding=\"async\" width=\"150\" height=\"150\" src=\"https:\/\/www.alliance-francaise.nl\/denbosch\/wp-content\/uploads\/sites\/31\/2025\/09\/Loic-photo-2019.-jpg-e1757790559324-150x150.jpg\" class=\"attachment-thumbnail size-thumbnail wp-image-1943\" alt=\"\" srcset=\"https:\/\/www.alliance-francaise.nl\/denbosch\/wp-content\/uploads\/sites\/31\/2025\/09\/Loic-photo-2019.-jpg-e1757790559324-150x150.jpg 150w, https:\/\/www.alliance-francaise.nl\/denbosch\/wp-content\/uploads\/sites\/31\/2025\/09\/Loic-photo-2019.-jpg-e1757790559324-100x100.jpg 100w\" sizes=\"(max-width: 150px) 100vw, 150px\" \/><\/figure><div class=\"elementor-image-box-content\"><h3 class=\"elementor-image-box-title\">Lo\u00efc Auffret<\/h3><\/div><\/div>\t\t\t\t<\/div>\n\t\t\t\t<\/div>\n\t\t\t\t<div class=\"elementor-element elementor-element-f4ff143 elementor-widget elementor-widget-text-editor\" data-id=\"f4ff143\" data-element_type=\"widget\" data-e-type=\"widget\" data-widget_type=\"text-editor.default\">\n\t\t\t\t<div class=\"elementor-widget-container\">\n\t\t\t\t\t\t\t\t\t<p>Je suis un jeune homme fran\u00e7ais de 50 printemps ;-), originaire de Caen en Normandie.<\/p><p>Apr\u00e8s avoir \u00e9t\u00e9 coach de tennis puis professeur des \u00e9coles en France et \u00e0 Gen\u00e8ve, j\u2019enseigne depuis maintenant 4 ann\u00e9es le Fran\u00e7ais aupr\u00e8s d\u2019\u00e9tudiants de 10 \u00e0 85 ans.<\/p><p>Je me pr\u00e9sente comme un enseignant passionn\u00e9, curieux et d\u00e9sireux de partager mes connaissances de la langue et de la culture fran\u00e7aise et francophone avec vous.<\/p><p>Je suis impatient de vous rencontrer, de vous connaitre davantage et de construire ensemble une atmosph\u00e8re de classe agr\u00e9able, joyeuse et dynamique autour de la langue fran\u00e7aise. <br \/><br \/>Je me r\u00e9jouis d\u00e9j\u00e0 de la richesse des \u00e9changes qui seront les n\u00f4tres\u2026<\/p><p>Au plaisir de vous rencontrer !<\/p>\t\t\t\t\t\t\t\t<\/div>\n\t\t\t\t<\/div>\n\t\t\t\t\t<\/div>\n\t\t<\/div>\n\t\t\t\t<div class=\"elementor-column elementor-col-33 elementor-top-column elementor-element elementor-element-b447449\" data-id=\"b447449\" data-element_type=\"column\" data-e-type=\"column\">\n\t\t\t<div class=\"elementor-widget-wrap elementor-element-populated\">\n\t\t\t\t\t\t<div class=\"elementor-element elementor-element-b155dbe elementor-position-top elementor-widget elementor-widget-image-box\" data-id=\"b155dbe\" data-element_type=\"widget\" data-e-type=\"widget\" data-widget_type=\"image-box.default\">\n\t\t\t\t<div class=\"elementor-widget-container\">\n\t\t\t\t\t<div class=\"elementor-image-box-wrapper\"><figure class=\"elementor-image-box-img\"><img loading=\"lazy\" decoding=\"async\" width=\"150\" height=\"150\" src=\"https:\/\/www.alliance-francaise.nl\/denbosch\/wp-content\/uploads\/sites\/31\/2025\/09\/Afbeelding-van-Cathy-150x150.jpg\" class=\"attachment-thumbnail size-thumbnail wp-image-1952\" alt=\"\" srcset=\"https:\/\/www.alliance-francaise.nl\/denbosch\/wp-content\/uploads\/sites\/31\/2025\/09\/Afbeelding-van-Cathy-150x150.jpg 150w, https:\/\/www.alliance-francaise.nl\/denbosch\/wp-content\/uploads\/sites\/31\/2025\/09\/Afbeelding-van-Cathy-300x300.jpg 300w, https:\/\/www.alliance-francaise.nl\/denbosch\/wp-content\/uploads\/sites\/31\/2025\/09\/Afbeelding-van-Cathy-100x100.jpg 100w\" sizes=\"(max-width: 150px) 100vw, 150px\" \/><\/figure><div class=\"elementor-image-box-content\"><h3 class=\"elementor-image-box-title\">Cathy Ozanne<\/h3><\/div><\/div>\t\t\t\t<\/div>\n\t\t\t\t<\/div>\n\t\t\t\t<div class=\"elementor-element elementor-element-b559ef6 elementor-widget elementor-widget-text-editor\" data-id=\"b559ef6\" data-element_type=\"widget\" data-e-type=\"widget\" data-widget_type=\"text-editor.default\">\n\t\t\t\t<div class=\"elementor-widget-container\">\n\t\t\t\t\t\t\t\t\t<p>Bonjour,<br \/>\u00a0ik wil me graag voorstellen als jullie docente Frans.<\/p><p>Mijn naam is Cathy Ozanne, geboren in Bayeux, Frankrijk.<\/p><p>Sinds 1991 in Nederland en ben woonachtig in <br \/>&#8216;s-Hertogenbosch.<\/p><p>Ik heb een brede ervaring in verschillende branches, waaronder Franse les aan volwassenen.<\/p><p>Mijn laatste werkervaring is het ondersteunen en begeleiden van de leerlingen die Frans op het ds. Piersoncollege volgden.<\/p><p>Ik heb er veel zin in om jullie te helpen en enthousiast te houden om de Franse taal eigen te maken.<br \/><br \/>Bonne chance!!<br \/><br \/><\/p>\t\t\t\t\t\t\t\t<\/div>\n\t\t\t\t<\/div>\n\t\t\t\t\t<\/div>\n\t\t<\/div>\n\t\t\t\t<div class=\"elementor-column elementor-col-33 elementor-top-column elementor-element elementor-element-6390b8c\" data-id=\"6390b8c\" data-element_type=\"column\" data-e-type=\"column\">\n\t\t\t<div class=\"elementor-widget-wrap elementor-element-populated\">\n\t\t\t\t\t\t\t<\/div>\n\t\t<\/div>\n\t\t\t\t\t<\/div>\n\t\t<\/section>\n\t\t\t\t<\/div>\n\t\t","protected":false},"excerpt":{"rendered":"<p>Onze docenten Leon den Otter Mijn naam is Leon den Otter, directeur des cours en tevens docent. Ik heb mijn HBO opleidingen Frans afgerond met een doctoraalaan de Universiteit van [&hellip;]<\/p>\n","protected":false},"author":29,"featured_media":0,"parent":117,"menu_order":0,"comment_status":"closed","ping_status":"closed","template":"","meta":{"footnotes":""},"class_list":["post-274","page","type-page","status-publish","hentry"],"_links":{"self":[{"href":"https:\/\/www.alliance-francaise.nl\/denbosch\/wp-json\/wp\/v2\/pages\/274","targetHints":{"allow":["GET"]}}],"collection":[{"href":"https:\/\/www.alliance-francaise.nl\/denbosch\/wp-json\/wp\/v2\/pages"}],"about":[{"href":"https:\/\/www.alliance-francaise.nl\/denbosch\/wp-json\/wp\/v2\/types\/page"}],"author":[{"embeddable":true,"href":"https:\/\/www.alliance-francaise.nl\/denbosch\/wp-json\/wp\/v2\/users\/29"}],"replies":[{"embeddable":true,"href":"https:\/\/www.alliance-francaise.nl\/denbosch\/wp-json\/wp\/v2\/comments?post=274"}],"version-history":[{"count":20,"href":"https:\/\/www.alliance-francaise.nl\/denbosch\/wp-json\/wp\/v2\/pages\/274\/revisions"}],"predecessor-version":[{"id":1959,"href":"https:\/\/www.alliance-francaise.nl\/denbosch\/wp-json\/wp\/v2\/pages\/274\/revisions\/1959"}],"up":[{"embeddable":true,"href":"https:\/\/www.alliance-francaise.nl\/denbosch\/wp-json\/wp\/v2\/pages\/117"}],"wp:attachment":[{"href":"https:\/\/www.alliance-francaise.nl\/denbosch\/wp-json\/wp\/v2\/media?parent=274"}],"curies":[{"name":"wp","href":"https:\/\/api.w.org\/{rel}","templated":true}]}}