{"id":114,"date":"2020-05-23T11:30:24","date_gmt":"2020-05-23T11:30:24","guid":{"rendered":"https:\/\/www.alliance-francaise.nl\/2020\/denbosch\/?page_id=114"},"modified":"2021-04-26T17:43:14","modified_gmt":"2021-04-26T16:43:14","slug":"privacy","status":"publish","type":"page","link":"https:\/\/www.alliance-francaise.nl\/denbosch\/bienvenue-welkom\/privacy\/","title":{"rendered":"Privacy"},"content":{"rendered":"\t\t<div data-elementor-type=\"wp-page\" data-elementor-id=\"114\" class=\"elementor elementor-114\" data-elementor-post-type=\"page\">\n\t\t\t\t\t\t<section class=\"elementor-section elementor-top-section elementor-element elementor-element-353cd69b elementor-section-boxed elementor-section-height-default elementor-section-height-default\" data-id=\"353cd69b\" data-element_type=\"section\" data-e-type=\"section\" data-settings=\"{&quot;background_background&quot;:&quot;classic&quot;}\">\n\t\t\t\t\t\t<div class=\"elementor-container elementor-column-gap-default\">\n\t\t\t\t\t<div class=\"elementor-column elementor-col-100 elementor-top-column elementor-element elementor-element-4c6163cf\" data-id=\"4c6163cf\" data-element_type=\"column\" data-e-type=\"column\">\n\t\t\t<div class=\"elementor-widget-wrap\">\n\t\t\t\t\t\t\t<\/div>\n\t\t<\/div>\n\t\t\t\t\t<\/div>\n\t\t<\/section>\n\t\t\t\t<section class=\"elementor-section elementor-top-section elementor-element elementor-element-2e73695a elementor-section-boxed elementor-section-height-default elementor-section-height-default\" data-id=\"2e73695a\" data-element_type=\"section\" data-e-type=\"section\">\n\t\t\t\t\t\t<div class=\"elementor-container elementor-column-gap-default\">\n\t\t\t\t\t<div class=\"elementor-column elementor-col-100 elementor-top-column elementor-element elementor-element-202a627d\" data-id=\"202a627d\" data-element_type=\"column\" data-e-type=\"column\" data-settings=\"{&quot;background_background&quot;:&quot;classic&quot;}\">\n\t\t\t<div class=\"elementor-widget-wrap elementor-element-populated\">\n\t\t\t\t\t<div class=\"elementor-background-overlay\"><\/div>\n\t\t\t\t\t\t\t<\/div>\n\t\t<\/div>\n\t\t\t\t\t<\/div>\n\t\t<\/section>\n\t\t\t\t<section class=\"elementor-section elementor-top-section elementor-element elementor-element-3148f0fe elementor-section-boxed elementor-section-height-default elementor-section-height-default\" data-id=\"3148f0fe\" data-element_type=\"section\" data-e-type=\"section\">\n\t\t\t\t\t\t<div class=\"elementor-container elementor-column-gap-default\">\n\t\t\t\t\t<div class=\"elementor-column elementor-col-100 elementor-top-column elementor-element elementor-element-88904a4\" data-id=\"88904a4\" data-element_type=\"column\" data-e-type=\"column\">\n\t\t\t<div class=\"elementor-widget-wrap elementor-element-populated\">\n\t\t\t\t\t\t<div class=\"elementor-element elementor-element-489f9f69 elementor-widget elementor-widget-heading\" data-id=\"489f9f69\" data-element_type=\"widget\" data-e-type=\"widget\" data-widget_type=\"heading.default\">\n\t\t\t\t<div class=\"elementor-widget-container\">\n\t\t\t\t\t<h2 class=\"elementor-heading-title elementor-size-default\">\nAlgemene verordening gegevensbescherming (AVG)<\/h2>\t\t\t\t<\/div>\n\t\t\t\t<\/div>\n\t\t\t\t\t<\/div>\n\t\t<\/div>\n\t\t\t\t\t<\/div>\n\t\t<\/section>\n\t\t\t\t<section class=\"elementor-section elementor-top-section elementor-element elementor-element-676d2d82 elementor-section-boxed elementor-section-height-default elementor-section-height-default\" data-id=\"676d2d82\" data-element_type=\"section\" data-e-type=\"section\">\n\t\t\t\t\t\t<div class=\"elementor-container elementor-column-gap-default\">\n\t\t\t\t\t<div class=\"elementor-column elementor-col-100 elementor-top-column elementor-element elementor-element-4eee031c\" data-id=\"4eee031c\" data-element_type=\"column\" data-e-type=\"column\">\n\t\t\t<div class=\"elementor-widget-wrap elementor-element-populated\">\n\t\t\t\t\t\t<div class=\"elementor-element elementor-element-3d971f28 elementor-widget elementor-widget-text-editor\" data-id=\"3d971f28\" data-element_type=\"widget\" data-e-type=\"widget\" data-widget_type=\"text-editor.default\">\n\t\t\t\t<div class=\"elementor-widget-container\">\n\t\t\t\t\t\t\t\t\t<p><strong>Privacyreglement Alliance Fran\u00e7aise de Bois-le-Duc<\/strong><\/p><p>Het privacybeleid staat beschreven in, en wordt uitgevoerd volgens de onderstaande documenten:<\/p><p><a href=\"https:\/\/www.alliance-francaise.nl\/denbosch\/wp-content\/uploads\/sites\/31\/2021\/02\/Privacyverklaring-2021.docx\">R\u00e8glement procedure AVG Alliance Fran\u00e7aise de Bois-le-Duc<\/a><\/p><p>De Stichting Alliance Fran\u00e7aise de Bois-le-Duc vindt het belangrijk om de privacy van haar docenten, cursisten en ge\u00efnteresseerden te beschermen. De Stichting Alliance Fran\u00e7aise de Bois-le-Duc handelt volgens de eisen van de Algemene Verordening Gegevensbescherming.<\/p>\t\t\t\t\t\t\t\t<\/div>\n\t\t\t\t<\/div>\n\t\t\t\t\t<\/div>\n\t\t<\/div>\n\t\t\t\t\t<\/div>\n\t\t<\/section>\n\t\t\t\t<\/div>\n\t\t","protected":false},"excerpt":{"rendered":"<p>Algemene verordening gegevensbescherming (AVG) Privacyreglement Alliance Fran\u00e7aise de Bois-le-Duc Het privacybeleid staat beschreven in, en wordt uitgevoerd volgens de onderstaande documenten: R\u00e8glement procedure AVG Alliance Fran\u00e7aise de Bois-le-Duc De Stichting [&hellip;]<\/p>\n","protected":false},"author":1,"featured_media":0,"parent":72,"menu_order":0,"comment_status":"closed","ping_status":"closed","template":"elementor_header_footer","meta":{"footnotes":""},"class_list":["post-114","page","type-page","status-publish","hentry"],"_links":{"self":[{"href":"https:\/\/www.alliance-francaise.nl\/denbosch\/wp-json\/wp\/v2\/pages\/114","targetHints":{"allow":["GET"]}}],"collection":[{"href":"https:\/\/www.alliance-francaise.nl\/denbosch\/wp-json\/wp\/v2\/pages"}],"about":[{"href":"https:\/\/www.alliance-francaise.nl\/denbosch\/wp-json\/wp\/v2\/types\/page"}],"author":[{"embeddable":true,"href":"https:\/\/www.alliance-francaise.nl\/denbosch\/wp-json\/wp\/v2\/users\/1"}],"replies":[{"embeddable":true,"href":"https:\/\/www.alliance-francaise.nl\/denbosch\/wp-json\/wp\/v2\/comments?post=114"}],"version-history":[{"count":0,"href":"https:\/\/www.alliance-francaise.nl\/denbosch\/wp-json\/wp\/v2\/pages\/114\/revisions"}],"up":[{"embeddable":true,"href":"https:\/\/www.alliance-francaise.nl\/denbosch\/wp-json\/wp\/v2\/pages\/72"}],"wp:attachment":[{"href":"https:\/\/www.alliance-francaise.nl\/denbosch\/wp-json\/wp\/v2\/media?parent=114"}],"curies":[{"name":"wp","href":"https:\/\/api.w.org\/{rel}","templated":true}]}}