{"id":982,"date":"2019-11-13T17:48:03","date_gmt":"2019-11-13T17:48:03","guid":{"rendered":"https:\/\/www.alliance-francaise.nl\/2020\/den-helder\/?page_id=982"},"modified":"2026-03-18T20:11:35","modified_gmt":"2026-03-18T20:11:35","slug":"vacature","status":"publish","type":"page","link":"https:\/\/www.alliance-francaise.nl\/den-helder\/vacature\/","title":{"rendered":"Vacature"},"content":{"rendered":"\t\t<div data-elementor-type=\"wp-page\" data-elementor-id=\"982\" class=\"elementor elementor-982\" data-elementor-post-type=\"page\">\n\t\t\t\t\t\t<section class=\"elementor-section elementor-top-section elementor-element elementor-element-4af7b7f5 elementor-section-boxed elementor-section-height-default elementor-section-height-default\" data-id=\"4af7b7f5\" data-element_type=\"section\" data-e-type=\"section\" data-settings=\"{&quot;background_background&quot;:&quot;classic&quot;}\">\n\t\t\t\t\t\t<div class=\"elementor-container elementor-column-gap-default\">\n\t\t\t\t\t<div class=\"elementor-column elementor-col-100 elementor-top-column elementor-element elementor-element-a61a49d\" data-id=\"a61a49d\" data-element_type=\"column\" data-e-type=\"column\">\n\t\t\t<div class=\"elementor-widget-wrap\">\n\t\t\t\t\t\t\t<\/div>\n\t\t<\/div>\n\t\t\t\t\t<\/div>\n\t\t<\/section>\n\t\t\t\t<section class=\"elementor-section elementor-top-section elementor-element elementor-element-3a879d0a elementor-section-boxed elementor-section-height-default elementor-section-height-default\" data-id=\"3a879d0a\" data-element_type=\"section\" data-e-type=\"section\">\n\t\t\t\t\t\t<div class=\"elementor-container elementor-column-gap-default\">\n\t\t\t\t\t<div class=\"elementor-column elementor-col-100 elementor-top-column elementor-element elementor-element-66b87337\" data-id=\"66b87337\" data-element_type=\"column\" data-e-type=\"column\" data-settings=\"{&quot;background_background&quot;:&quot;classic&quot;}\">\n\t\t\t<div class=\"elementor-widget-wrap elementor-element-populated\">\n\t\t\t\t\t<div class=\"elementor-background-overlay\"><\/div>\n\t\t\t\t\t\t<div class=\"elementor-element elementor-element-214e0c88 elementor-widget elementor-widget-heading\" data-id=\"214e0c88\" data-element_type=\"widget\" data-e-type=\"widget\" data-widget_type=\"heading.default\">\n\t\t\t\t<div class=\"elementor-widget-container\">\n\t\t\t\t\t<h1 class=\"elementor-heading-title elementor-size-default\">Vacatures Alliance Fran\u00e7aise Den Helder<\/h1>\t\t\t\t<\/div>\n\t\t\t\t<\/div>\n\t\t\t\t\t<\/div>\n\t\t<\/div>\n\t\t\t\t\t<\/div>\n\t\t<\/section>\n\t\t\t\t<section class=\"elementor-section elementor-top-section elementor-element elementor-element-ea55d9f elementor-section-boxed elementor-section-height-default elementor-section-height-default\" data-id=\"ea55d9f\" data-element_type=\"section\" data-e-type=\"section\">\n\t\t\t\t\t\t<div class=\"elementor-container elementor-column-gap-default\">\n\t\t\t\t\t<div class=\"elementor-column elementor-col-100 elementor-top-column elementor-element elementor-element-68167cb\" data-id=\"68167cb\" data-element_type=\"column\" data-e-type=\"column\" data-settings=\"{&quot;background_background&quot;:&quot;classic&quot;}\">\n\t\t\t<div class=\"elementor-widget-wrap elementor-element-populated\">\n\t\t\t\t\t\t<section class=\"elementor-section elementor-inner-section elementor-element elementor-element-54aafd2 elementor-section-boxed elementor-section-height-default elementor-section-height-default\" data-id=\"54aafd2\" data-element_type=\"section\" data-e-type=\"section\" data-settings=\"{&quot;background_background&quot;:&quot;classic&quot;}\">\n\t\t\t\t\t\t<div class=\"elementor-container elementor-column-gap-default\">\n\t\t\t\t\t<div class=\"elementor-column elementor-col-100 elementor-inner-column elementor-element elementor-element-6c4568b\" data-id=\"6c4568b\" data-element_type=\"column\" data-e-type=\"column\">\n\t\t\t<div class=\"elementor-widget-wrap elementor-element-populated\">\n\t\t\t\t\t\t<div class=\"elementor-element elementor-element-93fadf5 elementor-widget elementor-widget-heading\" data-id=\"93fadf5\" data-element_type=\"widget\" data-e-type=\"widget\" data-widget_type=\"heading.default\">\n\t\t\t\t<div class=\"elementor-widget-container\">\n\t\t\t\t\t<h4 class=\"elementor-heading-title elementor-size-default\">Vacature bestuurslid PR<\/h4>\t\t\t\t<\/div>\n\t\t\t\t<\/div>\n\t\t\t\t<div class=\"elementor-element elementor-element-ae3f505 elementor-drop-cap-yes elementor-drop-cap-view-default elementor-widget elementor-widget-text-editor\" data-id=\"ae3f505\" data-element_type=\"widget\" data-e-type=\"widget\" data-settings=\"{&quot;drop_cap&quot;:&quot;yes&quot;}\" data-widget_type=\"text-editor.default\">\n\t\t\t\t<div class=\"elementor-widget-container\">\n\t\t\t\t\t\t\t\t\t<p><span style=\"font-size: 1rem\">Wegens vertrek van onze huidige PR-bestuurslid zoeken wij een nieuwe bestuurslid die graag ons team wil komen versterken.<\/span><\/p><p>Gezien de kleine omvang van ons bestuur hebben de werkzaamheden van onze bestuurders zowel een beleidsmatig als een operationeel karakter. Het takenpakket van de PR-bestuurslid betreft de volgende onderwerpen:<\/p><ul><li>Je houdt overzicht op de contacten voor advertenties en publicaties van onze vereniging.<\/li><li>Je stelt de advertenties en persberichten op in nauw overleg met je collega-bestuursleden.<\/li><li>Je stuurt de advertenties en persberichten naar de kranten.<\/li><li>Je stelt de tekst van de Nieuwsbrief op in samenwerking met de overige bestuursleden.<\/li><li>Je houdt contact op met onze sponsoren en werft nieuwe sponsoren.<\/li><li>Je doet op de jaarlijkse Algemene Ledenvergadering (ALV) verslag van je activiteiten.<\/li><\/ul><p>De zittingstermijn is minimaal drie jaar en gaat in bij de eerstvolgende Algemene Ledenvergadering.<\/p><p>Je neemt plaats in een klein maar enthousiast bestuur en neemt deel aan de bestuursvergaderingen (gemiddeld 6 per jaar). \u00a0Je denkt mee over alle onderwerpen die op de bestuursagenda staan en doet mee aan de activiteiten die de vereniging organiseert.<\/p><p>Al onze bestuursleden zijn betrokken vrijwilligers die zich onbezoldigd inzetten voor de vereniging.<\/p><p>Je wordt ingewerkt door de aftredende bestuurslid. Ben je een teamspeler, pragmatisch en handig op het gebied van organisatie en communicatie? Heb je affiniteit met de Franse taal en cultuur en wil je met ons meedenken over hoe we dit in de regio van Den Helder kunnen uitdragen? Ben je (gemiddeld) 4 tot 6 uur per maand beschikbaar (voornamelijk van september t\/m april)?<\/p><p><em>\u00a0<\/em><em>Dan ben jij degene waar we naar op zoek zijn!<\/em><\/p><p>Heb je interesse, stuur een mail met je motivatie naar: secr.denhelder@afpb.nl.<\/p><p>We zien je reactie met veel interesse tegemoet en zullen zeer spoedig contact met je opnemen!<\/p><p>Heb je nog vragen, neem contact op met Sarah Nijenhuis-Lef\u00e8vre (voorzitter) via pres.denhelder@afbp.nl\u00a0<\/p>\t\t\t\t\t\t\t\t<\/div>\n\t\t\t\t<\/div>\n\t\t\t\t\t<\/div>\n\t\t<\/div>\n\t\t\t\t\t<\/div>\n\t\t<\/section>\n\t\t\t\t\t<\/div>\n\t\t<\/div>\n\t\t\t\t\t<\/div>\n\t\t<\/section>\n\t\t\t\t<section class=\"elementor-section elementor-top-section elementor-element elementor-element-901098d elementor-section-boxed elementor-section-height-default elementor-section-height-default\" data-id=\"901098d\" data-element_type=\"section\" data-e-type=\"section\">\n\t\t\t\t\t\t<div class=\"elementor-container elementor-column-gap-default\">\n\t\t\t\t\t<div class=\"elementor-column elementor-col-100 elementor-top-column elementor-element elementor-element-2c412a2\" data-id=\"2c412a2\" data-element_type=\"column\" data-e-type=\"column\" data-settings=\"{&quot;background_background&quot;:&quot;classic&quot;}\">\n\t\t\t<div class=\"elementor-widget-wrap elementor-element-populated\">\n\t\t\t\t\t\t<section class=\"elementor-section elementor-inner-section elementor-element elementor-element-4447bd1 elementor-section-boxed elementor-section-height-default elementor-section-height-default\" data-id=\"4447bd1\" data-element_type=\"section\" data-e-type=\"section\">\n\t\t\t\t\t\t<div class=\"elementor-container elementor-column-gap-default\">\n\t\t\t\t\t<div class=\"elementor-column elementor-col-100 elementor-inner-column elementor-element elementor-element-5027ebe\" data-id=\"5027ebe\" data-element_type=\"column\" data-e-type=\"column\">\n\t\t\t<div class=\"elementor-widget-wrap elementor-element-populated\">\n\t\t\t\t\t\t<div class=\"elementor-element elementor-element-10f4551 elementor-widget elementor-widget-heading\" data-id=\"10f4551\" data-element_type=\"widget\" data-e-type=\"widget\" data-widget_type=\"heading.default\">\n\t\t\t\t<div class=\"elementor-widget-container\">\n\t\t\t\t\t<h5 class=\"elementor-heading-title elementor-size-default\">Alliance fran\u00e7aise Den Helder recherche - \u00a0pour la saison 2025-2026 - un professeur de fran\u00e7ais ou un francophone ayant la passion de sa langue maternelle.<\/h5>\t\t\t\t<\/div>\n\t\t\t\t<\/div>\n\t\t\t\t<div class=\"elementor-element elementor-element-f98d078 elementor-widget elementor-widget-text-editor\" data-id=\"f98d078\" data-element_type=\"widget\" data-e-type=\"widget\" data-widget_type=\"text-editor.default\">\n\t\t\t\t<div class=\"elementor-widget-container\">\n\t\t\t\t\t\t\t\t\t<p><span style=\"text-decoration: underline\">p<em>rofil souhait\u00e9:<\/em><\/span><\/p><ul><li><em>Vous \u00eates disponible tous les jeudis soir d&#8217;octobre \u00e0 avril.<\/em><\/li><li><em>Vous habitez \u00e0 Den Helder (ou sa r\u00e9gion).<\/em><\/li><li><em>Vous avez de l&#8217;exp\u00e9rience dans l&#8217;enseignement ou des notions de didactique. <\/em><\/li><li><em>L&#8217;enseignement aux adultes vous int\u00e9resse.<\/em><\/li><li><em>Vous \u00eates enthousiaste et dot\u00e9 d&#8217;un bon sens relationnel. <\/em><\/li><li><em>Vous \u00eates capable de donner des le\u00e7ons vari\u00e9es et interactives tout en suivant la m\u00e9thode choisie par le directeur de cours.<\/em><\/li><li><em>Vous \u00eates attentif aux diff\u00e9rents styles d&#8217;apprentissage des apprenants et en tenez compte pendant les le\u00e7ons.<\/em><\/li><li><em>Vous \u00eates pr\u00eat \u00e0 vous impliquer dans la vie de l&#8217;Alliance : soir\u00e9es d&#8217;information, activit\u00e9s culturelles, caf\u00e9 fran\u00e7ais.<\/em><\/li><\/ul><p><em>\u00a0<\/em><\/p><p style=\"text-align: left\">Si vous correspondez \u00e0 ce profil, \u00a0ne tardez pas \u00e0 envoyer votre lettre de motivation et CV \u00e0 <a href=\"mailto:cursus.denhelder@afbp.nl\">cursus.denhelder@afbp.nl<\/a><\/p>\t\t\t\t\t\t\t\t<\/div>\n\t\t\t\t<\/div>\n\t\t\t\t<div class=\"elementor-element elementor-element-c4cdd54 elementor-widget-divider--view-line elementor-widget elementor-widget-divider\" data-id=\"c4cdd54\" data-element_type=\"widget\" data-e-type=\"widget\" data-widget_type=\"divider.default\">\n\t\t\t\t<div class=\"elementor-widget-container\">\n\t\t\t\t\t\t\t<div class=\"elementor-divider\">\n\t\t\t<span class=\"elementor-divider-separator\">\n\t\t\t\t\t\t<\/span>\n\t\t<\/div>\n\t\t\t\t\t\t<\/div>\n\t\t\t\t<\/div>\n\t\t\t\t<div class=\"elementor-element elementor-element-f0cd3da elementor-widget elementor-widget-heading\" data-id=\"f0cd3da\" data-element_type=\"widget\" data-e-type=\"widget\" data-widget_type=\"heading.default\">\n\t\t\t\t<div class=\"elementor-widget-container\">\n\t\t\t\t\t<h5 class=\"elementor-heading-title elementor-size-default\">Alliance fran\u00e7aise Den Helder is voor het cursusseizoen 2025-2026 op zoek\u00a0naar een docent Frans of een Franstalige\u00a0met passie voor zijn moedertaal.<\/h5>\t\t\t\t<\/div>\n\t\t\t\t<\/div>\n\t\t\t\t<div class=\"elementor-element elementor-element-96582d4 elementor-widget elementor-widget-text-editor\" data-id=\"96582d4\" data-element_type=\"widget\" data-e-type=\"widget\" data-widget_type=\"text-editor.default\">\n\t\t\t\t<div class=\"elementor-widget-container\">\n\t\t\t\t\t\t\t\t\t<p><em><u>Gewenste profiel:<\/u><\/em><\/p><ul><li><em>U bent iedere donderdagavond beschikbaar van oktober tot april.<\/em><\/li><li><em>U woont in Den Helder (of in de omgeving).<\/em><\/li><li><em>U heeft ervaring in het onderwijs of een basiskennis van didactiek.<\/em><\/li><li><em>U heeft interesse in of affiniteit met volwassenenonderwijs.<\/em><\/li><li><em>U bent enthousiast en beschikt over goede samenwerkingsvaardigheden.<\/em><\/li><li><em>U bent in staat om gevarieerde en interactieve lessen aan uw cursisten te bieden, aansluitend op de door de cursusco\u00f6rdinator aangegeven lesmethode.<\/em><\/li><li><em>U kunt rekening houden met de verschillende leerstijlen van uw cursisten tijdens de lessen.<\/em><\/li><li><em>U bent bereid om deel te nemen aan ons verenigingsleven zoals kennismakingsavonden, culturele activiteiten, caf\u00e9 fran\u00e7ais.<\/em><\/li><\/ul><p><em>\u00a0<\/em><\/p><p>Past dit profiel bij u, dan zien we graag uw motivatiebrief en CV tegemoet per e-mail (<a href=\"mailto:cursus.denhelder@afbp.nl\">cursus.denhelder@afbp.nl<\/a> ).<\/p>\t\t\t\t\t\t\t\t<\/div>\n\t\t\t\t<\/div>\n\t\t\t\t\t<\/div>\n\t\t<\/div>\n\t\t\t\t\t<\/div>\n\t\t<\/section>\n\t\t\t\t\t<\/div>\n\t\t<\/div>\n\t\t\t\t\t<\/div>\n\t\t<\/section>\n\t\t\t\t<section class=\"elementor-section elementor-top-section elementor-element elementor-element-bc849fe elementor-section-boxed elementor-section-height-default elementor-section-height-default\" data-id=\"bc849fe\" data-element_type=\"section\" data-e-type=\"section\" data-settings=\"{&quot;background_background&quot;:&quot;gradient&quot;}\">\n\t\t\t\t\t\t<div class=\"elementor-container elementor-column-gap-default\">\n\t\t\t\t\t<div class=\"elementor-column elementor-col-100 elementor-top-column elementor-element elementor-element-679b356\" data-id=\"679b356\" data-element_type=\"column\" data-e-type=\"column\">\n\t\t\t<div class=\"elementor-widget-wrap elementor-element-populated\">\n\t\t\t\t\t\t<section class=\"elementor-section elementor-inner-section elementor-element elementor-element-2a9dfb2 elementor-section-boxed elementor-section-height-default elementor-section-height-default\" data-id=\"2a9dfb2\" data-element_type=\"section\" data-e-type=\"section\">\n\t\t\t\t\t\t<div class=\"elementor-container elementor-column-gap-default\">\n\t\t\t\t\t<div class=\"elementor-column elementor-col-50 elementor-inner-column elementor-element elementor-element-855b9aa\" data-id=\"855b9aa\" data-element_type=\"column\" data-e-type=\"column\">\n\t\t\t<div class=\"elementor-widget-wrap\">\n\t\t\t\t\t\t\t<\/div>\n\t\t<\/div>\n\t\t\t\t<div class=\"elementor-column elementor-col-50 elementor-inner-column elementor-element elementor-element-c1124cf\" data-id=\"c1124cf\" data-element_type=\"column\" data-e-type=\"column\">\n\t\t\t<div class=\"elementor-widget-wrap\">\n\t\t\t\t\t\t\t<\/div>\n\t\t<\/div>\n\t\t\t\t\t<\/div>\n\t\t<\/section>\n\t\t\t\t\t<\/div>\n\t\t<\/div>\n\t\t\t\t\t<\/div>\n\t\t<\/section>\n\t\t\t\t<\/div>\n\t\t","protected":false},"excerpt":{"rendered":"<p>Vacatures Alliance Fran\u00e7aise Den Helder Vacature bestuurslid PR Wegens vertrek van onze huidige PR-bestuurslid zoeken wij een nieuwe bestuurslid die graag ons team wil komen versterken. Gezien de kleine omvang [&hellip;]<\/p>\n","protected":false},"author":7,"featured_media":0,"parent":0,"menu_order":0,"comment_status":"closed","ping_status":"closed","template":"elementor_header_footer","meta":{"footnotes":""},"class_list":["post-982","page","type-page","status-publish","hentry"],"_links":{"self":[{"href":"https:\/\/www.alliance-francaise.nl\/den-helder\/wp-json\/wp\/v2\/pages\/982","targetHints":{"allow":["GET"]}}],"collection":[{"href":"https:\/\/www.alliance-francaise.nl\/den-helder\/wp-json\/wp\/v2\/pages"}],"about":[{"href":"https:\/\/www.alliance-francaise.nl\/den-helder\/wp-json\/wp\/v2\/types\/page"}],"author":[{"embeddable":true,"href":"https:\/\/www.alliance-francaise.nl\/den-helder\/wp-json\/wp\/v2\/users\/7"}],"replies":[{"embeddable":true,"href":"https:\/\/www.alliance-francaise.nl\/den-helder\/wp-json\/wp\/v2\/comments?post=982"}],"version-history":[{"count":20,"href":"https:\/\/www.alliance-francaise.nl\/den-helder\/wp-json\/wp\/v2\/pages\/982\/revisions"}],"predecessor-version":[{"id":7792,"href":"https:\/\/www.alliance-francaise.nl\/den-helder\/wp-json\/wp\/v2\/pages\/982\/revisions\/7792"}],"wp:attachment":[{"href":"https:\/\/www.alliance-francaise.nl\/den-helder\/wp-json\/wp\/v2\/media?parent=982"}],"curies":[{"name":"wp","href":"https:\/\/api.w.org\/{rel}","templated":true}]}}