{"id":334,"date":"2020-04-10T10:02:43","date_gmt":"2020-04-10T10:02:43","guid":{"rendered":"https:\/\/www.alliance-francaise.nl\/2020\/breda\/?page_id=334"},"modified":"2025-07-07T18:10:20","modified_gmt":"2025-07-07T18:10:20","slug":"actueel","status":"publish","type":"page","link":"https:\/\/www.alliance-francaise.nl\/breda\/actueel\/","title":{"rendered":"Actueel"},"content":{"rendered":"\t\t<div data-elementor-type=\"wp-page\" data-elementor-id=\"334\" class=\"elementor elementor-334\" data-elementor-post-type=\"page\">\n\t\t\t\t\t\t<section class=\"elementor-section elementor-top-section elementor-element elementor-element-2767d19f elementor-section-boxed elementor-section-height-default elementor-section-height-default\" data-id=\"2767d19f\" data-element_type=\"section\" data-e-type=\"section\" data-settings=\"{&quot;background_background&quot;:&quot;classic&quot;}\">\n\t\t\t\t\t\t<div class=\"elementor-container elementor-column-gap-default\">\n\t\t\t\t\t<div class=\"elementor-column elementor-col-100 elementor-top-column elementor-element elementor-element-5e1d73bb\" data-id=\"5e1d73bb\" data-element_type=\"column\" data-e-type=\"column\">\n\t\t\t<div class=\"elementor-widget-wrap\">\n\t\t\t\t\t\t\t<\/div>\n\t\t<\/div>\n\t\t\t\t\t<\/div>\n\t\t<\/section>\n\t\t\t\t<section class=\"elementor-section elementor-top-section elementor-element elementor-element-1acf1c51 elementor-section-boxed elementor-section-height-default elementor-section-height-default\" data-id=\"1acf1c51\" data-element_type=\"section\" data-e-type=\"section\">\n\t\t\t\t\t\t<div class=\"elementor-container elementor-column-gap-default\">\n\t\t\t\t\t<div class=\"elementor-column elementor-col-100 elementor-top-column elementor-element elementor-element-20b597a4\" data-id=\"20b597a4\" data-element_type=\"column\" data-e-type=\"column\" data-settings=\"{&quot;background_background&quot;:&quot;classic&quot;}\">\n\t\t\t<div class=\"elementor-widget-wrap elementor-element-populated\">\n\t\t\t\t\t<div class=\"elementor-background-overlay\"><\/div>\n\t\t\t\t\t\t<div class=\"elementor-element elementor-element-6f3b885c elementor-widget elementor-widget-heading\" data-id=\"6f3b885c\" data-element_type=\"widget\" data-e-type=\"widget\" data-widget_type=\"heading.default\">\n\t\t\t\t<div class=\"elementor-widget-container\">\n\t\t\t\t\t<h1 class=\"elementor-heading-title elementor-size-default\">Actueel<\/h1>\t\t\t\t<\/div>\n\t\t\t\t<\/div>\n\t\t\t\t\t<\/div>\n\t\t<\/div>\n\t\t\t\t\t<\/div>\n\t\t<\/section>\n\t\t\t\t<section class=\"elementor-section elementor-top-section elementor-element elementor-element-5d31f79 elementor-section-boxed elementor-section-height-default elementor-section-height-default\" data-id=\"5d31f79\" data-element_type=\"section\" data-e-type=\"section\">\n\t\t\t\t\t\t<div class=\"elementor-container elementor-column-gap-default\">\n\t\t\t\t\t<div class=\"elementor-column elementor-col-100 elementor-top-column elementor-element elementor-element-226e019\" data-id=\"226e019\" data-element_type=\"column\" data-e-type=\"column\">\n\t\t\t<div class=\"elementor-widget-wrap elementor-element-populated\">\n\t\t\t\t\t\t<div class=\"elementor-element elementor-element-2a0496d elementor-widget elementor-widget-spacer\" data-id=\"2a0496d\" data-element_type=\"widget\" data-e-type=\"widget\" data-widget_type=\"spacer.default\">\n\t\t\t\t<div class=\"elementor-widget-container\">\n\t\t\t\t\t\t\t<div class=\"elementor-spacer\">\n\t\t\t<div class=\"elementor-spacer-inner\"><\/div>\n\t\t<\/div>\n\t\t\t\t\t\t<\/div>\n\t\t\t\t<\/div>\n\t\t\t\t<div class=\"elementor-element elementor-element-65fc037 elementor-widget elementor-widget-heading\" data-id=\"65fc037\" data-element_type=\"widget\" data-e-type=\"widget\" data-widget_type=\"heading.default\">\n\t\t\t\t<div class=\"elementor-widget-container\">\n\t\t\t\t\t<h2 class=\"elementor-heading-title elementor-size-default\">Het laatste nieuws<\/h2>\t\t\t\t<\/div>\n\t\t\t\t<\/div>\n\t\t\t\t<div class=\"elementor-element elementor-element-04d37ff elementor-widget elementor-widget-text-editor\" data-id=\"04d37ff\" data-element_type=\"widget\" data-e-type=\"widget\" data-widget_type=\"text-editor.default\">\n\t\t\t\t<div class=\"elementor-widget-container\">\n\t\t\t\t\t\t\t\t\t<p><strong>Voor 2025: Bezoek onze <a href=\"https:\/\/www.facebook.com\/AllianceFrancaiseBreda\" target=\"_blank\" rel=\"noopener\">Facebookpagina<\/a> voor meer actueel nieuws en leuke wetenswaardigheden over Frankrijk.<\/strong><\/p>\t\t\t\t\t\t\t\t<\/div>\n\t\t\t\t<\/div>\n\t\t\t\t\t<\/div>\n\t\t<\/div>\n\t\t\t\t\t<\/div>\n\t\t<\/section>\n\t\t\t\t<section class=\"elementor-section elementor-top-section elementor-element elementor-element-4a6745b elementor-section-boxed elementor-section-height-default elementor-section-height-default\" data-id=\"4a6745b\" data-element_type=\"section\" data-e-type=\"section\">\n\t\t\t\t\t\t<div class=\"elementor-container elementor-column-gap-default\">\n\t\t\t\t\t<div class=\"elementor-column elementor-col-100 elementor-top-column elementor-element elementor-element-d22c6af\" data-id=\"d22c6af\" data-element_type=\"column\" data-e-type=\"column\">\n\t\t\t<div class=\"elementor-widget-wrap\">\n\t\t\t\t\t\t\t<\/div>\n\t\t<\/div>\n\t\t\t\t\t<\/div>\n\t\t<\/section>\n\t\t\t\t<section class=\"elementor-section elementor-top-section elementor-element elementor-element-a967176 elementor-section-boxed elementor-section-height-default elementor-section-height-default\" data-id=\"a967176\" data-element_type=\"section\" data-e-type=\"section\">\n\t\t\t\t\t\t<div class=\"elementor-container elementor-column-gap-default\">\n\t\t\t\t\t<div class=\"elementor-column elementor-col-100 elementor-top-column elementor-element elementor-element-065da75\" data-id=\"065da75\" data-element_type=\"column\" data-e-type=\"column\">\n\t\t\t<div class=\"elementor-widget-wrap elementor-element-populated\">\n\t\t\t\t\t\t<div class=\"elementor-element elementor-element-fc936ae elementor-grid-1 elementor-posts--thumbnail-left elementor-grid-tablet-2 elementor-grid-mobile-1 elementor-widget elementor-widget-posts\" data-id=\"fc936ae\" data-element_type=\"widget\" data-e-type=\"widget\" data-settings=\"{&quot;classic_columns&quot;:&quot;1&quot;,&quot;classic_columns_tablet&quot;:&quot;2&quot;,&quot;classic_columns_mobile&quot;:&quot;1&quot;,&quot;classic_row_gap&quot;:{&quot;unit&quot;:&quot;px&quot;,&quot;size&quot;:35,&quot;sizes&quot;:[]},&quot;classic_row_gap_tablet&quot;:{&quot;unit&quot;:&quot;px&quot;,&quot;size&quot;:&quot;&quot;,&quot;sizes&quot;:[]},&quot;classic_row_gap_mobile&quot;:{&quot;unit&quot;:&quot;px&quot;,&quot;size&quot;:&quot;&quot;,&quot;sizes&quot;:[]}}\" data-widget_type=\"posts.classic\">\n\t\t\t\t<div class=\"elementor-widget-container\">\n\t\t\t\t\t\t\t<div class=\"elementor-posts-container elementor-posts elementor-posts--skin-classic elementor-grid\" role=\"list\">\n\t\t\t\t<article class=\"elementor-post elementor-grid-item post-10806 post type-post status-publish format-standard has-post-thumbnail hentry category-geen-categorie\" role=\"listitem\">\n\t\t\t\t<a class=\"elementor-post__thumbnail__link\" href=\"https:\/\/www.alliance-francaise.nl\/breda\/2025\/09\/21\/extra-speeldatum-brel-de-musical-vrij-21-nov-2025\/\" tabindex=\"-1\" >\n\t\t\t<div class=\"elementor-post__thumbnail\"><img fetchpriority=\"high\" decoding=\"async\" width=\"714\" height=\"760\" src=\"https:\/\/www.alliance-francaise.nl\/breda\/wp-content\/uploads\/sites\/15\/2025\/09\/Sjors-van-der-Pannen_21-11-2025.jpg\" class=\"attachment-medium_large size-medium_large wp-image-10809\" alt=\"\" srcset=\"https:\/\/www.alliance-francaise.nl\/breda\/wp-content\/uploads\/sites\/15\/2025\/09\/Sjors-van-der-Pannen_21-11-2025.jpg 714w, https:\/\/www.alliance-francaise.nl\/breda\/wp-content\/uploads\/sites\/15\/2025\/09\/Sjors-van-der-Pannen_21-11-2025-282x300.jpg 282w, https:\/\/www.alliance-francaise.nl\/breda\/wp-content\/uploads\/sites\/15\/2025\/09\/Sjors-van-der-Pannen_21-11-2025-600x639.jpg 600w\" sizes=\"(max-width: 714px) 100vw, 714px\" \/><\/div>\n\t\t<\/a>\n\t\t\t\t<div class=\"elementor-post__text\">\n\t\t\t\t<h3 class=\"elementor-post__title\">\n\t\t\t<a href=\"https:\/\/www.alliance-francaise.nl\/breda\/2025\/09\/21\/extra-speeldatum-brel-de-musical-vrij-21-nov-2025\/\" >\n\t\t\t\tExtra speeldatum: Brel, de musical &#8211; vrij. 21 nov. 2025 (Theater de Bussel, Oosterhout)\t\t\t<\/a>\n\t\t<\/h3>\n\t\t\t\t<div class=\"elementor-post__meta-data\">\n\t\t\t\t\t<span class=\"elementor-post-date\">\n\t\t\t21 september 2025\t\t<\/span>\n\t\t\t\t<\/div>\n\t\t\t\t<div class=\"elementor-post__excerpt\">\n\t\t\t<p>In rap tempo was de try-out van BREL &#8211; de musical uitverkocht. Daarom is er besloten een tweede speeldatum toe te voegen! Op vrijdag 21 november zal Sjors van der<\/p>\n\t\t<\/div>\n\t\t\n\t\t<a class=\"elementor-post__read-more\" href=\"https:\/\/www.alliance-francaise.nl\/breda\/2025\/09\/21\/extra-speeldatum-brel-de-musical-vrij-21-nov-2025\/\" aria-label=\"Lees meer over Extra speeldatum: Brel, de musical &#8211; vrij. 21 nov. 2025 (Theater de Bussel, Oosterhout)\" tabindex=\"-1\" >\n\t\t\tLees verder \u00bb\t\t<\/a>\n\n\t\t\t\t<\/div>\n\t\t\t\t<\/article>\n\t\t\t\t<article class=\"elementor-post elementor-grid-item post-10800 post type-post status-publish format-standard has-post-thumbnail hentry category-geen-categorie\" role=\"listitem\">\n\t\t\t\t<a class=\"elementor-post__thumbnail__link\" href=\"https:\/\/www.alliance-francaise.nl\/breda\/2025\/09\/21\/franse-middag-belcrumhuis-breda-zondag-12-okt-2025\/\" tabindex=\"-1\" >\n\t\t\t<div class=\"elementor-post__thumbnail\"><img decoding=\"async\" width=\"231\" height=\"200\" src=\"https:\/\/www.alliance-francaise.nl\/breda\/wp-content\/uploads\/sites\/15\/2025\/09\/Belcrumhuis.png\" class=\"attachment-medium_large size-medium_large wp-image-10801\" alt=\"\" \/><\/div>\n\t\t<\/a>\n\t\t\t\t<div class=\"elementor-post__text\">\n\t\t\t\t<h3 class=\"elementor-post__title\">\n\t\t\t<a href=\"https:\/\/www.alliance-francaise.nl\/breda\/2025\/09\/21\/franse-middag-belcrumhuis-breda-zondag-12-okt-2025\/\" >\n\t\t\t\tFranse middag Belcrumhuis, Breda (zondag 12 okt. 2025)\t\t\t<\/a>\n\t\t<\/h3>\n\t\t\t\t<div class=\"elementor-post__meta-data\">\n\t\t\t\t\t<span class=\"elementor-post-date\">\n\t\t\t21 september 2025\t\t<\/span>\n\t\t\t\t<\/div>\n\t\t\t\t<div class=\"elementor-post__excerpt\">\n\t\t\t<p>Serge Hamels, Franse alleskunner en muzikant heeft een leuke middag samengesteld met liedjes van o.a. Brel, Renaud, Dalida en vele andere zangers en zangeressen. Hij wordt begeleid door een band.<\/p>\n\t\t<\/div>\n\t\t\n\t\t<a class=\"elementor-post__read-more\" href=\"https:\/\/www.alliance-francaise.nl\/breda\/2025\/09\/21\/franse-middag-belcrumhuis-breda-zondag-12-okt-2025\/\" aria-label=\"Lees meer over Franse middag Belcrumhuis, Breda (zondag 12 okt. 2025)\" tabindex=\"-1\" >\n\t\t\tLees verder \u00bb\t\t<\/a>\n\n\t\t\t\t<\/div>\n\t\t\t\t<\/article>\n\t\t\t\t<article class=\"elementor-post elementor-grid-item post-10559 post type-post status-publish format-standard has-post-thumbnail hentry category-geen-categorie\" role=\"listitem\">\n\t\t\t\t<a class=\"elementor-post__thumbnail__link\" href=\"https:\/\/www.alliance-francaise.nl\/breda\/2025\/09\/14\/in-memoriam-marcelle-schram-5-nov-1947-8-aug-2025\/\" tabindex=\"-1\" >\n\t\t\t<div class=\"elementor-post__thumbnail\"><img decoding=\"async\" width=\"768\" height=\"1156\" src=\"https:\/\/www.alliance-francaise.nl\/breda\/wp-content\/uploads\/sites\/15\/2025\/09\/Marcelle-Schram-768x1156.jpg\" class=\"attachment-medium_large size-medium_large wp-image-10560\" alt=\"\" srcset=\"https:\/\/www.alliance-francaise.nl\/breda\/wp-content\/uploads\/sites\/15\/2025\/09\/Marcelle-Schram-768x1156.jpg 768w, https:\/\/www.alliance-francaise.nl\/breda\/wp-content\/uploads\/sites\/15\/2025\/09\/Marcelle-Schram-199x300.jpg 199w, https:\/\/www.alliance-francaise.nl\/breda\/wp-content\/uploads\/sites\/15\/2025\/09\/Marcelle-Schram-681x1024.jpg 681w, https:\/\/www.alliance-francaise.nl\/breda\/wp-content\/uploads\/sites\/15\/2025\/09\/Marcelle-Schram-1021x1536.jpg 1021w, https:\/\/www.alliance-francaise.nl\/breda\/wp-content\/uploads\/sites\/15\/2025\/09\/Marcelle-Schram-600x903.jpg 600w, https:\/\/www.alliance-francaise.nl\/breda\/wp-content\/uploads\/sites\/15\/2025\/09\/Marcelle-Schram.jpg 1361w\" sizes=\"(max-width: 768px) 100vw, 768px\" \/><\/div>\n\t\t<\/a>\n\t\t\t\t<div class=\"elementor-post__text\">\n\t\t\t\t<h3 class=\"elementor-post__title\">\n\t\t\t<a href=\"https:\/\/www.alliance-francaise.nl\/breda\/2025\/09\/14\/in-memoriam-marcelle-schram-5-nov-1947-8-aug-2025\/\" >\n\t\t\t\tIn memoriam Marcelle Schram (5 nov. 1947 &#8211; 8 aug. 2025)\t\t\t<\/a>\n\t\t<\/h3>\n\t\t\t\t<div class=\"elementor-post__meta-data\">\n\t\t\t\t\t<span class=\"elementor-post-date\">\n\t\t\t14 september 2025\t\t<\/span>\n\t\t\t\t<\/div>\n\t\t\t\t<div class=\"elementor-post__excerpt\">\n\t\t\t<p>Op 8 augustus is &#8211; op 77-jarige leeftijd &#8211; van ons heengegaan onze zeer geliefde voormalige Directrice des Cours: Marcelle Schram. Zij leidde het Cursuscentrum van de Alliance Fran\u00e7aise Breda<\/p>\n\t\t<\/div>\n\t\t\n\t\t<a class=\"elementor-post__read-more\" href=\"https:\/\/www.alliance-francaise.nl\/breda\/2025\/09\/14\/in-memoriam-marcelle-schram-5-nov-1947-8-aug-2025\/\" aria-label=\"Lees meer over In memoriam Marcelle Schram (5 nov. 1947 &#8211; 8 aug. 2025)\" tabindex=\"-1\" >\n\t\t\tLees verder \u00bb\t\t<\/a>\n\n\t\t\t\t<\/div>\n\t\t\t\t<\/article>\n\t\t\t\t<article class=\"elementor-post elementor-grid-item post-10055 post type-post status-publish format-standard has-post-thumbnail hentry category-geen-categorie\" role=\"listitem\">\n\t\t\t\t<a class=\"elementor-post__thumbnail__link\" href=\"https:\/\/www.alliance-francaise.nl\/breda\/2025\/05\/26\/chez-bricktop-zaterdag-31-mei-chasse-theater\/\" tabindex=\"-1\" >\n\t\t\t<div class=\"elementor-post__thumbnail\"><img loading=\"lazy\" decoding=\"async\" width=\"768\" height=\"769\" src=\"https:\/\/www.alliance-francaise.nl\/breda\/wp-content\/uploads\/sites\/15\/2025\/05\/Claron-S-medres_Claron-Mc-Fadden_31-05-2025-768x769.jpeg\" class=\"attachment-medium_large size-medium_large wp-image-10058\" alt=\"\" srcset=\"https:\/\/www.alliance-francaise.nl\/breda\/wp-content\/uploads\/sites\/15\/2025\/05\/Claron-S-medres_Claron-Mc-Fadden_31-05-2025-768x769.jpeg 768w, https:\/\/www.alliance-francaise.nl\/breda\/wp-content\/uploads\/sites\/15\/2025\/05\/Claron-S-medres_Claron-Mc-Fadden_31-05-2025-300x300.jpeg 300w, https:\/\/www.alliance-francaise.nl\/breda\/wp-content\/uploads\/sites\/15\/2025\/05\/Claron-S-medres_Claron-Mc-Fadden_31-05-2025-150x150.jpeg 150w, https:\/\/www.alliance-francaise.nl\/breda\/wp-content\/uploads\/sites\/15\/2025\/05\/Claron-S-medres_Claron-Mc-Fadden_31-05-2025-600x601.jpeg 600w, https:\/\/www.alliance-francaise.nl\/breda\/wp-content\/uploads\/sites\/15\/2025\/05\/Claron-S-medres_Claron-Mc-Fadden_31-05-2025-100x100.jpeg 100w, https:\/\/www.alliance-francaise.nl\/breda\/wp-content\/uploads\/sites\/15\/2025\/05\/Claron-S-medres_Claron-Mc-Fadden_31-05-2025.jpeg 1000w\" sizes=\"(max-width: 768px) 100vw, 768px\" \/><\/div>\n\t\t<\/a>\n\t\t\t\t<div class=\"elementor-post__text\">\n\t\t\t\t<h3 class=\"elementor-post__title\">\n\t\t\t<a href=\"https:\/\/www.alliance-francaise.nl\/breda\/2025\/05\/26\/chez-bricktop-zaterdag-31-mei-chasse-theater\/\" >\n\t\t\t\tChez Bricktop &#8211; zaterdag 31 mei Chass\u00e9 Theater)\t\t\t<\/a>\n\t\t<\/h3>\n\t\t\t\t<div class=\"elementor-post__meta-data\">\n\t\t\t\t\t<span class=\"elementor-post-date\">\n\t\t\t26 mei 2025\t\t<\/span>\n\t\t\t\t<\/div>\n\t\t\t\t<div class=\"elementor-post__excerpt\">\n\t\t\t<p>Tijdens Breda Jazz Festival legt Chass\u00e9 de loper uit voor Claron McFadden, \u00e9\u00e9n van de meest gelauwerde zangeressen van haar generatie. McFadden trad op in de meest prestigieuze concertzalen en<\/p>\n\t\t<\/div>\n\t\t\n\t\t<a class=\"elementor-post__read-more\" href=\"https:\/\/www.alliance-francaise.nl\/breda\/2025\/05\/26\/chez-bricktop-zaterdag-31-mei-chasse-theater\/\" aria-label=\"Lees meer over Chez Bricktop &#8211; zaterdag 31 mei Chass\u00e9 Theater)\" tabindex=\"-1\" >\n\t\t\tLees verder \u00bb\t\t<\/a>\n\n\t\t\t\t<\/div>\n\t\t\t\t<\/article>\n\t\t\t\t<article class=\"elementor-post elementor-grid-item post-9253 post type-post status-publish format-standard has-post-thumbnail hentry category-geen-categorie\" role=\"listitem\">\n\t\t\t\t<a class=\"elementor-post__thumbnail__link\" href=\"https:\/\/www.alliance-francaise.nl\/breda\/2024\/10\/03\/9253\/\" tabindex=\"-1\" >\n\t\t\t<div class=\"elementor-post__thumbnail\"><img loading=\"lazy\" decoding=\"async\" width=\"768\" height=\"480\" src=\"https:\/\/www.alliance-francaise.nl\/breda\/wp-content\/uploads\/sites\/15\/2024\/10\/Francois-Ozon-768x480.jpg\" class=\"attachment-medium_large size-medium_large wp-image-9254\" alt=\"Fran\u00e7ois Ozon\" srcset=\"https:\/\/www.alliance-francaise.nl\/breda\/wp-content\/uploads\/sites\/15\/2024\/10\/Francois-Ozon-768x480.jpg 768w, https:\/\/www.alliance-francaise.nl\/breda\/wp-content\/uploads\/sites\/15\/2024\/10\/Francois-Ozon-300x188.jpg 300w, https:\/\/www.alliance-francaise.nl\/breda\/wp-content\/uploads\/sites\/15\/2024\/10\/Francois-Ozon-1024x640.jpg 1024w, https:\/\/www.alliance-francaise.nl\/breda\/wp-content\/uploads\/sites\/15\/2024\/10\/Francois-Ozon-1536x960.jpg 1536w, https:\/\/www.alliance-francaise.nl\/breda\/wp-content\/uploads\/sites\/15\/2024\/10\/Francois-Ozon-2048x1280.jpg 2048w, https:\/\/www.alliance-francaise.nl\/breda\/wp-content\/uploads\/sites\/15\/2024\/10\/Francois-Ozon-600x375.jpg 600w\" sizes=\"(max-width: 768px) 100vw, 768px\" \/><\/div>\n\t\t<\/a>\n\t\t\t\t<div class=\"elementor-post__text\">\n\t\t\t\t<h3 class=\"elementor-post__title\">\n\t\t\t<a href=\"https:\/\/www.alliance-francaise.nl\/breda\/2024\/10\/03\/9253\/\" >\n\t\t\t\tFilmhuis Breda: ontdek de veelzijdige cinema van Fran\u00e7ois Ozon\t\t\t<\/a>\n\t\t<\/h3>\n\t\t\t\t<div class=\"elementor-post__meta-data\">\n\t\t\t\t\t<span class=\"elementor-post-date\">\n\t\t\t3 oktober 2024\t\t<\/span>\n\t\t\t\t<\/div>\n\t\t\t\t<div class=\"elementor-post__excerpt\">\n\t\t\t<p>FILMHUIS BREDA &#8211; Ontdek de veelzijdige cinema van Fran\u00e7ois Ozon Maak kennis met de gedurfde en speelse wereld van Fran\u00e7ois Ozon, een van de meest invloedrijke filmmakers van de moderne<\/p>\n\t\t<\/div>\n\t\t\n\t\t<a class=\"elementor-post__read-more\" href=\"https:\/\/www.alliance-francaise.nl\/breda\/2024\/10\/03\/9253\/\" aria-label=\"Lees meer over Filmhuis Breda: ontdek de veelzijdige cinema van Fran\u00e7ois Ozon\" tabindex=\"-1\" >\n\t\t\tLees verder \u00bb\t\t<\/a>\n\n\t\t\t\t<\/div>\n\t\t\t\t<\/article>\n\t\t\t\t<article class=\"elementor-post elementor-grid-item post-9114 post type-post status-publish format-standard has-post-thumbnail hentry category-geen-categorie\" role=\"listitem\">\n\t\t\t\t<a class=\"elementor-post__thumbnail__link\" href=\"https:\/\/www.alliance-francaise.nl\/breda\/2024\/09\/22\/bredaas-theater-speelt-de-kale-zangeres-van-eugene-ionesco-9-en-10-november-2024\/\" tabindex=\"-1\" >\n\t\t\t<div class=\"elementor-post__thumbnail\"><img loading=\"lazy\" decoding=\"async\" width=\"625\" height=\"888\" src=\"https:\/\/www.alliance-francaise.nl\/breda\/wp-content\/uploads\/sites\/15\/2024\/09\/Kale-zangeres-2.jpg\" class=\"attachment-medium_large size-medium_large wp-image-9245\" alt=\"De Kale Zangeres\" srcset=\"https:\/\/www.alliance-francaise.nl\/breda\/wp-content\/uploads\/sites\/15\/2024\/09\/Kale-zangeres-2.jpg 625w, https:\/\/www.alliance-francaise.nl\/breda\/wp-content\/uploads\/sites\/15\/2024\/09\/Kale-zangeres-2-211x300.jpg 211w, https:\/\/www.alliance-francaise.nl\/breda\/wp-content\/uploads\/sites\/15\/2024\/09\/Kale-zangeres-2-600x852.jpg 600w\" sizes=\"(max-width: 625px) 100vw, 625px\" \/><\/div>\n\t\t<\/a>\n\t\t\t\t<div class=\"elementor-post__text\">\n\t\t\t\t<h3 class=\"elementor-post__title\">\n\t\t\t<a href=\"https:\/\/www.alliance-francaise.nl\/breda\/2024\/09\/22\/bredaas-theater-speelt-de-kale-zangeres-van-eugene-ionesco-9-en-10-november-2024\/\" >\n\t\t\t\tBredaas Theater speelt: &#8216;De Kale Zangeres&#8217; van Eug\u00e8ne Ionesco &#8211; 9 en 10 november 2024\t\t\t<\/a>\n\t\t<\/h3>\n\t\t\t\t<div class=\"elementor-post__meta-data\">\n\t\t\t\t\t<span class=\"elementor-post-date\">\n\t\t\t22 september 2024\t\t<\/span>\n\t\t\t\t<\/div>\n\t\t\t\t<div class=\"elementor-post__excerpt\">\n\t\t\t<p>Dit eigenaardige toneelstuk, geschreven in 1950, staat bekend om zijn scherpe satire en uitdagende kijk op communicatie en de hedendaagse samenleving. Het is misschien wel h\u00e9t hoogtepunt uit de carri\u00e8re<\/p>\n\t\t<\/div>\n\t\t\n\t\t<a class=\"elementor-post__read-more\" href=\"https:\/\/www.alliance-francaise.nl\/breda\/2024\/09\/22\/bredaas-theater-speelt-de-kale-zangeres-van-eugene-ionesco-9-en-10-november-2024\/\" aria-label=\"Lees meer over Bredaas Theater speelt: &#8216;De Kale Zangeres&#8217; van Eug\u00e8ne Ionesco &#8211; 9 en 10 november 2024\" tabindex=\"-1\" >\n\t\t\tLees verder \u00bb\t\t<\/a>\n\n\t\t\t\t<\/div>\n\t\t\t\t<\/article>\n\t\t\t\t<\/div>\n\t\t\n\t\t\t\t\t\t<\/div>\n\t\t\t\t<\/div>\n\t\t\t\t\t<\/div>\n\t\t<\/div>\n\t\t\t\t\t<\/div>\n\t\t<\/section>\n\t\t\t\t<\/div>\n\t\t","protected":false},"excerpt":{"rendered":"<p>Actueel Het laatste nieuws Voor 2025: Bezoek onze Facebookpagina voor meer actueel nieuws en leuke wetenswaardigheden over Frankrijk.<\/p>\n","protected":false},"author":19,"featured_media":3441,"parent":0,"menu_order":0,"comment_status":"closed","ping_status":"closed","template":"elementor_header_footer","meta":{"_monsterinsights_skip_tracking":false,"_monsterinsights_sitenote_active":false,"_monsterinsights_sitenote_note":"","_monsterinsights_sitenote_category":0,"footnotes":""},"class_list":["post-334","page","type-page","status-publish","has-post-thumbnail","hentry"],"_links":{"self":[{"href":"https:\/\/www.alliance-francaise.nl\/breda\/wp-json\/wp\/v2\/pages\/334","targetHints":{"allow":["GET"]}}],"collection":[{"href":"https:\/\/www.alliance-francaise.nl\/breda\/wp-json\/wp\/v2\/pages"}],"about":[{"href":"https:\/\/www.alliance-francaise.nl\/breda\/wp-json\/wp\/v2\/types\/page"}],"author":[{"embeddable":true,"href":"https:\/\/www.alliance-francaise.nl\/breda\/wp-json\/wp\/v2\/users\/19"}],"replies":[{"embeddable":true,"href":"https:\/\/www.alliance-francaise.nl\/breda\/wp-json\/wp\/v2\/comments?post=334"}],"version-history":[{"count":4,"href":"https:\/\/www.alliance-francaise.nl\/breda\/wp-json\/wp\/v2\/pages\/334\/revisions"}],"predecessor-version":[{"id":10376,"href":"https:\/\/www.alliance-francaise.nl\/breda\/wp-json\/wp\/v2\/pages\/334\/revisions\/10376"}],"wp:featuredmedia":[{"embeddable":true,"href":"https:\/\/www.alliance-francaise.nl\/breda\/wp-json\/wp\/v2\/media\/3441"}],"wp:attachment":[{"href":"https:\/\/www.alliance-francaise.nl\/breda\/wp-json\/wp\/v2\/media?parent=334"}],"curies":[{"name":"wp","href":"https:\/\/api.w.org\/{rel}","templated":true}]}}