{"id":111,"date":"2020-01-18T19:31:56","date_gmt":"2020-01-18T19:31:56","guid":{"rendered":"https:\/\/www.alliance-francaise.nl\/2020\/breda\/?page_id=111"},"modified":"2026-03-04T14:21:04","modified_gmt":"2026-03-04T13:21:04","slug":"praktische-informatie","status":"publish","type":"page","link":"https:\/\/www.alliance-francaise.nl\/breda\/bienvenue-welkom\/praktische-informatie\/","title":{"rendered":"Praktische cursusinformatie"},"content":{"rendered":"\t\t<div data-elementor-type=\"wp-page\" data-elementor-id=\"111\" class=\"elementor elementor-111\" data-elementor-post-type=\"page\">\n\t\t\t\t\t\t<section class=\"elementor-section elementor-top-section elementor-element elementor-element-e4d7c99 elementor-section-boxed elementor-section-height-default elementor-section-height-default\" data-id=\"e4d7c99\" data-element_type=\"section\" data-e-type=\"section\" data-settings=\"{&quot;background_background&quot;:&quot;classic&quot;}\">\n\t\t\t\t\t\t<div class=\"elementor-container elementor-column-gap-default\">\n\t\t\t\t\t<div class=\"elementor-column elementor-col-100 elementor-top-column elementor-element elementor-element-5fa62cec\" data-id=\"5fa62cec\" data-element_type=\"column\" data-e-type=\"column\">\n\t\t\t<div class=\"elementor-widget-wrap\">\n\t\t\t\t\t\t\t<\/div>\n\t\t<\/div>\n\t\t\t\t\t<\/div>\n\t\t<\/section>\n\t\t\t\t<section class=\"elementor-section elementor-top-section elementor-element elementor-element-f058066 elementor-section-boxed elementor-section-height-default elementor-section-height-default\" data-id=\"f058066\" data-element_type=\"section\" data-e-type=\"section\">\n\t\t\t\t\t\t<div class=\"elementor-container elementor-column-gap-default\">\n\t\t\t\t\t<div class=\"elementor-column elementor-col-100 elementor-top-column elementor-element elementor-element-7b06f4cb\" data-id=\"7b06f4cb\" data-element_type=\"column\" data-e-type=\"column\" data-settings=\"{&quot;background_background&quot;:&quot;classic&quot;}\">\n\t\t\t<div class=\"elementor-widget-wrap elementor-element-populated\">\n\t\t\t\t\t<div class=\"elementor-background-overlay\"><\/div>\n\t\t\t\t\t\t<div class=\"elementor-element elementor-element-68358ac4 elementor-widget-mobile__width-initial elementor-widget elementor-widget-heading\" data-id=\"68358ac4\" data-element_type=\"widget\" data-e-type=\"widget\" data-widget_type=\"heading.default\">\n\t\t\t\t<div class=\"elementor-widget-container\">\n\t\t\t\t\t<h1 class=\"elementor-heading-title elementor-size-default\">Praktische cursusinformatie<\/h1>\t\t\t\t<\/div>\n\t\t\t\t<\/div>\n\t\t\t\t\t<\/div>\n\t\t<\/div>\n\t\t\t\t\t<\/div>\n\t\t<\/section>\n\t\t\t\t<section class=\"elementor-section elementor-top-section elementor-element elementor-element-a21e1ce elementor-section-boxed elementor-section-height-default elementor-section-height-default\" data-id=\"a21e1ce\" data-element_type=\"section\" data-e-type=\"section\" data-settings=\"{&quot;background_background&quot;:&quot;classic&quot;}\">\n\t\t\t\t\t\t\t<div class=\"elementor-background-overlay\"><\/div>\n\t\t\t\t\t\t\t<div class=\"elementor-container elementor-column-gap-default\">\n\t\t\t\t\t<div class=\"elementor-column elementor-col-100 elementor-top-column elementor-element elementor-element-bbcd970\" data-id=\"bbcd970\" data-element_type=\"column\" data-e-type=\"column\">\n\t\t\t<div class=\"elementor-widget-wrap elementor-element-populated\">\n\t\t\t\t\t\t<div class=\"elementor-element elementor-element-ab11d01 elementor-toc--minimized-on-tablet elementor-widget elementor-widget-table-of-contents\" data-id=\"ab11d01\" data-element_type=\"widget\" data-e-type=\"widget\" data-settings=\"{&quot;exclude_headings_by_selector&quot;:[],&quot;headings_by_tags&quot;:[&quot;h2&quot;,&quot;h3&quot;,&quot;h4&quot;],&quot;no_headings_message&quot;:&quot;Er zijn geen kopteksten gevonden op deze pagina.&quot;,&quot;marker_view&quot;:&quot;numbers&quot;,&quot;minimize_box&quot;:&quot;yes&quot;,&quot;minimized_on&quot;:&quot;tablet&quot;,&quot;hierarchical_view&quot;:&quot;yes&quot;,&quot;min_height&quot;:{&quot;unit&quot;:&quot;px&quot;,&quot;size&quot;:&quot;&quot;,&quot;sizes&quot;:[]},&quot;min_height_tablet&quot;:{&quot;unit&quot;:&quot;px&quot;,&quot;size&quot;:&quot;&quot;,&quot;sizes&quot;:[]},&quot;min_height_mobile&quot;:{&quot;unit&quot;:&quot;px&quot;,&quot;size&quot;:&quot;&quot;,&quot;sizes&quot;:[]}}\" data-widget_type=\"table-of-contents.default\">\n\t\t\t\t<div class=\"elementor-widget-container\">\n\t\t\t\t\t\t\t\t\t<div class=\"elementor-toc__header\">\n\t\t\t\t\t\t<h4 class=\"elementor-toc__header-title\">\n\t\t\t\tGa snel naar:\t\t\t<\/h4>\n\t\t\t\t\t\t\t\t\t\t<div class=\"elementor-toc__toggle-button elementor-toc__toggle-button--expand\" role=\"button\" tabindex=\"0\" aria-controls=\"elementor-toc__ab11d01\" aria-expanded=\"true\" aria-label=\"Open inhoudsopgave\"><i aria-hidden=\"true\" class=\"fas fa-chevron-down\"><\/i><\/div>\n\t\t\t\t<div class=\"elementor-toc__toggle-button elementor-toc__toggle-button--collapse\" role=\"button\" tabindex=\"0\" aria-controls=\"elementor-toc__ab11d01\" aria-expanded=\"true\" aria-label=\"Sluit inhoudsopgave\"><i aria-hidden=\"true\" class=\"fas fa-chevron-up\"><\/i><\/div>\n\t\t\t\t\t<\/div>\n\t\t\t\t<div id=\"elementor-toc__ab11d01\" class=\"elementor-toc__body\">\n\t\t\t<div class=\"elementor-toc__spinner-container\">\n\t\t\t\t<i class=\"elementor-toc__spinner eicon-animation-spin eicon-loading\" aria-hidden=\"true\"><\/i>\t\t\t<\/div>\n\t\t<\/div>\n\t\t\t\t\t\t<\/div>\n\t\t\t\t<\/div>\n\t\t\t\t\t<\/div>\n\t\t<\/div>\n\t\t\t\t\t<\/div>\n\t\t<\/section>\n\t\t\t\t<section class=\"elementor-section elementor-top-section elementor-element elementor-element-a620222 elementor-section-boxed elementor-section-height-default elementor-section-height-default\" data-id=\"a620222\" data-element_type=\"section\" data-e-type=\"section\">\n\t\t\t\t\t\t<div class=\"elementor-container elementor-column-gap-default\">\n\t\t\t\t\t<div class=\"elementor-column elementor-col-100 elementor-top-column elementor-element elementor-element-7ececb3\" data-id=\"7ececb3\" data-element_type=\"column\" data-e-type=\"column\">\n\t\t\t<div class=\"elementor-widget-wrap elementor-element-populated\">\n\t\t\t\t\t\t<div class=\"elementor-element elementor-element-49eaf9b elementor-widget elementor-widget-heading\" data-id=\"49eaf9b\" data-element_type=\"widget\" data-e-type=\"widget\" data-widget_type=\"heading.default\">\n\t\t\t\t<div class=\"elementor-widget-container\">\n\t\t\t\t\t<h2 class=\"elementor-heading-title elementor-size-default\">Lesdagen<\/h2>\t\t\t\t<\/div>\n\t\t\t\t<\/div>\n\t\t\t\t<div class=\"elementor-element elementor-element-c4c86ec elementor-widget elementor-widget-text-editor\" data-id=\"c4c86ec\" data-element_type=\"widget\" data-e-type=\"widget\" data-widget_type=\"text-editor.default\">\n\t\t\t\t<div class=\"elementor-widget-container\">\n\t\t\t\t\t\t\t\t\t<p>Lesdagen van de cursussen van <strong>25 weken<\/strong>, startend in september 2026:<\/p>\t\t\t\t\t\t\t\t<\/div>\n\t\t\t\t<\/div>\n\t\t\t\t\t<\/div>\n\t\t<\/div>\n\t\t\t\t\t<\/div>\n\t\t<\/section>\n\t\t\t\t<section class=\"elementor-section elementor-top-section elementor-element elementor-element-5dcd23d0 elementor-section-boxed elementor-section-height-default elementor-section-height-default\" data-id=\"5dcd23d0\" data-element_type=\"section\" data-e-type=\"section\">\n\t\t\t\t\t\t<div class=\"elementor-container elementor-column-gap-wider\">\n\t\t\t\t\t<div class=\"elementor-column elementor-col-100 elementor-top-column elementor-element elementor-element-84522ab\" data-id=\"84522ab\" data-element_type=\"column\" data-e-type=\"column\">\n\t\t\t<div class=\"elementor-widget-wrap elementor-element-populated\">\n\t\t\t\t\t\t<section class=\"elementor-section elementor-inner-section elementor-element elementor-element-0f128b4 elementor-section-boxed elementor-section-height-default elementor-section-height-default\" data-id=\"0f128b4\" data-element_type=\"section\" data-e-type=\"section\">\n\t\t\t\t\t\t<div class=\"elementor-container elementor-column-gap-default\">\n\t\t\t\t\t<div class=\"elementor-column elementor-col-50 elementor-inner-column elementor-element elementor-element-0ebaaf8\" data-id=\"0ebaaf8\" data-element_type=\"column\" data-e-type=\"column\">\n\t\t\t<div class=\"elementor-widget-wrap elementor-element-populated\">\n\t\t\t\t\t\t<div class=\"elementor-element elementor-element-2b6976b elementor-widget__width-initial elementor-widget elementor-widget-text-editor\" data-id=\"2b6976b\" data-element_type=\"widget\" data-e-type=\"widget\" data-widget_type=\"text-editor.default\">\n\t\t\t\t<div class=\"elementor-widget-container\">\n\t\t\t\t\t\t\t\t\t<h5><strong>Maandag:<\/strong><\/h5><p>September: 21 \u2013 28\u00a0<br \/>Oktober: 5 \u2013 12 \u2013 26<br \/>November: 2 \u2013 9 \u2013 16 \u2013 23 \u2013 30\u00a0<br \/>December: 7 \u2013 14\u00a0<\/p><p>Januari: 4 \u2013 11\u2013 18 \u2013 25<br \/>Februari: 1 \u2013 8 \u2013 22\u00a0<br \/>Maart: 1 \u2013 8 \u2013 15 \u2013 22<br \/>April: 5 \u2013 12<\/p><p><em>Reservedata:<\/em> <br \/>19 april, 10 en 24 mei<\/p>\t\t\t\t\t\t\t\t<\/div>\n\t\t\t\t<\/div>\n\t\t\t\t\t<\/div>\n\t\t<\/div>\n\t\t\t\t<div class=\"elementor-column elementor-col-50 elementor-inner-column elementor-element elementor-element-7e077d9\" data-id=\"7e077d9\" data-element_type=\"column\" data-e-type=\"column\">\n\t\t\t<div class=\"elementor-widget-wrap elementor-element-populated\">\n\t\t\t\t\t\t<div class=\"elementor-element elementor-element-4489bda elementor-widget elementor-widget-text-editor\" data-id=\"4489bda\" data-element_type=\"widget\" data-e-type=\"widget\" data-widget_type=\"text-editor.default\">\n\t\t\t\t<div class=\"elementor-widget-container\">\n\t\t\t\t\t\t\t\t\t<h5><strong>Dinsdag:<\/strong><\/h5><p>September: 22 \u2013 29<br \/>Oktober: 6 \u2013 13 \u2013 27<br \/>November: 3 \u2013 10 \u2013 17 \u2013 24<br \/>December: 1 \u2013 8 \u2013 15<\/p><p>Januari: 5 \u2013 12 \u2013 19 \u2013 26<br \/>Februari: 2 \u2013 9 \u2013 23\u00a0<br \/>Maart: 2 \u2013 9 \u2013 16 \u2013 23 \u2013 30<br \/>April: 6<\/p><p><em>Reservedata:<\/em><br \/>13 en 20 april, 11 mei<\/p>\t\t\t\t\t\t\t\t<\/div>\n\t\t\t\t<\/div>\n\t\t\t\t\t<\/div>\n\t\t<\/div>\n\t\t\t\t\t<\/div>\n\t\t<\/section>\n\t\t\t\t\t<\/div>\n\t\t<\/div>\n\t\t\t\t\t<\/div>\n\t\t<\/section>\n\t\t\t\t<section class=\"elementor-section elementor-top-section elementor-element elementor-element-7601974 elementor-section-boxed elementor-section-height-default elementor-section-height-default\" data-id=\"7601974\" data-element_type=\"section\" data-e-type=\"section\">\n\t\t\t\t\t\t<div class=\"elementor-container elementor-column-gap-default\">\n\t\t\t\t\t<div class=\"elementor-column elementor-col-100 elementor-top-column elementor-element elementor-element-65f6d6b\" data-id=\"65f6d6b\" data-element_type=\"column\" data-e-type=\"column\">\n\t\t\t<div class=\"elementor-widget-wrap elementor-element-populated\">\n\t\t\t\t\t\t<div class=\"elementor-element elementor-element-114ed7d elementor-widget elementor-widget-text-editor\" data-id=\"114ed7d\" data-element_type=\"widget\" data-e-type=\"widget\" data-widget_type=\"text-editor.default\">\n\t\t\t\t<div class=\"elementor-widget-container\">\n\t\t\t\t\t\t\t\t\t<p>Lesdagen van de cursussen van <strong>12 weken<\/strong>, startend in januari 2027:<\/p>\t\t\t\t\t\t\t\t<\/div>\n\t\t\t\t<\/div>\n\t\t\t\t\t<\/div>\n\t\t<\/div>\n\t\t\t\t\t<\/div>\n\t\t<\/section>\n\t\t\t\t<section class=\"elementor-section elementor-top-section elementor-element elementor-element-e252c2a elementor-section-boxed elementor-section-height-default elementor-section-height-default\" data-id=\"e252c2a\" data-element_type=\"section\" data-e-type=\"section\">\n\t\t\t\t\t\t<div class=\"elementor-container elementor-column-gap-default\">\n\t\t\t\t\t<div class=\"elementor-column elementor-col-100 elementor-top-column elementor-element elementor-element-57a8066\" data-id=\"57a8066\" data-element_type=\"column\" data-e-type=\"column\">\n\t\t\t<div class=\"elementor-widget-wrap elementor-element-populated\">\n\t\t\t\t\t\t<div class=\"elementor-element elementor-element-cb4f44d elementor-widget elementor-widget-text-editor\" data-id=\"cb4f44d\" data-element_type=\"widget\" data-e-type=\"widget\" data-widget_type=\"text-editor.default\">\n\t\t\t\t<div class=\"elementor-widget-container\">\n\t\t\t\t\t\t\t\t\t<h5><strong>Dinsdag:<\/strong><\/h5><p>Januari: 26<br \/>Februari: 2 \u2013 9 \u2013 23\u00a0<br \/>Maart: 2 \u2013 9 \u2013 16 \u2013 23 \u2013 30<br \/>April: 6 \u2013 13 \u2013 20\u00a0<\/p><p><em>Reservedatum:<br \/><\/em>11 mei<\/p>\t\t\t\t\t\t\t\t<\/div>\n\t\t\t\t<\/div>\n\t\t\t\t\t<\/div>\n\t\t<\/div>\n\t\t\t\t\t<\/div>\n\t\t<\/section>\n\t\t\t\t<section class=\"elementor-section elementor-top-section elementor-element elementor-element-770b2a1 elementor-section-boxed elementor-section-height-default elementor-section-height-default\" data-id=\"770b2a1\" data-element_type=\"section\" data-e-type=\"section\" data-settings=\"{&quot;background_background&quot;:&quot;classic&quot;}\">\n\t\t\t\t\t\t<div class=\"elementor-container elementor-column-gap-default\">\n\t\t\t\t\t<div class=\"elementor-column elementor-col-100 elementor-top-column elementor-element elementor-element-5a3e53e\" data-id=\"5a3e53e\" data-element_type=\"column\" data-e-type=\"column\">\n\t\t\t<div class=\"elementor-widget-wrap elementor-element-populated\">\n\t\t\t\t\t\t<div class=\"elementor-element elementor-element-ed58eb2 elementor-widget elementor-widget-heading\" data-id=\"ed58eb2\" data-element_type=\"widget\" data-e-type=\"widget\" data-widget_type=\"heading.default\">\n\t\t\t\t<div class=\"elementor-widget-container\">\n\t\t\t\t\t<h2 class=\"elementor-heading-title elementor-size-default\">Cursuslocaties<\/h2>\t\t\t\t<\/div>\n\t\t\t\t<\/div>\n\t\t\t\t\t<\/div>\n\t\t<\/div>\n\t\t\t\t\t<\/div>\n\t\t<\/section>\n\t\t\t\t<section class=\"elementor-section elementor-top-section elementor-element elementor-element-121ae5d elementor-section-boxed elementor-section-height-default elementor-section-height-default\" data-id=\"121ae5d\" data-element_type=\"section\" data-e-type=\"section\" data-settings=\"{&quot;background_background&quot;:&quot;classic&quot;}\">\n\t\t\t\t\t\t<div class=\"elementor-container elementor-column-gap-default\">\n\t\t\t\t\t<div class=\"elementor-column elementor-col-100 elementor-top-column elementor-element elementor-element-bbcb3d5\" data-id=\"bbcb3d5\" data-element_type=\"column\" data-e-type=\"column\">\n\t\t\t<div class=\"elementor-widget-wrap elementor-element-populated\">\n\t\t\t\t\t\t<div class=\"elementor-element elementor-element-e7c58db elementor-widget elementor-widget-text-editor\" data-id=\"e7c58db\" data-element_type=\"widget\" data-e-type=\"widget\" data-widget_type=\"text-editor.default\">\n\t\t\t\t<div class=\"elementor-widget-container\">\n\t\t\t\t\t\t\t\t\t<p>Onze lessen vinden plaats op het Stedelijk Gymnasium in Breda en in &#8217;t Klooster in Bavel.<\/p>\t\t\t\t\t\t\t\t<\/div>\n\t\t\t\t<\/div>\n\t\t\t\t<div class=\"elementor-element elementor-element-757582d elementor-widget__width-initial elementor-widget elementor-widget-google_maps\" data-id=\"757582d\" data-element_type=\"widget\" data-e-type=\"widget\" data-widget_type=\"google_maps.default\">\n\t\t\t\t<div class=\"elementor-widget-container\">\n\t\t\t\t\t\t\t<div class=\"elementor-custom-embed\">\n\t\t\t<iframe loading=\"lazy\"\n\t\t\t\t\tsrc=\"https:\/\/maps.google.com\/maps?q=Stedelijk%20gymnasium%20breda&#038;t=m&#038;z=15&#038;output=embed&#038;iwloc=near\"\n\t\t\t\t\ttitle=\"Stedelijk gymnasium breda\"\n\t\t\t\t\taria-label=\"Stedelijk gymnasium breda\"\n\t\t\t><\/iframe>\n\t\t<\/div>\n\t\t\t\t\t\t<\/div>\n\t\t\t\t<\/div>\n\t\t\t\t<div class=\"elementor-element elementor-element-3421f49 elementor-widget elementor-widget-spacer\" data-id=\"3421f49\" data-element_type=\"widget\" data-e-type=\"widget\" data-widget_type=\"spacer.default\">\n\t\t\t\t<div class=\"elementor-widget-container\">\n\t\t\t\t\t\t\t<div class=\"elementor-spacer\">\n\t\t\t<div class=\"elementor-spacer-inner\"><\/div>\n\t\t<\/div>\n\t\t\t\t\t\t<\/div>\n\t\t\t\t<\/div>\n\t\t\t\t<div class=\"elementor-element elementor-element-5678e78 elementor-widget__width-initial elementor-widget elementor-widget-google_maps\" data-id=\"5678e78\" data-element_type=\"widget\" data-e-type=\"widget\" data-widget_type=\"google_maps.default\">\n\t\t\t\t<div class=\"elementor-widget-container\">\n\t\t\t\t\t\t\t<div class=\"elementor-custom-embed\">\n\t\t\t<iframe loading=\"lazy\"\n\t\t\t\t\tsrc=\"https:\/\/maps.google.com\/maps?q=Klooster%20bavel&#038;t=m&#038;z=15&#038;output=embed&#038;iwloc=near\"\n\t\t\t\t\ttitle=\"Klooster bavel\"\n\t\t\t\t\taria-label=\"Klooster bavel\"\n\t\t\t><\/iframe>\n\t\t<\/div>\n\t\t\t\t\t\t<\/div>\n\t\t\t\t<\/div>\n\t\t\t\t<div class=\"elementor-element elementor-element-6e088f6 elementor-widget elementor-widget-spacer\" data-id=\"6e088f6\" data-element_type=\"widget\" data-e-type=\"widget\" data-widget_type=\"spacer.default\">\n\t\t\t\t<div class=\"elementor-widget-container\">\n\t\t\t\t\t\t\t<div class=\"elementor-spacer\">\n\t\t\t<div class=\"elementor-spacer-inner\"><\/div>\n\t\t<\/div>\n\t\t\t\t\t\t<\/div>\n\t\t\t\t<\/div>\n\t\t\t\t\t<\/div>\n\t\t<\/div>\n\t\t\t\t\t<\/div>\n\t\t<\/section>\n\t\t\t\t<section class=\"elementor-section elementor-top-section elementor-element elementor-element-7fe57ee elementor-section-boxed elementor-section-height-default elementor-section-height-default\" data-id=\"7fe57ee\" data-element_type=\"section\" data-e-type=\"section\">\n\t\t\t\t\t\t<div class=\"elementor-container elementor-column-gap-default\">\n\t\t\t\t\t<div class=\"elementor-column elementor-col-100 elementor-top-column elementor-element elementor-element-e90d7fe\" data-id=\"e90d7fe\" data-element_type=\"column\" data-e-type=\"column\">\n\t\t\t<div class=\"elementor-widget-wrap elementor-element-populated\">\n\t\t\t\t\t\t<div class=\"elementor-element elementor-element-e08af57 elementor-widget elementor-widget-heading\" data-id=\"e08af57\" data-element_type=\"widget\" data-e-type=\"widget\" data-widget_type=\"heading.default\">\n\t\t\t\t<div class=\"elementor-widget-container\">\n\t\t\t\t\t<h2 class=\"elementor-heading-title elementor-size-default\">Inschrijving en betaling<\/h2>\t\t\t\t<\/div>\n\t\t\t\t<\/div>\n\t\t\t\t\t<\/div>\n\t\t<\/div>\n\t\t\t\t\t<\/div>\n\t\t<\/section>\n\t\t\t\t<section class=\"elementor-section elementor-top-section elementor-element elementor-element-f783a03 elementor-section-boxed elementor-section-height-default elementor-section-height-default\" data-id=\"f783a03\" data-element_type=\"section\" data-e-type=\"section\">\n\t\t\t\t\t\t<div class=\"elementor-container elementor-column-gap-default\">\n\t\t\t\t\t<div class=\"elementor-column elementor-col-100 elementor-top-column elementor-element elementor-element-5e37688\" data-id=\"5e37688\" data-element_type=\"column\" data-e-type=\"column\">\n\t\t\t<div class=\"elementor-widget-wrap elementor-element-populated\">\n\t\t\t\t\t\t<div class=\"elementor-element elementor-element-8aa5493 elementor-widget elementor-widget-text-editor\" data-id=\"8aa5493\" data-element_type=\"widget\" data-e-type=\"widget\" data-widget_type=\"text-editor.default\">\n\t\t\t\t<div class=\"elementor-widget-container\">\n\t\t\t\t\t\t\t\t\t<p><strong>Inschrijving<\/strong><\/p><p>Cursisten kunnen zich aanmelden bij het cursuscentrum van de Alliance Fran\u00e7aise Breda. <br \/>Beginners kunnen zich inschrijven via dit <strong><a href=\"https:\/\/www.alliance-francaise.nl\/breda\/cursussen\/cursus-inschrijfformulier\/\">formulier<\/a><\/strong> of per <a href=\"mailto:cursus.breda@afpb.nl\"><strong>mail<\/strong>. <\/a><\/p><p>Alle andere nieuwe cursisten worden tijdens de inschrijfavond ingeschreven na een persoonlijk gesprek in het Nederlands of Frans, al naargelang uw niveau. Blijkt bij aanvang van de lessen in september dat uw niveau toch niet past bij de rest van de groep, dan kunt u tot eind oktober nog van groep wisselen. Daarna is de indeling definitief.<\/p><p>De cursussen kunnen alleen doorgaan bij voldoende deelname. Mocht een cursus niet kunnen doorgaan, dan ontvangen de cursisten daarvan bericht uiterlijk in de week voorafgaand aan de eerste les.<\/p><p><strong>Betaling<\/strong><\/p><p>Betaling van het cursusgeld dient plaats te vinden voorafgaand aan de aanvang van de cursus. Cursisten maken het verschuldigde cursusgeld over via iDeal in onze <a href=\"https:\/\/www.alliance-francaise.nl\/breda\/winkel\/\">webwinkel<\/a> (kies de cursus die u gaat volgen) of handmatig naar bankrekening NL13 ABNA 0520 3735 10 t.n.v. Stichting Alliance Fran\u00e7aise Breda.<\/p><p><strong>Afmelding<\/strong><\/p><p>Cursisten kunnen zich uitsluitend afmelden bij het cursuscentrum van de Alliance Fran\u00e7aise Breda per <a href=\"mailto:cursus.breda@afpb.nl\"><strong>mail<\/strong><\/a>.<\/p><p>Afmelding, afwezigheid tijdens en\/ of voortijdige be\u00ebindiging van de cursus &#8211; om welke reden dan ook &#8211; geeft geen recht op (gedeeltelijke) teruggave van het cursusgeld.<\/p>\t\t\t\t\t\t\t\t<\/div>\n\t\t\t\t<\/div>\n\t\t\t\t\t<\/div>\n\t\t<\/div>\n\t\t\t\t\t<\/div>\n\t\t<\/section>\n\t\t\t\t<section class=\"elementor-section elementor-top-section elementor-element elementor-element-66be139 elementor-section-boxed elementor-section-height-default elementor-section-height-default\" data-id=\"66be139\" data-element_type=\"section\" data-e-type=\"section\" data-settings=\"{&quot;background_background&quot;:&quot;classic&quot;}\">\n\t\t\t\t\t\t<div class=\"elementor-container elementor-column-gap-default\">\n\t\t\t\t\t<div class=\"elementor-column elementor-col-100 elementor-top-column elementor-element elementor-element-f162046\" data-id=\"f162046\" data-element_type=\"column\" data-e-type=\"column\">\n\t\t\t<div class=\"elementor-widget-wrap elementor-element-populated\">\n\t\t\t\t\t\t<div class=\"elementor-element elementor-element-7a16ac41 elementor-widget elementor-widget-heading\" data-id=\"7a16ac41\" data-element_type=\"widget\" data-e-type=\"widget\" data-widget_type=\"heading.default\">\n\t\t\t\t<div class=\"elementor-widget-container\">\n\t\t\t\t\t<h2 class=\"elementor-heading-title elementor-size-default\">Lesmateriaal<\/h2>\t\t\t\t<\/div>\n\t\t\t\t<\/div>\n\t\t\t\t\t<\/div>\n\t\t<\/div>\n\t\t\t\t\t<\/div>\n\t\t<\/section>\n\t\t\t\t<section class=\"elementor-section elementor-top-section elementor-element elementor-element-6b0a416 elementor-section-boxed elementor-section-height-default elementor-section-height-default\" data-id=\"6b0a416\" data-element_type=\"section\" data-e-type=\"section\" data-settings=\"{&quot;background_background&quot;:&quot;classic&quot;}\">\n\t\t\t\t\t\t<div class=\"elementor-container elementor-column-gap-default\">\n\t\t\t\t\t<div class=\"elementor-column elementor-col-100 elementor-top-column elementor-element elementor-element-0d7c497\" data-id=\"0d7c497\" data-element_type=\"column\" data-e-type=\"column\">\n\t\t\t<div class=\"elementor-widget-wrap elementor-element-populated\">\n\t\t\t\t\t\t<div class=\"elementor-element elementor-element-0d95754 elementor-widget elementor-widget-text-editor\" data-id=\"0d95754\" data-element_type=\"widget\" data-e-type=\"widget\" data-widget_type=\"text-editor.default\">\n\t\t\t\t<div class=\"elementor-widget-container\">\n\t\t\t\t\t\t\t\t\t<p>Lesboeken dienen door cursisten zelf v\u00f3\u00f3r aanvang van de eerste les aangeschaft te worden. Wij adviseren dit pas te doen nadat u definitief heeft gehoord dat de cursus doorgaat &#8211; dit is na het laatste inschrijfmoment.<\/p><p>De docenten hebben ons laten weten dat ze in seizoen 2025 &#8211; 2026 werken met de volgende lesboeken:<\/p><p><span style=\"text-decoration: underline\"><strong>A1.1 en A1.2<\/strong><\/span><\/p><p><strong>Voyages 1 Nieuw<\/strong><\/p><p>Tekstboek: ISBN 978 94 6030 7317<\/p><p>Werkboek: ISBN 978 94 6030 7324<\/p><p><strong><span style=\"text-decoration: underline\">A2.1 en A2.2<\/span><\/strong><\/p><p><strong>Voyages 2 Nieuw<\/strong><\/p><p>Tekstboek ISBN 978 94 6293 0230<\/p><p>Werkboek ISBN 978 94 6293 0247<\/p><p><strong><span style=\"text-decoration: underline\">B1.1<\/span><\/strong><\/p><p><strong>Voyages 3 Nieuw<\/strong><\/p><p>Tekst- en werkboek ISBN 978 94 6293 0315<\/p><p><span style=\"text-decoration: underline\"><strong>B1.2<\/strong><\/span><\/p><p>\u00c9dito B1 3e edition<\/p><p>Tekstboek ISBN 987-2278 108 541<\/p><p>Werkboek ISBN 978-2278 108 527<\/p><p><strong><span style=\"text-decoration: underline\">B2.1 en B2.2<\/span><\/strong><\/p><p><strong>\u00c9dito B2, 4e \u00e9dition (\u00e9dition 2022-2024)<\/strong><\/p><p>Tekstboek ISBN 978 2278 103 669<\/p><p>Werkboek ISBN 978 2278 103 676<\/p><p><strong><span style=\"text-decoration: underline\">Conversatie A2+<\/span><\/strong><\/p><p><strong>Communication progressive du fran\u00e7ais &#8211; Niveau interm\u00e9diaire (A2\/B1)\u00a0<\/strong><\/p><p>ISBN 978-2090384475<\/p><p><strong><span style=\"text-decoration: underline\">Conversatie B1<\/span><\/strong><\/p><p><strong>Grammaire essentielle du fran\u00e7ais B1 (100% FLE)<\/strong><\/p><p>ISBN 978 2278 109 258<\/p><p>Daarnaast krijgt u kopie\u00ebn uitgereikt en betaalt hiervoor \u20ac 5 per cursusjaar.<\/p><p><span style=\"text-decoration: underline\"><strong>Conversatie B2<\/strong><\/span><\/p><p>U krijgt kopie\u00ebn uitgereikt en betaalt hiervoor \u20ac 10 per cursusjaar.<\/p>\t\t\t\t\t\t\t\t<\/div>\n\t\t\t\t<\/div>\n\t\t\t\t\t<\/div>\n\t\t<\/div>\n\t\t\t\t\t<\/div>\n\t\t<\/section>\n\t\t\t\t<section class=\"elementor-section elementor-top-section elementor-element elementor-element-220f502e elementor-section-boxed elementor-section-height-default elementor-section-height-default\" data-id=\"220f502e\" data-element_type=\"section\" data-e-type=\"section\">\n\t\t\t\t\t\t<div class=\"elementor-container elementor-column-gap-default\">\n\t\t\t\t\t<div class=\"elementor-column elementor-col-100 elementor-top-column elementor-element elementor-element-4f6551df\" data-id=\"4f6551df\" data-element_type=\"column\" data-e-type=\"column\">\n\t\t\t<div class=\"elementor-widget-wrap elementor-element-populated\">\n\t\t\t\t\t\t<div class=\"elementor-element elementor-element-15ee2392 elementor-widget elementor-widget-heading\" data-id=\"15ee2392\" data-element_type=\"widget\" data-e-type=\"widget\" data-widget_type=\"heading.default\">\n\t\t\t\t<div class=\"elementor-widget-container\">\n\t\t\t\t\t<h2 class=\"elementor-heading-title elementor-size-default\">Examens DELF\/ DALF<\/h2>\t\t\t\t<\/div>\n\t\t\t\t<\/div>\n\t\t\t\t\t<\/div>\n\t\t<\/div>\n\t\t\t\t\t<\/div>\n\t\t<\/section>\n\t\t\t\t<section class=\"elementor-section elementor-top-section elementor-element elementor-element-3d28379 elementor-section-boxed elementor-section-height-default elementor-section-height-default\" data-id=\"3d28379\" data-element_type=\"section\" data-e-type=\"section\">\n\t\t\t\t\t\t<div class=\"elementor-container elementor-column-gap-default\">\n\t\t\t\t\t<div class=\"elementor-column elementor-col-100 elementor-top-column elementor-element elementor-element-847adca\" data-id=\"847adca\" data-element_type=\"column\" data-e-type=\"column\">\n\t\t\t<div class=\"elementor-widget-wrap elementor-element-populated\">\n\t\t\t\t\t\t<div class=\"elementor-element elementor-element-960ac7b elementor-widget elementor-widget-text-editor\" data-id=\"960ac7b\" data-element_type=\"widget\" data-e-type=\"widget\" data-widget_type=\"text-editor.default\">\n\t\t\t\t<div class=\"elementor-widget-container\">\n\t\t\t\t\t\t\t\t\t<p>De Alliance Fran\u00e7aise biedt cursussen aan op verschillende niveaus op basis van het Gemeenschappelijk Europees Referentiekader <br \/>(<img fetchpriority=\"high\" decoding=\"async\" class=\"size-full wp-image-731 alignright\" src=\"https:\/\/www.alliance-francaise.nl\/breda\/wp-content\/uploads\/sites\/15\/2020\/05\/DELF-DALF.png\" alt=\"DELF DALF\" width=\"225\" height=\"225\" srcset=\"https:\/\/www.alliance-francaise.nl\/breda\/wp-content\/uploads\/sites\/15\/2020\/05\/DELF-DALF.png 225w, https:\/\/www.alliance-francaise.nl\/breda\/wp-content\/uploads\/sites\/15\/2020\/05\/DELF-DALF-150x150.png 150w, https:\/\/www.alliance-francaise.nl\/breda\/wp-content\/uploads\/sites\/15\/2020\/05\/DELF-DALF-100x100.png 100w\" sizes=\"(max-width: 225px) 100vw, 225px\" \/>Cadre Europ\u00e9en Commun de R\u00e9f\u00e9rence). Dit\u00a0omschrijft op een alomvattende manier wat cursisten op de verschillende niveaus moeten leren en doen en welke kennis en vaardigheden een leerling moet ontwikkelen om te kunnen communiceren in het Frans. De diploma\u2019s worden Europees (dus ook in Frankrijk) erkend.<\/p><p>Bij het bereiken van de verschillende eindniveaus kunt u gratis deelnemen aan een examen dat voor de niveaus A1, A2, B1 en B2 gebaseerd is op de eisen van het DELF (Dipl\u00f4me d\u2019Etudes en Langue Fran\u00e7aise) en voor C1 op de eisen van het DALF ( Dipl\u00f4me Approfondi de Langue Fran\u00e7aise). Bij voldoende resultaat ontvangt u een certificaat.<\/p><p>Indien gewenst kunt u hierop volgend bij de hoofdvestiging van de Alliance Fran\u00e7aise in Den Haag het internationaal erkende examen afleggen wat u, indien succesvol, het offici\u00eble DELF- of DALF diploma oplevert. Dit examen is niet gratis. Het diploma is van belang als u het voornemen hebt om in het buitenland te gaan werken of studeren.<\/p>\t\t\t\t\t\t\t\t<\/div>\n\t\t\t\t<\/div>\n\t\t\t\t\t<\/div>\n\t\t<\/div>\n\t\t\t\t\t<\/div>\n\t\t<\/section>\n\t\t\t\t<section class=\"elementor-section elementor-top-section elementor-element elementor-element-e369f63 elementor-section-boxed elementor-section-height-default elementor-section-height-default\" data-id=\"e369f63\" data-element_type=\"section\" data-e-type=\"section\" data-settings=\"{&quot;background_background&quot;:&quot;classic&quot;}\">\n\t\t\t\t\t\t<div class=\"elementor-container elementor-column-gap-default\">\n\t\t\t\t\t<div class=\"elementor-column elementor-col-100 elementor-top-column elementor-element elementor-element-cd49c9e\" data-id=\"cd49c9e\" data-element_type=\"column\" data-e-type=\"column\">\n\t\t\t<div class=\"elementor-widget-wrap elementor-element-populated\">\n\t\t\t\t\t\t<div class=\"elementor-element elementor-element-090b585 elementor-widget elementor-widget-heading\" data-id=\"090b585\" data-element_type=\"widget\" data-e-type=\"widget\" data-widget_type=\"heading.default\">\n\t\t\t\t<div class=\"elementor-widget-container\">\n\t\t\t\t\t<h2 class=\"elementor-heading-title elementor-size-default\">Kwaliteitsverklaring<\/h2>\t\t\t\t<\/div>\n\t\t\t\t<\/div>\n\t\t\t\t\t<\/div>\n\t\t<\/div>\n\t\t\t\t\t<\/div>\n\t\t<\/section>\n\t\t\t\t<section class=\"elementor-section elementor-top-section elementor-element elementor-element-c44d017 elementor-section-boxed elementor-section-height-default elementor-section-height-default\" data-id=\"c44d017\" data-element_type=\"section\" data-e-type=\"section\" data-settings=\"{&quot;background_background&quot;:&quot;classic&quot;}\">\n\t\t\t\t\t\t<div class=\"elementor-container elementor-column-gap-default\">\n\t\t\t\t\t<div class=\"elementor-column elementor-col-100 elementor-top-column elementor-element elementor-element-910a454\" data-id=\"910a454\" data-element_type=\"column\" data-e-type=\"column\">\n\t\t\t<div class=\"elementor-widget-wrap elementor-element-populated\">\n\t\t\t\t\t\t<div class=\"elementor-element elementor-element-1004e24 elementor-widget elementor-widget-text-editor\" data-id=\"1004e24\" data-element_type=\"widget\" data-e-type=\"widget\" data-widget_type=\"text-editor.default\">\n\t\t\t\t<div class=\"elementor-widget-container\">\n\t\t\t\t\t\t\t\t\t<p>Klik <a href=\"https:\/\/www.alliance-francaise.nl\/breda\/kwaliteitsverklaring\/\" target=\"_blank\" rel=\"noopener\"><strong>hier <\/strong><\/a>om de Charte de qualit\u00e9\/ de Kwaliteitsverklaring van de Alliance Fran\u00e7aise te lezen.<\/p>\t\t\t\t\t\t\t\t<\/div>\n\t\t\t\t<\/div>\n\t\t\t\t\t<\/div>\n\t\t<\/div>\n\t\t\t\t\t<\/div>\n\t\t<\/section>\n\t\t\t\t<section class=\"elementor-section elementor-top-section elementor-element elementor-element-696b288 elementor-section-boxed elementor-section-height-default elementor-section-height-default\" data-id=\"696b288\" data-element_type=\"section\" data-e-type=\"section\">\n\t\t\t\t\t\t<div class=\"elementor-container elementor-column-gap-default\">\n\t\t\t\t\t<div class=\"elementor-column elementor-col-100 elementor-top-column elementor-element elementor-element-c656239\" data-id=\"c656239\" data-element_type=\"column\" data-e-type=\"column\">\n\t\t\t<div class=\"elementor-widget-wrap elementor-element-populated\">\n\t\t\t\t\t\t<div class=\"elementor-element elementor-element-a91e628 elementor-widget elementor-widget-heading\" data-id=\"a91e628\" data-element_type=\"widget\" data-e-type=\"widget\" data-widget_type=\"heading.default\">\n\t\t\t\t<div class=\"elementor-widget-container\">\n\t\t\t\t\t<h2 class=\"elementor-heading-title elementor-size-default\">Europees referentiekader<\/h2>\t\t\t\t<\/div>\n\t\t\t\t<\/div>\n\t\t\t\t\t<\/div>\n\t\t<\/div>\n\t\t\t\t\t<\/div>\n\t\t<\/section>\n\t\t\t\t<section class=\"elementor-section elementor-top-section elementor-element elementor-element-804af87 elementor-section-boxed elementor-section-height-default elementor-section-height-default\" data-id=\"804af87\" data-element_type=\"section\" data-e-type=\"section\">\n\t\t\t\t\t\t<div class=\"elementor-container elementor-column-gap-default\">\n\t\t\t\t\t<div class=\"elementor-column elementor-col-100 elementor-top-column elementor-element elementor-element-2a79642\" data-id=\"2a79642\" data-element_type=\"column\" data-e-type=\"column\">\n\t\t\t<div class=\"elementor-widget-wrap elementor-element-populated\">\n\t\t\t\t\t\t<div class=\"elementor-element elementor-element-6608105 elementor-widget elementor-widget-text-editor\" data-id=\"6608105\" data-element_type=\"widget\" data-e-type=\"widget\" data-widget_type=\"text-editor.default\">\n\t\t\t\t<div class=\"elementor-widget-container\">\n\t\t\t\t\t\t\t\t\t<p>De Alliance Fran\u00e7aise maakt gebruik van het Europese Referentiekader om het niveau van de cursussen aan te geven. Dit referentiekader is ontwikkeld onder leiding van de Raad van Europa met als doelstelling de beschrijving van de taalvaardigheidsniveaus voor de verschillende Europese talen te standaardiseren. Het referentiekader beschrijft verschillende taalvaardigheden op zes niveaus (A1, A2, B1, B2, C1 en C2). Deze beschrijvingen hebben een universele geldigheid: niveau A2 bij Frans veronderstelt dus dezelfde vaardigheden als niveau A2 bij Duits of Engels.<\/p><p>Klik <a href=\"https:\/\/www.alliance-francaise.nl\/breda\/europees-referentiekader-2\/\" target=\"_blank\" rel=\"noopener\"><strong>hier<\/strong> <\/a>voor meer informatie over het Europees referentiekader.<\/p>\t\t\t\t\t\t\t\t<\/div>\n\t\t\t\t<\/div>\n\t\t\t\t\t<\/div>\n\t\t<\/div>\n\t\t\t\t\t<\/div>\n\t\t<\/section>\n\t\t\t\t<section class=\"elementor-section elementor-top-section elementor-element elementor-element-87c71b8 elementor-section-boxed elementor-section-height-default elementor-section-height-default\" data-id=\"87c71b8\" data-element_type=\"section\" data-e-type=\"section\">\n\t\t\t\t\t\t<div class=\"elementor-container elementor-column-gap-default\">\n\t\t\t\t\t<div class=\"elementor-column elementor-col-100 elementor-top-column elementor-element elementor-element-8993863\" data-id=\"8993863\" data-element_type=\"column\" data-e-type=\"column\">\n\t\t\t<div class=\"elementor-widget-wrap\">\n\t\t\t\t\t\t\t<\/div>\n\t\t<\/div>\n\t\t\t\t\t<\/div>\n\t\t<\/section>\n\t\t\t\t<\/div>\n\t\t","protected":false},"excerpt":{"rendered":"<p>Praktische cursusinformatie Ga snel naar: Lesdagen Lesdagen van de cursussen van 25 weken, startend in september 2026: Maandag: September: 21 \u2013 28\u00a0Oktober: 5 \u2013 12 \u2013 26November: 2 \u2013 9 [&hellip;]<\/p>\n","protected":false},"author":1,"featured_media":0,"parent":100,"menu_order":0,"comment_status":"closed","ping_status":"closed","template":"elementor_header_footer","meta":{"_monsterinsights_skip_tracking":false,"_monsterinsights_sitenote_active":false,"_monsterinsights_sitenote_note":"","_monsterinsights_sitenote_category":0,"footnotes":""},"class_list":["post-111","page","type-page","status-publish","hentry"],"_links":{"self":[{"href":"https:\/\/www.alliance-francaise.nl\/breda\/wp-json\/wp\/v2\/pages\/111","targetHints":{"allow":["GET"]}}],"collection":[{"href":"https:\/\/www.alliance-francaise.nl\/breda\/wp-json\/wp\/v2\/pages"}],"about":[{"href":"https:\/\/www.alliance-francaise.nl\/breda\/wp-json\/wp\/v2\/types\/page"}],"author":[{"embeddable":true,"href":"https:\/\/www.alliance-francaise.nl\/breda\/wp-json\/wp\/v2\/users\/1"}],"replies":[{"embeddable":true,"href":"https:\/\/www.alliance-francaise.nl\/breda\/wp-json\/wp\/v2\/comments?post=111"}],"version-history":[{"count":20,"href":"https:\/\/www.alliance-francaise.nl\/breda\/wp-json\/wp\/v2\/pages\/111\/revisions"}],"predecessor-version":[{"id":11590,"href":"https:\/\/www.alliance-francaise.nl\/breda\/wp-json\/wp\/v2\/pages\/111\/revisions\/11590"}],"up":[{"embeddable":true,"href":"https:\/\/www.alliance-francaise.nl\/breda\/wp-json\/wp\/v2\/pages\/100"}],"wp:attachment":[{"href":"https:\/\/www.alliance-francaise.nl\/breda\/wp-json\/wp\/v2\/media?parent=111"}],"curies":[{"name":"wp","href":"https:\/\/api.w.org\/{rel}","templated":true}]}}