{"id":253,"date":"2020-07-31T14:21:18","date_gmt":"2020-07-31T14:21:18","guid":{"rendered":"https:\/\/www.alliance-francaise.nl\/2020\/bergen-op-zoom\/?page_id=253"},"modified":"2025-08-26T17:44:24","modified_gmt":"2025-08-26T17:44:24","slug":"conversatiecursus-frans","status":"publish","type":"page","link":"https:\/\/www.alliance-francaise.nl\/bergen-op-zoom\/cursussen\/conversatiecursus-frans\/","title":{"rendered":"Conversatiecursus Frans"},"content":{"rendered":"\t\t<div data-elementor-type=\"wp-page\" data-elementor-id=\"253\" class=\"elementor elementor-253\" data-elementor-post-type=\"page\">\n\t\t\t\t\t\t<section class=\"elementor-section elementor-top-section elementor-element elementor-element-5210bcd2 elementor-section-boxed elementor-section-height-default elementor-section-height-default\" data-id=\"5210bcd2\" data-element_type=\"section\" data-e-type=\"section\" data-settings=\"{&quot;background_background&quot;:&quot;classic&quot;}\">\n\t\t\t\t\t\t<div class=\"elementor-container elementor-column-gap-default\">\n\t\t\t\t\t<div class=\"elementor-column elementor-col-100 elementor-top-column elementor-element elementor-element-2fe6c693\" data-id=\"2fe6c693\" data-element_type=\"column\" data-e-type=\"column\">\n\t\t\t<div class=\"elementor-widget-wrap\">\n\t\t\t\t\t\t\t<\/div>\n\t\t<\/div>\n\t\t\t\t\t<\/div>\n\t\t<\/section>\n\t\t\t\t<section class=\"elementor-section elementor-top-section elementor-element elementor-element-48e60dc8 elementor-section-boxed elementor-section-height-default elementor-section-height-default\" data-id=\"48e60dc8\" data-element_type=\"section\" data-e-type=\"section\">\n\t\t\t\t\t\t<div class=\"elementor-container elementor-column-gap-default\">\n\t\t\t\t\t<div class=\"elementor-column elementor-col-100 elementor-top-column elementor-element elementor-element-233a935c\" data-id=\"233a935c\" data-element_type=\"column\" data-e-type=\"column\" data-settings=\"{&quot;background_background&quot;:&quot;classic&quot;}\">\n\t\t\t<div class=\"elementor-widget-wrap elementor-element-populated\">\n\t\t\t\t\t<div class=\"elementor-background-overlay\"><\/div>\n\t\t\t\t\t\t<div class=\"elementor-element elementor-element-4cd72ec8 elementor-widget elementor-widget-heading\" data-id=\"4cd72ec8\" data-element_type=\"widget\" data-e-type=\"widget\" data-widget_type=\"heading.default\">\n\t\t\t\t<div class=\"elementor-widget-container\">\n\t\t\t\t\t<h1 class=\"elementor-heading-title elementor-size-default\">Conversatiecursus<\/h1>\t\t\t\t<\/div>\n\t\t\t\t<\/div>\n\t\t\t\t\t<\/div>\n\t\t<\/div>\n\t\t\t\t\t<\/div>\n\t\t<\/section>\n\t\t\t\t<section class=\"elementor-section elementor-top-section elementor-element elementor-element-5d35dbb0 elementor-section-boxed elementor-section-height-default elementor-section-height-default\" data-id=\"5d35dbb0\" data-element_type=\"section\" data-e-type=\"section\">\n\t\t\t\t\t\t<div class=\"elementor-container elementor-column-gap-default\">\n\t\t\t\t\t<div class=\"elementor-column elementor-col-100 elementor-top-column elementor-element elementor-element-341e9644\" data-id=\"341e9644\" data-element_type=\"column\" data-e-type=\"column\">\n\t\t\t<div class=\"elementor-widget-wrap elementor-element-populated\">\n\t\t\t\t\t\t<div class=\"elementor-element elementor-element-678cc3c elementor-widget elementor-widget-heading\" data-id=\"678cc3c\" data-element_type=\"widget\" data-e-type=\"widget\" data-widget_type=\"heading.default\">\n\t\t\t\t<div class=\"elementor-widget-container\">\n\t\t\t\t\t<h1 class=\"elementor-heading-title elementor-size-default\">Beter Frans leren spreken?<\/h1>\t\t\t\t<\/div>\n\t\t\t\t<\/div>\n\t\t\t\t<div class=\"elementor-element elementor-element-3fb230eb elementor-widget elementor-widget-text-editor\" data-id=\"3fb230eb\" data-element_type=\"widget\" data-e-type=\"widget\" data-widget_type=\"text-editor.default\">\n\t\t\t\t<div class=\"elementor-widget-container\">\n\t\t\t\t\t\t\t\t\t<p>Ben je op zoek naar een cursus waarbij je je spreekvaardigheid wil verbeteren, dan is een conversatiecursus echt iets voor jou! Iedere week bespreek je met elkaar actuele en typische onderwerpen, zoals les actualit\u00e9s, les chansons fran\u00e7aises, l\u2019histoire de la France, l&#8217;art, la litt\u00e9rature, les r\u00e9gions fran\u00e7aises, le savoir-vivre om een aantal onderwerpen te noemen. Een erg afwisselende cursus. De cursussen worden op twee niveaus gegeven: B2 en C1.<\/p><p>Ben je er niet zeker van of dit jouw niveau is? Neem dan eens een kijkje op\u00a0<a href=\"https:\/\/www.alliance-francaise.nl\/bergen-op-zoom\/europees-referentiekader\/\"><strong>deze pagina <\/strong><\/a><span style=\"font-size: 1rem\">of doe een <\/span><strong><span style=\"font-size: 1rem\"><a href=\"https:\/\/apprendre.tv5monde.com\/fr\" target=\"_blank\" rel=\"noopener\">niveautest<\/a><\/span><\/strong>!\u00a0<\/p>\t\t\t\t\t\t\t\t<\/div>\n\t\t\t\t<\/div>\n\t\t\t\t\t<\/div>\n\t\t<\/div>\n\t\t\t\t\t<\/div>\n\t\t<\/section>\n\t\t\t\t<section class=\"elementor-section elementor-top-section elementor-element elementor-element-7dd7f1e elementor-section-height-min-height elementor-section-boxed elementor-section-height-default elementor-section-items-middle\" data-id=\"7dd7f1e\" data-element_type=\"section\" data-e-type=\"section\">\n\t\t\t\t\t\t<div class=\"elementor-container elementor-column-gap-default\">\n\t\t\t\t\t<div class=\"elementor-column elementor-col-33 elementor-top-column elementor-element elementor-element-e6446b8\" data-id=\"e6446b8\" data-element_type=\"column\" data-e-type=\"column\" data-settings=\"{&quot;background_background&quot;:&quot;classic&quot;}\">\n\t\t\t<div class=\"elementor-widget-wrap elementor-element-populated\">\n\t\t\t\t\t\t<div class=\"elementor-element elementor-element-66f803f elementor-widget elementor-widget-text-editor\" data-id=\"66f803f\" data-element_type=\"widget\" data-e-type=\"widget\" data-widget_type=\"text-editor.default\">\n\t\t\t\t<div class=\"elementor-widget-container\">\n\t\t\t\t\t\t\t\t\t<h4><span style=\"color: #ffffff\"><b>Cursusinformatie<\/b><\/span><\/h4><p><span style=\"color: #ffffff\"><strong>Wanneer: <br \/><\/strong>Donderdagochtend van 9:30 tot 11.30 uur\u00a0<\/span><\/p><p><strong style=\"color: #ffffff;font-size: 1rem\">Aantal lessen: <\/strong><span style=\"color: #ffffff;font-size: 1rem\">18 lessen van 2 uur<br \/><\/span><strong style=\"color: #ffffff;font-size: 1rem\">Locatie: <\/strong><span style=\"color: #ffffff;font-size: 1rem\">Wijkcentrum de Korenaere<\/span><\/p><p><span style=\"color: #ffffff\"><strong>Docent: <\/strong>Heleen Bastiaensen<\/span><br \/><strong style=\"color: #ffffff;font-size: 1rem\">Kosten: <\/strong><span style=\"color: #ffffff;font-size: 1rem\">\u20ac 260<\/span><\/p>\t\t\t\t\t\t\t\t<\/div>\n\t\t\t\t<\/div>\n\t\t\t\t\t<\/div>\n\t\t<\/div>\n\t\t\t\t<div class=\"elementor-column elementor-col-66 elementor-top-column elementor-element elementor-element-019f6b0\" data-id=\"019f6b0\" data-element_type=\"column\" data-e-type=\"column\">\n\t\t\t<div class=\"elementor-widget-wrap elementor-element-populated\">\n\t\t\t\t\t\t<div class=\"elementor-element elementor-element-b60773a elementor-widget elementor-widget-text-editor\" data-id=\"b60773a\" data-element_type=\"widget\" data-e-type=\"widget\" data-widget_type=\"text-editor.default\">\n\t\t\t\t<div class=\"elementor-widget-container\">\n\t\t\t\t\t\t\t\t\t<h2>Conversatie A2\/B1:<\/h2><p>Bij deze cursus draait het met name om de mondelinge taalvaardigheid, uitbreiden van woordenschat, het kunnen begrijpen van teksten en het discussi\u00ebren in de Franse taal. Binnen het thema komen allerlei thema&#8217;s aan bod, bijvoorbeeld: chansons, literatuur, actualiteiten, hobby\u2019s etc. Bij deze cursus wordt geen methode gebruikt. Frans is de voertaal!<\/p>\t\t\t\t\t\t\t\t<\/div>\n\t\t\t\t<\/div>\n\t\t\t\t<div class=\"elementor-element elementor-element-e2de96a elementor-align-right elementor-widget elementor-widget-button\" data-id=\"e2de96a\" data-element_type=\"widget\" data-e-type=\"widget\" data-widget_type=\"button.default\">\n\t\t\t\t<div class=\"elementor-widget-container\">\n\t\t\t\t\t\t\t\t\t<div class=\"elementor-button-wrapper\">\n\t\t\t\t\t<a class=\"elementor-button elementor-button-link elementor-size-sm\" href=\"https:\/\/www.alliance-francaise.nl\/bergen-op-zoom\/inschrijfformulier-cursus\/\">\n\t\t\t\t\t\t<span class=\"elementor-button-content-wrapper\">\n\t\t\t\t\t\t\t\t\t<span class=\"elementor-button-text\">Schrijf je in voor de Conversatiecursus A2\/B1<\/span>\n\t\t\t\t\t<\/span>\n\t\t\t\t\t<\/a>\n\t\t\t\t<\/div>\n\t\t\t\t\t\t\t\t<\/div>\n\t\t\t\t<\/div>\n\t\t\t\t\t<\/div>\n\t\t<\/div>\n\t\t\t\t\t<\/div>\n\t\t<\/section>\n\t\t\t\t<section class=\"elementor-section elementor-top-section elementor-element elementor-element-34653647 elementor-section-height-min-height elementor-section-boxed elementor-section-height-default elementor-section-items-middle\" data-id=\"34653647\" data-element_type=\"section\" data-e-type=\"section\" data-settings=\"{&quot;background_background&quot;:&quot;classic&quot;}\">\n\t\t\t\t\t\t<div class=\"elementor-container elementor-column-gap-default\">\n\t\t\t\t\t<div class=\"elementor-column elementor-col-50 elementor-top-column elementor-element elementor-element-38fc184\" data-id=\"38fc184\" data-element_type=\"column\" data-e-type=\"column\">\n\t\t\t<div class=\"elementor-widget-wrap elementor-element-populated\">\n\t\t\t\t\t\t<div class=\"elementor-element elementor-element-4ae24176 elementor-widget elementor-widget-text-editor\" data-id=\"4ae24176\" data-element_type=\"widget\" data-e-type=\"widget\" data-widget_type=\"text-editor.default\">\n\t\t\t\t<div class=\"elementor-widget-container\">\n\t\t\t\t\t\t\t\t\t<h2>Conversatie B2:<\/h2><p>Bij deze cursus draait het met name om de mondelinge taalvaardigheid, uitbreiden van woordenschat, het kunnen lezen van actuele artikelen uit dagbladen, tijdschriften, het discussi\u00ebren in de Franse taal. Er wordt bijvoorbeeld gewerkt rondom een bepaald thema, maar je kiest je eigen invalshoek, interesse daarop. Binnen het thema komen o.a. aan bod: chansons, literatuur, architectuur, schilderkunst, politiek, milieu, hobby\u2019s etc. Van de cursist wordt verwacht dat hij\/ zij zich voorbereidt op de les, door artikelen te zoeken en daarover iets te kunnen vertellen en te becommentari\u00ebren. Bij deze cursus wordt geen methode gebruikt. Frans is de voertaal!<\/p>\t\t\t\t\t\t\t\t<\/div>\n\t\t\t\t<\/div>\n\t\t\t\t<div class=\"elementor-element elementor-element-45bfb02 elementor-widget elementor-widget-button\" data-id=\"45bfb02\" data-element_type=\"widget\" data-e-type=\"widget\" data-widget_type=\"button.default\">\n\t\t\t\t<div class=\"elementor-widget-container\">\n\t\t\t\t\t\t\t\t\t<div class=\"elementor-button-wrapper\">\n\t\t\t\t\t<a class=\"elementor-button elementor-button-link elementor-size-sm\" href=\"https:\/\/www.alliance-francaise.nl\/bergen-op-zoom\/inschrijfformulier-cursus\/\">\n\t\t\t\t\t\t<span class=\"elementor-button-content-wrapper\">\n\t\t\t\t\t\t\t\t\t<span class=\"elementor-button-text\">Schrijf je in voor de Conversatiecursus B2<\/span>\n\t\t\t\t\t<\/span>\n\t\t\t\t\t<\/a>\n\t\t\t\t<\/div>\n\t\t\t\t\t\t\t\t<\/div>\n\t\t\t\t<\/div>\n\t\t\t\t\t<\/div>\n\t\t<\/div>\n\t\t\t\t<div class=\"elementor-column elementor-col-50 elementor-top-column elementor-element elementor-element-24e8d00c\" data-id=\"24e8d00c\" data-element_type=\"column\" data-e-type=\"column\" data-settings=\"{&quot;background_background&quot;:&quot;classic&quot;}\">\n\t\t\t<div class=\"elementor-widget-wrap elementor-element-populated\">\n\t\t\t\t\t\t<div class=\"elementor-element elementor-element-6801fd99 elementor-widget elementor-widget-text-editor\" data-id=\"6801fd99\" data-element_type=\"widget\" data-e-type=\"widget\" data-widget_type=\"text-editor.default\">\n\t\t\t\t<div class=\"elementor-widget-container\">\n\t\t\t\t\t\t\t\t\t<h4><span style=\"color: #ffffff\"><b>Cursusinformatie<\/b><\/span><\/h4>\n<p><span style=\"color: #ffffff\"><strong>Wanneer:&nbsp; <br><\/strong>Dinsdagochtend van 10.00 tot 11.30 uur.&nbsp;<br><\/span><\/p>\n<p><span style=\"color: #ffffff\"><b>Aantal lessen<\/b>: 24 lessen van 1,5 uur.<\/span><span style=\"font-size: 1rem\">&nbsp; <\/span><strong style=\"color: #ffffff;font-size: 1rem\">Locatie:&nbsp;<\/strong><span style=\"color: #ffffff;font-size: 1rem\">Wijkcentrum de Korenaere<\/span><span style=\"font-size: 1rem\"><br><\/span><\/p>\n<p><span style=\"color: #ffffff\"><strong>Docent: <\/strong>Christophe Depr\u00e8s<br><\/span><strong style=\"color: #ffffff;font-size: 1rem\">Kosten:&nbsp;<\/strong><span style=\"color: #ffffff;font-size: 1rem\">\u20ac 260<\/span><\/p>\t\t\t\t\t\t\t\t<\/div>\n\t\t\t\t<\/div>\n\t\t\t\t\t<\/div>\n\t\t<\/div>\n\t\t\t\t\t<\/div>\n\t\t<\/section>\n\t\t\t\t<section class=\"elementor-section elementor-top-section elementor-element elementor-element-310f2ac4 elementor-section-height-min-height elementor-section-boxed elementor-section-height-default elementor-section-items-middle\" data-id=\"310f2ac4\" data-element_type=\"section\" data-e-type=\"section\">\n\t\t\t\t\t\t<div class=\"elementor-container elementor-column-gap-default\">\n\t\t\t\t\t<div class=\"elementor-column elementor-col-33 elementor-top-column elementor-element elementor-element-7c8894d4\" data-id=\"7c8894d4\" data-element_type=\"column\" data-e-type=\"column\" data-settings=\"{&quot;background_background&quot;:&quot;classic&quot;}\">\n\t\t\t<div class=\"elementor-widget-wrap elementor-element-populated\">\n\t\t\t\t\t\t<div class=\"elementor-element elementor-element-1cfe2eed elementor-widget elementor-widget-text-editor\" data-id=\"1cfe2eed\" data-element_type=\"widget\" data-e-type=\"widget\" data-widget_type=\"text-editor.default\">\n\t\t\t\t<div class=\"elementor-widget-container\">\n\t\t\t\t\t\t\t\t\t<h4><span style=\"color: #ffffff\"><b>Cursusinformatie<\/b><\/span><\/h4><p><span style=\"color: #ffffff\"><strong>Wanneer: <br \/><\/strong>Dinsdagavond van 19:00 tot 20.30 uur\u00a0<\/span><\/p><p><strong style=\"color: #ffffff;font-size: 1rem\">Aantal lessen:\u00a0<\/strong><span style=\"color: #ffffff;font-size: 1rem\">24 lessen van 1,5 uur<br \/><\/span><strong style=\"color: #ffffff;font-size: 1rem\">Locatie: <\/strong><span style=\"color: #ffffff;font-size: 1rem\">Wijkcentrum de Korenaere<\/span><\/p><p><span style=\"color: #ffffff\"><strong>Docent: <\/strong>Jo\u00eblle Muller<\/span><br \/><strong style=\"color: #ffffff;font-size: 1rem\">Kosten: <\/strong><span style=\"color: #ffffff;font-size: 1rem\">\u20ac 260<\/span><\/p>\t\t\t\t\t\t\t\t<\/div>\n\t\t\t\t<\/div>\n\t\t\t\t\t<\/div>\n\t\t<\/div>\n\t\t\t\t<div class=\"elementor-column elementor-col-66 elementor-top-column elementor-element elementor-element-b0aa369\" data-id=\"b0aa369\" data-element_type=\"column\" data-e-type=\"column\">\n\t\t\t<div class=\"elementor-widget-wrap elementor-element-populated\">\n\t\t\t\t\t\t<div class=\"elementor-element elementor-element-7c80f3d0 elementor-widget elementor-widget-text-editor\" data-id=\"7c80f3d0\" data-element_type=\"widget\" data-e-type=\"widget\" data-widget_type=\"text-editor.default\">\n\t\t\t\t<div class=\"elementor-widget-container\">\n\t\t\t\t\t\t\t\t\t<h2>Conversatie C1:<\/h2>\n<p>De inhoud is gelijk aan de B2 conversatiecursus, alleen ligt de spreekvaardigheid op een hoger niveau. Er is een actieve interactie tussen de cursisten onderling.<br>Bij deze cursus wordt geen methode gebruikt.<br>Frans is de voertaal!<\/p>\n<p><\/p>\t\t\t\t\t\t\t\t<\/div>\n\t\t\t\t<\/div>\n\t\t\t\t<div class=\"elementor-element elementor-element-553617e elementor-align-right elementor-widget elementor-widget-button\" data-id=\"553617e\" data-element_type=\"widget\" data-e-type=\"widget\" data-widget_type=\"button.default\">\n\t\t\t\t<div class=\"elementor-widget-container\">\n\t\t\t\t\t\t\t\t\t<div class=\"elementor-button-wrapper\">\n\t\t\t\t\t<a class=\"elementor-button elementor-button-link elementor-size-sm\" href=\"https:\/\/www.alliance-francaise.nl\/bergen-op-zoom\/inschrijfformulier-cursus\/\">\n\t\t\t\t\t\t<span class=\"elementor-button-content-wrapper\">\n\t\t\t\t\t\t\t\t\t<span class=\"elementor-button-text\">Schrijf je in voor de Conversatiecursus C1<\/span>\n\t\t\t\t\t<\/span>\n\t\t\t\t\t<\/a>\n\t\t\t\t<\/div>\n\t\t\t\t\t\t\t\t<\/div>\n\t\t\t\t<\/div>\n\t\t\t\t\t<\/div>\n\t\t<\/div>\n\t\t\t\t\t<\/div>\n\t\t<\/section>\n\t\t\t\t<section class=\"elementor-section elementor-top-section elementor-element elementor-element-22b75195 elementor-section-boxed elementor-section-height-default elementor-section-height-default\" data-id=\"22b75195\" data-element_type=\"section\" data-e-type=\"section\">\n\t\t\t\t\t\t<div class=\"elementor-container elementor-column-gap-default\">\n\t\t\t\t\t<div class=\"elementor-column elementor-col-100 elementor-top-column elementor-element elementor-element-586254dd\" data-id=\"586254dd\" data-element_type=\"column\" data-e-type=\"column\">\n\t\t\t<div class=\"elementor-widget-wrap elementor-element-populated\">\n\t\t\t\t\t\t<div class=\"elementor-element elementor-element-62e34cd8 elementor-widget elementor-widget-spacer\" data-id=\"62e34cd8\" data-element_type=\"widget\" data-e-type=\"widget\" data-widget_type=\"spacer.default\">\n\t\t\t\t<div class=\"elementor-widget-container\">\n\t\t\t\t\t\t\t<div class=\"elementor-spacer\">\n\t\t\t<div class=\"elementor-spacer-inner\"><\/div>\n\t\t<\/div>\n\t\t\t\t\t\t<\/div>\n\t\t\t\t<\/div>\n\t\t\t\t<div class=\"elementor-element elementor-element-3f42cb32 elementor-widget elementor-widget-heading\" data-id=\"3f42cb32\" data-element_type=\"widget\" data-e-type=\"widget\" data-widget_type=\"heading.default\">\n\t\t\t\t<div class=\"elementor-widget-container\">\n\t\t\t\t\t<h1 class=\"elementor-heading-title elementor-size-default\">Cursuslocatie<\/h1>\t\t\t\t<\/div>\n\t\t\t\t<\/div>\n\t\t\t\t<div class=\"elementor-element elementor-element-72c8a5b4 elementor-widget elementor-widget-text-editor\" data-id=\"72c8a5b4\" data-element_type=\"widget\" data-e-type=\"widget\" data-widget_type=\"text-editor.default\">\n\t\t\t\t<div class=\"elementor-widget-container\">\n\t\t\t\t\t\t\t\t\t<p align=\"center\">De cursussen worden gegeven in Wijkcentrum de Korenaere,<br \/>Korenmarkt 7, Bergen op Zoom<\/p><p align=\"center\">Informatie: Marjolein Aertssen, Cursusco\u00f6rdinatrice:\u00a0<a href=\"mailto:cursus.bergenopzoom@afpb.nl\">cursus.bergenopzoom@afpb.nl<\/a><\/p>\t\t\t\t\t\t\t\t<\/div>\n\t\t\t\t<\/div>\n\t\t\t\t\t<\/div>\n\t\t<\/div>\n\t\t\t\t\t<\/div>\n\t\t<\/section>\n\t\t\t\t<section class=\"elementor-section elementor-top-section elementor-element elementor-element-7c079d1 elementor-section-boxed elementor-section-height-default elementor-section-height-default\" data-id=\"7c079d1\" data-element_type=\"section\" data-e-type=\"section\">\n\t\t\t\t\t\t<div class=\"elementor-container elementor-column-gap-default\">\n\t\t\t\t\t<div class=\"elementor-column elementor-col-100 elementor-top-column elementor-element elementor-element-5abf848c\" data-id=\"5abf848c\" data-element_type=\"column\" data-e-type=\"column\">\n\t\t\t<div class=\"elementor-widget-wrap elementor-element-populated\">\n\t\t\t\t\t\t<div class=\"elementor-element elementor-element-4b097c4a elementor-widget elementor-widget-google_maps\" data-id=\"4b097c4a\" data-element_type=\"widget\" data-e-type=\"widget\" data-widget_type=\"google_maps.default\">\n\t\t\t\t<div class=\"elementor-widget-container\">\n\t\t\t\t\t\t\t<div class=\"elementor-custom-embed\">\n\t\t\t<iframe loading=\"lazy\"\n\t\t\t\t\tsrc=\"https:\/\/maps.google.com\/maps?q=de%20korenaere%20bergen%20op%20zoom&#038;t=m&#038;z=13&#038;output=embed&#038;iwloc=near\"\n\t\t\t\t\ttitle=\"de korenaere bergen op zoom\"\n\t\t\t\t\taria-label=\"de korenaere bergen op zoom\"\n\t\t\t><\/iframe>\n\t\t<\/div>\n\t\t\t\t\t\t<\/div>\n\t\t\t\t<\/div>\n\t\t\t\t\t<\/div>\n\t\t<\/div>\n\t\t\t\t\t<\/div>\n\t\t<\/section>\n\t\t\t\t<\/div>\n\t\t","protected":false},"excerpt":{"rendered":"<p>Conversatiecursus Beter Frans leren spreken? Ben je op zoek naar een cursus waarbij je je spreekvaardigheid wil verbeteren, dan is een conversatiecursus echt iets voor jou! Iedere week bespreek je [&hellip;]<\/p>\n","protected":false},"author":34,"featured_media":0,"parent":141,"menu_order":0,"comment_status":"closed","ping_status":"closed","template":"elementor_header_footer","meta":{"footnotes":""},"class_list":["post-253","page","type-page","status-publish","hentry"],"_links":{"self":[{"href":"https:\/\/www.alliance-francaise.nl\/bergen-op-zoom\/wp-json\/wp\/v2\/pages\/253","targetHints":{"allow":["GET"]}}],"collection":[{"href":"https:\/\/www.alliance-francaise.nl\/bergen-op-zoom\/wp-json\/wp\/v2\/pages"}],"about":[{"href":"https:\/\/www.alliance-francaise.nl\/bergen-op-zoom\/wp-json\/wp\/v2\/types\/page"}],"author":[{"embeddable":true,"href":"https:\/\/www.alliance-francaise.nl\/bergen-op-zoom\/wp-json\/wp\/v2\/users\/34"}],"replies":[{"embeddable":true,"href":"https:\/\/www.alliance-francaise.nl\/bergen-op-zoom\/wp-json\/wp\/v2\/comments?post=253"}],"version-history":[{"count":20,"href":"https:\/\/www.alliance-francaise.nl\/bergen-op-zoom\/wp-json\/wp\/v2\/pages\/253\/revisions"}],"predecessor-version":[{"id":2017,"href":"https:\/\/www.alliance-francaise.nl\/bergen-op-zoom\/wp-json\/wp\/v2\/pages\/253\/revisions\/2017"}],"up":[{"embeddable":true,"href":"https:\/\/www.alliance-francaise.nl\/bergen-op-zoom\/wp-json\/wp\/v2\/pages\/141"}],"wp:attachment":[{"href":"https:\/\/www.alliance-francaise.nl\/bergen-op-zoom\/wp-json\/wp\/v2\/media?parent=253"}],"curies":[{"name":"wp","href":"https:\/\/api.w.org\/{rel}","templated":true}]}}