{"id":176,"date":"2020-06-13T15:53:16","date_gmt":"2020-06-13T13:53:16","guid":{"rendered":"https:\/\/www.alliance-francaise.nl\/2020\/arnhem\/?page_id=176"},"modified":"2026-02-07T17:23:01","modified_gmt":"2026-02-07T16:23:01","slug":"cultureelprogramma","status":"publish","type":"page","link":"https:\/\/www.alliance-francaise.nl\/arnhem\/cultuur\/cultureelprogramma\/","title":{"rendered":"Cultureel programma"},"content":{"rendered":"\t\t<div data-elementor-type=\"wp-page\" data-elementor-id=\"176\" class=\"elementor elementor-176\" data-elementor-post-type=\"page\">\n\t\t\t\t\t\t<section class=\"elementor-section elementor-top-section elementor-element elementor-element-78f52cb elementor-section-boxed elementor-section-height-default elementor-section-height-default\" data-id=\"78f52cb\" data-element_type=\"section\" data-e-type=\"section\">\n\t\t\t\t\t\t<div class=\"elementor-container elementor-column-gap-default\">\n\t\t\t\t\t<div class=\"elementor-column elementor-col-100 elementor-top-column elementor-element elementor-element-24a01a9\" data-id=\"24a01a9\" data-element_type=\"column\" data-e-type=\"column\">\n\t\t\t<div class=\"elementor-widget-wrap elementor-element-populated\">\n\t\t\t\t\t\t<div class=\"elementor-element elementor-element-d3a682b elementor--h-position-center elementor--v-position-middle elementor-arrows-position-inside elementor-pagination-position-inside elementor-widget elementor-widget-slides\" data-id=\"d3a682b\" data-element_type=\"widget\" data-e-type=\"widget\" data-settings=\"{&quot;navigation&quot;:&quot;both&quot;,&quot;autoplay&quot;:&quot;yes&quot;,&quot;pause_on_hover&quot;:&quot;yes&quot;,&quot;pause_on_interaction&quot;:&quot;yes&quot;,&quot;autoplay_speed&quot;:5000,&quot;infinite&quot;:&quot;yes&quot;,&quot;transition&quot;:&quot;slide&quot;,&quot;transition_speed&quot;:500}\" data-widget_type=\"slides.default\">\n\t\t\t\t<div class=\"elementor-widget-container\">\n\t\t\t\t\t\t\t\t\t<div class=\"elementor-swiper\">\n\t\t\t\t\t<div class=\"elementor-slides-wrapper elementor-main-swiper swiper\" role=\"region\" aria-roledescription=\"carousel\" aria-label=\"Slides\" dir=\"ltr\" data-animation=\"fadeInUp\">\n\t\t\t\t<div class=\"swiper-wrapper elementor-slides\">\n\t\t\t\t\t\t\t\t\t\t<div class=\"elementor-repeater-item-2a74aff swiper-slide\" role=\"group\" aria-roledescription=\"slide\"><div class=\"swiper-slide-bg\" role=\"img\" aria-label=\"macarons2\"><\/div><div class=\"swiper-slide-inner\" ><div class=\"swiper-slide-contents\"><\/div><\/div><\/div>\t\t\t\t<\/div>\n\t\t\t\t\t\t\t<\/div>\n\t\t\t\t<\/div>\n\t\t\t\t\t\t\t\t<\/div>\n\t\t\t\t<\/div>\n\t\t\t\t<div class=\"elementor-element elementor-element-d69e152 elementor-widget elementor-widget-heading\" data-id=\"d69e152\" data-element_type=\"widget\" data-e-type=\"widget\" data-widget_type=\"heading.default\">\n\t\t\t\t<div class=\"elementor-widget-container\">\n\t\t\t\t\t<h2 class=\"elementor-heading-title elementor-size-default\">Welkom bij onze culturele activiteiten!<\/h2>\t\t\t\t<\/div>\n\t\t\t\t<\/div>\n\t\t\t\t<div class=\"elementor-element elementor-element-d468d31 elementor-widget elementor-widget-heading\" data-id=\"d468d31\" data-element_type=\"widget\" data-e-type=\"widget\" data-widget_type=\"heading.default\">\n\t\t\t\t<div class=\"elementor-widget-container\">\n\t\t\t\t\t<h2 class=\"elementor-heading-title elementor-size-medium\"><br>Onze leden en cursisten hebben gratis toegang (of tegen een laag-AF tarief) tot onze culturele activiteiten. <br><br>Andere belangstellenden zijn ook welkom tegen een gering bedrag!<\/h2>\t\t\t\t<\/div>\n\t\t\t\t<\/div>\n\t\t\t\t\t<\/div>\n\t\t<\/div>\n\t\t\t\t\t<\/div>\n\t\t<\/section>\n\t\t\t\t<section class=\"elementor-section elementor-top-section elementor-element elementor-element-835949a elementor-section-boxed elementor-section-height-default elementor-section-height-default\" data-id=\"835949a\" data-element_type=\"section\" data-e-type=\"section\" data-settings=\"{&quot;background_background&quot;:&quot;classic&quot;}\">\n\t\t\t\t\t\t<div class=\"elementor-container elementor-column-gap-default\">\n\t\t\t\t\t<div class=\"elementor-column elementor-col-100 elementor-top-column elementor-element elementor-element-2a22a5c\" data-id=\"2a22a5c\" data-element_type=\"column\" data-e-type=\"column\" data-settings=\"{&quot;background_background&quot;:&quot;classic&quot;}\">\n\t\t\t<div class=\"elementor-widget-wrap elementor-element-populated\">\n\t\t\t\t\t\t<div class=\"elementor-element elementor-element-6e522f2 elementor-widget elementor-widget-heading\" data-id=\"6e522f2\" data-element_type=\"widget\" data-e-type=\"widget\" data-widget_type=\"heading.default\">\n\t\t\t\t<div class=\"elementor-widget-container\">\n\t\t\t\t\t<h2 class=\"elementor-heading-title elementor-size-default\">Cultureel programma 2025-2026<\/h2>\t\t\t\t<\/div>\n\t\t\t\t<\/div>\n\t\t\t\t\t<\/div>\n\t\t<\/div>\n\t\t\t\t\t<\/div>\n\t\t<\/section>\n\t\t\t\t<section class=\"elementor-section elementor-top-section elementor-element elementor-element-5640ff7 elementor-section-boxed elementor-section-height-default elementor-section-height-default\" data-id=\"5640ff7\" data-element_type=\"section\" data-e-type=\"section\">\n\t\t\t\t\t\t<div class=\"elementor-container elementor-column-gap-default\">\n\t\t\t\t\t<div class=\"elementor-column elementor-col-100 elementor-top-column elementor-element elementor-element-a6678e0\" data-id=\"a6678e0\" data-element_type=\"column\" data-e-type=\"column\">\n\t\t\t<div class=\"elementor-widget-wrap elementor-element-populated\">\n\t\t\t\t\t\t<div class=\"elementor-element elementor-element-625888f elementor-widget elementor-widget-menu-anchor\" data-id=\"625888f\" data-element_type=\"widget\" data-e-type=\"widget\" data-widget_type=\"menu-anchor.default\">\n\t\t\t\t<div class=\"elementor-widget-container\">\n\t\t\t\t\t\t\t<div class=\"elementor-menu-anchor\" id=\"wijn\"><\/div>\n\t\t\t\t\t\t<\/div>\n\t\t\t\t<\/div>\n\t\t\t\t<div class=\"elementor-element elementor-element-0b7c775 elementor-cta--skin-classic elementor-animated-content elementor-bg-transform elementor-bg-transform-zoom-in elementor-widget elementor-widget-call-to-action\" data-id=\"0b7c775\" data-element_type=\"widget\" data-e-type=\"widget\" data-widget_type=\"call-to-action.default\">\n\t\t\t\t<div class=\"elementor-widget-container\">\n\t\t\t\t\t\t\t<div class=\"elementor-cta\">\n\t\t\t\t\t<div class=\"elementor-cta__bg-wrapper\">\n\t\t\t\t<div class=\"elementor-cta__bg elementor-bg\" style=\"background-image: url(https:\/\/www.alliance-francaise.nl\/arnhem\/wp-content\/uploads\/sites\/21\/2025\/08\/wijn2.png);\" role=\"img\" aria-label=\"Foto: Canva\"><\/div>\n\t\t\t\t<div class=\"elementor-cta__bg-overlay\"><\/div>\n\t\t\t<\/div>\n\t\t\t\t\t\t\t<div class=\"elementor-cta__content\">\n\t\t\t\t\n\t\t\t\t\t\t\t\t\t<h2 class=\"elementor-cta__title elementor-cta__content-item elementor-content-item\">\n\t\t\t\t\t\tVrouwelijke kunstenaars en wijnmakers uit Frankrijk door Dorry Reuling\t\t\t\t\t<\/h2>\n\t\t\t\t\n\t\t\t\t\t\t\t\t\t<div class=\"elementor-cta__description elementor-cta__content-item elementor-content-item\">\n\t\t\t\t\t\t<em><b>Woensdag 22 oktober 2025 om 20.00 uur in het Trefcentrum De Elleboog, Nieuw-Schoonoord 2 in Velp\n<\/b><\/em><\/br>\nDorry Reuling, kunsthistoricus en vinoloog, vertelt over (minder) bekende Franse kunstenaressen. In de pauze, laat zij ons wijn proeven die door vrouwen in Frankrijk wordt gemaakt. (Lezing in het Nederlands met power-point presentatie)\t\t\t\t\t<\/div>\n\t\t\t\t\n\t\t\t\t\t\t\t\t\t<div class=\"elementor-cta__button-wrapper elementor-cta__content-item elementor-content-item \">\n\t\t\t\t\t<a class=\"elementor-cta__button elementor-button elementor-size-\" href=\"mailto:arnhem@afpb.nl\">\n\t\t\t\t\t\tAanmelden\t\t\t\t\t<\/a>\n\t\t\t\t\t<\/div>\n\t\t\t\t\t\t\t<\/div>\n\t\t\t\t\t\t<\/div>\n\t\t\t\t\t\t<\/div>\n\t\t\t\t<\/div>\n\t\t\t\t\t<\/div>\n\t\t<\/div>\n\t\t\t\t\t<\/div>\n\t\t<\/section>\n\t\t\t\t<section class=\"elementor-section elementor-top-section elementor-element elementor-element-97e78fc elementor-section-boxed elementor-section-height-default elementor-section-height-default\" data-id=\"97e78fc\" data-element_type=\"section\" data-e-type=\"section\">\n\t\t\t\t\t\t<div class=\"elementor-container elementor-column-gap-default\">\n\t\t\t\t\t<div class=\"elementor-column elementor-col-100 elementor-top-column elementor-element elementor-element-ba43aa7\" data-id=\"ba43aa7\" data-element_type=\"column\" data-e-type=\"column\">\n\t\t\t<div class=\"elementor-widget-wrap elementor-element-populated\">\n\t\t\t\t\t\t<div class=\"elementor-element elementor-element-893150e elementor-widget elementor-widget-menu-anchor\" data-id=\"893150e\" data-element_type=\"widget\" data-e-type=\"widget\" data-widget_type=\"menu-anchor.default\">\n\t\t\t\t<div class=\"elementor-widget-container\">\n\t\t\t\t\t\t\t<div class=\"elementor-menu-anchor\" id=\"ster\"><\/div>\n\t\t\t\t\t\t<\/div>\n\t\t\t\t<\/div>\n\t\t\t\t<div class=\"elementor-element elementor-element-7a1f463 elementor-cta--skin-classic elementor-animated-content elementor-bg-transform elementor-bg-transform-zoom-in elementor-widget elementor-widget-call-to-action\" data-id=\"7a1f463\" data-element_type=\"widget\" data-e-type=\"widget\" data-widget_type=\"call-to-action.default\">\n\t\t\t\t<div class=\"elementor-widget-container\">\n\t\t\t\t\t\t\t<div class=\"elementor-cta\">\n\t\t\t\t\t<div class=\"elementor-cta__bg-wrapper\">\n\t\t\t\t<div class=\"elementor-cta__bg elementor-bg\" style=\"background-image: url(https:\/\/www.alliance-francaise.nl\/arnhem\/wp-content\/uploads\/sites\/21\/2025\/08\/sterren.png);\" role=\"img\" aria-label=\"sterren\"><\/div>\n\t\t\t\t<div class=\"elementor-cta__bg-overlay\"><\/div>\n\t\t\t<\/div>\n\t\t\t\t\t\t\t<div class=\"elementor-cta__content\">\n\t\t\t\t\n\t\t\t\t\t\t\t\t\t<h2 class=\"elementor-cta__title elementor-cta__content-item elementor-content-item\">\n\t\t\t\t\t\tSoir\u00e9e sous les \u00e9toiles \/ Een avond onder de sterren door Berry van de Wouw\t\t\t\t\t<\/h2>\n\t\t\t\t\n\t\t\t\t\t\t\t\t\t<div class=\"elementor-cta__description elementor-cta__content-item elementor-content-item\">\n\t\t\t\t\t\t<em><b>Donderdag 27 november 2025 om 20.00 uur in het Trefcentrum De Elleboog, Nieuw-Schoonoord 2 in Velp<\/em><\/b><\/br>\nEen leerzame en fascinerende reis met spectaculaire beelden en  een eenvoudige uitleg. Geschiedenis en wetenschap worden afgewisseld met vrolijke liedjes over de maan, de sterren en de zon. Berry van de Wouw is amateur astronoom, docent Frans en een enthousiaste spreker. (Presentatie in het Frans met wat Nederlandse vertaling)\t\t\t\t\t<\/div>\n\t\t\t\t\n\t\t\t\t\t\t\t\t\t<div class=\"elementor-cta__button-wrapper elementor-cta__content-item elementor-content-item \">\n\t\t\t\t\t<a class=\"elementor-cta__button elementor-button elementor-size-\" href=\"mailto:arnhem@afpb.nl\">\n\t\t\t\t\t\tAanmelden\t\t\t\t\t<\/a>\n\t\t\t\t\t<\/div>\n\t\t\t\t\t\t\t<\/div>\n\t\t\t\t\t\t<\/div>\n\t\t\t\t\t\t<\/div>\n\t\t\t\t<\/div>\n\t\t\t\t\t<\/div>\n\t\t<\/div>\n\t\t\t\t\t<\/div>\n\t\t<\/section>\n\t\t\t\t<section class=\"elementor-section elementor-top-section elementor-element elementor-element-a5dd325 elementor-section-boxed elementor-section-height-default elementor-section-height-default\" data-id=\"a5dd325\" data-element_type=\"section\" data-e-type=\"section\">\n\t\t\t\t\t\t<div class=\"elementor-container elementor-column-gap-default\">\n\t\t\t\t\t<div class=\"elementor-column elementor-col-100 elementor-top-column elementor-element elementor-element-b896da3\" data-id=\"b896da3\" data-element_type=\"column\" data-e-type=\"column\">\n\t\t\t<div class=\"elementor-widget-wrap elementor-element-populated\">\n\t\t\t\t\t\t<div class=\"elementor-element elementor-element-2607407 elementor-widget elementor-widget-menu-anchor\" data-id=\"2607407\" data-element_type=\"widget\" data-e-type=\"widget\" data-widget_type=\"menu-anchor.default\">\n\t\t\t\t<div class=\"elementor-widget-container\">\n\t\t\t\t\t\t\t<div class=\"elementor-menu-anchor\" id=\"film\"><\/div>\n\t\t\t\t\t\t<\/div>\n\t\t\t\t<\/div>\n\t\t\t\t<div class=\"elementor-element elementor-element-22378fc elementor-cta--skin-classic elementor-animated-content elementor-bg-transform elementor-bg-transform-zoom-in elementor-widget elementor-widget-call-to-action\" data-id=\"22378fc\" data-element_type=\"widget\" data-e-type=\"widget\" data-widget_type=\"call-to-action.default\">\n\t\t\t\t<div class=\"elementor-widget-container\">\n\t\t\t\t\t\t\t<div class=\"elementor-cta\">\n\t\t\t\t\t<div class=\"elementor-cta__bg-wrapper\">\n\t\t\t\t<div class=\"elementor-cta__bg elementor-bg\" style=\"background-image: url(https:\/\/www.alliance-francaise.nl\/arnhem\/wp-content\/uploads\/sites\/21\/2023\/07\/theater-1234481_1280-1024x768.jpg);\" role=\"img\" aria-label=\"theater-1234481_1280\"><\/div>\n\t\t\t\t<div class=\"elementor-cta__bg-overlay\"><\/div>\n\t\t\t<\/div>\n\t\t\t\t\t\t\t<div class=\"elementor-cta__content\">\n\t\t\t\t\n\t\t\t\t\t\t\t\t\t<h2 class=\"elementor-cta__title elementor-cta__content-item elementor-content-item\">\n\t\t\t\t\t\tFranse film met voorbereiding onder leiding van Denis Mandon\t\t\t\t\t<\/h2>\n\t\t\t\t\n\t\t\t\t\t\t\t\t\t<div class=\"elementor-cta__description elementor-cta__content-item elementor-content-item\">\n\t\t\t\t\t\t<em><b>Donderdag 26 februari 2026 om <u>19.00 uur<\/u> in het Filmhuis van Oosterbeek, Weverstraat 85. <\/em><\/b><\/br>Een uitdaging: een Franse film volledig in het Frans (incl. ondertiteling) te kunnen volgen en plezier hebben ! De titel blijft een verrassing... <\/br>Toegang inclusief een consumptie: leden en cursisten \u20ac 5,00; anderen \u20ac 10,00.<\/br>Dankzij ludieke oefeningen voorafgaand de film, is deze avond toegankelijk vanaf niveau B1.\t\t\t\t\t<\/div>\n\t\t\t\t\n\t\t\t\t\t\t\t\t\t<div class=\"elementor-cta__button-wrapper elementor-cta__content-item elementor-content-item \">\n\t\t\t\t\t<a class=\"elementor-cta__button elementor-button elementor-size-\" href=\"mailto:arnhem@afpb.nl\">\n\t\t\t\t\t\tAanmelden\t\t\t\t\t<\/a>\n\t\t\t\t\t<\/div>\n\t\t\t\t\t\t\t<\/div>\n\t\t\t\t\t\t<\/div>\n\t\t\t\t\t\t<\/div>\n\t\t\t\t<\/div>\n\t\t\t\t\t<\/div>\n\t\t<\/div>\n\t\t\t\t\t<\/div>\n\t\t<\/section>\n\t\t\t\t<section class=\"elementor-section elementor-top-section elementor-element elementor-element-b59045c elementor-section-boxed elementor-section-height-default elementor-section-height-default\" data-id=\"b59045c\" data-element_type=\"section\" data-e-type=\"section\">\n\t\t\t\t\t\t<div class=\"elementor-container elementor-column-gap-default\">\n\t\t\t\t\t<div class=\"elementor-column elementor-col-100 elementor-top-column elementor-element elementor-element-ccecc47\" data-id=\"ccecc47\" data-element_type=\"column\" data-e-type=\"column\">\n\t\t\t<div class=\"elementor-widget-wrap elementor-element-populated\">\n\t\t\t\t\t\t<div class=\"elementor-element elementor-element-182873b elementor-widget elementor-widget-menu-anchor\" data-id=\"182873b\" data-element_type=\"widget\" data-e-type=\"widget\" data-widget_type=\"menu-anchor.default\">\n\t\t\t\t<div class=\"elementor-widget-container\">\n\t\t\t\t\t\t\t<div class=\"elementor-menu-anchor\" id=\"mois\"><\/div>\n\t\t\t\t\t\t<\/div>\n\t\t\t\t<\/div>\n\t\t\t\t<div class=\"elementor-element elementor-element-f74b266 elementor-cta--skin-classic elementor-animated-content elementor-bg-transform elementor-bg-transform-zoom-in elementor-widget elementor-widget-call-to-action\" data-id=\"f74b266\" data-element_type=\"widget\" data-e-type=\"widget\" data-widget_type=\"call-to-action.default\">\n\t\t\t\t<div class=\"elementor-widget-container\">\n\t\t\t\t\t\t\t<div class=\"elementor-cta\">\n\t\t\t\t\t<div class=\"elementor-cta__bg-wrapper\">\n\t\t\t\t<div class=\"elementor-cta__bg elementor-bg\" style=\"background-image: url(https:\/\/www.alliance-francaise.nl\/arnhem\/wp-content\/uploads\/sites\/21\/2026\/02\/Francophonie_web3-1024x406.jpg);\" role=\"img\" aria-label=\"Francophonie_web3\"><\/div>\n\t\t\t\t<div class=\"elementor-cta__bg-overlay\"><\/div>\n\t\t\t<\/div>\n\t\t\t\t\t\t\t<div class=\"elementor-cta__content\">\n\t\t\t\t\n\t\t\t\t\t\t\t\t\t<h2 class=\"elementor-cta__title elementor-cta__content-item elementor-content-item\">\n\t\t\t\t\t\tQUIZ over Frankrijk, de Franse cultuur en de francofonie in de wereld, o.l.v. Luuk Gordeyns\t\t\t\t\t<\/h2>\n\t\t\t\t\n\t\t\t\t\t\t\t\t\t<div class=\"elementor-cta__description elementor-cta__content-item elementor-content-item\">\n\t\t\t\t\t\t<b><i>Donderdag 26 maart 2026 om 20.00 uur in het Trefcentrum De Elleboog, Nieuw-Schoonoord 2 in Velp<\/i><\/b><\/br>\nMaart is de maand van de francofonie: aandacht wordt gevestigd op het spreken van het Frans wereldwijd. Naast de vragen over Frankrijk is de quiz uitgebreid met enkele vragen over het spreken van het Frans elders. \n90 landen zijn aangesloten bij of geassocieerd aan de \u2018\u2019Organisation de la francophonie\u2019\u2019 . In de meeste van deze landen is Frans de of \u00e9\u00e9n van de offici\u00eble talen, in andere landen heeft men gewoon een band met de Franse taal.<\/br>\nHet belooft een gezellige en leerzame avond te worden.\nWe spelen in groepjes. De groep die wint wordt beloond!<\/br>\n<b>Toegang vrij voor leden, cursisten en introducees; anderen \u20ac 8,00 (contant)<\/b>\n\n\t\t\t\t\t<\/div>\n\t\t\t\t\n\t\t\t\t\t\t\t\t\t<div class=\"elementor-cta__button-wrapper elementor-cta__content-item elementor-content-item \">\n\t\t\t\t\t<a class=\"elementor-cta__button elementor-button elementor-size-\" href=\"mailto:arnhem@afpb.nl\">\n\t\t\t\t\t\tAanmelden\t\t\t\t\t<\/a>\n\t\t\t\t\t<\/div>\n\t\t\t\t\t\t\t<\/div>\n\t\t\t\t\t\t<\/div>\n\t\t\t\t\t\t<\/div>\n\t\t\t\t<\/div>\n\t\t\t\t\t<\/div>\n\t\t<\/div>\n\t\t\t\t\t<\/div>\n\t\t<\/section>\n\t\t\t\t<section class=\"elementor-section elementor-top-section elementor-element elementor-element-2befc0f elementor-section-boxed elementor-section-height-default elementor-section-height-default\" data-id=\"2befc0f\" data-element_type=\"section\" data-e-type=\"section\">\n\t\t\t\t\t\t<div class=\"elementor-container elementor-column-gap-default\">\n\t\t\t\t\t<div class=\"elementor-column elementor-col-100 elementor-top-column elementor-element elementor-element-967a380\" data-id=\"967a380\" data-element_type=\"column\" data-e-type=\"column\">\n\t\t\t<div class=\"elementor-widget-wrap elementor-element-populated\">\n\t\t\t\t\t\t<div class=\"elementor-element elementor-element-4d00009 elementor-widget elementor-widget-menu-anchor\" data-id=\"4d00009\" data-element_type=\"widget\" data-e-type=\"widget\" data-widget_type=\"menu-anchor.default\">\n\t\t\t\t<div class=\"elementor-widget-container\">\n\t\t\t\t\t\t\t<div class=\"elementor-menu-anchor\" id=\"chanson\"><\/div>\n\t\t\t\t\t\t<\/div>\n\t\t\t\t<\/div>\n\t\t\t\t<div class=\"elementor-element elementor-element-6db1632 elementor-cta--skin-classic elementor-animated-content elementor-bg-transform elementor-bg-transform-zoom-in elementor-widget elementor-widget-call-to-action\" data-id=\"6db1632\" data-element_type=\"widget\" data-e-type=\"widget\" data-widget_type=\"call-to-action.default\">\n\t\t\t\t<div class=\"elementor-widget-container\">\n\t\t\t\t\t\t\t<div class=\"elementor-cta\">\n\t\t\t\t\t<div class=\"elementor-cta__bg-wrapper\">\n\t\t\t\t<div class=\"elementor-cta__bg elementor-bg\" style=\"background-image: url(https:\/\/www.alliance-francaise.nl\/arnhem\/wp-content\/uploads\/sites\/21\/2025\/11\/Karo_Voets.jpg);\" role=\"img\" aria-label=\"Karo_Voets\"><\/div>\n\t\t\t\t<div class=\"elementor-cta__bg-overlay\"><\/div>\n\t\t\t<\/div>\n\t\t\t\t\t\t\t<div class=\"elementor-cta__content\">\n\t\t\t\t\n\t\t\t\t\t\t\t\t\t<h2 class=\"elementor-cta__title elementor-cta__content-item elementor-content-item\">\n\t\t\t\t\t\tSlotavond met Franse chansons door Karo Voets\t\t\t\t\t<\/h2>\n\t\t\t\t\n\t\t\t\t\t\t\t\t\t<div class=\"elementor-cta__description elementor-cta__content-item elementor-content-item\">\n\t\t\t\t\t\t<b><i>Donderdag 9 april 2026 om 20.00 uur in het Huis van Puck, Kazerneplein 6-2 in Arnhem<\/i><\/b><br>Karo combineert twee passies: Frans (zij is lerares Frans in Gent, Belgi\u00eb) en muziek. Zij zingt als een\nechte Fran\u00e7aise, met een stem vol timbre en gevoel die de harten van het publiek verovert. Tijdens\nhaar concert betrekt ze het publiek interactief. Met een scherpe tong en heel wat humor brengt ze\nook haar eigen nummers in het Frans en soms in het Nederlands of in het Spaans. Een echte\nmelodica, piano, gitaar en veelkleurige stem, Karo bespeelt de kleuren van haar leven! En fleurt onze\navond op!<\/br>Toegang vrij voor leden en cursisten. Anderen: \u20ac 10,00 (contant)<\/br>\n<b>Navigatie parkeerplaats:<\/b> Verlengde Hoflaan, tegenover Nr 123, Arnhem)\t\t\t\t\t<\/div>\n\t\t\t\t\n\t\t\t\t\t\t\t\t\t<div class=\"elementor-cta__button-wrapper elementor-cta__content-item elementor-content-item \">\n\t\t\t\t\t<a class=\"elementor-cta__button elementor-button elementor-size-\" href=\"mailto:arnhem@afpb.nl\">\n\t\t\t\t\t\tAanmelden\t\t\t\t\t<\/a>\n\t\t\t\t\t<\/div>\n\t\t\t\t\t\t\t<\/div>\n\t\t\t\t\t\t<\/div>\n\t\t\t\t\t\t<\/div>\n\t\t\t\t<\/div>\n\t\t\t\t\t<\/div>\n\t\t<\/div>\n\t\t\t\t\t<\/div>\n\t\t<\/section>\n\t\t\t\t<section class=\"elementor-section elementor-top-section elementor-element elementor-element-746fba3 elementor-section-boxed elementor-section-height-default elementor-section-height-default\" data-id=\"746fba3\" data-element_type=\"section\" data-e-type=\"section\" data-settings=\"{&quot;background_background&quot;:&quot;gradient&quot;}\">\n\t\t\t\t\t\t\t<div class=\"elementor-background-overlay\"><\/div>\n\t\t\t\t\t\t\t<div class=\"elementor-container elementor-column-gap-default\">\n\t\t\t\t\t<div class=\"elementor-column elementor-col-100 elementor-top-column elementor-element elementor-element-0d9ad10\" data-id=\"0d9ad10\" data-element_type=\"column\" data-e-type=\"column\" data-settings=\"{&quot;background_background&quot;:&quot;gradient&quot;}\">\n\t\t\t<div class=\"elementor-widget-wrap elementor-element-populated\">\n\t\t\t\t\t\t<div class=\"elementor-element elementor-element-63e7398 elementor-widget elementor-widget-heading\" data-id=\"63e7398\" data-element_type=\"widget\" data-e-type=\"widget\" data-widget_type=\"heading.default\">\n\t\t\t\t<div class=\"elementor-widget-container\">\n\t\t\t\t\t<h2 class=\"elementor-heading-title elementor-size-default\">Cultureel programma 2024-2025<\/h2>\t\t\t\t<\/div>\n\t\t\t\t<\/div>\n\t\t\t\t\t<\/div>\n\t\t<\/div>\n\t\t\t\t\t<\/div>\n\t\t<\/section>\n\t\t\t\t<section class=\"elementor-section elementor-top-section elementor-element elementor-element-6454de2 elementor-section-boxed elementor-section-height-default elementor-section-height-default\" data-id=\"6454de2\" data-element_type=\"section\" data-e-type=\"section\">\n\t\t\t\t\t\t<div class=\"elementor-container elementor-column-gap-default\">\n\t\t\t\t\t<div class=\"elementor-column elementor-col-100 elementor-top-column elementor-element elementor-element-5b8d30f\" data-id=\"5b8d30f\" data-element_type=\"column\" data-e-type=\"column\">\n\t\t\t<div class=\"elementor-widget-wrap elementor-element-populated\">\n\t\t\t\t\t\t<div class=\"elementor-element elementor-element-058076d elementor-cta--skin-classic elementor-animated-content elementor-bg-transform elementor-bg-transform-zoom-in elementor-widget elementor-widget-call-to-action\" data-id=\"058076d\" data-element_type=\"widget\" data-e-type=\"widget\" data-widget_type=\"call-to-action.default\">\n\t\t\t\t<div class=\"elementor-widget-container\">\n\t\t\t\t\t\t\t<div class=\"elementor-cta\">\n\t\t\t\t\t<div class=\"elementor-cta__bg-wrapper\">\n\t\t\t\t<div class=\"elementor-cta__bg elementor-bg\" style=\"background-image: url(https:\/\/www.alliance-francaise.nl\/arnhem\/wp-content\/uploads\/sites\/21\/2024\/07\/lavender-1595581_640.jpg);\" role=\"img\" aria-label=\"lavender-1595581_640\"><\/div>\n\t\t\t\t<div class=\"elementor-cta__bg-overlay\"><\/div>\n\t\t\t<\/div>\n\t\t\t\t\t\t\t<div class=\"elementor-cta__content\">\n\t\t\t\t\n\t\t\t\t\t\t\t\t\t<h2 class=\"elementor-cta__title elementor-cta__content-item elementor-content-item\">\n\t\t\t\t\t\tLa Provence vue \u00e0 travers les artistes \/ De Provence gezien door kunstenaars door Samuel Bauer \t\t\t\t\t<\/h2>\n\t\t\t\t\n\t\t\t\t\t\t\t\t\t<div class=\"elementor-cta__description elementor-cta__content-item elementor-content-item\">\n\t\t\t\t\t\t<b><i>Donderdag 20 maart 2025 om 20.00 uur in het Trefcentrum De Elleboog, Nieuw-Schoonoord 2 in Velp  <\/i><\/b><br>\nHet licht, de kleuren, de landschappen en de geuren van de Provence hebben veel kunstenaars ge\u00efnspireerd: schilders, schrijvers, musici en filmmakers. Een ontsterfelijk beeld van de Provence dat onze zintuigen prikkelt zoals ook de geuren en smaken van de gastronomie. (Lezing en power-point presentatie in het Frans) \t\t\t\t\t<\/div>\n\t\t\t\t\n\t\t\t\t\t\t\t\t\t<div class=\"elementor-cta__button-wrapper elementor-cta__content-item elementor-content-item \">\n\t\t\t\t\t<a class=\"elementor-cta__button elementor-button elementor-size-\" href=\"mailto:arnhem@afpb.nl\">\n\t\t\t\t\t\tAanmelden\t\t\t\t\t<\/a>\n\t\t\t\t\t<\/div>\n\t\t\t\t\t\t\t<\/div>\n\t\t\t\t\t\t<\/div>\n\t\t\t\t\t\t<\/div>\n\t\t\t\t<\/div>\n\t\t\t\t<div class=\"elementor-element elementor-element-7eff706 elementor-cta--skin-classic elementor-animated-content elementor-bg-transform elementor-bg-transform-zoom-in elementor-widget elementor-widget-call-to-action\" data-id=\"7eff706\" data-element_type=\"widget\" data-e-type=\"widget\" data-widget_type=\"call-to-action.default\">\n\t\t\t\t<div class=\"elementor-widget-container\">\n\t\t\t\t\t\t\t<div class=\"elementor-cta\">\n\t\t\t\t\t<div class=\"elementor-cta__bg-wrapper\">\n\t\t\t\t<div class=\"elementor-cta__bg elementor-bg\" style=\"background-image: url(https:\/\/www.alliance-francaise.nl\/arnhem\/wp-content\/uploads\/sites\/21\/2025\/03\/Jeu-de-boules.png);\" role=\"img\" aria-label=\"Jeu de boules\"><\/div>\n\t\t\t\t<div class=\"elementor-cta__bg-overlay\"><\/div>\n\t\t\t<\/div>\n\t\t\t\t\t\t\t<div class=\"elementor-cta__content\">\n\t\t\t\t\n\t\t\t\t\t\t\t\t\t<h2 class=\"elementor-cta__title elementor-cta__content-item elementor-content-item\">\n\t\t\t\t\t\tJeu de boules\t\t\t\t\t<\/h2>\n\t\t\t\t\n\t\t\t\t\t\t\t\t\t<div class=\"elementor-cta__description elementor-cta__content-item elementor-content-item\">\n\t\t\t\t\t\t<b><i>Zaterdag 10 mei 2025 van 14.00 tot 16.30 uur  <\/i><\/b><br>\nAdres: Jeu de boulesclub: \"Lingewaard\", Kampstuk 23B, 6852 AC Huissen<br>\nBanen en boules zijn gereserveerd. Nooit gespeeld? Uitleg en regels worden verstrekt door de leden van de jeu de boulesclub. Het wordt een gezellige middag.<\/br>\nToegang inclusief een consumptiekaart: leden\/cursisten \u20ac 7,50; anderen \u20ac 12,50.<\/br>\nReservering noodzakelijk via arnhem@afpb.nl\n\n\t\t\t\t\t<\/div>\n\t\t\t\t\n\t\t\t\t\t\t\t\t\t<div class=\"elementor-cta__button-wrapper elementor-cta__content-item elementor-content-item \">\n\t\t\t\t\t<a class=\"elementor-cta__button elementor-button elementor-size-\" href=\"mailto:arnhem@afpb.nl\">\n\t\t\t\t\t\tAanmelden\t\t\t\t\t<\/a>\n\t\t\t\t\t<\/div>\n\t\t\t\t\t\t\t<\/div>\n\t\t\t\t\t\t<\/div>\n\t\t\t\t\t\t<\/div>\n\t\t\t\t<\/div>\n\t\t\t\t<div class=\"elementor-element elementor-element-2dc9e50 elementor-cta--skin-classic elementor-animated-content elementor-bg-transform elementor-bg-transform-zoom-in elementor-widget elementor-widget-call-to-action\" data-id=\"2dc9e50\" data-element_type=\"widget\" data-e-type=\"widget\" data-widget_type=\"call-to-action.default\">\n\t\t\t\t<div class=\"elementor-widget-container\">\n\t\t\t\t\t\t\t<div class=\"elementor-cta\">\n\t\t\t\t\t<div class=\"elementor-cta__bg-wrapper\">\n\t\t\t\t<div class=\"elementor-cta__bg elementor-bg\" style=\"background-image: url(https:\/\/www.alliance-francaise.nl\/arnhem\/wp-content\/uploads\/sites\/21\/2024\/07\/02_Maxims.jpg);\" role=\"img\" aria-label=\"02_Maxims\"><\/div>\n\t\t\t\t<div class=\"elementor-cta__bg-overlay\"><\/div>\n\t\t\t<\/div>\n\t\t\t\t\t\t\t<div class=\"elementor-cta__content\">\n\t\t\t\t\n\t\t\t\t\t\t\t\t\t<h2 class=\"elementor-cta__title elementor-cta__content-item elementor-content-item\">\n\t\t\t\t\t\tParijse restaurants en hun interieur van vroeger  \/ Les restaurants parisiens et leur d\u00e9cor d\u2019autrefois door Wim Dammers \t\t\t\t\t<\/h2>\n\t\t\t\t\n\t\t\t\t\t\t\t\t\t<div class=\"elementor-cta__description elementor-cta__content-item elementor-content-item\">\n\t\t\t\t\t\t<b><i>Donderdag 20 februari 2025 om 20.00 uur in het Trefcentrum De Elleboog, Nieuw-Schoonoord 2 in Velp  <\/i><\/b><br>\nDe geschiedenis en de bijzondere interieurs van de Parijse restaurants die de originele interieurs uit hun begintijd hebben bewaard: Restaurants de luxe, Brasseries, Bistros en Bouillons. (Lezing in het Nederlands door een goede kenner van Parijs). \t\t\t\t\t<\/div>\n\t\t\t\t\n\t\t\t\t\t\t\t\t\t<div class=\"elementor-cta__button-wrapper elementor-cta__content-item elementor-content-item \">\n\t\t\t\t\t<a class=\"elementor-cta__button elementor-button elementor-size-\" href=\"mailto:arnhem@afpb.nl\">\n\t\t\t\t\t\tAanmelden\t\t\t\t\t<\/a>\n\t\t\t\t\t<\/div>\n\t\t\t\t\t\t\t<\/div>\n\t\t\t\t\t\t<\/div>\n\t\t\t\t\t\t<\/div>\n\t\t\t\t<\/div>\n\t\t\t\t<div class=\"elementor-element elementor-element-9d2d5fb elementor-cta--skin-classic elementor-animated-content elementor-bg-transform elementor-bg-transform-zoom-in elementor-widget elementor-widget-call-to-action\" data-id=\"9d2d5fb\" data-element_type=\"widget\" data-e-type=\"widget\" data-widget_type=\"call-to-action.default\">\n\t\t\t\t<div class=\"elementor-widget-container\">\n\t\t\t\t\t\t\t<div class=\"elementor-cta\">\n\t\t\t\t\t<div class=\"elementor-cta__bg-wrapper\">\n\t\t\t\t<div class=\"elementor-cta__bg elementor-bg\" style=\"background-image: url(https:\/\/www.alliance-francaise.nl\/arnhem\/wp-content\/uploads\/sites\/21\/2024\/10\/image.png);\" role=\"img\" aria-label=\"image\"><\/div>\n\t\t\t\t<div class=\"elementor-cta__bg-overlay\"><\/div>\n\t\t\t<\/div>\n\t\t\t\t\t\t\t<div class=\"elementor-cta__content\">\n\t\t\t\t\n\t\t\t\t\t\t\t\t\t<h2 class=\"elementor-cta__title elementor-cta__content-item elementor-content-item\">\n\t\t\t\t\t\tTh\u00e9\u00e2tre en fran\u00e7ais \/ <i>Frans toneel<\/i>\t\t\t\t\t<\/h2>\n\t\t\t\t\n\t\t\t\t\t\t\t\t\t<div class=\"elementor-cta__description elementor-cta__content-item elementor-content-item\">\n\t\t\t\t\t\t<p class=\"x_MsoNormal\" style=\"font-size: 15px;margin: 0cm 0cm 0.0001pt;line-height: 17.6px;font-family: Calibri, sans-serif\"><b style=\"font-size: 11pt\"><span style=\"border: 0px;font-style: inherit;font-variant: inherit;font-weight: inherit;font-size: 14pt;line-height: 22.4px;font-family: inherit;margin: 0px;padding: 0px;vertical-align: baseline\">&nbsp;<span lang=\"FR\" style=\"border: 0px;font: inherit;margin: 0px;padding: 0px;vertical-align: baseline;color: inherit\">\u2018\u2019Du paillasson consid\u00e9r\u00e9 du point de vue du h\u00e9risson\u2019\u2019&nbsp;<\/span><\/span><\/b><b style=\"font-size: 11pt\"><span lang=\"FR\" style=\"border: 0px;font-style: inherit;font-variant: inherit;font-weight: inherit;font-size: 12pt;line-height: 19.2px;font-family: inherit;margin: 0px;padding: 0px;vertical-align: baseline\">de&nbsp;<\/span><\/b><b style=\"font-size: 11pt\"><span lang=\"FR\" style=\"border: 0px;font-style: inherit;font-variant: inherit;font-weight: inherit;font-size: 12pt;line-height: 19.2px;font-family: inherit;margin: 0px;padding: 0px;vertical-align: baseline;background-image: initial;background-position: initial;background-size: initial;background-repeat: initial\">Matei Visniec<\/span><\/b><span lang=\"FR\" style=\"font-family: inherit;font-weight: inherit;border: 0px;font-style: inherit;font-variant: inherit;font-size: 12pt;line-height: 19.2px;margin: 0px;padding: 0px;vertical-align: baseline;background-image: initial;background-position: initial;background-size: initial;background-repeat: initial\">&nbsp;<\/span><\/p><p class=\"x_MsoNormal\" style=\"margin: 0cm 0cm 0.0001pt;line-height: 17.6px;font-size: 11pt;font-family: Calibri, sans-serif\"><i><span lang=\"FR\" style=\"border: 0px;font-style: inherit;font-variant: inherit;font-weight: inherit;font-size: 12pt;line-height: 19.2px;font-family: inherit;margin: 0px;padding: 0px;vertical-align: baseline;background-image: initial;background-position: initial;background-size: initial;background-repeat: initial\"><b style=\"font-size: 14.6667px\"><span style=\"border: 0px;font-style: inherit;font-variant: inherit;font-weight: inherit;font-size: 14pt;line-height: 22.4px;font-family: inherit;margin: 0px;padding: 0px;vertical-align: baseline;color: inherit\"><font color=\"#000000\">Zondag 24 november om 15.00 uur in&nbsp;<\/font><\/span><\/b><\/span><b><span style=\"border: 0px;font-style: inherit;font-variant: inherit;font-weight: inherit;font-size: 14pt;line-height: 22.4px;font-family: inherit;margin: 0px;padding: 0px;vertical-align: baseline\">Theater De Leeuw,&nbsp;<\/span><\/b><span style=\"border: 0px;font-style: inherit;font-variant: inherit;font-weight: inherit;font-size: 12pt;line-height: 19.2px;font-family: inherit;margin: 0px;padding: 0px;vertical-align: baseline\"><b>Leeuwensteinplein 1, 6824 DA Arnhem&nbsp;<\/b><\/span><\/i><\/p><p class=\"x_MsoNormal\" style=\"margin: 0cm 0cm 0.0001pt;line-height: 17.6px;font-size: 11pt;font-family: Calibri, sans-serif\"><span lang=\"FR\" style=\"border: 0px;font-style: inherit;font-variant: inherit;font-weight: inherit;font-size: 12pt;line-height: 19.2px;font-family: inherit;margin: 0px;padding: 0px;vertical-align: baseline;background-image: initial;background-position: initial;background-size: initial;background-repeat: initial\">D<\/span><span lang=\"FR\" style=\"border: 0px;font-style: inherit;font-variant: inherit;font-weight: inherit;font-size: 12pt;line-height: 19.2px;font-family: inherit;margin: 0px;padding: 0px;vertical-align: baseline\">ix sayn\u00e8tes comiques et absurdes, de niveau facile,&nbsp; jou\u00e9es par la troupe amateure de l\u2019Alliance Fran\u00e7aise de La Haye \u2018\u2019Th\u00e9\u00e2tre de l\u2019Avalanche\u2019\u2019.<\/span><\/p><p class=\"x_MsoNormal\" style=\"margin: 0cm 0cm 0.0001pt;line-height: 17.6px;font-size: 11pt;font-family: Calibri, sans-serif\"><i><span style=\"border: 0px;font-style: inherit;font-variant: inherit;font-weight: inherit;font-size: 12pt;line-height: 19.2px;font-family: inherit;margin: 0px;padding: 0px;vertical-align: baseline\">Tien korte eenvoudige en komische stukjes door het amateur toneelgezelschap van Alliance Fran\u00e7aise Den Haag.<\/span><\/i><\/p><p class=\"x_MsoNormal\" style=\"margin: 0cm 0cm 0.0001pt;line-height: 17.6px;font-size: 11pt;font-family: Calibri, sans-serif\"><span style=\"border: 0px;font-style: inherit;font-variant: inherit;font-weight: inherit;font-size: 12pt;line-height: inherit;font-family: inherit;margin: 0px;padding: 0px;vertical-align: baseline\">AF-tarief&nbsp; \u20ac 10,00; anderen \u20ac 15,00.<\/span><\/p><span style=\"font-family: inherit;font-size: 12pt;font-style: inherit;font-weight: inherit\">Reservering en betaling via&nbsp;&nbsp;<\/span><u style=\"font-family: inherit;font-size: 12pt;font-style: inherit;font-weight: inherit\"><a href=\"mailto:arnhem@afpb.nl\" data-linkindex=\"0\" id=\"LPlnk636562\" style=\"border: 0px;font: inherit;margin: 0px;padding: 0px;vertical-align: baseline\">arnhem@afpb.nl<\/a><\/u><span style=\"font-family: inherit;font-size: 12pt;font-style: inherit;font-weight: inherit\">&nbsp; &nbsp;(bij voorkeur voor 15 november)<\/span>\t\t\t\t\t<\/div>\n\t\t\t\t\n\t\t\t\t\t\t\t\t\t<div class=\"elementor-cta__button-wrapper elementor-cta__content-item elementor-content-item \">\n\t\t\t\t\t<a class=\"elementor-cta__button elementor-button elementor-size-\" href=\"mailto:arnhem@afpb.nl\">\n\t\t\t\t\t\tAanmelden\t\t\t\t\t<\/a>\n\t\t\t\t\t<\/div>\n\t\t\t\t\t\t\t<\/div>\n\t\t\t\t\t\t<\/div>\n\t\t\t\t\t\t<\/div>\n\t\t\t\t<\/div>\n\t\t\t\t<div class=\"elementor-element elementor-element-cd08d51 elementor-cta--skin-classic elementor-animated-content elementor-bg-transform elementor-bg-transform-zoom-in elementor-widget elementor-widget-call-to-action\" data-id=\"cd08d51\" data-element_type=\"widget\" data-e-type=\"widget\" data-widget_type=\"call-to-action.default\">\n\t\t\t\t<div class=\"elementor-widget-container\">\n\t\t\t\t\t\t\t<div class=\"elementor-cta\">\n\t\t\t\t\t<div class=\"elementor-cta__bg-wrapper\">\n\t\t\t\t<div class=\"elementor-cta__bg elementor-bg\" style=\"background-image: url(https:\/\/www.alliance-francaise.nl\/arnhem\/wp-content\/uploads\/sites\/21\/2024\/07\/chocolate-bar-and-melted-chocolate-splash-on-dark-background-close-up-and-selective-focus-generative-ai-photo.jpg);\" role=\"img\" aria-label=\"chocolate-bar-and-melted-chocolate-splash-on-dark-background-close-up-and-selective-focus-generative-ai-photo\"><\/div>\n\t\t\t\t<div class=\"elementor-cta__bg-overlay\"><\/div>\n\t\t\t<\/div>\n\t\t\t\t\t\t\t<div class=\"elementor-cta__content\">\n\t\t\t\t\n\t\t\t\t\t\t\t\t\t<h2 class=\"elementor-cta__title elementor-cta__content-item elementor-content-item\">\n\t\t\t\t\t\tAtelier chocolat \/ Workshop chocola  door Anna Sabidussi \t\t\t\t\t<\/h2>\n\t\t\t\t\n\t\t\t\t\t\t\t\t\t<div class=\"elementor-cta__description elementor-cta__content-item elementor-content-item\">\n\t\t\t\t\t\t<b><i>Woensdag 27 november 2024 om 20.00 uur in het Trefcentrum De Elleboog, Nieuw-Schoonoord 2 in Velp  <\/i><\/b><br>\nEen leerzame en ludieke reis door de wereld van de proeverij. We oefenen onze gevoeligheid voor fijne smaken en geuren, en op een laagdrempelige wijze ontdekken we de eigenschappen van de chocola, begeleid door een professional. (Lezing en power-point presentatie in het Frans). Bijdrage leden\/cursisten: \u20ac 8,00. Niet leden \u20ac 12,00 \t\t\t\t\t<\/div>\n\t\t\t\t\n\t\t\t\t\t\t\t\t\t<div class=\"elementor-cta__button-wrapper elementor-cta__content-item elementor-content-item \">\n\t\t\t\t\t<a class=\"elementor-cta__button elementor-button elementor-size-\" href=\"mailto:arnhem@afpb.nl\">\n\t\t\t\t\t\tAanmelden\t\t\t\t\t<\/a>\n\t\t\t\t\t<\/div>\n\t\t\t\t\t\t\t<\/div>\n\t\t\t\t\t\t<\/div>\n\t\t\t\t\t\t<\/div>\n\t\t\t\t<\/div>\n\t\t\t\t<div class=\"elementor-element elementor-element-7f89af9 elementor-cta--skin-classic elementor-animated-content elementor-bg-transform elementor-bg-transform-zoom-in elementor-widget elementor-widget-call-to-action\" data-id=\"7f89af9\" data-element_type=\"widget\" data-e-type=\"widget\" data-widget_type=\"call-to-action.default\">\n\t\t\t\t<div class=\"elementor-widget-container\">\n\t\t\t\t\t\t\t<div class=\"elementor-cta\">\n\t\t\t\t\t<div class=\"elementor-cta__bg-wrapper\">\n\t\t\t\t<div class=\"elementor-cta__bg elementor-bg\" style=\"background-image: url(https:\/\/www.alliance-francaise.nl\/arnhem\/wp-content\/uploads\/sites\/21\/2024\/07\/Domaine-national-de-Chambord-Restored-lanterns-\u00a9-Olivier-Marchant-7-1024x768.jpg);\" role=\"img\" aria-label=\"default\"><\/div>\n\t\t\t\t<div class=\"elementor-cta__bg-overlay\"><\/div>\n\t\t\t<\/div>\n\t\t\t\t\t\t\t<div class=\"elementor-cta__content\">\n\t\t\t\t\n\t\t\t\t\t\t\t\t\t<h2 class=\"elementor-cta__title elementor-cta__content-item elementor-content-item\">\n\t\t\t\t\t\tLes ch\u00e2teaux de la Loire\/ De kastelen van de Loire  door Claude Perreau \t\t\t\t\t<\/h2>\n\t\t\t\t\n\t\t\t\t\t\t\t\t\t<div class=\"elementor-cta__description elementor-cta__content-item elementor-content-item\">\n\t\t\t\t\t\t<b><i>Donderdag 17 oktober 2024 om 20.00 uur in het Trefcentrum De Elleboog, Nieuw-Schoonoord 2 in Velp <\/i><\/b><br>\nBeroemde maar ook minder bekende kastelen, wijngaarden en gastronomische specialiteiten.... Claude Perreau, voorzitter AF Friesland, afkomstig uit de regio Touraine, vertelt over deze mooie streek. (Lezing in het Frans met power-point presentatie met Nederlandse tekst) \t\t\t\t\t<\/div>\n\t\t\t\t\n\t\t\t\t\t\t\t\t\t<div class=\"elementor-cta__button-wrapper elementor-cta__content-item elementor-content-item \">\n\t\t\t\t\t<a class=\"elementor-cta__button elementor-button elementor-size-\" href=\"mailto:arnhem@afpb.nl\">\n\t\t\t\t\t\tAanmelden\t\t\t\t\t<\/a>\n\t\t\t\t\t<\/div>\n\t\t\t\t\t\t\t<\/div>\n\t\t\t\t\t\t<\/div>\n\t\t\t\t\t\t<\/div>\n\t\t\t\t<\/div>\n\t\t\t\t\t<\/div>\n\t\t<\/div>\n\t\t\t\t\t<\/div>\n\t\t<\/section>\n\t\t\t\t<section class=\"elementor-section elementor-top-section elementor-element elementor-element-3147204 elementor-section-boxed elementor-section-height-default elementor-section-height-default\" data-id=\"3147204\" data-element_type=\"section\" data-e-type=\"section\">\n\t\t\t\t\t\t<div class=\"elementor-container elementor-column-gap-default\">\n\t\t\t\t\t<div class=\"elementor-column elementor-col-100 elementor-top-column elementor-element elementor-element-119dba4\" data-id=\"119dba4\" data-element_type=\"column\" data-e-type=\"column\">\n\t\t\t<div class=\"elementor-widget-wrap\">\n\t\t\t\t\t\t\t<\/div>\n\t\t<\/div>\n\t\t\t\t\t<\/div>\n\t\t<\/section>\n\t\t\t\t<section class=\"elementor-section elementor-top-section elementor-element elementor-element-386131c elementor-section-boxed elementor-section-height-default elementor-section-height-default\" data-id=\"386131c\" data-element_type=\"section\" data-e-type=\"section\">\n\t\t\t\t\t\t<div class=\"elementor-container elementor-column-gap-default\">\n\t\t\t\t\t<div class=\"elementor-column elementor-col-100 elementor-top-column elementor-element elementor-element-4f2fae6\" data-id=\"4f2fae6\" data-element_type=\"column\" data-e-type=\"column\">\n\t\t\t<div class=\"elementor-widget-wrap elementor-element-populated\">\n\t\t\t\t\t\t<div class=\"elementor-element elementor-element-7664cbd elementor-widget elementor-widget-heading\" data-id=\"7664cbd\" data-element_type=\"widget\" data-e-type=\"widget\" data-widget_type=\"heading.default\">\n\t\t\t\t<div class=\"elementor-widget-container\">\n\t\t\t\t\t<h2 class=\"elementor-heading-title elementor-size-default\">Cultureelprogramma 2023-2024<\/h2>\t\t\t\t<\/div>\n\t\t\t\t<\/div>\n\t\t\t\t\t<\/div>\n\t\t<\/div>\n\t\t\t\t\t<\/div>\n\t\t<\/section>\n\t\t\t\t<section class=\"elementor-section elementor-top-section elementor-element elementor-element-fcec9e6 elementor-section-boxed elementor-section-height-default elementor-section-height-default\" data-id=\"fcec9e6\" data-element_type=\"section\" data-e-type=\"section\">\n\t\t\t\t\t\t<div class=\"elementor-container elementor-column-gap-default\">\n\t\t\t\t\t<div class=\"elementor-column elementor-col-100 elementor-top-column elementor-element elementor-element-490fe03\" data-id=\"490fe03\" data-element_type=\"column\" data-e-type=\"column\">\n\t\t\t<div class=\"elementor-widget-wrap elementor-element-populated\">\n\t\t\t\t\t\t<div class=\"elementor-element elementor-element-effd892 elementor--h-position-center elementor--v-position-middle elementor-arrows-position-inside elementor-pagination-position-inside elementor-widget elementor-widget-slides\" data-id=\"effd892\" data-element_type=\"widget\" data-e-type=\"widget\" data-settings=\"{&quot;navigation&quot;:&quot;both&quot;,&quot;autoplay&quot;:&quot;yes&quot;,&quot;pause_on_hover&quot;:&quot;yes&quot;,&quot;pause_on_interaction&quot;:&quot;yes&quot;,&quot;autoplay_speed&quot;:5000,&quot;infinite&quot;:&quot;yes&quot;,&quot;transition&quot;:&quot;slide&quot;,&quot;transition_speed&quot;:500}\" data-widget_type=\"slides.default\">\n\t\t\t\t<div class=\"elementor-widget-container\">\n\t\t\t\t\t\t\t\t\t<div class=\"elementor-swiper\">\n\t\t\t\t\t<div class=\"elementor-slides-wrapper elementor-main-swiper swiper\" role=\"region\" aria-roledescription=\"carousel\" aria-label=\"Slides\" dir=\"ltr\" data-animation=\"fadeInUp\">\n\t\t\t\t<div class=\"swiper-wrapper elementor-slides\">\n\t\t\t\t\t\t\t\t\t\t<div class=\"elementor-repeater-item-c7bc531 swiper-slide\" role=\"group\" aria-roledescription=\"slide\"><div class=\"swiper-slide-bg\" role=\"img\" aria-label=\"fondation-louis-vuitton-2994760_1920\"><\/div><div class=\"elementor-background-overlay\"><\/div><div class=\"swiper-slide-inner\" ><div class=\"swiper-slide-contents\"><div class=\"elementor-slide-heading\">Hedendaagse architectuur in Parijs door Nico Nelissen<\/div><div class=\"elementor-slide-description\">In Parijs hebben sinds 2000 talrijke fascinerende projecten het daglicht gezien, vaak spectaculaire en innoverende architectuur: de Fondation Louis Vuitton, de Philharmonie, de Seine Musicale, het nieuwe Paleis van Justitie en meer. Een boeiende lezing met prachtige beelden! (in het Nederlands)<\/div><div  class=\"elementor-button elementor-slide-button elementor-size-sm\">Wo 1 nov 2023<\/div><\/div><\/div><\/div><div class=\"elementor-repeater-item-4a2cea5 swiper-slide\" role=\"group\" aria-roledescription=\"slide\"><div class=\"swiper-slide-bg\" role=\"img\" aria-label=\"apple-1282241_1280\"><\/div><div class=\"elementor-background-overlay\"><\/div><div class=\"swiper-slide-inner\" ><div class=\"swiper-slide-contents\"><div class=\"elementor-slide-heading\">De la pomme d'Adam \u00e0 la pomme d'Apple door Marie-Paule Eeckhout<\/div><div class=\"elementor-slide-description\">Is het u opgevallen dat de appel, dit alledaagse\nfruit, een bijzondere plaats in onze cultuur heeft: in mythes, kunst, po\u00ebsie,\nzelfs tot in de informatica? Deze verrassende lezing presenteert een selectie\nvan kunstwerken en verhalen. (in het Frans)\n<\/div><div  class=\"elementor-button elementor-slide-button elementor-size-sm\">Wo 29 nov 2023<\/div><\/div><\/div><\/div><div class=\"elementor-repeater-item-7fdbc9b swiper-slide\" role=\"group\" aria-roledescription=\"slide\"><div class=\"swiper-slide-bg\" role=\"img\" aria-label=\"theater-1234481_1280\"><\/div><div class=\"elementor-background-overlay\"><\/div><div class=\"swiper-slide-inner\" ><div class=\"swiper-slide-contents\"><div class=\"elementor-slide-heading\">Franse film met voorbereiding door Denis Mandon<\/div><div class=\"elementor-slide-description\">Een uitdaging: een Franse film volledig in het Frans (incl. ondertiteling) te kunnen volgen en plezier hebben ! De titel blijft een verrassing... Dankzij ludieke oefeningen voorafgaand aan de film, is deze avond toegankelijk vanaf niveau B1.\nToegang incl. een consumptie: AF cursisten en leden \u20ac 8,00; niet leden \u20ac 12,00.<\/div><div  class=\"elementor-button elementor-slide-button elementor-size-sm\">Do 22 feb 2024<\/div><\/div><\/div><\/div><div class=\"elementor-repeater-item-7bc1c09 swiper-slide\" role=\"group\" aria-roledescription=\"slide\"><div class=\"swiper-slide-bg\" role=\"img\" aria-label=\"pexels-selin-florio-11460889\"><\/div><div class=\"elementor-background-overlay\"><\/div><div class=\"swiper-slide-inner\" ><div class=\"swiper-slide-contents\"><div class=\"elementor-slide-heading\">La Bretagne magique door Fran\u00e7oise Gall<\/div><div class=\"elementor-slide-description\">Bretagne is een land van legendes: koning Arthur, Morgane\nde Fee, Merlijn de Tovenaar, Perceval op zoek naar de Graal, Lancelot van het\nMeer, de verdronken stad Ys... Kom luisteren naar deze verhalen, verfraaid met\nmooie beelden van deze mysterieuse plekken omlijst met Bretonse muziek. Een\nmagische avond! (in het Frans)<\/div><div  class=\"elementor-button elementor-slide-button elementor-size-sm\">Do 21 maart 2024<\/div><\/div><\/div><\/div><div class=\"elementor-repeater-item-ba3dd8e swiper-slide\" role=\"group\" aria-roledescription=\"slide\"><div class=\"swiper-slide-bg\" role=\"img\" aria-label=\"pexels-pixabay-210764\"><\/div><div class=\"elementor-background-overlay\"><\/div><div class=\"swiper-slide-inner\" ><div class=\"swiper-slide-contents\"><div class=\"elementor-slide-heading\">Slotavond met Franse chansons door Ronald Naar en Lise Akkermans<\/div><div  class=\"elementor-button elementor-slide-button elementor-size-sm\">Vr 12 april 2024<\/div><\/div><\/div><\/div>\t\t\t\t<\/div>\n\t\t\t\t\t\t\t\t\t\t\t\t\t\t\t<div class=\"elementor-swiper-button elementor-swiper-button-prev\" role=\"button\" tabindex=\"0\" aria-label=\"Vorige slide\">\n\t\t\t\t\t\t\t<i aria-hidden=\"true\" class=\"eicon-chevron-left\"><\/i>\t\t\t\t\t\t<\/div>\n\t\t\t\t\t\t<div class=\"elementor-swiper-button elementor-swiper-button-next\" role=\"button\" tabindex=\"0\" aria-label=\"Volgende slide\">\n\t\t\t\t\t\t\t<i aria-hidden=\"true\" class=\"eicon-chevron-right\"><\/i>\t\t\t\t\t\t<\/div>\n\t\t\t\t\t\t\t\t\t\t\t\t\t\t\t\t<div class=\"swiper-pagination\"><\/div>\n\t\t\t\t\t\t\t\t\t\t\t\t<\/div>\n\t\t\t\t<\/div>\n\t\t\t\t\t\t\t\t<\/div>\n\t\t\t\t<\/div>\n\t\t\t\t\t<\/div>\n\t\t<\/div>\n\t\t\t\t\t<\/div>\n\t\t<\/section>\n\t\t\t\t<section class=\"elementor-section elementor-top-section elementor-element elementor-element-3f0e371 elementor-section-boxed elementor-section-height-default elementor-section-height-default\" data-id=\"3f0e371\" data-element_type=\"section\" data-e-type=\"section\">\n\t\t\t\t\t\t<div class=\"elementor-container elementor-column-gap-default\">\n\t\t\t\t\t<div class=\"elementor-column elementor-col-100 elementor-top-column elementor-element elementor-element-36eb996\" data-id=\"36eb996\" data-element_type=\"column\" data-e-type=\"column\">\n\t\t\t<div class=\"elementor-widget-wrap elementor-element-populated\">\n\t\t\t\t\t\t<div class=\"elementor-element elementor-element-dbcdea2 elementor-widget elementor-widget-spacer\" data-id=\"dbcdea2\" data-element_type=\"widget\" data-e-type=\"widget\" data-widget_type=\"spacer.default\">\n\t\t\t\t<div class=\"elementor-widget-container\">\n\t\t\t\t\t\t\t<div class=\"elementor-spacer\">\n\t\t\t<div class=\"elementor-spacer-inner\"><\/div>\n\t\t<\/div>\n\t\t\t\t\t\t<\/div>\n\t\t\t\t<\/div>\n\t\t\t\t\t<\/div>\n\t\t<\/div>\n\t\t\t\t\t<\/div>\n\t\t<\/section>\n\t\t\t\t<section class=\"elementor-section elementor-top-section elementor-element elementor-element-79c5461 elementor-section-boxed elementor-section-height-default elementor-section-height-default\" data-id=\"79c5461\" data-element_type=\"section\" data-e-type=\"section\">\n\t\t\t\t\t\t<div class=\"elementor-container elementor-column-gap-default\">\n\t\t\t\t\t<div class=\"elementor-column elementor-col-100 elementor-top-column elementor-element elementor-element-21249bd\" data-id=\"21249bd\" data-element_type=\"column\" data-e-type=\"column\">\n\t\t\t<div class=\"elementor-widget-wrap elementor-element-populated\">\n\t\t\t\t\t\t<div class=\"elementor-element elementor-element-fa6f4a4 elementor-widget elementor-widget-spacer\" data-id=\"fa6f4a4\" data-element_type=\"widget\" data-e-type=\"widget\" data-widget_type=\"spacer.default\">\n\t\t\t\t<div class=\"elementor-widget-container\">\n\t\t\t\t\t\t\t<div class=\"elementor-spacer\">\n\t\t\t<div class=\"elementor-spacer-inner\"><\/div>\n\t\t<\/div>\n\t\t\t\t\t\t<\/div>\n\t\t\t\t<\/div>\n\t\t\t\t\t<\/div>\n\t\t<\/div>\n\t\t\t\t\t<\/div>\n\t\t<\/section>\n\t\t\t\t<\/div>\n\t\t","protected":false},"excerpt":{"rendered":"<p>Welkom bij onze culturele activiteiten! Onze leden en cursisten hebben gratis toegang (of tegen een laag-AF tarief) tot onze culturele activiteiten. Andere belangstellenden zijn ook welkom tegen een gering bedrag! [&hellip;]<\/p>\n","protected":false},"author":1,"featured_media":0,"parent":139,"menu_order":0,"comment_status":"closed","ping_status":"closed","template":"elementor_header_footer","meta":{"footnotes":""},"class_list":["post-176","page","type-page","status-publish","hentry"],"_links":{"self":[{"href":"https:\/\/www.alliance-francaise.nl\/arnhem\/wp-json\/wp\/v2\/pages\/176","targetHints":{"allow":["GET"]}}],"collection":[{"href":"https:\/\/www.alliance-francaise.nl\/arnhem\/wp-json\/wp\/v2\/pages"}],"about":[{"href":"https:\/\/www.alliance-francaise.nl\/arnhem\/wp-json\/wp\/v2\/types\/page"}],"author":[{"embeddable":true,"href":"https:\/\/www.alliance-francaise.nl\/arnhem\/wp-json\/wp\/v2\/users\/1"}],"replies":[{"embeddable":true,"href":"https:\/\/www.alliance-francaise.nl\/arnhem\/wp-json\/wp\/v2\/comments?post=176"}],"version-history":[{"count":20,"href":"https:\/\/www.alliance-francaise.nl\/arnhem\/wp-json\/wp\/v2\/pages\/176\/revisions"}],"predecessor-version":[{"id":3557,"href":"https:\/\/www.alliance-francaise.nl\/arnhem\/wp-json\/wp\/v2\/pages\/176\/revisions\/3557"}],"up":[{"embeddable":true,"href":"https:\/\/www.alliance-francaise.nl\/arnhem\/wp-json\/wp\/v2\/pages\/139"}],"wp:attachment":[{"href":"https:\/\/www.alliance-francaise.nl\/arnhem\/wp-json\/wp\/v2\/media?parent=176"}],"curies":[{"name":"wp","href":"https:\/\/api.w.org\/{rel}","templated":true}]}}