{"id":472,"date":"2020-06-24T08:07:27","date_gmt":"2020-06-24T08:07:27","guid":{"rendered":"https:\/\/www.alliance-francaise.nl\/2020\/amersfoort\/?page_id=472"},"modified":"2024-12-03T13:51:30","modified_gmt":"2024-12-03T12:51:30","slug":"examens-alliance-francaise","status":"publish","type":"page","link":"https:\/\/www.alliance-francaise.nl\/amersfoort\/cursussen\/examens-alliance-francaise\/","title":{"rendered":"Examens Alliance Fran\u00e7aise"},"content":{"rendered":"\t\t<div data-elementor-type=\"wp-page\" data-elementor-id=\"472\" class=\"elementor elementor-472\" data-elementor-post-type=\"page\">\n\t\t\t\t\t\t<section class=\"elementor-section elementor-top-section elementor-element elementor-element-7b7b0c0 elementor-section-height-min-height elementor-section-boxed elementor-section-height-default elementor-section-items-middle\" data-id=\"7b7b0c0\" data-element_type=\"section\" data-e-type=\"section\" data-settings=\"{&quot;background_background&quot;:&quot;classic&quot;}\">\n\t\t\t\t\t\t<div class=\"elementor-container elementor-column-gap-default\">\n\t\t\t\t\t<div class=\"elementor-column elementor-col-100 elementor-top-column elementor-element elementor-element-f06b13e\" data-id=\"f06b13e\" data-element_type=\"column\" data-e-type=\"column\">\n\t\t\t<div class=\"elementor-widget-wrap elementor-element-populated\">\n\t\t\t\t\t\t<div class=\"elementor-element elementor-element-f83bd4e elementor-widget elementor-widget-heading\" data-id=\"f83bd4e\" data-element_type=\"widget\" data-e-type=\"widget\" data-widget_type=\"heading.default\">\n\t\t\t\t<div class=\"elementor-widget-container\">\n\t\t\t\t\t<h1 class=\"elementor-heading-title elementor-size-default\">Examens Alliance Fran\u00e7aise<\/h1>\t\t\t\t<\/div>\n\t\t\t\t<\/div>\n\t\t\t\t\t<\/div>\n\t\t<\/div>\n\t\t\t\t\t<\/div>\n\t\t<\/section>\n\t\t\t\t<section class=\"elementor-section elementor-top-section elementor-element elementor-element-77cd6d6 elementor-section-boxed elementor-section-height-default elementor-section-height-default\" data-id=\"77cd6d6\" data-element_type=\"section\" data-e-type=\"section\">\n\t\t\t\t\t\t<div class=\"elementor-container elementor-column-gap-default\">\n\t\t\t\t\t<div class=\"elementor-column elementor-col-50 elementor-top-column elementor-element elementor-element-08bb295\" data-id=\"08bb295\" data-element_type=\"column\" data-e-type=\"column\">\n\t\t\t<div class=\"elementor-widget-wrap elementor-element-populated\">\n\t\t\t\t\t\t<div class=\"elementor-element elementor-element-572e345 elementor-widget elementor-widget-heading\" data-id=\"572e345\" data-element_type=\"widget\" data-e-type=\"widget\" data-widget_type=\"heading.default\">\n\t\t\t\t<div class=\"elementor-widget-container\">\n\t\t\t\t\t<h2 class=\"elementor-heading-title elementor-size-default\">Delf \/ Dalf<\/h2>\t\t\t\t<\/div>\n\t\t\t\t<\/div>\n\t\t\t\t<div class=\"elementor-element elementor-element-aa5fa1e elementor-widget elementor-widget-text-editor\" data-id=\"aa5fa1e\" data-element_type=\"widget\" data-e-type=\"widget\" data-widget_type=\"text-editor.default\">\n\t\t\t\t<div class=\"elementor-widget-container\">\n\t\t\t\t\t\t\t\t\t<p><span class=\"Apple-style-span\" style=\"color: #000000\">De\u00a0<strong>DELF\u00a0<\/strong>(Dipl\u00f4me d\u2019\u00c9tudes en langue fran\u00e7aise) en <strong>DALF<\/strong> (Dipl\u00f4me approfondi de langue fran\u00e7aise) zijn offici\u00eble diploma\u2019s geleverd door het Franse Ministerie van Onderwijs.<\/span><\/p><p><span class=\"Apple-style-span\" style=\"color: #000000\">Kandidaten buiten Frankrijk kunnen hiermee hun vaardigheden in de Franse taal aantonen, ze beschikken hiermee over een officieel certificaat.<\/span><\/p><p><span class=\"Apple-style-span\" style=\"color: #000000\">De Alliance Fran\u00e7aise de La Haye is het offici\u00eble Nederlandse examencentrum voor het organiseren en afleggen van de DELF-\/DALF-examens.<\/span><\/p><p><span class=\"Apple-style-span\" style=\"color: #000000\">Voor meer informatie, kijk op de <a href=\"https:\/\/www.aflahaye.nl\/nl\/diplomes-tests\/delf-dalf-diplomas\/#\/\">website van AF La Haye<\/a> <\/span><\/p>\t\t\t\t\t\t\t\t<\/div>\n\t\t\t\t<\/div>\n\t\t\t\t\t<\/div>\n\t\t<\/div>\n\t\t\t\t<div class=\"elementor-column elementor-col-50 elementor-top-column elementor-element elementor-element-2c8f09a\" data-id=\"2c8f09a\" data-element_type=\"column\" data-e-type=\"column\">\n\t\t\t<div class=\"elementor-widget-wrap elementor-element-populated\">\n\t\t\t\t\t\t<div class=\"elementor-element elementor-element-3115f16 elementor-widget elementor-widget-image\" data-id=\"3115f16\" data-element_type=\"widget\" data-e-type=\"widget\" data-widget_type=\"image.default\">\n\t\t\t\t<div class=\"elementor-widget-container\">\n\t\t\t\t\t\t\t\t\t\t\t\t\t\t\t<img fetchpriority=\"high\" decoding=\"async\" width=\"800\" height=\"748\" src=\"https:\/\/www.alliance-francaise.nl\/amersfoort\/wp-content\/uploads\/sites\/14\/2024\/12\/Delf_Dalf-1024x957.png\" class=\"attachment-large size-large wp-image-8977\" alt=\"\" srcset=\"https:\/\/www.alliance-francaise.nl\/amersfoort\/wp-content\/uploads\/sites\/14\/2024\/12\/Delf_Dalf-1024x957.png 1024w, https:\/\/www.alliance-francaise.nl\/amersfoort\/wp-content\/uploads\/sites\/14\/2024\/12\/Delf_Dalf-300x280.png 300w, https:\/\/www.alliance-francaise.nl\/amersfoort\/wp-content\/uploads\/sites\/14\/2024\/12\/Delf_Dalf-768x718.png 768w, https:\/\/www.alliance-francaise.nl\/amersfoort\/wp-content\/uploads\/sites\/14\/2024\/12\/Delf_Dalf-600x561.png 600w, https:\/\/www.alliance-francaise.nl\/amersfoort\/wp-content\/uploads\/sites\/14\/2024\/12\/Delf_Dalf.png 1130w\" sizes=\"(max-width: 800px) 100vw, 800px\" \/>\t\t\t\t\t\t\t\t\t\t\t\t\t\t\t<\/div>\n\t\t\t\t<\/div>\n\t\t\t\t\t<\/div>\n\t\t<\/div>\n\t\t\t\t\t<\/div>\n\t\t<\/section>\n\t\t\t\t<\/div>\n\t\t","protected":false},"excerpt":{"rendered":"<p>Examens Alliance Fran\u00e7aise Delf \/ Dalf De\u00a0DELF\u00a0(Dipl\u00f4me d\u2019\u00c9tudes en langue fran\u00e7aise) en DALF (Dipl\u00f4me approfondi de langue fran\u00e7aise) zijn offici\u00eble diploma\u2019s geleverd door het Franse Ministerie van Onderwijs. Kandidaten buiten [&hellip;]<\/p>\n","protected":false},"author":1,"featured_media":0,"parent":116,"menu_order":0,"comment_status":"closed","ping_status":"closed","template":"elementor_header_footer","meta":{"footnotes":""},"class_list":["post-472","page","type-page","status-publish","hentry"],"_links":{"self":[{"href":"https:\/\/www.alliance-francaise.nl\/amersfoort\/wp-json\/wp\/v2\/pages\/472","targetHints":{"allow":["GET"]}}],"collection":[{"href":"https:\/\/www.alliance-francaise.nl\/amersfoort\/wp-json\/wp\/v2\/pages"}],"about":[{"href":"https:\/\/www.alliance-francaise.nl\/amersfoort\/wp-json\/wp\/v2\/types\/page"}],"author":[{"embeddable":true,"href":"https:\/\/www.alliance-francaise.nl\/amersfoort\/wp-json\/wp\/v2\/users\/1"}],"replies":[{"embeddable":true,"href":"https:\/\/www.alliance-francaise.nl\/amersfoort\/wp-json\/wp\/v2\/comments?post=472"}],"version-history":[{"count":20,"href":"https:\/\/www.alliance-francaise.nl\/amersfoort\/wp-json\/wp\/v2\/pages\/472\/revisions"}],"predecessor-version":[{"id":8999,"href":"https:\/\/www.alliance-francaise.nl\/amersfoort\/wp-json\/wp\/v2\/pages\/472\/revisions\/8999"}],"up":[{"embeddable":true,"href":"https:\/\/www.alliance-francaise.nl\/amersfoort\/wp-json\/wp\/v2\/pages\/116"}],"wp:attachment":[{"href":"https:\/\/www.alliance-francaise.nl\/amersfoort\/wp-json\/wp\/v2\/media?parent=472"}],"curies":[{"name":"wp","href":"https:\/\/api.w.org\/{rel}","templated":true}]}}