{"id":155,"date":"2020-01-31T19:49:50","date_gmt":"2020-01-31T17:49:50","guid":{"rendered":"https:\/\/www.alliance-francaise.nl\/2020\/amersfoort\/?page_id=155"},"modified":"2025-08-08T18:41:25","modified_gmt":"2025-08-08T17:41:25","slug":"charte-de-qualite","status":"publish","type":"page","link":"https:\/\/www.alliance-francaise.nl\/amersfoort\/bienvenue-welkom\/charte-de-qualite\/","title":{"rendered":"Charte de Qualit\u00e9"},"content":{"rendered":"\t\t<div data-elementor-type=\"wp-page\" data-elementor-id=\"155\" class=\"elementor elementor-155\" data-elementor-post-type=\"page\">\n\t\t\t\t\t\t<section class=\"elementor-section elementor-top-section elementor-element elementor-element-3ec8358 elementor-section-height-min-height elementor-section-boxed elementor-section-height-default elementor-section-items-middle\" data-id=\"3ec8358\" data-element_type=\"section\" data-e-type=\"section\" data-settings=\"{&quot;background_background&quot;:&quot;classic&quot;}\">\n\t\t\t\t\t\t<div class=\"elementor-container elementor-column-gap-default\">\n\t\t\t\t\t<div class=\"elementor-column elementor-col-100 elementor-top-column elementor-element elementor-element-47ba985\" data-id=\"47ba985\" data-element_type=\"column\" data-e-type=\"column\">\n\t\t\t<div class=\"elementor-widget-wrap elementor-element-populated\">\n\t\t\t\t\t\t<div class=\"elementor-element elementor-element-c62d017 elementor-widget elementor-widget-heading\" data-id=\"c62d017\" data-element_type=\"widget\" data-e-type=\"widget\" data-widget_type=\"heading.default\">\n\t\t\t\t<div class=\"elementor-widget-container\">\n\t\t\t\t\t<h1 class=\"elementor-heading-title elementor-size-default\">Charte de qualit\u00e9 | Kwaliteitsverklaring<\/h1>\t\t\t\t<\/div>\n\t\t\t\t<\/div>\n\t\t\t\t\t<\/div>\n\t\t<\/div>\n\t\t\t\t\t<\/div>\n\t\t<\/section>\n\t\t\t\t<section class=\"elementor-section elementor-top-section elementor-element elementor-element-9a7a52f elementor-section-boxed elementor-section-height-default elementor-section-height-default\" data-id=\"9a7a52f\" data-element_type=\"section\" data-e-type=\"section\">\n\t\t\t\t\t\t<div class=\"elementor-container elementor-column-gap-default\">\n\t\t\t\t\t<div class=\"elementor-column elementor-col-50 elementor-top-column elementor-element elementor-element-2cbec55\" data-id=\"2cbec55\" data-element_type=\"column\" data-e-type=\"column\">\n\t\t\t<div class=\"elementor-widget-wrap elementor-element-populated\">\n\t\t\t\t\t\t<div class=\"elementor-element elementor-element-fa8f994 elementor-widget elementor-widget-heading\" data-id=\"fa8f994\" data-element_type=\"widget\" data-e-type=\"widget\" data-widget_type=\"heading.default\">\n\t\t\t\t<div class=\"elementor-widget-container\">\n\t\t\t\t\t<h4 class=\"elementor-heading-title elementor-size-default\">Charte de qualit\u00e9<\/h4>\t\t\t\t<\/div>\n\t\t\t\t<\/div>\n\t\t\t\t\t<\/div>\n\t\t<\/div>\n\t\t\t\t<div class=\"elementor-column elementor-col-50 elementor-top-column elementor-element elementor-element-b8f7048\" data-id=\"b8f7048\" data-element_type=\"column\" data-e-type=\"column\">\n\t\t\t<div class=\"elementor-widget-wrap elementor-element-populated\">\n\t\t\t\t\t\t<div class=\"elementor-element elementor-element-7cce8e2 elementor-widget elementor-widget-heading\" data-id=\"7cce8e2\" data-element_type=\"widget\" data-e-type=\"widget\" data-widget_type=\"heading.default\">\n\t\t\t\t<div class=\"elementor-widget-container\">\n\t\t\t\t\t<h4 class=\"elementor-heading-title elementor-size-default\">Kwaliteitsverklaring<\/h4>\t\t\t\t<\/div>\n\t\t\t\t<\/div>\n\t\t\t\t\t<\/div>\n\t\t<\/div>\n\t\t\t\t\t<\/div>\n\t\t<\/section>\n\t\t\t\t<section class=\"elementor-section elementor-top-section elementor-element elementor-element-c4da613 elementor-section-boxed elementor-section-height-default elementor-section-height-default\" data-id=\"c4da613\" data-element_type=\"section\" data-e-type=\"section\">\n\t\t\t\t\t\t<div class=\"elementor-container elementor-column-gap-default\">\n\t\t\t\t\t<div class=\"elementor-column elementor-col-50 elementor-top-column elementor-element elementor-element-8d9d681\" data-id=\"8d9d681\" data-element_type=\"column\" data-e-type=\"column\">\n\t\t\t<div class=\"elementor-widget-wrap elementor-element-populated\">\n\t\t\t\t\t\t<div class=\"elementor-element elementor-element-54b6b13 elementor-widget elementor-widget-text-editor\" data-id=\"54b6b13\" data-element_type=\"widget\" data-e-type=\"widget\" data-widget_type=\"text-editor.default\">\n\t\t\t\t<div class=\"elementor-widget-container\">\n\t\t\t\t\t\t\t\t\t<p><span style=\"color: #000000\">Les Alliances fran\u00e7aises des Pays-Bas forment un\u00a0<b>r\u00e9seau national\u00a0<\/b>dont le projet p\u00e9dagogique est inspir\u00e9 par les sp\u00e9cificit\u00e9s du territoire et du public.<\/span><\/p>\t\t\t\t\t\t\t\t<\/div>\n\t\t\t\t<\/div>\n\t\t\t\t\t<\/div>\n\t\t<\/div>\n\t\t\t\t<div class=\"elementor-column elementor-col-50 elementor-top-column elementor-element elementor-element-e84ff4d\" data-id=\"e84ff4d\" data-element_type=\"column\" data-e-type=\"column\">\n\t\t\t<div class=\"elementor-widget-wrap elementor-element-populated\">\n\t\t\t\t\t\t<div class=\"elementor-element elementor-element-1266387 elementor-widget elementor-widget-text-editor\" data-id=\"1266387\" data-element_type=\"widget\" data-e-type=\"widget\" data-widget_type=\"text-editor.default\">\n\t\t\t\t<div class=\"elementor-widget-container\">\n\t\t\t\t\t\t\t\t\t<p><span style=\"font-size: 1rem;color: #000000\">De Alliances Fran\u00e7aises van Nederland vormen een\u00a0<b>nationaal netwerk<\/b>\u00a0met een cursusaanbod dat de specifieke kenmerken van Nederland en het Nederlandse publiek als uitgangspunt heeft.<\/span><\/p>\t\t\t\t\t\t\t\t<\/div>\n\t\t\t\t<\/div>\n\t\t\t\t\t<\/div>\n\t\t<\/div>\n\t\t\t\t\t<\/div>\n\t\t<\/section>\n\t\t\t\t<section class=\"elementor-section elementor-top-section elementor-element elementor-element-713b6a5 elementor-section-boxed elementor-section-height-default elementor-section-height-default\" data-id=\"713b6a5\" data-element_type=\"section\" data-e-type=\"section\">\n\t\t\t\t\t\t<div class=\"elementor-container elementor-column-gap-default\">\n\t\t\t\t\t<div class=\"elementor-column elementor-col-50 elementor-top-column elementor-element elementor-element-b817a50\" data-id=\"b817a50\" data-element_type=\"column\" data-e-type=\"column\">\n\t\t\t<div class=\"elementor-widget-wrap elementor-element-populated\">\n\t\t\t\t\t\t<div class=\"elementor-element elementor-element-a49d3c9 elementor-widget elementor-widget-text-editor\" data-id=\"a49d3c9\" data-element_type=\"widget\" data-e-type=\"widget\" data-widget_type=\"text-editor.default\">\n\t\t\t\t<div class=\"elementor-widget-container\">\n\t\t\t\t\t\t\t\t\t<p><span style=\"font-size: 1rem;color: #000000\"><b>L&#8217;offre de cours<\/b>\u00a0est fond\u00e9e sur le Cadre europ\u00e9en commun de r\u00e9f\u00e9rences pour les langues.<\/span><\/p>\t\t\t\t\t\t\t\t<\/div>\n\t\t\t\t<\/div>\n\t\t\t\t\t<\/div>\n\t\t<\/div>\n\t\t\t\t<div class=\"elementor-column elementor-col-50 elementor-top-column elementor-element elementor-element-f7e969b\" data-id=\"f7e969b\" data-element_type=\"column\" data-e-type=\"column\">\n\t\t\t<div class=\"elementor-widget-wrap elementor-element-populated\">\n\t\t\t\t\t\t<div class=\"elementor-element elementor-element-8091690 elementor-widget elementor-widget-text-editor\" data-id=\"8091690\" data-element_type=\"widget\" data-e-type=\"widget\" data-widget_type=\"text-editor.default\">\n\t\t\t\t<div class=\"elementor-widget-container\">\n\t\t\t\t\t\t\t\t\t<p><span style=\"font-size: 1rem;color: #000000\"><b>Het\u00a0cursusaanbod<\/b>\u00a0is gebaseerd op het Europees referentiekader voor talen.<\/span><\/p>\t\t\t\t\t\t\t\t<\/div>\n\t\t\t\t<\/div>\n\t\t\t\t\t<\/div>\n\t\t<\/div>\n\t\t\t\t\t<\/div>\n\t\t<\/section>\n\t\t\t\t<section class=\"elementor-section elementor-top-section elementor-element elementor-element-0c640f2 elementor-section-boxed elementor-section-height-default elementor-section-height-default\" data-id=\"0c640f2\" data-element_type=\"section\" data-e-type=\"section\">\n\t\t\t\t\t\t<div class=\"elementor-container elementor-column-gap-default\">\n\t\t\t\t\t<div class=\"elementor-column elementor-col-50 elementor-top-column elementor-element elementor-element-20d65e6\" data-id=\"20d65e6\" data-element_type=\"column\" data-e-type=\"column\">\n\t\t\t<div class=\"elementor-widget-wrap elementor-element-populated\">\n\t\t\t\t\t\t<div class=\"elementor-element elementor-element-b794546 elementor-widget elementor-widget-text-editor\" data-id=\"b794546\" data-element_type=\"widget\" data-e-type=\"widget\" data-widget_type=\"text-editor.default\">\n\t\t\t\t<div class=\"elementor-widget-container\">\n\t\t\t\t\t\t\t\t\t<p><span style=\"font-size: 1rem\"><span style=\"color: #000000\">Les enseignants, ayant le fran\u00e7ais pour langue maternelle ou langue seconde, sont\u00a0<b>dipl\u00f4m\u00e9s\u00a0<\/b>en Fran\u00e7ais langue \u00e9trang\u00e8re<\/span> <span style=\"color: #000000\">et\u00a0<b>comp\u00e9tents<\/b>. Ils actualisent leur savoir-faire dans le cadre de la formation continue.<\/span><\/span><\/p>\t\t\t\t\t\t\t\t<\/div>\n\t\t\t\t<\/div>\n\t\t\t\t\t<\/div>\n\t\t<\/div>\n\t\t\t\t<div class=\"elementor-column elementor-col-50 elementor-top-column elementor-element elementor-element-5243eb1\" data-id=\"5243eb1\" data-element_type=\"column\" data-e-type=\"column\">\n\t\t\t<div class=\"elementor-widget-wrap elementor-element-populated\">\n\t\t\t\t\t\t<div class=\"elementor-element elementor-element-eaa39da elementor-widget elementor-widget-text-editor\" data-id=\"eaa39da\" data-element_type=\"widget\" data-e-type=\"widget\" data-widget_type=\"text-editor.default\">\n\t\t\t\t<div class=\"elementor-widget-container\">\n\t\t\t\t\t\t\t\t\t<p><span style=\"font-size: 1rem;color: #000000\">De docenten, die Frans als moedertaal dan wel als tweede taal hebben, zijn\u00a0<b>vakkundig<\/b>\u00a0en\u00a0<b>bevoegd.<\/b> Door middel van na- en bijscholing actualiseren zij voortdurend hun kennis en vakkundigheid.<\/span><\/p>\t\t\t\t\t\t\t\t<\/div>\n\t\t\t\t<\/div>\n\t\t\t\t\t<\/div>\n\t\t<\/div>\n\t\t\t\t\t<\/div>\n\t\t<\/section>\n\t\t\t\t<section class=\"elementor-section elementor-top-section elementor-element elementor-element-cbfa34f elementor-section-boxed elementor-section-height-default elementor-section-height-default\" data-id=\"cbfa34f\" data-element_type=\"section\" data-e-type=\"section\">\n\t\t\t\t\t\t<div class=\"elementor-container elementor-column-gap-default\">\n\t\t\t\t\t<div class=\"elementor-column elementor-col-50 elementor-top-column elementor-element elementor-element-0cd8fd3\" data-id=\"0cd8fd3\" data-element_type=\"column\" data-e-type=\"column\">\n\t\t\t<div class=\"elementor-widget-wrap elementor-element-populated\">\n\t\t\t\t\t\t<div class=\"elementor-element elementor-element-3b0b17a elementor-widget elementor-widget-text-editor\" data-id=\"3b0b17a\" data-element_type=\"widget\" data-e-type=\"widget\" data-widget_type=\"text-editor.default\">\n\t\t\t\t<div class=\"elementor-widget-container\">\n\t\t\t\t\t\t\t\t\t<p><span style=\"font-size: 1rem;color: #000000\"><strong>L&#8217;offre de cours<\/strong>\u00a0est\u00a0<b>diversifi\u00e9e<\/b>\u00a0et adapt\u00e9e aux besoins des apprenants.<\/span><\/p>\t\t\t\t\t\t\t\t<\/div>\n\t\t\t\t<\/div>\n\t\t\t\t\t<\/div>\n\t\t<\/div>\n\t\t\t\t<div class=\"elementor-column elementor-col-50 elementor-top-column elementor-element elementor-element-2e37688\" data-id=\"2e37688\" data-element_type=\"column\" data-e-type=\"column\">\n\t\t\t<div class=\"elementor-widget-wrap elementor-element-populated\">\n\t\t\t\t\t\t<div class=\"elementor-element elementor-element-41049bd elementor-widget elementor-widget-text-editor\" data-id=\"41049bd\" data-element_type=\"widget\" data-e-type=\"widget\" data-widget_type=\"text-editor.default\">\n\t\t\t\t<div class=\"elementor-widget-container\">\n\t\t\t\t\t\t\t\t\t<p><span style=\"font-size: 1rem;color: #000000\">Er is een\u00a0<b>breed\u00a0cursusaanbod<\/b>\u00a0dat aansluit op de behoeften van de cursisten.<\/span><\/p>\t\t\t\t\t\t\t\t<\/div>\n\t\t\t\t<\/div>\n\t\t\t\t\t<\/div>\n\t\t<\/div>\n\t\t\t\t\t<\/div>\n\t\t<\/section>\n\t\t\t\t<section class=\"elementor-section elementor-top-section elementor-element elementor-element-555c039 elementor-section-boxed elementor-section-height-default elementor-section-height-default\" data-id=\"555c039\" data-element_type=\"section\" data-e-type=\"section\">\n\t\t\t\t\t\t<div class=\"elementor-container elementor-column-gap-default\">\n\t\t\t\t\t<div class=\"elementor-column elementor-col-50 elementor-top-column elementor-element elementor-element-e91256c\" data-id=\"e91256c\" data-element_type=\"column\" data-e-type=\"column\">\n\t\t\t<div class=\"elementor-widget-wrap elementor-element-populated\">\n\t\t\t\t\t\t<div class=\"elementor-element elementor-element-cdbbe44 elementor-widget elementor-widget-text-editor\" data-id=\"cdbbe44\" data-element_type=\"widget\" data-e-type=\"widget\" data-widget_type=\"text-editor.default\">\n\t\t\t\t<div class=\"elementor-widget-container\">\n\t\t\t\t\t\t\t\t\t<p><span style=\"font-size: 1rem;color: #000000\">Une\u00a0<b>\u00e9valuation personnalis\u00e9e<\/b>, sans engagement est propos\u00e9e avant l\u2019inscription.<\/span><\/p>\t\t\t\t\t\t\t\t<\/div>\n\t\t\t\t<\/div>\n\t\t\t\t\t<\/div>\n\t\t<\/div>\n\t\t\t\t<div class=\"elementor-column elementor-col-50 elementor-top-column elementor-element elementor-element-3dda4f0\" data-id=\"3dda4f0\" data-element_type=\"column\" data-e-type=\"column\">\n\t\t\t<div class=\"elementor-widget-wrap elementor-element-populated\">\n\t\t\t\t\t\t<div class=\"elementor-element elementor-element-2dcaa19 elementor-widget elementor-widget-text-editor\" data-id=\"2dcaa19\" data-element_type=\"widget\" data-e-type=\"widget\" data-widget_type=\"text-editor.default\">\n\t\t\t\t<div class=\"elementor-widget-container\">\n\t\t\t\t\t\t\t\t\t<p><span style=\"font-size: 1rem;color: #000000\">Een vrijblijvende\u00a0<b>persoonlijke niveaubepaling<\/b>\u00a0wordt voor de inschrijving aangeboden. Er is een breed cursusaanbod dat aansluit bij de behoeften van de cursisten.<\/span><\/p>\t\t\t\t\t\t\t\t<\/div>\n\t\t\t\t<\/div>\n\t\t\t\t\t<\/div>\n\t\t<\/div>\n\t\t\t\t\t<\/div>\n\t\t<\/section>\n\t\t\t\t<section class=\"elementor-section elementor-top-section elementor-element elementor-element-566ff9a elementor-section-boxed elementor-section-height-default elementor-section-height-default\" data-id=\"566ff9a\" data-element_type=\"section\" data-e-type=\"section\">\n\t\t\t\t\t\t<div class=\"elementor-container elementor-column-gap-default\">\n\t\t\t\t\t<div class=\"elementor-column elementor-col-50 elementor-top-column elementor-element elementor-element-7a43cb0\" data-id=\"7a43cb0\" data-element_type=\"column\" data-e-type=\"column\">\n\t\t\t<div class=\"elementor-widget-wrap elementor-element-populated\">\n\t\t\t\t\t\t<div class=\"elementor-element elementor-element-b5c090e elementor-widget elementor-widget-text-editor\" data-id=\"b5c090e\" data-element_type=\"widget\" data-e-type=\"widget\" data-widget_type=\"text-editor.default\">\n\t\t\t\t<div class=\"elementor-widget-container\">\n\t\t\t\t\t\t\t\t\t<p><span style=\"font-size: 1rem;color: #000000\">Les<b>\u00a0m\u00e9thodes\u00a0<\/b>utilis\u00e9es sont communicatives et actionnelles\u00a0; elles sont fond\u00e9es sur le<b> Cadre europ\u00e9en<\/b>\u00a0commun de r\u00e9f\u00e9rences pour les langues<\/span><\/p>\t\t\t\t\t\t\t\t<\/div>\n\t\t\t\t<\/div>\n\t\t\t\t\t<\/div>\n\t\t<\/div>\n\t\t\t\t<div class=\"elementor-column elementor-col-50 elementor-top-column elementor-element elementor-element-c401e47\" data-id=\"c401e47\" data-element_type=\"column\" data-e-type=\"column\">\n\t\t\t<div class=\"elementor-widget-wrap elementor-element-populated\">\n\t\t\t\t\t\t<div class=\"elementor-element elementor-element-e4406b5 elementor-widget elementor-widget-text-editor\" data-id=\"e4406b5\" data-element_type=\"widget\" data-e-type=\"widget\" data-widget_type=\"text-editor.default\">\n\t\t\t\t<div class=\"elementor-widget-container\">\n\t\t\t\t\t\t\t\t\t<p><span style=\"font-size: 1rem;color: #000000\">De gebruikte\u00a0<b>methoden<\/b>\u00a0zijn communicatief en actief. Zij gaan uit van het\u00a0<b>Europees referentiekader voor talen<\/b>.<\/span><\/p>\t\t\t\t\t\t\t\t<\/div>\n\t\t\t\t<\/div>\n\t\t\t\t\t<\/div>\n\t\t<\/div>\n\t\t\t\t\t<\/div>\n\t\t<\/section>\n\t\t\t\t<section class=\"elementor-section elementor-top-section elementor-element elementor-element-6c9ead4 elementor-section-boxed elementor-section-height-default elementor-section-height-default\" data-id=\"6c9ead4\" data-element_type=\"section\" data-e-type=\"section\">\n\t\t\t\t\t\t<div class=\"elementor-container elementor-column-gap-default\">\n\t\t\t\t\t<div class=\"elementor-column elementor-col-50 elementor-top-column elementor-element elementor-element-baed0ff\" data-id=\"baed0ff\" data-element_type=\"column\" data-e-type=\"column\">\n\t\t\t<div class=\"elementor-widget-wrap elementor-element-populated\">\n\t\t\t\t\t\t<div class=\"elementor-element elementor-element-9b41393 elementor-widget elementor-widget-text-editor\" data-id=\"9b41393\" data-element_type=\"widget\" data-e-type=\"widget\" data-widget_type=\"text-editor.default\">\n\t\t\t\t<div class=\"elementor-widget-container\">\n\t\t\t\t\t\t\t\t\t<p><span style=\"font-size: 1rem;color: #000000\">Les apprenants ont la possibilit\u00e9 de se pr\u00e9parer aux\u00a0<b>certifications de fran\u00e7ais\u00a0langue<\/b> \u00e9trang\u00e8re<b>\u00a0reconnues<\/b>.<\/span><\/p>\t\t\t\t\t\t\t\t<\/div>\n\t\t\t\t<\/div>\n\t\t\t\t\t<\/div>\n\t\t<\/div>\n\t\t\t\t<div class=\"elementor-column elementor-col-50 elementor-top-column elementor-element elementor-element-570e5e7\" data-id=\"570e5e7\" data-element_type=\"column\" data-e-type=\"column\">\n\t\t\t<div class=\"elementor-widget-wrap elementor-element-populated\">\n\t\t\t\t\t\t<div class=\"elementor-element elementor-element-1c696aa elementor-widget elementor-widget-text-editor\" data-id=\"1c696aa\" data-element_type=\"widget\" data-e-type=\"widget\" data-widget_type=\"text-editor.default\">\n\t\t\t\t<div class=\"elementor-widget-container\">\n\t\t\t\t\t\t\t\t\t<p><span style=\"font-size: 1rem;color: #000000\">Cursisten hebben de mogelijkheid om zich voor te bereiden op de\u00a0<b>erkende diploma\u2019s Frans<\/b>\u00a0als vreemde taal.<\/span><\/p>\t\t\t\t\t\t\t\t<\/div>\n\t\t\t\t<\/div>\n\t\t\t\t\t<\/div>\n\t\t<\/div>\n\t\t\t\t\t<\/div>\n\t\t<\/section>\n\t\t\t\t<\/div>\n\t\t","protected":false},"excerpt":{"rendered":"<p>Charte de qualit\u00e9 | Kwaliteitsverklaring Charte de qualit\u00e9 Kwaliteitsverklaring Les Alliances fran\u00e7aises des Pays-Bas forment un\u00a0r\u00e9seau national\u00a0dont le projet p\u00e9dagogique est inspir\u00e9 par les sp\u00e9cificit\u00e9s du territoire et du public. [&hellip;]<\/p>\n","protected":false},"author":1,"featured_media":0,"parent":101,"menu_order":0,"comment_status":"closed","ping_status":"closed","template":"elementor_header_footer","meta":{"footnotes":""},"class_list":["post-155","page","type-page","status-publish","hentry"],"_links":{"self":[{"href":"https:\/\/www.alliance-francaise.nl\/amersfoort\/wp-json\/wp\/v2\/pages\/155","targetHints":{"allow":["GET"]}}],"collection":[{"href":"https:\/\/www.alliance-francaise.nl\/amersfoort\/wp-json\/wp\/v2\/pages"}],"about":[{"href":"https:\/\/www.alliance-francaise.nl\/amersfoort\/wp-json\/wp\/v2\/types\/page"}],"author":[{"embeddable":true,"href":"https:\/\/www.alliance-francaise.nl\/amersfoort\/wp-json\/wp\/v2\/users\/1"}],"replies":[{"embeddable":true,"href":"https:\/\/www.alliance-francaise.nl\/amersfoort\/wp-json\/wp\/v2\/comments?post=155"}],"version-history":[{"count":12,"href":"https:\/\/www.alliance-francaise.nl\/amersfoort\/wp-json\/wp\/v2\/pages\/155\/revisions"}],"predecessor-version":[{"id":10522,"href":"https:\/\/www.alliance-francaise.nl\/amersfoort\/wp-json\/wp\/v2\/pages\/155\/revisions\/10522"}],"up":[{"embeddable":true,"href":"https:\/\/www.alliance-francaise.nl\/amersfoort\/wp-json\/wp\/v2\/pages\/101"}],"wp:attachment":[{"href":"https:\/\/www.alliance-francaise.nl\/amersfoort\/wp-json\/wp\/v2\/media?parent=155"}],"curies":[{"name":"wp","href":"https:\/\/api.w.org\/{rel}","templated":true}]}}