{"id":155,"date":"2020-06-16T21:21:52","date_gmt":"2020-06-16T19:21:52","guid":{"rendered":"https:\/\/www.alliance-francaise.nl\/2020\/alkmaar\/?page_id=155"},"modified":"2026-02-13T17:32:13","modified_gmt":"2026-02-13T16:32:13","slug":"nieuws","status":"publish","type":"page","link":"https:\/\/www.alliance-francaise.nl\/alkmaar\/culturele-agenda\/nieuws\/","title":{"rendered":"Nieuws"},"content":{"rendered":"\t\t<div data-elementor-type=\"wp-page\" data-elementor-id=\"155\" class=\"elementor elementor-155\" data-elementor-post-type=\"page\">\n\t\t\t\t\t\t<section class=\"elementor-section elementor-top-section elementor-element elementor-element-35a26cf5 elementor-section-boxed elementor-section-height-default elementor-section-height-default\" data-id=\"35a26cf5\" data-element_type=\"section\" data-e-type=\"section\" data-settings=\"{&quot;background_background&quot;:&quot;classic&quot;}\">\n\t\t\t\t\t\t<div class=\"elementor-container elementor-column-gap-default\">\n\t\t\t\t\t<div class=\"elementor-column elementor-col-100 elementor-top-column elementor-element elementor-element-5a407ef4\" data-id=\"5a407ef4\" data-element_type=\"column\" data-e-type=\"column\">\n\t\t\t<div class=\"elementor-widget-wrap\">\n\t\t\t\t\t\t\t<\/div>\n\t\t<\/div>\n\t\t\t\t\t<\/div>\n\t\t<\/section>\n\t\t\t\t<section class=\"elementor-section elementor-top-section elementor-element elementor-element-8b3f1fc elementor-section-boxed elementor-section-height-default elementor-section-height-default\" data-id=\"8b3f1fc\" data-element_type=\"section\" data-e-type=\"section\">\n\t\t\t\t\t\t<div class=\"elementor-container elementor-column-gap-default\">\n\t\t\t\t\t<div class=\"elementor-column elementor-col-100 elementor-top-column elementor-element elementor-element-7f18b6ba\" data-id=\"7f18b6ba\" data-element_type=\"column\" data-e-type=\"column\" data-settings=\"{&quot;background_background&quot;:&quot;classic&quot;}\">\n\t\t\t<div class=\"elementor-widget-wrap elementor-element-populated\">\n\t\t\t\t\t<div class=\"elementor-background-overlay\"><\/div>\n\t\t\t\t\t\t<div class=\"elementor-element elementor-element-3d291c10 elementor-widget elementor-widget-heading\" data-id=\"3d291c10\" data-element_type=\"widget\" data-e-type=\"widget\" data-widget_type=\"heading.default\">\n\t\t\t\t<div class=\"elementor-widget-container\">\n\t\t\t\t\t<h1 class=\"elementor-heading-title elementor-size-default\">Nieuws<\/h1>\t\t\t\t<\/div>\n\t\t\t\t<\/div>\n\t\t\t\t\t<\/div>\n\t\t<\/div>\n\t\t\t\t\t<\/div>\n\t\t<\/section>\n\t\t\t\t<section class=\"elementor-section elementor-top-section elementor-element elementor-element-143b908c elementor-section-boxed elementor-section-height-default elementor-section-height-default\" data-id=\"143b908c\" data-element_type=\"section\" data-e-type=\"section\">\n\t\t\t\t\t\t<div class=\"elementor-container elementor-column-gap-default\">\n\t\t\t\t\t<div class=\"elementor-column elementor-col-100 elementor-top-column elementor-element elementor-element-40794b53\" data-id=\"40794b53\" data-element_type=\"column\" data-e-type=\"column\">\n\t\t\t<div class=\"elementor-widget-wrap elementor-element-populated\">\n\t\t\t\t\t\t<div class=\"elementor-element elementor-element-13da0017 elementor-widget elementor-widget-heading\" data-id=\"13da0017\" data-element_type=\"widget\" data-e-type=\"widget\" data-widget_type=\"heading.default\">\n\t\t\t\t<div class=\"elementor-widget-container\">\n\t\t\t\t\t<h2 class=\"elementor-heading-title elementor-size-default\">Assembl\u00e9e g\u00e9n\u00e9rale de l'Alliance Fran\u00e7aise Pays-Bas<\/h2>\t\t\t\t<\/div>\n\t\t\t\t<\/div>\n\t\t\t\t\t<\/div>\n\t\t<\/div>\n\t\t\t\t\t<\/div>\n\t\t<\/section>\n\t\t\t\t<section class=\"elementor-section elementor-top-section elementor-element elementor-element-265645c6 elementor-section-boxed elementor-section-height-default elementor-section-height-default\" data-id=\"265645c6\" data-element_type=\"section\" data-e-type=\"section\">\n\t\t\t\t\t\t<div class=\"elementor-container elementor-column-gap-default\">\n\t\t\t\t\t<div class=\"elementor-column elementor-col-100 elementor-top-column elementor-element elementor-element-40f7000\" data-id=\"40f7000\" data-element_type=\"column\" data-e-type=\"column\">\n\t\t\t<div class=\"elementor-widget-wrap elementor-element-populated\">\n\t\t\t\t\t\t<div class=\"elementor-element elementor-element-a65c76c elementor-widget elementor-widget-text-editor\" data-id=\"a65c76c\" data-element_type=\"widget\" data-e-type=\"widget\" data-widget_type=\"text-editor.default\">\n\t\t\t\t<div class=\"elementor-widget-container\">\n\t\t\t\t\t\t\t\t\t<p>Le samedi 31 janvier, lors de l&#8217;Assembl\u00e9e g\u00e9n\u00e9rale de l&#8217;Alliance Fran\u00e7aise Pays Bas, notre secr\u00e9taire Cor Thomas a re\u00e7u un prix du pr\u00e9sident de l&#8217;Alliance PB, sous forme de certificat et de cadeau.<\/p><p>Cela s&#8217;explique par l&#8217;engagement \u00e9norme de Cor envers l&#8217;Alliance depuis 2007.<\/p><p>F\u00e9licitations, cher Cor !<\/p><p><img fetchpriority=\"high\" decoding=\"async\" class=\"alignnone size-full wp-image-4132\" src=\"https:\/\/www.alliance-francaise.nl\/alkmaar\/wp-content\/uploads\/sites\/17\/2026\/02\/Onderscheiding-Cor-Thomas.jpeg\" alt=\"\" width=\"2462\" height=\"1711\" srcset=\"https:\/\/www.alliance-francaise.nl\/alkmaar\/wp-content\/uploads\/sites\/17\/2026\/02\/Onderscheiding-Cor-Thomas.jpeg 2462w, https:\/\/www.alliance-francaise.nl\/alkmaar\/wp-content\/uploads\/sites\/17\/2026\/02\/Onderscheiding-Cor-Thomas-300x208.jpeg 300w, https:\/\/www.alliance-francaise.nl\/alkmaar\/wp-content\/uploads\/sites\/17\/2026\/02\/Onderscheiding-Cor-Thomas-1024x712.jpeg 1024w, https:\/\/www.alliance-francaise.nl\/alkmaar\/wp-content\/uploads\/sites\/17\/2026\/02\/Onderscheiding-Cor-Thomas-768x534.jpeg 768w, https:\/\/www.alliance-francaise.nl\/alkmaar\/wp-content\/uploads\/sites\/17\/2026\/02\/Onderscheiding-Cor-Thomas-1536x1067.jpeg 1536w, https:\/\/www.alliance-francaise.nl\/alkmaar\/wp-content\/uploads\/sites\/17\/2026\/02\/Onderscheiding-Cor-Thomas-2048x1423.jpeg 2048w, https:\/\/www.alliance-francaise.nl\/alkmaar\/wp-content\/uploads\/sites\/17\/2026\/02\/Onderscheiding-Cor-Thomas-1320x917.jpeg 1320w, https:\/\/www.alliance-francaise.nl\/alkmaar\/wp-content\/uploads\/sites\/17\/2026\/02\/Onderscheiding-Cor-Thomas-600x417.jpeg 600w\" sizes=\"(max-width: 2462px) 100vw, 2462px\" \/><\/p>\t\t\t\t\t\t\t\t<\/div>\n\t\t\t\t<\/div>\n\t\t\t\t<div class=\"elementor-element elementor-element-486eeae elementor-widget elementor-widget-button\" data-id=\"486eeae\" data-element_type=\"widget\" data-e-type=\"widget\" data-widget_type=\"button.default\">\n\t\t\t\t<div class=\"elementor-widget-container\">\n\t\t\t\t\t\t\t\t\t<div class=\"elementor-button-wrapper\">\n\t\t\t\t\t<a class=\"elementor-button elementor-button-link elementor-size-sm\" href=\"https:\/\/forms.gle\/bXasx3aDZHSc3s7e8\" target=\"_blank\">\n\t\t\t\t\t\t<span class=\"elementor-button-content-wrapper\">\n\t\t\t\t\t\t\t\t\t<span class=\"elementor-button-text\">Onze online test<\/span>\n\t\t\t\t\t<\/span>\n\t\t\t\t\t<\/a>\n\t\t\t\t<\/div>\n\t\t\t\t\t\t\t\t<\/div>\n\t\t\t\t<\/div>\n\t\t\t\t<section class=\"elementor-section elementor-inner-section elementor-element elementor-element-d317c2f elementor-section-boxed elementor-section-height-default elementor-section-height-default\" data-id=\"d317c2f\" data-element_type=\"section\" data-e-type=\"section\">\n\t\t\t\t\t\t<div class=\"elementor-container elementor-column-gap-default\">\n\t\t\t\t\t<div class=\"elementor-column elementor-col-50 elementor-inner-column elementor-element elementor-element-06f95a7\" data-id=\"06f95a7\" data-element_type=\"column\" data-e-type=\"column\">\n\t\t\t<div class=\"elementor-widget-wrap\">\n\t\t\t\t\t\t\t<\/div>\n\t\t<\/div>\n\t\t\t\t<div class=\"elementor-column elementor-col-50 elementor-inner-column elementor-element elementor-element-a4a0d8e\" data-id=\"a4a0d8e\" data-element_type=\"column\" data-e-type=\"column\">\n\t\t\t<div class=\"elementor-widget-wrap\">\n\t\t\t\t\t\t\t<\/div>\n\t\t<\/div>\n\t\t\t\t\t<\/div>\n\t\t<\/section>\n\t\t\t\t\t<\/div>\n\t\t<\/div>\n\t\t\t\t\t<\/div>\n\t\t<\/section>\n\t\t\t\t<\/div>\n\t\t","protected":false},"excerpt":{"rendered":"<p>Nieuws Assembl\u00e9e g\u00e9n\u00e9rale de l&#8217;Alliance Fran\u00e7aise Pays-Bas Le samedi 31 janvier, lors de l&#8217;Assembl\u00e9e g\u00e9n\u00e9rale de l&#8217;Alliance Fran\u00e7aise Pays Bas, notre secr\u00e9taire Cor Thomas a re\u00e7u un prix du pr\u00e9sident [&hellip;]<\/p>\n","protected":false},"author":31,"featured_media":0,"parent":149,"menu_order":0,"comment_status":"closed","ping_status":"closed","template":"elementor_header_footer","meta":{"footnotes":""},"class_list":["post-155","page","type-page","status-publish","hentry"],"_links":{"self":[{"href":"https:\/\/www.alliance-francaise.nl\/alkmaar\/wp-json\/wp\/v2\/pages\/155","targetHints":{"allow":["GET"]}}],"collection":[{"href":"https:\/\/www.alliance-francaise.nl\/alkmaar\/wp-json\/wp\/v2\/pages"}],"about":[{"href":"https:\/\/www.alliance-francaise.nl\/alkmaar\/wp-json\/wp\/v2\/types\/page"}],"author":[{"embeddable":true,"href":"https:\/\/www.alliance-francaise.nl\/alkmaar\/wp-json\/wp\/v2\/users\/31"}],"replies":[{"embeddable":true,"href":"https:\/\/www.alliance-francaise.nl\/alkmaar\/wp-json\/wp\/v2\/comments?post=155"}],"version-history":[{"count":12,"href":"https:\/\/www.alliance-francaise.nl\/alkmaar\/wp-json\/wp\/v2\/pages\/155\/revisions"}],"predecessor-version":[{"id":4135,"href":"https:\/\/www.alliance-francaise.nl\/alkmaar\/wp-json\/wp\/v2\/pages\/155\/revisions\/4135"}],"up":[{"embeddable":true,"href":"https:\/\/www.alliance-francaise.nl\/alkmaar\/wp-json\/wp\/v2\/pages\/149"}],"wp:attachment":[{"href":"https:\/\/www.alliance-francaise.nl\/alkmaar\/wp-json\/wp\/v2\/media?parent=155"}],"curies":[{"name":"wp","href":"https:\/\/api.w.org\/{rel}","templated":true}]}}